{"version":"1.0","provider_name":"efb.fr","provider_url":"https:\/\/wpvit.efb.fr","author_name":"efb.fr","author_url":"https:\/\/wpvit.efb.fr","title":"Cycle droit des \u00e9trangers 2026 - efb.fr","type":"rich","width":600,"height":338,"html":"<blockquote class=\"wp-embedded-content\" data-secret=\"THiVtwbAnu\"><a href=\"https:\/\/wpvit.efb.fr\/index.php\/acf_formation\/cycle-droit-des-etrangers-2026\/\">Cycle droit des \u00e9trangers 2026<\/a><\/blockquote><iframe sandbox=\"allow-scripts\" security=\"restricted\" src=\"https:\/\/wpvit.efb.fr\/index.php\/acf_formation\/cycle-droit-des-etrangers-2026\/embed\/#?secret=THiVtwbAnu\" width=\"600\" height=\"338\" title=\"\u00ab\u00a0Cycle droit des \u00e9trangers 2026\u00a0\u00bb &#8212; efb.fr\" data-secret=\"THiVtwbAnu\" frameborder=\"0\" marginwidth=\"0\" marginheight=\"0\" scrolling=\"no\" class=\"wp-embedded-content\"><\/iframe><script>\n\/*! This file is auto-generated *\/\n!function(d,l){\"use strict\";l.querySelector&&d.addEventListener&&\"undefined\"!=typeof URL&&(d.wp=d.wp||{},d.wp.receiveEmbedMessage||(d.wp.receiveEmbedMessage=function(e){var t=e.data;if((t||t.secret||t.message||t.value)&&!\/[^a-zA-Z0-9]\/.test(t.secret)){for(var s,r,n,a=l.querySelectorAll('iframe[data-secret=\"'+t.secret+'\"]'),o=l.querySelectorAll('blockquote[data-secret=\"'+t.secret+'\"]'),c=new RegExp(\"^https?:$\",\"i\"),i=0;i<o.length;i++)o[i].style.display=\"none\";for(i=0;i<a.length;i++)s=a[i],e.source===s.contentWindow&&(s.removeAttribute(\"style\"),\"height\"===t.message?(1e3<(r=parseInt(t.value,10))?r=1e3:~~r<200&&(r=200),s.height=r):\"link\"===t.message&&(r=new URL(s.getAttribute(\"src\")),n=new URL(t.value),c.test(n.protocol))&&n.host===r.host&&l.activeElement===s&&(d.top.location.href=t.value))}},d.addEventListener(\"message\",d.wp.receiveEmbedMessage,!1),l.addEventListener(\"DOMContentLoaded\",function(){for(var e,t,s=l.querySelectorAll(\"iframe.wp-embedded-content\"),r=0;r<s.length;r++)(t=(e=s[r]).getAttribute(\"data-secret\"))||(t=Math.random().toString(36).substring(2,12),e.src+=\"#?secret=\"+t,e.setAttribute(\"data-secret\",t)),e.contentWindow.postMessage({message:\"ready\",secret:t},\"*\")},!1)))}(window,document);\n\/\/# sourceURL=https:\/\/wpvit.efb.fr\/wp-includes\/js\/wp-embed.min.js\n<\/script>\n","description":"Ce cycle annuel permet aux avocats :  De pouvoir d\u00e9fendre les \u00e9trangers notamment dans le cadre des permanences organis\u00e9es par l\u2019Ordre devant le tribunal administratif et le juge des libert\u00e9s et de la d\u00e9tention.  De ma\u00eetriser le droit des \u00e9trangers et le contentieux sous les aspects judiciaire et administratif."}