{"version":"1.0","provider_name":"efb.fr","provider_url":"https:\/\/wpvit.efb.fr","author_name":"wordpress_adm","author_url":"https:\/\/wpvit.efb.fr\/index.php\/author\/wordpress_adm\/","title":"Les journ\u00e9es de pr\u00e9-rentr\u00e9e de l'EFB - efb.fr","type":"rich","width":600,"height":338,"html":"<blockquote class=\"wp-embedded-content\" data-secret=\"0znp00jeIP\"><a href=\"https:\/\/wpvit.efb.fr\/index.php\/les-journees-de-pre-rentree-de-lefb\/\">Les journ\u00e9es de pr\u00e9-rentr\u00e9e de l&rsquo;EFB<\/a><\/blockquote><iframe sandbox=\"allow-scripts\" security=\"restricted\" src=\"https:\/\/wpvit.efb.fr\/index.php\/les-journees-de-pre-rentree-de-lefb\/embed\/#?secret=0znp00jeIP\" width=\"600\" height=\"338\" title=\"\u00ab\u00a0Les journ\u00e9es de pr\u00e9-rentr\u00e9e de l&rsquo;EFB\u00a0\u00bb &#8212; efb.fr\" data-secret=\"0znp00jeIP\" frameborder=\"0\" marginwidth=\"0\" marginheight=\"0\" scrolling=\"no\" class=\"wp-embedded-content\"><\/iframe><script>\n\/*! This file is auto-generated *\/\n!function(d,l){\"use strict\";l.querySelector&&d.addEventListener&&\"undefined\"!=typeof URL&&(d.wp=d.wp||{},d.wp.receiveEmbedMessage||(d.wp.receiveEmbedMessage=function(e){var t=e.data;if((t||t.secret||t.message||t.value)&&!\/[^a-zA-Z0-9]\/.test(t.secret)){for(var s,r,n,a=l.querySelectorAll('iframe[data-secret=\"'+t.secret+'\"]'),o=l.querySelectorAll('blockquote[data-secret=\"'+t.secret+'\"]'),c=new RegExp(\"^https?:$\",\"i\"),i=0;i<o.length;i++)o[i].style.display=\"none\";for(i=0;i<a.length;i++)s=a[i],e.source===s.contentWindow&&(s.removeAttribute(\"style\"),\"height\"===t.message?(1e3<(r=parseInt(t.value,10))?r=1e3:~~r<200&&(r=200),s.height=r):\"link\"===t.message&&(r=new URL(s.getAttribute(\"src\")),n=new URL(t.value),c.test(n.protocol))&&n.host===r.host&&l.activeElement===s&&(d.top.location.href=t.value))}},d.addEventListener(\"message\",d.wp.receiveEmbedMessage,!1),l.addEventListener(\"DOMContentLoaded\",function(){for(var e,t,s=l.querySelectorAll(\"iframe.wp-embedded-content\"),r=0;r<s.length;r++)(t=(e=s[r]).getAttribute(\"data-secret\"))||(t=Math.random().toString(36).substring(2,12),e.src+=\"#?secret=\"+t,e.setAttribute(\"data-secret\",t)),e.contentWindow.postMessage({message:\"ready\",secret:t},\"*\")},!1)))}(window,document);\n\/\/# sourceURL=https:\/\/wpvit.efb.fr\/wp-includes\/js\/wp-embed.min.js\n<\/script>\n","thumbnail_url":"https:\/\/wpvit.efb.fr\/wp-content\/uploads\/2024\/12\/processed-22BC8688-2B93-46EF-8BD7-7B740B04B629-1024x768.jpeg","thumbnail_width":1024,"thumbnail_height":768,"description":"Les 17 et 18 d\u00e9cembre, nous avons eu le plaisir d\u2019accueillir \u00e0 l\u2019EFB les \u00e9l\u00e8ves avocats de la promotion Yasmina Reza (2025-2026) pour des journ\u00e9es de pr\u00e9-rentr\u00e9e ! Ce premier rendez-vous \u00e9tait l\u2019occasion de leur donner les cl\u00e9s pour valoriser leur formation \u00e0 l\u2019EFB et la mettre \u00e0 profit pour l\u2019\u00e9laboration de leur carri\u00e8re professionnelle. Les \u00e9l\u00e8ves avocats ont eu l\u2019opportunit\u00e9 de rencontrer plusieurs barreaux du ressort, des syndicats, les associations d\u2019\u00e9l\u00e8ves ainsi que nos partenaires qui \u00e9taient pr\u00e9sents sur les diff\u00e9rents stands d\u2019information. Ils ont \u00e9galement pu profiter des conseils des cabinets d\u2019avocats et des membres des juridictions lors d\u2019ateliers CV et coaching \u00ab&nbsp;r\u00e9ussir mon premier entretien&nbsp;\u00bb pour rendre leur candidature plus percutante. Un grand merci \u00e0 tous les participants qui ont fait de cette journ\u00e9e une belle r\u00e9ussite ! &nbsp;"}