{"version":"1.0","provider_name":"efb.fr","provider_url":"https:\/\/wpvit.efb.fr","author_name":"wordpress_adm","author_url":"https:\/\/wpvit.efb.fr\/index.php\/author\/wordpress_adm\/","title":"L'EFB en chiffres - efb.fr","type":"rich","width":600,"height":338,"html":"<blockquote class=\"wp-embedded-content\" data-secret=\"TrLEZCPRiQ\"><a href=\"https:\/\/wpvit.efb.fr\/index.php\/presentation-de-l-efb\/l_efb_en_chiffres\/\">L&rsquo;EFB en chiffres<\/a><\/blockquote><iframe sandbox=\"allow-scripts\" security=\"restricted\" src=\"https:\/\/wpvit.efb.fr\/index.php\/presentation-de-l-efb\/l_efb_en_chiffres\/embed\/#?secret=TrLEZCPRiQ\" width=\"600\" height=\"338\" title=\"\u00ab\u00a0L&rsquo;EFB en chiffres\u00a0\u00bb &#8212; efb.fr\" data-secret=\"TrLEZCPRiQ\" frameborder=\"0\" marginwidth=\"0\" marginheight=\"0\" scrolling=\"no\" class=\"wp-embedded-content\"><\/iframe><script>\n\/*! This file is auto-generated *\/\n!function(d,l){\"use strict\";l.querySelector&&d.addEventListener&&\"undefined\"!=typeof URL&&(d.wp=d.wp||{},d.wp.receiveEmbedMessage||(d.wp.receiveEmbedMessage=function(e){var t=e.data;if((t||t.secret||t.message||t.value)&&!\/[^a-zA-Z0-9]\/.test(t.secret)){for(var s,r,n,a=l.querySelectorAll('iframe[data-secret=\"'+t.secret+'\"]'),o=l.querySelectorAll('blockquote[data-secret=\"'+t.secret+'\"]'),c=new RegExp(\"^https?:$\",\"i\"),i=0;i<o.length;i++)o[i].style.display=\"none\";for(i=0;i<a.length;i++)s=a[i],e.source===s.contentWindow&&(s.removeAttribute(\"style\"),\"height\"===t.message?(1e3<(r=parseInt(t.value,10))?r=1e3:~~r<200&&(r=200),s.height=r):\"link\"===t.message&&(r=new URL(s.getAttribute(\"src\")),n=new URL(t.value),c.test(n.protocol))&&n.host===r.host&&l.activeElement===s&&(d.top.location.href=t.value))}},d.addEventListener(\"message\",d.wp.receiveEmbedMessage,!1),l.addEventListener(\"DOMContentLoaded\",function(){for(var e,t,s=l.querySelectorAll(\"iframe.wp-embedded-content\"),r=0;r<s.length;r++)(t=(e=s[r]).getAttribute(\"data-secret\"))||(t=Math.random().toString(36).substring(2,12),e.src+=\"#?secret=\"+t,e.setAttribute(\"data-secret\",t)),e.contentWindow.postMessage({message:\"ready\",secret:t},\"*\")},!1)))}(window,document);\n\/\/# sourceURL=https:\/\/wpvit.efb.fr\/wp-includes\/js\/wp-embed.min.js\n<\/script>\n","description":"Je veux en savoir plus sur l\u2019EFB L&rsquo;EFB en dates et en chiffres Je veux en savoir plus sur l&rsquo;EFB L&rsquo;EFB en dates et en chiffres L&rsquo;efb en dates et en chiffres Quelques dates 1804L&#039;exercice de la profession d\u2019avocat est conditionn\u00e9 \u00e0 l\u2019obtention de la licence en droit 1810Les Conseils de l\u2019Ordre sont charg\u00e9s de la formation des avocats stagiaires 1941Cr\u00e9ation du CAPA, d\u00e9livr\u00e9 \u00e0 l\u2019issue d\u2019une ann\u00e9e d\u2019enseignement1971Cr\u00e9ation des Centres de Formation Professionnelle des Avocats (CFPA)1977L&#039;exercice de la profession d\u2019avocat est conditionn\u00e9 \u00e0 l\u2019obtention d&#039;une ma\u00eetrise en droit1980Instauration d&#039;un examen d\u2019entr\u00e9e aux CFPA 1981Cr\u00e9ation du 1er CFPA \u00e0 Paris (rue du Colonel Combes, 75007)19821\u00e8re promotion du CFPA de Paris1995Le CFPA de Paris prend la d\u00e9nomination EFB2000Cr\u00e9ation des antennes de Bobigny et Cr\u00e9teil2005La formation continue des avocats est rendue obligatoire2006Cr\u00e9ation du PPI \/ La formation initiale passe de 12 \u00e0 18 mois2013Emm\u00e9nagement de la nouvelle EFB \u00e0 Issy-les-Moulineaux2016Cr\u00e9ation \u00e0 l\u2019EFB des parcours de sp\u00e9cialisation2017L&#039;examen d\u2019entr\u00e9e aux CRPFA devient national2018Refonte en profondeur du programme p\u00e9dagogique de l\u2019EFB2021Mise en place des r\u00e9f\u00e9rents p\u00e9dagogiques et de l\u2019\u00e9quipe des charg\u00e9s d\u2019appui p\u00e9dagogique2022L\u2019EFB remporte l\u2019appel \u00e0 projet de la commission europ\u00e9enne LITEL2025Nouveau programme de formation initiale issu de la DCN du CNB2026R\u00e9forme du CAPA R\u00e9ussite \u00e0 l&rsquo;examen du CAPA 99.7% de r\u00e9ussite, soit&nbsp;6 ajourn\u00e9s sur 1973 \u00e9l\u00e8ves en 2025.(Source : EFB, CAPA 2025) R\u00e9partition des mentions F\u00e9licitations 0 \u00e9l\u00e8ve (18 et +) Tr\u00e8s bien 14 \u00e9l\u00e8ves (de 16 \u00e0 17,99) Bien 518 \u00e9l\u00e8ves (de 14 \u00e0 15,99) Assez Bien 1091 \u00e9l\u00e8ves (de 12 \u00e0 13,99) Sans mention 344 \u00e9l\u00e8ves (de 10 \u00e0 11,99) 99.7% de r\u00e9ussite, soit 4 ajourn\u00e9s sur 1545 \u00e9l\u00e8ves en 2024.(Source : EFB, CAPA 2024) R\u00e9partition des mentions F\u00e9licitations 0 \u00e9l\u00e8ve (18 et +) Tr\u00e8s bien 21 \u00e9l\u00e8ves (de 16 \u00e0 17,99) Bien 428 \u00e9l\u00e8ves (de 14 \u00e0 15,99) Assez Bien 838 \u00e9l\u00e8ves (de 12 \u00e0 13,99) Sans mention 254 \u00e9l\u00e8ves (de 10 \u00e0 11,99) Insertion professionnelle 81% des dipl\u00f4m\u00e9s sont dans un barreau fran\u00e7ais au 30 juin de l\u2019ann\u00e9e n+1 et plus de 80% en septembre de l\u2019ann\u00e9e n+1. 84% des anciens \u00e9l\u00e8ves exercent la profession d&rsquo;avocat 8 mois apr\u00e8s obtention du CAPA.(Source : EFB, enqu\u00eate r\u00e9alis\u00e9e aupr\u00e8s des candidats admis au CAPA en 2022) 82% des titulaires du CAPA 2022 n&rsquo;ont rencontr\u00e9 aucune difficult\u00e9 pour exercer en qualit\u00e9 d&rsquo;avocat.(Source : EFB, enqu\u00eate r\u00e9alis\u00e9e aupr\u00e8s des candidats admis au CAPA en 2022) Stages en cabinets (r\u00e9alis\u00e9s par la promotion 2024-2025) 2,26%\u00a0des \u00e9l\u00e8ves avocates et \u00e9l\u00e8ves avocats de la promotion 2024-2025 ont chang\u00e9 de cabinet au cours de leur stage final. 86%\u00a0des \u00e9l\u00e8ves sont satisfaits du d\u00e9roul\u00e9 de leur stage final. 90%\u00a0des \u00e9l\u00e8ves sont satisfaits des comp\u00e9tences acquises \u00e0 la sortie de leur stage final. PPI (r\u00e9alis\u00e9s en 2025) 213\u00a0stages \u00e0 l&rsquo;\u00e9tranger dont une partie financ\u00e9e avec l&rsquo;aide de bourses Erasmus+. Taux d&rsquo;abandon (promotion 2024-2025) 20\u00a0\u00e9l\u00e8ves sur 1857 \u00e9l\u00e8ves inscrits ont renonc\u00e9 \u00e0 poursuivre leur formation avant le d\u00e9but des \u00e9preuves du CAPA.(Source : EFB, promotion 2024-2025) Taux de satisfaction 72% des \u00e9l\u00e8ves d\u00e9clarent \u00eatre \u00ab tr\u00e8s satisfaits \u00bb ou \u00ab satisfaits \u00bb de leur formation altern\u00e9e. (Source : EFB, \u00e9valuation des cours du du semestre 1 par la promotion 2022-2023) 78% des \u00e9l\u00e8ves avocats consid\u00e8rent que les cours ont \u00abtout \u00e0 fait\u00bb ou \u00abplut\u00f4t\u00bb r\u00e9pondu \u00e0 leurs attentes tant sur le fond que sur la forme.\u00a0 \u00a0 (source : \u00e9valuation des cours du semestre 1 par la promotion 2024\/2025). 54% des \u00e9l\u00e8ves inscrits en formation altern\u00e9e d\u00e9clarent que l&rsquo;articulation entre les enseignements pratiques et les activit\u00e9s professionnelles s&rsquo;est r\u00e9alis\u00e9e selon un rythme soutenu. (Source : EFB, \u00e9valuation des cours du du semestre 1 par la promotion 2022-2023) \u00c9volution des effectifs des promotions Formation continue (2024) 10580 b\u00e9n\u00e9ficiaires de la formation continue 381 Sessions de formations 367 Intervenants 4.6\/5 Taux de satisfaction 10 580 B\u00e9n\u00e9ficiaires de formations 381 Sessions de formations 367 Intervenants 4.6\/5 Taux de satisfaction","thumbnail_url":"https:\/\/wpvit.efb.fr\/wp-content\/uploads\/2026\/01\/Capture-decran-2026-01-06-180645.png","thumbnail_width":688,"thumbnail_height":409}