{"id":42565,"date":"2026-03-31T00:00:00","date_gmt":"2026-03-30T22:00:00","guid":{"rendered":"https:\/\/wpvit.efb.fr\/index.php\/acf_formation\/le-divorce-international-questions-choisies-pour-approfondissement\/"},"modified":"2026-04-29T20:30:29","modified_gmt":"2026-04-29T18:30:29","slug":"le-divorce-international-maitriser-la-procedure-lexequatur-et-la-reconnaissance","status":"publish","type":"acf_formation","link":"https:\/\/wpvit.efb.fr\/index.php\/acf_formation\/le-divorce-international-maitriser-la-procedure-lexequatur-et-la-reconnaissance\/","title":{"rendered":"Le divorce international :  Ma\u00eetriser la proc\u00e9dure, l&rsquo;exequatur et la reconnaissance"},"content":{"rendered":"","protected":false},"excerpt":{"rendered":"<p>Identifier les r\u00e8gles de droit applicables au divorce international<br \/>\nMaitriser les r\u00e8gles de comp\u00e9tences, de conflit de loi et assurer la reconnaissance et l\u2019ex\u00e9cution des d\u00e9cision en DIP de la famille<\/p>\n","protected":false},"author":0,"featured_media":0,"parent":0,"menu_order":0,"template":"","format":"standard","meta":{"_acf_changed":false,"footnotes":""},"theme_formation":[59],"class_list":["post-42565","acf_formation","type-acf_formation","status-publish","format-standard","hentry","theme_formation-droit-international-et-de-lunion-europeenne"],"acf":[],"yoast_head":"<!-- This site is optimized with the Yoast SEO plugin v27.4 - https:\/\/yoast.com\/product\/yoast-seo-wordpress\/ -->\n<title>Le divorce international : Ma\u00eetriser la proc\u00e9dure, l&#039;exequatur et la reconnaissance - efb.fr<\/title>\n<meta name=\"robots\" content=\"noindex, follow\" \/>\n<meta property=\"og:locale\" content=\"fr_FR\" \/>\n<meta property=\"og:type\" content=\"article\" \/>\n<meta property=\"og:title\" content=\"Le divorce international : Ma\u00eetriser la proc\u00e9dure, l&#039;exequatur et la reconnaissance - efb.fr\" \/>\n<meta property=\"og:description\" content=\"Identifier les r\u00e8gles de droit applicables au divorce international Maitriser les r\u00e8gles de comp\u00e9tences, de conflit de loi et assurer la reconnaissance et l\u2019ex\u00e9cution des d\u00e9cision en DIP de la famille\" \/>\n<meta property=\"og:url\" content=\"https:\/\/wpvit.efb.fr\/index.php\/acf_formation\/le-divorce-international-maitriser-la-procedure-lexequatur-et-la-reconnaissance\/\" \/>\n<meta property=\"og:site_name\" content=\"efb.fr\" \/>\n<meta property=\"article:modified_time\" content=\"2026-04-29T18:30:29+00:00\" \/>\n<meta name=\"twitter:card\" content=\"summary_large_image\" \/>\n<script type=\"application\/ld+json\" class=\"yoast-schema-graph\">{\"@context\":\"https:\\\/\\\/schema.org\",\"@graph\":[{\"@type\":\"WebPage\",\"@id\":\"https:\\\/\\\/wpvit.efb.fr\\\/index.php\\\/acf_formation\\\/le-divorce-international-maitriser-la-procedure-lexequatur-et-la-reconnaissance\\\/\",\"url\":\"https:\\\/\\\/wpvit.efb.fr\\\/index.php\\\/acf_formation\\\/le-divorce-international-maitriser-la-procedure-lexequatur-et-la-reconnaissance\\\/\",\"name\":\"Le divorce international : Ma\u00eetriser la proc\u00e9dure, l'exequatur et la reconnaissance - efb.fr\",\"isPartOf\":{\"@id\":\"https:\\\/\\\/wpvit.efb.fr\\\/#website\"},\"datePublished\":\"2026-03-30T22:00:00+00:00\",\"dateModified\":\"2026-04-29T18:30:29+00:00\",\"breadcrumb\":{\"@id\":\"https:\\\/\\\/wpvit.efb.fr\\\/index.php\\\/acf_formation\\\/le-divorce-international-maitriser-la-procedure-lexequatur-et-la-reconnaissance\\\/#breadcrumb\"},\"inLanguage\":\"fr-FR\",\"potentialAction\":[{\"@type\":\"ReadAction\",\"target\":[\"https:\\\/\\\/wpvit.efb.fr\\\/index.php\\\/acf_formation\\\/le-divorce-international-maitriser-la-procedure-lexequatur-et-la-reconnaissance\\\/\"]}]},{\"@type\":\"BreadcrumbList\",\"@id\":\"https:\\\/\\\/wpvit.efb.fr\\\/index.php\\\/acf_formation\\\/le-divorce-international-maitriser-la-procedure-lexequatur-et-la-reconnaissance\\\/#breadcrumb\",\"itemListElement\":[{\"@type\":\"ListItem\",\"position\":1,\"name\":\"Accueil\",\"item\":\"https:\\\/\\\/wpvit.efb.fr\\\/\"},{\"@type\":\"ListItem\",\"position\":2,\"name\":\"Le divorce international : Ma\u00eetriser la proc\u00e9dure, l&rsquo;exequatur et la reconnaissance\"}]},{\"@type\":\"WebSite\",\"@id\":\"https:\\\/\\\/wpvit.efb.fr\\\/#website\",\"url\":\"https:\\\/\\\/wpvit.efb.fr\\\/\",\"name\":\"EFB\",\"description\":\"\",\"publisher\":{\"@id\":\"https:\\\/\\\/wpvit.efb.fr\\\/#organization\"},\"potentialAction\":[{\"@type\":\"SearchAction\",\"target\":{\"@type\":\"EntryPoint\",\"urlTemplate\":\"https:\\\/\\\/wpvit.efb.fr\\\/?s={search_term_string}\"},\"query-input\":{\"@type\":\"PropertyValueSpecification\",\"valueRequired\":true,\"valueName\":\"search_term_string\"}}],\"inLanguage\":\"fr-FR\"},{\"@type\":\"Organization\",\"@id\":\"https:\\\/\\\/wpvit.efb.fr\\\/#organization\",\"name\":\"\u00c9cole de formation professionnelle des barreaux du ressort de la cour d\u2019appel de Paris (EFB)\",\"alternateName\":\"\u00c9cole de Formation des Barreaux (EFB)\",\"url\":\"https:\\\/\\\/wpvit.efb.fr\\\/\",\"logo\":{\"@type\":\"ImageObject\",\"inLanguage\":\"fr-FR\",\"@id\":\"https:\\\/\\\/wpvit.efb.fr\\\/#\\\/schema\\\/logo\\\/image\\\/\",\"url\":\"https:\\\/\\\/wpvit.efb.fr\\\/wp-content\\\/uploads\\\/2024\\\/10\\\/cropped-Logo-EFB-2023_fond-transparent_mail.png\",\"contentUrl\":\"https:\\\/\\\/wpvit.efb.fr\\\/wp-content\\\/uploads\\\/2024\\\/10\\\/cropped-Logo-EFB-2023_fond-transparent_mail.png\",\"width\":638,\"height\":282,\"caption\":\"\u00c9cole de formation professionnelle des barreaux du ressort de la cour d\u2019appel de Paris (EFB)\"},\"image\":{\"@id\":\"https:\\\/\\\/wpvit.efb.fr\\\/#\\\/schema\\\/logo\\\/image\\\/\"}}]}<\/script>\n<!-- \/ Yoast SEO plugin. -->","yoast_head_json":{"title":"Le divorce international : Ma\u00eetriser la proc\u00e9dure, l'exequatur et la reconnaissance - efb.fr","robots":{"index":"noindex","follow":"follow"},"og_locale":"fr_FR","og_type":"article","og_title":"Le divorce international : Ma\u00eetriser la proc\u00e9dure, l'exequatur et la reconnaissance - efb.fr","og_description":"Identifier les r\u00e8gles de droit applicables au divorce international Maitriser les r\u00e8gles de comp\u00e9tences, de conflit de loi et assurer la reconnaissance et l\u2019ex\u00e9cution des d\u00e9cision en DIP de la famille","og_url":"https:\/\/wpvit.efb.fr\/index.php\/acf_formation\/le-divorce-international-maitriser-la-procedure-lexequatur-et-la-reconnaissance\/","og_site_name":"efb.fr","article_modified_time":"2026-04-29T18:30:29+00:00","twitter_card":"summary_large_image","schema":{"@context":"https:\/\/schema.org","@graph":[{"@type":"WebPage","@id":"https:\/\/wpvit.efb.fr\/index.php\/acf_formation\/le-divorce-international-maitriser-la-procedure-lexequatur-et-la-reconnaissance\/","url":"https:\/\/wpvit.efb.fr\/index.php\/acf_formation\/le-divorce-international-maitriser-la-procedure-lexequatur-et-la-reconnaissance\/","name":"Le divorce international : Ma\u00eetriser la proc\u00e9dure, l'exequatur et la reconnaissance - efb.fr","isPartOf":{"@id":"https:\/\/wpvit.efb.fr\/#website"},"datePublished":"2026-03-30T22:00:00+00:00","dateModified":"2026-04-29T18:30:29+00:00","breadcrumb":{"@id":"https:\/\/wpvit.efb.fr\/index.php\/acf_formation\/le-divorce-international-maitriser-la-procedure-lexequatur-et-la-reconnaissance\/#breadcrumb"},"inLanguage":"fr-FR","potentialAction":[{"@type":"ReadAction","target":["https:\/\/wpvit.efb.fr\/index.php\/acf_formation\/le-divorce-international-maitriser-la-procedure-lexequatur-et-la-reconnaissance\/"]}]},{"@type":"BreadcrumbList","@id":"https:\/\/wpvit.efb.fr\/index.php\/acf_formation\/le-divorce-international-maitriser-la-procedure-lexequatur-et-la-reconnaissance\/#breadcrumb","itemListElement":[{"@type":"ListItem","position":1,"name":"Accueil","item":"https:\/\/wpvit.efb.fr\/"},{"@type":"ListItem","position":2,"name":"Le divorce international : Ma\u00eetriser la proc\u00e9dure, l&rsquo;exequatur et la reconnaissance"}]},{"@type":"WebSite","@id":"https:\/\/wpvit.efb.fr\/#website","url":"https:\/\/wpvit.efb.fr\/","name":"EFB","description":"","publisher":{"@id":"https:\/\/wpvit.efb.fr\/#organization"},"potentialAction":[{"@type":"SearchAction","target":{"@type":"EntryPoint","urlTemplate":"https:\/\/wpvit.efb.fr\/?s={search_term_string}"},"query-input":{"@type":"PropertyValueSpecification","valueRequired":true,"valueName":"search_term_string"}}],"inLanguage":"fr-FR"},{"@type":"Organization","@id":"https:\/\/wpvit.efb.fr\/#organization","name":"\u00c9cole de formation professionnelle des barreaux du ressort de la cour d\u2019appel de Paris (EFB)","alternateName":"\u00c9cole de Formation des Barreaux (EFB)","url":"https:\/\/wpvit.efb.fr\/","logo":{"@type":"ImageObject","inLanguage":"fr-FR","@id":"https:\/\/wpvit.efb.fr\/#\/schema\/logo\/image\/","url":"https:\/\/wpvit.efb.fr\/wp-content\/uploads\/2024\/10\/cropped-Logo-EFB-2023_fond-transparent_mail.png","contentUrl":"https:\/\/wpvit.efb.fr\/wp-content\/uploads\/2024\/10\/cropped-Logo-EFB-2023_fond-transparent_mail.png","width":638,"height":282,"caption":"\u00c9cole de formation professionnelle des barreaux du ressort de la cour d\u2019appel de Paris (EFB)"},"image":{"@id":"https:\/\/wpvit.efb.fr\/#\/schema\/logo\/image\/"}}]}},"_links":{"self":[{"href":"https:\/\/wpvit.efb.fr\/index.php\/wp-json\/wp\/v2\/acf_formation\/42565","targetHints":{"allow":["GET"]}}],"collection":[{"href":"https:\/\/wpvit.efb.fr\/index.php\/wp-json\/wp\/v2\/acf_formation"}],"about":[{"href":"https:\/\/wpvit.efb.fr\/index.php\/wp-json\/wp\/v2\/types\/acf_formation"}],"version-history":[{"count":0,"href":"https:\/\/wpvit.efb.fr\/index.php\/wp-json\/wp\/v2\/acf_formation\/42565\/revisions"}],"wp:attachment":[{"href":"https:\/\/wpvit.efb.fr\/index.php\/wp-json\/wp\/v2\/media?parent=42565"}],"wp:term":[{"taxonomy":"theme_formation","embeddable":true,"href":"https:\/\/wpvit.efb.fr\/index.php\/wp-json\/wp\/v2\/theme_formation?post=42565"}],"curies":[{"name":"wp","href":"https:\/\/api.w.org\/{rel}","templated":true}]}}