{"id":42586,"date":"2026-04-02T00:00:00","date_gmt":"2026-04-01T22:00:00","guid":{"rendered":"https:\/\/wpvit.efb.fr\/index.php\/acf_formation\/pathologie-de-la-vente-immobiliere-vices-caches-et-responsabilites-des-professionnels\/"},"modified":"2026-04-21T20:30:30","modified_gmt":"2026-04-21T18:30:30","slug":"pathologie-de-la-vente-immobiliere-vices-caches-et-responsabilites-des-professionnels","status":"publish","type":"acf_formation","link":"https:\/\/wpvit.efb.fr\/index.php\/acf_formation\/pathologie-de-la-vente-immobiliere-vices-caches-et-responsabilites-des-professionnels\/","title":{"rendered":"Pathologie de la vente immobili\u00e8re : vices cach\u00e9s et responsabilit\u00e9s des professionnels"},"content":{"rendered":"","protected":false},"excerpt":{"rendered":"<p>Ma\u00eetriser les conditions de mise en \u0153uvre de la garantie des vices cach\u00e9s et les subtilit\u00e9s proc\u00e9durales li\u00e9es aux d\u00e9lais et \u00e0 la preuve<br \/>\nSavoir s\u00e9curiser sa strat\u00e9gie de recours contre les interm\u00e9diaires en articulant devoir de conseil et r\u00e9paration du pr\u00e9judice<\/p>\n","protected":false},"author":0,"featured_media":0,"parent":0,"menu_order":0,"template":"","format":"standard","meta":{"_acf_changed":false,"footnotes":""},"theme_formation":[79],"class_list":["post-42586","acf_formation","type-acf_formation","status-publish","format-standard","hentry","theme_formation-droit-immobilier"],"acf":[],"yoast_head":"<!-- This site is optimized with the Yoast SEO plugin v27.4 - https:\/\/yoast.com\/product\/yoast-seo-wordpress\/ -->\n<title>Pathologie de la vente immobili\u00e8re : vices cach\u00e9s et responsabilit\u00e9s des professionnels - efb.fr<\/title>\n<meta name=\"robots\" content=\"noindex, follow\" \/>\n<meta property=\"og:locale\" content=\"fr_FR\" \/>\n<meta property=\"og:type\" content=\"article\" \/>\n<meta property=\"og:title\" content=\"Pathologie de la vente immobili\u00e8re : vices cach\u00e9s et responsabilit\u00e9s des professionnels - efb.fr\" \/>\n<meta property=\"og:description\" content=\"Ma\u00eetriser les conditions de mise en \u0153uvre de la garantie des vices cach\u00e9s et les subtilit\u00e9s proc\u00e9durales li\u00e9es aux d\u00e9lais et \u00e0 la preuve Savoir s\u00e9curiser sa strat\u00e9gie de recours contre les interm\u00e9diaires en articulant devoir de conseil et r\u00e9paration du pr\u00e9judice\" \/>\n<meta property=\"og:url\" content=\"https:\/\/wpvit.efb.fr\/index.php\/acf_formation\/pathologie-de-la-vente-immobiliere-vices-caches-et-responsabilites-des-professionnels\/\" \/>\n<meta property=\"og:site_name\" content=\"efb.fr\" \/>\n<meta property=\"article:modified_time\" content=\"2026-04-21T18:30:30+00:00\" \/>\n<meta name=\"twitter:card\" content=\"summary_large_image\" \/>\n<script type=\"application\/ld+json\" class=\"yoast-schema-graph\">{\"@context\":\"https:\\\/\\\/schema.org\",\"@graph\":[{\"@type\":\"WebPage\",\"@id\":\"https:\\\/\\\/wpvit.efb.fr\\\/index.php\\\/acf_formation\\\/pathologie-de-la-vente-immobiliere-vices-caches-et-responsabilites-des-professionnels\\\/\",\"url\":\"https:\\\/\\\/wpvit.efb.fr\\\/index.php\\\/acf_formation\\\/pathologie-de-la-vente-immobiliere-vices-caches-et-responsabilites-des-professionnels\\\/\",\"name\":\"Pathologie de la vente immobili\u00e8re : vices cach\u00e9s et responsabilit\u00e9s des professionnels - efb.fr\",\"isPartOf\":{\"@id\":\"https:\\\/\\\/wpvit.efb.fr\\\/#website\"},\"datePublished\":\"2026-04-01T22:00:00+00:00\",\"dateModified\":\"2026-04-21T18:30:30+00:00\",\"breadcrumb\":{\"@id\":\"https:\\\/\\\/wpvit.efb.fr\\\/index.php\\\/acf_formation\\\/pathologie-de-la-vente-immobiliere-vices-caches-et-responsabilites-des-professionnels\\\/#breadcrumb\"},\"inLanguage\":\"fr-FR\",\"potentialAction\":[{\"@type\":\"ReadAction\",\"target\":[\"https:\\\/\\\/wpvit.efb.fr\\\/index.php\\\/acf_formation\\\/pathologie-de-la-vente-immobiliere-vices-caches-et-responsabilites-des-professionnels\\\/\"]}]},{\"@type\":\"BreadcrumbList\",\"@id\":\"https:\\\/\\\/wpvit.efb.fr\\\/index.php\\\/acf_formation\\\/pathologie-de-la-vente-immobiliere-vices-caches-et-responsabilites-des-professionnels\\\/#breadcrumb\",\"itemListElement\":[{\"@type\":\"ListItem\",\"position\":1,\"name\":\"Accueil\",\"item\":\"https:\\\/\\\/wpvit.efb.fr\\\/\"},{\"@type\":\"ListItem\",\"position\":2,\"name\":\"Pathologie de la vente immobili\u00e8re : vices cach\u00e9s et responsabilit\u00e9s des professionnels\"}]},{\"@type\":\"WebSite\",\"@id\":\"https:\\\/\\\/wpvit.efb.fr\\\/#website\",\"url\":\"https:\\\/\\\/wpvit.efb.fr\\\/\",\"name\":\"EFB\",\"description\":\"\",\"publisher\":{\"@id\":\"https:\\\/\\\/wpvit.efb.fr\\\/#organization\"},\"potentialAction\":[{\"@type\":\"SearchAction\",\"target\":{\"@type\":\"EntryPoint\",\"urlTemplate\":\"https:\\\/\\\/wpvit.efb.fr\\\/?s={search_term_string}\"},\"query-input\":{\"@type\":\"PropertyValueSpecification\",\"valueRequired\":true,\"valueName\":\"search_term_string\"}}],\"inLanguage\":\"fr-FR\"},{\"@type\":\"Organization\",\"@id\":\"https:\\\/\\\/wpvit.efb.fr\\\/#organization\",\"name\":\"\u00c9cole de formation professionnelle des barreaux du ressort de la cour d\u2019appel de Paris (EFB)\",\"alternateName\":\"\u00c9cole de Formation des Barreaux (EFB)\",\"url\":\"https:\\\/\\\/wpvit.efb.fr\\\/\",\"logo\":{\"@type\":\"ImageObject\",\"inLanguage\":\"fr-FR\",\"@id\":\"https:\\\/\\\/wpvit.efb.fr\\\/#\\\/schema\\\/logo\\\/image\\\/\",\"url\":\"https:\\\/\\\/wpvit.efb.fr\\\/wp-content\\\/uploads\\\/2024\\\/10\\\/cropped-Logo-EFB-2023_fond-transparent_mail.png\",\"contentUrl\":\"https:\\\/\\\/wpvit.efb.fr\\\/wp-content\\\/uploads\\\/2024\\\/10\\\/cropped-Logo-EFB-2023_fond-transparent_mail.png\",\"width\":638,\"height\":282,\"caption\":\"\u00c9cole de formation professionnelle des barreaux du ressort de la cour d\u2019appel de Paris (EFB)\"},\"image\":{\"@id\":\"https:\\\/\\\/wpvit.efb.fr\\\/#\\\/schema\\\/logo\\\/image\\\/\"}}]}<\/script>\n<!-- \/ Yoast SEO plugin. -->","yoast_head_json":{"title":"Pathologie de la vente immobili\u00e8re : vices cach\u00e9s et responsabilit\u00e9s des professionnels - efb.fr","robots":{"index":"noindex","follow":"follow"},"og_locale":"fr_FR","og_type":"article","og_title":"Pathologie de la vente immobili\u00e8re : vices cach\u00e9s et responsabilit\u00e9s des professionnels - efb.fr","og_description":"Ma\u00eetriser les conditions de mise en \u0153uvre de la garantie des vices cach\u00e9s et les subtilit\u00e9s proc\u00e9durales li\u00e9es aux d\u00e9lais et \u00e0 la preuve Savoir s\u00e9curiser sa strat\u00e9gie de recours contre les interm\u00e9diaires en articulant devoir de conseil et r\u00e9paration du pr\u00e9judice","og_url":"https:\/\/wpvit.efb.fr\/index.php\/acf_formation\/pathologie-de-la-vente-immobiliere-vices-caches-et-responsabilites-des-professionnels\/","og_site_name":"efb.fr","article_modified_time":"2026-04-21T18:30:30+00:00","twitter_card":"summary_large_image","schema":{"@context":"https:\/\/schema.org","@graph":[{"@type":"WebPage","@id":"https:\/\/wpvit.efb.fr\/index.php\/acf_formation\/pathologie-de-la-vente-immobiliere-vices-caches-et-responsabilites-des-professionnels\/","url":"https:\/\/wpvit.efb.fr\/index.php\/acf_formation\/pathologie-de-la-vente-immobiliere-vices-caches-et-responsabilites-des-professionnels\/","name":"Pathologie de la vente immobili\u00e8re : vices cach\u00e9s et responsabilit\u00e9s des professionnels - efb.fr","isPartOf":{"@id":"https:\/\/wpvit.efb.fr\/#website"},"datePublished":"2026-04-01T22:00:00+00:00","dateModified":"2026-04-21T18:30:30+00:00","breadcrumb":{"@id":"https:\/\/wpvit.efb.fr\/index.php\/acf_formation\/pathologie-de-la-vente-immobiliere-vices-caches-et-responsabilites-des-professionnels\/#breadcrumb"},"inLanguage":"fr-FR","potentialAction":[{"@type":"ReadAction","target":["https:\/\/wpvit.efb.fr\/index.php\/acf_formation\/pathologie-de-la-vente-immobiliere-vices-caches-et-responsabilites-des-professionnels\/"]}]},{"@type":"BreadcrumbList","@id":"https:\/\/wpvit.efb.fr\/index.php\/acf_formation\/pathologie-de-la-vente-immobiliere-vices-caches-et-responsabilites-des-professionnels\/#breadcrumb","itemListElement":[{"@type":"ListItem","position":1,"name":"Accueil","item":"https:\/\/wpvit.efb.fr\/"},{"@type":"ListItem","position":2,"name":"Pathologie de la vente immobili\u00e8re : vices cach\u00e9s et responsabilit\u00e9s des professionnels"}]},{"@type":"WebSite","@id":"https:\/\/wpvit.efb.fr\/#website","url":"https:\/\/wpvit.efb.fr\/","name":"EFB","description":"","publisher":{"@id":"https:\/\/wpvit.efb.fr\/#organization"},"potentialAction":[{"@type":"SearchAction","target":{"@type":"EntryPoint","urlTemplate":"https:\/\/wpvit.efb.fr\/?s={search_term_string}"},"query-input":{"@type":"PropertyValueSpecification","valueRequired":true,"valueName":"search_term_string"}}],"inLanguage":"fr-FR"},{"@type":"Organization","@id":"https:\/\/wpvit.efb.fr\/#organization","name":"\u00c9cole de formation professionnelle des barreaux du ressort de la cour d\u2019appel de Paris (EFB)","alternateName":"\u00c9cole de Formation des Barreaux (EFB)","url":"https:\/\/wpvit.efb.fr\/","logo":{"@type":"ImageObject","inLanguage":"fr-FR","@id":"https:\/\/wpvit.efb.fr\/#\/schema\/logo\/image\/","url":"https:\/\/wpvit.efb.fr\/wp-content\/uploads\/2024\/10\/cropped-Logo-EFB-2023_fond-transparent_mail.png","contentUrl":"https:\/\/wpvit.efb.fr\/wp-content\/uploads\/2024\/10\/cropped-Logo-EFB-2023_fond-transparent_mail.png","width":638,"height":282,"caption":"\u00c9cole de formation professionnelle des barreaux du ressort de la cour d\u2019appel de Paris (EFB)"},"image":{"@id":"https:\/\/wpvit.efb.fr\/#\/schema\/logo\/image\/"}}]}},"_links":{"self":[{"href":"https:\/\/wpvit.efb.fr\/index.php\/wp-json\/wp\/v2\/acf_formation\/42586","targetHints":{"allow":["GET"]}}],"collection":[{"href":"https:\/\/wpvit.efb.fr\/index.php\/wp-json\/wp\/v2\/acf_formation"}],"about":[{"href":"https:\/\/wpvit.efb.fr\/index.php\/wp-json\/wp\/v2\/types\/acf_formation"}],"version-history":[{"count":0,"href":"https:\/\/wpvit.efb.fr\/index.php\/wp-json\/wp\/v2\/acf_formation\/42586\/revisions"}],"wp:attachment":[{"href":"https:\/\/wpvit.efb.fr\/index.php\/wp-json\/wp\/v2\/media?parent=42586"}],"wp:term":[{"taxonomy":"theme_formation","embeddable":true,"href":"https:\/\/wpvit.efb.fr\/index.php\/wp-json\/wp\/v2\/theme_formation?post=42586"}],"curies":[{"name":"wp","href":"https:\/\/api.w.org\/{rel}","templated":true}]}}