{"id":42804,"date":"2026-04-21T00:00:00","date_gmt":"2026-04-20T22:00:00","guid":{"rendered":"https:\/\/wpvit.efb.fr\/index.php\/acf_formation\/ma-premiere-affaire-en-garde-a-vue-4\/"},"modified":"2026-04-21T20:30:34","modified_gmt":"2026-04-21T18:30:34","slug":"ma-premiere-affaire-en-garde-a-vue-4","status":"publish","type":"acf_formation","link":"https:\/\/wpvit.efb.fr\/index.php\/acf_formation\/ma-premiere-affaire-en-garde-a-vue-4\/","title":{"rendered":"Ma Premi\u00e8re Affaire en garde \u00e0 vue"},"content":{"rendered":"","protected":false},"excerpt":{"rendered":"<p>Appr\u00e9hender les moyens dont dispose l\u2019avocat pour assister   son client en garde \u00e0 vue de la fa\u00e7on la plus efficace possible.<br \/>\nIdentifier les limites \u00e0 la marge de man\u0153uvre de l\u2019avocat.<\/p>\n","protected":false},"author":0,"featured_media":0,"parent":0,"menu_order":0,"template":"","format":"standard","meta":{"_acf_changed":false,"footnotes":""},"theme_formation":[50],"class_list":["post-42804","acf_formation","type-acf_formation","status-publish","format-standard","hentry","theme_formation-droit-penal"],"acf":[],"yoast_head":"<!-- This site is optimized with the Yoast SEO plugin v27.4 - https:\/\/yoast.com\/product\/yoast-seo-wordpress\/ -->\n<title>Ma Premi\u00e8re Affaire en garde \u00e0 vue - efb.fr<\/title>\n<meta name=\"robots\" content=\"noindex, follow\" \/>\n<meta property=\"og:locale\" content=\"fr_FR\" \/>\n<meta property=\"og:type\" content=\"article\" \/>\n<meta property=\"og:title\" content=\"Ma Premi\u00e8re Affaire en garde \u00e0 vue - efb.fr\" \/>\n<meta property=\"og:description\" content=\"Appr\u00e9hender les moyens dont dispose l\u2019avocat pour assister  son client en garde \u00e0 vue de la fa\u00e7on la plus efficace possible. Identifier les limites \u00e0 la marge de man\u0153uvre de l\u2019avocat.\" \/>\n<meta property=\"og:url\" content=\"https:\/\/wpvit.efb.fr\/index.php\/acf_formation\/ma-premiere-affaire-en-garde-a-vue-4\/\" \/>\n<meta property=\"og:site_name\" content=\"efb.fr\" \/>\n<meta property=\"article:modified_time\" content=\"2026-04-21T18:30:34+00:00\" \/>\n<meta name=\"twitter:card\" content=\"summary_large_image\" \/>\n<script type=\"application\/ld+json\" class=\"yoast-schema-graph\">{\"@context\":\"https:\\\/\\\/schema.org\",\"@graph\":[{\"@type\":\"WebPage\",\"@id\":\"https:\\\/\\\/wpvit.efb.fr\\\/index.php\\\/acf_formation\\\/ma-premiere-affaire-en-garde-a-vue-4\\\/\",\"url\":\"https:\\\/\\\/wpvit.efb.fr\\\/index.php\\\/acf_formation\\\/ma-premiere-affaire-en-garde-a-vue-4\\\/\",\"name\":\"Ma Premi\u00e8re Affaire en garde \u00e0 vue - efb.fr\",\"isPartOf\":{\"@id\":\"https:\\\/\\\/wpvit.efb.fr\\\/#website\"},\"datePublished\":\"2026-04-20T22:00:00+00:00\",\"dateModified\":\"2026-04-21T18:30:34+00:00\",\"breadcrumb\":{\"@id\":\"https:\\\/\\\/wpvit.efb.fr\\\/index.php\\\/acf_formation\\\/ma-premiere-affaire-en-garde-a-vue-4\\\/#breadcrumb\"},\"inLanguage\":\"fr-FR\",\"potentialAction\":[{\"@type\":\"ReadAction\",\"target\":[\"https:\\\/\\\/wpvit.efb.fr\\\/index.php\\\/acf_formation\\\/ma-premiere-affaire-en-garde-a-vue-4\\\/\"]}]},{\"@type\":\"BreadcrumbList\",\"@id\":\"https:\\\/\\\/wpvit.efb.fr\\\/index.php\\\/acf_formation\\\/ma-premiere-affaire-en-garde-a-vue-4\\\/#breadcrumb\",\"itemListElement\":[{\"@type\":\"ListItem\",\"position\":1,\"name\":\"Accueil\",\"item\":\"https:\\\/\\\/wpvit.efb.fr\\\/\"},{\"@type\":\"ListItem\",\"position\":2,\"name\":\"Ma Premi\u00e8re Affaire en garde \u00e0 vue\"}]},{\"@type\":\"WebSite\",\"@id\":\"https:\\\/\\\/wpvit.efb.fr\\\/#website\",\"url\":\"https:\\\/\\\/wpvit.efb.fr\\\/\",\"name\":\"EFB\",\"description\":\"\",\"publisher\":{\"@id\":\"https:\\\/\\\/wpvit.efb.fr\\\/#organization\"},\"potentialAction\":[{\"@type\":\"SearchAction\",\"target\":{\"@type\":\"EntryPoint\",\"urlTemplate\":\"https:\\\/\\\/wpvit.efb.fr\\\/?s={search_term_string}\"},\"query-input\":{\"@type\":\"PropertyValueSpecification\",\"valueRequired\":true,\"valueName\":\"search_term_string\"}}],\"inLanguage\":\"fr-FR\"},{\"@type\":\"Organization\",\"@id\":\"https:\\\/\\\/wpvit.efb.fr\\\/#organization\",\"name\":\"\u00c9cole de formation professionnelle des barreaux du ressort de la cour d\u2019appel de Paris (EFB)\",\"alternateName\":\"\u00c9cole de Formation des Barreaux (EFB)\",\"url\":\"https:\\\/\\\/wpvit.efb.fr\\\/\",\"logo\":{\"@type\":\"ImageObject\",\"inLanguage\":\"fr-FR\",\"@id\":\"https:\\\/\\\/wpvit.efb.fr\\\/#\\\/schema\\\/logo\\\/image\\\/\",\"url\":\"https:\\\/\\\/wpvit.efb.fr\\\/wp-content\\\/uploads\\\/2024\\\/10\\\/cropped-Logo-EFB-2023_fond-transparent_mail.png\",\"contentUrl\":\"https:\\\/\\\/wpvit.efb.fr\\\/wp-content\\\/uploads\\\/2024\\\/10\\\/cropped-Logo-EFB-2023_fond-transparent_mail.png\",\"width\":638,\"height\":282,\"caption\":\"\u00c9cole de formation professionnelle des barreaux du ressort de la cour d\u2019appel de Paris (EFB)\"},\"image\":{\"@id\":\"https:\\\/\\\/wpvit.efb.fr\\\/#\\\/schema\\\/logo\\\/image\\\/\"}}]}<\/script>\n<!-- \/ Yoast SEO plugin. -->","yoast_head_json":{"title":"Ma Premi\u00e8re Affaire en garde \u00e0 vue - efb.fr","robots":{"index":"noindex","follow":"follow"},"og_locale":"fr_FR","og_type":"article","og_title":"Ma Premi\u00e8re Affaire en garde \u00e0 vue - efb.fr","og_description":"Appr\u00e9hender les moyens dont dispose l\u2019avocat pour assister  son client en garde \u00e0 vue de la fa\u00e7on la plus efficace possible. Identifier les limites \u00e0 la marge de man\u0153uvre de l\u2019avocat.","og_url":"https:\/\/wpvit.efb.fr\/index.php\/acf_formation\/ma-premiere-affaire-en-garde-a-vue-4\/","og_site_name":"efb.fr","article_modified_time":"2026-04-21T18:30:34+00:00","twitter_card":"summary_large_image","schema":{"@context":"https:\/\/schema.org","@graph":[{"@type":"WebPage","@id":"https:\/\/wpvit.efb.fr\/index.php\/acf_formation\/ma-premiere-affaire-en-garde-a-vue-4\/","url":"https:\/\/wpvit.efb.fr\/index.php\/acf_formation\/ma-premiere-affaire-en-garde-a-vue-4\/","name":"Ma Premi\u00e8re Affaire en garde \u00e0 vue - efb.fr","isPartOf":{"@id":"https:\/\/wpvit.efb.fr\/#website"},"datePublished":"2026-04-20T22:00:00+00:00","dateModified":"2026-04-21T18:30:34+00:00","breadcrumb":{"@id":"https:\/\/wpvit.efb.fr\/index.php\/acf_formation\/ma-premiere-affaire-en-garde-a-vue-4\/#breadcrumb"},"inLanguage":"fr-FR","potentialAction":[{"@type":"ReadAction","target":["https:\/\/wpvit.efb.fr\/index.php\/acf_formation\/ma-premiere-affaire-en-garde-a-vue-4\/"]}]},{"@type":"BreadcrumbList","@id":"https:\/\/wpvit.efb.fr\/index.php\/acf_formation\/ma-premiere-affaire-en-garde-a-vue-4\/#breadcrumb","itemListElement":[{"@type":"ListItem","position":1,"name":"Accueil","item":"https:\/\/wpvit.efb.fr\/"},{"@type":"ListItem","position":2,"name":"Ma Premi\u00e8re Affaire en garde \u00e0 vue"}]},{"@type":"WebSite","@id":"https:\/\/wpvit.efb.fr\/#website","url":"https:\/\/wpvit.efb.fr\/","name":"EFB","description":"","publisher":{"@id":"https:\/\/wpvit.efb.fr\/#organization"},"potentialAction":[{"@type":"SearchAction","target":{"@type":"EntryPoint","urlTemplate":"https:\/\/wpvit.efb.fr\/?s={search_term_string}"},"query-input":{"@type":"PropertyValueSpecification","valueRequired":true,"valueName":"search_term_string"}}],"inLanguage":"fr-FR"},{"@type":"Organization","@id":"https:\/\/wpvit.efb.fr\/#organization","name":"\u00c9cole de formation professionnelle des barreaux du ressort de la cour d\u2019appel de Paris (EFB)","alternateName":"\u00c9cole de Formation des Barreaux (EFB)","url":"https:\/\/wpvit.efb.fr\/","logo":{"@type":"ImageObject","inLanguage":"fr-FR","@id":"https:\/\/wpvit.efb.fr\/#\/schema\/logo\/image\/","url":"https:\/\/wpvit.efb.fr\/wp-content\/uploads\/2024\/10\/cropped-Logo-EFB-2023_fond-transparent_mail.png","contentUrl":"https:\/\/wpvit.efb.fr\/wp-content\/uploads\/2024\/10\/cropped-Logo-EFB-2023_fond-transparent_mail.png","width":638,"height":282,"caption":"\u00c9cole de formation professionnelle des barreaux du ressort de la cour d\u2019appel de Paris (EFB)"},"image":{"@id":"https:\/\/wpvit.efb.fr\/#\/schema\/logo\/image\/"}}]}},"_links":{"self":[{"href":"https:\/\/wpvit.efb.fr\/index.php\/wp-json\/wp\/v2\/acf_formation\/42804","targetHints":{"allow":["GET"]}}],"collection":[{"href":"https:\/\/wpvit.efb.fr\/index.php\/wp-json\/wp\/v2\/acf_formation"}],"about":[{"href":"https:\/\/wpvit.efb.fr\/index.php\/wp-json\/wp\/v2\/types\/acf_formation"}],"version-history":[{"count":0,"href":"https:\/\/wpvit.efb.fr\/index.php\/wp-json\/wp\/v2\/acf_formation\/42804\/revisions"}],"wp:attachment":[{"href":"https:\/\/wpvit.efb.fr\/index.php\/wp-json\/wp\/v2\/media?parent=42804"}],"wp:term":[{"taxonomy":"theme_formation","embeddable":true,"href":"https:\/\/wpvit.efb.fr\/index.php\/wp-json\/wp\/v2\/theme_formation?post=42804"}],"curies":[{"name":"wp","href":"https:\/\/api.w.org\/{rel}","templated":true}]}}