{"id":44375,"date":"2026-09-03T00:00:00","date_gmt":"2026-09-02T22:00:00","guid":{"rendered":"https:\/\/wpvit.efb.fr\/index.php\/acf_formation\/ia-usages-cadres-reglementaires-et-contentieux\/"},"modified":"2026-09-05T20:30:36","modified_gmt":"2026-09-05T18:30:36","slug":"ia-usages-cadres-reglementaires-et-contentieux","status":"publish","type":"acf_formation","link":"https:\/\/wpvit.efb.fr\/index.php\/acf_formation\/ia-usages-cadres-reglementaires-et-contentieux\/","title":{"rendered":"IA : usages, cadres r\u00e9glementaires et contentieux"},"content":{"rendered":"","protected":false},"excerpt":{"rendered":"<p>A partir des usages concrets de l\u2019IA pour les magistrats, les avocats et les juristes, et de leurs pr\u00e9occupations communes, prendre la mesure pratique des risques juridiques associ\u00e9s au d\u00e9veloppement de l\u2019IA, partager les r\u00e9ponses permettant de les g\u00e9rer, anticiper les diff\u00e9rentes responsabilit\u00e9s, comprendre la jurisprudence qui se met en place et identifier les preuves mobilis\u00e9es en cas de d\u00e9faillance<\/p>\n","protected":false},"author":0,"featured_media":0,"parent":0,"menu_order":0,"template":"","format":"standard","meta":{"_acf_changed":false,"footnotes":"","_members_access_role":[],"_members_access_error":""},"theme_formation":[57],"class_list":["post-44375","acf_formation","type-acf_formation","status-publish","format-standard","hentry","theme_formation-droit-du-numerique-et-des-communications"],"acf":[],"yoast_head":"<!-- This site is optimized with the Yoast SEO plugin v28.2 - https:\/\/yoast.com\/product\/yoast-seo-wordpress\/ -->\n<title>IA : usages, cadres r\u00e9glementaires et contentieux - efb.fr<\/title>\n<meta name=\"robots\" content=\"noindex, follow\" \/>\n<meta property=\"og:locale\" content=\"fr_FR\" \/>\n<meta property=\"og:type\" content=\"article\" \/>\n<meta property=\"og:title\" content=\"IA : usages, cadres r\u00e9glementaires et contentieux - efb.fr\" \/>\n<meta property=\"og:description\" content=\"A partir des usages concrets de l\u2019IA pour les magistrats, les avocats et les juristes, et de leurs pr\u00e9occupations communes, prendre la mesure pratique des risques juridiques associ\u00e9s au d\u00e9veloppement de l\u2019IA, partager les r\u00e9ponses permettant de les g\u00e9rer, anticiper les diff\u00e9rentes responsabilit\u00e9s, comprendre la jurisprudence qui se met en place et identifier les preuves mobilis\u00e9es en cas de d\u00e9faillance\" \/>\n<meta property=\"og:url\" content=\"https:\/\/wpvit.efb.fr\/index.php\/acf_formation\/ia-usages-cadres-reglementaires-et-contentieux\/\" \/>\n<meta property=\"og:site_name\" content=\"efb.fr\" \/>\n<meta property=\"article:modified_time\" content=\"2026-09-05T18:30:36+00:00\" \/>\n<meta name=\"twitter:card\" content=\"summary_large_image\" \/>\n<script type=\"application\/ld+json\" class=\"yoast-schema-graph\">{\"@context\":\"https:\\\/\\\/schema.org\",\"@graph\":[{\"@type\":\"WebPage\",\"@id\":\"https:\\\/\\\/wpvit.efb.fr\\\/index.php\\\/acf_formation\\\/ia-usages-cadres-reglementaires-et-contentieux\\\/\",\"url\":\"https:\\\/\\\/wpvit.efb.fr\\\/index.php\\\/acf_formation\\\/ia-usages-cadres-reglementaires-et-contentieux\\\/\",\"name\":\"IA : usages, cadres r\u00e9glementaires et contentieux - efb.fr\",\"isPartOf\":{\"@id\":\"https:\\\/\\\/wpvit.efb.fr\\\/#website\"},\"datePublished\":\"2026-09-02T22:00:00+00:00\",\"dateModified\":\"2026-09-05T18:30:36+00:00\",\"breadcrumb\":{\"@id\":\"https:\\\/\\\/wpvit.efb.fr\\\/index.php\\\/acf_formation\\\/ia-usages-cadres-reglementaires-et-contentieux\\\/#breadcrumb\"},\"inLanguage\":\"fr-FR\",\"potentialAction\":[{\"@type\":\"ReadAction\",\"target\":[\"https:\\\/\\\/wpvit.efb.fr\\\/index.php\\\/acf_formation\\\/ia-usages-cadres-reglementaires-et-contentieux\\\/\"]}]},{\"@type\":\"BreadcrumbList\",\"@id\":\"https:\\\/\\\/wpvit.efb.fr\\\/index.php\\\/acf_formation\\\/ia-usages-cadres-reglementaires-et-contentieux\\\/#breadcrumb\",\"itemListElement\":[{\"@type\":\"ListItem\",\"position\":1,\"name\":\"Accueil\",\"item\":\"https:\\\/\\\/wpvit.efb.fr\\\/\"},{\"@type\":\"ListItem\",\"position\":2,\"name\":\"IA : usages, cadres r\u00e9glementaires et contentieux\"}]},{\"@type\":\"WebSite\",\"@id\":\"https:\\\/\\\/wpvit.efb.fr\\\/#website\",\"url\":\"https:\\\/\\\/wpvit.efb.fr\\\/\",\"name\":\"EFB\",\"description\":\"\",\"publisher\":{\"@id\":\"https:\\\/\\\/wpvit.efb.fr\\\/#organization\"},\"potentialAction\":[{\"@type\":\"SearchAction\",\"target\":{\"@type\":\"EntryPoint\",\"urlTemplate\":\"https:\\\/\\\/wpvit.efb.fr\\\/?s={search_term_string}\"},\"query-input\":{\"@type\":\"PropertyValueSpecification\",\"valueRequired\":true,\"valueName\":\"search_term_string\"}}],\"inLanguage\":\"fr-FR\"},{\"@type\":\"Organization\",\"@id\":\"https:\\\/\\\/wpvit.efb.fr\\\/#organization\",\"name\":\"\u00c9cole de formation professionnelle des barreaux du ressort de la cour d\u2019appel de Paris (EFB)\",\"alternateName\":\"\u00c9cole de Formation des Barreaux (EFB)\",\"url\":\"https:\\\/\\\/wpvit.efb.fr\\\/\",\"logo\":{\"@type\":\"ImageObject\",\"inLanguage\":\"fr-FR\",\"@id\":\"https:\\\/\\\/wpvit.efb.fr\\\/#\\\/schema\\\/logo\\\/image\\\/\",\"url\":\"https:\\\/\\\/wpvit.efb.fr\\\/wp-content\\\/uploads\\\/2024\\\/10\\\/cropped-Logo-EFB-2023_fond-transparent_mail.png\",\"contentUrl\":\"https:\\\/\\\/wpvit.efb.fr\\\/wp-content\\\/uploads\\\/2024\\\/10\\\/cropped-Logo-EFB-2023_fond-transparent_mail.png\",\"width\":638,\"height\":282,\"caption\":\"\u00c9cole de formation professionnelle des barreaux du ressort de la cour d\u2019appel de Paris (EFB)\"},\"image\":{\"@id\":\"https:\\\/\\\/wpvit.efb.fr\\\/#\\\/schema\\\/logo\\\/image\\\/\"}}]}<\/script>\n<!-- \/ Yoast SEO plugin. -->","yoast_head_json":{"title":"IA : usages, cadres r\u00e9glementaires et contentieux - efb.fr","robots":{"index":"noindex","follow":"follow"},"og_locale":"fr_FR","og_type":"article","og_title":"IA : usages, cadres r\u00e9glementaires et contentieux - efb.fr","og_description":"A partir des usages concrets de l\u2019IA pour les magistrats, les avocats et les juristes, et de leurs pr\u00e9occupations communes, prendre la mesure pratique des risques juridiques associ\u00e9s au d\u00e9veloppement de l\u2019IA, partager les r\u00e9ponses permettant de les g\u00e9rer, anticiper les diff\u00e9rentes responsabilit\u00e9s, comprendre la jurisprudence qui se met en place et identifier les preuves mobilis\u00e9es en cas de d\u00e9faillance","og_url":"https:\/\/wpvit.efb.fr\/index.php\/acf_formation\/ia-usages-cadres-reglementaires-et-contentieux\/","og_site_name":"efb.fr","article_modified_time":"2026-09-05T18:30:36+00:00","twitter_card":"summary_large_image","schema":{"@context":"https:\/\/schema.org","@graph":[{"@type":"WebPage","@id":"https:\/\/wpvit.efb.fr\/index.php\/acf_formation\/ia-usages-cadres-reglementaires-et-contentieux\/","url":"https:\/\/wpvit.efb.fr\/index.php\/acf_formation\/ia-usages-cadres-reglementaires-et-contentieux\/","name":"IA : usages, cadres r\u00e9glementaires et contentieux - efb.fr","isPartOf":{"@id":"https:\/\/wpvit.efb.fr\/#website"},"datePublished":"2026-09-02T22:00:00+00:00","dateModified":"2026-09-05T18:30:36+00:00","breadcrumb":{"@id":"https:\/\/wpvit.efb.fr\/index.php\/acf_formation\/ia-usages-cadres-reglementaires-et-contentieux\/#breadcrumb"},"inLanguage":"fr-FR","potentialAction":[{"@type":"ReadAction","target":["https:\/\/wpvit.efb.fr\/index.php\/acf_formation\/ia-usages-cadres-reglementaires-et-contentieux\/"]}]},{"@type":"BreadcrumbList","@id":"https:\/\/wpvit.efb.fr\/index.php\/acf_formation\/ia-usages-cadres-reglementaires-et-contentieux\/#breadcrumb","itemListElement":[{"@type":"ListItem","position":1,"name":"Accueil","item":"https:\/\/wpvit.efb.fr\/"},{"@type":"ListItem","position":2,"name":"IA : usages, cadres r\u00e9glementaires et contentieux"}]},{"@type":"WebSite","@id":"https:\/\/wpvit.efb.fr\/#website","url":"https:\/\/wpvit.efb.fr\/","name":"EFB","description":"","publisher":{"@id":"https:\/\/wpvit.efb.fr\/#organization"},"potentialAction":[{"@type":"SearchAction","target":{"@type":"EntryPoint","urlTemplate":"https:\/\/wpvit.efb.fr\/?s={search_term_string}"},"query-input":{"@type":"PropertyValueSpecification","valueRequired":true,"valueName":"search_term_string"}}],"inLanguage":"fr-FR"},{"@type":"Organization","@id":"https:\/\/wpvit.efb.fr\/#organization","name":"\u00c9cole de formation professionnelle des barreaux du ressort de la cour d\u2019appel de Paris (EFB)","alternateName":"\u00c9cole de Formation des Barreaux (EFB)","url":"https:\/\/wpvit.efb.fr\/","logo":{"@type":"ImageObject","inLanguage":"fr-FR","@id":"https:\/\/wpvit.efb.fr\/#\/schema\/logo\/image\/","url":"https:\/\/wpvit.efb.fr\/wp-content\/uploads\/2024\/10\/cropped-Logo-EFB-2023_fond-transparent_mail.png","contentUrl":"https:\/\/wpvit.efb.fr\/wp-content\/uploads\/2024\/10\/cropped-Logo-EFB-2023_fond-transparent_mail.png","width":638,"height":282,"caption":"\u00c9cole de formation professionnelle des barreaux du ressort de la cour d\u2019appel de Paris (EFB)"},"image":{"@id":"https:\/\/wpvit.efb.fr\/#\/schema\/logo\/image\/"}}]}},"_links":{"self":[{"href":"https:\/\/wpvit.efb.fr\/index.php\/wp-json\/wp\/v2\/acf_formation\/44375","targetHints":{"allow":["GET"]}}],"collection":[{"href":"https:\/\/wpvit.efb.fr\/index.php\/wp-json\/wp\/v2\/acf_formation"}],"about":[{"href":"https:\/\/wpvit.efb.fr\/index.php\/wp-json\/wp\/v2\/types\/acf_formation"}],"version-history":[{"count":0,"href":"https:\/\/wpvit.efb.fr\/index.php\/wp-json\/wp\/v2\/acf_formation\/44375\/revisions"}],"wp:attachment":[{"href":"https:\/\/wpvit.efb.fr\/index.php\/wp-json\/wp\/v2\/media?parent=44375"}],"wp:term":[{"taxonomy":"theme_formation","embeddable":true,"href":"https:\/\/wpvit.efb.fr\/index.php\/wp-json\/wp\/v2\/theme_formation?post=44375"}],"curies":[{"name":"wp","href":"https:\/\/api.w.org\/{rel}","templated":true}]}}