{"id":11852,"date":"2023-05-02T10:15:24","date_gmt":"2023-05-02T08:15:24","guid":{"rendered":"https:\/\/wpvit.efb.fr\/?page_id=11852"},"modified":"2026-02-05T16:31:34","modified_gmt":"2026-02-05T15:31:34","slug":"l-examen-du-capa","status":"publish","type":"page","link":"https:\/\/wpvit.efb.fr\/index.php\/je-suis-eleve-avocat-a-lefb\/je-gere-ma-formation\/l-examen-du-capa\/","title":{"rendered":"L&rsquo;examen du CAPA"},"content":{"rendered":"\t\t<div data-elementor-type=\"wp-page\" data-elementor-id=\"11852\" class=\"elementor elementor-11852\" data-elementor-post-type=\"page\">\n\t\t\t\t<div class=\"elementor-element elementor-element-8489d21 custom-gradient-bg elementor-hidden-tablet elementor-hidden-mobile e-flex e-con-boxed e-con e-parent\" data-id=\"8489d21\" data-element_type=\"container\" data-e-type=\"container\" data-settings=\"{&quot;background_background&quot;:&quot;classic&quot;}\">\n\t\t\t\t\t<div class=\"e-con-inner\">\n\t\t<div class=\"elementor-element elementor-element-f3893d2 e-con-full e-flex e-con e-child\" data-id=\"f3893d2\" data-element_type=\"container\" data-e-type=\"container\">\n\t\t<div class=\"elementor-element elementor-element-9b18c2e e-con-full e-flex e-con e-child\" data-id=\"9b18c2e\" data-element_type=\"container\" data-e-type=\"container\" data-settings=\"{&quot;background_background&quot;:&quot;classic&quot;}\">\n\t\t\t\t<div class=\"elementor-element elementor-element-34b2476 elementor-widget elementor-widget-heading\" data-id=\"34b2476\" data-element_type=\"widget\" data-e-type=\"widget\" data-widget_type=\"heading.default\">\n\t\t\t\t<div class=\"elementor-widget-container\">\n\t\t\t\t\t<h2 class=\"elementor-heading-title elementor-size-default\"><a href=\"https:\/\/wpvit.efb.fr\/?page_id=1122\">Je g\u00e8re ma formation<\/a><\/h2>\t\t\t\t<\/div>\n\t\t\t\t<\/div>\n\t\t\t\t<div class=\"elementor-element elementor-element-2006c11 elementor-widget elementor-widget-heading\" data-id=\"2006c11\" data-element_type=\"widget\" data-e-type=\"widget\" data-widget_type=\"heading.default\">\n\t\t\t\t<div class=\"elementor-widget-container\">\n\t\t\t\t\t<h5 class=\"elementor-heading-title elementor-size-default\">L'examen du CAPA<\/h5>\t\t\t\t<\/div>\n\t\t\t\t<\/div>\n\t\t\t\t<\/div>\n\t\t\t\t<\/div>\n\t\t\t\t\t<\/div>\n\t\t\t\t<\/div>\n\t\t<div class=\"elementor-element elementor-element-b0ec2b0 elementor-hidden-desktop e-con-full e-flex e-con e-parent\" data-id=\"b0ec2b0\" data-element_type=\"container\" data-e-type=\"container\">\n\t\t<div class=\"elementor-element elementor-element-923b469 custom-gradient-bg e-con-full e-flex e-con e-child\" data-id=\"923b469\" data-element_type=\"container\" data-e-type=\"container\">\n\t\t\t\t<div class=\"elementor-element elementor-element-34f7ca2 elementor-widget elementor-widget-heading\" data-id=\"34f7ca2\" data-element_type=\"widget\" data-e-type=\"widget\" data-widget_type=\"heading.default\">\n\t\t\t\t<div class=\"elementor-widget-container\">\n\t\t\t\t\t<h2 class=\"elementor-heading-title elementor-size-default\">Je g\u00e8re ma formation<\/h2>\t\t\t\t<\/div>\n\t\t\t\t<\/div>\n\t\t\t\t<div class=\"elementor-element elementor-element-5b6edff elementor-widget elementor-widget-heading\" data-id=\"5b6edff\" data-element_type=\"widget\" data-e-type=\"widget\" data-widget_type=\"heading.default\">\n\t\t\t\t<div class=\"elementor-widget-container\">\n\t\t\t\t\t<h5 class=\"elementor-heading-title elementor-size-default\">L'examen du CAPA<\/h5>\t\t\t\t<\/div>\n\t\t\t\t<\/div>\n\t\t\t\t<\/div>\n\t\t\t\t<\/div>\n\t\t<div class=\"elementor-element elementor-element-79bfe4b e-flex e-con-boxed e-con e-parent\" data-id=\"79bfe4b\" data-element_type=\"container\" data-e-type=\"container\">\n\t\t\t\t\t<div class=\"e-con-inner\">\n\t\t<div class=\"elementor-element elementor-element-c82eaa1 e-con-full e-flex e-con e-child\" data-id=\"c82eaa1\" data-element_type=\"container\" data-e-type=\"container\">\n\t\t\t\t<div class=\"elementor-element elementor-element-9c45045 elementor-align-left elementor-widget elementor-widget-breadcrumbs\" data-id=\"9c45045\" data-element_type=\"widget\" data-e-type=\"widget\" data-widget_type=\"breadcrumbs.default\">\n\t\t\t\t<div class=\"elementor-widget-container\">\n\t\t\t\t\t<p id=\"breadcrumbs\"><span><span><a href=\"https:\/\/wpvit.efb.fr\/\">Accueil<\/a><\/span><\/span><\/p>\t\t\t\t<\/div>\n\t\t\t\t<\/div>\n\t\t\t\t<div class=\"elementor-element elementor-element-3141f6c elementor-hidden-tablet elementor-hidden-mobile elementor-widget elementor-widget-spacer\" data-id=\"3141f6c\" data-element_type=\"widget\" data-e-type=\"widget\" data-widget_type=\"spacer.default\">\n\t\t\t\t<div class=\"elementor-widget-container\">\n\t\t\t\t\t\t\t<div class=\"elementor-spacer\">\n\t\t\t<div class=\"elementor-spacer-inner\"><\/div>\n\t\t<\/div>\n\t\t\t\t\t\t<\/div>\n\t\t\t\t<\/div>\n\t\t\t\t<div class=\"elementor-element elementor-element-79033da elementor-hidden-tablet elementor-hidden-mobile elementor-widget elementor-widget-heading\" data-id=\"79033da\" data-element_type=\"widget\" data-e-type=\"widget\" data-widget_type=\"heading.default\">\n\t\t\t\t<div class=\"elementor-widget-container\">\n\t\t\t\t\t<h1 class=\"elementor-heading-title elementor-size-default\">LE CAPA<\/h1>\t\t\t\t<\/div>\n\t\t\t\t<\/div>\n\t\t\t\t<div class=\"elementor-element elementor-element-0235b49 elementor-hidden-tablet elementor-hidden-mobile elementor-widget-divider--view-line elementor-widget elementor-widget-divider\" data-id=\"0235b49\" data-element_type=\"widget\" data-e-type=\"widget\" data-widget_type=\"divider.default\">\n\t\t\t\t<div class=\"elementor-widget-container\">\n\t\t\t\t\t\t\t<div class=\"elementor-divider\">\n\t\t\t<span class=\"elementor-divider-separator\">\n\t\t\t\t\t\t<\/span>\n\t\t<\/div>\n\t\t\t\t\t\t<\/div>\n\t\t\t\t<\/div>\n\t\t\t\t<div class=\"elementor-element elementor-element-b80da98 elementor-widget elementor-widget-spacer\" data-id=\"b80da98\" data-element_type=\"widget\" data-e-type=\"widget\" data-widget_type=\"spacer.default\">\n\t\t\t\t<div class=\"elementor-widget-container\">\n\t\t\t\t\t\t\t<div class=\"elementor-spacer\">\n\t\t\t<div class=\"elementor-spacer-inner\"><\/div>\n\t\t<\/div>\n\t\t\t\t\t\t<\/div>\n\t\t\t\t<\/div>\n\t\t\t\t<\/div>\n\t\t\t\t\t<\/div>\n\t\t\t\t<\/div>\n\t\t<main class=\"elementor-element elementor-element-7b9ae1c e-flex e-con-boxed e-con e-parent\" data-id=\"7b9ae1c\" data-element_type=\"container\" data-e-type=\"container\">\n\t\t\t\t\t<div class=\"e-con-inner\">\n\t\t\t\t<div class=\"elementor-element elementor-element-3f4601b elementor-widget elementor-widget-heading\" data-id=\"3f4601b\" data-element_type=\"widget\" data-e-type=\"widget\" data-widget_type=\"heading.default\">\n\t\t\t\t<div class=\"elementor-widget-container\">\n\t\t\t\t\t<h5 class=\"elementor-heading-title elementor-size-default\">Calendrier du CAPA<\/h5>\t\t\t\t<\/div>\n\t\t\t\t<\/div>\n\t\t\t\t<div class=\"elementor-element elementor-element-130d3f4 elementor-widget elementor-widget-text-editor\" data-id=\"130d3f4\" data-element_type=\"widget\" data-e-type=\"widget\" data-widget_type=\"text-editor.default\">\n\t\t\t\t<div class=\"elementor-widget-container\">\n\t\t\t\t\t\t\t\t\t<div>Dates cl\u00e9s indiqu\u00e9es <span style=\"text-decoration: underline\"><a href=\"https:\/\/wpvit.efb.fr\/index.php\/je-suis-eleve-avocat-a-lefb\/je-gere-ma-formation\/dates-cles-de-ma-promotion\/\">ici<\/a><\/span> pour les promotions Yasmina Reza (2025-2026) et Patrick Maisonneuve (2026-2027).\u00a0<\/div>\t\t\t\t\t\t\t\t<\/div>\n\t\t\t\t<\/div>\n\t\t\t\t<div class=\"elementor-element elementor-element-3174fd5 elementor-widget elementor-widget-heading\" data-id=\"3174fd5\" data-element_type=\"widget\" data-e-type=\"widget\" data-widget_type=\"heading.default\">\n\t\t\t\t<div class=\"elementor-widget-container\">\n\t\t\t\t\t<h5 class=\"elementor-heading-title elementor-size-default\">Tiers temps<\/h5>\t\t\t\t<\/div>\n\t\t\t\t<\/div>\n\t\t\t\t<div class=\"elementor-element elementor-element-89b64c6 elementor-widget elementor-widget-text-editor\" data-id=\"89b64c6\" data-element_type=\"widget\" data-e-type=\"widget\" data-widget_type=\"text-editor.default\">\n\t\t\t\t<div class=\"elementor-widget-container\">\n\t\t\t\t\t\t\t\t\t<p>Les \u00e9l\u00e8ves ayant besoin d\u2019un am\u00e9nagement doivent envoyer d\u00e8s que possible au service des examens, par e-mail, une lettre libell\u00e9e \u00e0 l\u2019attention du pr\u00e9sident du jury, accompagn\u00e9e d\u2019un certificat m\u00e9dical sp\u00e9cifiant les am\u00e9nagements demand\u00e9s (temps suppl\u00e9mentaire pouvant aller jusqu\u2019\u00e0 33%, usage d\u2019un ordinateur, mat\u00e9riel ergonomique, etc.).<\/p><p>Ni la lettre adress\u00e9e au pr\u00e9sident du jury ni le certificat m\u00e9dical ne doivent faire mention de la pathologie en cause.<\/p><p>Pour les \u00e9preuves du contr\u00f4le continu (hors foisonnement, TP et LAB), les \u00e9l\u00e8ves doivent former cette demande d\u2019am\u00e9nagement au service des examens, par e-mail, en joignant un certificat m\u00e9dical au plus tard 1 semaine avant ces \u00e9preuves.<\/p><p><strong>Il est \u00e9galement demand\u00e9 de pr\u00e9venir la <a href=\"https:\/\/wpvit.efb.fr\/?page_id=6725\"><span style=\"text-decoration: underline\">r\u00e9f\u00e9rente handicap<\/span><\/a> de l\u2019\u00e9cole.<\/strong><\/p>\t\t\t\t\t\t\t\t<\/div>\n\t\t\t\t<\/div>\n\t\t\t\t<div class=\"elementor-element elementor-element-8ff4e30 elementor-widget elementor-widget-heading\" data-id=\"8ff4e30\" data-element_type=\"widget\" data-e-type=\"widget\" data-widget_type=\"heading.default\">\n\t\t\t\t<div class=\"elementor-widget-container\">\n\t\t\t\t\t<h5 class=\"elementor-heading-title elementor-size-default\">\u00c9l\u00e8ves de nationalit\u00e9 \u00e9trang\u00e8re <\/h5>\t\t\t\t<\/div>\n\t\t\t\t<\/div>\n\t\t\t\t<div class=\"elementor-element elementor-element-ebcb794 warning-logo elementor-widget elementor-widget-text-editor\" data-id=\"ebcb794\" data-element_type=\"widget\" data-e-type=\"widget\" data-widget_type=\"text-editor.default\">\n\t\t\t\t<div class=\"elementor-widget-container\">\n\t\t\t\t\t\t\t\t\t<p>L\u2019obtention du CAPA ne suffit pas pour exercer la profession d\u2019avocat en France si la personne est ressortissante d\u2019un pays hors UE. <br \/>D\u00e8s lors, avant toute demande d\u2019inscription \u00e0 l\u2019EFB, il appartient aux personnes ne poss\u00e9dant pas la nationalit\u00e9 d\u2019un des \u00c9tats membres de l\u2019Union europ\u00e9enne de se montrer diligentes et de v\u00e9rifier si elles remplissent les conditions pour exercer la profession d\u2019avocat en France. <br \/>Ces conditions varient en effet selon le pays dont ces personnes sont ressortissantes et sont syst\u00e9matiquement v\u00e9rifi\u00e9es par le conseil de l\u2019ordre et le parquet g\u00e9n\u00e9ral avant toute inscription au tableau et prestation de serment.<\/p><p>Pour en savoir plus : <a href=\"https:\/\/wpvit.efb.fr\/wp-content\/uploads\/2024\/05\/MODALITES_D-ACCES_AUX_RESSORTISSANTS_HORS_UE.pdf\"><span style=\"text-decoration: underline\">Modalit\u00e9s d&rsquo;acc\u00e8s Ressortissants hors UE<\/span><\/a><\/p>\t\t\t\t\t\t\t\t<\/div>\n\t\t\t\t<\/div>\n\t\t\t\t<div class=\"elementor-element elementor-element-924458a elementor-widget elementor-widget-heading\" data-id=\"924458a\" data-element_type=\"widget\" data-e-type=\"widget\" data-widget_type=\"heading.default\">\n\t\t\t\t<div class=\"elementor-widget-container\">\n\t\t\t\t\t<h5 class=\"elementor-heading-title elementor-size-default\">\u00c9preuves du CAPA<\/h5>\t\t\t\t<\/div>\n\t\t\t\t<\/div>\n\t\t\t\t<div class=\"elementor-element elementor-element-2d4c46f accordion_custom elementor-widget elementor-widget-eael-adv-accordion\" data-id=\"2d4c46f\" data-element_type=\"widget\" data-e-type=\"widget\" data-widget_type=\"eael-adv-accordion.default\">\n\t\t\t\t<div class=\"elementor-widget-container\">\n\t\t\t\t\t            <div class=\"eael-adv-accordion\" id=\"eael-adv-accordion-2d4c46f\" data-scroll-on-click=\"no\" data-scroll-speed=\"300\" data-accordion-id=\"2d4c46f\" data-accordion-type=\"toggle\" data-toogle-speed=\"200\">\n            <div class=\"eael-accordion-list\">\n\t\t\t\t\t<div id=\"promotion-2025-2026\" class=\"elementor-tab-title eael-accordion-header\" tabindex=\"0\" data-tab=\"1\" aria-controls=\"elementor-tab-content-4741\"><span class=\"eael-accordion-tab-title\">Promotion 2025-2026<\/span><svg aria-hidden=\"true\" class=\"fa-toggle e-font-icon-svg e-fas-angle-right\" viewBox=\"0 0 256 512\" xmlns=\"http:\/\/www.w3.org\/2000\/svg\"><path d=\"M224.3 273l-136 136c-9.4 9.4-24.6 9.4-33.9 0l-22.6-22.6c-9.4-9.4-9.4-24.6 0-33.9l96.4-96.4-96.4-96.4c-9.4-9.4-9.4-24.6 0-33.9L54.3 103c9.4-9.4 24.6-9.4 33.9 0l136 136c9.5 9.4 9.5 24.6.1 34z\"><\/path><\/svg><\/div><div id=\"elementor-tab-content-4741\" class=\"eael-accordion-content clearfix\" data-tab=\"1\" aria-labelledby=\"promotion-2025-2026\"><table class=\" alignleft\"><tbody><tr><td style=\"text-align: center\" colspan=\"4\">\u00c9PREUVES CAPA 2026 &#8211; coefficients d\u00e9termin\u00e9s par arr\u00eat\u00e9 du 20 juin 2024<\/td><\/tr><tr><td><strong>Mati\u00e8re<\/strong><\/td><td><strong>Coefficient<\/strong><\/td><td><strong>Points max<\/strong><\/td><td><strong>Modalit\u00e9s de l&rsquo;\u00e9preuve<\/strong><\/td><\/tr><tr><td><strong>Plaidoirie<\/strong> (20&prime;)<\/td><td>1<\/td><td>20<\/td><td style=\"text-align: left\"><p>Pr\u00e9paration de 2 heures sur un dossier de droit civil, droit des affaires, droit social, droit p\u00e9nal, droit administratif, droit europ\u00e9en ou droit fiscal, au choix du candidat, puis :<\/p><ul><li>Un exercice oral de plaidoirie de 20 minutes environ\u00a0 comprenant un entretien avec le jury<\/li><\/ul><\/td><\/tr><tr><td style=\"text-align: left\"><strong>Entretiens d\u00e9onto\/stages<\/strong> (40&prime;)<\/td><td>2<\/td><td>40<\/td><td><p>Pr\u00e9paration de 30 minutes sur un sujet \u00e0 finalit\u00e9 pratique portant sur le statut, la d\u00e9ontologie des avocats et la r\u00e9glementation professionnelle\u00a0 puis :<\/p><ul><li>un entretien de 20 minutes environ avec le jury, sur ce sujet<\/li><li>un entretien de 20 minutes environ avec le jury, \u00e0 partir des deux rapports de stage portant sur ses observations et r\u00e9flexions relatives \u00e0 l&rsquo;exercice professionnel.<\/li><\/ul><\/td><\/tr><tr><td><strong>Contr\u00f4le continu<\/strong> (d\u00e9tail ci-dessous)<\/td><td>2<\/td><td>40<\/td><td>Note attribu\u00e9e par le jury, \u00e0 partir des notes et appr\u00e9ciations d\u00e9livr\u00e9es par les enseignants sur <strong>l&rsquo;assiduit\u00e9<\/strong> du candidat et la qualit\u00e9 de son travail<\/td><\/tr><tr><td><strong>Total<\/strong><\/td><td>5<\/td><td>100<\/td><td>Les candidats ayant au moins 50\/100 sont admis au CAPA<\/td><\/tr><\/tbody><\/table><table><tbody><tr><td style=\"text-align: center\" colspan=\"3\">CONTROLE CONTINU 2025 &#8211; coefficients d\u00e9termin\u00e9s par l&rsquo;EFB<\/td><\/tr><tr><td><strong>Mati\u00e8re<\/strong><\/td><td><strong>\u00c9preuve<\/strong><\/td><td><strong>Coefficient \/\u00a0 \u00a0[Points max]<\/strong><\/td><\/tr><tr><td rowspan=\"2\"><strong>D\u00e9ontologie<br \/><\/strong><br \/>[Tronc commun]<\/td><td>TP n\u00b02 mise en situation<\/td><td>coeff 1\u00a0 \u00a0 \u00a0 \/\u00a0 \u00a0[20 points max]<\/td><\/tr><tr><td>Foisonnement d\u00e9ontologie<\/td><td>coeff 3\u00a0 \u00a0 \u00a0 \/\u00a0 \u00a0[60 points max]<\/td><\/tr><tr><td rowspan=\"2\"><strong>Contentieux &#8211; foisonnements<br \/><\/strong><br \/>[Tronc commun]<\/td><td>Foisonnement de la 1\u00e8re mati\u00e8re choisie (ex : TJ)<\/td><td>coeff 1\u00a0 \u00a0 \u00a0 \/\u00a0 \u00a0[20 points max]<\/td><\/tr><tr><td>Foisonnement de la 2\u00e8me mati\u00e8re choisie (ex : CA)<\/td><td>coeff 1\u00a0 \u00a0 \u00a0\/\u00a0 \u00a0 [20 points max]<\/td><\/tr><tr><td><strong>Conseil r\u00e9daction d&rsquo;acte<br \/><\/strong><br \/>[Tronc commun]<\/td><td>Foisonnement<\/td><td>coeff 1\u00a0 \u00a0 \u00a0\/\u00a0 \u00a0 [20 points max]<\/td><\/tr><tr><td rowspan=\"3\"><strong>Parcours de sp\u00e9cialisation<\/strong><\/td><td>Parcours majeur &#8211; Foisonnement 1<\/td><td>coeff 1\u00a0 \u00a0 \u00a0 \/\u00a0 \u00a0[20 points max]<\/td><\/tr><tr><td>Parcours majeur &#8211; Foisonnement 2<\/td><td>coeff 1\u00a0 \u00a0 \u00a0 \/\u00a0 \u00a0[20 points max]<\/td><\/tr><tr><td>Parcours mineur &#8211; QCM<\/td><td>coeff 1\u00a0 \u00a0 \u00a0 \/\u00a0 \u00a0[20 points max]<\/td><\/tr><tr><td rowspan=\"2\"><strong>Management des cabinets<br \/><\/strong><br \/>[Tronc commun]<\/td><td>LAB<\/td><td>coeff 2\u00a0 \u00a0 \u00a0 \/\u00a0 \u00a0[40 points max]<\/td><\/tr><tr><td>QCM<\/td><td>coeff 1\u00a0 \u00a0 \u00a0 \/\u00a0 \u00a0[20 points max]<\/td><\/tr><tr><td><strong>Contr\u00f4le d&rsquo;aptitudes professionnelles<\/strong><\/td><td>Choix du candidat entre Droit Civil et Droit Public<\/td><td>coeff 2\u00a0 \u00a0 \u00a0 \/\u00a0 [40 points max]<\/td><\/tr><tr><td><p><strong>Total<\/strong><\/p><\/td><td>\u00a0<\/td><td><strong>\u00a0 \u00a015\u00a0 \u00a0 \u00a0 \u00a0 \/\u00a0 \u00a0 \u00a0 \u00a0[300 points]<\/strong><\/td><\/tr><\/tbody><\/table><table class=\"alignleft\"><tbody><tr><td><strong>Langue vivante (optionnelle)<\/strong><br \/>Points sup\u00e9rieurs \u00e0 la moyenne int\u00e9gr\u00e9s \u00e0 la note de contr\u00f4le continu\u00a0<\/td><td>QCM ou \u00e9preuve orale<\/td><td><p>Si vous choisissez cette option, vous vous engagez \u00e0 assister \u00e0 l\u2019int\u00e9gralit\u00e9 des 15h de cours et vous serez \u00e9valu\u00e9 par un examen.<\/p><p>Attention : si vous choisissez cette option, un d\u00e9faut d\u2019assiduit\u00e9 \u00e0 ces cours aura des cons\u00e9quences sur l\u2019appr\u00e9ciation de l\u2019assiduit\u00e9 g\u00e9n\u00e9rale de votre semestre de cours.<\/p><\/td><\/tr><\/tbody><\/table><p>Points bonus (maximum 15) : concours = 10 pts \/ permanence p\u00e9nale = 5 points \/ clinique juridique = 5 points<\/p><\/div>\n\t\t\t\t\t<\/div><div class=\"eael-accordion-list\">\n\t\t\t\t\t<div id=\"promotion-2026-2027\" class=\"elementor-tab-title eael-accordion-header\" tabindex=\"0\" data-tab=\"2\" aria-controls=\"elementor-tab-content-4742\"><span class=\"eael-accordion-tab-title\">Promotion 2026-2027<\/span><svg aria-hidden=\"true\" class=\"fa-toggle e-font-icon-svg e-fas-angle-right\" viewBox=\"0 0 256 512\" xmlns=\"http:\/\/www.w3.org\/2000\/svg\"><path d=\"M224.3 273l-136 136c-9.4 9.4-24.6 9.4-33.9 0l-22.6-22.6c-9.4-9.4-9.4-24.6 0-33.9l96.4-96.4-96.4-96.4c-9.4-9.4-9.4-24.6 0-33.9L54.3 103c9.4-9.4 24.6-9.4 33.9 0l136 136c9.5 9.4 9.5 24.6.1 34z\"><\/path><\/svg><\/div><div id=\"elementor-tab-content-4742\" class=\"eael-accordion-content clearfix\" data-tab=\"2\" aria-labelledby=\"promotion-2026-2027\"><table class=\" alignleft\"><tbody><tr><td style=\"text-align: center\" colspan=\"4\">\u00c9PREUVES CAPA 2027 &#8211; coefficients d\u00e9termin\u00e9s par arr\u00eat\u00e9 du 20 juin 2024<\/td><\/tr><tr><td><strong>Mati\u00e8re<\/strong><\/td><td><strong>Coefficient<\/strong><\/td><td><strong>Points max<\/strong><\/td><td><strong>Modalit\u00e9s de l&rsquo;\u00e9preuve<\/strong><\/td><\/tr><tr><td><strong>Plaidoirie<\/strong> (20&prime;)<\/td><td>1<\/td><td>20<\/td><td style=\"text-align: left\"><p>Pr\u00e9paration de 2 heures sur un dossier de droit civil, droit des affaires, droit social, droit p\u00e9nal, droit administratif, droit europ\u00e9en ou droit fiscal, au choix du candidat, puis :<\/p><ul><li>Un exercice oral de plaidoirie de 20 minutes environ\u00a0 comprenant un entretien avec le jury<\/li><\/ul><\/td><\/tr><tr><td style=\"text-align: left\"><strong>Entretiens d\u00e9onto\/stages<\/strong> (40&prime;)<\/td><td>2<\/td><td>40<\/td><td><p>Pr\u00e9paration de 30 minutes sur un sujet \u00e0 finalit\u00e9 pratique portant sur le statut, la d\u00e9ontologie des avocats et la r\u00e9glementation professionnelle\u00a0 puis :<\/p><ul><li>un entretien de 20 minutes environ avec le jury, sur ce sujet<\/li><li>un entretien de 20 minutes environ avec le jury, \u00e0 partir des deux rapports de stage portant sur ses observations et r\u00e9flexions relatives \u00e0 l&rsquo;exercice professionnel.<\/li><\/ul><\/td><\/tr><tr><td><strong>Contr\u00f4le continu<\/strong> (d\u00e9tail ci-dessous)<\/td><td>2<\/td><td>40<\/td><td>Note attribu\u00e9e par le jury, \u00e0 partir des notes et appr\u00e9ciations d\u00e9livr\u00e9es par les enseignants sur <strong>l&rsquo;assiduit\u00e9<\/strong> du candidat et la qualit\u00e9 de son travail<\/td><\/tr><tr><td><strong>Total<\/strong><\/td><td>5<\/td><td>100<\/td><td>Les candidats ayant au moins 50\/100 sont admis au CAPA<\/td><\/tr><\/tbody><\/table><p>\u00a0<br \/>\u00a0<\/p><p>\u00a0<\/p><table><tbody><tr><td style=\"text-align: center\" colspan=\"3\">CONTROLE CONTINU 2026 &#8211; coefficients d\u00e9termin\u00e9s par l&rsquo;EFB<\/td><\/tr><tr><td><strong>Mati\u00e8re<\/strong><\/td><td><strong>\u00c9preuve<\/strong><\/td><td><strong>Coefficient \/\u00a0 \u00a0[Points max]<\/strong><\/td><\/tr><tr><td rowspan=\"2\"><strong>D\u00e9ontologie<br \/><\/strong><br \/>[Tronc commun]<\/td><td>TP n\u00b02 mise en situation<\/td><td>coeff 1\u00a0 \u00a0 \u00a0 \/\u00a0 \u00a0[20 points max]<\/td><\/tr><tr><td>Foisonnement d\u00e9ontologie<\/td><td>coeff 3\u00a0 \u00a0 \u00a0 \/\u00a0 \u00a0[60 points max]<\/td><\/tr><tr><td rowspan=\"2\"><strong>Contentieux &#8211; foisonnements<br \/><\/strong><br \/>[Tronc commun]<\/td><td>Foisonnement de la 1\u00e8re mati\u00e8re choisie (ex : TJ)<\/td><td>coeff 1\u00a0 \u00a0 \u00a0 \/\u00a0 \u00a0[20 points max]<\/td><\/tr><tr><td>Foisonnement de la 2\u00e8me mati\u00e8re choisie (ex : CA)<\/td><td>coeff 1\u00a0 \u00a0 \u00a0\/\u00a0 \u00a0 [20 points max]<\/td><\/tr><tr><td><strong>Conseil r\u00e9daction d&rsquo;acte<br \/><\/strong><br \/>[Tronc commun]<\/td><td>Foisonnement<\/td><td>coeff 1\u00a0 \u00a0 \u00a0\/\u00a0 \u00a0 [20 points max]<\/td><\/tr><tr><td rowspan=\"3\"><strong>Parcours de sp\u00e9cialisation<\/strong><\/td><td>Parcours majeur &#8211; Foisonnement 1<\/td><td>coeff 1\u00a0 \u00a0 \u00a0 \/\u00a0 \u00a0[20 points max]<\/td><\/tr><tr><td>Parcours majeur &#8211; Foisonnement 2<\/td><td>coeff 1\u00a0 \u00a0 \u00a0 \/\u00a0 \u00a0[20 points max]<\/td><\/tr><tr><td>Parcours mineur &#8211; Foisonnement<\/td><td>coeff 1\u00a0 \u00a0 \u00a0 \/\u00a0 \u00a0[20 points max]<\/td><\/tr><tr><td rowspan=\"2\"><strong>Management des cabinets<br \/><\/strong><br \/>[Tronc commun]<\/td><td>LAB<\/td><td>coeff 2\u00a0 \u00a0 \u00a0 \/\u00a0 \u00a0[40 points max]<\/td><\/tr><tr><td>QCM<\/td><td>coeff 1\u00a0 \u00a0 \u00a0 \/\u00a0 \u00a0[20 points max]<\/td><\/tr><tr><td><strong>Contr\u00f4le d&rsquo;aptitudes professionnelles<\/strong><\/td><td>Choix du candidat entre Droit Civil et Droit Public<\/td><td>coeff 2\u00a0 \u00a0 \u00a0 \/\u00a0 [40 points max]<\/td><\/tr><tr><td><strong>Total<\/strong><\/td><td>\u00a0<\/td><td><strong>\u00a0 \u00a015\u00a0 \u00a0 \u00a0 \u00a0 \/\u00a0 \u00a0 \u00a0 \u00a0[300 points]<\/strong><\/td><\/tr><\/tbody><\/table><table class=\"alignleft\"><tbody><tr><td><strong>Langue vivante (optionnelle)<\/strong><br \/>Points sup\u00e9rieurs \u00e0 la moyenne int\u00e9gr\u00e9s \u00e0 la note de contr\u00f4le continu<\/td><td>\u00c9preuve orale<\/td><td><p>Si vous choisissez cette option, vous vous engagez \u00e0 assister \u00e0 l\u2019int\u00e9gralit\u00e9 des 15h de cours et vous serez \u00e9valu\u00e9 par un examen.<\/p><p>Attention : si vous choisissez cette option, un d\u00e9faut d\u2019assiduit\u00e9 \u00e0 ces cours aura des cons\u00e9quences sur l\u2019appr\u00e9ciation de l\u2019assiduit\u00e9 g\u00e9n\u00e9rale de votre semestre de cours.<\/p><\/td><\/tr><\/tbody><\/table><p>Points bonus (maximum 15) : concours = 10 pts \/ permanence p\u00e9nale = 5 points \/ clinique juridique = 5 points<\/p><\/div>\n\t\t\t\t\t<\/div><\/div>\t\t\t\t<\/div>\n\t\t\t\t<\/div>\n\t\t\t\t\t<\/div>\n\t\t\t\t<\/main>\n\t\t\t\t<\/div>\n\t\t","protected":false},"excerpt":{"rendered":"<p>Je g\u00e8re ma formation L&rsquo;examen du CAPA Je g\u00e8re ma formation L&rsquo;examen du CAPA LE CAPA Calendrier du CAPA Dates cl\u00e9s indiqu\u00e9es ici pour les promotions Yasmina Reza (2025-2026) et Patrick Maisonneuve (2026-2027).\u00a0 Tiers temps Les \u00e9l\u00e8ves ayant besoin d\u2019un am\u00e9nagement doivent envoyer d\u00e8s que possible au service des examens, par e-mail, une lettre libell\u00e9e \u00e0 l\u2019attention du pr\u00e9sident du jury, accompagn\u00e9e d\u2019un certificat m\u00e9dical sp\u00e9cifiant les am\u00e9nagements demand\u00e9s (temps suppl\u00e9mentaire pouvant aller jusqu\u2019\u00e0 33%, usage d\u2019un ordinateur, mat\u00e9riel ergonomique, etc.). Ni la lettre adress\u00e9e au pr\u00e9sident du jury ni le certificat m\u00e9dical ne doivent faire mention de la pathologie en cause. Pour les \u00e9preuves du contr\u00f4le continu (hors foisonnement, TP et LAB), les \u00e9l\u00e8ves doivent former cette demande d\u2019am\u00e9nagement au service des examens, par e-mail, en joignant un certificat m\u00e9dical au plus tard 1 semaine avant ces \u00e9preuves. Il est \u00e9galement demand\u00e9 de pr\u00e9venir la r\u00e9f\u00e9rente handicap de l\u2019\u00e9cole. \u00c9l\u00e8ves de nationalit\u00e9 \u00e9trang\u00e8re L\u2019obtention du CAPA ne suffit pas pour exercer la profession d\u2019avocat en France si la personne est ressortissante d\u2019un pays hors UE. D\u00e8s lors, avant toute demande d\u2019inscription \u00e0 l\u2019EFB, il appartient aux personnes ne poss\u00e9dant pas la nationalit\u00e9 d\u2019un des \u00c9tats membres de l\u2019Union europ\u00e9enne de se montrer diligentes et de v\u00e9rifier si elles remplissent les conditions pour exercer la profession d\u2019avocat en France. Ces conditions varient en effet selon le pays dont ces personnes sont ressortissantes et sont syst\u00e9matiquement v\u00e9rifi\u00e9es par le conseil de l\u2019ordre et le parquet g\u00e9n\u00e9ral avant toute inscription au tableau et prestation de serment. Pour en savoir plus : Modalit\u00e9s d&rsquo;acc\u00e8s Ressortissants hors UE \u00c9preuves du CAPA Promotion 2025-2026 \u00c9PREUVES CAPA 2026 &#8211; coefficients d\u00e9termin\u00e9s par arr\u00eat\u00e9 du 20 juin 2024 Mati\u00e8re Coefficient Points max Modalit\u00e9s de l&rsquo;\u00e9preuve Plaidoirie (20&prime;) 1 20 Pr\u00e9paration de 2 heures sur un dossier de droit civil, droit des affaires, droit social, droit p\u00e9nal, droit administratif, droit europ\u00e9en ou droit fiscal, au choix du candidat, puis : Un exercice oral de plaidoirie de 20 minutes environ\u00a0 comprenant un entretien avec le jury Entretiens d\u00e9onto\/stages (40&prime;) 2 40 Pr\u00e9paration de 30 minutes sur un sujet \u00e0 finalit\u00e9 pratique portant sur le statut, la d\u00e9ontologie des avocats et la r\u00e9glementation professionnelle\u00a0 puis : un entretien de 20 minutes environ avec le jury, sur ce sujet un entretien de 20 minutes environ avec le jury, \u00e0 partir des deux rapports de stage portant sur ses observations et r\u00e9flexions relatives \u00e0 l&rsquo;exercice professionnel. Contr\u00f4le continu (d\u00e9tail ci-dessous) 2 40 Note attribu\u00e9e par le jury, \u00e0 partir des notes et appr\u00e9ciations d\u00e9livr\u00e9es par les enseignants sur l&rsquo;assiduit\u00e9 du candidat et la qualit\u00e9 de son travail Total 5 100 Les candidats ayant au moins 50\/100 sont admis au CAPA CONTROLE CONTINU 2025 &#8211; coefficients d\u00e9termin\u00e9s par l&rsquo;EFB Mati\u00e8re \u00c9preuve Coefficient \/\u00a0 \u00a0[Points max] D\u00e9ontologie[Tronc commun] TP n\u00b02 mise en situation coeff 1\u00a0 \u00a0 \u00a0 \/\u00a0 \u00a0[20 points max] Foisonnement d\u00e9ontologie coeff 3\u00a0 \u00a0 \u00a0 \/\u00a0 \u00a0[60 points max] Contentieux &#8211; foisonnements[Tronc commun] Foisonnement de la 1\u00e8re mati\u00e8re choisie (ex : TJ) coeff 1\u00a0 \u00a0 \u00a0 \/\u00a0 \u00a0[20 points max] Foisonnement de la 2\u00e8me mati\u00e8re choisie (ex : CA) coeff 1\u00a0 \u00a0 \u00a0\/\u00a0 \u00a0 [20 points max] Conseil r\u00e9daction d&rsquo;acte[Tronc commun] Foisonnement coeff 1\u00a0 \u00a0 \u00a0\/\u00a0 \u00a0 [20 points max] Parcours de sp\u00e9cialisation Parcours majeur &#8211; Foisonnement 1 coeff 1\u00a0 \u00a0 \u00a0 \/\u00a0 \u00a0[20 points max] Parcours majeur &#8211; Foisonnement 2 coeff 1\u00a0 \u00a0 \u00a0 \/\u00a0 \u00a0[20 points max] Parcours mineur &#8211; QCM coeff 1\u00a0 \u00a0 \u00a0 \/\u00a0 \u00a0[20 points max] Management des cabinets[Tronc commun] LAB coeff 2\u00a0 \u00a0 \u00a0 \/\u00a0 \u00a0[40 points max] QCM coeff 1\u00a0 \u00a0 \u00a0 \/\u00a0 \u00a0[20 points max] Contr\u00f4le d&rsquo;aptitudes professionnelles Choix du candidat entre Droit Civil et Droit Public coeff 2\u00a0 \u00a0 \u00a0 \/\u00a0 [40 points max] Total \u00a0 \u00a0 \u00a015\u00a0 \u00a0 \u00a0 \u00a0 \/\u00a0 \u00a0 \u00a0 \u00a0[300 points] Langue vivante (optionnelle)Points sup\u00e9rieurs \u00e0 la moyenne int\u00e9gr\u00e9s \u00e0 la note de contr\u00f4le continu\u00a0 QCM ou \u00e9preuve orale Si vous choisissez cette option, vous vous engagez \u00e0 assister \u00e0 l\u2019int\u00e9gralit\u00e9 des 15h de cours et vous serez \u00e9valu\u00e9 par un examen. Attention : si vous choisissez cette option, un d\u00e9faut d\u2019assiduit\u00e9 \u00e0 ces cours aura des cons\u00e9quences sur l\u2019appr\u00e9ciation de l\u2019assiduit\u00e9 g\u00e9n\u00e9rale de votre semestre de cours. Points bonus (maximum 15) : concours = 10 pts \/ permanence p\u00e9nale = 5 points \/ clinique juridique = 5 points Promotion 2026-2027 \u00c9PREUVES CAPA 2027 &#8211; coefficients d\u00e9termin\u00e9s par arr\u00eat\u00e9 du 20 juin 2024 Mati\u00e8re Coefficient Points max Modalit\u00e9s de l&rsquo;\u00e9preuve Plaidoirie (20&prime;) 1 20 Pr\u00e9paration de 2 heures sur un dossier de droit civil, droit des affaires, droit social, droit p\u00e9nal, droit administratif, droit europ\u00e9en ou droit fiscal, au choix du candidat, puis : Un exercice oral de plaidoirie de 20 minutes environ\u00a0 comprenant un entretien avec le jury Entretiens d\u00e9onto\/stages (40&prime;) 2 40 Pr\u00e9paration de 30 minutes sur un sujet \u00e0 finalit\u00e9 pratique portant sur le statut, la d\u00e9ontologie des avocats et la r\u00e9glementation professionnelle\u00a0 puis : un entretien de 20 minutes environ avec le jury, sur ce sujet un entretien de 20 minutes environ avec le jury, \u00e0 partir des deux rapports de stage portant sur ses observations et r\u00e9flexions relatives \u00e0 l&rsquo;exercice professionnel. Contr\u00f4le continu (d\u00e9tail ci-dessous) 2 40 Note attribu\u00e9e par le jury, \u00e0 partir des notes et appr\u00e9ciations d\u00e9livr\u00e9es par les enseignants sur l&rsquo;assiduit\u00e9 du candidat et la qualit\u00e9 de son travail Total 5 100 Les candidats ayant au moins 50\/100 sont admis au CAPA \u00a0\u00a0 \u00a0 CONTROLE CONTINU 2026 &#8211; coefficients d\u00e9termin\u00e9s par l&rsquo;EFB Mati\u00e8re \u00c9preuve Coefficient \/\u00a0 \u00a0[Points max] D\u00e9ontologie[Tronc commun] TP n\u00b02 mise en situation coeff 1\u00a0 \u00a0 \u00a0 \/\u00a0 \u00a0[20 points max] Foisonnement d\u00e9ontologie coeff 3\u00a0 \u00a0 \u00a0 \/\u00a0 \u00a0[60 points max] Contentieux &#8211; foisonnements[Tronc commun] Foisonnement de la 1\u00e8re mati\u00e8re choisie (ex : TJ) coeff 1\u00a0 \u00a0 \u00a0 \/\u00a0 \u00a0[20 points max] Foisonnement de la 2\u00e8me mati\u00e8re choisie (ex : CA) coeff 1\u00a0 \u00a0 \u00a0\/\u00a0 \u00a0 [20 points max] Conseil r\u00e9daction d&rsquo;acte[Tronc commun] Foisonnement coeff 1\u00a0 \u00a0 \u00a0\/\u00a0 \u00a0 [20 points max] Parcours de sp\u00e9cialisation Parcours majeur<\/p>\n","protected":false},"author":1,"featured_media":0,"parent":1122,"menu_order":0,"comment_status":"closed","ping_status":"closed","template":"","meta":{"_acf_changed":false,"footnotes":""},"class_list":["post-11852","page","type-page","status-publish","hentry"],"acf":[],"yoast_head":"<!-- This site is optimized with the Yoast SEO plugin v27.4 - https:\/\/yoast.com\/product\/yoast-seo-wordpress\/ -->\n<title>L&#039;examen du CAPA - efb.fr<\/title>\n<meta name=\"robots\" content=\"index, follow, max-snippet:-1, max-image-preview:large, max-video-preview:-1\" \/>\n<link rel=\"canonical\" href=\"https:\/\/wpvit.efb.fr\/index.php\/je-suis-eleve-avocat-a-lefb\/je-gere-ma-formation\/l-examen-du-capa\/\" \/>\n<meta property=\"og:locale\" content=\"fr_FR\" \/>\n<meta property=\"og:type\" content=\"article\" \/>\n<meta property=\"og:title\" content=\"L&#039;examen du CAPA - efb.fr\" \/>\n<meta property=\"og:description\" content=\"Je g\u00e8re ma formation L&rsquo;examen du CAPA Je g\u00e8re ma formation L&rsquo;examen du CAPA LE CAPA Calendrier du CAPA Dates cl\u00e9s indiqu\u00e9es ici pour les promotions Yasmina Reza (2025-2026) et Patrick Maisonneuve (2026-2027).\u00a0 Tiers temps Les \u00e9l\u00e8ves ayant besoin d\u2019un am\u00e9nagement doivent envoyer d\u00e8s que possible au service des examens, par e-mail, une lettre libell\u00e9e \u00e0 l\u2019attention du pr\u00e9sident du jury, accompagn\u00e9e d\u2019un certificat m\u00e9dical sp\u00e9cifiant les am\u00e9nagements demand\u00e9s (temps suppl\u00e9mentaire pouvant aller jusqu\u2019\u00e0 33%, usage d\u2019un ordinateur, mat\u00e9riel ergonomique, etc.). Ni la lettre adress\u00e9e au pr\u00e9sident du jury ni le certificat m\u00e9dical ne doivent faire mention de la pathologie en cause. Pour les \u00e9preuves du contr\u00f4le continu (hors foisonnement, TP et LAB), les \u00e9l\u00e8ves doivent former cette demande d\u2019am\u00e9nagement au service des examens, par e-mail, en joignant un certificat m\u00e9dical au plus tard 1 semaine avant ces \u00e9preuves. Il est \u00e9galement demand\u00e9 de pr\u00e9venir la r\u00e9f\u00e9rente handicap de l\u2019\u00e9cole. \u00c9l\u00e8ves de nationalit\u00e9 \u00e9trang\u00e8re L\u2019obtention du CAPA ne suffit pas pour exercer la profession d\u2019avocat en France si la personne est ressortissante d\u2019un pays hors UE. D\u00e8s lors, avant toute demande d\u2019inscription \u00e0 l\u2019EFB, il appartient aux personnes ne poss\u00e9dant pas la nationalit\u00e9 d\u2019un des \u00c9tats membres de l\u2019Union europ\u00e9enne de se montrer diligentes et de v\u00e9rifier si elles remplissent les conditions pour exercer la profession d\u2019avocat en France. Ces conditions varient en effet selon le pays dont ces personnes sont ressortissantes et sont syst\u00e9matiquement v\u00e9rifi\u00e9es par le conseil de l\u2019ordre et le parquet g\u00e9n\u00e9ral avant toute inscription au tableau et prestation de serment. Pour en savoir plus : Modalit\u00e9s d&rsquo;acc\u00e8s Ressortissants hors UE \u00c9preuves du CAPA Promotion 2025-2026 \u00c9PREUVES CAPA 2026 &#8211; coefficients d\u00e9termin\u00e9s par arr\u00eat\u00e9 du 20 juin 2024 Mati\u00e8re Coefficient Points max Modalit\u00e9s de l&rsquo;\u00e9preuve Plaidoirie (20&prime;) 1 20 Pr\u00e9paration de 2 heures sur un dossier de droit civil, droit des affaires, droit social, droit p\u00e9nal, droit administratif, droit europ\u00e9en ou droit fiscal, au choix du candidat, puis : Un exercice oral de plaidoirie de 20 minutes environ\u00a0 comprenant un entretien avec le jury Entretiens d\u00e9onto\/stages (40&prime;) 2 40 Pr\u00e9paration de 30 minutes sur un sujet \u00e0 finalit\u00e9 pratique portant sur le statut, la d\u00e9ontologie des avocats et la r\u00e9glementation professionnelle\u00a0 puis : un entretien de 20 minutes environ avec le jury, sur ce sujet un entretien de 20 minutes environ avec le jury, \u00e0 partir des deux rapports de stage portant sur ses observations et r\u00e9flexions relatives \u00e0 l&rsquo;exercice professionnel. Contr\u00f4le continu (d\u00e9tail ci-dessous) 2 40 Note attribu\u00e9e par le jury, \u00e0 partir des notes et appr\u00e9ciations d\u00e9livr\u00e9es par les enseignants sur l&rsquo;assiduit\u00e9 du candidat et la qualit\u00e9 de son travail Total 5 100 Les candidats ayant au moins 50\/100 sont admis au CAPA CONTROLE CONTINU 2025 &#8211; coefficients d\u00e9termin\u00e9s par l&rsquo;EFB Mati\u00e8re \u00c9preuve Coefficient \/\u00a0 \u00a0[Points max] D\u00e9ontologie[Tronc commun] TP n\u00b02 mise en situation coeff 1\u00a0 \u00a0 \u00a0 \/\u00a0 \u00a0[20 points max] Foisonnement d\u00e9ontologie coeff 3\u00a0 \u00a0 \u00a0 \/\u00a0 \u00a0[60 points max] Contentieux &#8211; foisonnements[Tronc commun] Foisonnement de la 1\u00e8re mati\u00e8re choisie (ex : TJ) coeff 1\u00a0 \u00a0 \u00a0 \/\u00a0 \u00a0[20 points max] Foisonnement de la 2\u00e8me mati\u00e8re choisie (ex : CA) coeff 1\u00a0 \u00a0 \u00a0\/\u00a0 \u00a0 [20 points max] Conseil r\u00e9daction d&rsquo;acte[Tronc commun] Foisonnement coeff 1\u00a0 \u00a0 \u00a0\/\u00a0 \u00a0 [20 points max] Parcours de sp\u00e9cialisation Parcours majeur &#8211; Foisonnement 1 coeff 1\u00a0 \u00a0 \u00a0 \/\u00a0 \u00a0[20 points max] Parcours majeur &#8211; Foisonnement 2 coeff 1\u00a0 \u00a0 \u00a0 \/\u00a0 \u00a0[20 points max] Parcours mineur &#8211; QCM coeff 1\u00a0 \u00a0 \u00a0 \/\u00a0 \u00a0[20 points max] Management des cabinets[Tronc commun] LAB coeff 2\u00a0 \u00a0 \u00a0 \/\u00a0 \u00a0[40 points max] QCM coeff 1\u00a0 \u00a0 \u00a0 \/\u00a0 \u00a0[20 points max] Contr\u00f4le d&rsquo;aptitudes professionnelles Choix du candidat entre Droit Civil et Droit Public coeff 2\u00a0 \u00a0 \u00a0 \/\u00a0 [40 points max] Total \u00a0 \u00a0 \u00a015\u00a0 \u00a0 \u00a0 \u00a0 \/\u00a0 \u00a0 \u00a0 \u00a0[300 points] Langue vivante (optionnelle)Points sup\u00e9rieurs \u00e0 la moyenne int\u00e9gr\u00e9s \u00e0 la note de contr\u00f4le continu\u00a0 QCM ou \u00e9preuve orale Si vous choisissez cette option, vous vous engagez \u00e0 assister \u00e0 l\u2019int\u00e9gralit\u00e9 des 15h de cours et vous serez \u00e9valu\u00e9 par un examen. Attention : si vous choisissez cette option, un d\u00e9faut d\u2019assiduit\u00e9 \u00e0 ces cours aura des cons\u00e9quences sur l\u2019appr\u00e9ciation de l\u2019assiduit\u00e9 g\u00e9n\u00e9rale de votre semestre de cours. Points bonus (maximum 15) : concours = 10 pts \/ permanence p\u00e9nale = 5 points \/ clinique juridique = 5 points Promotion 2026-2027 \u00c9PREUVES CAPA 2027 &#8211; coefficients d\u00e9termin\u00e9s par arr\u00eat\u00e9 du 20 juin 2024 Mati\u00e8re Coefficient Points max Modalit\u00e9s de l&rsquo;\u00e9preuve Plaidoirie (20&prime;) 1 20 Pr\u00e9paration de 2 heures sur un dossier de droit civil, droit des affaires, droit social, droit p\u00e9nal, droit administratif, droit europ\u00e9en ou droit fiscal, au choix du candidat, puis : Un exercice oral de plaidoirie de 20 minutes environ\u00a0 comprenant un entretien avec le jury Entretiens d\u00e9onto\/stages (40&prime;) 2 40 Pr\u00e9paration de 30 minutes sur un sujet \u00e0 finalit\u00e9 pratique portant sur le statut, la d\u00e9ontologie des avocats et la r\u00e9glementation professionnelle\u00a0 puis : un entretien de 20 minutes environ avec le jury, sur ce sujet un entretien de 20 minutes environ avec le jury, \u00e0 partir des deux rapports de stage portant sur ses observations et r\u00e9flexions relatives \u00e0 l&rsquo;exercice professionnel. Contr\u00f4le continu (d\u00e9tail ci-dessous) 2 40 Note attribu\u00e9e par le jury, \u00e0 partir des notes et appr\u00e9ciations d\u00e9livr\u00e9es par les enseignants sur l&rsquo;assiduit\u00e9 du candidat et la qualit\u00e9 de son travail Total 5 100 Les candidats ayant au moins 50\/100 sont admis au CAPA \u00a0\u00a0 \u00a0 CONTROLE CONTINU 2026 &#8211; coefficients d\u00e9termin\u00e9s par l&rsquo;EFB Mati\u00e8re \u00c9preuve Coefficient \/\u00a0 \u00a0[Points max] D\u00e9ontologie[Tronc commun] TP n\u00b02 mise en situation coeff 1\u00a0 \u00a0 \u00a0 \/\u00a0 \u00a0[20 points max] Foisonnement d\u00e9ontologie coeff 3\u00a0 \u00a0 \u00a0 \/\u00a0 \u00a0[60 points max] Contentieux &#8211; foisonnements[Tronc commun] Foisonnement de la 1\u00e8re mati\u00e8re choisie (ex : TJ) coeff 1\u00a0 \u00a0 \u00a0 \/\u00a0 \u00a0[20 points max] Foisonnement de la 2\u00e8me mati\u00e8re choisie (ex : CA) coeff 1\u00a0 \u00a0 \u00a0\/\u00a0 \u00a0 [20 points max] Conseil r\u00e9daction d&rsquo;acte[Tronc commun] Foisonnement coeff 1\u00a0 \u00a0 \u00a0\/\u00a0 \u00a0 [20 points max] Parcours de sp\u00e9cialisation Parcours majeur\" \/>\n<meta property=\"og:url\" content=\"https:\/\/wpvit.efb.fr\/index.php\/je-suis-eleve-avocat-a-lefb\/je-gere-ma-formation\/l-examen-du-capa\/\" \/>\n<meta property=\"og:site_name\" content=\"efb.fr\" \/>\n<meta property=\"article:modified_time\" content=\"2026-02-05T15:31:34+00:00\" \/>\n<meta name=\"twitter:card\" content=\"summary_large_image\" \/>\n<meta name=\"twitter:label1\" content=\"Dur\u00e9e de lecture estim\u00e9e\" \/>\n\t<meta name=\"twitter:data1\" content=\"6 minutes\" \/>\n<script type=\"application\/ld+json\" class=\"yoast-schema-graph\">{\"@context\":\"https:\\\/\\\/schema.org\",\"@graph\":[{\"@type\":\"WebPage\",\"@id\":\"https:\\\/\\\/wpvit.efb.fr\\\/index.php\\\/je-suis-eleve-avocat-a-lefb\\\/je-gere-ma-formation\\\/l-examen-du-capa\\\/\",\"url\":\"https:\\\/\\\/wpvit.efb.fr\\\/index.php\\\/je-suis-eleve-avocat-a-lefb\\\/je-gere-ma-formation\\\/l-examen-du-capa\\\/\",\"name\":\"L'examen du CAPA - efb.fr\",\"isPartOf\":{\"@id\":\"https:\\\/\\\/wpvit.efb.fr\\\/#website\"},\"datePublished\":\"2023-05-02T08:15:24+00:00\",\"dateModified\":\"2026-02-05T15:31:34+00:00\",\"breadcrumb\":{\"@id\":\"https:\\\/\\\/wpvit.efb.fr\\\/index.php\\\/je-suis-eleve-avocat-a-lefb\\\/je-gere-ma-formation\\\/l-examen-du-capa\\\/#breadcrumb\"},\"inLanguage\":\"fr-FR\",\"potentialAction\":[{\"@type\":\"ReadAction\",\"target\":[\"https:\\\/\\\/wpvit.efb.fr\\\/index.php\\\/je-suis-eleve-avocat-a-lefb\\\/je-gere-ma-formation\\\/l-examen-du-capa\\\/\"]}]},{\"@type\":\"BreadcrumbList\",\"@id\":\"https:\\\/\\\/wpvit.efb.fr\\\/index.php\\\/je-suis-eleve-avocat-a-lefb\\\/je-gere-ma-formation\\\/l-examen-du-capa\\\/#breadcrumb\",\"itemListElement\":[{\"@type\":\"ListItem\",\"position\":1,\"name\":\"Accueil\",\"item\":\"https:\\\/\\\/wpvit.efb.fr\\\/\"},{\"@type\":\"ListItem\",\"position\":2,\"name\":\"Je suis \u00e9l\u00e8ve avocat \u00e0 l&#8217;efb\",\"item\":\"https:\\\/\\\/wpvit.efb.fr\\\/index.php\\\/je-suis-eleve-avocat-a-lefb\\\/\"},{\"@type\":\"ListItem\",\"position\":3,\"name\":\"Je g\u00e8re ma formation\",\"item\":\"https:\\\/\\\/wpvit.efb.fr\\\/index.php\\\/je-suis-eleve-avocat-a-lefb\\\/je-gere-ma-formation\\\/\"},{\"@type\":\"ListItem\",\"position\":4,\"name\":\"L&rsquo;examen du CAPA\"}]},{\"@type\":\"WebSite\",\"@id\":\"https:\\\/\\\/wpvit.efb.fr\\\/#website\",\"url\":\"https:\\\/\\\/wpvit.efb.fr\\\/\",\"name\":\"EFB\",\"description\":\"\",\"publisher\":{\"@id\":\"https:\\\/\\\/wpvit.efb.fr\\\/#organization\"},\"potentialAction\":[{\"@type\":\"SearchAction\",\"target\":{\"@type\":\"EntryPoint\",\"urlTemplate\":\"https:\\\/\\\/wpvit.efb.fr\\\/?s={search_term_string}\"},\"query-input\":{\"@type\":\"PropertyValueSpecification\",\"valueRequired\":true,\"valueName\":\"search_term_string\"}}],\"inLanguage\":\"fr-FR\"},{\"@type\":\"Organization\",\"@id\":\"https:\\\/\\\/wpvit.efb.fr\\\/#organization\",\"name\":\"\u00c9cole de formation professionnelle des barreaux du ressort de la cour d\u2019appel de Paris (EFB)\",\"alternateName\":\"\u00c9cole de Formation des Barreaux (EFB)\",\"url\":\"https:\\\/\\\/wpvit.efb.fr\\\/\",\"logo\":{\"@type\":\"ImageObject\",\"inLanguage\":\"fr-FR\",\"@id\":\"https:\\\/\\\/wpvit.efb.fr\\\/#\\\/schema\\\/logo\\\/image\\\/\",\"url\":\"https:\\\/\\\/wpvit.efb.fr\\\/wp-content\\\/uploads\\\/2024\\\/10\\\/cropped-Logo-EFB-2023_fond-transparent_mail.png\",\"contentUrl\":\"https:\\\/\\\/wpvit.efb.fr\\\/wp-content\\\/uploads\\\/2024\\\/10\\\/cropped-Logo-EFB-2023_fond-transparent_mail.png\",\"width\":638,\"height\":282,\"caption\":\"\u00c9cole de formation professionnelle des barreaux du ressort de la cour d\u2019appel de Paris (EFB)\"},\"image\":{\"@id\":\"https:\\\/\\\/wpvit.efb.fr\\\/#\\\/schema\\\/logo\\\/image\\\/\"}}]}<\/script>\n<!-- \/ Yoast SEO plugin. -->","yoast_head_json":{"title":"L'examen du CAPA - efb.fr","robots":{"index":"index","follow":"follow","max-snippet":"max-snippet:-1","max-image-preview":"max-image-preview:large","max-video-preview":"max-video-preview:-1"},"canonical":"https:\/\/wpvit.efb.fr\/index.php\/je-suis-eleve-avocat-a-lefb\/je-gere-ma-formation\/l-examen-du-capa\/","og_locale":"fr_FR","og_type":"article","og_title":"L'examen du CAPA - efb.fr","og_description":"Je g\u00e8re ma formation L&rsquo;examen du CAPA Je g\u00e8re ma formation L&rsquo;examen du CAPA LE CAPA Calendrier du CAPA Dates cl\u00e9s indiqu\u00e9es ici pour les promotions Yasmina Reza (2025-2026) et Patrick Maisonneuve (2026-2027).\u00a0 Tiers temps Les \u00e9l\u00e8ves ayant besoin d\u2019un am\u00e9nagement doivent envoyer d\u00e8s que possible au service des examens, par e-mail, une lettre libell\u00e9e \u00e0 l\u2019attention du pr\u00e9sident du jury, accompagn\u00e9e d\u2019un certificat m\u00e9dical sp\u00e9cifiant les am\u00e9nagements demand\u00e9s (temps suppl\u00e9mentaire pouvant aller jusqu\u2019\u00e0 33%, usage d\u2019un ordinateur, mat\u00e9riel ergonomique, etc.). Ni la lettre adress\u00e9e au pr\u00e9sident du jury ni le certificat m\u00e9dical ne doivent faire mention de la pathologie en cause. Pour les \u00e9preuves du contr\u00f4le continu (hors foisonnement, TP et LAB), les \u00e9l\u00e8ves doivent former cette demande d\u2019am\u00e9nagement au service des examens, par e-mail, en joignant un certificat m\u00e9dical au plus tard 1 semaine avant ces \u00e9preuves. Il est \u00e9galement demand\u00e9 de pr\u00e9venir la r\u00e9f\u00e9rente handicap de l\u2019\u00e9cole. \u00c9l\u00e8ves de nationalit\u00e9 \u00e9trang\u00e8re L\u2019obtention du CAPA ne suffit pas pour exercer la profession d\u2019avocat en France si la personne est ressortissante d\u2019un pays hors UE. D\u00e8s lors, avant toute demande d\u2019inscription \u00e0 l\u2019EFB, il appartient aux personnes ne poss\u00e9dant pas la nationalit\u00e9 d\u2019un des \u00c9tats membres de l\u2019Union europ\u00e9enne de se montrer diligentes et de v\u00e9rifier si elles remplissent les conditions pour exercer la profession d\u2019avocat en France. Ces conditions varient en effet selon le pays dont ces personnes sont ressortissantes et sont syst\u00e9matiquement v\u00e9rifi\u00e9es par le conseil de l\u2019ordre et le parquet g\u00e9n\u00e9ral avant toute inscription au tableau et prestation de serment. Pour en savoir plus : Modalit\u00e9s d&rsquo;acc\u00e8s Ressortissants hors UE \u00c9preuves du CAPA Promotion 2025-2026 \u00c9PREUVES CAPA 2026 &#8211; coefficients d\u00e9termin\u00e9s par arr\u00eat\u00e9 du 20 juin 2024 Mati\u00e8re Coefficient Points max Modalit\u00e9s de l&rsquo;\u00e9preuve Plaidoirie (20&prime;) 1 20 Pr\u00e9paration de 2 heures sur un dossier de droit civil, droit des affaires, droit social, droit p\u00e9nal, droit administratif, droit europ\u00e9en ou droit fiscal, au choix du candidat, puis : Un exercice oral de plaidoirie de 20 minutes environ\u00a0 comprenant un entretien avec le jury Entretiens d\u00e9onto\/stages (40&prime;) 2 40 Pr\u00e9paration de 30 minutes sur un sujet \u00e0 finalit\u00e9 pratique portant sur le statut, la d\u00e9ontologie des avocats et la r\u00e9glementation professionnelle\u00a0 puis : un entretien de 20 minutes environ avec le jury, sur ce sujet un entretien de 20 minutes environ avec le jury, \u00e0 partir des deux rapports de stage portant sur ses observations et r\u00e9flexions relatives \u00e0 l&rsquo;exercice professionnel. Contr\u00f4le continu (d\u00e9tail ci-dessous) 2 40 Note attribu\u00e9e par le jury, \u00e0 partir des notes et appr\u00e9ciations d\u00e9livr\u00e9es par les enseignants sur l&rsquo;assiduit\u00e9 du candidat et la qualit\u00e9 de son travail Total 5 100 Les candidats ayant au moins 50\/100 sont admis au CAPA CONTROLE CONTINU 2025 &#8211; coefficients d\u00e9termin\u00e9s par l&rsquo;EFB Mati\u00e8re \u00c9preuve Coefficient \/\u00a0 \u00a0[Points max] D\u00e9ontologie[Tronc commun] TP n\u00b02 mise en situation coeff 1\u00a0 \u00a0 \u00a0 \/\u00a0 \u00a0[20 points max] Foisonnement d\u00e9ontologie coeff 3\u00a0 \u00a0 \u00a0 \/\u00a0 \u00a0[60 points max] Contentieux &#8211; foisonnements[Tronc commun] Foisonnement de la 1\u00e8re mati\u00e8re choisie (ex : TJ) coeff 1\u00a0 \u00a0 \u00a0 \/\u00a0 \u00a0[20 points max] Foisonnement de la 2\u00e8me mati\u00e8re choisie (ex : CA) coeff 1\u00a0 \u00a0 \u00a0\/\u00a0 \u00a0 [20 points max] Conseil r\u00e9daction d&rsquo;acte[Tronc commun] Foisonnement coeff 1\u00a0 \u00a0 \u00a0\/\u00a0 \u00a0 [20 points max] Parcours de sp\u00e9cialisation Parcours majeur &#8211; Foisonnement 1 coeff 1\u00a0 \u00a0 \u00a0 \/\u00a0 \u00a0[20 points max] Parcours majeur &#8211; Foisonnement 2 coeff 1\u00a0 \u00a0 \u00a0 \/\u00a0 \u00a0[20 points max] Parcours mineur &#8211; QCM coeff 1\u00a0 \u00a0 \u00a0 \/\u00a0 \u00a0[20 points max] Management des cabinets[Tronc commun] LAB coeff 2\u00a0 \u00a0 \u00a0 \/\u00a0 \u00a0[40 points max] QCM coeff 1\u00a0 \u00a0 \u00a0 \/\u00a0 \u00a0[20 points max] Contr\u00f4le d&rsquo;aptitudes professionnelles Choix du candidat entre Droit Civil et Droit Public coeff 2\u00a0 \u00a0 \u00a0 \/\u00a0 [40 points max] Total \u00a0 \u00a0 \u00a015\u00a0 \u00a0 \u00a0 \u00a0 \/\u00a0 \u00a0 \u00a0 \u00a0[300 points] Langue vivante (optionnelle)Points sup\u00e9rieurs \u00e0 la moyenne int\u00e9gr\u00e9s \u00e0 la note de contr\u00f4le continu\u00a0 QCM ou \u00e9preuve orale Si vous choisissez cette option, vous vous engagez \u00e0 assister \u00e0 l\u2019int\u00e9gralit\u00e9 des 15h de cours et vous serez \u00e9valu\u00e9 par un examen. Attention : si vous choisissez cette option, un d\u00e9faut d\u2019assiduit\u00e9 \u00e0 ces cours aura des cons\u00e9quences sur l\u2019appr\u00e9ciation de l\u2019assiduit\u00e9 g\u00e9n\u00e9rale de votre semestre de cours. Points bonus (maximum 15) : concours = 10 pts \/ permanence p\u00e9nale = 5 points \/ clinique juridique = 5 points Promotion 2026-2027 \u00c9PREUVES CAPA 2027 &#8211; coefficients d\u00e9termin\u00e9s par arr\u00eat\u00e9 du 20 juin 2024 Mati\u00e8re Coefficient Points max Modalit\u00e9s de l&rsquo;\u00e9preuve Plaidoirie (20&prime;) 1 20 Pr\u00e9paration de 2 heures sur un dossier de droit civil, droit des affaires, droit social, droit p\u00e9nal, droit administratif, droit europ\u00e9en ou droit fiscal, au choix du candidat, puis : Un exercice oral de plaidoirie de 20 minutes environ\u00a0 comprenant un entretien avec le jury Entretiens d\u00e9onto\/stages (40&prime;) 2 40 Pr\u00e9paration de 30 minutes sur un sujet \u00e0 finalit\u00e9 pratique portant sur le statut, la d\u00e9ontologie des avocats et la r\u00e9glementation professionnelle\u00a0 puis : un entretien de 20 minutes environ avec le jury, sur ce sujet un entretien de 20 minutes environ avec le jury, \u00e0 partir des deux rapports de stage portant sur ses observations et r\u00e9flexions relatives \u00e0 l&rsquo;exercice professionnel. Contr\u00f4le continu (d\u00e9tail ci-dessous) 2 40 Note attribu\u00e9e par le jury, \u00e0 partir des notes et appr\u00e9ciations d\u00e9livr\u00e9es par les enseignants sur l&rsquo;assiduit\u00e9 du candidat et la qualit\u00e9 de son travail Total 5 100 Les candidats ayant au moins 50\/100 sont admis au CAPA \u00a0\u00a0 \u00a0 CONTROLE CONTINU 2026 &#8211; coefficients d\u00e9termin\u00e9s par l&rsquo;EFB Mati\u00e8re \u00c9preuve Coefficient \/\u00a0 \u00a0[Points max] D\u00e9ontologie[Tronc commun] TP n\u00b02 mise en situation coeff 1\u00a0 \u00a0 \u00a0 \/\u00a0 \u00a0[20 points max] Foisonnement d\u00e9ontologie coeff 3\u00a0 \u00a0 \u00a0 \/\u00a0 \u00a0[60 points max] Contentieux &#8211; foisonnements[Tronc commun] Foisonnement de la 1\u00e8re mati\u00e8re choisie (ex : TJ) coeff 1\u00a0 \u00a0 \u00a0 \/\u00a0 \u00a0[20 points max] Foisonnement de la 2\u00e8me mati\u00e8re choisie (ex : CA) coeff 1\u00a0 \u00a0 \u00a0\/\u00a0 \u00a0 [20 points max] Conseil r\u00e9daction d&rsquo;acte[Tronc commun] Foisonnement coeff 1\u00a0 \u00a0 \u00a0\/\u00a0 \u00a0 [20 points max] Parcours de sp\u00e9cialisation Parcours majeur","og_url":"https:\/\/wpvit.efb.fr\/index.php\/je-suis-eleve-avocat-a-lefb\/je-gere-ma-formation\/l-examen-du-capa\/","og_site_name":"efb.fr","article_modified_time":"2026-02-05T15:31:34+00:00","twitter_card":"summary_large_image","twitter_misc":{"Dur\u00e9e de lecture estim\u00e9e":"6 minutes"},"schema":{"@context":"https:\/\/schema.org","@graph":[{"@type":"WebPage","@id":"https:\/\/wpvit.efb.fr\/index.php\/je-suis-eleve-avocat-a-lefb\/je-gere-ma-formation\/l-examen-du-capa\/","url":"https:\/\/wpvit.efb.fr\/index.php\/je-suis-eleve-avocat-a-lefb\/je-gere-ma-formation\/l-examen-du-capa\/","name":"L'examen du CAPA - efb.fr","isPartOf":{"@id":"https:\/\/wpvit.efb.fr\/#website"},"datePublished":"2023-05-02T08:15:24+00:00","dateModified":"2026-02-05T15:31:34+00:00","breadcrumb":{"@id":"https:\/\/wpvit.efb.fr\/index.php\/je-suis-eleve-avocat-a-lefb\/je-gere-ma-formation\/l-examen-du-capa\/#breadcrumb"},"inLanguage":"fr-FR","potentialAction":[{"@type":"ReadAction","target":["https:\/\/wpvit.efb.fr\/index.php\/je-suis-eleve-avocat-a-lefb\/je-gere-ma-formation\/l-examen-du-capa\/"]}]},{"@type":"BreadcrumbList","@id":"https:\/\/wpvit.efb.fr\/index.php\/je-suis-eleve-avocat-a-lefb\/je-gere-ma-formation\/l-examen-du-capa\/#breadcrumb","itemListElement":[{"@type":"ListItem","position":1,"name":"Accueil","item":"https:\/\/wpvit.efb.fr\/"},{"@type":"ListItem","position":2,"name":"Je suis \u00e9l\u00e8ve avocat \u00e0 l&#8217;efb","item":"https:\/\/wpvit.efb.fr\/index.php\/je-suis-eleve-avocat-a-lefb\/"},{"@type":"ListItem","position":3,"name":"Je g\u00e8re ma formation","item":"https:\/\/wpvit.efb.fr\/index.php\/je-suis-eleve-avocat-a-lefb\/je-gere-ma-formation\/"},{"@type":"ListItem","position":4,"name":"L&rsquo;examen du CAPA"}]},{"@type":"WebSite","@id":"https:\/\/wpvit.efb.fr\/#website","url":"https:\/\/wpvit.efb.fr\/","name":"EFB","description":"","publisher":{"@id":"https:\/\/wpvit.efb.fr\/#organization"},"potentialAction":[{"@type":"SearchAction","target":{"@type":"EntryPoint","urlTemplate":"https:\/\/wpvit.efb.fr\/?s={search_term_string}"},"query-input":{"@type":"PropertyValueSpecification","valueRequired":true,"valueName":"search_term_string"}}],"inLanguage":"fr-FR"},{"@type":"Organization","@id":"https:\/\/wpvit.efb.fr\/#organization","name":"\u00c9cole de formation professionnelle des barreaux du ressort de la cour d\u2019appel de Paris (EFB)","alternateName":"\u00c9cole de Formation des Barreaux (EFB)","url":"https:\/\/wpvit.efb.fr\/","logo":{"@type":"ImageObject","inLanguage":"fr-FR","@id":"https:\/\/wpvit.efb.fr\/#\/schema\/logo\/image\/","url":"https:\/\/wpvit.efb.fr\/wp-content\/uploads\/2024\/10\/cropped-Logo-EFB-2023_fond-transparent_mail.png","contentUrl":"https:\/\/wpvit.efb.fr\/wp-content\/uploads\/2024\/10\/cropped-Logo-EFB-2023_fond-transparent_mail.png","width":638,"height":282,"caption":"\u00c9cole de formation professionnelle des barreaux du ressort de la cour d\u2019appel de Paris (EFB)"},"image":{"@id":"https:\/\/wpvit.efb.fr\/#\/schema\/logo\/image\/"}}]}},"_links":{"self":[{"href":"https:\/\/wpvit.efb.fr\/index.php\/wp-json\/wp\/v2\/pages\/11852","targetHints":{"allow":["GET"]}}],"collection":[{"href":"https:\/\/wpvit.efb.fr\/index.php\/wp-json\/wp\/v2\/pages"}],"about":[{"href":"https:\/\/wpvit.efb.fr\/index.php\/wp-json\/wp\/v2\/types\/page"}],"author":[{"embeddable":true,"href":"https:\/\/wpvit.efb.fr\/index.php\/wp-json\/wp\/v2\/users\/1"}],"replies":[{"embeddable":true,"href":"https:\/\/wpvit.efb.fr\/index.php\/wp-json\/wp\/v2\/comments?post=11852"}],"version-history":[{"count":287,"href":"https:\/\/wpvit.efb.fr\/index.php\/wp-json\/wp\/v2\/pages\/11852\/revisions"}],"predecessor-version":[{"id":42279,"href":"https:\/\/wpvit.efb.fr\/index.php\/wp-json\/wp\/v2\/pages\/11852\/revisions\/42279"}],"up":[{"embeddable":true,"href":"https:\/\/wpvit.efb.fr\/index.php\/wp-json\/wp\/v2\/pages\/1122"}],"wp:attachment":[{"href":"https:\/\/wpvit.efb.fr\/index.php\/wp-json\/wp\/v2\/media?parent=11852"}],"curies":[{"name":"wp","href":"https:\/\/api.w.org\/{rel}","templated":true}]}}