{"id":29878,"date":"2024-06-13T14:15:20","date_gmt":"2024-06-13T12:15:20","guid":{"rendered":"https:\/\/wpvit.efb.fr\/?page_id=29878"},"modified":"2025-02-20T11:19:40","modified_gmt":"2025-02-20T10:19:40","slug":"les-6-mois-de-stage-final-en-cabinet","status":"publish","type":"page","link":"https:\/\/wpvit.efb.fr\/index.php\/je-suis-eleve-avocat-a-lefb\/je-gere-ma-formation\/les-6-mois-de-stage-final-en-cabinet\/","title":{"rendered":"Les 6 mois de stage final en cabinet"},"content":{"rendered":"\t\t<div data-elementor-type=\"wp-page\" data-elementor-id=\"29878\" class=\"elementor elementor-29878\" data-elementor-post-type=\"page\">\n\t\t\t\t\t\t<section class=\"elementor-section elementor-top-section elementor-element elementor-element-133480c elementor-section-height-min-height custom-gradient-bg elementor-hidden-tablet elementor-hidden-mobile elementor-section-boxed elementor-section-height-default elementor-section-items-middle\" data-id=\"133480c\" data-element_type=\"section\" data-e-type=\"section\" data-settings=\"{&quot;background_background&quot;:&quot;classic&quot;}\">\n\t\t\t\t\t\t\t<div class=\"elementor-background-overlay\"><\/div>\n\t\t\t\t\t\t\t<div class=\"elementor-container elementor-column-gap-default\">\n\t\t\t\t\t<div class=\"elementor-column elementor-col-100 elementor-top-column elementor-element elementor-element-d6b5015\" data-id=\"d6b5015\" data-element_type=\"column\" data-e-type=\"column\">\n\t\t\t<div class=\"elementor-widget-wrap elementor-element-populated\">\n\t\t\t\t\t\t<section class=\"elementor-section elementor-inner-section elementor-element elementor-element-349267e elementor-section-boxed elementor-section-height-default elementor-section-height-default\" data-id=\"349267e\" data-element_type=\"section\" data-e-type=\"section\">\n\t\t\t\t\t\t<div class=\"elementor-container elementor-column-gap-default\">\n\t\t\t\t\t<div class=\"elementor-column elementor-col-50 elementor-inner-column elementor-element elementor-element-bdc7fab\" data-id=\"bdc7fab\" data-element_type=\"column\" data-e-type=\"column\" data-settings=\"{&quot;background_background&quot;:&quot;classic&quot;}\">\n\t\t\t<div class=\"elementor-widget-wrap elementor-element-populated\">\n\t\t\t\t\t\t<div class=\"elementor-element elementor-element-0a1ef90 elementor-widget elementor-widget-heading\" data-id=\"0a1ef90\" data-element_type=\"widget\" data-e-type=\"widget\" data-widget_type=\"heading.default\">\n\t\t\t\t<div class=\"elementor-widget-container\">\n\t\t\t\t\t<h2 class=\"elementor-heading-title elementor-size-default\"><a href=\"https:\/\/wpvit.efb.fr\/?page_id=1122\">Je g\u00e8re ma formation<\/a><\/h2>\t\t\t\t<\/div>\n\t\t\t\t<\/div>\n\t\t\t\t<div class=\"elementor-element elementor-element-06c31f6 elementor-widget elementor-widget-heading\" data-id=\"06c31f6\" data-element_type=\"widget\" data-e-type=\"widget\" data-widget_type=\"heading.default\">\n\t\t\t\t<div class=\"elementor-widget-container\">\n\t\t\t\t\t<h5 class=\"elementor-heading-title elementor-size-default\">Les 6 mois de stage final en cabinet<\/h5>\t\t\t\t<\/div>\n\t\t\t\t<\/div>\n\t\t\t\t\t<\/div>\n\t\t<\/div>\n\t\t\t\t<div class=\"elementor-column elementor-col-50 elementor-inner-column elementor-element elementor-element-e4ea024\" data-id=\"e4ea024\" data-element_type=\"column\" data-e-type=\"column\">\n\t\t\t<div class=\"elementor-widget-wrap\">\n\t\t\t\t\t\t\t<\/div>\n\t\t<\/div>\n\t\t\t\t\t<\/div>\n\t\t<\/section>\n\t\t\t\t\t<\/div>\n\t\t<\/div>\n\t\t\t\t\t<\/div>\n\t\t<\/section>\n\t\t<div class=\"elementor-element elementor-element-44719be elementor-hidden-desktop e-con-full e-flex e-con e-parent\" data-id=\"44719be\" data-element_type=\"container\" data-e-type=\"container\">\n\t\t<div class=\"elementor-element elementor-element-13eff7f custom-gradient-bg e-con-full e-flex e-con e-child\" data-id=\"13eff7f\" data-element_type=\"container\" data-e-type=\"container\">\n\t\t\t\t<div class=\"elementor-element elementor-element-117d268 elementor-widget elementor-widget-heading\" data-id=\"117d268\" data-element_type=\"widget\" data-e-type=\"widget\" data-widget_type=\"heading.default\">\n\t\t\t\t<div class=\"elementor-widget-container\">\n\t\t\t\t\t<h2 class=\"elementor-heading-title elementor-size-default\">Je g\u00e8re ma formation<\/h2>\t\t\t\t<\/div>\n\t\t\t\t<\/div>\n\t\t\t\t<div class=\"elementor-element elementor-element-8e65691 elementor-widget elementor-widget-heading\" data-id=\"8e65691\" data-element_type=\"widget\" data-e-type=\"widget\" data-widget_type=\"heading.default\">\n\t\t\t\t<div class=\"elementor-widget-container\">\n\t\t\t\t\t<h5 class=\"elementor-heading-title elementor-size-default\">Les 6 mois de stage final en cabinet<\/h5>\t\t\t\t<\/div>\n\t\t\t\t<\/div>\n\t\t\t\t<\/div>\n\t\t\t\t<\/div>\n\t\t<div class=\"elementor-element elementor-element-7b5b4fe e-flex e-con-boxed e-con e-parent\" data-id=\"7b5b4fe\" data-element_type=\"container\" data-e-type=\"container\">\n\t\t\t\t\t<div class=\"e-con-inner\">\n\t\t<div class=\"elementor-element elementor-element-fc324fb e-con-full e-flex e-con e-child\" data-id=\"fc324fb\" data-element_type=\"container\" data-e-type=\"container\">\n\t\t\t\t<div class=\"elementor-element elementor-element-7f184ff elementor-align-left elementor-widget elementor-widget-breadcrumbs\" data-id=\"7f184ff\" data-element_type=\"widget\" data-e-type=\"widget\" data-widget_type=\"breadcrumbs.default\">\n\t\t\t\t<div class=\"elementor-widget-container\">\n\t\t\t\t\t<p id=\"breadcrumbs\"><span><span><a href=\"https:\/\/wpvit.efb.fr\/\">Accueil<\/a><\/span><\/span><\/p>\t\t\t\t<\/div>\n\t\t\t\t<\/div>\n\t\t\t\t<div class=\"elementor-element elementor-element-ab095e5 elementor-hidden-tablet elementor-hidden-mobile elementor-widget elementor-widget-spacer\" data-id=\"ab095e5\" data-element_type=\"widget\" data-e-type=\"widget\" data-widget_type=\"spacer.default\">\n\t\t\t\t<div class=\"elementor-widget-container\">\n\t\t\t\t\t\t\t<div class=\"elementor-spacer\">\n\t\t\t<div class=\"elementor-spacer-inner\"><\/div>\n\t\t<\/div>\n\t\t\t\t\t\t<\/div>\n\t\t\t\t<\/div>\n\t\t\t\t<div class=\"elementor-element elementor-element-734fa34 elementor-hidden-tablet elementor-hidden-mobile elementor-widget elementor-widget-heading\" data-id=\"734fa34\" data-element_type=\"widget\" data-e-type=\"widget\" data-widget_type=\"heading.default\">\n\t\t\t\t<div class=\"elementor-widget-container\">\n\t\t\t\t\t<h1 class=\"elementor-heading-title elementor-size-default\">Les 6 mois de stage final en cabinet<\/h1>\t\t\t\t<\/div>\n\t\t\t\t<\/div>\n\t\t\t\t<div class=\"elementor-element elementor-element-fb56ea4 elementor-hidden-tablet elementor-hidden-mobile elementor-widget-divider--view-line elementor-widget elementor-widget-divider\" data-id=\"fb56ea4\" data-element_type=\"widget\" data-e-type=\"widget\" data-widget_type=\"divider.default\">\n\t\t\t\t<div class=\"elementor-widget-container\">\n\t\t\t\t\t\t\t<div class=\"elementor-divider\">\n\t\t\t<span class=\"elementor-divider-separator\">\n\t\t\t\t\t\t<\/span>\n\t\t<\/div>\n\t\t\t\t\t\t<\/div>\n\t\t\t\t<\/div>\n\t\t\t\t<div class=\"elementor-element elementor-element-3d433d6 elementor-widget elementor-widget-spacer\" data-id=\"3d433d6\" data-element_type=\"widget\" data-e-type=\"widget\" data-widget_type=\"spacer.default\">\n\t\t\t\t<div class=\"elementor-widget-container\">\n\t\t\t\t\t\t\t<div class=\"elementor-spacer\">\n\t\t\t<div class=\"elementor-spacer-inner\"><\/div>\n\t\t<\/div>\n\t\t\t\t\t\t<\/div>\n\t\t\t\t<\/div>\n\t\t\t\t<\/div>\n\t\t\t\t\t<\/div>\n\t\t\t\t<\/div>\n\t\t<div class=\"elementor-element elementor-element-1393178 e-flex e-con-boxed e-con e-parent\" data-id=\"1393178\" data-element_type=\"container\" data-e-type=\"container\">\n\t\t\t\t\t<div class=\"e-con-inner\">\n\t\t<div class=\"elementor-element elementor-element-348b1cc e-con-full e-flex e-con e-child\" data-id=\"348b1cc\" data-element_type=\"container\" data-e-type=\"container\">\n\t\t\t\t<div class=\"elementor-element elementor-element-b0102f5 elementor-widget elementor-widget-heading\" data-id=\"b0102f5\" data-element_type=\"widget\" data-e-type=\"widget\" data-widget_type=\"heading.default\">\n\t\t\t\t<div class=\"elementor-widget-container\">\n\t\t\t\t\t<h5 class=\"elementor-heading-title elementor-size-default\">Objectifs du stage final<\/h5>\t\t\t\t<\/div>\n\t\t\t\t<\/div>\n\t\t\t\t<div class=\"elementor-element elementor-element-1f11889 elementor-widget elementor-widget-text-editor\" data-id=\"1f11889\" data-element_type=\"widget\" data-e-type=\"widget\" data-widget_type=\"text-editor.default\">\n\t\t\t\t<div class=\"elementor-widget-container\">\n\t\t\t\t\t\t\t\t\t<ul><li class=\"ewa-rteLine\">Mettre en pratique les enseignements suivis \u00e0 l\u2019\u00e9cole<\/li><li class=\"ewa-rteLine\">B\u00e9n\u00e9ficier du savoir-faire du ma\u00eetre de stage<\/li><\/ul>\t\t\t\t\t\t\t\t<\/div>\n\t\t\t\t<\/div>\n\t\t\t\t<div class=\"elementor-element elementor-element-ae51435 elementor-widget elementor-widget-heading\" data-id=\"ae51435\" data-element_type=\"widget\" data-e-type=\"widget\" data-widget_type=\"heading.default\">\n\t\t\t\t<div class=\"elementor-widget-container\">\n\t\t\t\t\t<h5 class=\"elementor-heading-title elementor-size-default\">Type d'activit\u00e9s r\u00e9alis\u00e9es durant le stage<\/h5>\t\t\t\t<\/div>\n\t\t\t\t<\/div>\n\t\t\t\t<div class=\"elementor-element elementor-element-e268fc1 elementor-widget elementor-widget-text-editor\" data-id=\"e268fc1\" data-element_type=\"widget\" data-e-type=\"widget\" data-widget_type=\"text-editor.default\">\n\t\t\t\t<div class=\"elementor-widget-container\">\n\t\t\t\t\t\t\t\t\t<ul><li class=\"ewa-rteLine\">Assister \u00e0 la r\u00e9ception des clients<\/li><li class=\"ewa-rteLine\">Observer les activit\u00e9s \u00e9conomiques, administratives ou sociales du cabinet.<\/li><li class=\"ewa-rteLine\">Pr\u00e9parer des notes, des \u00e9tudes, des lettres, des projets d\u2019actes de conseil, de contentieux, des consultations, etc.<\/li><li class=\"ewa-rteLine\">Assister \u00e0 des audiences, des s\u00e9ances dans diverses juridictions ou commissions, ou \u00e0 des actes d\u2019instruction pr\u00e9paratoires.<\/li><li class=\"ewa-rteLine\">Formuler des observations orales lors des audiences (sous r\u00e9serve de l\u2019autorisation du pr\u00e9sident).<\/li><li class=\"ewa-rteLine\">Collaborer \u00e0 la r\u00e9daction d\u2019actes juridiques et \u00e0 des consultations.<\/li><\/ul>\t\t\t\t\t\t\t\t<\/div>\n\t\t\t\t<\/div>\n\t\t\t\t<div class=\"elementor-element elementor-element-c4c96c6 elementor-widget elementor-widget-heading\" data-id=\"c4c96c6\" data-element_type=\"widget\" data-e-type=\"widget\" data-widget_type=\"heading.default\">\n\t\t\t\t<div class=\"elementor-widget-container\">\n\t\t\t\t\t<h5 class=\"elementor-heading-title elementor-size-default\">Lieu du stage final<\/h5>\t\t\t\t<\/div>\n\t\t\t\t<\/div>\n\t\t\t\t<div class=\"elementor-element elementor-element-c5a417e elementor-widget elementor-widget-heading\" data-id=\"c5a417e\" data-element_type=\"widget\" data-e-type=\"widget\" data-widget_type=\"heading.default\">\n\t\t\t\t<div class=\"elementor-widget-container\">\n\t\t\t\t\t<h6 class=\"elementor-heading-title elementor-size-default\">En France <\/h6>\t\t\t\t<\/div>\n\t\t\t\t<\/div>\n\t\t\t\t<div class=\"elementor-element elementor-element-88b40c4 elementor-widget elementor-widget-text-editor\" data-id=\"88b40c4\" data-element_type=\"widget\" data-e-type=\"widget\" data-widget_type=\"text-editor.default\">\n\t\t\t\t<div class=\"elementor-widget-container\">\n\t\t\t\t\t\t\t\t\t<p>Le ma\u00eetre de stage doit \u00eatre inscrit au tableau et doit imp\u00e9rativement avoir pr\u00eat\u00e9 serment depuis plus de 4 ans \u00e0 compter du 1er janvier de l\u2019ann\u00e9e en cours. Plusieurs possibilit\u00e9s s\u2019offrent \u00e0 l\u2019\u00e9l\u00e8ve pour la validation de son stage :<\/p><ul><li>Le stage peut \u00eatre effectu\u00e9 dans un cabinet dans le barreau de votre choix du territoire national ;<\/li><li>L\u2019\u00e9l\u00e8ve peut r\u00e9aliser deux stages de trois mois au sein de deux cabinets d\u2019avocats \u00e0 la cour diff\u00e9rents (il faudra alors que l\u2019\u00e9l\u00e8ve transmette simultan\u00e9ment \u00e0 l\u2019EFB les deux fiches de liaison indiquant les informations sur les deux cabinets).<\/li><\/ul>\t\t\t\t\t\t\t\t<\/div>\n\t\t\t\t<\/div>\n\t\t\t\t<div class=\"elementor-element elementor-element-0e586bc elementor-widget elementor-widget-heading\" data-id=\"0e586bc\" data-element_type=\"widget\" data-e-type=\"widget\" data-widget_type=\"heading.default\">\n\t\t\t\t<div class=\"elementor-widget-container\">\n\t\t\t\t\t<h6 class=\"elementor-heading-title elementor-size-default\">\u00c0 l\u2019\u00e9tranger<\/h6>\t\t\t\t<\/div>\n\t\t\t\t<\/div>\n\t\t\t\t<div class=\"elementor-element elementor-element-82ac363 elementor-widget elementor-widget-text-editor\" data-id=\"82ac363\" data-element_type=\"widget\" data-e-type=\"widget\" data-widget_type=\"text-editor.default\">\n\t\t\t\t<div class=\"elementor-widget-container\">\n\t\t\t\t\t\t\t\t\t<p>Plusieurs possibilit\u00e9s s\u2019offrent \u00e0 l\u2019\u00e9l\u00e8ve pour la validation de son stage : le stage peut \u00eatre effectu\u00e9 sous la direction d\u2019un ma\u00eetre de stage qui exerce depuis plus de quatre ans, sous l\u2019un des titres professionnels \u00e9num\u00e9r\u00e9s \u00e0 l\u2019article 201 du d\u00e9cret :<\/p><ul><li>Dans un \u00c9tat membre de l\u2019Union d\u2019Europ\u00e9enne<\/li><li>Dans un autre \u00c9tat partie \u00e0 l\u2019accord sur l\u2019Espace \u00e9conomique europ\u00e9en ou au sein de la Conf\u00e9d\u00e9ration suisse.<\/li><\/ul>\t\t\t\t\t\t\t\t<\/div>\n\t\t\t\t<\/div>\n\t\t<div class=\"elementor-element elementor-element-2ca7d1b information-logo e-con-full e-flex e-con e-child\" data-id=\"2ca7d1b\" data-element_type=\"container\" data-e-type=\"container\" data-settings=\"{&quot;background_background&quot;:&quot;classic&quot;}\">\n\t\t\t\t<div class=\"elementor-element elementor-element-59f1196 elementor-widget elementor-widget-heading\" data-id=\"59f1196\" data-element_type=\"widget\" data-e-type=\"widget\" data-widget_type=\"heading.default\">\n\t\t\t\t<div class=\"elementor-widget-container\">\n\t\t\t\t\t<h5 class=\"elementor-heading-title elementor-size-default\">Informations pratiques<\/h5>\t\t\t\t<\/div>\n\t\t\t\t<\/div>\n\t\t\t\t<div class=\"elementor-element elementor-element-7f7a701 elementor-widget elementor-widget-text-editor\" data-id=\"7f7a701\" data-element_type=\"widget\" data-e-type=\"widget\" data-widget_type=\"text-editor.default\">\n\t\t\t\t<div class=\"elementor-widget-container\">\n\t\t\t\t\t\t\t\t\t<p>Voici les <a href=\"https:\/\/wpvit.efb.fr\/wp-content\/uploads\/2024\/03\/Utilisation-de-lIA-generative-en-stage_EFB.pdf\"><span style=\"text-decoration: underline\">recommandations<\/span><\/a> de l\u2019EFB sur l\u2019utilisation de l\u2019IA g\u00e9n\u00e9rative dans les structures de vos stages (cabinets et PPI).<\/p>\t\t\t\t\t\t\t\t<\/div>\n\t\t\t\t<\/div>\n\t\t\t\t<\/div>\n\t\t\t\t<\/div>\n\t\t\t\t\t<\/div>\n\t\t\t\t<\/div>\n\t\t\t\t<\/div>\n\t\t","protected":false},"excerpt":{"rendered":"<p>Je g\u00e8re ma formation Les 6 mois de stage final en cabinet Je g\u00e8re ma formation Les 6 mois de stage final en cabinet Les 6 mois de stage final en cabinet Objectifs du stage final Mettre en pratique les enseignements suivis \u00e0 l\u2019\u00e9cole B\u00e9n\u00e9ficier du savoir-faire du ma\u00eetre de stage Type d&rsquo;activit\u00e9s r\u00e9alis\u00e9es durant le stage Assister \u00e0 la r\u00e9ception des clients Observer les activit\u00e9s \u00e9conomiques, administratives ou sociales du cabinet. Pr\u00e9parer des notes, des \u00e9tudes, des lettres, des projets d\u2019actes de conseil, de contentieux, des consultations, etc. Assister \u00e0 des audiences, des s\u00e9ances dans diverses juridictions ou commissions, ou \u00e0 des actes d\u2019instruction pr\u00e9paratoires. Formuler des observations orales lors des audiences (sous r\u00e9serve de l\u2019autorisation du pr\u00e9sident). Collaborer \u00e0 la r\u00e9daction d\u2019actes juridiques et \u00e0 des consultations. Lieu du stage final En France Le ma\u00eetre de stage doit \u00eatre inscrit au tableau et doit imp\u00e9rativement avoir pr\u00eat\u00e9 serment depuis plus de 4 ans \u00e0 compter du 1er janvier de l\u2019ann\u00e9e en cours. Plusieurs possibilit\u00e9s s\u2019offrent \u00e0 l\u2019\u00e9l\u00e8ve pour la validation de son stage : Le stage peut \u00eatre effectu\u00e9 dans un cabinet dans le barreau de votre choix du territoire national ; L\u2019\u00e9l\u00e8ve peut r\u00e9aliser deux stages de trois mois au sein de deux cabinets d\u2019avocats \u00e0 la cour diff\u00e9rents (il faudra alors que l\u2019\u00e9l\u00e8ve transmette simultan\u00e9ment \u00e0 l\u2019EFB les deux fiches de liaison indiquant les informations sur les deux cabinets). \u00c0 l\u2019\u00e9tranger Plusieurs possibilit\u00e9s s\u2019offrent \u00e0 l\u2019\u00e9l\u00e8ve pour la validation de son stage : le stage peut \u00eatre effectu\u00e9 sous la direction d\u2019un ma\u00eetre de stage qui exerce depuis plus de quatre ans, sous l\u2019un des titres professionnels \u00e9num\u00e9r\u00e9s \u00e0 l\u2019article 201 du d\u00e9cret : Dans un \u00c9tat membre de l\u2019Union d\u2019Europ\u00e9enne Dans un autre \u00c9tat partie \u00e0 l\u2019accord sur l\u2019Espace \u00e9conomique europ\u00e9en ou au sein de la Conf\u00e9d\u00e9ration suisse. Informations pratiques Voici les recommandations de l\u2019EFB sur l\u2019utilisation de l\u2019IA g\u00e9n\u00e9rative dans les structures de vos stages (cabinets et PPI).<\/p>\n","protected":false},"author":1,"featured_media":0,"parent":1122,"menu_order":0,"comment_status":"closed","ping_status":"closed","template":"","meta":{"_acf_changed":false,"footnotes":""},"class_list":["post-29878","page","type-page","status-publish","hentry"],"acf":[],"yoast_head":"<!-- This site is optimized with the Yoast SEO plugin v27.4 - https:\/\/yoast.com\/product\/yoast-seo-wordpress\/ -->\n<title>Les 6 mois de stage final en cabinet - efb.fr<\/title>\n<meta name=\"robots\" content=\"index, follow, max-snippet:-1, max-image-preview:large, max-video-preview:-1\" \/>\n<link rel=\"canonical\" href=\"https:\/\/wpvit.efb.fr\/index.php\/je-suis-eleve-avocat-a-lefb\/je-gere-ma-formation\/les-6-mois-de-stage-final-en-cabinet\/\" \/>\n<meta property=\"og:locale\" content=\"fr_FR\" \/>\n<meta property=\"og:type\" content=\"article\" \/>\n<meta property=\"og:title\" content=\"Les 6 mois de stage final en cabinet - efb.fr\" \/>\n<meta property=\"og:description\" content=\"Je g\u00e8re ma formation Les 6 mois de stage final en cabinet Je g\u00e8re ma formation Les 6 mois de stage final en cabinet Les 6 mois de stage final en cabinet Objectifs du stage final Mettre en pratique les enseignements suivis \u00e0 l\u2019\u00e9cole B\u00e9n\u00e9ficier du savoir-faire du ma\u00eetre de stage Type d&rsquo;activit\u00e9s r\u00e9alis\u00e9es durant le stage Assister \u00e0 la r\u00e9ception des clients Observer les activit\u00e9s \u00e9conomiques, administratives ou sociales du cabinet. Pr\u00e9parer des notes, des \u00e9tudes, des lettres, des projets d\u2019actes de conseil, de contentieux, des consultations, etc. Assister \u00e0 des audiences, des s\u00e9ances dans diverses juridictions ou commissions, ou \u00e0 des actes d\u2019instruction pr\u00e9paratoires. Formuler des observations orales lors des audiences (sous r\u00e9serve de l\u2019autorisation du pr\u00e9sident). Collaborer \u00e0 la r\u00e9daction d\u2019actes juridiques et \u00e0 des consultations. Lieu du stage final En France Le ma\u00eetre de stage doit \u00eatre inscrit au tableau et doit imp\u00e9rativement avoir pr\u00eat\u00e9 serment depuis plus de 4 ans \u00e0 compter du 1er janvier de l\u2019ann\u00e9e en cours. Plusieurs possibilit\u00e9s s\u2019offrent \u00e0 l\u2019\u00e9l\u00e8ve pour la validation de son stage : Le stage peut \u00eatre effectu\u00e9 dans un cabinet dans le barreau de votre choix du territoire national ; L\u2019\u00e9l\u00e8ve peut r\u00e9aliser deux stages de trois mois au sein de deux cabinets d\u2019avocats \u00e0 la cour diff\u00e9rents (il faudra alors que l\u2019\u00e9l\u00e8ve transmette simultan\u00e9ment \u00e0 l\u2019EFB les deux fiches de liaison indiquant les informations sur les deux cabinets). \u00c0 l\u2019\u00e9tranger Plusieurs possibilit\u00e9s s\u2019offrent \u00e0 l\u2019\u00e9l\u00e8ve pour la validation de son stage : le stage peut \u00eatre effectu\u00e9 sous la direction d\u2019un ma\u00eetre de stage qui exerce depuis plus de quatre ans, sous l\u2019un des titres professionnels \u00e9num\u00e9r\u00e9s \u00e0 l\u2019article 201 du d\u00e9cret : Dans un \u00c9tat membre de l\u2019Union d\u2019Europ\u00e9enne Dans un autre \u00c9tat partie \u00e0 l\u2019accord sur l\u2019Espace \u00e9conomique europ\u00e9en ou au sein de la Conf\u00e9d\u00e9ration suisse. Informations pratiques Voici les recommandations de l\u2019EFB sur l\u2019utilisation de l\u2019IA g\u00e9n\u00e9rative dans les structures de vos stages (cabinets et PPI).\" \/>\n<meta property=\"og:url\" content=\"https:\/\/wpvit.efb.fr\/index.php\/je-suis-eleve-avocat-a-lefb\/je-gere-ma-formation\/les-6-mois-de-stage-final-en-cabinet\/\" \/>\n<meta property=\"og:site_name\" content=\"efb.fr\" \/>\n<meta property=\"article:modified_time\" content=\"2025-02-20T10:19:40+00:00\" \/>\n<meta name=\"twitter:card\" content=\"summary_large_image\" \/>\n<meta name=\"twitter:label1\" content=\"Dur\u00e9e de lecture estim\u00e9e\" \/>\n\t<meta name=\"twitter:data1\" content=\"2 minutes\" \/>\n<script type=\"application\/ld+json\" class=\"yoast-schema-graph\">{\"@context\":\"https:\\\/\\\/schema.org\",\"@graph\":[{\"@type\":\"WebPage\",\"@id\":\"https:\\\/\\\/wpvit.efb.fr\\\/index.php\\\/je-suis-eleve-avocat-a-lefb\\\/je-gere-ma-formation\\\/les-6-mois-de-stage-final-en-cabinet\\\/\",\"url\":\"https:\\\/\\\/wpvit.efb.fr\\\/index.php\\\/je-suis-eleve-avocat-a-lefb\\\/je-gere-ma-formation\\\/les-6-mois-de-stage-final-en-cabinet\\\/\",\"name\":\"Les 6 mois de stage final en cabinet - efb.fr\",\"isPartOf\":{\"@id\":\"https:\\\/\\\/wpvit.efb.fr\\\/#website\"},\"datePublished\":\"2024-06-13T12:15:20+00:00\",\"dateModified\":\"2025-02-20T10:19:40+00:00\",\"breadcrumb\":{\"@id\":\"https:\\\/\\\/wpvit.efb.fr\\\/index.php\\\/je-suis-eleve-avocat-a-lefb\\\/je-gere-ma-formation\\\/les-6-mois-de-stage-final-en-cabinet\\\/#breadcrumb\"},\"inLanguage\":\"fr-FR\",\"potentialAction\":[{\"@type\":\"ReadAction\",\"target\":[\"https:\\\/\\\/wpvit.efb.fr\\\/index.php\\\/je-suis-eleve-avocat-a-lefb\\\/je-gere-ma-formation\\\/les-6-mois-de-stage-final-en-cabinet\\\/\"]}]},{\"@type\":\"BreadcrumbList\",\"@id\":\"https:\\\/\\\/wpvit.efb.fr\\\/index.php\\\/je-suis-eleve-avocat-a-lefb\\\/je-gere-ma-formation\\\/les-6-mois-de-stage-final-en-cabinet\\\/#breadcrumb\",\"itemListElement\":[{\"@type\":\"ListItem\",\"position\":1,\"name\":\"Accueil\",\"item\":\"https:\\\/\\\/wpvit.efb.fr\\\/\"},{\"@type\":\"ListItem\",\"position\":2,\"name\":\"Je suis \u00e9l\u00e8ve avocat \u00e0 l&#8217;efb\",\"item\":\"https:\\\/\\\/wpvit.efb.fr\\\/index.php\\\/je-suis-eleve-avocat-a-lefb\\\/\"},{\"@type\":\"ListItem\",\"position\":3,\"name\":\"Je g\u00e8re ma formation\",\"item\":\"https:\\\/\\\/wpvit.efb.fr\\\/index.php\\\/je-suis-eleve-avocat-a-lefb\\\/je-gere-ma-formation\\\/\"},{\"@type\":\"ListItem\",\"position\":4,\"name\":\"Les 6 mois de stage final en cabinet\"}]},{\"@type\":\"WebSite\",\"@id\":\"https:\\\/\\\/wpvit.efb.fr\\\/#website\",\"url\":\"https:\\\/\\\/wpvit.efb.fr\\\/\",\"name\":\"EFB\",\"description\":\"\",\"publisher\":{\"@id\":\"https:\\\/\\\/wpvit.efb.fr\\\/#organization\"},\"potentialAction\":[{\"@type\":\"SearchAction\",\"target\":{\"@type\":\"EntryPoint\",\"urlTemplate\":\"https:\\\/\\\/wpvit.efb.fr\\\/?s={search_term_string}\"},\"query-input\":{\"@type\":\"PropertyValueSpecification\",\"valueRequired\":true,\"valueName\":\"search_term_string\"}}],\"inLanguage\":\"fr-FR\"},{\"@type\":\"Organization\",\"@id\":\"https:\\\/\\\/wpvit.efb.fr\\\/#organization\",\"name\":\"\u00c9cole de formation professionnelle des barreaux du ressort de la cour d\u2019appel de Paris (EFB)\",\"alternateName\":\"\u00c9cole de Formation des Barreaux (EFB)\",\"url\":\"https:\\\/\\\/wpvit.efb.fr\\\/\",\"logo\":{\"@type\":\"ImageObject\",\"inLanguage\":\"fr-FR\",\"@id\":\"https:\\\/\\\/wpvit.efb.fr\\\/#\\\/schema\\\/logo\\\/image\\\/\",\"url\":\"https:\\\/\\\/wpvit.efb.fr\\\/wp-content\\\/uploads\\\/2024\\\/10\\\/cropped-Logo-EFB-2023_fond-transparent_mail.png\",\"contentUrl\":\"https:\\\/\\\/wpvit.efb.fr\\\/wp-content\\\/uploads\\\/2024\\\/10\\\/cropped-Logo-EFB-2023_fond-transparent_mail.png\",\"width\":638,\"height\":282,\"caption\":\"\u00c9cole de formation professionnelle des barreaux du ressort de la cour d\u2019appel de Paris (EFB)\"},\"image\":{\"@id\":\"https:\\\/\\\/wpvit.efb.fr\\\/#\\\/schema\\\/logo\\\/image\\\/\"}}]}<\/script>\n<!-- \/ Yoast SEO plugin. -->","yoast_head_json":{"title":"Les 6 mois de stage final en cabinet - efb.fr","robots":{"index":"index","follow":"follow","max-snippet":"max-snippet:-1","max-image-preview":"max-image-preview:large","max-video-preview":"max-video-preview:-1"},"canonical":"https:\/\/wpvit.efb.fr\/index.php\/je-suis-eleve-avocat-a-lefb\/je-gere-ma-formation\/les-6-mois-de-stage-final-en-cabinet\/","og_locale":"fr_FR","og_type":"article","og_title":"Les 6 mois de stage final en cabinet - efb.fr","og_description":"Je g\u00e8re ma formation Les 6 mois de stage final en cabinet Je g\u00e8re ma formation Les 6 mois de stage final en cabinet Les 6 mois de stage final en cabinet Objectifs du stage final Mettre en pratique les enseignements suivis \u00e0 l\u2019\u00e9cole B\u00e9n\u00e9ficier du savoir-faire du ma\u00eetre de stage Type d&rsquo;activit\u00e9s r\u00e9alis\u00e9es durant le stage Assister \u00e0 la r\u00e9ception des clients Observer les activit\u00e9s \u00e9conomiques, administratives ou sociales du cabinet. Pr\u00e9parer des notes, des \u00e9tudes, des lettres, des projets d\u2019actes de conseil, de contentieux, des consultations, etc. Assister \u00e0 des audiences, des s\u00e9ances dans diverses juridictions ou commissions, ou \u00e0 des actes d\u2019instruction pr\u00e9paratoires. Formuler des observations orales lors des audiences (sous r\u00e9serve de l\u2019autorisation du pr\u00e9sident). Collaborer \u00e0 la r\u00e9daction d\u2019actes juridiques et \u00e0 des consultations. Lieu du stage final En France Le ma\u00eetre de stage doit \u00eatre inscrit au tableau et doit imp\u00e9rativement avoir pr\u00eat\u00e9 serment depuis plus de 4 ans \u00e0 compter du 1er janvier de l\u2019ann\u00e9e en cours. Plusieurs possibilit\u00e9s s\u2019offrent \u00e0 l\u2019\u00e9l\u00e8ve pour la validation de son stage : Le stage peut \u00eatre effectu\u00e9 dans un cabinet dans le barreau de votre choix du territoire national ; L\u2019\u00e9l\u00e8ve peut r\u00e9aliser deux stages de trois mois au sein de deux cabinets d\u2019avocats \u00e0 la cour diff\u00e9rents (il faudra alors que l\u2019\u00e9l\u00e8ve transmette simultan\u00e9ment \u00e0 l\u2019EFB les deux fiches de liaison indiquant les informations sur les deux cabinets). \u00c0 l\u2019\u00e9tranger Plusieurs possibilit\u00e9s s\u2019offrent \u00e0 l\u2019\u00e9l\u00e8ve pour la validation de son stage : le stage peut \u00eatre effectu\u00e9 sous la direction d\u2019un ma\u00eetre de stage qui exerce depuis plus de quatre ans, sous l\u2019un des titres professionnels \u00e9num\u00e9r\u00e9s \u00e0 l\u2019article 201 du d\u00e9cret : Dans un \u00c9tat membre de l\u2019Union d\u2019Europ\u00e9enne Dans un autre \u00c9tat partie \u00e0 l\u2019accord sur l\u2019Espace \u00e9conomique europ\u00e9en ou au sein de la Conf\u00e9d\u00e9ration suisse. Informations pratiques Voici les recommandations de l\u2019EFB sur l\u2019utilisation de l\u2019IA g\u00e9n\u00e9rative dans les structures de vos stages (cabinets et PPI).","og_url":"https:\/\/wpvit.efb.fr\/index.php\/je-suis-eleve-avocat-a-lefb\/je-gere-ma-formation\/les-6-mois-de-stage-final-en-cabinet\/","og_site_name":"efb.fr","article_modified_time":"2025-02-20T10:19:40+00:00","twitter_card":"summary_large_image","twitter_misc":{"Dur\u00e9e de lecture estim\u00e9e":"2 minutes"},"schema":{"@context":"https:\/\/schema.org","@graph":[{"@type":"WebPage","@id":"https:\/\/wpvit.efb.fr\/index.php\/je-suis-eleve-avocat-a-lefb\/je-gere-ma-formation\/les-6-mois-de-stage-final-en-cabinet\/","url":"https:\/\/wpvit.efb.fr\/index.php\/je-suis-eleve-avocat-a-lefb\/je-gere-ma-formation\/les-6-mois-de-stage-final-en-cabinet\/","name":"Les 6 mois de stage final en cabinet - efb.fr","isPartOf":{"@id":"https:\/\/wpvit.efb.fr\/#website"},"datePublished":"2024-06-13T12:15:20+00:00","dateModified":"2025-02-20T10:19:40+00:00","breadcrumb":{"@id":"https:\/\/wpvit.efb.fr\/index.php\/je-suis-eleve-avocat-a-lefb\/je-gere-ma-formation\/les-6-mois-de-stage-final-en-cabinet\/#breadcrumb"},"inLanguage":"fr-FR","potentialAction":[{"@type":"ReadAction","target":["https:\/\/wpvit.efb.fr\/index.php\/je-suis-eleve-avocat-a-lefb\/je-gere-ma-formation\/les-6-mois-de-stage-final-en-cabinet\/"]}]},{"@type":"BreadcrumbList","@id":"https:\/\/wpvit.efb.fr\/index.php\/je-suis-eleve-avocat-a-lefb\/je-gere-ma-formation\/les-6-mois-de-stage-final-en-cabinet\/#breadcrumb","itemListElement":[{"@type":"ListItem","position":1,"name":"Accueil","item":"https:\/\/wpvit.efb.fr\/"},{"@type":"ListItem","position":2,"name":"Je suis \u00e9l\u00e8ve avocat \u00e0 l&#8217;efb","item":"https:\/\/wpvit.efb.fr\/index.php\/je-suis-eleve-avocat-a-lefb\/"},{"@type":"ListItem","position":3,"name":"Je g\u00e8re ma formation","item":"https:\/\/wpvit.efb.fr\/index.php\/je-suis-eleve-avocat-a-lefb\/je-gere-ma-formation\/"},{"@type":"ListItem","position":4,"name":"Les 6 mois de stage final en cabinet"}]},{"@type":"WebSite","@id":"https:\/\/wpvit.efb.fr\/#website","url":"https:\/\/wpvit.efb.fr\/","name":"EFB","description":"","publisher":{"@id":"https:\/\/wpvit.efb.fr\/#organization"},"potentialAction":[{"@type":"SearchAction","target":{"@type":"EntryPoint","urlTemplate":"https:\/\/wpvit.efb.fr\/?s={search_term_string}"},"query-input":{"@type":"PropertyValueSpecification","valueRequired":true,"valueName":"search_term_string"}}],"inLanguage":"fr-FR"},{"@type":"Organization","@id":"https:\/\/wpvit.efb.fr\/#organization","name":"\u00c9cole de formation professionnelle des barreaux du ressort de la cour d\u2019appel de Paris (EFB)","alternateName":"\u00c9cole de Formation des Barreaux (EFB)","url":"https:\/\/wpvit.efb.fr\/","logo":{"@type":"ImageObject","inLanguage":"fr-FR","@id":"https:\/\/wpvit.efb.fr\/#\/schema\/logo\/image\/","url":"https:\/\/wpvit.efb.fr\/wp-content\/uploads\/2024\/10\/cropped-Logo-EFB-2023_fond-transparent_mail.png","contentUrl":"https:\/\/wpvit.efb.fr\/wp-content\/uploads\/2024\/10\/cropped-Logo-EFB-2023_fond-transparent_mail.png","width":638,"height":282,"caption":"\u00c9cole de formation professionnelle des barreaux du ressort de la cour d\u2019appel de Paris (EFB)"},"image":{"@id":"https:\/\/wpvit.efb.fr\/#\/schema\/logo\/image\/"}}]}},"_links":{"self":[{"href":"https:\/\/wpvit.efb.fr\/index.php\/wp-json\/wp\/v2\/pages\/29878","targetHints":{"allow":["GET"]}}],"collection":[{"href":"https:\/\/wpvit.efb.fr\/index.php\/wp-json\/wp\/v2\/pages"}],"about":[{"href":"https:\/\/wpvit.efb.fr\/index.php\/wp-json\/wp\/v2\/types\/page"}],"author":[{"embeddable":true,"href":"https:\/\/wpvit.efb.fr\/index.php\/wp-json\/wp\/v2\/users\/1"}],"replies":[{"embeddable":true,"href":"https:\/\/wpvit.efb.fr\/index.php\/wp-json\/wp\/v2\/comments?post=29878"}],"version-history":[{"count":52,"href":"https:\/\/wpvit.efb.fr\/index.php\/wp-json\/wp\/v2\/pages\/29878\/revisions"}],"predecessor-version":[{"id":38166,"href":"https:\/\/wpvit.efb.fr\/index.php\/wp-json\/wp\/v2\/pages\/29878\/revisions\/38166"}],"up":[{"embeddable":true,"href":"https:\/\/wpvit.efb.fr\/index.php\/wp-json\/wp\/v2\/pages\/1122"}],"wp:attachment":[{"href":"https:\/\/wpvit.efb.fr\/index.php\/wp-json\/wp\/v2\/media?parent=29878"}],"curies":[{"name":"wp","href":"https:\/\/api.w.org\/{rel}","templated":true}]}}