{"id":38697,"date":"2025-04-04T14:31:16","date_gmt":"2025-04-04T12:31:16","guid":{"rendered":"https:\/\/wpvit.efb.fr\/?page_id=38697"},"modified":"2026-01-30T16:29:59","modified_gmt":"2026-01-30T15:29:59","slug":"devenir-maitre-de-stage","status":"publish","type":"page","link":"https:\/\/wpvit.efb.fr\/index.php\/avocat-ou-professionnel-du-droit\/je-suis-avocat\/devenir-maitre-de-stage\/","title":{"rendered":"Devenir ma\u00eetre de stage"},"content":{"rendered":"\t\t<div data-elementor-type=\"wp-page\" data-elementor-id=\"38697\" class=\"elementor elementor-38697\" data-elementor-post-type=\"page\">\n\t\t\t\t<div class=\"elementor-element elementor-element-b641e76 custom-gradient-bg elementor-hidden-tablet elementor-hidden-mobile e-flex e-con-boxed e-con e-parent\" data-id=\"b641e76\" data-element_type=\"container\" data-e-type=\"container\" data-settings=\"{&quot;background_background&quot;:&quot;classic&quot;}\">\n\t\t\t\t\t<div class=\"e-con-inner\">\n\t\t<div class=\"elementor-element elementor-element-81cbdfb e-con-full e-flex e-con e-child\" data-id=\"81cbdfb\" data-element_type=\"container\" data-e-type=\"container\">\n\t\t<div class=\"elementor-element elementor-element-a9b42b3 e-con-full e-flex e-con e-child\" data-id=\"a9b42b3\" data-element_type=\"container\" data-e-type=\"container\">\n\t\t<div class=\"elementor-element elementor-element-e759559 e-con-full e-flex e-con e-child\" data-id=\"e759559\" data-element_type=\"container\" data-e-type=\"container\" data-settings=\"{&quot;background_background&quot;:&quot;classic&quot;}\">\n\t\t\t\t<div class=\"elementor-element elementor-element-cbf7f50 elementor-widget elementor-widget-heading\" data-id=\"cbf7f50\" data-element_type=\"widget\" data-e-type=\"widget\" data-widget_type=\"heading.default\">\n\t\t\t\t<div class=\"elementor-widget-container\">\n\t\t\t\t\t<h2 class=\"elementor-heading-title elementor-size-default\"><a href=\"https:\/\/wpvit.efb.fr\/index.php\/avocat-ou-professionnel-du-droit\/je-suis-avocat\/\">je suis avocat(e)<\/a><\/h2>\t\t\t\t<\/div>\n\t\t\t\t<\/div>\n\t\t\t\t<div class=\"elementor-element elementor-element-c842edc elementor-widget elementor-widget-heading\" data-id=\"c842edc\" data-element_type=\"widget\" data-e-type=\"widget\" data-widget_type=\"heading.default\">\n\t\t\t\t<div class=\"elementor-widget-container\">\n\t\t\t\t\t<h2 class=\"elementor-heading-title elementor-size-default\">Devenir Ma\u00eetre de stage<\/h2>\t\t\t\t<\/div>\n\t\t\t\t<\/div>\n\t\t\t\t<\/div>\n\t\t<div class=\"elementor-element elementor-element-cb14399 e-con-full e-flex e-con e-child\" data-id=\"cb14399\" data-element_type=\"container\" data-e-type=\"container\">\n\t\t\t\t<\/div>\n\t\t\t\t<\/div>\n\t\t\t\t<\/div>\n\t\t\t\t\t<\/div>\n\t\t\t\t<\/div>\n\t\t<div class=\"elementor-element elementor-element-ff0fecf elementor-hidden-desktop e-con-full e-flex e-con e-parent\" data-id=\"ff0fecf\" data-element_type=\"container\" data-e-type=\"container\">\n\t\t<div class=\"elementor-element elementor-element-0e89b28 custom-gradient-bg e-con-full e-flex e-con e-child\" data-id=\"0e89b28\" data-element_type=\"container\" data-e-type=\"container\">\n\t\t\t\t<div class=\"elementor-element elementor-element-4280076 elementor-widget elementor-widget-heading\" data-id=\"4280076\" data-element_type=\"widget\" data-e-type=\"widget\" data-widget_type=\"heading.default\">\n\t\t\t\t<div class=\"elementor-widget-container\">\n\t\t\t\t\t<h2 class=\"elementor-heading-title elementor-size-default\">Je suis avocat(e)<\/h2>\t\t\t\t<\/div>\n\t\t\t\t<\/div>\n\t\t\t\t<div class=\"elementor-element elementor-element-e62e6f5 elementor-widget elementor-widget-heading\" data-id=\"e62e6f5\" data-element_type=\"widget\" data-e-type=\"widget\" data-widget_type=\"heading.default\">\n\t\t\t\t<div class=\"elementor-widget-container\">\n\t\t\t\t\t<h5 class=\"elementor-heading-title elementor-size-default\">Devenir Ma\u00eetre de stage<\/h5>\t\t\t\t<\/div>\n\t\t\t\t<\/div>\n\t\t\t\t<\/div>\n\t\t\t\t<\/div>\n\t\t<div class=\"elementor-element elementor-element-5eec166 e-flex e-con-boxed e-con e-parent\" data-id=\"5eec166\" data-element_type=\"container\" data-e-type=\"container\">\n\t\t\t\t\t<div class=\"e-con-inner\">\n\t\t<div class=\"elementor-element elementor-element-4e43b1b e-con-full e-flex e-con e-child\" data-id=\"4e43b1b\" data-element_type=\"container\" data-e-type=\"container\">\n\t\t\t\t<div class=\"elementor-element elementor-element-d922d39 elementor-align-left elementor-widget elementor-widget-breadcrumbs\" data-id=\"d922d39\" data-element_type=\"widget\" data-e-type=\"widget\" data-widget_type=\"breadcrumbs.default\">\n\t\t\t\t<div class=\"elementor-widget-container\">\n\t\t\t\t\t<p id=\"breadcrumbs\"><span><span><a href=\"https:\/\/wpvit.efb.fr\/\">Accueil<\/a><\/span><\/span><\/p>\t\t\t\t<\/div>\n\t\t\t\t<\/div>\n\t\t\t\t<div class=\"elementor-element elementor-element-91cae00 elementor-hidden-tablet elementor-hidden-mobile elementor-widget elementor-widget-spacer\" data-id=\"91cae00\" data-element_type=\"widget\" data-e-type=\"widget\" data-widget_type=\"spacer.default\">\n\t\t\t\t<div class=\"elementor-widget-container\">\n\t\t\t\t\t\t\t<div class=\"elementor-spacer\">\n\t\t\t<div class=\"elementor-spacer-inner\"><\/div>\n\t\t<\/div>\n\t\t\t\t\t\t<\/div>\n\t\t\t\t<\/div>\n\t\t\t\t<div class=\"elementor-element elementor-element-bd378de elementor-hidden-tablet elementor-hidden-mobile elementor-widget elementor-widget-heading\" data-id=\"bd378de\" data-element_type=\"widget\" data-e-type=\"widget\" data-widget_type=\"heading.default\">\n\t\t\t\t<div class=\"elementor-widget-container\">\n\t\t\t\t\t<h1 class=\"elementor-heading-title elementor-size-default\">Devenir ma\u00eetre de stage<\/h1>\t\t\t\t<\/div>\n\t\t\t\t<\/div>\n\t\t\t\t<div class=\"elementor-element elementor-element-0c60f44 elementor-hidden-tablet elementor-hidden-mobile elementor-widget-divider--view-line elementor-widget elementor-widget-divider\" data-id=\"0c60f44\" data-element_type=\"widget\" data-e-type=\"widget\" data-widget_type=\"divider.default\">\n\t\t\t\t<div class=\"elementor-widget-container\">\n\t\t\t\t\t\t\t<div class=\"elementor-divider\">\n\t\t\t<span class=\"elementor-divider-separator\">\n\t\t\t\t\t\t<\/span>\n\t\t<\/div>\n\t\t\t\t\t\t<\/div>\n\t\t\t\t<\/div>\n\t\t\t\t<div class=\"elementor-element elementor-element-dc046ad elementor-widget elementor-widget-spacer\" data-id=\"dc046ad\" data-element_type=\"widget\" data-e-type=\"widget\" data-widget_type=\"spacer.default\">\n\t\t\t\t<div class=\"elementor-widget-container\">\n\t\t\t\t\t\t\t<div class=\"elementor-spacer\">\n\t\t\t<div class=\"elementor-spacer-inner\"><\/div>\n\t\t<\/div>\n\t\t\t\t\t\t<\/div>\n\t\t\t\t<\/div>\n\t\t\t\t<\/div>\n\t\t\t\t\t<\/div>\n\t\t\t\t<\/div>\n\t\t<div class=\"elementor-element elementor-element-834a649 elementor-hidden-tablet elementor-hidden-mobile e-flex e-con-boxed e-con e-parent\" data-id=\"834a649\" data-element_type=\"container\" data-e-type=\"container\">\n\t\t\t\t\t<div class=\"e-con-inner\">\n\t\t<div class=\"elementor-element elementor-element-2f7d1fc e-con-full e-flex e-con e-child\" data-id=\"2f7d1fc\" data-element_type=\"container\" data-e-type=\"container\">\n\t\t<div class=\"elementor-element elementor-element-7078628 e-con-full e-flex e-con e-child\" data-id=\"7078628\" data-element_type=\"container\" data-e-type=\"container\">\n\t\t\t\t<div class=\"elementor-element elementor-element-31188ad elementor-widget elementor-widget-image\" data-id=\"31188ad\" data-element_type=\"widget\" data-e-type=\"widget\" data-widget_type=\"image.default\">\n\t\t\t\t<div class=\"elementor-widget-container\">\n\t\t\t\t\t\t\t\t\t\t\t\t\t\t\t\t<a href=\"https:\/\/wpvit.efb.fr\/wp-content\/uploads\/2025\/11\/DEVENIR-_MAITRE_DE_STAGE_V3.png\" data-elementor-open-lightbox=\"yes\" data-e-action-hash=\"#elementor-action%3Aaction%3Dlightbox%26settings%3DeyJpZCI6IjQxNjgxIiwidXJsIjoiaHR0cHM6XC9cL3dwdml0LmVmYi5mclwvd3AtY29udGVudFwvdXBsb2Fkc1wvMjAyNVwvMTFcL0RFVkVOSVItX01BSVRSRV9ERV9TVEFHRV9WMy5wbmcifQ%3D%3D\">\n\t\t\t\t\t\t\t<img fetchpriority=\"high\" decoding=\"async\" width=\"1414\" height=\"2000\" src=\"https:\/\/wpvit.efb.fr\/wp-content\/uploads\/2025\/11\/DEVENIR-_MAITRE_DE_STAGE_V3.png\" class=\"attachment-full size-full wp-image-41681\" alt=\"\" srcset=\"https:\/\/wpvit.efb.fr\/wp-content\/uploads\/2025\/11\/DEVENIR-_MAITRE_DE_STAGE_V3.png 1414w, https:\/\/wpvit.efb.fr\/wp-content\/uploads\/2025\/11\/DEVENIR-_MAITRE_DE_STAGE_V3-212x300.png 212w, https:\/\/wpvit.efb.fr\/wp-content\/uploads\/2025\/11\/DEVENIR-_MAITRE_DE_STAGE_V3-724x1024.png 724w, https:\/\/wpvit.efb.fr\/wp-content\/uploads\/2025\/11\/DEVENIR-_MAITRE_DE_STAGE_V3-768x1086.png 768w, https:\/\/wpvit.efb.fr\/wp-content\/uploads\/2025\/11\/DEVENIR-_MAITRE_DE_STAGE_V3-1086x1536.png 1086w\" sizes=\"(max-width: 1414px) 100vw, 1414px\" \/>\t\t\t\t\t\t\t\t<\/a>\n\t\t\t\t\t\t\t\t\t\t\t\t\t\t\t<\/div>\n\t\t\t\t<\/div>\n\t\t\t\t<div class=\"elementor-element elementor-element-f692112 elementor-widget elementor-widget-text-editor\" data-id=\"f692112\" data-element_type=\"widget\" data-e-type=\"widget\" data-widget_type=\"text-editor.default\">\n\t\t\t\t<div class=\"elementor-widget-container\">\n\t\t\t\t\t\t\t\t\t<p style=\"text-align: center\">\u00ab\u00a0<em>Honn\u00eatement, je venais avec des pieds de plomb \u00e0 ces Rencontres&#8230; <\/em><em>et finalement je ne le regrette pas !\u00a0<\/em>\u00bb<\/p><p style=\"text-align: center\">Avocat ayant particip\u00e9 aux <br \/><em>Rencontres des Ma\u00eetres de stage<\/em> fin 2024.<\/p>\t\t\t\t\t\t\t\t<\/div>\n\t\t\t\t<\/div>\n\t\t\t\t<\/div>\n\t\t<div class=\"elementor-element elementor-element-2c4da2d e-con-full e-flex e-con e-child\" data-id=\"2c4da2d\" data-element_type=\"container\" data-e-type=\"container\">\n\t\t\t\t<div class=\"elementor-element elementor-element-8151493 elementor-widget elementor-widget-heading\" data-id=\"8151493\" data-element_type=\"widget\" data-e-type=\"widget\" data-widget_type=\"heading.default\">\n\t\t\t\t<div class=\"elementor-widget-container\">\n\t\t\t\t\t<h5 class=\"elementor-heading-title elementor-size-default\">Les Ma\u00eetres de stage en cabinet sont des acteurs essentiels de la formation des \u00e9l\u00e8ves avocats et avocates<\/h5>\t\t\t\t<\/div>\n\t\t\t\t<\/div>\n\t\t\t\t<div class=\"elementor-element elementor-element-c5f182d elementor-widget elementor-widget-text-editor\" data-id=\"c5f182d\" data-element_type=\"widget\" data-e-type=\"widget\" data-widget_type=\"text-editor.default\">\n\t\t\t\t<div class=\"elementor-widget-container\">\n\t\t\t\t\t\t\t\t\t<p>Les avocats ayant plus de 4 ans d\u2019exercice peuvent d\u00e9poser une offre de stage <span style=\"text-decoration: underline\"><a href=\"https:\/\/wpvit.efb.fr\/index.php\/avocat-ou-professionnel-du-droit\/deposer-une-offre-de-stage-ou-de-collaboration\/\">ici<\/a><\/span>.<\/p><p>Afin d\u2019assurer les meilleures conditions possibles du stage final en cabinet d\u2019avocats, tant pour les \u00e9l\u00e8ves de l\u2019EFB que pour les ma\u00eetres de stage, la direction de l\u2019EFB organise r\u00e9guli\u00e8rement les <em>Rencontres des Ma\u00eetres de stage<\/em>.\u00a0<\/p><p>Fin 2025, 1990 avocats avaient ainsi d\u00e9j\u00e0 particip\u00e9 \u00e0 ces <em>Rencontres<\/em>. \u00a0<\/p>\t\t\t\t\t\t\t\t<\/div>\n\t\t\t\t<\/div>\n\t\t\t\t<div class=\"elementor-element elementor-element-b7a56be elementor-widget elementor-widget-text-editor\" data-id=\"b7a56be\" data-element_type=\"widget\" data-e-type=\"widget\" data-widget_type=\"text-editor.default\">\n\t\t\t\t<div class=\"elementor-widget-container\">\n\t\t\t\t\t\t\t\t\t<p><strong>La participation \u00e0 ces <em>Rencontres<\/em> est-elle d\u00e9sormais obligatoire pour accueillir en stage final des \u00e9l\u00e8ves de l\u2019EFB\u00a0?<br \/><\/strong>Oui, sachant que la participation \u00e0 l\u2019une session de ces <em>Rencontres<\/em> permet d\u2019\u00eatre Ma\u00eetre de stage d\u2019\u00e9l\u00e8ves avocats de l\u2019EFB pendant 3 ans.<\/p>\t\t\t\t\t\t\t\t<\/div>\n\t\t\t\t<\/div>\n\t\t\t\t<div class=\"elementor-element elementor-element-27b28ca elementor-widget elementor-widget-text-editor\" data-id=\"27b28ca\" data-element_type=\"widget\" data-e-type=\"widget\" data-widget_type=\"text-editor.default\">\n\t\t\t\t<div class=\"elementor-widget-container\">\n\t\t\t\t\t\t\t\t\t<p><strong>Quelles sont les prochaines sessions organis\u00e9es\u00a0?<br \/><\/strong>*Le mercredi 22 avril 2026 de 10h \u00e0 12h (\u00e0 l\u2019EFB, Issy-les-Moulineaux)<\/p><p>*Le vendredi 5 juin 2026 de 10h \u00e0 12h (\u00e0 l&rsquo;EFB, Issy-les-Moulineaux)<\/p>\t\t\t\t\t\t\t\t<\/div>\n\t\t\t\t<\/div>\n\t\t\t\t<div class=\"elementor-element elementor-element-7864f3d elementor-widget elementor-widget-text-editor\" data-id=\"7864f3d\" data-element_type=\"widget\" data-e-type=\"widget\" data-widget_type=\"text-editor.default\">\n\t\t\t\t<div class=\"elementor-widget-container\">\n\t\t\t\t\t\t\t\t\t<p><strong>Comment s\u2019inscrire\u00a0aux Rencontres ?<\/strong> <br \/>Via <a href=\"https:\/\/evenium.events\/les-rencontres-des-maitres-de-stage-22-avril-26\" target=\"_blank\" rel=\"noopener\"><span style=\"text-decoration: underline\">ce lien<\/span><\/a> pour le 22 avril 2026<\/p><p>Via <span style=\"text-decoration: underline\"><a href=\"https:\/\/evenium.events\/les-rencontres-des-maitres-de-stage-5-juin-26\">ce lien<\/a><\/span> pour le 5 juin 2026<\/p>\t\t\t\t\t\t\t\t<\/div>\n\t\t\t\t<\/div>\n\t\t\t\t<div class=\"elementor-element elementor-element-e4f9ad7 elementor-widget elementor-widget-text-editor\" data-id=\"e4f9ad7\" data-element_type=\"widget\" data-e-type=\"widget\" data-widget_type=\"text-editor.default\">\n\t\t\t\t<div class=\"elementor-widget-container\">\n\t\t\t\t\t\t\t\t\t<p><strong>La participation \u00e0 ces <em>Rencontres<\/em> valide-t-elle des heures de formation continue ?<\/strong>Oui, le Ma\u00eetre de stage qui assiste \u00e0 ces Rencontres valide 2h de formation continue.<\/p>\t\t\t\t\t\t\t\t<\/div>\n\t\t\t\t<\/div>\n\t\t\t\t<div class=\"elementor-element elementor-element-4f0ac6e elementor-widget elementor-widget-text-editor\" data-id=\"4f0ac6e\" data-element_type=\"widget\" data-e-type=\"widget\" data-widget_type=\"text-editor.default\">\n\t\t\t\t<div class=\"elementor-widget-container\">\n\t\t\t\t\t\t\t\t\t<p><strong>Le Ma\u00eetre de stage doit-il proc\u00e9der \u00e0 une formalit\u00e9 pour \u00eatre valid\u00e9 par le conseil d\u2019administration\u00a0?<br \/><\/strong>Non, le Ma\u00eetre de stage n\u2019a rien \u00e0 faire. C\u2019est le service des stages de l\u2019EFB qui soumet directement aux barreaux concern\u00e9s et au Conseil d\u2019administration de l\u2019EFB la liste des Ma\u00eetres de stage final qui sont signataires de pr\u00e9-conventions ou conventions de stage final des \u00e9l\u00e8ves de l\u2019EFB.<strong><br \/><\/strong><\/p>\t\t\t\t\t\t\t\t<\/div>\n\t\t\t\t<\/div>\n\t\t\t\t<div class=\"elementor-element elementor-element-2709ed7 elementor-widget elementor-widget-text-editor\" data-id=\"2709ed7\" data-element_type=\"widget\" data-e-type=\"widget\" data-widget_type=\"text-editor.default\">\n\t\t\t\t<div class=\"elementor-widget-container\">\n\t\t\t\t\t\t\t\t\t<p><strong>Comment adresser une question ? <br \/><\/strong>Via notre <span style=\"text-decoration: underline\"><a href=\"https:\/\/wpvit.efb.fr\/index.php\/formulaire-de-contact\/\">formulaire de contact<\/a><\/span> (rubrique formation initiale, Stages en cabinet, Stage final).<\/p>\t\t\t\t\t\t\t\t<\/div>\n\t\t\t\t<\/div>\n\t\t\t\t<\/div>\n\t\t\t\t<\/div>\n\t\t\t\t\t<\/div>\n\t\t\t\t<\/div>\n\t\t<div class=\"elementor-element elementor-element-0935b55 elementor-hidden-desktop e-flex e-con-boxed e-con e-parent\" data-id=\"0935b55\" data-element_type=\"container\" data-e-type=\"container\">\n\t\t\t\t\t<div class=\"e-con-inner\">\n\t\t\t\t<div class=\"elementor-element elementor-element-8a1ada0 elementor-widget elementor-widget-heading\" data-id=\"8a1ada0\" data-element_type=\"widget\" data-e-type=\"widget\" data-widget_type=\"heading.default\">\n\t\t\t\t<div class=\"elementor-widget-container\">\n\t\t\t\t\t<h5 class=\"elementor-heading-title elementor-size-default\">Les Ma\u00eetres de stage en cabinet sont des acteurs essentiels de la formation des \u00e9l\u00e8ves avocats et avocates<\/h5>\t\t\t\t<\/div>\n\t\t\t\t<\/div>\n\t\t\t\t<div class=\"elementor-element elementor-element-be2cad8 elementor-widget elementor-widget-text-editor\" data-id=\"be2cad8\" data-element_type=\"widget\" data-e-type=\"widget\" data-widget_type=\"text-editor.default\">\n\t\t\t\t<div class=\"elementor-widget-container\">\n\t\t\t\t\t\t\t\t\t<p>Les avocats ayant plus de 4 ans d\u2019exercice peuvent d\u00e9poser une offre de stage <span style=\"text-decoration: underline\"><a href=\"https:\/\/wpvit.efb.fr\/index.php\/avocat-ou-professionnel-du-droit\/deposer-une-offre-de-stage-ou-de-collaboration\/\">ici<\/a><\/span>.<\/p><p>Afin d\u2019assurer les meilleures conditions possibles du stage final en cabinet d\u2019avocats, tant pour les \u00e9l\u00e8ves de l\u2019EFB que pour les ma\u00eetres de stage, la direction de l\u2019EFB organise r\u00e9guli\u00e8rement les <em>Rencontres des Ma\u00eetres de stage<\/em>.\u00a0<\/p><p>Fin f\u00e9vrier 2025, 1396 avocats avaient ainsi d\u00e9j\u00e0 particip\u00e9 \u00e0 ces <em>Rencontres<\/em>. \u00a0<\/p>\t\t\t\t\t\t\t\t<\/div>\n\t\t\t\t<\/div>\n\t\t\t\t<div class=\"elementor-element elementor-element-3bc3f61 elementor-widget elementor-widget-text-editor\" data-id=\"3bc3f61\" data-element_type=\"widget\" data-e-type=\"widget\" data-widget_type=\"text-editor.default\">\n\t\t\t\t<div class=\"elementor-widget-container\">\n\t\t\t\t\t\t\t\t\t<p><strong>La participation \u00e0 ces <em>Rencontres<\/em> est-elle d\u00e9sormais obligatoire pour accueillir en stage final des \u00e9l\u00e8ves de l\u2019EFB\u00a0?<br \/><\/strong>Oui, sachant que la participation \u00e0 l\u2019une session de ces <em>Rencontres<\/em> permet d\u2019\u00eatre Ma\u00eetre de stage d\u2019\u00e9l\u00e8ves avocats de l\u2019EFB pendant 3 ans.<\/p>\t\t\t\t\t\t\t\t<\/div>\n\t\t\t\t<\/div>\n\t\t\t\t<div class=\"elementor-element elementor-element-b006f46 elementor-widget elementor-widget-text-editor\" data-id=\"b006f46\" data-element_type=\"widget\" data-e-type=\"widget\" data-widget_type=\"text-editor.default\">\n\t\t\t\t<div class=\"elementor-widget-container\">\n\t\t\t\t\t\t\t\t\t<p><strong>Quelles sont les prochaines sessions organis\u00e9es\u00a0?<br \/><\/strong>Les 6, 12 et 18 juin 2025 de 10h \u00e0 12h (\u00e0 l\u2019EFB, Issy-les-Moulineaux).<\/p>\t\t\t\t\t\t\t\t<\/div>\n\t\t\t\t<\/div>\n\t\t\t\t<div class=\"elementor-element elementor-element-1615c13 elementor-widget elementor-widget-text-editor\" data-id=\"1615c13\" data-element_type=\"widget\" data-e-type=\"widget\" data-widget_type=\"text-editor.default\">\n\t\t\t\t<div class=\"elementor-widget-container\">\n\t\t\t\t\t\t\t\t\t<p><strong>Comment s\u2019inscrire\u00a0aux Rencontres ?<\/strong> <br \/>Via <a href=\"https:\/\/evenium.events\/rencontresdesmaitresdestage\" target=\"_blank\" rel=\"noopener\"><span style=\"text-decoration: underline\">ce lien<\/span>.<\/a><\/p>\t\t\t\t\t\t\t\t<\/div>\n\t\t\t\t<\/div>\n\t\t\t\t<div class=\"elementor-element elementor-element-d427e2e elementor-widget elementor-widget-text-editor\" data-id=\"d427e2e\" data-element_type=\"widget\" data-e-type=\"widget\" data-widget_type=\"text-editor.default\">\n\t\t\t\t<div class=\"elementor-widget-container\">\n\t\t\t\t\t\t\t\t\t<p><strong>La participation \u00e0 ces <em>Rencontres<\/em> valide-t-elle des heures de formation continue ?<\/strong>Oui, le Ma\u00eetre de stage qui assiste \u00e0 ces Rencontres valide 2h de formation continue.<\/p>\t\t\t\t\t\t\t\t<\/div>\n\t\t\t\t<\/div>\n\t\t\t\t<div class=\"elementor-element elementor-element-f51f006 elementor-widget elementor-widget-text-editor\" data-id=\"f51f006\" data-element_type=\"widget\" data-e-type=\"widget\" data-widget_type=\"text-editor.default\">\n\t\t\t\t<div class=\"elementor-widget-container\">\n\t\t\t\t\t\t\t\t\t<p><strong>Le Ma\u00eetre de stage doit-il proc\u00e9der \u00e0 une formalit\u00e9 pour \u00eatre valid\u00e9 par le conseil d\u2019administration\u00a0?<br \/><\/strong>Non, le Ma\u00eetre de stage n\u2019a rien \u00e0 faire. C\u2019est le service des stages de l\u2019EFB qui soumet directement aux barreaux concern\u00e9s et au Conseil d\u2019administration de l\u2019EFB la liste des Ma\u00eetres de stage final qui sont signataires de pr\u00e9-conventions ou conventions de stage final des \u00e9l\u00e8ves de l\u2019EFB<strong><br \/><\/strong><\/p>\t\t\t\t\t\t\t\t<\/div>\n\t\t\t\t<\/div>\n\t\t\t\t<div class=\"elementor-element elementor-element-413b1ec elementor-widget elementor-widget-text-editor\" data-id=\"413b1ec\" data-element_type=\"widget\" data-e-type=\"widget\" data-widget_type=\"text-editor.default\">\n\t\t\t\t<div class=\"elementor-widget-container\">\n\t\t\t\t\t\t\t\t\t<p><strong>Comment adresser une question\u00a0? <br \/><\/strong>Via notre <span style=\"text-decoration: underline\"><a href=\"https:\/\/wpvit.efb.fr\/index.php\/formulaire-de-contact\/\">formulaire de contact<\/a><\/span> (rubrique formation initiale, Stages en cabinet, Stage final)<\/p>\t\t\t\t\t\t\t\t<\/div>\n\t\t\t\t<\/div>\n\t\t\t\t<div class=\"elementor-element elementor-element-7956f4b elementor-widget elementor-widget-text-editor\" data-id=\"7956f4b\" data-element_type=\"widget\" data-e-type=\"widget\" data-widget_type=\"text-editor.default\">\n\t\t\t\t<div class=\"elementor-widget-container\">\n\t\t\t\t\t\t\t\t\t<p style=\"text-align: center\">\u00ab\u00a0<em>Honn\u00eatement, je venais avec des pieds de plomb \u00e0 ces Rencontres&#8230; <\/em><em>et finalement je ne le regrette pas !\u00a0<\/em>\u00bb<\/p><p style=\"text-align: center\">Avocat ayant particip\u00e9 aux <br \/><em>Rencontres des Ma\u00eetres de stage<\/em> fin 2024.<\/p>\t\t\t\t\t\t\t\t<\/div>\n\t\t\t\t<\/div>\n\t\t\t\t\t<\/div>\n\t\t\t\t<\/div>\n\t\t\t\t<\/div>\n\t\t","protected":false},"excerpt":{"rendered":"<p>je suis avocat(e) Devenir Ma\u00eetre de stage Je suis avocat(e) Devenir Ma\u00eetre de stage Devenir ma\u00eetre de stage \u00ab\u00a0Honn\u00eatement, je venais avec des pieds de plomb \u00e0 ces Rencontres&#8230; et finalement je ne le regrette pas !\u00a0\u00bb Avocat ayant particip\u00e9 aux Rencontres des Ma\u00eetres de stage fin 2024. Les Ma\u00eetres de stage en cabinet sont des acteurs essentiels de la formation des \u00e9l\u00e8ves avocats et avocates Les avocats ayant plus de 4 ans d\u2019exercice peuvent d\u00e9poser une offre de stage ici. Afin d\u2019assurer les meilleures conditions possibles du stage final en cabinet d\u2019avocats, tant pour les \u00e9l\u00e8ves de l\u2019EFB que pour les ma\u00eetres de stage, la direction de l\u2019EFB organise r\u00e9guli\u00e8rement les Rencontres des Ma\u00eetres de stage.\u00a0 Fin 2025, 1990 avocats avaient ainsi d\u00e9j\u00e0 particip\u00e9 \u00e0 ces Rencontres. \u00a0 La participation \u00e0 ces Rencontres est-elle d\u00e9sormais obligatoire pour accueillir en stage final des \u00e9l\u00e8ves de l\u2019EFB\u00a0?Oui, sachant que la participation \u00e0 l\u2019une session de ces Rencontres permet d\u2019\u00eatre Ma\u00eetre de stage d\u2019\u00e9l\u00e8ves avocats de l\u2019EFB pendant 3 ans. Quelles sont les prochaines sessions organis\u00e9es\u00a0?*Le mercredi 22 avril 2026 de 10h \u00e0 12h (\u00e0 l\u2019EFB, Issy-les-Moulineaux) *Le vendredi 5 juin 2026 de 10h \u00e0 12h (\u00e0 l&rsquo;EFB, Issy-les-Moulineaux) Comment s\u2019inscrire\u00a0aux Rencontres ? Via ce lien pour le 22 avril 2026 Via ce lien pour le 5 juin 2026 La participation \u00e0 ces Rencontres valide-t-elle des heures de formation continue ?Oui, le Ma\u00eetre de stage qui assiste \u00e0 ces Rencontres valide 2h de formation continue. Le Ma\u00eetre de stage doit-il proc\u00e9der \u00e0 une formalit\u00e9 pour \u00eatre valid\u00e9 par le conseil d\u2019administration\u00a0?Non, le Ma\u00eetre de stage n\u2019a rien \u00e0 faire. C\u2019est le service des stages de l\u2019EFB qui soumet directement aux barreaux concern\u00e9s et au Conseil d\u2019administration de l\u2019EFB la liste des Ma\u00eetres de stage final qui sont signataires de pr\u00e9-conventions ou conventions de stage final des \u00e9l\u00e8ves de l\u2019EFB. Comment adresser une question ? Via notre formulaire de contact (rubrique formation initiale, Stages en cabinet, Stage final). Les Ma\u00eetres de stage en cabinet sont des acteurs essentiels de la formation des \u00e9l\u00e8ves avocats et avocates Les avocats ayant plus de 4 ans d\u2019exercice peuvent d\u00e9poser une offre de stage ici. Afin d\u2019assurer les meilleures conditions possibles du stage final en cabinet d\u2019avocats, tant pour les \u00e9l\u00e8ves de l\u2019EFB que pour les ma\u00eetres de stage, la direction de l\u2019EFB organise r\u00e9guli\u00e8rement les Rencontres des Ma\u00eetres de stage.\u00a0 Fin f\u00e9vrier 2025, 1396 avocats avaient ainsi d\u00e9j\u00e0 particip\u00e9 \u00e0 ces Rencontres. \u00a0 La participation \u00e0 ces Rencontres est-elle d\u00e9sormais obligatoire pour accueillir en stage final des \u00e9l\u00e8ves de l\u2019EFB\u00a0?Oui, sachant que la participation \u00e0 l\u2019une session de ces Rencontres permet d\u2019\u00eatre Ma\u00eetre de stage d\u2019\u00e9l\u00e8ves avocats de l\u2019EFB pendant 3 ans. Quelles sont les prochaines sessions organis\u00e9es\u00a0?Les 6, 12 et 18 juin 2025 de 10h \u00e0 12h (\u00e0 l\u2019EFB, Issy-les-Moulineaux). Comment s\u2019inscrire\u00a0aux Rencontres ? Via ce lien. La participation \u00e0 ces Rencontres valide-t-elle des heures de formation continue ?Oui, le Ma\u00eetre de stage qui assiste \u00e0 ces Rencontres valide 2h de formation continue. Le Ma\u00eetre de stage doit-il proc\u00e9der \u00e0 une formalit\u00e9 pour \u00eatre valid\u00e9 par le conseil d\u2019administration\u00a0?Non, le Ma\u00eetre de stage n\u2019a rien \u00e0 faire. C\u2019est le service des stages de l\u2019EFB qui soumet directement aux barreaux concern\u00e9s et au Conseil d\u2019administration de l\u2019EFB la liste des Ma\u00eetres de stage final qui sont signataires de pr\u00e9-conventions ou conventions de stage final des \u00e9l\u00e8ves de l\u2019EFB Comment adresser une question\u00a0? Via notre formulaire de contact (rubrique formation initiale, Stages en cabinet, Stage final) \u00ab\u00a0Honn\u00eatement, je venais avec des pieds de plomb \u00e0 ces Rencontres&#8230; et finalement je ne le regrette pas !\u00a0\u00bb Avocat ayant particip\u00e9 aux Rencontres des Ma\u00eetres de stage fin 2024.<\/p>\n","protected":false},"author":1,"featured_media":0,"parent":6202,"menu_order":0,"comment_status":"closed","ping_status":"closed","template":"","meta":{"_acf_changed":false,"footnotes":""},"class_list":["post-38697","page","type-page","status-publish","hentry"],"acf":[],"yoast_head":"<!-- This site is optimized with the Yoast SEO plugin v27.4 - https:\/\/yoast.com\/product\/yoast-seo-wordpress\/ -->\n<title>Devenir ma\u00eetre de stage - efb.fr<\/title>\n<meta name=\"robots\" content=\"index, follow, max-snippet:-1, max-image-preview:large, max-video-preview:-1\" \/>\n<link rel=\"canonical\" href=\"https:\/\/wpvit.efb.fr\/index.php\/avocat-ou-professionnel-du-droit\/je-suis-avocat\/devenir-maitre-de-stage\/\" \/>\n<meta property=\"og:locale\" content=\"fr_FR\" \/>\n<meta property=\"og:type\" content=\"article\" \/>\n<meta property=\"og:title\" content=\"Devenir ma\u00eetre de stage - efb.fr\" \/>\n<meta property=\"og:description\" content=\"je suis avocat(e) Devenir Ma\u00eetre de stage Je suis avocat(e) Devenir Ma\u00eetre de stage Devenir ma\u00eetre de stage \u00ab\u00a0Honn\u00eatement, je venais avec des pieds de plomb \u00e0 ces Rencontres&#8230; et finalement je ne le regrette pas !\u00a0\u00bb Avocat ayant particip\u00e9 aux Rencontres des Ma\u00eetres de stage fin 2024. Les Ma\u00eetres de stage en cabinet sont des acteurs essentiels de la formation des \u00e9l\u00e8ves avocats et avocates Les avocats ayant plus de 4 ans d\u2019exercice peuvent d\u00e9poser une offre de stage ici. Afin d\u2019assurer les meilleures conditions possibles du stage final en cabinet d\u2019avocats, tant pour les \u00e9l\u00e8ves de l\u2019EFB que pour les ma\u00eetres de stage, la direction de l\u2019EFB organise r\u00e9guli\u00e8rement les Rencontres des Ma\u00eetres de stage.\u00a0 Fin 2025, 1990 avocats avaient ainsi d\u00e9j\u00e0 particip\u00e9 \u00e0 ces Rencontres. \u00a0 La participation \u00e0 ces Rencontres est-elle d\u00e9sormais obligatoire pour accueillir en stage final des \u00e9l\u00e8ves de l\u2019EFB\u00a0?Oui, sachant que la participation \u00e0 l\u2019une session de ces Rencontres permet d\u2019\u00eatre Ma\u00eetre de stage d\u2019\u00e9l\u00e8ves avocats de l\u2019EFB pendant 3 ans. Quelles sont les prochaines sessions organis\u00e9es\u00a0?*Le mercredi 22 avril 2026 de 10h \u00e0 12h (\u00e0 l\u2019EFB, Issy-les-Moulineaux) *Le vendredi 5 juin 2026 de 10h \u00e0 12h (\u00e0 l&rsquo;EFB, Issy-les-Moulineaux) Comment s\u2019inscrire\u00a0aux Rencontres ? Via ce lien pour le 22 avril 2026 Via ce lien pour le 5 juin 2026 La participation \u00e0 ces Rencontres valide-t-elle des heures de formation continue ?Oui, le Ma\u00eetre de stage qui assiste \u00e0 ces Rencontres valide 2h de formation continue. Le Ma\u00eetre de stage doit-il proc\u00e9der \u00e0 une formalit\u00e9 pour \u00eatre valid\u00e9 par le conseil d\u2019administration\u00a0?Non, le Ma\u00eetre de stage n\u2019a rien \u00e0 faire. C\u2019est le service des stages de l\u2019EFB qui soumet directement aux barreaux concern\u00e9s et au Conseil d\u2019administration de l\u2019EFB la liste des Ma\u00eetres de stage final qui sont signataires de pr\u00e9-conventions ou conventions de stage final des \u00e9l\u00e8ves de l\u2019EFB. Comment adresser une question ? Via notre formulaire de contact (rubrique formation initiale, Stages en cabinet, Stage final). Les Ma\u00eetres de stage en cabinet sont des acteurs essentiels de la formation des \u00e9l\u00e8ves avocats et avocates Les avocats ayant plus de 4 ans d\u2019exercice peuvent d\u00e9poser une offre de stage ici. Afin d\u2019assurer les meilleures conditions possibles du stage final en cabinet d\u2019avocats, tant pour les \u00e9l\u00e8ves de l\u2019EFB que pour les ma\u00eetres de stage, la direction de l\u2019EFB organise r\u00e9guli\u00e8rement les Rencontres des Ma\u00eetres de stage.\u00a0 Fin f\u00e9vrier 2025, 1396 avocats avaient ainsi d\u00e9j\u00e0 particip\u00e9 \u00e0 ces Rencontres. \u00a0 La participation \u00e0 ces Rencontres est-elle d\u00e9sormais obligatoire pour accueillir en stage final des \u00e9l\u00e8ves de l\u2019EFB\u00a0?Oui, sachant que la participation \u00e0 l\u2019une session de ces Rencontres permet d\u2019\u00eatre Ma\u00eetre de stage d\u2019\u00e9l\u00e8ves avocats de l\u2019EFB pendant 3 ans. Quelles sont les prochaines sessions organis\u00e9es\u00a0?Les 6, 12 et 18 juin 2025 de 10h \u00e0 12h (\u00e0 l\u2019EFB, Issy-les-Moulineaux). Comment s\u2019inscrire\u00a0aux Rencontres ? Via ce lien. La participation \u00e0 ces Rencontres valide-t-elle des heures de formation continue ?Oui, le Ma\u00eetre de stage qui assiste \u00e0 ces Rencontres valide 2h de formation continue. Le Ma\u00eetre de stage doit-il proc\u00e9der \u00e0 une formalit\u00e9 pour \u00eatre valid\u00e9 par le conseil d\u2019administration\u00a0?Non, le Ma\u00eetre de stage n\u2019a rien \u00e0 faire. C\u2019est le service des stages de l\u2019EFB qui soumet directement aux barreaux concern\u00e9s et au Conseil d\u2019administration de l\u2019EFB la liste des Ma\u00eetres de stage final qui sont signataires de pr\u00e9-conventions ou conventions de stage final des \u00e9l\u00e8ves de l\u2019EFB Comment adresser une question\u00a0? Via notre formulaire de contact (rubrique formation initiale, Stages en cabinet, Stage final) \u00ab\u00a0Honn\u00eatement, je venais avec des pieds de plomb \u00e0 ces Rencontres&#8230; et finalement je ne le regrette pas !\u00a0\u00bb Avocat ayant particip\u00e9 aux Rencontres des Ma\u00eetres de stage fin 2024.\" \/>\n<meta property=\"og:url\" content=\"https:\/\/wpvit.efb.fr\/index.php\/avocat-ou-professionnel-du-droit\/je-suis-avocat\/devenir-maitre-de-stage\/\" \/>\n<meta property=\"og:site_name\" content=\"efb.fr\" \/>\n<meta property=\"article:modified_time\" content=\"2026-01-30T15:29:59+00:00\" \/>\n<meta property=\"og:image\" content=\"https:\/\/wpvit.efb.fr\/wp-content\/uploads\/2025\/11\/DEVENIR-_MAITRE_DE_STAGE_V3.png\" \/>\n\t<meta property=\"og:image:width\" content=\"1414\" \/>\n\t<meta property=\"og:image:height\" content=\"2000\" \/>\n\t<meta property=\"og:image:type\" content=\"image\/png\" \/>\n<meta name=\"twitter:card\" content=\"summary_large_image\" \/>\n<meta name=\"twitter:label1\" content=\"Dur\u00e9e de lecture estim\u00e9e\" \/>\n\t<meta name=\"twitter:data1\" content=\"4 minutes\" \/>\n<script type=\"application\/ld+json\" class=\"yoast-schema-graph\">{\"@context\":\"https:\\\/\\\/schema.org\",\"@graph\":[{\"@type\":\"WebPage\",\"@id\":\"https:\\\/\\\/wpvit.efb.fr\\\/index.php\\\/avocat-ou-professionnel-du-droit\\\/je-suis-avocat\\\/devenir-maitre-de-stage\\\/\",\"url\":\"https:\\\/\\\/wpvit.efb.fr\\\/index.php\\\/avocat-ou-professionnel-du-droit\\\/je-suis-avocat\\\/devenir-maitre-de-stage\\\/\",\"name\":\"Devenir ma\u00eetre de stage - efb.fr\",\"isPartOf\":{\"@id\":\"https:\\\/\\\/wpvit.efb.fr\\\/#website\"},\"primaryImageOfPage\":{\"@id\":\"https:\\\/\\\/wpvit.efb.fr\\\/index.php\\\/avocat-ou-professionnel-du-droit\\\/je-suis-avocat\\\/devenir-maitre-de-stage\\\/#primaryimage\"},\"image\":{\"@id\":\"https:\\\/\\\/wpvit.efb.fr\\\/index.php\\\/avocat-ou-professionnel-du-droit\\\/je-suis-avocat\\\/devenir-maitre-de-stage\\\/#primaryimage\"},\"thumbnailUrl\":\"https:\\\/\\\/wpvit.efb.fr\\\/wp-content\\\/uploads\\\/2025\\\/11\\\/DEVENIR-_MAITRE_DE_STAGE_V3.png\",\"datePublished\":\"2025-04-04T12:31:16+00:00\",\"dateModified\":\"2026-01-30T15:29:59+00:00\",\"breadcrumb\":{\"@id\":\"https:\\\/\\\/wpvit.efb.fr\\\/index.php\\\/avocat-ou-professionnel-du-droit\\\/je-suis-avocat\\\/devenir-maitre-de-stage\\\/#breadcrumb\"},\"inLanguage\":\"fr-FR\",\"potentialAction\":[{\"@type\":\"ReadAction\",\"target\":[\"https:\\\/\\\/wpvit.efb.fr\\\/index.php\\\/avocat-ou-professionnel-du-droit\\\/je-suis-avocat\\\/devenir-maitre-de-stage\\\/\"]}]},{\"@type\":\"ImageObject\",\"inLanguage\":\"fr-FR\",\"@id\":\"https:\\\/\\\/wpvit.efb.fr\\\/index.php\\\/avocat-ou-professionnel-du-droit\\\/je-suis-avocat\\\/devenir-maitre-de-stage\\\/#primaryimage\",\"url\":\"https:\\\/\\\/wpvit.efb.fr\\\/wp-content\\\/uploads\\\/2025\\\/11\\\/DEVENIR-_MAITRE_DE_STAGE_V3.png\",\"contentUrl\":\"https:\\\/\\\/wpvit.efb.fr\\\/wp-content\\\/uploads\\\/2025\\\/11\\\/DEVENIR-_MAITRE_DE_STAGE_V3.png\"},{\"@type\":\"BreadcrumbList\",\"@id\":\"https:\\\/\\\/wpvit.efb.fr\\\/index.php\\\/avocat-ou-professionnel-du-droit\\\/je-suis-avocat\\\/devenir-maitre-de-stage\\\/#breadcrumb\",\"itemListElement\":[{\"@type\":\"ListItem\",\"position\":1,\"name\":\"Accueil\",\"item\":\"https:\\\/\\\/wpvit.efb.fr\\\/\"},{\"@type\":\"ListItem\",\"position\":2,\"name\":\"Avocat ou professionnel du droit\",\"item\":\"https:\\\/\\\/wpvit.efb.fr\\\/index.php\\\/avocat-ou-professionnel-du-droit\\\/\"},{\"@type\":\"ListItem\",\"position\":3,\"name\":\"Je suis avocat\",\"item\":\"https:\\\/\\\/wpvit.efb.fr\\\/index.php\\\/avocat-ou-professionnel-du-droit\\\/je-suis-avocat\\\/\"},{\"@type\":\"ListItem\",\"position\":4,\"name\":\"Devenir ma\u00eetre de stage\"}]},{\"@type\":\"WebSite\",\"@id\":\"https:\\\/\\\/wpvit.efb.fr\\\/#website\",\"url\":\"https:\\\/\\\/wpvit.efb.fr\\\/\",\"name\":\"EFB\",\"description\":\"\",\"publisher\":{\"@id\":\"https:\\\/\\\/wpvit.efb.fr\\\/#organization\"},\"potentialAction\":[{\"@type\":\"SearchAction\",\"target\":{\"@type\":\"EntryPoint\",\"urlTemplate\":\"https:\\\/\\\/wpvit.efb.fr\\\/?s={search_term_string}\"},\"query-input\":{\"@type\":\"PropertyValueSpecification\",\"valueRequired\":true,\"valueName\":\"search_term_string\"}}],\"inLanguage\":\"fr-FR\"},{\"@type\":\"Organization\",\"@id\":\"https:\\\/\\\/wpvit.efb.fr\\\/#organization\",\"name\":\"\u00c9cole de formation professionnelle des barreaux du ressort de la cour d\u2019appel de Paris (EFB)\",\"alternateName\":\"\u00c9cole de Formation des Barreaux (EFB)\",\"url\":\"https:\\\/\\\/wpvit.efb.fr\\\/\",\"logo\":{\"@type\":\"ImageObject\",\"inLanguage\":\"fr-FR\",\"@id\":\"https:\\\/\\\/wpvit.efb.fr\\\/#\\\/schema\\\/logo\\\/image\\\/\",\"url\":\"https:\\\/\\\/wpvit.efb.fr\\\/wp-content\\\/uploads\\\/2024\\\/10\\\/cropped-Logo-EFB-2023_fond-transparent_mail.png\",\"contentUrl\":\"https:\\\/\\\/wpvit.efb.fr\\\/wp-content\\\/uploads\\\/2024\\\/10\\\/cropped-Logo-EFB-2023_fond-transparent_mail.png\",\"width\":638,\"height\":282,\"caption\":\"\u00c9cole de formation professionnelle des barreaux du ressort de la cour d\u2019appel de Paris (EFB)\"},\"image\":{\"@id\":\"https:\\\/\\\/wpvit.efb.fr\\\/#\\\/schema\\\/logo\\\/image\\\/\"}}]}<\/script>\n<!-- \/ Yoast SEO plugin. -->","yoast_head_json":{"title":"Devenir ma\u00eetre de stage - efb.fr","robots":{"index":"index","follow":"follow","max-snippet":"max-snippet:-1","max-image-preview":"max-image-preview:large","max-video-preview":"max-video-preview:-1"},"canonical":"https:\/\/wpvit.efb.fr\/index.php\/avocat-ou-professionnel-du-droit\/je-suis-avocat\/devenir-maitre-de-stage\/","og_locale":"fr_FR","og_type":"article","og_title":"Devenir ma\u00eetre de stage - efb.fr","og_description":"je suis avocat(e) Devenir Ma\u00eetre de stage Je suis avocat(e) Devenir Ma\u00eetre de stage Devenir ma\u00eetre de stage \u00ab\u00a0Honn\u00eatement, je venais avec des pieds de plomb \u00e0 ces Rencontres&#8230; et finalement je ne le regrette pas !\u00a0\u00bb Avocat ayant particip\u00e9 aux Rencontres des Ma\u00eetres de stage fin 2024. Les Ma\u00eetres de stage en cabinet sont des acteurs essentiels de la formation des \u00e9l\u00e8ves avocats et avocates Les avocats ayant plus de 4 ans d\u2019exercice peuvent d\u00e9poser une offre de stage ici. Afin d\u2019assurer les meilleures conditions possibles du stage final en cabinet d\u2019avocats, tant pour les \u00e9l\u00e8ves de l\u2019EFB que pour les ma\u00eetres de stage, la direction de l\u2019EFB organise r\u00e9guli\u00e8rement les Rencontres des Ma\u00eetres de stage.\u00a0 Fin 2025, 1990 avocats avaient ainsi d\u00e9j\u00e0 particip\u00e9 \u00e0 ces Rencontres. \u00a0 La participation \u00e0 ces Rencontres est-elle d\u00e9sormais obligatoire pour accueillir en stage final des \u00e9l\u00e8ves de l\u2019EFB\u00a0?Oui, sachant que la participation \u00e0 l\u2019une session de ces Rencontres permet d\u2019\u00eatre Ma\u00eetre de stage d\u2019\u00e9l\u00e8ves avocats de l\u2019EFB pendant 3 ans. Quelles sont les prochaines sessions organis\u00e9es\u00a0?*Le mercredi 22 avril 2026 de 10h \u00e0 12h (\u00e0 l\u2019EFB, Issy-les-Moulineaux) *Le vendredi 5 juin 2026 de 10h \u00e0 12h (\u00e0 l&rsquo;EFB, Issy-les-Moulineaux) Comment s\u2019inscrire\u00a0aux Rencontres ? Via ce lien pour le 22 avril 2026 Via ce lien pour le 5 juin 2026 La participation \u00e0 ces Rencontres valide-t-elle des heures de formation continue ?Oui, le Ma\u00eetre de stage qui assiste \u00e0 ces Rencontres valide 2h de formation continue. Le Ma\u00eetre de stage doit-il proc\u00e9der \u00e0 une formalit\u00e9 pour \u00eatre valid\u00e9 par le conseil d\u2019administration\u00a0?Non, le Ma\u00eetre de stage n\u2019a rien \u00e0 faire. C\u2019est le service des stages de l\u2019EFB qui soumet directement aux barreaux concern\u00e9s et au Conseil d\u2019administration de l\u2019EFB la liste des Ma\u00eetres de stage final qui sont signataires de pr\u00e9-conventions ou conventions de stage final des \u00e9l\u00e8ves de l\u2019EFB. Comment adresser une question ? Via notre formulaire de contact (rubrique formation initiale, Stages en cabinet, Stage final). Les Ma\u00eetres de stage en cabinet sont des acteurs essentiels de la formation des \u00e9l\u00e8ves avocats et avocates Les avocats ayant plus de 4 ans d\u2019exercice peuvent d\u00e9poser une offre de stage ici. Afin d\u2019assurer les meilleures conditions possibles du stage final en cabinet d\u2019avocats, tant pour les \u00e9l\u00e8ves de l\u2019EFB que pour les ma\u00eetres de stage, la direction de l\u2019EFB organise r\u00e9guli\u00e8rement les Rencontres des Ma\u00eetres de stage.\u00a0 Fin f\u00e9vrier 2025, 1396 avocats avaient ainsi d\u00e9j\u00e0 particip\u00e9 \u00e0 ces Rencontres. \u00a0 La participation \u00e0 ces Rencontres est-elle d\u00e9sormais obligatoire pour accueillir en stage final des \u00e9l\u00e8ves de l\u2019EFB\u00a0?Oui, sachant que la participation \u00e0 l\u2019une session de ces Rencontres permet d\u2019\u00eatre Ma\u00eetre de stage d\u2019\u00e9l\u00e8ves avocats de l\u2019EFB pendant 3 ans. Quelles sont les prochaines sessions organis\u00e9es\u00a0?Les 6, 12 et 18 juin 2025 de 10h \u00e0 12h (\u00e0 l\u2019EFB, Issy-les-Moulineaux). Comment s\u2019inscrire\u00a0aux Rencontres ? Via ce lien. La participation \u00e0 ces Rencontres valide-t-elle des heures de formation continue ?Oui, le Ma\u00eetre de stage qui assiste \u00e0 ces Rencontres valide 2h de formation continue. Le Ma\u00eetre de stage doit-il proc\u00e9der \u00e0 une formalit\u00e9 pour \u00eatre valid\u00e9 par le conseil d\u2019administration\u00a0?Non, le Ma\u00eetre de stage n\u2019a rien \u00e0 faire. C\u2019est le service des stages de l\u2019EFB qui soumet directement aux barreaux concern\u00e9s et au Conseil d\u2019administration de l\u2019EFB la liste des Ma\u00eetres de stage final qui sont signataires de pr\u00e9-conventions ou conventions de stage final des \u00e9l\u00e8ves de l\u2019EFB Comment adresser une question\u00a0? Via notre formulaire de contact (rubrique formation initiale, Stages en cabinet, Stage final) \u00ab\u00a0Honn\u00eatement, je venais avec des pieds de plomb \u00e0 ces Rencontres&#8230; et finalement je ne le regrette pas !\u00a0\u00bb Avocat ayant particip\u00e9 aux Rencontres des Ma\u00eetres de stage fin 2024.","og_url":"https:\/\/wpvit.efb.fr\/index.php\/avocat-ou-professionnel-du-droit\/je-suis-avocat\/devenir-maitre-de-stage\/","og_site_name":"efb.fr","article_modified_time":"2026-01-30T15:29:59+00:00","og_image":[{"width":1414,"height":2000,"url":"https:\/\/wpvit.efb.fr\/wp-content\/uploads\/2025\/11\/DEVENIR-_MAITRE_DE_STAGE_V3.png","type":"image\/png"}],"twitter_card":"summary_large_image","twitter_misc":{"Dur\u00e9e de lecture estim\u00e9e":"4 minutes"},"schema":{"@context":"https:\/\/schema.org","@graph":[{"@type":"WebPage","@id":"https:\/\/wpvit.efb.fr\/index.php\/avocat-ou-professionnel-du-droit\/je-suis-avocat\/devenir-maitre-de-stage\/","url":"https:\/\/wpvit.efb.fr\/index.php\/avocat-ou-professionnel-du-droit\/je-suis-avocat\/devenir-maitre-de-stage\/","name":"Devenir ma\u00eetre de stage - efb.fr","isPartOf":{"@id":"https:\/\/wpvit.efb.fr\/#website"},"primaryImageOfPage":{"@id":"https:\/\/wpvit.efb.fr\/index.php\/avocat-ou-professionnel-du-droit\/je-suis-avocat\/devenir-maitre-de-stage\/#primaryimage"},"image":{"@id":"https:\/\/wpvit.efb.fr\/index.php\/avocat-ou-professionnel-du-droit\/je-suis-avocat\/devenir-maitre-de-stage\/#primaryimage"},"thumbnailUrl":"https:\/\/wpvit.efb.fr\/wp-content\/uploads\/2025\/11\/DEVENIR-_MAITRE_DE_STAGE_V3.png","datePublished":"2025-04-04T12:31:16+00:00","dateModified":"2026-01-30T15:29:59+00:00","breadcrumb":{"@id":"https:\/\/wpvit.efb.fr\/index.php\/avocat-ou-professionnel-du-droit\/je-suis-avocat\/devenir-maitre-de-stage\/#breadcrumb"},"inLanguage":"fr-FR","potentialAction":[{"@type":"ReadAction","target":["https:\/\/wpvit.efb.fr\/index.php\/avocat-ou-professionnel-du-droit\/je-suis-avocat\/devenir-maitre-de-stage\/"]}]},{"@type":"ImageObject","inLanguage":"fr-FR","@id":"https:\/\/wpvit.efb.fr\/index.php\/avocat-ou-professionnel-du-droit\/je-suis-avocat\/devenir-maitre-de-stage\/#primaryimage","url":"https:\/\/wpvit.efb.fr\/wp-content\/uploads\/2025\/11\/DEVENIR-_MAITRE_DE_STAGE_V3.png","contentUrl":"https:\/\/wpvit.efb.fr\/wp-content\/uploads\/2025\/11\/DEVENIR-_MAITRE_DE_STAGE_V3.png"},{"@type":"BreadcrumbList","@id":"https:\/\/wpvit.efb.fr\/index.php\/avocat-ou-professionnel-du-droit\/je-suis-avocat\/devenir-maitre-de-stage\/#breadcrumb","itemListElement":[{"@type":"ListItem","position":1,"name":"Accueil","item":"https:\/\/wpvit.efb.fr\/"},{"@type":"ListItem","position":2,"name":"Avocat ou professionnel du droit","item":"https:\/\/wpvit.efb.fr\/index.php\/avocat-ou-professionnel-du-droit\/"},{"@type":"ListItem","position":3,"name":"Je suis avocat","item":"https:\/\/wpvit.efb.fr\/index.php\/avocat-ou-professionnel-du-droit\/je-suis-avocat\/"},{"@type":"ListItem","position":4,"name":"Devenir ma\u00eetre de stage"}]},{"@type":"WebSite","@id":"https:\/\/wpvit.efb.fr\/#website","url":"https:\/\/wpvit.efb.fr\/","name":"EFB","description":"","publisher":{"@id":"https:\/\/wpvit.efb.fr\/#organization"},"potentialAction":[{"@type":"SearchAction","target":{"@type":"EntryPoint","urlTemplate":"https:\/\/wpvit.efb.fr\/?s={search_term_string}"},"query-input":{"@type":"PropertyValueSpecification","valueRequired":true,"valueName":"search_term_string"}}],"inLanguage":"fr-FR"},{"@type":"Organization","@id":"https:\/\/wpvit.efb.fr\/#organization","name":"\u00c9cole de formation professionnelle des barreaux du ressort de la cour d\u2019appel de Paris (EFB)","alternateName":"\u00c9cole de Formation des Barreaux (EFB)","url":"https:\/\/wpvit.efb.fr\/","logo":{"@type":"ImageObject","inLanguage":"fr-FR","@id":"https:\/\/wpvit.efb.fr\/#\/schema\/logo\/image\/","url":"https:\/\/wpvit.efb.fr\/wp-content\/uploads\/2024\/10\/cropped-Logo-EFB-2023_fond-transparent_mail.png","contentUrl":"https:\/\/wpvit.efb.fr\/wp-content\/uploads\/2024\/10\/cropped-Logo-EFB-2023_fond-transparent_mail.png","width":638,"height":282,"caption":"\u00c9cole de formation professionnelle des barreaux du ressort de la cour d\u2019appel de Paris (EFB)"},"image":{"@id":"https:\/\/wpvit.efb.fr\/#\/schema\/logo\/image\/"}}]}},"_links":{"self":[{"href":"https:\/\/wpvit.efb.fr\/index.php\/wp-json\/wp\/v2\/pages\/38697","targetHints":{"allow":["GET"]}}],"collection":[{"href":"https:\/\/wpvit.efb.fr\/index.php\/wp-json\/wp\/v2\/pages"}],"about":[{"href":"https:\/\/wpvit.efb.fr\/index.php\/wp-json\/wp\/v2\/types\/page"}],"author":[{"embeddable":true,"href":"https:\/\/wpvit.efb.fr\/index.php\/wp-json\/wp\/v2\/users\/1"}],"replies":[{"embeddable":true,"href":"https:\/\/wpvit.efb.fr\/index.php\/wp-json\/wp\/v2\/comments?post=38697"}],"version-history":[{"count":199,"href":"https:\/\/wpvit.efb.fr\/index.php\/wp-json\/wp\/v2\/pages\/38697\/revisions"}],"predecessor-version":[{"id":42241,"href":"https:\/\/wpvit.efb.fr\/index.php\/wp-json\/wp\/v2\/pages\/38697\/revisions\/42241"}],"up":[{"embeddable":true,"href":"https:\/\/wpvit.efb.fr\/index.php\/wp-json\/wp\/v2\/pages\/6202"}],"wp:attachment":[{"href":"https:\/\/wpvit.efb.fr\/index.php\/wp-json\/wp\/v2\/media?parent=38697"}],"curies":[{"name":"wp","href":"https:\/\/api.w.org\/{rel}","templated":true}]}}