{"id":4548,"date":"2023-03-01T15:53:25","date_gmt":"2023-03-01T14:53:25","guid":{"rendered":"https:\/\/wpvit.efb.fr\/?page_id=4548"},"modified":"2026-03-17T16:41:45","modified_gmt":"2026-03-17T15:41:45","slug":"les-differents-regimes-possibles","status":"publish","type":"page","link":"https:\/\/wpvit.efb.fr\/index.php\/je-suis-eleve-avocat-a-lefb\/je-gere-ma-formation\/les-differents-regimes-possibles\/","title":{"rendered":"Les diff\u00e9rents r\u00e9gimes possibles"},"content":{"rendered":"\t\t<div data-elementor-type=\"wp-page\" data-elementor-id=\"4548\" class=\"elementor elementor-4548\" data-elementor-post-type=\"page\">\n\t\t\t\t\t\t<section class=\"elementor-section elementor-top-section elementor-element elementor-element-133480c elementor-section-height-min-height custom-gradient-bg elementor-hidden-tablet elementor-hidden-mobile elementor-section-boxed elementor-section-height-default elementor-section-items-middle\" data-id=\"133480c\" data-element_type=\"section\" data-e-type=\"section\" data-settings=\"{&quot;background_background&quot;:&quot;classic&quot;}\">\n\t\t\t\t\t\t\t<div class=\"elementor-background-overlay\"><\/div>\n\t\t\t\t\t\t\t<div class=\"elementor-container elementor-column-gap-default\">\n\t\t\t\t\t<div class=\"elementor-column elementor-col-100 elementor-top-column elementor-element elementor-element-d6b5015\" data-id=\"d6b5015\" data-element_type=\"column\" data-e-type=\"column\">\n\t\t\t<div class=\"elementor-widget-wrap elementor-element-populated\">\n\t\t\t\t\t\t<section class=\"elementor-section elementor-inner-section elementor-element elementor-element-349267e elementor-section-boxed elementor-section-height-default elementor-section-height-default\" data-id=\"349267e\" data-element_type=\"section\" data-e-type=\"section\">\n\t\t\t\t\t\t<div class=\"elementor-container elementor-column-gap-default\">\n\t\t\t\t\t<div class=\"elementor-column elementor-col-50 elementor-inner-column elementor-element elementor-element-bdc7fab\" data-id=\"bdc7fab\" data-element_type=\"column\" data-e-type=\"column\" data-settings=\"{&quot;background_background&quot;:&quot;classic&quot;}\">\n\t\t\t<div class=\"elementor-widget-wrap elementor-element-populated\">\n\t\t\t\t\t\t<div class=\"elementor-element elementor-element-0a1ef90 elementor-widget elementor-widget-heading\" data-id=\"0a1ef90\" data-element_type=\"widget\" data-e-type=\"widget\" data-widget_type=\"heading.default\">\n\t\t\t\t<div class=\"elementor-widget-container\">\n\t\t\t\t\t<h2 class=\"elementor-heading-title elementor-size-default\"><a href=\"https:\/\/wpvit.efb.fr\/?page_id=1122\">Je g\u00e8re ma formation<\/a><\/h2>\t\t\t\t<\/div>\n\t\t\t\t<\/div>\n\t\t\t\t<div class=\"elementor-element elementor-element-06c31f6 elementor-widget elementor-widget-heading\" data-id=\"06c31f6\" data-element_type=\"widget\" data-e-type=\"widget\" data-widget_type=\"heading.default\">\n\t\t\t\t<div class=\"elementor-widget-container\">\n\t\t\t\t\t<h5 class=\"elementor-heading-title elementor-size-default\">Comment s'organise mon semestre de cours ?<\/h5>\t\t\t\t<\/div>\n\t\t\t\t<\/div>\n\t\t\t\t\t<\/div>\n\t\t<\/div>\n\t\t\t\t<div class=\"elementor-column elementor-col-50 elementor-inner-column elementor-element elementor-element-e4ea024\" data-id=\"e4ea024\" data-element_type=\"column\" data-e-type=\"column\">\n\t\t\t<div class=\"elementor-widget-wrap\">\n\t\t\t\t\t\t\t<\/div>\n\t\t<\/div>\n\t\t\t\t\t<\/div>\n\t\t<\/section>\n\t\t\t\t\t<\/div>\n\t\t<\/div>\n\t\t\t\t\t<\/div>\n\t\t<\/section>\n\t\t<div class=\"elementor-element elementor-element-4941ab4 elementor-hidden-desktop e-con-full e-flex e-con e-parent\" data-id=\"4941ab4\" data-element_type=\"container\" data-e-type=\"container\">\n\t\t<div class=\"elementor-element elementor-element-bce9951 custom-gradient-bg e-con-full e-flex e-con e-child\" data-id=\"bce9951\" data-element_type=\"container\" data-e-type=\"container\">\n\t\t\t\t<div class=\"elementor-element elementor-element-3e769b9 elementor-widget elementor-widget-heading\" data-id=\"3e769b9\" data-element_type=\"widget\" data-e-type=\"widget\" data-widget_type=\"heading.default\">\n\t\t\t\t<div class=\"elementor-widget-container\">\n\t\t\t\t\t<h2 class=\"elementor-heading-title elementor-size-default\">Je g\u00e8re ma formation<\/h2>\t\t\t\t<\/div>\n\t\t\t\t<\/div>\n\t\t\t\t<div class=\"elementor-element elementor-element-e0b066c elementor-widget elementor-widget-heading\" data-id=\"e0b066c\" data-element_type=\"widget\" data-e-type=\"widget\" data-widget_type=\"heading.default\">\n\t\t\t\t<div class=\"elementor-widget-container\">\n\t\t\t\t\t<h5 class=\"elementor-heading-title elementor-size-default\">Organisation des cours<\/h5>\t\t\t\t<\/div>\n\t\t\t\t<\/div>\n\t\t\t\t<\/div>\n\t\t\t\t<\/div>\n\t\t<div class=\"elementor-element elementor-element-c695eb0 e-flex e-con-boxed e-con e-parent\" data-id=\"c695eb0\" data-element_type=\"container\" data-e-type=\"container\">\n\t\t\t\t\t<div class=\"e-con-inner\">\n\t\t<div class=\"elementor-element elementor-element-735ad6e e-con-full e-flex e-con e-child\" data-id=\"735ad6e\" data-element_type=\"container\" data-e-type=\"container\">\n\t\t\t\t<div class=\"elementor-element elementor-element-eff264b elementor-align-left elementor-widget elementor-widget-breadcrumbs\" data-id=\"eff264b\" data-element_type=\"widget\" data-e-type=\"widget\" data-widget_type=\"breadcrumbs.default\">\n\t\t\t\t<div class=\"elementor-widget-container\">\n\t\t\t\t\t<p id=\"breadcrumbs\"><span><span><a href=\"https:\/\/wpvit.efb.fr\/\">Accueil<\/a><\/span><\/span><\/p>\t\t\t\t<\/div>\n\t\t\t\t<\/div>\n\t\t\t\t<div class=\"elementor-element elementor-element-16886f1 elementor-hidden-tablet elementor-hidden-mobile elementor-widget elementor-widget-spacer\" data-id=\"16886f1\" data-element_type=\"widget\" data-e-type=\"widget\" data-widget_type=\"spacer.default\">\n\t\t\t\t<div class=\"elementor-widget-container\">\n\t\t\t\t\t\t\t<div class=\"elementor-spacer\">\n\t\t\t<div class=\"elementor-spacer-inner\"><\/div>\n\t\t<\/div>\n\t\t\t\t\t\t<\/div>\n\t\t\t\t<\/div>\n\t\t\t\t<div class=\"elementor-element elementor-element-d4d7ec5 elementor-hidden-tablet elementor-hidden-mobile elementor-widget elementor-widget-heading\" data-id=\"d4d7ec5\" data-element_type=\"widget\" data-e-type=\"widget\" data-widget_type=\"heading.default\">\n\t\t\t\t<div class=\"elementor-widget-container\">\n\t\t\t\t\t<h3 class=\"elementor-heading-title elementor-size-default\">Organisation des cours<\/h3>\t\t\t\t<\/div>\n\t\t\t\t<\/div>\n\t\t\t\t<div class=\"elementor-element elementor-element-a6c782c elementor-hidden-tablet elementor-hidden-mobile elementor-widget-divider--view-line elementor-widget elementor-widget-divider\" data-id=\"a6c782c\" data-element_type=\"widget\" data-e-type=\"widget\" data-widget_type=\"divider.default\">\n\t\t\t\t<div class=\"elementor-widget-container\">\n\t\t\t\t\t\t\t<div class=\"elementor-divider\">\n\t\t\t<span class=\"elementor-divider-separator\">\n\t\t\t\t\t\t<\/span>\n\t\t<\/div>\n\t\t\t\t\t\t<\/div>\n\t\t\t\t<\/div>\n\t\t\t\t<div class=\"elementor-element elementor-element-16c9b0c elementor-widget elementor-widget-text-editor\" data-id=\"16c9b0c\" data-element_type=\"widget\" data-e-type=\"widget\" data-widget_type=\"text-editor.default\">\n\t\t\t\t<div class=\"elementor-widget-container\">\n\t\t\t\t\t\t\t\t\t<p>L&rsquo;\u00e9l\u00e8ve a le choix d&rsquo;organiser son semestre de cours selon diff\u00e9rentes modalit\u00e9s :<\/p>\n<ul>\n<li>Cours exclusivement<\/li>\n<li>Formation altern\u00e9e (avec stage de 20h max)<\/li>\n<li>D\u00e9rogation salariat<\/li>\n<\/ul><div><br><\/div><div><i><b>Apprentissage <\/b>: le passage des \u00e9coles des avocats \u00e0 la r\u00e9forme de l&rsquo;apprentissage est normalement programm\u00e9 pour janvier 2027. Celui-ci est toutefois conditionn\u00e9 \u00e0 plusieurs \u00e9tapes administratives et r\u00e9glementaires qui restent \u00e0 franchir pour garantir un cadre juridique et p\u00e9dagogique s\u00e9curis\u00e9 aux \u00e9l\u00e8ves et aux cabinets employeurs. Les informations devraient \u00eatre disponibles sur ce site d&rsquo;ici septembre 2026. Quoi qu&rsquo;il en soit, ce r\u00e9gime sera optionnel (\u00e0 la demande de l&rsquo;\u00e9l\u00e8ve<\/i>).&nbsp;&nbsp;<\/div>\t\t\t\t\t\t\t\t<\/div>\n\t\t\t\t<\/div>\n\t\t\t\t<div class=\"elementor-element elementor-element-0e3c949 accordion_custom elementor-widget elementor-widget-eael-adv-accordion\" data-id=\"0e3c949\" data-element_type=\"widget\" data-e-type=\"widget\" data-widget_type=\"eael-adv-accordion.default\">\n\t\t\t\t<div class=\"elementor-widget-container\">\n\t\t\t\t\t            <div class=\"eael-adv-accordion\" id=\"eael-adv-accordion-0e3c949\" data-scroll-on-click=\"no\" data-scroll-speed=\"300\" data-accordion-id=\"0e3c949\" data-accordion-type=\"toggle\" data-toogle-speed=\"200\">\n            <div class=\"eael-accordion-list\">\n\t\t\t\t\t<div id=\"cours-exclusivement\" class=\"elementor-tab-title eael-accordion-header\" tabindex=\"0\" data-tab=\"1\" aria-controls=\"elementor-tab-content-1491\"><span class=\"eael-accordion-tab-title\">Cours exclusivement<\/span><svg aria-hidden=\"true\" class=\"fa-toggle e-font-icon-svg e-fas-angle-right\" viewBox=\"0 0 256 512\" xmlns=\"http:\/\/www.w3.org\/2000\/svg\"><path d=\"M224.3 273l-136 136c-9.4 9.4-24.6 9.4-33.9 0l-22.6-22.6c-9.4-9.4-9.4-24.6 0-33.9l96.4-96.4-96.4-96.4c-9.4-9.4-9.4-24.6 0-33.9L54.3 103c9.4-9.4 24.6-9.4 33.9 0l136 136c9.5 9.4 9.5 24.6.1 34z\"><\/path><\/svg><\/div><div id=\"elementor-tab-content-1491\" class=\"eael-accordion-content clearfix\" data-tab=\"1\" aria-labelledby=\"cours-exclusivement\"><p>Les \u00e9l\u00e8ves avocates et \u00e9l\u00e8ves avocats auront cours l\u2019apr\u00e8s-midi, l\u2019amplitude horaire pouvant s\u2019\u00e9tendre de 14h \u00e0 20h30 maximum (sauf les samedis o\u00f9 les cours ne peuvent avoir lieu que le matin). Toutefois, en fonction de vos choix de parcours de sp\u00e9cialisation, il est possible que des cours se tiennent le matin durant deux voire trois semaines maximum.\u00a0<\/p><p>Cette organisation permet \u00e0 l\u2019\u00e9l\u00e8ve avocate et \u00e0 l&rsquo;\u00e9l\u00e8ve avocat de choisir de suivre les enseignements fondamentaux au premier ou deuxi\u00e8me semestre.<\/p><\/div>\n\t\t\t\t\t<\/div><div class=\"eael-accordion-list\">\n\t\t\t\t\t<div id=\"choix\" class=\"elementor-tab-title eael-accordion-header\" tabindex=\"0\" data-tab=\"2\" aria-controls=\"elementor-tab-content-1492\"><span class=\"eael-accordion-tab-title\">Formation altern\u00e9e<\/span><svg aria-hidden=\"true\" class=\"fa-toggle e-font-icon-svg e-fas-angle-right\" viewBox=\"0 0 256 512\" xmlns=\"http:\/\/www.w3.org\/2000\/svg\"><path d=\"M224.3 273l-136 136c-9.4 9.4-24.6 9.4-33.9 0l-22.6-22.6c-9.4-9.4-9.4-24.6 0-33.9l96.4-96.4-96.4-96.4c-9.4-9.4-9.4-24.6 0-33.9L54.3 103c9.4-9.4 24.6-9.4 33.9 0l136 136c9.5 9.4 9.5 24.6.1 34z\"><\/path><\/svg><\/div><div id=\"elementor-tab-content-1492\" class=\"eael-accordion-content clearfix\" data-tab=\"2\" aria-labelledby=\"choix\"><p>Pl\u00e9biscit\u00e9e par les \u00e9l\u00e8ves avocates et \u00e9l\u00e8ves avocats et les structures qui les accueillent, la formation altern\u00e9e s\u2019effectue pendant la p\u00e9riode des enseignements et se d\u00e9roule en parall\u00e8le des cours dispens\u00e9s \u00e0 l\u2019EFB, selon un planning pr\u00e9cis : cours le matin (de 8h \u00e0 13h) puis stage l\u2019apr\u00e8s-midi\u00a0d\u2019un <strong>maximum de 20 heures hebdomadaires<\/strong>\u00a0(\u00e0 partir de 14h). L\u2019affectation aux cours du matin sera en priorit\u00e9 effectu\u00e9e \u00e0 ceux ayant rendu leur formulaire de pr\u00e9-convention de stage de 20h dans les d\u00e9lais impartis ci-dessous et sous r\u00e9serve des places disponibles.<br \/>Ceux dont les demandes d\u2019inscription en formation altern\u00e9e seraient incompl\u00e8tes ou hors d\u00e9lai seront automatiquement inscrits au r\u00e9gime \u00ab cours exclusivement \u00bb. Le cas \u00e9ch\u00e9ant, ils pourront tout de m\u00eame b\u00e9n\u00e9ficier d\u2019une convention de stage de 20h. Ce dernier se tiendra alors le matin puisque les cours auront lieu l\u2019apr\u00e8s-midi \u00e0 partir de 14h.<\/p><p>La formation altern\u00e9e peut se d\u00e9rouler dans un cabinet d\u2019avocats, dans le service juridique d\u2019une entreprise ou d\u2019une association ou au sein d\u2019une juridiction.<\/p><p>Le rythme et la charge de travail au sein de l\u2019\u00e9cole sont rigoureusement les m\u00eames pour l\u2019ensemble des \u00e9l\u00e8ves. Par ailleurs, l\u2019\u00e9l\u00e8ve choisissant la formation altern\u00e9e doit s\u2019assurer de la compatibilit\u00e9 de son activit\u00e9 avec sa <a href=\"https:\/\/wpvit.efb.fr\/?page_id=6742\"><span style=\"text-decoration: underline\">combinaison de parcours de sp\u00e9cialisation<\/span><\/a>.<\/p><p><!-- Contexte avant le tableau --><\/p><p id=\"desc-stages\">Tableau r\u00e9capitulatif des principales \u00e9ch\u00e9ances pour les stages de 20 h en formation altern\u00e9e, selon qu\u2019ils sont r\u00e9alis\u00e9s au 1<sup>er<\/sup> ou au 2<sup>e<\/sup> semestre 2026.<\/p><div class=\"table-container\"><table><caption id=\"cap-stages\">Dates cl\u00e9s du stage en formation altern\u00e9e (stage de 20 h maximum)<\/caption><thead><tr><th>\u00c9ch\u00e9ance<\/th><th>Stage au 1<sup>er<\/sup> semestre 2026<\/th><th>Stage au 2<sup>e<\/sup> semestre 2026<\/th><\/tr><\/thead><tbody><tr><th>Envoi du formulaire de pr\u00e9-convention<br \/><span class=\"visually-hidden\">(accessible sur WebAurion)<\/span><\/th><td>au plus tard le<br \/>12 d\u00e9c. 2025<\/td><td>au plus tard le<br \/>13 mars 2025<\/td><\/tr><tr><th>Dates du stage de 20 h<\/th><td>du<br \/>5 janv. 2026<br \/>au<br \/>19 juin 2026<\/td><td>du<br \/>22 juin 2026<br \/>au<br \/>24 d\u00e9c. 2026<\/td><\/tr><\/tbody><\/table><\/div><p><!-- Styles utiles (contraste\/padding\/scroll) --><\/p><\/div>\n\t\t\t\t\t<\/div><div class=\"eael-accordion-list\">\n\t\t\t\t\t<div id=\"cas-particulier-drogation-salariat\" class=\"elementor-tab-title eael-accordion-header\" tabindex=\"0\" data-tab=\"3\" aria-controls=\"elementor-tab-content-1493\"><span class=\"eael-accordion-tab-title\">Cas particulier : d\u00e9rogation salariat<\/span><svg aria-hidden=\"true\" class=\"fa-toggle e-font-icon-svg e-fas-angle-right\" viewBox=\"0 0 256 512\" xmlns=\"http:\/\/www.w3.org\/2000\/svg\"><path d=\"M224.3 273l-136 136c-9.4 9.4-24.6 9.4-33.9 0l-22.6-22.6c-9.4-9.4-9.4-24.6 0-33.9l96.4-96.4-96.4-96.4c-9.4-9.4-9.4-24.6 0-33.9L54.3 103c9.4-9.4 24.6-9.4 33.9 0l136 136c9.5 9.4 9.5 24.6.1 34z\"><\/path><\/svg><\/div><div id=\"elementor-tab-content-1493\" class=\"eael-accordion-content clearfix\" data-tab=\"3\" aria-labelledby=\"cas-particulier-drogation-salariat\"><style>.elementor-24415 .elementor-element.elementor-element-9a33368{--display:flex;--flex-direction:row;--container-widget-width:calc( ( 1 - var( --container-widget-flex-grow ) ) * 100% );--container-widget-height:100%;--container-widget-flex-grow:1;--container-widget-align-self:stretch;--flex-wrap-mobile:wrap;--align-items:stretch;--gap:10px 10px;--row-gap:10px;--column-gap:10px;}.elementor-24415 .elementor-element.elementor-element-1dca89e{--display:flex;}.elementor-widget-text-editor{font-family:var( --e-global-typography-text-font-family ), arial;font-weight:var( --e-global-typography-text-font-weight );color:var( --e-global-color-text );}.elementor-widget-text-editor.elementor-drop-cap-view-stacked .elementor-drop-cap{background-color:var( --e-global-color-primary );}.elementor-widget-text-editor.elementor-drop-cap-view-framed .elementor-drop-cap, .elementor-widget-text-editor.elementor-drop-cap-view-default .elementor-drop-cap{color:var( --e-global-color-primary );border-color:var( --e-global-color-primary );}.elementor-24415 .elementor-element.elementor-element-b362f46{text-align:start;font-family:\"Inter\", arial;font-weight:400;}.elementor-24415 .elementor-element.elementor-element-db61b7b{--display:flex;--justify-content:center;--border-radius:8px 8px 8px 8px;--padding-top:20px;--padding-bottom:20px;--padding-left:20px;--padding-right:20px;}.elementor-24415 .elementor-element.elementor-element-db61b7b:not(.elementor-motion-effects-element-type-background), .elementor-24415 .elementor-element.elementor-element-db61b7b > .elementor-motion-effects-container > .elementor-motion-effects-layer{background-color:var( --e-global-color-647d7a3 );}.elementor-24415 .elementor-element.elementor-element-dcba5be{text-align:justify;font-family:\"Inter\", arial;font-size:16px;font-weight:400;line-height:26px;color:#38497F;}.elementor-24415 .elementor-element.elementor-element-dcba5be > .elementor-widget-container{margin:0px 0px 0px 0px;padding:0px 0px 0px 0px;}@media(max-width:767px){.elementor-24415 .elementor-element.elementor-element-dcba5be{text-align:center;}}<\/style>\t\t<div data-elementor-type=\"section\" data-elementor-id=\"24415\" class=\"elementor elementor-24415\" data-elementor-post-type=\"elementor_library\">\n\t\t\t<div class=\"elementor-element elementor-element-9a33368 e-flex e-con-boxed e-con e-parent\" data-id=\"9a33368\" data-element_type=\"container\" data-e-type=\"container\">\n\t\t\t\t\t<div class=\"e-con-inner\">\n\t\t<div class=\"elementor-element elementor-element-1dca89e e-con-full e-flex e-con e-child\" data-id=\"1dca89e\" data-element_type=\"container\" data-e-type=\"container\">\n\t\t\t\t<div class=\"elementor-element elementor-element-b362f46 elementor-widget elementor-widget-text-editor\" data-id=\"b362f46\" data-element_type=\"widget\" data-e-type=\"widget\" data-widget_type=\"text-editor.default\">\n\t\t\t\t<div class=\"elementor-widget-container\">\n\t\t\t\t\t\t\t\t\t<p>Tout en donnant la priorit\u00e9 \u00e0 la p\u00e9riode de formation, l\u2019EFB offre\u00a0<span style=\"color: var( --e-global-color-text );text-align: var(--text-align);font-size: 1rem\">(en fonction des places disponibles)<\/span><span style=\"color: var( --e-global-color-text );text-align: var(--text-align);font-size: 1rem\">\u00a0<\/span><span style=\"color: var( --e-global-color-text );text-align: var(--text-align);font-size: 1rem\">la possibilit\u00e9 \u00e0 certains futurs \u00e9l\u00e8ves avocats en situation salari\u00e9e de suivre leurs enseignements suivant le planning de la formation altern\u00e9e :<\/span><\/p><ul><li>Les cours auront lieu le matin de 8h00 \u00e0 13h00 (y compris certains samedis) et uniquement au 1er semestre 2026.<\/li><li>Pour les juristes en entreprise : la p\u00e9riode de PPI peut \u00eatre valid\u00e9e au titre de leur activit\u00e9 professionnelle. Si vous r\u00e9pondez aux crit\u00e8res, le service PPI prendra contact avec vous \u00e0 la suite de votre inscription en d\u00e9cembre. Pour leur stage final, les \u00e9l\u00e8ves avocats concern\u00e9s sont tenus d\u2019effectuer un stage en cabinet d\u2019avocats.\u00a0<\/li><li>Pour les juristes en cabinet d\u2019avocats : l\u2019activit\u00e9 professionnelle peut \u00eatre valid\u00e9e au titre du stage final. Pour leur PPI, les \u00e9l\u00e8ves avocates et les \u00e9l\u00e8ves avocats concern\u00e9s sont tenus d\u2019effectuer un stage en dehors de leur cabinet.<br \/>Une \u00e9ventuelle inversion entre stage PPI et stage final peut \u00eatre envisag\u00e9e afin de faciliter le parcours des \u00e9l\u00e8ves avocates salari\u00e9es et des \u00e9l\u00e8ves avocats salari\u00e9s (c&rsquo;est \u00e0 dire : cours au 1er semestre, stage final au 2e semestre, stage PPI au 3e\u00a0 semestre).<\/li><\/ul><p style=\"margin-right: 3.0pt;text-align: justify;vertical-align: baseline\">Vous devrez imp\u00e9rativement <strong>commencer votre formation \u00e0 l\u2019EFB par le semestre d\u2019enseignements<\/strong> et vous devrez constituer un dossier incluant\u00a0:<\/p><ul><li style=\"margin-right: 3pt;margin-left: 0cm;text-align: justify\">Un <b>contrat de travail ayant commenc\u00e9 au plus tard le 1<sup>er<\/sup> octobre 2025<\/b>\u00a0;<\/li><li style=\"margin-right: 3pt;margin-left: 0cm;text-align: justify\">Un <b>formulaire d\u2019engagement sign\u00e9 par votre employeur et vous-m\u00eame, confirmant la compatibilit\u00e9 de votre activit\u00e9 salari\u00e9e avec les cours obligatoires de l\u2019EFB<\/b> (<i>Ce formulaire \u00e9tabli par l\u2019EFB vous sera transmis au moment de votre pr\u00e9inscription et devra nous \u00eatre retourn\u00e9 compl\u00e9t\u00e9 et sign\u00e9 lors de votre inscription d\u00e9finitive).<\/i><\/li><\/ul><div style=\"text-align: justify\">\u00a0<\/div><p>Attention, si vous optez pour un <span style=\"text-decoration: underline\"><a href=\"https:\/\/wpvit.efb.fr\/?page_id=6771\">parcours de sp\u00e9cialisation<\/a><\/span> dont les cours sont dispens\u00e9s l\u2019apr\u00e8s-midi, il vous appartiendra de convenir avec votre employeur des modalit\u00e9s de votre absence pour formation pendant les deux ou trois semaines concern\u00e9es. Le planning sera disponible au plus tard une semaine avant le d\u00e9but des cours.<\/p>\t\t\t\t\t\t\t\t<\/div>\n\t\t\t\t<\/div>\n\t\t<div class=\"elementor-element elementor-element-db61b7b e-con-full warning-logo e-flex e-con e-child\" data-id=\"db61b7b\" data-element_type=\"container\" data-e-type=\"container\" data-settings=\"{&quot;background_background&quot;:&quot;classic&quot;}\">\n\t\t\t\t<div class=\"elementor-element elementor-element-dcba5be elementor-widget elementor-widget-text-editor\" data-id=\"dcba5be\" data-element_type=\"widget\" data-e-type=\"widget\" data-widget_type=\"text-editor.default\">\n\t\t\t\t<div class=\"elementor-widget-container\">\n\t\t\t\t\t\t\t\t\t<p>L&rsquo;EFB attire l&rsquo;attention des \u00e9l\u00e8ves sur le rythme particuli\u00e8rement soutenu de l&rsquo;am\u00e9nagement salari\u00e9, notamment en p\u00e9riode de foisonnements. Ce rythme n\u00e9cessite d&rsquo;avoir une capacit\u00e9 de travail tr\u00e8s importante et une organisation appropri\u00e9e (activit\u00e9 \u00e0 temps partiel), car la charge de travail au sein de l\u2019\u00e9cole est la m\u00eame pour l\u2019ensemble des \u00e9l\u00e8ves avocates et \u00e9l\u00e8ves avocats.\u00a0<\/p><p><b>Cette d\u00e9rogation sera accord\u00e9e sur \u00e9tude de dossier et sous r\u00e9serve des places disponibles qui sont limit\u00e9es<\/b>.\u00a0<\/p>\t\t\t\t\t\t\t\t<\/div>\n\t\t\t\t<\/div>\n\t\t\t\t<\/div>\n\t\t\t\t<\/div>\n\t\t\t\t\t<\/div>\n\t\t\t\t<\/div>\n\t\t\t\t<\/div>\n\t\t<\/div>\n\t\t\t\t\t<\/div><div class=\"eael-accordion-list\">\n\t\t\t\t\t<div id=\"formation-condense\" class=\"elementor-tab-title eael-accordion-header\" tabindex=\"0\" data-tab=\"4\" aria-controls=\"elementor-tab-content-1494\"><span class=\"eael-accordion-tab-title\">Formation condens\u00e9e<\/span><svg aria-hidden=\"true\" class=\"fa-toggle e-font-icon-svg e-fas-angle-right\" viewBox=\"0 0 256 512\" xmlns=\"http:\/\/www.w3.org\/2000\/svg\"><path d=\"M224.3 273l-136 136c-9.4 9.4-24.6 9.4-33.9 0l-22.6-22.6c-9.4-9.4-9.4-24.6 0-33.9l96.4-96.4-96.4-96.4c-9.4-9.4-9.4-24.6 0-33.9L54.3 103c9.4-9.4 24.6-9.4 33.9 0l136 136c9.5 9.4 9.5 24.6.1 34z\"><\/path><\/svg><\/div><div id=\"elementor-tab-content-1494\" class=\"eael-accordion-content clearfix\" data-tab=\"4\" aria-labelledby=\"formation-condense\"><p>Pour les \u00e9l\u00e8ves avocates et \u00e9l\u00e8ves avocats validant un M2, un LLM ou un MS au titre de leur PPI, il peut \u00eatre propos\u00e9 un am\u00e9nagement sp\u00e9cifique au second semestre. En effet, dans certains cas, un stage est susceptible d\u2019\u00eatre effectu\u00e9 dans le cas de cette formation, rendant impossible le d\u00e9marrage des cours \u00e0 l\u2019EFB en juin. Le cas \u00e9ch\u00e9ant, une rentr\u00e9e d\u00e9cal\u00e9e fin ao\u00fbt leur permet de suivre les enseignements de mani\u00e8re condens\u00e9e jusqu\u2019en d\u00e9cembre. Veuillez noter que le programme et le volume horaire restent les m\u00eames que pour les autres \u00e9l\u00e8ves avocats (l\u2019enseignement du LAB sera simplement organis\u00e9 diff\u00e9remment en fonction de cette rentr\u00e9e d\u00e9cal\u00e9e). Les \u00e9l\u00e8ves en formation condens\u00e9e n\u2019auront pas le choix des mati\u00e8res de proc\u00e9dure : ils auront \u201ctribunal judiciaire\u201d et \u201ccour d\u2019appel\u201d en mati\u00e8res principales et \u201cjuge des r\u00e9f\u00e9r\u00e9s (judiciaire)\u201d et \u201ctribunal administratif\u201d en mati\u00e8res compl\u00e9mentaires\u201d.<\/p><p>Ce choix de d\u00e9roulement de scolarit\u00e9 implique des cours toute la journ\u00e9e (rythme soutenu) et n\u2019est donc pas compatible avec la formation altern\u00e9e.<\/p><p><em><strong>Attention : ce r\u00e9gime ne sera plus disponible \u00e0 compter de 2027<\/strong><\/em><\/p><\/div>\n\t\t\t\t\t<\/div><\/div>\t\t\t\t<\/div>\n\t\t\t\t<\/div>\n\t\t\t\t<\/div>\n\t\t\t\t\t<\/div>\n\t\t\t\t<\/div>\n\t\t\t\t<\/div>\n\t\t","protected":false},"excerpt":{"rendered":"<p>Je g\u00e8re ma formation Comment s&rsquo;organise mon semestre de cours ? Je g\u00e8re ma formation Organisation des cours Organisation des cours L&rsquo;\u00e9l\u00e8ve a le choix d&rsquo;organiser son semestre de cours selon diff\u00e9rentes modalit\u00e9s : Cours exclusivement Formation altern\u00e9e (avec stage de 20h max) D\u00e9rogation salariat Apprentissage : le passage des \u00e9coles des avocats \u00e0 la r\u00e9forme de l&rsquo;apprentissage est normalement programm\u00e9 pour janvier 2027. Celui-ci est toutefois conditionn\u00e9 \u00e0 plusieurs \u00e9tapes administratives et r\u00e9glementaires qui restent \u00e0 franchir pour garantir un cadre juridique et p\u00e9dagogique s\u00e9curis\u00e9 aux \u00e9l\u00e8ves et aux cabinets employeurs. Les informations devraient \u00eatre disponibles sur ce site d&rsquo;ici septembre 2026. Quoi qu&rsquo;il en soit, ce r\u00e9gime sera optionnel (\u00e0 la demande de l&rsquo;\u00e9l\u00e8ve).&nbsp;&nbsp; Cours exclusivement Les \u00e9l\u00e8ves avocates et \u00e9l\u00e8ves avocats auront cours l\u2019apr\u00e8s-midi, l\u2019amplitude horaire pouvant s\u2019\u00e9tendre de 14h \u00e0 20h30 maximum (sauf les samedis o\u00f9 les cours ne peuvent avoir lieu que le matin). Toutefois, en fonction de vos choix de parcours de sp\u00e9cialisation, il est possible que des cours se tiennent le matin durant deux voire trois semaines maximum.\u00a0 Cette organisation permet \u00e0 l\u2019\u00e9l\u00e8ve avocate et \u00e0 l&rsquo;\u00e9l\u00e8ve avocat de choisir de suivre les enseignements fondamentaux au premier ou deuxi\u00e8me semestre. Formation altern\u00e9e Pl\u00e9biscit\u00e9e par les \u00e9l\u00e8ves avocates et \u00e9l\u00e8ves avocats et les structures qui les accueillent, la formation altern\u00e9e s\u2019effectue pendant la p\u00e9riode des enseignements et se d\u00e9roule en parall\u00e8le des cours dispens\u00e9s \u00e0 l\u2019EFB, selon un planning pr\u00e9cis : cours le matin (de 8h \u00e0 13h) puis stage l\u2019apr\u00e8s-midi\u00a0d\u2019un maximum de 20 heures hebdomadaires\u00a0(\u00e0 partir de 14h). L\u2019affectation aux cours du matin sera en priorit\u00e9 effectu\u00e9e \u00e0 ceux ayant rendu leur formulaire de pr\u00e9-convention de stage de 20h dans les d\u00e9lais impartis ci-dessous et sous r\u00e9serve des places disponibles.Ceux dont les demandes d\u2019inscription en formation altern\u00e9e seraient incompl\u00e8tes ou hors d\u00e9lai seront automatiquement inscrits au r\u00e9gime \u00ab cours exclusivement \u00bb. Le cas \u00e9ch\u00e9ant, ils pourront tout de m\u00eame b\u00e9n\u00e9ficier d\u2019une convention de stage de 20h. Ce dernier se tiendra alors le matin puisque les cours auront lieu l\u2019apr\u00e8s-midi \u00e0 partir de 14h. La formation altern\u00e9e peut se d\u00e9rouler dans un cabinet d\u2019avocats, dans le service juridique d\u2019une entreprise ou d\u2019une association ou au sein d\u2019une juridiction. Le rythme et la charge de travail au sein de l\u2019\u00e9cole sont rigoureusement les m\u00eames pour l\u2019ensemble des \u00e9l\u00e8ves. Par ailleurs, l\u2019\u00e9l\u00e8ve choisissant la formation altern\u00e9e doit s\u2019assurer de la compatibilit\u00e9 de son activit\u00e9 avec sa combinaison de parcours de sp\u00e9cialisation. Tableau r\u00e9capitulatif des principales \u00e9ch\u00e9ances pour les stages de 20 h en formation altern\u00e9e, selon qu\u2019ils sont r\u00e9alis\u00e9s au 1er ou au 2e semestre 2026. Dates cl\u00e9s du stage en formation altern\u00e9e (stage de 20 h maximum) \u00c9ch\u00e9ance Stage au 1er semestre 2026 Stage au 2e semestre 2026 Envoi du formulaire de pr\u00e9-convention(accessible sur WebAurion) au plus tard le12 d\u00e9c. 2025 au plus tard le13 mars 2025 Dates du stage de 20 h du5 janv. 2026au19 juin 2026 du22 juin 2026au24 d\u00e9c. 2026 Cas particulier : d\u00e9rogation salariat.elementor-24415 .elementor-element.elementor-element-9a33368{&#8211;display:flex;&#8211;flex-direction:row;&#8211;container-widget-width:calc( ( 1 &#8211; var( &#8211;container-widget-flex-grow ) ) * 100% );&#8211;container-widget-height:100%;&#8211;container-widget-flex-grow:1;&#8211;container-widget-align-self:stretch;&#8211;flex-wrap-mobile:wrap;&#8211;align-items:stretch;&#8211;gap:10px 10px;&#8211;row-gap:10px;&#8211;column-gap:10px;}.elementor-24415 .elementor-element.elementor-element-1dca89e{&#8211;display:flex;}.elementor-widget-text-editor{font-family:var( &#8211;e-global-typography-text-font-family ), arial;font-weight:var( &#8211;e-global-typography-text-font-weight );color:var( &#8211;e-global-color-text );}.elementor-widget-text-editor.elementor-drop-cap-view-stacked .elementor-drop-cap{background-color:var( &#8211;e-global-color-primary );}.elementor-widget-text-editor.elementor-drop-cap-view-framed .elementor-drop-cap, .elementor-widget-text-editor.elementor-drop-cap-view-default .elementor-drop-cap{color:var( &#8211;e-global-color-primary );border-color:var( &#8211;e-global-color-primary );}.elementor-24415 .elementor-element.elementor-element-b362f46{text-align:start;font-family:\u00a0\u00bbInter\u00a0\u00bb, arial;font-weight:400;}.elementor-24415 .elementor-element.elementor-element-db61b7b{&#8211;display:flex;&#8211;justify-content:center;&#8211;border-radius:8px 8px 8px 8px;&#8211;padding-top:20px;&#8211;padding-bottom:20px;&#8211;padding-left:20px;&#8211;padding-right:20px;}.elementor-24415 .elementor-element.elementor-element-db61b7b:not(.elementor-motion-effects-element-type-background), .elementor-24415 .elementor-element.elementor-element-db61b7b &gt; .elementor-motion-effects-container &gt; .elementor-motion-effects-layer{background-color:var( &#8211;e-global-color-647d7a3 );}.elementor-24415 .elementor-element.elementor-element-dcba5be{text-align:justify;font-family:\u00a0\u00bbInter\u00a0\u00bb, arial;font-size:16px;font-weight:400;line-height:26px;color:#38497F;}.elementor-24415 .elementor-element.elementor-element-dcba5be &gt; .elementor-widget-container{margin:0px 0px 0px 0px;padding:0px 0px 0px 0px;}@media(max-width:767px){.elementor-24415 .elementor-element.elementor-element-dcba5be{text-align:center;}} Tout en donnant la priorit\u00e9 \u00e0 la p\u00e9riode de formation, l\u2019EFB offre\u00a0(en fonction des places disponibles)\u00a0la possibilit\u00e9 \u00e0 certains futurs \u00e9l\u00e8ves avocats en situation salari\u00e9e de suivre leurs enseignements suivant le planning de la formation altern\u00e9e : Les cours auront lieu le matin de 8h00 \u00e0 13h00 (y compris certains samedis) et uniquement au 1er semestre 2026. Pour les juristes en entreprise : la p\u00e9riode de PPI peut \u00eatre valid\u00e9e au titre de leur activit\u00e9 professionnelle. Si vous r\u00e9pondez aux crit\u00e8res, le service PPI prendra contact avec vous \u00e0 la suite de votre inscription en d\u00e9cembre. Pour leur stage final, les \u00e9l\u00e8ves avocats concern\u00e9s sont tenus d\u2019effectuer un stage en cabinet d\u2019avocats.\u00a0 Pour les juristes en cabinet d\u2019avocats : l\u2019activit\u00e9 professionnelle peut \u00eatre valid\u00e9e au titre du stage final. Pour leur PPI, les \u00e9l\u00e8ves avocates et les \u00e9l\u00e8ves avocats concern\u00e9s sont tenus d\u2019effectuer un stage en dehors de leur cabinet.Une \u00e9ventuelle inversion entre stage PPI et stage final peut \u00eatre envisag\u00e9e afin de faciliter le parcours des \u00e9l\u00e8ves avocates salari\u00e9es et des \u00e9l\u00e8ves avocats salari\u00e9s (c&rsquo;est \u00e0 dire : cours au 1er semestre, stage final au 2e semestre, stage PPI au 3e\u00a0 semestre). Vous devrez imp\u00e9rativement commencer votre formation \u00e0 l\u2019EFB par le semestre d\u2019enseignements et vous devrez constituer un dossier incluant\u00a0: Un contrat de travail ayant commenc\u00e9 au plus tard le 1er octobre 2025\u00a0; Un formulaire d\u2019engagement sign\u00e9 par votre employeur et vous-m\u00eame, confirmant la compatibilit\u00e9 de votre activit\u00e9 salari\u00e9e avec les cours obligatoires de l\u2019EFB (Ce formulaire \u00e9tabli par l\u2019EFB vous sera transmis au moment de votre pr\u00e9inscription et devra nous \u00eatre retourn\u00e9 compl\u00e9t\u00e9 et sign\u00e9 lors de votre inscription d\u00e9finitive). \u00a0 Attention, si vous optez pour un parcours de sp\u00e9cialisation dont les cours sont dispens\u00e9s l\u2019apr\u00e8s-midi, il vous appartiendra de convenir avec votre employeur des modalit\u00e9s de votre absence pour formation pendant les deux ou trois semaines concern\u00e9es. Le planning sera disponible au plus tard une semaine avant le d\u00e9but des cours. L&rsquo;EFB attire l&rsquo;attention des \u00e9l\u00e8ves sur le rythme particuli\u00e8rement soutenu de l&rsquo;am\u00e9nagement salari\u00e9, notamment en p\u00e9riode de foisonnements. Ce rythme n\u00e9cessite d&rsquo;avoir une capacit\u00e9 de travail tr\u00e8s importante et une organisation appropri\u00e9e (activit\u00e9 \u00e0 temps partiel), car la charge de travail au sein de l\u2019\u00e9cole est la m\u00eame pour l\u2019ensemble des \u00e9l\u00e8ves avocates et \u00e9l\u00e8ves avocats.\u00a0 Cette d\u00e9rogation sera accord\u00e9e sur \u00e9tude de dossier et sous r\u00e9serve des places disponibles qui sont limit\u00e9es.\u00a0 Formation condens\u00e9e Pour les \u00e9l\u00e8ves avocates et \u00e9l\u00e8ves avocats validant un M2, un LLM ou un MS au titre de leur PPI, il peut \u00eatre propos\u00e9 un am\u00e9nagement sp\u00e9cifique au second semestre. En effet, dans certains cas, un stage est susceptible d\u2019\u00eatre effectu\u00e9 dans le cas de cette formation, rendant impossible<\/p>\n","protected":false},"author":1,"featured_media":0,"parent":1122,"menu_order":0,"comment_status":"closed","ping_status":"closed","template":"","meta":{"_acf_changed":false,"footnotes":""},"class_list":["post-4548","page","type-page","status-publish","hentry"],"acf":[],"yoast_head":"<!-- This site is optimized with the Yoast SEO plugin v27.4 - https:\/\/yoast.com\/product\/yoast-seo-wordpress\/ -->\n<title>Les diff\u00e9rents r\u00e9gimes possibles - efb.fr<\/title>\n<meta name=\"robots\" content=\"index, follow, max-snippet:-1, max-image-preview:large, max-video-preview:-1\" \/>\n<link rel=\"canonical\" href=\"https:\/\/wpvit.efb.fr\/index.php\/je-suis-eleve-avocat-a-lefb\/je-gere-ma-formation\/les-differents-regimes-possibles\/\" \/>\n<meta property=\"og:locale\" content=\"fr_FR\" \/>\n<meta property=\"og:type\" content=\"article\" \/>\n<meta property=\"og:title\" content=\"Les diff\u00e9rents r\u00e9gimes possibles - efb.fr\" \/>\n<meta property=\"og:description\" content=\"Je g\u00e8re ma formation Comment s&rsquo;organise mon semestre de cours ? Je g\u00e8re ma formation Organisation des cours Organisation des cours L&rsquo;\u00e9l\u00e8ve a le choix d&rsquo;organiser son semestre de cours selon diff\u00e9rentes modalit\u00e9s : Cours exclusivement Formation altern\u00e9e (avec stage de 20h max) D\u00e9rogation salariat Apprentissage : le passage des \u00e9coles des avocats \u00e0 la r\u00e9forme de l&rsquo;apprentissage est normalement programm\u00e9 pour janvier 2027. Celui-ci est toutefois conditionn\u00e9 \u00e0 plusieurs \u00e9tapes administratives et r\u00e9glementaires qui restent \u00e0 franchir pour garantir un cadre juridique et p\u00e9dagogique s\u00e9curis\u00e9 aux \u00e9l\u00e8ves et aux cabinets employeurs. Les informations devraient \u00eatre disponibles sur ce site d&rsquo;ici septembre 2026. Quoi qu&rsquo;il en soit, ce r\u00e9gime sera optionnel (\u00e0 la demande de l&rsquo;\u00e9l\u00e8ve).&nbsp;&nbsp; Cours exclusivement Les \u00e9l\u00e8ves avocates et \u00e9l\u00e8ves avocats auront cours l\u2019apr\u00e8s-midi, l\u2019amplitude horaire pouvant s\u2019\u00e9tendre de 14h \u00e0 20h30 maximum (sauf les samedis o\u00f9 les cours ne peuvent avoir lieu que le matin). Toutefois, en fonction de vos choix de parcours de sp\u00e9cialisation, il est possible que des cours se tiennent le matin durant deux voire trois semaines maximum.\u00a0 Cette organisation permet \u00e0 l\u2019\u00e9l\u00e8ve avocate et \u00e0 l&rsquo;\u00e9l\u00e8ve avocat de choisir de suivre les enseignements fondamentaux au premier ou deuxi\u00e8me semestre. Formation altern\u00e9e Pl\u00e9biscit\u00e9e par les \u00e9l\u00e8ves avocates et \u00e9l\u00e8ves avocats et les structures qui les accueillent, la formation altern\u00e9e s\u2019effectue pendant la p\u00e9riode des enseignements et se d\u00e9roule en parall\u00e8le des cours dispens\u00e9s \u00e0 l\u2019EFB, selon un planning pr\u00e9cis : cours le matin (de 8h \u00e0 13h) puis stage l\u2019apr\u00e8s-midi\u00a0d\u2019un maximum de 20 heures hebdomadaires\u00a0(\u00e0 partir de 14h). L\u2019affectation aux cours du matin sera en priorit\u00e9 effectu\u00e9e \u00e0 ceux ayant rendu leur formulaire de pr\u00e9-convention de stage de 20h dans les d\u00e9lais impartis ci-dessous et sous r\u00e9serve des places disponibles.Ceux dont les demandes d\u2019inscription en formation altern\u00e9e seraient incompl\u00e8tes ou hors d\u00e9lai seront automatiquement inscrits au r\u00e9gime \u00ab cours exclusivement \u00bb. Le cas \u00e9ch\u00e9ant, ils pourront tout de m\u00eame b\u00e9n\u00e9ficier d\u2019une convention de stage de 20h. Ce dernier se tiendra alors le matin puisque les cours auront lieu l\u2019apr\u00e8s-midi \u00e0 partir de 14h. La formation altern\u00e9e peut se d\u00e9rouler dans un cabinet d\u2019avocats, dans le service juridique d\u2019une entreprise ou d\u2019une association ou au sein d\u2019une juridiction. Le rythme et la charge de travail au sein de l\u2019\u00e9cole sont rigoureusement les m\u00eames pour l\u2019ensemble des \u00e9l\u00e8ves. Par ailleurs, l\u2019\u00e9l\u00e8ve choisissant la formation altern\u00e9e doit s\u2019assurer de la compatibilit\u00e9 de son activit\u00e9 avec sa combinaison de parcours de sp\u00e9cialisation. Tableau r\u00e9capitulatif des principales \u00e9ch\u00e9ances pour les stages de 20 h en formation altern\u00e9e, selon qu\u2019ils sont r\u00e9alis\u00e9s au 1er ou au 2e semestre 2026. Dates cl\u00e9s du stage en formation altern\u00e9e (stage de 20 h maximum) \u00c9ch\u00e9ance Stage au 1er semestre 2026 Stage au 2e semestre 2026 Envoi du formulaire de pr\u00e9-convention(accessible sur WebAurion) au plus tard le12 d\u00e9c. 2025 au plus tard le13 mars 2025 Dates du stage de 20 h du5 janv. 2026au19 juin 2026 du22 juin 2026au24 d\u00e9c. 2026 Cas particulier : d\u00e9rogation salariat.elementor-24415 .elementor-element.elementor-element-9a33368{&#8211;display:flex;&#8211;flex-direction:row;&#8211;container-widget-width:calc( ( 1 &#8211; var( &#8211;container-widget-flex-grow ) ) * 100% );&#8211;container-widget-height:100%;&#8211;container-widget-flex-grow:1;&#8211;container-widget-align-self:stretch;&#8211;flex-wrap-mobile:wrap;&#8211;align-items:stretch;&#8211;gap:10px 10px;&#8211;row-gap:10px;&#8211;column-gap:10px;}.elementor-24415 .elementor-element.elementor-element-1dca89e{&#8211;display:flex;}.elementor-widget-text-editor{font-family:var( &#8211;e-global-typography-text-font-family ), arial;font-weight:var( &#8211;e-global-typography-text-font-weight );color:var( &#8211;e-global-color-text );}.elementor-widget-text-editor.elementor-drop-cap-view-stacked .elementor-drop-cap{background-color:var( &#8211;e-global-color-primary );}.elementor-widget-text-editor.elementor-drop-cap-view-framed .elementor-drop-cap, .elementor-widget-text-editor.elementor-drop-cap-view-default .elementor-drop-cap{color:var( &#8211;e-global-color-primary );border-color:var( &#8211;e-global-color-primary );}.elementor-24415 .elementor-element.elementor-element-b362f46{text-align:start;font-family:\u00a0\u00bbInter\u00a0\u00bb, arial;font-weight:400;}.elementor-24415 .elementor-element.elementor-element-db61b7b{&#8211;display:flex;&#8211;justify-content:center;&#8211;border-radius:8px 8px 8px 8px;&#8211;padding-top:20px;&#8211;padding-bottom:20px;&#8211;padding-left:20px;&#8211;padding-right:20px;}.elementor-24415 .elementor-element.elementor-element-db61b7b:not(.elementor-motion-effects-element-type-background), .elementor-24415 .elementor-element.elementor-element-db61b7b &gt; .elementor-motion-effects-container &gt; .elementor-motion-effects-layer{background-color:var( &#8211;e-global-color-647d7a3 );}.elementor-24415 .elementor-element.elementor-element-dcba5be{text-align:justify;font-family:\u00a0\u00bbInter\u00a0\u00bb, arial;font-size:16px;font-weight:400;line-height:26px;color:#38497F;}.elementor-24415 .elementor-element.elementor-element-dcba5be &gt; .elementor-widget-container{margin:0px 0px 0px 0px;padding:0px 0px 0px 0px;}@media(max-width:767px){.elementor-24415 .elementor-element.elementor-element-dcba5be{text-align:center;}} Tout en donnant la priorit\u00e9 \u00e0 la p\u00e9riode de formation, l\u2019EFB offre\u00a0(en fonction des places disponibles)\u00a0la possibilit\u00e9 \u00e0 certains futurs \u00e9l\u00e8ves avocats en situation salari\u00e9e de suivre leurs enseignements suivant le planning de la formation altern\u00e9e : Les cours auront lieu le matin de 8h00 \u00e0 13h00 (y compris certains samedis) et uniquement au 1er semestre 2026. Pour les juristes en entreprise : la p\u00e9riode de PPI peut \u00eatre valid\u00e9e au titre de leur activit\u00e9 professionnelle. Si vous r\u00e9pondez aux crit\u00e8res, le service PPI prendra contact avec vous \u00e0 la suite de votre inscription en d\u00e9cembre. Pour leur stage final, les \u00e9l\u00e8ves avocats concern\u00e9s sont tenus d\u2019effectuer un stage en cabinet d\u2019avocats.\u00a0 Pour les juristes en cabinet d\u2019avocats : l\u2019activit\u00e9 professionnelle peut \u00eatre valid\u00e9e au titre du stage final. Pour leur PPI, les \u00e9l\u00e8ves avocates et les \u00e9l\u00e8ves avocats concern\u00e9s sont tenus d\u2019effectuer un stage en dehors de leur cabinet.Une \u00e9ventuelle inversion entre stage PPI et stage final peut \u00eatre envisag\u00e9e afin de faciliter le parcours des \u00e9l\u00e8ves avocates salari\u00e9es et des \u00e9l\u00e8ves avocats salari\u00e9s (c&rsquo;est \u00e0 dire : cours au 1er semestre, stage final au 2e semestre, stage PPI au 3e\u00a0 semestre). Vous devrez imp\u00e9rativement commencer votre formation \u00e0 l\u2019EFB par le semestre d\u2019enseignements et vous devrez constituer un dossier incluant\u00a0: Un contrat de travail ayant commenc\u00e9 au plus tard le 1er octobre 2025\u00a0; Un formulaire d\u2019engagement sign\u00e9 par votre employeur et vous-m\u00eame, confirmant la compatibilit\u00e9 de votre activit\u00e9 salari\u00e9e avec les cours obligatoires de l\u2019EFB (Ce formulaire \u00e9tabli par l\u2019EFB vous sera transmis au moment de votre pr\u00e9inscription et devra nous \u00eatre retourn\u00e9 compl\u00e9t\u00e9 et sign\u00e9 lors de votre inscription d\u00e9finitive). \u00a0 Attention, si vous optez pour un parcours de sp\u00e9cialisation dont les cours sont dispens\u00e9s l\u2019apr\u00e8s-midi, il vous appartiendra de convenir avec votre employeur des modalit\u00e9s de votre absence pour formation pendant les deux ou trois semaines concern\u00e9es. Le planning sera disponible au plus tard une semaine avant le d\u00e9but des cours. L&rsquo;EFB attire l&rsquo;attention des \u00e9l\u00e8ves sur le rythme particuli\u00e8rement soutenu de l&rsquo;am\u00e9nagement salari\u00e9, notamment en p\u00e9riode de foisonnements. Ce rythme n\u00e9cessite d&rsquo;avoir une capacit\u00e9 de travail tr\u00e8s importante et une organisation appropri\u00e9e (activit\u00e9 \u00e0 temps partiel), car la charge de travail au sein de l\u2019\u00e9cole est la m\u00eame pour l\u2019ensemble des \u00e9l\u00e8ves avocates et \u00e9l\u00e8ves avocats.\u00a0 Cette d\u00e9rogation sera accord\u00e9e sur \u00e9tude de dossier et sous r\u00e9serve des places disponibles qui sont limit\u00e9es.\u00a0 Formation condens\u00e9e Pour les \u00e9l\u00e8ves avocates et \u00e9l\u00e8ves avocats validant un M2, un LLM ou un MS au titre de leur PPI, il peut \u00eatre propos\u00e9 un am\u00e9nagement sp\u00e9cifique au second semestre. En effet, dans certains cas, un stage est susceptible d\u2019\u00eatre effectu\u00e9 dans le cas de cette formation, rendant impossible\" \/>\n<meta property=\"og:url\" content=\"https:\/\/wpvit.efb.fr\/index.php\/je-suis-eleve-avocat-a-lefb\/je-gere-ma-formation\/les-differents-regimes-possibles\/\" \/>\n<meta property=\"og:site_name\" content=\"efb.fr\" \/>\n<meta property=\"article:modified_time\" content=\"2026-03-17T15:41:45+00:00\" \/>\n<meta name=\"twitter:card\" content=\"summary_large_image\" \/>\n<meta name=\"twitter:label1\" content=\"Dur\u00e9e de lecture estim\u00e9e\" \/>\n\t<meta name=\"twitter:data1\" content=\"8 minutes\" \/>\n<script type=\"application\/ld+json\" class=\"yoast-schema-graph\">{\"@context\":\"https:\\\/\\\/schema.org\",\"@graph\":[{\"@type\":\"WebPage\",\"@id\":\"https:\\\/\\\/wpvit.efb.fr\\\/index.php\\\/je-suis-eleve-avocat-a-lefb\\\/je-gere-ma-formation\\\/les-differents-regimes-possibles\\\/\",\"url\":\"https:\\\/\\\/wpvit.efb.fr\\\/index.php\\\/je-suis-eleve-avocat-a-lefb\\\/je-gere-ma-formation\\\/les-differents-regimes-possibles\\\/\",\"name\":\"Les diff\u00e9rents r\u00e9gimes possibles - efb.fr\",\"isPartOf\":{\"@id\":\"https:\\\/\\\/wpvit.efb.fr\\\/#website\"},\"datePublished\":\"2023-03-01T14:53:25+00:00\",\"dateModified\":\"2026-03-17T15:41:45+00:00\",\"breadcrumb\":{\"@id\":\"https:\\\/\\\/wpvit.efb.fr\\\/index.php\\\/je-suis-eleve-avocat-a-lefb\\\/je-gere-ma-formation\\\/les-differents-regimes-possibles\\\/#breadcrumb\"},\"inLanguage\":\"fr-FR\",\"potentialAction\":[{\"@type\":\"ReadAction\",\"target\":[\"https:\\\/\\\/wpvit.efb.fr\\\/index.php\\\/je-suis-eleve-avocat-a-lefb\\\/je-gere-ma-formation\\\/les-differents-regimes-possibles\\\/\"]}]},{\"@type\":\"BreadcrumbList\",\"@id\":\"https:\\\/\\\/wpvit.efb.fr\\\/index.php\\\/je-suis-eleve-avocat-a-lefb\\\/je-gere-ma-formation\\\/les-differents-regimes-possibles\\\/#breadcrumb\",\"itemListElement\":[{\"@type\":\"ListItem\",\"position\":1,\"name\":\"Accueil\",\"item\":\"https:\\\/\\\/wpvit.efb.fr\\\/\"},{\"@type\":\"ListItem\",\"position\":2,\"name\":\"Je suis \u00e9l\u00e8ve avocat \u00e0 l&#8217;efb\",\"item\":\"https:\\\/\\\/wpvit.efb.fr\\\/index.php\\\/je-suis-eleve-avocat-a-lefb\\\/\"},{\"@type\":\"ListItem\",\"position\":3,\"name\":\"Je g\u00e8re ma formation\",\"item\":\"https:\\\/\\\/wpvit.efb.fr\\\/index.php\\\/je-suis-eleve-avocat-a-lefb\\\/je-gere-ma-formation\\\/\"},{\"@type\":\"ListItem\",\"position\":4,\"name\":\"Les diff\u00e9rents r\u00e9gimes possibles\"}]},{\"@type\":\"WebSite\",\"@id\":\"https:\\\/\\\/wpvit.efb.fr\\\/#website\",\"url\":\"https:\\\/\\\/wpvit.efb.fr\\\/\",\"name\":\"EFB\",\"description\":\"\",\"publisher\":{\"@id\":\"https:\\\/\\\/wpvit.efb.fr\\\/#organization\"},\"potentialAction\":[{\"@type\":\"SearchAction\",\"target\":{\"@type\":\"EntryPoint\",\"urlTemplate\":\"https:\\\/\\\/wpvit.efb.fr\\\/?s={search_term_string}\"},\"query-input\":{\"@type\":\"PropertyValueSpecification\",\"valueRequired\":true,\"valueName\":\"search_term_string\"}}],\"inLanguage\":\"fr-FR\"},{\"@type\":\"Organization\",\"@id\":\"https:\\\/\\\/wpvit.efb.fr\\\/#organization\",\"name\":\"\u00c9cole de formation professionnelle des barreaux du ressort de la cour d\u2019appel de Paris (EFB)\",\"alternateName\":\"\u00c9cole de Formation des Barreaux (EFB)\",\"url\":\"https:\\\/\\\/wpvit.efb.fr\\\/\",\"logo\":{\"@type\":\"ImageObject\",\"inLanguage\":\"fr-FR\",\"@id\":\"https:\\\/\\\/wpvit.efb.fr\\\/#\\\/schema\\\/logo\\\/image\\\/\",\"url\":\"https:\\\/\\\/wpvit.efb.fr\\\/wp-content\\\/uploads\\\/2024\\\/10\\\/cropped-Logo-EFB-2023_fond-transparent_mail.png\",\"contentUrl\":\"https:\\\/\\\/wpvit.efb.fr\\\/wp-content\\\/uploads\\\/2024\\\/10\\\/cropped-Logo-EFB-2023_fond-transparent_mail.png\",\"width\":638,\"height\":282,\"caption\":\"\u00c9cole de formation professionnelle des barreaux du ressort de la cour d\u2019appel de Paris (EFB)\"},\"image\":{\"@id\":\"https:\\\/\\\/wpvit.efb.fr\\\/#\\\/schema\\\/logo\\\/image\\\/\"}}]}<\/script>\n<!-- \/ Yoast SEO plugin. -->","yoast_head_json":{"title":"Les diff\u00e9rents r\u00e9gimes possibles - efb.fr","robots":{"index":"index","follow":"follow","max-snippet":"max-snippet:-1","max-image-preview":"max-image-preview:large","max-video-preview":"max-video-preview:-1"},"canonical":"https:\/\/wpvit.efb.fr\/index.php\/je-suis-eleve-avocat-a-lefb\/je-gere-ma-formation\/les-differents-regimes-possibles\/","og_locale":"fr_FR","og_type":"article","og_title":"Les diff\u00e9rents r\u00e9gimes possibles - efb.fr","og_description":"Je g\u00e8re ma formation Comment s&rsquo;organise mon semestre de cours ? Je g\u00e8re ma formation Organisation des cours Organisation des cours L&rsquo;\u00e9l\u00e8ve a le choix d&rsquo;organiser son semestre de cours selon diff\u00e9rentes modalit\u00e9s : Cours exclusivement Formation altern\u00e9e (avec stage de 20h max) D\u00e9rogation salariat Apprentissage : le passage des \u00e9coles des avocats \u00e0 la r\u00e9forme de l&rsquo;apprentissage est normalement programm\u00e9 pour janvier 2027. Celui-ci est toutefois conditionn\u00e9 \u00e0 plusieurs \u00e9tapes administratives et r\u00e9glementaires qui restent \u00e0 franchir pour garantir un cadre juridique et p\u00e9dagogique s\u00e9curis\u00e9 aux \u00e9l\u00e8ves et aux cabinets employeurs. Les informations devraient \u00eatre disponibles sur ce site d&rsquo;ici septembre 2026. Quoi qu&rsquo;il en soit, ce r\u00e9gime sera optionnel (\u00e0 la demande de l&rsquo;\u00e9l\u00e8ve).&nbsp;&nbsp; Cours exclusivement Les \u00e9l\u00e8ves avocates et \u00e9l\u00e8ves avocats auront cours l\u2019apr\u00e8s-midi, l\u2019amplitude horaire pouvant s\u2019\u00e9tendre de 14h \u00e0 20h30 maximum (sauf les samedis o\u00f9 les cours ne peuvent avoir lieu que le matin). Toutefois, en fonction de vos choix de parcours de sp\u00e9cialisation, il est possible que des cours se tiennent le matin durant deux voire trois semaines maximum.\u00a0 Cette organisation permet \u00e0 l\u2019\u00e9l\u00e8ve avocate et \u00e0 l&rsquo;\u00e9l\u00e8ve avocat de choisir de suivre les enseignements fondamentaux au premier ou deuxi\u00e8me semestre. Formation altern\u00e9e Pl\u00e9biscit\u00e9e par les \u00e9l\u00e8ves avocates et \u00e9l\u00e8ves avocats et les structures qui les accueillent, la formation altern\u00e9e s\u2019effectue pendant la p\u00e9riode des enseignements et se d\u00e9roule en parall\u00e8le des cours dispens\u00e9s \u00e0 l\u2019EFB, selon un planning pr\u00e9cis : cours le matin (de 8h \u00e0 13h) puis stage l\u2019apr\u00e8s-midi\u00a0d\u2019un maximum de 20 heures hebdomadaires\u00a0(\u00e0 partir de 14h). L\u2019affectation aux cours du matin sera en priorit\u00e9 effectu\u00e9e \u00e0 ceux ayant rendu leur formulaire de pr\u00e9-convention de stage de 20h dans les d\u00e9lais impartis ci-dessous et sous r\u00e9serve des places disponibles.Ceux dont les demandes d\u2019inscription en formation altern\u00e9e seraient incompl\u00e8tes ou hors d\u00e9lai seront automatiquement inscrits au r\u00e9gime \u00ab cours exclusivement \u00bb. Le cas \u00e9ch\u00e9ant, ils pourront tout de m\u00eame b\u00e9n\u00e9ficier d\u2019une convention de stage de 20h. Ce dernier se tiendra alors le matin puisque les cours auront lieu l\u2019apr\u00e8s-midi \u00e0 partir de 14h. La formation altern\u00e9e peut se d\u00e9rouler dans un cabinet d\u2019avocats, dans le service juridique d\u2019une entreprise ou d\u2019une association ou au sein d\u2019une juridiction. Le rythme et la charge de travail au sein de l\u2019\u00e9cole sont rigoureusement les m\u00eames pour l\u2019ensemble des \u00e9l\u00e8ves. Par ailleurs, l\u2019\u00e9l\u00e8ve choisissant la formation altern\u00e9e doit s\u2019assurer de la compatibilit\u00e9 de son activit\u00e9 avec sa combinaison de parcours de sp\u00e9cialisation. Tableau r\u00e9capitulatif des principales \u00e9ch\u00e9ances pour les stages de 20 h en formation altern\u00e9e, selon qu\u2019ils sont r\u00e9alis\u00e9s au 1er ou au 2e semestre 2026. Dates cl\u00e9s du stage en formation altern\u00e9e (stage de 20 h maximum) \u00c9ch\u00e9ance Stage au 1er semestre 2026 Stage au 2e semestre 2026 Envoi du formulaire de pr\u00e9-convention(accessible sur WebAurion) au plus tard le12 d\u00e9c. 2025 au plus tard le13 mars 2025 Dates du stage de 20 h du5 janv. 2026au19 juin 2026 du22 juin 2026au24 d\u00e9c. 2026 Cas particulier : d\u00e9rogation salariat.elementor-24415 .elementor-element.elementor-element-9a33368{&#8211;display:flex;&#8211;flex-direction:row;&#8211;container-widget-width:calc( ( 1 &#8211; var( &#8211;container-widget-flex-grow ) ) * 100% );&#8211;container-widget-height:100%;&#8211;container-widget-flex-grow:1;&#8211;container-widget-align-self:stretch;&#8211;flex-wrap-mobile:wrap;&#8211;align-items:stretch;&#8211;gap:10px 10px;&#8211;row-gap:10px;&#8211;column-gap:10px;}.elementor-24415 .elementor-element.elementor-element-1dca89e{&#8211;display:flex;}.elementor-widget-text-editor{font-family:var( &#8211;e-global-typography-text-font-family ), arial;font-weight:var( &#8211;e-global-typography-text-font-weight );color:var( &#8211;e-global-color-text );}.elementor-widget-text-editor.elementor-drop-cap-view-stacked .elementor-drop-cap{background-color:var( &#8211;e-global-color-primary );}.elementor-widget-text-editor.elementor-drop-cap-view-framed .elementor-drop-cap, .elementor-widget-text-editor.elementor-drop-cap-view-default .elementor-drop-cap{color:var( &#8211;e-global-color-primary );border-color:var( &#8211;e-global-color-primary );}.elementor-24415 .elementor-element.elementor-element-b362f46{text-align:start;font-family:\u00a0\u00bbInter\u00a0\u00bb, arial;font-weight:400;}.elementor-24415 .elementor-element.elementor-element-db61b7b{&#8211;display:flex;&#8211;justify-content:center;&#8211;border-radius:8px 8px 8px 8px;&#8211;padding-top:20px;&#8211;padding-bottom:20px;&#8211;padding-left:20px;&#8211;padding-right:20px;}.elementor-24415 .elementor-element.elementor-element-db61b7b:not(.elementor-motion-effects-element-type-background), .elementor-24415 .elementor-element.elementor-element-db61b7b &gt; .elementor-motion-effects-container &gt; .elementor-motion-effects-layer{background-color:var( &#8211;e-global-color-647d7a3 );}.elementor-24415 .elementor-element.elementor-element-dcba5be{text-align:justify;font-family:\u00a0\u00bbInter\u00a0\u00bb, arial;font-size:16px;font-weight:400;line-height:26px;color:#38497F;}.elementor-24415 .elementor-element.elementor-element-dcba5be &gt; .elementor-widget-container{margin:0px 0px 0px 0px;padding:0px 0px 0px 0px;}@media(max-width:767px){.elementor-24415 .elementor-element.elementor-element-dcba5be{text-align:center;}} Tout en donnant la priorit\u00e9 \u00e0 la p\u00e9riode de formation, l\u2019EFB offre\u00a0(en fonction des places disponibles)\u00a0la possibilit\u00e9 \u00e0 certains futurs \u00e9l\u00e8ves avocats en situation salari\u00e9e de suivre leurs enseignements suivant le planning de la formation altern\u00e9e : Les cours auront lieu le matin de 8h00 \u00e0 13h00 (y compris certains samedis) et uniquement au 1er semestre 2026. Pour les juristes en entreprise : la p\u00e9riode de PPI peut \u00eatre valid\u00e9e au titre de leur activit\u00e9 professionnelle. Si vous r\u00e9pondez aux crit\u00e8res, le service PPI prendra contact avec vous \u00e0 la suite de votre inscription en d\u00e9cembre. Pour leur stage final, les \u00e9l\u00e8ves avocats concern\u00e9s sont tenus d\u2019effectuer un stage en cabinet d\u2019avocats.\u00a0 Pour les juristes en cabinet d\u2019avocats : l\u2019activit\u00e9 professionnelle peut \u00eatre valid\u00e9e au titre du stage final. Pour leur PPI, les \u00e9l\u00e8ves avocates et les \u00e9l\u00e8ves avocats concern\u00e9s sont tenus d\u2019effectuer un stage en dehors de leur cabinet.Une \u00e9ventuelle inversion entre stage PPI et stage final peut \u00eatre envisag\u00e9e afin de faciliter le parcours des \u00e9l\u00e8ves avocates salari\u00e9es et des \u00e9l\u00e8ves avocats salari\u00e9s (c&rsquo;est \u00e0 dire : cours au 1er semestre, stage final au 2e semestre, stage PPI au 3e\u00a0 semestre). Vous devrez imp\u00e9rativement commencer votre formation \u00e0 l\u2019EFB par le semestre d\u2019enseignements et vous devrez constituer un dossier incluant\u00a0: Un contrat de travail ayant commenc\u00e9 au plus tard le 1er octobre 2025\u00a0; Un formulaire d\u2019engagement sign\u00e9 par votre employeur et vous-m\u00eame, confirmant la compatibilit\u00e9 de votre activit\u00e9 salari\u00e9e avec les cours obligatoires de l\u2019EFB (Ce formulaire \u00e9tabli par l\u2019EFB vous sera transmis au moment de votre pr\u00e9inscription et devra nous \u00eatre retourn\u00e9 compl\u00e9t\u00e9 et sign\u00e9 lors de votre inscription d\u00e9finitive). \u00a0 Attention, si vous optez pour un parcours de sp\u00e9cialisation dont les cours sont dispens\u00e9s l\u2019apr\u00e8s-midi, il vous appartiendra de convenir avec votre employeur des modalit\u00e9s de votre absence pour formation pendant les deux ou trois semaines concern\u00e9es. Le planning sera disponible au plus tard une semaine avant le d\u00e9but des cours. L&rsquo;EFB attire l&rsquo;attention des \u00e9l\u00e8ves sur le rythme particuli\u00e8rement soutenu de l&rsquo;am\u00e9nagement salari\u00e9, notamment en p\u00e9riode de foisonnements. Ce rythme n\u00e9cessite d&rsquo;avoir une capacit\u00e9 de travail tr\u00e8s importante et une organisation appropri\u00e9e (activit\u00e9 \u00e0 temps partiel), car la charge de travail au sein de l\u2019\u00e9cole est la m\u00eame pour l\u2019ensemble des \u00e9l\u00e8ves avocates et \u00e9l\u00e8ves avocats.\u00a0 Cette d\u00e9rogation sera accord\u00e9e sur \u00e9tude de dossier et sous r\u00e9serve des places disponibles qui sont limit\u00e9es.\u00a0 Formation condens\u00e9e Pour les \u00e9l\u00e8ves avocates et \u00e9l\u00e8ves avocats validant un M2, un LLM ou un MS au titre de leur PPI, il peut \u00eatre propos\u00e9 un am\u00e9nagement sp\u00e9cifique au second semestre. En effet, dans certains cas, un stage est susceptible d\u2019\u00eatre effectu\u00e9 dans le cas de cette formation, rendant impossible","og_url":"https:\/\/wpvit.efb.fr\/index.php\/je-suis-eleve-avocat-a-lefb\/je-gere-ma-formation\/les-differents-regimes-possibles\/","og_site_name":"efb.fr","article_modified_time":"2026-03-17T15:41:45+00:00","twitter_card":"summary_large_image","twitter_misc":{"Dur\u00e9e de lecture estim\u00e9e":"8 minutes"},"schema":{"@context":"https:\/\/schema.org","@graph":[{"@type":"WebPage","@id":"https:\/\/wpvit.efb.fr\/index.php\/je-suis-eleve-avocat-a-lefb\/je-gere-ma-formation\/les-differents-regimes-possibles\/","url":"https:\/\/wpvit.efb.fr\/index.php\/je-suis-eleve-avocat-a-lefb\/je-gere-ma-formation\/les-differents-regimes-possibles\/","name":"Les diff\u00e9rents r\u00e9gimes possibles - efb.fr","isPartOf":{"@id":"https:\/\/wpvit.efb.fr\/#website"},"datePublished":"2023-03-01T14:53:25+00:00","dateModified":"2026-03-17T15:41:45+00:00","breadcrumb":{"@id":"https:\/\/wpvit.efb.fr\/index.php\/je-suis-eleve-avocat-a-lefb\/je-gere-ma-formation\/les-differents-regimes-possibles\/#breadcrumb"},"inLanguage":"fr-FR","potentialAction":[{"@type":"ReadAction","target":["https:\/\/wpvit.efb.fr\/index.php\/je-suis-eleve-avocat-a-lefb\/je-gere-ma-formation\/les-differents-regimes-possibles\/"]}]},{"@type":"BreadcrumbList","@id":"https:\/\/wpvit.efb.fr\/index.php\/je-suis-eleve-avocat-a-lefb\/je-gere-ma-formation\/les-differents-regimes-possibles\/#breadcrumb","itemListElement":[{"@type":"ListItem","position":1,"name":"Accueil","item":"https:\/\/wpvit.efb.fr\/"},{"@type":"ListItem","position":2,"name":"Je suis \u00e9l\u00e8ve avocat \u00e0 l&#8217;efb","item":"https:\/\/wpvit.efb.fr\/index.php\/je-suis-eleve-avocat-a-lefb\/"},{"@type":"ListItem","position":3,"name":"Je g\u00e8re ma formation","item":"https:\/\/wpvit.efb.fr\/index.php\/je-suis-eleve-avocat-a-lefb\/je-gere-ma-formation\/"},{"@type":"ListItem","position":4,"name":"Les diff\u00e9rents r\u00e9gimes possibles"}]},{"@type":"WebSite","@id":"https:\/\/wpvit.efb.fr\/#website","url":"https:\/\/wpvit.efb.fr\/","name":"EFB","description":"","publisher":{"@id":"https:\/\/wpvit.efb.fr\/#organization"},"potentialAction":[{"@type":"SearchAction","target":{"@type":"EntryPoint","urlTemplate":"https:\/\/wpvit.efb.fr\/?s={search_term_string}"},"query-input":{"@type":"PropertyValueSpecification","valueRequired":true,"valueName":"search_term_string"}}],"inLanguage":"fr-FR"},{"@type":"Organization","@id":"https:\/\/wpvit.efb.fr\/#organization","name":"\u00c9cole de formation professionnelle des barreaux du ressort de la cour d\u2019appel de Paris (EFB)","alternateName":"\u00c9cole de Formation des Barreaux (EFB)","url":"https:\/\/wpvit.efb.fr\/","logo":{"@type":"ImageObject","inLanguage":"fr-FR","@id":"https:\/\/wpvit.efb.fr\/#\/schema\/logo\/image\/","url":"https:\/\/wpvit.efb.fr\/wp-content\/uploads\/2024\/10\/cropped-Logo-EFB-2023_fond-transparent_mail.png","contentUrl":"https:\/\/wpvit.efb.fr\/wp-content\/uploads\/2024\/10\/cropped-Logo-EFB-2023_fond-transparent_mail.png","width":638,"height":282,"caption":"\u00c9cole de formation professionnelle des barreaux du ressort de la cour d\u2019appel de Paris (EFB)"},"image":{"@id":"https:\/\/wpvit.efb.fr\/#\/schema\/logo\/image\/"}}]}},"_links":{"self":[{"href":"https:\/\/wpvit.efb.fr\/index.php\/wp-json\/wp\/v2\/pages\/4548","targetHints":{"allow":["GET"]}}],"collection":[{"href":"https:\/\/wpvit.efb.fr\/index.php\/wp-json\/wp\/v2\/pages"}],"about":[{"href":"https:\/\/wpvit.efb.fr\/index.php\/wp-json\/wp\/v2\/types\/page"}],"author":[{"embeddable":true,"href":"https:\/\/wpvit.efb.fr\/index.php\/wp-json\/wp\/v2\/users\/1"}],"replies":[{"embeddable":true,"href":"https:\/\/wpvit.efb.fr\/index.php\/wp-json\/wp\/v2\/comments?post=4548"}],"version-history":[{"count":777,"href":"https:\/\/wpvit.efb.fr\/index.php\/wp-json\/wp\/v2\/pages\/4548\/revisions"}],"predecessor-version":[{"id":42515,"href":"https:\/\/wpvit.efb.fr\/index.php\/wp-json\/wp\/v2\/pages\/4548\/revisions\/42515"}],"up":[{"embeddable":true,"href":"https:\/\/wpvit.efb.fr\/index.php\/wp-json\/wp\/v2\/pages\/1122"}],"wp:attachment":[{"href":"https:\/\/wpvit.efb.fr\/index.php\/wp-json\/wp\/v2\/media?parent=4548"}],"curies":[{"name":"wp","href":"https:\/\/api.w.org\/{rel}","templated":true}]}}