{"id":6742,"date":"2023-03-24T14:19:12","date_gmt":"2023-03-24T13:19:12","guid":{"rendered":"https:\/\/wpvit.efb.fr\/?page_id=6742"},"modified":"2024-08-27T15:07:54","modified_gmt":"2024-08-27T13:07:54","slug":"6-mois-enseignements-frondamentaux-pratiques","status":"publish","type":"page","link":"https:\/\/wpvit.efb.fr\/index.php\/je-suis-eleve-avocat-a-lefb\/je-gere-ma-formation\/6-mois-enseignements-frondamentaux-pratiques\/","title":{"rendered":"Les 6 mois d&rsquo;enseignements fondamentaux pratiques"},"content":{"rendered":"\t\t<div data-elementor-type=\"wp-page\" data-elementor-id=\"6742\" class=\"elementor elementor-6742\" data-elementor-post-type=\"page\">\n\t\t\t\t\t\t<section class=\"elementor-section elementor-top-section elementor-element elementor-element-133480c elementor-section-height-min-height custom-gradient-bg elementor-hidden-tablet elementor-hidden-mobile elementor-section-boxed elementor-section-height-default elementor-section-items-middle\" data-id=\"133480c\" data-element_type=\"section\" data-e-type=\"section\" data-settings=\"{&quot;background_background&quot;:&quot;classic&quot;}\">\n\t\t\t\t\t\t\t<div class=\"elementor-background-overlay\"><\/div>\n\t\t\t\t\t\t\t<div class=\"elementor-container elementor-column-gap-default\">\n\t\t\t\t\t<div class=\"elementor-column elementor-col-100 elementor-top-column elementor-element elementor-element-d6b5015\" data-id=\"d6b5015\" data-element_type=\"column\" data-e-type=\"column\">\n\t\t\t<div class=\"elementor-widget-wrap elementor-element-populated\">\n\t\t\t\t\t\t<section class=\"elementor-section elementor-inner-section elementor-element elementor-element-349267e elementor-section-boxed elementor-section-height-default elementor-section-height-default\" data-id=\"349267e\" data-element_type=\"section\" data-e-type=\"section\">\n\t\t\t\t\t\t<div class=\"elementor-container elementor-column-gap-default\">\n\t\t\t\t\t<div class=\"elementor-column elementor-col-50 elementor-inner-column elementor-element elementor-element-bdc7fab\" data-id=\"bdc7fab\" data-element_type=\"column\" data-e-type=\"column\" data-settings=\"{&quot;background_background&quot;:&quot;classic&quot;}\">\n\t\t\t<div class=\"elementor-widget-wrap elementor-element-populated\">\n\t\t\t\t\t\t<div class=\"elementor-element elementor-element-0a1ef90 elementor-widget elementor-widget-heading\" data-id=\"0a1ef90\" data-element_type=\"widget\" data-e-type=\"widget\" data-widget_type=\"heading.default\">\n\t\t\t\t<div class=\"elementor-widget-container\">\n\t\t\t\t\t<h2 class=\"elementor-heading-title elementor-size-default\"><a href=\"https:\/\/wpvit.efb.fr\/?page_id=1122\">Je g\u00e8re ma formation<\/a><\/h2>\t\t\t\t<\/div>\n\t\t\t\t<\/div>\n\t\t\t\t<div class=\"elementor-element elementor-element-06c31f6 elementor-widget elementor-widget-heading\" data-id=\"06c31f6\" data-element_type=\"widget\" data-e-type=\"widget\" data-widget_type=\"heading.default\">\n\t\t\t\t<div class=\"elementor-widget-container\">\n\t\t\t\t\t<h5 class=\"elementor-heading-title elementor-size-default\">Les 6 mois d'enseignements fondamentaux<\/h5>\t\t\t\t<\/div>\n\t\t\t\t<\/div>\n\t\t\t\t\t<\/div>\n\t\t<\/div>\n\t\t\t\t<div class=\"elementor-column elementor-col-50 elementor-inner-column elementor-element elementor-element-e4ea024\" data-id=\"e4ea024\" data-element_type=\"column\" data-e-type=\"column\">\n\t\t\t<div class=\"elementor-widget-wrap\">\n\t\t\t\t\t\t\t<\/div>\n\t\t<\/div>\n\t\t\t\t\t<\/div>\n\t\t<\/section>\n\t\t\t\t\t<\/div>\n\t\t<\/div>\n\t\t\t\t\t<\/div>\n\t\t<\/section>\n\t\t<div class=\"elementor-element elementor-element-32c194a elementor-hidden-desktop e-con-full e-flex e-con e-parent\" data-id=\"32c194a\" data-element_type=\"container\" data-e-type=\"container\">\n\t\t<div class=\"elementor-element elementor-element-7ad8c6f custom-gradient-bg e-con-full e-flex e-con e-child\" data-id=\"7ad8c6f\" data-element_type=\"container\" data-e-type=\"container\">\n\t\t\t\t<div class=\"elementor-element elementor-element-7a63b86 elementor-widget elementor-widget-heading\" data-id=\"7a63b86\" data-element_type=\"widget\" data-e-type=\"widget\" data-widget_type=\"heading.default\">\n\t\t\t\t<div class=\"elementor-widget-container\">\n\t\t\t\t\t<h2 class=\"elementor-heading-title elementor-size-default\">Je g\u00e8re ma formation<\/h2>\t\t\t\t<\/div>\n\t\t\t\t<\/div>\n\t\t\t\t<div class=\"elementor-element elementor-element-0c047c1 elementor-widget elementor-widget-heading\" data-id=\"0c047c1\" data-element_type=\"widget\" data-e-type=\"widget\" data-widget_type=\"heading.default\">\n\t\t\t\t<div class=\"elementor-widget-container\">\n\t\t\t\t\t<h5 class=\"elementor-heading-title elementor-size-default\">Les 6 mois d'enseignements fondamentaux<\/h5>\t\t\t\t<\/div>\n\t\t\t\t<\/div>\n\t\t\t\t<\/div>\n\t\t\t\t<\/div>\n\t\t<div class=\"elementor-element elementor-element-cda0e8c e-flex e-con-boxed e-con e-parent\" data-id=\"cda0e8c\" data-element_type=\"container\" data-e-type=\"container\">\n\t\t\t\t\t<div class=\"e-con-inner\">\n\t\t<div class=\"elementor-element elementor-element-7a83aea e-con-full e-flex e-con e-child\" data-id=\"7a83aea\" data-element_type=\"container\" data-e-type=\"container\">\n\t\t\t\t<div class=\"elementor-element elementor-element-dbd63cd elementor-align-left elementor-widget elementor-widget-breadcrumbs\" data-id=\"dbd63cd\" data-element_type=\"widget\" data-e-type=\"widget\" data-widget_type=\"breadcrumbs.default\">\n\t\t\t\t<div class=\"elementor-widget-container\">\n\t\t\t\t\t<p id=\"breadcrumbs\"><span><span><a href=\"https:\/\/wpvit.efb.fr\/\">Accueil<\/a><\/span><\/span><\/p>\t\t\t\t<\/div>\n\t\t\t\t<\/div>\n\t\t\t\t<div class=\"elementor-element elementor-element-8f88545 elementor-hidden-tablet elementor-hidden-mobile elementor-widget elementor-widget-spacer\" data-id=\"8f88545\" data-element_type=\"widget\" data-e-type=\"widget\" data-widget_type=\"spacer.default\">\n\t\t\t\t<div class=\"elementor-widget-container\">\n\t\t\t\t\t\t\t<div class=\"elementor-spacer\">\n\t\t\t<div class=\"elementor-spacer-inner\"><\/div>\n\t\t<\/div>\n\t\t\t\t\t\t<\/div>\n\t\t\t\t<\/div>\n\t\t\t\t<div class=\"elementor-element elementor-element-856a1da elementor-hidden-tablet elementor-hidden-mobile elementor-widget elementor-widget-heading\" data-id=\"856a1da\" data-element_type=\"widget\" data-e-type=\"widget\" data-widget_type=\"heading.default\">\n\t\t\t\t<div class=\"elementor-widget-container\">\n\t\t\t\t\t<h1 class=\"elementor-heading-title elementor-size-default\">Les 6 mois d'enseignements fondamentaux pratiques<\/h1>\t\t\t\t<\/div>\n\t\t\t\t<\/div>\n\t\t\t\t<div class=\"elementor-element elementor-element-bebead6 elementor-hidden-tablet elementor-hidden-mobile elementor-widget-divider--view-line elementor-widget elementor-widget-divider\" data-id=\"bebead6\" data-element_type=\"widget\" data-e-type=\"widget\" data-widget_type=\"divider.default\">\n\t\t\t\t<div class=\"elementor-widget-container\">\n\t\t\t\t\t\t\t<div class=\"elementor-divider\">\n\t\t\t<span class=\"elementor-divider-separator\">\n\t\t\t\t\t\t<\/span>\n\t\t<\/div>\n\t\t\t\t\t\t<\/div>\n\t\t\t\t<\/div>\n\t\t\t\t<div class=\"elementor-element elementor-element-f937058 elementor-widget elementor-widget-spacer\" data-id=\"f937058\" data-element_type=\"widget\" data-e-type=\"widget\" data-widget_type=\"spacer.default\">\n\t\t\t\t<div class=\"elementor-widget-container\">\n\t\t\t\t\t\t\t<div class=\"elementor-spacer\">\n\t\t\t<div class=\"elementor-spacer-inner\"><\/div>\n\t\t<\/div>\n\t\t\t\t\t\t<\/div>\n\t\t\t\t<\/div>\n\t\t\t\t<\/div>\n\t\t\t\t\t<\/div>\n\t\t\t\t<\/div>\n\t\t<div class=\"elementor-element elementor-element-c1d8fc1 e-flex e-con-boxed e-con e-parent\" data-id=\"c1d8fc1\" data-element_type=\"container\" data-e-type=\"container\">\n\t\t\t\t\t<div class=\"e-con-inner\">\n\t\t<div class=\"elementor-element elementor-element-a947aa4 e-con-full e-flex e-con e-child\" data-id=\"a947aa4\" data-element_type=\"container\" data-e-type=\"container\">\n\t\t\t\t<div class=\"elementor-element elementor-element-9a47167 elementor-widget elementor-widget-text-editor\" data-id=\"9a47167\" data-element_type=\"widget\" data-e-type=\"widget\" data-widget_type=\"text-editor.default\">\n\t\t\t\t<div class=\"elementor-widget-container\">\n\t\t\t\t\t\t\t\t\t<p>L\u2019acquisition des fondamentaux r\u00e9pond \u00e0 un programme de formation harmonis\u00e9 par le Conseil national des barreaux <a href=\"https:\/\/www.cnb.avocat.fr\/fr\/decision-caractere-normatif-definissant-les-principes-dorganisation-et-harmonisant-les-programmes-0\"><strong>consultable sur son site internet<\/strong><\/a>. Ce programme est enti\u00e8rement consacr\u00e9 \u00e0 la pratique de la profession d\u2019avocat et fait l\u2019objet d\u2019un <a href=\"https:\/\/wpvit.efb.fr\/?page_id=11852\"><span style=\"text-decoration: underline\">contr\u00f4le continu<\/span><\/a>.<\/p><p>D\u00e9roul\u00e9 de la p\u00e9riode d&rsquo;enseignements fondamentaux selon le <a href=\"https:\/\/wpvit.efb.fr\/?page_id=4548\"><span style=\"text-decoration: underline\">r\u00e9gime choisi<\/span><\/a>.\u00a0<\/p>\t\t\t\t\t\t\t\t<\/div>\n\t\t\t\t<\/div>\n\t\t\t\t<\/div>\n\t\t\t\t\t<\/div>\n\t\t\t\t<\/div>\n\t\t<div class=\"elementor-element elementor-element-06c19d5 e-flex e-con-boxed e-con e-parent\" data-id=\"06c19d5\" data-element_type=\"container\" data-e-type=\"container\">\n\t\t\t\t\t<div class=\"e-con-inner\">\n\t\t<div class=\"elementor-element elementor-element-9f35316 e-con-full e-flex e-con e-child\" data-id=\"9f35316\" data-element_type=\"container\" data-e-type=\"container\">\n\t\t\t\t<div class=\"elementor-element elementor-element-2c45576 accordion_custom elementor-widget elementor-widget-eael-adv-accordion\" data-id=\"2c45576\" data-element_type=\"widget\" data-e-type=\"widget\" data-widget_type=\"eael-adv-accordion.default\">\n\t\t\t\t<div class=\"elementor-widget-container\">\n\t\t\t\t\t            <div class=\"eael-adv-accordion\" id=\"eael-adv-accordion-2c45576\" data-scroll-on-click=\"no\" data-scroll-speed=\"300\" data-accordion-id=\"2c45576\" data-accordion-type=\"toggle\" data-toogle-speed=\"200\">\n            <div class=\"eael-accordion-list\">\n\t\t\t\t\t<div id=\"tronc-commun\" class=\"elementor-tab-title eael-accordion-header\" tabindex=\"0\" data-tab=\"1\" aria-controls=\"elementor-tab-content-4641\"><span class=\"eael-accordion-tab-title\">Tronc commun<\/span><svg aria-hidden=\"true\" class=\"fa-toggle e-font-icon-svg e-fas-angle-right\" viewBox=\"0 0 256 512\" xmlns=\"http:\/\/www.w3.org\/2000\/svg\"><path d=\"M224.3 273l-136 136c-9.4 9.4-24.6 9.4-33.9 0l-22.6-22.6c-9.4-9.4-9.4-24.6 0-33.9l96.4-96.4-96.4-96.4c-9.4-9.4-9.4-24.6 0-33.9L54.3 103c9.4-9.4 24.6-9.4 33.9 0l136 136c9.5 9.4 9.5 24.6.1 34z\"><\/path><\/svg><\/div><div id=\"elementor-tab-content-4641\" class=\"eael-accordion-content clearfix\" data-tab=\"1\" aria-labelledby=\"tronc-commun\"><style>.elementor-8763 .elementor-element.elementor-element-3dd2dd7{--display:flex;--flex-direction:row;--container-widget-width:calc( ( 1 - var( --container-widget-flex-grow ) ) * 100% );--container-widget-height:100%;--container-widget-flex-grow:1;--container-widget-align-self:stretch;--flex-wrap-mobile:wrap;--align-items:stretch;--gap:10px 10px;--row-gap:10px;--column-gap:10px;--margin-top:0px;--margin-bottom:0px;--margin-left:0px;--margin-right:0px;--padding-top:0px;--padding-bottom:0px;--padding-left:0px;--padding-right:0px;}.elementor-8763 .elementor-element.elementor-element-3dd2dd7.e-con{--flex-grow:0;--flex-shrink:0;}.elementor-8763 .elementor-element.elementor-element-c1099da{--display:flex;--margin-top:0px;--margin-bottom:0px;--margin-left:0px;--margin-right:0px;--padding-top:0px;--padding-bottom:0px;--padding-left:0px;--padding-right:0px;}.elementor-widget-text-editor{font-family:var( --e-global-typography-text-font-family ), arial;font-weight:var( --e-global-typography-text-font-weight );color:var( --e-global-color-text );}.elementor-widget-text-editor.elementor-drop-cap-view-stacked .elementor-drop-cap{background-color:var( --e-global-color-primary );}.elementor-widget-text-editor.elementor-drop-cap-view-framed .elementor-drop-cap, .elementor-widget-text-editor.elementor-drop-cap-view-default .elementor-drop-cap{color:var( --e-global-color-primary );border-color:var( --e-global-color-primary );}.elementor-8763 .elementor-element.elementor-element-6235db3{text-align:start;}.elementor-8763 .elementor-element.elementor-element-af8ad63{text-align:start;}.elementor-8763 .elementor-element.elementor-element-70c1be1{--spacer-size:15px;}.elementor-8763 .elementor-element.elementor-element-8d04d4a{text-align:center;}@media(max-width:767px){.elementor-8763 .elementor-element.elementor-element-6235db3{text-align:start;}.elementor-8763 .elementor-element.elementor-element-af8ad63{text-align:start;}.elementor-8763 .elementor-element.elementor-element-4d77268{text-align:start;}}@media(min-width:768px){.elementor-8763 .elementor-element.elementor-element-3dd2dd7{--width:95.701%;}}<\/style>\t\t<div data-elementor-type=\"section\" data-elementor-id=\"8763\" class=\"elementor elementor-8763\" data-elementor-post-type=\"elementor_library\">\n\t\t\t<div class=\"elementor-element elementor-element-3dd2dd7 e-con-full e-flex e-con e-parent\" data-id=\"3dd2dd7\" data-element_type=\"container\" data-e-type=\"container\">\n\t\t<div class=\"elementor-element elementor-element-c1099da e-con-full e-flex e-con e-child\" data-id=\"c1099da\" data-element_type=\"container\" data-e-type=\"container\">\n\t\t\t\t<div class=\"elementor-element elementor-element-6235db3 elementor-widget elementor-widget-text-editor\" data-id=\"6235db3\" data-element_type=\"widget\" data-e-type=\"widget\" data-widget_type=\"text-editor.default\">\n\t\t\t\t<div class=\"elementor-widget-container\">\n\t\t\t\t\t\t\t\t\t<ul><li><strong><strong>Enseignements (modalit\u00e9s p\u00e9dagogiques)<\/strong><\/strong><\/li><\/ul><p>Le tronc commun est d\u00e9di\u00e9 \u00e0 l\u2019apprentissage des techniques de structuration des \u00e9crits (consultations, actes juridiques, actes contentieux), de l\u2019expression orale, de la n\u00e9gociation, des modes alternatifs de r\u00e8glement des diff\u00e9rends (MARD), de la r\u00e9daction (consultations, contrats, structuration des \u00e9critures) et de la conduite des proc\u00e9dures et des plaidoiries devant les juges et juridictions.<\/p><p>Les \u00e9l\u00e8ves sont \u00e9galement form\u00e9s \u00e0 la prise de parole avec des secr\u00e9taires de la conf\u00e9rence et des com\u00e9diens, au management de la vie en cabinet et \u00e0 la d\u00e9ontologie \u00e0 travers des cours magistraux, des exercices pratiques.<\/p><p>Enfin, le LAB familiarise les \u00e9l\u00e8ves au num\u00e9rique et plus sp\u00e9cifiquement \u00e0 l&rsquo;IA g\u00e9n\u00e9rative gr\u00e2ce \u00e0 la gestion d\u2019un projet en groupe sous le tutorat d\u2019un intervenant sp\u00e9cialis\u00e9.<\/p><p>Les mati\u00e8res list\u00e9es ci-dessous s\u2019appliquent \u00e0 la promotion 2026-2027.<em> NB : Le programme est susceptible d&rsquo;\u00eatre refondu pour la promotion 2027-2028 (les informations seront disponibles en septembre 2026).\u00a0<\/em><\/p><table style=\"height: 1410px\" width=\"627\"><tbody><tr><td width=\"302\"><strong>ENSEIGNEMENTS DU TRONC COMMUN<\/strong><\/td><td width=\"302\"><strong>MODALITES PEDAGOGIQUES<\/strong><\/td><\/tr><tr><td width=\"302\">Accueil et relation client<\/td><td width=\"302\">\u00a01 cours magistral<\/td><\/tr><tr><td width=\"302\">Apprendre \u00e0 d\u00e9chiffrer les \u00e9tats financiers des entreprises<\/td><td width=\"302\">1 e-learning<\/td><\/tr><tr><td width=\"302\">Apprendre \u00e0 g\u00e9rer le stress &#8211; TP<\/td><td width=\"302\">1 atelier pratique<\/td><\/tr><tr><td width=\"302\">Avocat connect\u00e9 : ma\u00eetriser les outils num\u00e9riques utiles \u00e0 l&rsquo;exercice de la profession<\/td><td width=\"302\">1 cours magistral + 1 e-learning [+ sur demande : possibilit\u00e9 de tester une cl\u00e9 RPVA dans une salle d\u00e9di\u00e9e]\u00a0<\/td><\/tr><tr><td width=\"302\">Conseil &#8211; N\u00e9gociation<\/td><td width=\"302\">1 cours magistral + 1 atelier pratique<\/td><\/tr><tr><td width=\"302\">Conseil &#8211; r\u00e9daction de consultation et de contrat<\/td><td width=\"302\">1 cours magistral + 1 atelier pratique + 1 foisonnement not\u00e9<\/td><\/tr><tr><td width=\"302\">Conseil &#8211; Strat\u00e9gie et tactique du proc\u00e8s<\/td><td width=\"302\">1 cours magistral<\/td><\/tr><tr><td width=\"302\">Cybers\u00e9curit\u00e9 &#8211; Mieux conna\u00eetre l&rsquo;\u00e9cosyst\u00e8me de la cybers\u00e9curit\u00e9<\/td><td width=\"302\">1 e-learning<\/td><\/tr><tr><td width=\"302\">D\u00e9ontologie<\/td><td width=\"302\">14 cours magistraux dont 1 session \u00ab\u00a0d\u00e9ontologie en sc\u00e8ne\u00a0\u00bb + 3 ateliers pratiques dont 1 oral not\u00e9 et 1 foisonnement not\u00e9 + 2 e-learning<\/td><\/tr><tr><td width=\"302\">Discrimination et harc\u00e8lement<\/td><td width=\"302\">1 cours magistral<\/td><\/tr><tr><td width=\"302\">Examen des besoins de la profession par secteur d\u2019activit\u00e9 et par zone g\u00e9ographique<\/td><td width=\"302\">1 cours magistral<\/td><\/tr><tr><td width=\"302\">Expression orale, techniques de plaidoirie, expression en audience<\/td><td width=\"302\">1 cours magistral + 5 ateliers pratiques<\/td><\/tr><tr><td width=\"302\">Foisonnement tronc commun contentieux<\/td><td width=\"302\">2 mati\u00e8res au choix parmi : conseil de prud\u2019hommes, cour d\u2019appel, juge des r\u00e9f\u00e9r\u00e9s (judiciaire), tribunal administratif,\u00a0 tribunal judiciaire (NB : pour le r\u00e9gime condens\u00e9, combinaison impos\u00e9e : tribunal judiciaire et cour d&rsquo;appel)<\/td><\/tr><tr><td width=\"302\">Histoire et organisation de la profession d&rsquo;avocat<\/td><td width=\"302\">1 cours magistral<\/td><\/tr><tr><td width=\"302\">Intelligence artificielle g\u00e9n\u00e9rative<\/td><td width=\"302\">Int\u00e9gr\u00e9 dans le LAB + 1 e-learning<\/td><\/tr><tr><td width=\"302\">D\u00e9ontologie des interlocuteurs de l&rsquo;avocat dans son exercice professionnel<\/td><td width=\"302\">1 cours magistral<\/td><\/tr><tr><td width=\"302\">LAB interaction en \u00e9quipe<\/td><td width=\"302\">2 cours magistraux + 1 atelier introductif + 1 session \u00ab\u00a0technique de prompt (utilisation pertinente de l&rsquo;IA)\u00a0\u00bb. Travaux en groupe. 2 s\u00e9ances de coaching avant le pitch (pr\u00e9sentation du projet not\u00e9 [\u00e9crit + oral])<\/td><\/tr><tr><td width=\"302\">Le droit de l&rsquo;environnement et les droits humains<\/td><td width=\"302\">1 e-learning<\/td><\/tr><tr><td width=\"302\">Management et d\u00e9veloppement du cabinet d\u2019avocats et de la vie professionnelle<\/td><td width=\"302\">8 cours magistraux + 1 e-learning<\/td><\/tr><tr><td width=\"302\">MARD<\/td><td width=\"302\">3 cours magistraux + 2 ateliers pratiques<\/td><\/tr><tr><td width=\"302\">R\u00e9daction d&rsquo;actes de proc\u00e9dure<\/td><td width=\"302\">Voir d\u00e9tails ci apr\u00e8s (*)<\/td><\/tr><tr><td width=\"302\">Relations avocats-magistrats \/ incidents d\u2019audience<\/td><td width=\"302\">1 cours magistral<\/td><\/tr><tr><td width=\"302\">RGPD\u00a0: cadre th\u00e9orique, mise en conformit\u00e9, contextes sp\u00e9cifiques<\/td><td width=\"302\">1 e-learning<\/td><\/tr><tr><td width=\"302\">Risques psycho-sociaux<\/td><td width=\"302\">1 cours magistral<\/td><\/tr><tr><td width=\"302\">Techniques de r\u00e9daction \u2013 Legal design<\/td><td width=\"302\">1 cours magistral<\/td><\/tr><tr><td width=\"302\">Vie du barreau et de l\u2019ordre<\/td><td width=\"302\">1 cours magistral<\/td><\/tr><tr><td width=\"302\">Violences familiales : dispositifs civils et p\u00e9naux de protection<\/td><td width=\"302\">1 cours magistral<\/td><\/tr><\/tbody><\/table>\t\t\t\t\t\t\t\t<\/div>\n\t\t\t\t<\/div>\n\t\t\t\t<div class=\"elementor-element elementor-element-d771ace elementor-widget elementor-widget-menu-anchor\" data-id=\"d771ace\" data-element_type=\"widget\" data-e-type=\"widget\" data-widget_type=\"menu-anchor.default\">\n\t\t\t\t<div class=\"elementor-widget-container\">\n\t\t\t\t\t\t\t<div class=\"elementor-menu-anchor\" id=\"tronccomun\"><\/div>\n\t\t\t\t\t\t<\/div>\n\t\t\t\t<\/div>\n\t\t\t\t<div class=\"elementor-element elementor-element-64a7970 elementor-widget elementor-widget-text-editor\" data-id=\"64a7970\" data-element_type=\"widget\" data-e-type=\"widget\" data-widget_type=\"text-editor.default\">\n\t\t\t\t<div class=\"elementor-widget-container\">\n\t\t\t\t\t\t\t\t\t<ul><li><strong>Langue \u00e9trang\u00e8re juridique (optionnelle)<\/strong><\/li><\/ul><p>L\u2019enseignement des langues \u00e9trang\u00e8res juridiques (anglais, espagnol ou allemand) est optionnel. Toutefois si l&rsquo;\u00e9l\u00e8ve avocat choisit cette option, il s&rsquo;engage \u00e0 suivre l&rsquo;int\u00e9gralit\u00e9 des 15h de cours et sera \u00e9valu\u00e9 en fin de session (seuls les points au dessus de la moyenne seront comptabilis\u00e9s). Attention : si vous choisissez cette option, un d\u00e9faut d\u2019assiduit\u00e9 \u00e0 ces cours aura des cons\u00e9quences sur l\u2019appr\u00e9ciation de l\u2019assiduit\u00e9 g\u00e9n\u00e9rale de votre semestre de cours. Ce cours consistera \u00e0 accompagner les \u00e9l\u00e8ves pour mener un entretien d&#8217;embauche ainsi qu&rsquo;un rdv avec un client et \u00e0 r\u00e9diger en contrat en langue \u00e9trang\u00e8re.<\/p><p>\u00a0<\/p><ul><li><strong>E-learning optionnels<\/strong><\/li><\/ul><p>Outre\u00a0 les modules de e-learning obligatoires, les \u00e9l\u00e8ves sont invit\u00e9s \u00e0 suivre ceux optionnels pour parfaire leurs connaissances :<\/p><ul><li style=\"list-style-type: none\"><ul><li>Pratique de l\u2019arbitrage interne<\/li><li>Mieux appr\u00e9hender l\u2019expertise (3 parcours)<\/li><li>Lutte contre le blanchiment d\u2019argent et le financement du terrorisme<\/li><li>Cybers\u00e9curit\u00e9 &#8211; Quelles pr\u00e9vention, attitude et r\u00e9pliques face \u00e0 une attaque cybercriminelle ?<\/li><li>Tout savoir sur la proc\u00e9dure disciplinaire<\/li><\/ul><\/li><\/ul>\t\t\t\t\t\t\t\t<\/div>\n\t\t\t\t<\/div>\n\t\t\t\t<div class=\"elementor-element elementor-element-af8ad63 elementor-widget elementor-widget-text-editor\" data-id=\"af8ad63\" data-element_type=\"widget\" data-e-type=\"widget\" data-widget_type=\"text-editor.default\">\n\t\t\t\t<div class=\"elementor-widget-container\">\n\t\t\t\t\t\t\t\t\t<ul style=\"font-size: 16px;background-color: #ffffff\"><li style=\"font-size: 16px\"><span style=\"font-weight: bolder\">Foisonnements<\/span><\/li><\/ul><p>Les foisonnements sont des exercices r\u00e9alis\u00e9s \u00e0 partir de dossiers r\u00e9els ou de cas pratiques. Ils consistent en un travail de r\u00e9daction d\u2019\u00e9critures, de consultations ou de contrats, puis de pr\u00e9sentation orale ou de plaidoirie se fondant sur ces travaux \u00e9crits.<\/p><p>Les foisonnements \u00e9valuent en priorit\u00e9 la capacit\u00e9 d\u2019analyse d\u2019un dossier et de raisonnement qui en d\u00e9coule. Dans le cadre du tronc commun, plusieurs foisonnements seront r\u00e9alis\u00e9s : un en d\u00e9ontologie, un en contrat et deux en proc\u00e9dure.<\/p><ul><li style=\"list-style-type: none\"><ul><li>Le foisonnement de d\u00e9ontologie est r\u00e9alis\u00e9 sous forme de cas pratiques.<\/li><li><span style=\"color: var( --e-global-color-text );font-family: var( --e-global-typography-text-font-family ), arial;font-weight: var( --e-global-typography-text-font-weight );font-size: 1rem\">Le foisonnement de contrat consiste en la r\u00e9daction d\u2019une consultation juridique et la r\u00e9daction, avec son bin\u00f4me, d\u2019un contrat ou encore un protocole d\u2019accord (le travail en bin\u00f4me peut, \u00e9ventuellement, varier selon les semestres).<\/span><\/li><li>Les foisonnements de proc\u00e9dures : Ils sont trait\u00e9s par bin\u00f4me (d\u00e9termin\u00e9 par l\u2019\u00e9cole), un des \u00e9l\u00e8ves est en demande, l\u2019autre en d\u00e9fense. Chaque \u00e9l\u00e8ve r\u00e9dige une consultation et un jeu d\u2019\u00e9critures propre \u00e0 la mati\u00e8re en cause et \u00e0 sa position dans l\u2019affaire. Chaque \u00e9l\u00e8ve doit ensuite pr\u00e9parer une plaidoirie.<\/li><\/ul><\/li><\/ul><p>* Au moment de son inscription, chaque \u00e9l\u00e8ve avocat doit <span style=\"font-weight: bolder\">choisir deux mati\u00e8res de foisonnement\u00a0<\/span>parmi les combinaisons propos\u00e9es par l\u2019\u00e9cole portant sur les cinq mati\u00e8res suivantes : tribunal judiciaire, juge des r\u00e9f\u00e9r\u00e9s (judiciaire), conseil de prud\u2019hommes, cour d\u2019appel, tribunal administratif. <em>NB : pour le r\u00e9gime condens\u00e9 les mati\u00e8res \u00ab\u00a0tribunal judiciaire\u00a0\u00bb et \u00ab\u00a0cour d&rsquo;appel\u00a0\u00bb sont impos\u00e9es<\/em>.\u00a0<\/p><p>Devront \u00eatre suivies obligatoirement :<\/p><ul><li>Les mati\u00e8res li\u00e9es aux choix de foisonnement<\/li><li>Le cours sur la r\u00e9daction d\u2019une QPC<\/li><li>Les deux cours de voies d&rsquo;ex\u00e9cution<\/li><li>Deux mati\u00e8res compl\u00e9mentaires au choix parmi\u00a0 celles non choisies en foisonnement (tribunal judiciaire, juge des r\u00e9f\u00e9r\u00e9s [judiciaire], conseil de prud\u2019hommes, tribunal des activit\u00e9s \u00e9conomiques\/tribunal de commerce, cour d\u2019appel, juridictions administratives)<br \/>NB : en formation condens\u00e9e, les mati\u00e8res compl\u00e9mentaires \u00ab\u00a0Juge des r\u00e9f\u00e9r\u00e9s (judiciaire)\u00a0\u00bb et \u00ab\u00a0Tribunal administratif\u00a0\u00bb sont impos\u00e9es.<\/li><\/ul><p>Les possibilit\u00e9s de combinaisons de foisonnements de tronc commun sont les suivantes\u00a0:<\/p>\t\t\t\t\t\t\t\t<\/div>\n\t\t\t\t<\/div>\n\t\t\t\t<div class=\"elementor-element elementor-element-70c1be1 elementor-hidden-tablet elementor-hidden-mobile elementor-widget elementor-widget-spacer\" data-id=\"70c1be1\" data-element_type=\"widget\" data-e-type=\"widget\" data-widget_type=\"spacer.default\">\n\t\t\t\t<div class=\"elementor-widget-container\">\n\t\t\t\t\t\t\t<div class=\"elementor-spacer\">\n\t\t\t<div class=\"elementor-spacer-inner\"><\/div>\n\t\t<\/div>\n\t\t\t\t\t\t<\/div>\n\t\t\t\t<\/div>\n\t\t\t\t<div class=\"elementor-element elementor-element-8d04d4a elementor-hidden-tablet elementor-hidden-mobile elementor-widget elementor-widget-text-editor\" data-id=\"8d04d4a\" data-element_type=\"widget\" data-e-type=\"widget\" data-widget_type=\"text-editor.default\">\n\t\t\t\t<div class=\"elementor-widget-container\">\n\t\t\t\t\t\t\t\t\t<table><tbody><tr><td width=\"109\">\u00a0<\/td><td width=\"140\"><strong>Tribunal judiciaire<\/strong><\/td><td width=\"124\"><strong>Juge des r\u00e9f\u00e9r\u00e9s<\/strong><\/td><td width=\"124\"><strong>Tribunal administratif<\/strong><\/td><td width=\"124\"><strong>Conseil de prud\u2019hommes<\/strong><\/td><td width=\"124\"><strong>Cour d\u2019appel<\/strong><\/td><\/tr><tr><td width=\"109\"><strong>Conseil de prud\u2019hommes<\/strong><\/td><td width=\"140\">V<\/td><td width=\"124\">\u00a0<\/td><td width=\"124\">\u00a0<\/td><td width=\"124\">\u00a0<\/td><td width=\"124\">V<\/td><\/tr><tr><td width=\"109\"><strong>Cour d\u2019appel<\/strong><\/td><td width=\"140\">V<\/td><td width=\"124\">V<\/td><td width=\"124\">V<\/td><td width=\"124\">V<\/td><td width=\"124\">\u00a0<\/td><\/tr><tr><td width=\"109\"><strong>Juge des r\u00e9f\u00e9r\u00e9s (judiciaire)<\/strong><\/td><td width=\"140\">V<\/td><td width=\"124\">\u00a0<\/td><td width=\"124\">V<\/td><td width=\"124\">\u00a0<\/td><td width=\"124\">V<\/td><\/tr><tr><td width=\"109\"><strong>Tribunal administratif<\/strong><\/td><td width=\"140\">V<\/td><td width=\"124\">V<\/td><td width=\"124\">\u00a0<\/td><td width=\"124\">\u00a0<\/td><td width=\"124\">V<\/td><\/tr><tr><td width=\"109\"><strong>Tribunal judiciaire<\/strong><\/td><td width=\"140\">\u00a0<\/td><td width=\"124\">V<\/td><td width=\"124\">V<\/td><td width=\"124\">V<\/td><td width=\"124\">V<\/td><\/tr><\/tbody><\/table>\t\t\t\t\t\t\t\t<\/div>\n\t\t\t\t<\/div>\n\t\t\t\t<div class=\"elementor-element elementor-element-f8cc380 elementor-hidden-desktop elementor-widget elementor-widget-text-editor\" data-id=\"f8cc380\" data-element_type=\"widget\" data-e-type=\"widget\" data-widget_type=\"text-editor.default\">\n\t\t\t\t<div class=\"elementor-widget-container\">\n\t\t\t\t\t\t\t\t\t<table width=\"284\"><tbody><tr><td width=\"164\">\u00a0<\/td><td width=\"120\">Compatibles<\/td><\/tr><tr><td>Tribunal judiciaire<\/td><td>Juge des r\u00e9f\u00e9r\u00e9s, Tribunal administratif, Conseil de prud&rsquo;hommes, Cour d&rsquo;appel<\/td><\/tr><tr><td>Juge des r\u00e9f\u00e9r\u00e9s<\/td><td>Tribunal judiciaire, Tribunal administratif, Cour d&rsquo;appel<\/td><\/tr><tr><td>Tribunal administratif<\/td><td>Tribunal judiciaire, Juge des r\u00e9f\u00e9r\u00e9s, Cour d&rsquo;appel<\/td><\/tr><tr><td>Conseil de prud\u2019hommes<\/td><td>Tribunal administratif, Cour d&rsquo;appel<\/td><\/tr><tr><td>Cour d\u2019appel<\/td><td>tribunal judiciaire, Juge des r\u00e9f\u00e9r\u00e9s, Tribunal administratif, Conseil de prud&rsquo;hommes<\/td><\/tr><\/tbody><\/table>\t\t\t\t\t\t\t\t<\/div>\n\t\t\t\t<\/div>\n\t\t\t\t<\/div>\n\t\t\t\t<\/div>\n\t\t\t\t<\/div>\n\t\t<\/div>\n\t\t\t\t\t<\/div><div class=\"eael-accordion-list\">\n\t\t\t\t\t<div id=\"parcours-de-spcialisation\" class=\"elementor-tab-title eael-accordion-header\" tabindex=\"0\" data-tab=\"2\" aria-controls=\"elementor-tab-content-4642\"><span class=\"eael-accordion-tab-title\">parcours de sp\u00e9cialisation<\/span><svg aria-hidden=\"true\" class=\"fa-toggle e-font-icon-svg e-fas-angle-right\" viewBox=\"0 0 256 512\" xmlns=\"http:\/\/www.w3.org\/2000\/svg\"><path d=\"M224.3 273l-136 136c-9.4 9.4-24.6 9.4-33.9 0l-22.6-22.6c-9.4-9.4-9.4-24.6 0-33.9l96.4-96.4-96.4-96.4c-9.4-9.4-9.4-24.6 0-33.9L54.3 103c9.4-9.4 24.6-9.4 33.9 0l136 136c9.5 9.4 9.5 24.6.1 34z\"><\/path><\/svg><\/div><div id=\"elementor-tab-content-4642\" class=\"eael-accordion-content clearfix\" data-tab=\"2\" aria-labelledby=\"parcours-de-spcialisation\"><style>.elementor-12497 .elementor-element.elementor-element-aa09d24{--display:flex;--flex-direction:row;--container-widget-width:calc( ( 1 - var( --container-widget-flex-grow ) ) * 100% );--container-widget-height:100%;--container-widget-flex-grow:1;--container-widget-align-self:stretch;--flex-wrap-mobile:wrap;--align-items:stretch;--gap:10px 10px;--row-gap:10px;--column-gap:10px;--margin-top:0px;--margin-bottom:0px;--margin-left:0px;--margin-right:0px;--padding-top:0px;--padding-bottom:0px;--padding-left:0px;--padding-right:0px;}.elementor-12497 .elementor-element.elementor-element-dddad1b{--display:flex;--margin-top:0px;--margin-bottom:0px;--margin-left:0px;--margin-right:0px;--padding-top:0px;--padding-bottom:0px;--padding-left:0px;--padding-right:0px;}.elementor-widget-text-editor{font-family:var( --e-global-typography-text-font-family ), arial;font-weight:var( --e-global-typography-text-font-weight );color:var( --e-global-color-text );}.elementor-widget-text-editor.elementor-drop-cap-view-stacked .elementor-drop-cap{background-color:var( --e-global-color-primary );}.elementor-widget-text-editor.elementor-drop-cap-view-framed .elementor-drop-cap, .elementor-widget-text-editor.elementor-drop-cap-view-default .elementor-drop-cap{color:var( --e-global-color-primary );border-color:var( --e-global-color-primary );}.elementor-12497 .elementor-element.elementor-element-628dae2{text-align:start;font-size:16px;font-weight:400;color:#38497F;}.elementor-12497 .elementor-element.elementor-element-628dae2 > .elementor-widget-container{margin:0px 0px 0px 0px;}.elementor-widget-button .elementor-button{font-family:var( --e-global-typography-accent-font-family ), arial;font-weight:var( --e-global-typography-accent-font-weight );background-color:var( --e-global-color-accent );}.elementor-12497 .elementor-element.elementor-element-ad74231 .elementor-button-content-wrapper{flex-direction:row;}.elementor-12497 .elementor-element.elementor-element-ad74231 .elementor-button .elementor-button-content-wrapper{gap:10px;}.elementor-12497 .elementor-element.elementor-element-ad74231 .elementor-button{font-family:\"Inter\", arial;font-size:16px;font-weight:500;fill:#FFFFFF;color:#FFFFFF;background-color:var( --e-global-color-d1e6f9c );box-shadow:0px 15px 30px 0px rgba(0, 0, 0, 0.15);border-style:solid;border-width:1px 1px 1px 1px;border-color:#EEEEEE;border-radius:5px 5px 5px 5px;padding:18px 35px 18px 25px;}.elementor-12497 .elementor-element.elementor-element-ad74231 .elementor-button:hover, .elementor-12497 .elementor-element.elementor-element-ad74231 .elementor-button:focus{color:var( --e-global-color-d1e6f9c );background-color:#FFFFFF;border-color:#EEEEEE;}.elementor-12497 .elementor-element.elementor-element-ad74231 .elementor-button:hover svg, .elementor-12497 .elementor-element.elementor-element-ad74231 .elementor-button:focus svg{fill:var( --e-global-color-d1e6f9c );}.elementor-12497 .elementor-element.elementor-element-ad74231 > .elementor-widget-container{margin:0px 0px 0px 0px;padding:0px 0px 0px 0px;}@media(max-width:767px){.elementor-12497 .elementor-element.elementor-element-628dae2{text-align:start;}}<\/style>\t\t<div data-elementor-type=\"section\" data-elementor-id=\"12497\" class=\"elementor elementor-12497\" data-elementor-post-type=\"elementor_library\">\n\t\t\t<div class=\"elementor-element elementor-element-aa09d24 e-flex e-con-boxed e-con e-parent\" data-id=\"aa09d24\" data-element_type=\"container\" data-e-type=\"container\">\n\t\t\t\t\t<div class=\"e-con-inner\">\n\t\t<div class=\"elementor-element elementor-element-dddad1b e-con-full e-flex e-con e-child\" data-id=\"dddad1b\" data-element_type=\"container\" data-e-type=\"container\">\n\t\t\t\t<div class=\"elementor-element elementor-element-628dae2 elementor-widget elementor-widget-text-editor\" data-id=\"628dae2\" data-element_type=\"widget\" data-e-type=\"widget\" data-widget_type=\"text-editor.default\">\n\t\t\t\t<div class=\"elementor-widget-container\">\n\t\t\t\t\t\t\t\t\t<p>L\u2019EFB propose \u00e0 ses \u00e9l\u00e8ves avocats 14 parcours de sp\u00e9cialisation leur permettant d\u2019appr\u00e9hender l\u2019exercice concret et quotidien de l\u2019avocat sp\u00e9cialis\u00e9 dans une mati\u00e8re du droit.<\/p><p><span style=\"font-family: var( --e-global-typography-text-font-family ), Sans-serif;font-size: 1rem\">Au moment de sa pr\u00e9-inscription, chaque \u00e9l\u00e8ve avocat doit choisir deux parcours de sp\u00e9cialisation parmi les combinaisons propos\u00e9es par l\u2019\u00e9cole portant sur quatorze mati\u00e8res.<\/span><\/p>\t\t\t\t\t\t\t\t<\/div>\n\t\t\t\t<\/div>\n\t\t\t\t<div class=\"elementor-element elementor-element-ad74231 elementor-align-left elementor-tablet-align-left elementor-mobile-align-left elementor-widget elementor-widget-button\" data-id=\"ad74231\" data-element_type=\"widget\" data-e-type=\"widget\" data-widget_type=\"button.default\">\n\t\t\t\t<div class=\"elementor-widget-container\">\n\t\t\t\t\t\t\t\t\t<div class=\"elementor-button-wrapper\">\n\t\t\t\t\t<a class=\"elementor-button elementor-button-link elementor-size-sm\" href=\"https:\/\/wpvit.efb.fr\/index.php\/je-suis-eleve-avocat-a-lefb\/je-gere-ma-formation\/6-mois-enseignements-frondamentaux-pratiques\/parcours-de-specialisation\/\">\n\t\t\t\t\t\t<span class=\"elementor-button-content-wrapper\">\n\t\t\t\t\t\t<span class=\"elementor-button-icon\">\n\t\t\t\t<svg xmlns=\"http:\/\/www.w3.org\/2000\/svg\" id=\"b385ca18-4b85-46d4-bb4b-571c73a19812\" data-name=\"b922a425-e5e0-4ef1-881c-5748460fd139\" viewBox=\"0 0 30.125 18.1738\"><title>arrow-icon-size3<\/title><path d=\"M29.75,9.3948,21.5281,1.1735a.8479.8479,0,0,0-.601-.261L20.9124.9119a.8526.8526,0,0,0-.5956.2409.8642.8642,0,0,0-.0027,1.23l6.7618,6.7611H.7316a.8566.8566,0,1,0,0,1.7131H27.0759l-6.7591,6.7591a.8576.8576,0,0,0-.0214,1.2113.8462.8462,0,0,0,.61.2583.8949.8949,0,0,0,.621-.2556l8.2233-8.224A.8587.8587,0,0,0,29.75,9.3948Z\" transform=\"translate(0.125 -0.9119)\"><\/path><\/svg>\t\t\t<\/span>\n\t\t\t\t\t\t\t\t\t<span class=\"elementor-button-text\">En savoir plus<\/span>\n\t\t\t\t\t<\/span>\n\t\t\t\t\t<\/a>\n\t\t\t\t<\/div>\n\t\t\t\t\t\t\t\t<\/div>\n\t\t\t\t<\/div>\n\t\t\t\t<\/div>\n\t\t\t\t\t<\/div>\n\t\t\t\t<\/div>\n\t\t\t\t<\/div>\n\t\t<\/div>\n\t\t\t\t\t<\/div><\/div>\t\t\t\t<\/div>\n\t\t\t\t<\/div>\n\t\t\t\t<\/div>\n\t\t\t\t\t<\/div>\n\t\t\t\t<\/div>\n\t\t\t\t<\/div>\n\t\t","protected":false},"excerpt":{"rendered":"<p>Je g\u00e8re ma formation Les 6 mois d&rsquo;enseignements fondamentaux Je g\u00e8re ma formation Les 6 mois d&rsquo;enseignements fondamentaux Les 6 mois d&rsquo;enseignements fondamentaux pratiques L\u2019acquisition des fondamentaux r\u00e9pond \u00e0 un programme de formation harmonis\u00e9 par le Conseil national des barreaux consultable sur son site internet. Ce programme est enti\u00e8rement consacr\u00e9 \u00e0 la pratique de la profession d\u2019avocat et fait l\u2019objet d\u2019un contr\u00f4le continu. D\u00e9roul\u00e9 de la p\u00e9riode d&rsquo;enseignements fondamentaux selon le r\u00e9gime choisi.\u00a0 Tronc commun Enseignements (modalit\u00e9s p\u00e9dagogiques) Le tronc commun est d\u00e9di\u00e9 \u00e0 l\u2019apprentissage des techniques de structuration des \u00e9crits (consultations, actes juridiques, actes contentieux), de l\u2019expression orale, de la n\u00e9gociation, des modes alternatifs de r\u00e8glement des diff\u00e9rends (MARD), de la r\u00e9daction (consultations, contrats, structuration des \u00e9critures) et de la conduite des proc\u00e9dures et des plaidoiries devant les juges et juridictions. Les \u00e9l\u00e8ves sont \u00e9galement form\u00e9s \u00e0 la prise de parole avec des secr\u00e9taires de la conf\u00e9rence et des com\u00e9diens, au management de la vie en cabinet et \u00e0 la d\u00e9ontologie \u00e0 travers des cours magistraux, des exercices pratiques. Enfin, le LAB familiarise les \u00e9l\u00e8ves au num\u00e9rique gr\u00e2ce \u00e0 la gestion d\u2019un projet en groupe sous le tutorat d\u2019un intervenant sp\u00e9cialis\u00e9. Les mati\u00e8res list\u00e9es ci-dessous s\u2019appliquent \u00e0 la promotion 2025-2026\u00a0 \u00a0 Enseignements du Tronc commun Modalit\u00e9s p\u00e9dagogiques Accueil et relation client \u00a01 cours en amphith\u00e9\u00e2tre Apprendre \u00e0 g\u00e9rer le stress &#8211; TP 1 atelier pratique Avocat connect\u00e9 1 cours en amphith\u00e9\u00e2tre + 1 atelier pratique + 1 e-learning Conseil-N\u00e9gociation 1 cours en amphith\u00e9\u00e2tre + 1 atelier pratique Conseil-r\u00e9daction de consultation et de contrat 1 cours en amphith\u00e9\u00e2tre + 1 atelier pratique + 1 foisonnement not\u00e9 Conseil- Strat\u00e9gie et tactique du proc\u00e8s 1 cours en amphith\u00e9\u00e2tre Comptabilit\u00e9 (lire un bilan comptable) 1 e-learning D\u00e9ontologie 14 cours en amphith\u00e9\u00e2tre + 3 ateliers pratiques dont 1 foisonnement not\u00e9 + 2 e-learning Discrimination et harc\u00e8lement 1 cours en amphith\u00e9\u00e2tre Examen des besoins de la profession par secteur d\u2019activit\u00e9 et par zone g\u00e9ographique 1 cours en amphith\u00e9\u00e2tre Expression orale, techniques de plaidoirie, expression et audience 1 cours en amphith\u00e9\u00e2tre + 4 ateliers pratiques Foisonnement tronc commun 2 mati\u00e8res au choix parmi : conseil de prud\u2019hommes, cour d\u2019appel, juge des r\u00e9f\u00e9r\u00e9s (judiciaire), tribunal administratif et tribunal judiciaire (NB : pour le r\u00e9gime condens\u00e9 choix impos\u00e9s : tribunal judiciaire et cour d&#8217;appel) Histoire de la profession d&#8217;avocat 1 cours en amphith\u00e9\u00e2tre Intelligence artificielle g\u00e9n\u00e9rative 1 e-learning Interlocuteurs de l&#8217;avocat 1 cours en amphith\u00e9\u00e2tre LAB \u2013 Tenue de r\u00e9union, travail en \u00e9quipe 1 cours en amphith\u00e9\u00e2tre + 1 atelier introductif +2 s\u00e9ances de coaching avant le pitch (pr\u00e9sentation du projet not\u00e9 [\u00e9crit + oral]) Management et d\u00e9veloppement du cabinet d\u2019avocats et de la vie professionnelle 9 cours en amphith\u00e9\u00e2tre + 1 e-learning MARD 3 cours en amphith\u00e9\u00e2tre + 2 ateliers pratiques Mieux conna\u00eetre l\u2019\u00e9cosyst\u00e8me de la cybers\u00e9curit\u00e9 1 e-learning Relations avocats-magistrats \/ incidents d\u2019audience 1 cours en amphith\u00e9\u00e2tre RGPD\u00a0: cadre th\u00e9orique, mise en conformit\u00e9, contextes sp\u00e9cifiques 1 e-learning Risques psycho-sociaux 1 cours en amphith\u00e9\u00e2tre Techniques de r\u00e9daction \u2013 Legal design 1 cours en amphith\u00e9\u00e2tre Vie du barreau et de l\u2019ordre 1 cours en amphith\u00e9\u00e2tre Langue \u00e9trang\u00e8re juridique (optionnelle) L\u2019enseignement des langues \u00e9trang\u00e8res juridiques (anglais, espagnol ou allemand) est optionnel. Toutefois si l&#8217;\u00e9l\u00e8ve avocat choisit cette option, il s&#8217;engage \u00e0 suivre l&#8217;int\u00e9gralit\u00e9 des cours et sera \u00e9valu\u00e9 en fin de session (seuls les points au dessus de la moyenne seront comptabilis\u00e9s).\u00a0 E-learning optionnels Outre\u00a0 les modules de e-learning obligatoires, les \u00e9l\u00e8ves sont invit\u00e9s \u00e0 suivre ceux optionnels pour parfaire leurs connaissances : Pratique de l\u2019arbitrage interne ; Mieux appr\u00e9hender l\u2019expertise ;\u00a0Lutte contre le blanchiment d\u2019argent et le financement du terrorisme ; Cybercriminalit\u00e9 ;\u00a0 Tout savoir sur la proc\u00e9dure disciplinaire. Foisonnements Les foisonnements sont des exercices r\u00e9alis\u00e9s \u00e0 partir de dossiers r\u00e9els ou de cas pratiques. Ils consistent en un travail de r\u00e9daction d\u2019\u00e9critures, de consultations ou de contrats, puis de pr\u00e9sentation orale ou de plaidoirie se fondant sur ces travaux \u00e9crits. Les foisonnements \u00e9valuent en priorit\u00e9 la capacit\u00e9 d\u2019analyse d\u2019un dossier et de raisonnement qui en d\u00e9coule. Dans le cadre du tronc commun, plusieurs foisonnements seront r\u00e9alis\u00e9s : un en d\u00e9ontologie, un en contrat et deux en proc\u00e9dure. Le foisonnement de d\u00e9ontologie est r\u00e9alis\u00e9 sous forme de cas pratiques. Le foisonnement de contrat consiste en la r\u00e9daction d\u2019une consultation juridique et la r\u00e9daction, avec son bin\u00f4me, d\u2019un contrat ou encore un protocole d\u2019accord (le travail en bin\u00f4me peut, \u00e9ventuellement, varier selon les semestres). Les foisonnements de proc\u00e9dures : Ils sont trait\u00e9s par bin\u00f4me (d\u00e9termin\u00e9 par l\u2019\u00e9cole), un des \u00e9l\u00e8ves est en demande, l\u2019autre en d\u00e9fense. Chaque \u00e9l\u00e8ve r\u00e9dige une consultation et un jeu d\u2019\u00e9critures propre \u00e0 la mati\u00e8re en cause et \u00e0 sa position dans l\u2019affaire. Chaque \u00e9l\u00e8ve doit ensuite pr\u00e9parer une plaidoirie. Au moment de son inscription, chaque \u00e9l\u00e8ve avocat doit\u00a0choisir deux mati\u00e8res de foisonnement\u00a0parmi les combinaisons propos\u00e9es par l\u2019\u00e9cole portant sur les cinq mati\u00e8res suivantes : tribunal judiciaire, juge des r\u00e9f\u00e9r\u00e9s (judiciaire), conseil de prud\u2019hommes, cour d\u2019appel, tribunal administratif. NB : pour le r\u00e9gime condens\u00e9 les mati\u00e8res &#8220;tribunal judiciaire&#8221; et &#8220;cour d&#8217;appel&#8221; sont impos\u00e9es.\u00a0 Devront \u00eatre suivies obligatoirement : Les mati\u00e8res li\u00e9es aux choix de foisonnement Le cours sur la r\u00e9daction d\u2019une QPC Deux mati\u00e8res compl\u00e9mentaires au choix parmi\u00a0 celles non choisies en foisonnement (tribunal judiciaire, juge des r\u00e9f\u00e9r\u00e9s [judiciaire], juge de l\u2019ex\u00e9cution, conseil de prud\u2019hommes, tribunal de commerce, cour d\u2019appel, juridictions administratives) Les possibilit\u00e9s de combinaisons de foisonnements de tronc commun sont les suivantes\u00a0: \u00a0 Tribunal judiciaire Juge des r\u00e9f\u00e9r\u00e9s Tribunal administratif Conseil de prud\u2019hommes Cour d\u2019appel Conseil de prud\u2019hommes V \u00a0 \u00a0 \u00a0 V Cour d\u2019appel V V V V \u00a0 Juge des r\u00e9f\u00e9r\u00e9s (judiciaire) V \u00a0 V \u00a0 V Tribunal administratif V V \u00a0 \u00a0 V Tribunal judiciaire \u00a0 V V V V \u00a0 Compatibles Tribunal judiciaire Juge des r\u00e9f\u00e9r\u00e9s, Tribunal administratif, Conseil de prud&#8217;hommes, Cour d&#8217;appel Juge des r\u00e9f\u00e9r\u00e9s Tribunal judiciaire, Tribunal administratif, Cour d&#8217;appel Tribunal administratif Tribunal judiciaire, Juge des r\u00e9f\u00e9r\u00e9s, Cour d&#8217;appel Conseil de prud\u2019hommes Tribunal administratif, Cour d&#8217;appel Cour d\u2019appel tribunal judiciaire, Juge des r\u00e9f\u00e9r\u00e9s, Tribunal administratif, Conseil de prud&#8217;hommes parcours de sp\u00e9cialisation L\u2019EFB propose \u00e0 ses \u00e9l\u00e8ves<\/p>\n","protected":false},"author":1,"featured_media":0,"parent":1122,"menu_order":0,"comment_status":"closed","ping_status":"closed","template":"","meta":{"_acf_changed":false,"footnotes":""},"class_list":["post-6742","page","type-page","status-publish","hentry"],"acf":[],"yoast_head":"<!-- This site is optimized with the Yoast SEO plugin v27.4 - https:\/\/yoast.com\/product\/yoast-seo-wordpress\/ -->\n<title>Les 6 mois d&#039;enseignements fondamentaux pratiques - efb.fr<\/title>\n<meta name=\"robots\" content=\"index, follow, max-snippet:-1, max-image-preview:large, max-video-preview:-1\" \/>\n<link rel=\"canonical\" href=\"https:\/\/wpvit.efb.fr\/index.php\/je-suis-eleve-avocat-a-lefb\/je-gere-ma-formation\/6-mois-enseignements-frondamentaux-pratiques\/\" \/>\n<meta property=\"og:locale\" content=\"fr_FR\" \/>\n<meta property=\"og:type\" content=\"article\" \/>\n<meta property=\"og:title\" content=\"Les 6 mois d&#039;enseignements fondamentaux pratiques - efb.fr\" \/>\n<meta property=\"og:description\" content=\"Je g\u00e8re ma formation Les 6 mois d&rsquo;enseignements fondamentaux Je g\u00e8re ma formation Les 6 mois d&rsquo;enseignements fondamentaux Les 6 mois d&rsquo;enseignements fondamentaux pratiques L\u2019acquisition des fondamentaux r\u00e9pond \u00e0 un programme de formation harmonis\u00e9 par le Conseil national des barreaux consultable sur son site internet. Ce programme est enti\u00e8rement consacr\u00e9 \u00e0 la pratique de la profession d\u2019avocat et fait l\u2019objet d\u2019un contr\u00f4le continu. D\u00e9roul\u00e9 de la p\u00e9riode d&rsquo;enseignements fondamentaux selon le r\u00e9gime choisi.\u00a0 Tronc commun Enseignements (modalit\u00e9s p\u00e9dagogiques) Le tronc commun est d\u00e9di\u00e9 \u00e0 l\u2019apprentissage des techniques de structuration des \u00e9crits (consultations, actes juridiques, actes contentieux), de l\u2019expression orale, de la n\u00e9gociation, des modes alternatifs de r\u00e8glement des diff\u00e9rends (MARD), de la r\u00e9daction (consultations, contrats, structuration des \u00e9critures) et de la conduite des proc\u00e9dures et des plaidoiries devant les juges et juridictions. Les \u00e9l\u00e8ves sont \u00e9galement form\u00e9s \u00e0 la prise de parole avec des secr\u00e9taires de la conf\u00e9rence et des com\u00e9diens, au management de la vie en cabinet et \u00e0 la d\u00e9ontologie \u00e0 travers des cours magistraux, des exercices pratiques. Enfin, le LAB familiarise les \u00e9l\u00e8ves au num\u00e9rique gr\u00e2ce \u00e0 la gestion d\u2019un projet en groupe sous le tutorat d\u2019un intervenant sp\u00e9cialis\u00e9. Les mati\u00e8res list\u00e9es ci-dessous s\u2019appliquent \u00e0 la promotion 2025-2026\u00a0 \u00a0 Enseignements du Tronc commun Modalit\u00e9s p\u00e9dagogiques Accueil et relation client \u00a01 cours en amphith\u00e9\u00e2tre Apprendre \u00e0 g\u00e9rer le stress &#8211; TP 1 atelier pratique Avocat connect\u00e9 1 cours en amphith\u00e9\u00e2tre + 1 atelier pratique + 1 e-learning Conseil-N\u00e9gociation 1 cours en amphith\u00e9\u00e2tre + 1 atelier pratique Conseil-r\u00e9daction de consultation et de contrat 1 cours en amphith\u00e9\u00e2tre + 1 atelier pratique + 1 foisonnement not\u00e9 Conseil- Strat\u00e9gie et tactique du proc\u00e8s 1 cours en amphith\u00e9\u00e2tre Comptabilit\u00e9 (lire un bilan comptable) 1 e-learning D\u00e9ontologie 14 cours en amphith\u00e9\u00e2tre + 3 ateliers pratiques dont 1 foisonnement not\u00e9 + 2 e-learning Discrimination et harc\u00e8lement 1 cours en amphith\u00e9\u00e2tre Examen des besoins de la profession par secteur d\u2019activit\u00e9 et par zone g\u00e9ographique 1 cours en amphith\u00e9\u00e2tre Expression orale, techniques de plaidoirie, expression et audience 1 cours en amphith\u00e9\u00e2tre + 4 ateliers pratiques Foisonnement tronc commun 2 mati\u00e8res au choix parmi : conseil de prud\u2019hommes, cour d\u2019appel, juge des r\u00e9f\u00e9r\u00e9s (judiciaire), tribunal administratif et tribunal judiciaire (NB : pour le r\u00e9gime condens\u00e9 choix impos\u00e9s : tribunal judiciaire et cour d&#8217;appel) Histoire de la profession d&#8217;avocat 1 cours en amphith\u00e9\u00e2tre Intelligence artificielle g\u00e9n\u00e9rative 1 e-learning Interlocuteurs de l&#8217;avocat 1 cours en amphith\u00e9\u00e2tre LAB \u2013 Tenue de r\u00e9union, travail en \u00e9quipe 1 cours en amphith\u00e9\u00e2tre + 1 atelier introductif +2 s\u00e9ances de coaching avant le pitch (pr\u00e9sentation du projet not\u00e9 [\u00e9crit + oral]) Management et d\u00e9veloppement du cabinet d\u2019avocats et de la vie professionnelle 9 cours en amphith\u00e9\u00e2tre + 1 e-learning MARD 3 cours en amphith\u00e9\u00e2tre + 2 ateliers pratiques Mieux conna\u00eetre l\u2019\u00e9cosyst\u00e8me de la cybers\u00e9curit\u00e9 1 e-learning Relations avocats-magistrats \/ incidents d\u2019audience 1 cours en amphith\u00e9\u00e2tre RGPD\u00a0: cadre th\u00e9orique, mise en conformit\u00e9, contextes sp\u00e9cifiques 1 e-learning Risques psycho-sociaux 1 cours en amphith\u00e9\u00e2tre Techniques de r\u00e9daction \u2013 Legal design 1 cours en amphith\u00e9\u00e2tre Vie du barreau et de l\u2019ordre 1 cours en amphith\u00e9\u00e2tre Langue \u00e9trang\u00e8re juridique (optionnelle) L\u2019enseignement des langues \u00e9trang\u00e8res juridiques (anglais, espagnol ou allemand) est optionnel. Toutefois si l&#8217;\u00e9l\u00e8ve avocat choisit cette option, il s&#8217;engage \u00e0 suivre l&#8217;int\u00e9gralit\u00e9 des cours et sera \u00e9valu\u00e9 en fin de session (seuls les points au dessus de la moyenne seront comptabilis\u00e9s).\u00a0 E-learning optionnels Outre\u00a0 les modules de e-learning obligatoires, les \u00e9l\u00e8ves sont invit\u00e9s \u00e0 suivre ceux optionnels pour parfaire leurs connaissances : Pratique de l\u2019arbitrage interne ; Mieux appr\u00e9hender l\u2019expertise ;\u00a0Lutte contre le blanchiment d\u2019argent et le financement du terrorisme ; Cybercriminalit\u00e9 ;\u00a0 Tout savoir sur la proc\u00e9dure disciplinaire. Foisonnements Les foisonnements sont des exercices r\u00e9alis\u00e9s \u00e0 partir de dossiers r\u00e9els ou de cas pratiques. Ils consistent en un travail de r\u00e9daction d\u2019\u00e9critures, de consultations ou de contrats, puis de pr\u00e9sentation orale ou de plaidoirie se fondant sur ces travaux \u00e9crits. Les foisonnements \u00e9valuent en priorit\u00e9 la capacit\u00e9 d\u2019analyse d\u2019un dossier et de raisonnement qui en d\u00e9coule. Dans le cadre du tronc commun, plusieurs foisonnements seront r\u00e9alis\u00e9s : un en d\u00e9ontologie, un en contrat et deux en proc\u00e9dure. Le foisonnement de d\u00e9ontologie est r\u00e9alis\u00e9 sous forme de cas pratiques. Le foisonnement de contrat consiste en la r\u00e9daction d\u2019une consultation juridique et la r\u00e9daction, avec son bin\u00f4me, d\u2019un contrat ou encore un protocole d\u2019accord (le travail en bin\u00f4me peut, \u00e9ventuellement, varier selon les semestres). Les foisonnements de proc\u00e9dures : Ils sont trait\u00e9s par bin\u00f4me (d\u00e9termin\u00e9 par l\u2019\u00e9cole), un des \u00e9l\u00e8ves est en demande, l\u2019autre en d\u00e9fense. Chaque \u00e9l\u00e8ve r\u00e9dige une consultation et un jeu d\u2019\u00e9critures propre \u00e0 la mati\u00e8re en cause et \u00e0 sa position dans l\u2019affaire. Chaque \u00e9l\u00e8ve doit ensuite pr\u00e9parer une plaidoirie. Au moment de son inscription, chaque \u00e9l\u00e8ve avocat doit\u00a0choisir deux mati\u00e8res de foisonnement\u00a0parmi les combinaisons propos\u00e9es par l\u2019\u00e9cole portant sur les cinq mati\u00e8res suivantes : tribunal judiciaire, juge des r\u00e9f\u00e9r\u00e9s (judiciaire), conseil de prud\u2019hommes, cour d\u2019appel, tribunal administratif. NB : pour le r\u00e9gime condens\u00e9 les mati\u00e8res &#8220;tribunal judiciaire&#8221; et &#8220;cour d&#8217;appel&#8221; sont impos\u00e9es.\u00a0 Devront \u00eatre suivies obligatoirement : Les mati\u00e8res li\u00e9es aux choix de foisonnement Le cours sur la r\u00e9daction d\u2019une QPC Deux mati\u00e8res compl\u00e9mentaires au choix parmi\u00a0 celles non choisies en foisonnement (tribunal judiciaire, juge des r\u00e9f\u00e9r\u00e9s [judiciaire], juge de l\u2019ex\u00e9cution, conseil de prud\u2019hommes, tribunal de commerce, cour d\u2019appel, juridictions administratives) Les possibilit\u00e9s de combinaisons de foisonnements de tronc commun sont les suivantes\u00a0: \u00a0 Tribunal judiciaire Juge des r\u00e9f\u00e9r\u00e9s Tribunal administratif Conseil de prud\u2019hommes Cour d\u2019appel Conseil de prud\u2019hommes V \u00a0 \u00a0 \u00a0 V Cour d\u2019appel V V V V \u00a0 Juge des r\u00e9f\u00e9r\u00e9s (judiciaire) V \u00a0 V \u00a0 V Tribunal administratif V V \u00a0 \u00a0 V Tribunal judiciaire \u00a0 V V V V \u00a0 Compatibles Tribunal judiciaire Juge des r\u00e9f\u00e9r\u00e9s, Tribunal administratif, Conseil de prud&#8217;hommes, Cour d&#8217;appel Juge des r\u00e9f\u00e9r\u00e9s Tribunal judiciaire, Tribunal administratif, Cour d&#8217;appel Tribunal administratif Tribunal judiciaire, Juge des r\u00e9f\u00e9r\u00e9s, Cour d&#8217;appel Conseil de prud\u2019hommes Tribunal administratif, Cour d&#8217;appel Cour d\u2019appel tribunal judiciaire, Juge des r\u00e9f\u00e9r\u00e9s, Tribunal administratif, Conseil de prud&#8217;hommes parcours de sp\u00e9cialisation L\u2019EFB propose \u00e0 ses \u00e9l\u00e8ves\" \/>\n<meta property=\"og:url\" content=\"https:\/\/wpvit.efb.fr\/index.php\/je-suis-eleve-avocat-a-lefb\/je-gere-ma-formation\/6-mois-enseignements-frondamentaux-pratiques\/\" \/>\n<meta property=\"og:site_name\" content=\"efb.fr\" \/>\n<meta property=\"article:modified_time\" content=\"2024-08-27T13:07:54+00:00\" \/>\n<meta name=\"twitter:card\" content=\"summary_large_image\" \/>\n<meta name=\"twitter:label1\" content=\"Dur\u00e9e de lecture estim\u00e9e\" \/>\n\t<meta name=\"twitter:data1\" content=\"10 minutes\" \/>\n<script type=\"application\/ld+json\" class=\"yoast-schema-graph\">{\"@context\":\"https:\\\/\\\/schema.org\",\"@graph\":[{\"@type\":\"WebPage\",\"@id\":\"https:\\\/\\\/wpvit.efb.fr\\\/index.php\\\/je-suis-eleve-avocat-a-lefb\\\/je-gere-ma-formation\\\/6-mois-enseignements-frondamentaux-pratiques\\\/\",\"url\":\"https:\\\/\\\/wpvit.efb.fr\\\/index.php\\\/je-suis-eleve-avocat-a-lefb\\\/je-gere-ma-formation\\\/6-mois-enseignements-frondamentaux-pratiques\\\/\",\"name\":\"Les 6 mois d'enseignements fondamentaux pratiques - efb.fr\",\"isPartOf\":{\"@id\":\"https:\\\/\\\/wpvit.efb.fr\\\/#website\"},\"datePublished\":\"2023-03-24T13:19:12+00:00\",\"dateModified\":\"2024-08-27T13:07:54+00:00\",\"breadcrumb\":{\"@id\":\"https:\\\/\\\/wpvit.efb.fr\\\/index.php\\\/je-suis-eleve-avocat-a-lefb\\\/je-gere-ma-formation\\\/6-mois-enseignements-frondamentaux-pratiques\\\/#breadcrumb\"},\"inLanguage\":\"fr-FR\",\"potentialAction\":[{\"@type\":\"ReadAction\",\"target\":[\"https:\\\/\\\/wpvit.efb.fr\\\/index.php\\\/je-suis-eleve-avocat-a-lefb\\\/je-gere-ma-formation\\\/6-mois-enseignements-frondamentaux-pratiques\\\/\"]}]},{\"@type\":\"BreadcrumbList\",\"@id\":\"https:\\\/\\\/wpvit.efb.fr\\\/index.php\\\/je-suis-eleve-avocat-a-lefb\\\/je-gere-ma-formation\\\/6-mois-enseignements-frondamentaux-pratiques\\\/#breadcrumb\",\"itemListElement\":[{\"@type\":\"ListItem\",\"position\":1,\"name\":\"Accueil\",\"item\":\"https:\\\/\\\/wpvit.efb.fr\\\/\"},{\"@type\":\"ListItem\",\"position\":2,\"name\":\"Je suis \u00e9l\u00e8ve avocat \u00e0 l&#8217;efb\",\"item\":\"https:\\\/\\\/wpvit.efb.fr\\\/index.php\\\/je-suis-eleve-avocat-a-lefb\\\/\"},{\"@type\":\"ListItem\",\"position\":3,\"name\":\"Je g\u00e8re ma formation\",\"item\":\"https:\\\/\\\/wpvit.efb.fr\\\/index.php\\\/je-suis-eleve-avocat-a-lefb\\\/je-gere-ma-formation\\\/\"},{\"@type\":\"ListItem\",\"position\":4,\"name\":\"Les 6 mois d&#8217;enseignements fondamentaux pratiques\"}]},{\"@type\":\"WebSite\",\"@id\":\"https:\\\/\\\/wpvit.efb.fr\\\/#website\",\"url\":\"https:\\\/\\\/wpvit.efb.fr\\\/\",\"name\":\"EFB\",\"description\":\"\",\"publisher\":{\"@id\":\"https:\\\/\\\/wpvit.efb.fr\\\/#organization\"},\"potentialAction\":[{\"@type\":\"SearchAction\",\"target\":{\"@type\":\"EntryPoint\",\"urlTemplate\":\"https:\\\/\\\/wpvit.efb.fr\\\/?s={search_term_string}\"},\"query-input\":{\"@type\":\"PropertyValueSpecification\",\"valueRequired\":true,\"valueName\":\"search_term_string\"}}],\"inLanguage\":\"fr-FR\"},{\"@type\":\"Organization\",\"@id\":\"https:\\\/\\\/wpvit.efb.fr\\\/#organization\",\"name\":\"\u00c9cole de formation professionnelle des barreaux du ressort de la cour d\u2019appel de Paris (EFB)\",\"alternateName\":\"\u00c9cole de Formation des Barreaux (EFB)\",\"url\":\"https:\\\/\\\/wpvit.efb.fr\\\/\",\"logo\":{\"@type\":\"ImageObject\",\"inLanguage\":\"fr-FR\",\"@id\":\"https:\\\/\\\/wpvit.efb.fr\\\/#\\\/schema\\\/logo\\\/image\\\/\",\"url\":\"https:\\\/\\\/wpvit.efb.fr\\\/wp-content\\\/uploads\\\/2024\\\/10\\\/cropped-Logo-EFB-2023_fond-transparent_mail.png\",\"contentUrl\":\"https:\\\/\\\/wpvit.efb.fr\\\/wp-content\\\/uploads\\\/2024\\\/10\\\/cropped-Logo-EFB-2023_fond-transparent_mail.png\",\"width\":638,\"height\":282,\"caption\":\"\u00c9cole de formation professionnelle des barreaux du ressort de la cour d\u2019appel de Paris (EFB)\"},\"image\":{\"@id\":\"https:\\\/\\\/wpvit.efb.fr\\\/#\\\/schema\\\/logo\\\/image\\\/\"}}]}<\/script>\n<!-- \/ Yoast SEO plugin. -->","yoast_head_json":{"title":"Les 6 mois d'enseignements fondamentaux pratiques - efb.fr","robots":{"index":"index","follow":"follow","max-snippet":"max-snippet:-1","max-image-preview":"max-image-preview:large","max-video-preview":"max-video-preview:-1"},"canonical":"https:\/\/wpvit.efb.fr\/index.php\/je-suis-eleve-avocat-a-lefb\/je-gere-ma-formation\/6-mois-enseignements-frondamentaux-pratiques\/","og_locale":"fr_FR","og_type":"article","og_title":"Les 6 mois d'enseignements fondamentaux pratiques - efb.fr","og_description":"Je g\u00e8re ma formation Les 6 mois d&rsquo;enseignements fondamentaux Je g\u00e8re ma formation Les 6 mois d&rsquo;enseignements fondamentaux Les 6 mois d&rsquo;enseignements fondamentaux pratiques L\u2019acquisition des fondamentaux r\u00e9pond \u00e0 un programme de formation harmonis\u00e9 par le Conseil national des barreaux consultable sur son site internet. Ce programme est enti\u00e8rement consacr\u00e9 \u00e0 la pratique de la profession d\u2019avocat et fait l\u2019objet d\u2019un contr\u00f4le continu. D\u00e9roul\u00e9 de la p\u00e9riode d&rsquo;enseignements fondamentaux selon le r\u00e9gime choisi.\u00a0 Tronc commun Enseignements (modalit\u00e9s p\u00e9dagogiques) Le tronc commun est d\u00e9di\u00e9 \u00e0 l\u2019apprentissage des techniques de structuration des \u00e9crits (consultations, actes juridiques, actes contentieux), de l\u2019expression orale, de la n\u00e9gociation, des modes alternatifs de r\u00e8glement des diff\u00e9rends (MARD), de la r\u00e9daction (consultations, contrats, structuration des \u00e9critures) et de la conduite des proc\u00e9dures et des plaidoiries devant les juges et juridictions. Les \u00e9l\u00e8ves sont \u00e9galement form\u00e9s \u00e0 la prise de parole avec des secr\u00e9taires de la conf\u00e9rence et des com\u00e9diens, au management de la vie en cabinet et \u00e0 la d\u00e9ontologie \u00e0 travers des cours magistraux, des exercices pratiques. Enfin, le LAB familiarise les \u00e9l\u00e8ves au num\u00e9rique gr\u00e2ce \u00e0 la gestion d\u2019un projet en groupe sous le tutorat d\u2019un intervenant sp\u00e9cialis\u00e9. Les mati\u00e8res list\u00e9es ci-dessous s\u2019appliquent \u00e0 la promotion 2025-2026\u00a0 \u00a0 Enseignements du Tronc commun Modalit\u00e9s p\u00e9dagogiques Accueil et relation client \u00a01 cours en amphith\u00e9\u00e2tre Apprendre \u00e0 g\u00e9rer le stress &#8211; TP 1 atelier pratique Avocat connect\u00e9 1 cours en amphith\u00e9\u00e2tre + 1 atelier pratique + 1 e-learning Conseil-N\u00e9gociation 1 cours en amphith\u00e9\u00e2tre + 1 atelier pratique Conseil-r\u00e9daction de consultation et de contrat 1 cours en amphith\u00e9\u00e2tre + 1 atelier pratique + 1 foisonnement not\u00e9 Conseil- Strat\u00e9gie et tactique du proc\u00e8s 1 cours en amphith\u00e9\u00e2tre Comptabilit\u00e9 (lire un bilan comptable) 1 e-learning D\u00e9ontologie 14 cours en amphith\u00e9\u00e2tre + 3 ateliers pratiques dont 1 foisonnement not\u00e9 + 2 e-learning Discrimination et harc\u00e8lement 1 cours en amphith\u00e9\u00e2tre Examen des besoins de la profession par secteur d\u2019activit\u00e9 et par zone g\u00e9ographique 1 cours en amphith\u00e9\u00e2tre Expression orale, techniques de plaidoirie, expression et audience 1 cours en amphith\u00e9\u00e2tre + 4 ateliers pratiques Foisonnement tronc commun 2 mati\u00e8res au choix parmi : conseil de prud\u2019hommes, cour d\u2019appel, juge des r\u00e9f\u00e9r\u00e9s (judiciaire), tribunal administratif et tribunal judiciaire (NB : pour le r\u00e9gime condens\u00e9 choix impos\u00e9s : tribunal judiciaire et cour d&#8217;appel) Histoire de la profession d&#8217;avocat 1 cours en amphith\u00e9\u00e2tre Intelligence artificielle g\u00e9n\u00e9rative 1 e-learning Interlocuteurs de l&#8217;avocat 1 cours en amphith\u00e9\u00e2tre LAB \u2013 Tenue de r\u00e9union, travail en \u00e9quipe 1 cours en amphith\u00e9\u00e2tre + 1 atelier introductif +2 s\u00e9ances de coaching avant le pitch (pr\u00e9sentation du projet not\u00e9 [\u00e9crit + oral]) Management et d\u00e9veloppement du cabinet d\u2019avocats et de la vie professionnelle 9 cours en amphith\u00e9\u00e2tre + 1 e-learning MARD 3 cours en amphith\u00e9\u00e2tre + 2 ateliers pratiques Mieux conna\u00eetre l\u2019\u00e9cosyst\u00e8me de la cybers\u00e9curit\u00e9 1 e-learning Relations avocats-magistrats \/ incidents d\u2019audience 1 cours en amphith\u00e9\u00e2tre RGPD\u00a0: cadre th\u00e9orique, mise en conformit\u00e9, contextes sp\u00e9cifiques 1 e-learning Risques psycho-sociaux 1 cours en amphith\u00e9\u00e2tre Techniques de r\u00e9daction \u2013 Legal design 1 cours en amphith\u00e9\u00e2tre Vie du barreau et de l\u2019ordre 1 cours en amphith\u00e9\u00e2tre Langue \u00e9trang\u00e8re juridique (optionnelle) L\u2019enseignement des langues \u00e9trang\u00e8res juridiques (anglais, espagnol ou allemand) est optionnel. Toutefois si l&#8217;\u00e9l\u00e8ve avocat choisit cette option, il s&#8217;engage \u00e0 suivre l&#8217;int\u00e9gralit\u00e9 des cours et sera \u00e9valu\u00e9 en fin de session (seuls les points au dessus de la moyenne seront comptabilis\u00e9s).\u00a0 E-learning optionnels Outre\u00a0 les modules de e-learning obligatoires, les \u00e9l\u00e8ves sont invit\u00e9s \u00e0 suivre ceux optionnels pour parfaire leurs connaissances : Pratique de l\u2019arbitrage interne ; Mieux appr\u00e9hender l\u2019expertise ;\u00a0Lutte contre le blanchiment d\u2019argent et le financement du terrorisme ; Cybercriminalit\u00e9 ;\u00a0 Tout savoir sur la proc\u00e9dure disciplinaire. Foisonnements Les foisonnements sont des exercices r\u00e9alis\u00e9s \u00e0 partir de dossiers r\u00e9els ou de cas pratiques. Ils consistent en un travail de r\u00e9daction d\u2019\u00e9critures, de consultations ou de contrats, puis de pr\u00e9sentation orale ou de plaidoirie se fondant sur ces travaux \u00e9crits. Les foisonnements \u00e9valuent en priorit\u00e9 la capacit\u00e9 d\u2019analyse d\u2019un dossier et de raisonnement qui en d\u00e9coule. Dans le cadre du tronc commun, plusieurs foisonnements seront r\u00e9alis\u00e9s : un en d\u00e9ontologie, un en contrat et deux en proc\u00e9dure. Le foisonnement de d\u00e9ontologie est r\u00e9alis\u00e9 sous forme de cas pratiques. Le foisonnement de contrat consiste en la r\u00e9daction d\u2019une consultation juridique et la r\u00e9daction, avec son bin\u00f4me, d\u2019un contrat ou encore un protocole d\u2019accord (le travail en bin\u00f4me peut, \u00e9ventuellement, varier selon les semestres). Les foisonnements de proc\u00e9dures : Ils sont trait\u00e9s par bin\u00f4me (d\u00e9termin\u00e9 par l\u2019\u00e9cole), un des \u00e9l\u00e8ves est en demande, l\u2019autre en d\u00e9fense. Chaque \u00e9l\u00e8ve r\u00e9dige une consultation et un jeu d\u2019\u00e9critures propre \u00e0 la mati\u00e8re en cause et \u00e0 sa position dans l\u2019affaire. Chaque \u00e9l\u00e8ve doit ensuite pr\u00e9parer une plaidoirie. Au moment de son inscription, chaque \u00e9l\u00e8ve avocat doit\u00a0choisir deux mati\u00e8res de foisonnement\u00a0parmi les combinaisons propos\u00e9es par l\u2019\u00e9cole portant sur les cinq mati\u00e8res suivantes : tribunal judiciaire, juge des r\u00e9f\u00e9r\u00e9s (judiciaire), conseil de prud\u2019hommes, cour d\u2019appel, tribunal administratif. NB : pour le r\u00e9gime condens\u00e9 les mati\u00e8res &#8220;tribunal judiciaire&#8221; et &#8220;cour d&#8217;appel&#8221; sont impos\u00e9es.\u00a0 Devront \u00eatre suivies obligatoirement : Les mati\u00e8res li\u00e9es aux choix de foisonnement Le cours sur la r\u00e9daction d\u2019une QPC Deux mati\u00e8res compl\u00e9mentaires au choix parmi\u00a0 celles non choisies en foisonnement (tribunal judiciaire, juge des r\u00e9f\u00e9r\u00e9s [judiciaire], juge de l\u2019ex\u00e9cution, conseil de prud\u2019hommes, tribunal de commerce, cour d\u2019appel, juridictions administratives) Les possibilit\u00e9s de combinaisons de foisonnements de tronc commun sont les suivantes\u00a0: \u00a0 Tribunal judiciaire Juge des r\u00e9f\u00e9r\u00e9s Tribunal administratif Conseil de prud\u2019hommes Cour d\u2019appel Conseil de prud\u2019hommes V \u00a0 \u00a0 \u00a0 V Cour d\u2019appel V V V V \u00a0 Juge des r\u00e9f\u00e9r\u00e9s (judiciaire) V \u00a0 V \u00a0 V Tribunal administratif V V \u00a0 \u00a0 V Tribunal judiciaire \u00a0 V V V V \u00a0 Compatibles Tribunal judiciaire Juge des r\u00e9f\u00e9r\u00e9s, Tribunal administratif, Conseil de prud&#8217;hommes, Cour d&#8217;appel Juge des r\u00e9f\u00e9r\u00e9s Tribunal judiciaire, Tribunal administratif, Cour d&#8217;appel Tribunal administratif Tribunal judiciaire, Juge des r\u00e9f\u00e9r\u00e9s, Cour d&#8217;appel Conseil de prud\u2019hommes Tribunal administratif, Cour d&#8217;appel Cour d\u2019appel tribunal judiciaire, Juge des r\u00e9f\u00e9r\u00e9s, Tribunal administratif, Conseil de prud&#8217;hommes parcours de sp\u00e9cialisation L\u2019EFB propose \u00e0 ses \u00e9l\u00e8ves","og_url":"https:\/\/wpvit.efb.fr\/index.php\/je-suis-eleve-avocat-a-lefb\/je-gere-ma-formation\/6-mois-enseignements-frondamentaux-pratiques\/","og_site_name":"efb.fr","article_modified_time":"2024-08-27T13:07:54+00:00","twitter_card":"summary_large_image","twitter_misc":{"Dur\u00e9e de lecture estim\u00e9e":"10 minutes"},"schema":{"@context":"https:\/\/schema.org","@graph":[{"@type":"WebPage","@id":"https:\/\/wpvit.efb.fr\/index.php\/je-suis-eleve-avocat-a-lefb\/je-gere-ma-formation\/6-mois-enseignements-frondamentaux-pratiques\/","url":"https:\/\/wpvit.efb.fr\/index.php\/je-suis-eleve-avocat-a-lefb\/je-gere-ma-formation\/6-mois-enseignements-frondamentaux-pratiques\/","name":"Les 6 mois d'enseignements fondamentaux pratiques - efb.fr","isPartOf":{"@id":"https:\/\/wpvit.efb.fr\/#website"},"datePublished":"2023-03-24T13:19:12+00:00","dateModified":"2024-08-27T13:07:54+00:00","breadcrumb":{"@id":"https:\/\/wpvit.efb.fr\/index.php\/je-suis-eleve-avocat-a-lefb\/je-gere-ma-formation\/6-mois-enseignements-frondamentaux-pratiques\/#breadcrumb"},"inLanguage":"fr-FR","potentialAction":[{"@type":"ReadAction","target":["https:\/\/wpvit.efb.fr\/index.php\/je-suis-eleve-avocat-a-lefb\/je-gere-ma-formation\/6-mois-enseignements-frondamentaux-pratiques\/"]}]},{"@type":"BreadcrumbList","@id":"https:\/\/wpvit.efb.fr\/index.php\/je-suis-eleve-avocat-a-lefb\/je-gere-ma-formation\/6-mois-enseignements-frondamentaux-pratiques\/#breadcrumb","itemListElement":[{"@type":"ListItem","position":1,"name":"Accueil","item":"https:\/\/wpvit.efb.fr\/"},{"@type":"ListItem","position":2,"name":"Je suis \u00e9l\u00e8ve avocat \u00e0 l&#8217;efb","item":"https:\/\/wpvit.efb.fr\/index.php\/je-suis-eleve-avocat-a-lefb\/"},{"@type":"ListItem","position":3,"name":"Je g\u00e8re ma formation","item":"https:\/\/wpvit.efb.fr\/index.php\/je-suis-eleve-avocat-a-lefb\/je-gere-ma-formation\/"},{"@type":"ListItem","position":4,"name":"Les 6 mois d&#8217;enseignements fondamentaux pratiques"}]},{"@type":"WebSite","@id":"https:\/\/wpvit.efb.fr\/#website","url":"https:\/\/wpvit.efb.fr\/","name":"EFB","description":"","publisher":{"@id":"https:\/\/wpvit.efb.fr\/#organization"},"potentialAction":[{"@type":"SearchAction","target":{"@type":"EntryPoint","urlTemplate":"https:\/\/wpvit.efb.fr\/?s={search_term_string}"},"query-input":{"@type":"PropertyValueSpecification","valueRequired":true,"valueName":"search_term_string"}}],"inLanguage":"fr-FR"},{"@type":"Organization","@id":"https:\/\/wpvit.efb.fr\/#organization","name":"\u00c9cole de formation professionnelle des barreaux du ressort de la cour d\u2019appel de Paris (EFB)","alternateName":"\u00c9cole de Formation des Barreaux (EFB)","url":"https:\/\/wpvit.efb.fr\/","logo":{"@type":"ImageObject","inLanguage":"fr-FR","@id":"https:\/\/wpvit.efb.fr\/#\/schema\/logo\/image\/","url":"https:\/\/wpvit.efb.fr\/wp-content\/uploads\/2024\/10\/cropped-Logo-EFB-2023_fond-transparent_mail.png","contentUrl":"https:\/\/wpvit.efb.fr\/wp-content\/uploads\/2024\/10\/cropped-Logo-EFB-2023_fond-transparent_mail.png","width":638,"height":282,"caption":"\u00c9cole de formation professionnelle des barreaux du ressort de la cour d\u2019appel de Paris (EFB)"},"image":{"@id":"https:\/\/wpvit.efb.fr\/#\/schema\/logo\/image\/"}}]}},"_links":{"self":[{"href":"https:\/\/wpvit.efb.fr\/index.php\/wp-json\/wp\/v2\/pages\/6742","targetHints":{"allow":["GET"]}}],"collection":[{"href":"https:\/\/wpvit.efb.fr\/index.php\/wp-json\/wp\/v2\/pages"}],"about":[{"href":"https:\/\/wpvit.efb.fr\/index.php\/wp-json\/wp\/v2\/types\/page"}],"author":[{"embeddable":true,"href":"https:\/\/wpvit.efb.fr\/index.php\/wp-json\/wp\/v2\/users\/1"}],"replies":[{"embeddable":true,"href":"https:\/\/wpvit.efb.fr\/index.php\/wp-json\/wp\/v2\/comments?post=6742"}],"version-history":[{"count":262,"href":"https:\/\/wpvit.efb.fr\/index.php\/wp-json\/wp\/v2\/pages\/6742\/revisions"}],"predecessor-version":[{"id":39793,"href":"https:\/\/wpvit.efb.fr\/index.php\/wp-json\/wp\/v2\/pages\/6742\/revisions\/39793"}],"up":[{"embeddable":true,"href":"https:\/\/wpvit.efb.fr\/index.php\/wp-json\/wp\/v2\/pages\/1122"}],"wp:attachment":[{"href":"https:\/\/wpvit.efb.fr\/index.php\/wp-json\/wp\/v2\/media?parent=6742"}],"curies":[{"name":"wp","href":"https:\/\/api.w.org\/{rel}","templated":true}]}}