{"id":7070,"date":"2023-03-29T14:27:39","date_gmt":"2023-03-29T12:27:39","guid":{"rendered":"https:\/\/wpvit.efb.fr\/?page_id=7070"},"modified":"2024-07-08T11:21:38","modified_gmt":"2024-07-08T09:21:38","slug":"plan-du-site","status":"publish","type":"page","link":"https:\/\/wpvit.efb.fr\/index.php\/plan-du-site\/","title":{"rendered":"Plan du site"},"content":{"rendered":"\t\t<div data-elementor-type=\"wp-page\" data-elementor-id=\"7070\" class=\"elementor elementor-7070\" data-elementor-post-type=\"page\">\n\t\t\t\t<div class=\"elementor-element elementor-element-32f35c2 custom-gradient-bg elementor-hidden-tablet elementor-hidden-mobile e-flex e-con-boxed e-con e-parent\" data-id=\"32f35c2\" data-element_type=\"container\" data-e-type=\"container\" data-settings=\"{&quot;background_background&quot;:&quot;classic&quot;}\">\n\t\t\t\t\t<div class=\"e-con-inner\">\n\t\t<div class=\"elementor-element elementor-element-3179ae5 e-con-full e-flex e-con e-child\" data-id=\"3179ae5\" data-element_type=\"container\" data-e-type=\"container\">\n\t\t<div class=\"elementor-element elementor-element-f7596be e-con-full elementor-hidden-mobile e-flex e-con e-child\" data-id=\"f7596be\" data-element_type=\"container\" data-e-type=\"container\" data-settings=\"{&quot;background_background&quot;:&quot;classic&quot;}\">\n\t\t\t\t<div class=\"elementor-element elementor-element-15e675a elementor-widget elementor-widget-heading\" data-id=\"15e675a\" data-element_type=\"widget\" data-e-type=\"widget\" data-widget_type=\"heading.default\">\n\t\t\t\t<div class=\"elementor-widget-container\">\n\t\t\t\t\t<h2 class=\"elementor-heading-title elementor-size-default\">Plan du site<\/h2>\t\t\t\t<\/div>\n\t\t\t\t<\/div>\n\t\t\t\t<\/div>\n\t\t\t\t<\/div>\n\t\t\t\t\t<\/div>\n\t\t\t\t<\/div>\n\t\t<div class=\"elementor-element elementor-element-438d6c9 elementor-hidden-desktop e-con-full e-flex e-con e-parent\" data-id=\"438d6c9\" data-element_type=\"container\" data-e-type=\"container\">\n\t\t<div class=\"elementor-element elementor-element-4207023 custom-gradient-bg e-con-full e-flex e-con e-child\" data-id=\"4207023\" data-element_type=\"container\" data-e-type=\"container\">\n\t\t\t\t<div class=\"elementor-element elementor-element-a4777d4 elementor-widget elementor-widget-heading\" data-id=\"a4777d4\" data-element_type=\"widget\" data-e-type=\"widget\" data-widget_type=\"heading.default\">\n\t\t\t\t<div class=\"elementor-widget-container\">\n\t\t\t\t\t<h2 class=\"elementor-heading-title elementor-size-default\">plan du site<\/h2>\t\t\t\t<\/div>\n\t\t\t\t<\/div>\n\t\t\t\t<\/div>\n\t\t\t\t<\/div>\n\t\t\t\t<section class=\"elementor-section elementor-top-section elementor-element elementor-element-101ee354 elementor-section-boxed elementor-section-height-default elementor-section-height-default\" data-id=\"101ee354\" data-element_type=\"section\" data-e-type=\"section\">\n\t\t\t\t\t\t<div class=\"elementor-container elementor-column-gap-default\">\n\t\t\t\t\t<div class=\"elementor-column elementor-col-100 elementor-top-column elementor-element elementor-element-6a90c07b\" data-id=\"6a90c07b\" data-element_type=\"column\" data-e-type=\"column\">\n\t\t\t<div class=\"elementor-widget-wrap elementor-element-populated\">\n\t\t\t\t\t\t<div class=\"elementor-element elementor-element-bdd82ea elementor-align-left elementor-widget elementor-widget-global elementor-global-2445 elementor-widget-breadcrumbs\" data-id=\"bdd82ea\" data-element_type=\"widget\" data-e-type=\"widget\" data-widget_type=\"breadcrumbs.default\">\n\t\t\t\t<div class=\"elementor-widget-container\">\n\t\t\t\t\t<p id=\"breadcrumbs\"><span><span><a href=\"https:\/\/wpvit.efb.fr\/\">Accueil<\/a><\/span><\/span><\/p>\t\t\t\t<\/div>\n\t\t\t\t<\/div>\n\t\t\t\t\t<\/div>\n\t\t<\/div>\n\t\t\t\t\t<\/div>\n\t\t<\/section>\n\t\t<div class=\"elementor-element elementor-element-d7758c3 e-flex e-con-boxed e-con e-parent\" data-id=\"d7758c3\" data-element_type=\"container\" data-e-type=\"container\">\n\t\t\t\t\t<div class=\"e-con-inner\">\n\t\t<div class=\"elementor-element elementor-element-1d41917 e-con-full e-flex e-con e-child\" data-id=\"1d41917\" data-element_type=\"container\" data-e-type=\"container\">\n\t\t\t\t<div class=\"elementor-element elementor-element-33ff65f elementor-widget elementor-widget-sitemap\" data-id=\"33ff65f\" data-element_type=\"widget\" data-e-type=\"widget\" data-widget_type=\"sitemap.default\">\n\t\t\t\t<div class=\"elementor-widget-container\">\n\t\t\t\t\t<div class=\"elementor-sitemap-wrap\"><div class=\"elementor-sitemap-section\"><h2 class=\"elementor-sitemap-title elementor-sitemap-page-title\"> <\/h2><ul class=\"elementor-sitemap-list elementor-sitemap-page-list\"><li class=\"elementor-sitemap-item elementor-sitemap-item-page page_item page-item-19530\"><a href=\"https:\/\/wpvit.efb.fr\/index.php\/accessibilite\/\">Accessibilit\u00e9<\/a><\/li><li class=\"elementor-sitemap-item elementor-sitemap-item-page page_item page-item-20334\"><a href=\"https:\/\/wpvit.efb.fr\/\">Accueil<\/a><\/li><li class=\"elementor-sitemap-item elementor-sitemap-item-page page_item page-item-36068\"><a href=\"https:\/\/wpvit.efb.fr\/index.php\/accueil-2\/\">Accueil &#8211; 2<\/a><\/li><li class=\"elementor-sitemap-item elementor-sitemap-item-page page_item page-item-443\"><a href=\"https:\/\/wpvit.efb.fr\/index.php\/avocat-ou-professionnel-du-droit\/\">Avocat ou professionnel du droit<\/a><ul class='children'><li class=\"elementor-sitemap-item elementor-sitemap-item-page page_item page-item-9597\"><a href=\"https:\/\/wpvit.efb.fr\/index.php\/avocat-ou-professionnel-du-droit\/deposer-une-offre-de-stage-ou-de-collaboration\/\">D\u00e9poser une offre de stage ou de collaboration<\/a><\/li><li class=\"elementor-sitemap-item elementor-sitemap-item-page page_item page-item-6202\"><a href=\"https:\/\/wpvit.efb.fr\/index.php\/avocat-ou-professionnel-du-droit\/je-suis-avocat\/\">Je suis avocat<\/a><ul class='children'><li class=\"elementor-sitemap-item elementor-sitemap-item-page page_item page-item-66\"><a href=\"https:\/\/wpvit.efb.fr\/index.php\/avocat-ou-professionnel-du-droit\/je-suis-avocat\/catalogue-de-formations\/\">Catalogue de formations<\/a><\/li><li class=\"elementor-sitemap-item elementor-sitemap-item-page page_item page-item-42610\"><a href=\"https:\/\/wpvit.efb.fr\/index.php\/avocat-ou-professionnel-du-droit\/je-suis-avocat\/catalogue-de-formations-elearning\/\">Catalogue de formations &#8211; Elearning<\/a><\/li><li class=\"elementor-sitemap-item elementor-sitemap-item-page page_item page-item-9614\"><a href=\"https:\/\/wpvit.efb.fr\/index.php\/avocat-ou-professionnel-du-droit\/je-suis-avocat\/certificat-de-specialisation\/\">Certificat de sp\u00e9cialisation<\/a><\/li><li class=\"elementor-sitemap-item elementor-sitemap-item-page page_item page-item-38697\"><a href=\"https:\/\/wpvit.efb.fr\/index.php\/avocat-ou-professionnel-du-droit\/je-suis-avocat\/devenir-maitre-de-stage\/\">Devenir ma\u00eetre de stage<\/a><\/li><li class=\"elementor-sitemap-item elementor-sitemap-item-page page_item page-item-9622\"><a href=\"https:\/\/wpvit.efb.fr\/index.php\/avocat-ou-professionnel-du-droit\/je-suis-avocat\/formation-continue\/\">Formation Continue<\/a><\/li><li class=\"elementor-sitemap-item elementor-sitemap-item-page page_item page-item-40683\"><a href=\"https:\/\/wpvit.efb.fr\/index.php\/avocat-ou-professionnel-du-droit\/je-suis-avocat\/formation-continue-new\/\">Formation Continue &#8211; NEW<\/a><\/li><\/ul><\/li><li class=\"elementor-sitemap-item elementor-sitemap-item-page page_item page-item-6249\"><a href=\"https:\/\/wpvit.efb.fr\/index.php\/avocat-ou-professionnel-du-droit\/je-suis-professionnel-du-droit\/\">Je suis professionnel du droit<\/a><ul class='children'><li class=\"elementor-sitemap-item elementor-sitemap-item-page page_item page-item-15270\"><a href=\"https:\/\/wpvit.efb.fr\/index.php\/avocat-ou-professionnel-du-droit\/je-suis-professionnel-du-droit\/acces-a-la-formation-continue\/\">Acc\u00e8s \u00e0 la formation continue<\/a><\/li><li class=\"elementor-sitemap-item elementor-sitemap-item-page page_item page-item-15215\"><a href=\"https:\/\/wpvit.efb.fr\/index.php\/avocat-ou-professionnel-du-droit\/je-suis-professionnel-du-droit\/acces-derogatoire-a-la-profession-d-avocat\/\">Acc\u00e8s d\u00e9rogatoire \u00e0 la profession d&rsquo;avocat<\/a><\/li><\/ul><\/li><li class=\"elementor-sitemap-item elementor-sitemap-item-page page_item page-item-9582\"><a href=\"https:\/\/wpvit.efb.fr\/index.php\/avocat-ou-professionnel-du-droit\/je-veux-intervenir-a-l-efb\/\">Je veux intervenir \u00e0 l&rsquo;EFB<\/a><\/li><\/ul><\/li><li class=\"elementor-sitemap-item elementor-sitemap-item-page page_item page-item-33219\"><a href=\"https:\/\/wpvit.efb.fr\/index.php\/decouvrir-lefb\/\">D\u00e9couvrir l&rsquo;EFB<\/a><\/li><li class=\"elementor-sitemap-item elementor-sitemap-item-page page_item page-item-19928\"><a href=\"https:\/\/wpvit.efb.fr\/index.php\/donnees-personnelles-et-cookies\/\">Donn\u00e9es personnelles<\/a><\/li><li class=\"elementor-sitemap-item elementor-sitemap-item-page page_item page-item-30447\"><a href=\"https:\/\/wpvit.efb.fr\/index.php\/formulaire-de-contact\/\">Formulaire de contact<\/a><\/li><li class=\"elementor-sitemap-item elementor-sitemap-item-page page_item page-item-697\"><a href=\"https:\/\/wpvit.efb.fr\/index.php\/international\/\">International<\/a><ul class='children'><li class=\"elementor-sitemap-item elementor-sitemap-item-page page_item page-item-20609\"><a href=\"https:\/\/wpvit.efb.fr\/index.php\/international\/about-efb\/\">About EFB<\/a><\/li><li class=\"elementor-sitemap-item elementor-sitemap-item-page page_item page-item-10818\"><a href=\"https:\/\/wpvit.efb.fr\/index.php\/international\/erasmus\/\">Erasmus+<\/a><\/li><li class=\"elementor-sitemap-item elementor-sitemap-item-page page_item page-item-18148\"><a href=\"https:\/\/wpvit.efb.fr\/index.php\/international\/je-suis-un-avocat-etranger\/\">Je suis un avocat \u00e9tranger<\/a><ul class='children'><li class=\"elementor-sitemap-item elementor-sitemap-item-page page_item page-item-9567\"><a href=\"https:\/\/wpvit.efb.fr\/index.php\/international\/je-suis-un-avocat-etranger\/je-veux-acceder-a-la-profession-d-avocat-en-france\/\">Je veux acc\u00e9der \u00e0 la profession d&rsquo;avocat en France<\/a><\/li><li class=\"elementor-sitemap-item elementor-sitemap-item-page page_item page-item-10838\"><a href=\"https:\/\/wpvit.efb.fr\/index.php\/international\/je-suis-un-avocat-etranger\/programmes-internationaux\/\">Programmes Internationaux<\/a><\/li><\/ul><\/li><li class=\"elementor-sitemap-item elementor-sitemap-item-page page_item page-item-10799\"><a href=\"https:\/\/wpvit.efb.fr\/index.php\/international\/je-veux-faire-mon-ppi-a-l-etranger\/\">Je veux faire mon PPI \u00e0 l&rsquo;\u00e9tranger<\/a><ul class='children'><li class=\"elementor-sitemap-item elementor-sitemap-item-page page_item page-item-14025\"><a href=\"https:\/\/wpvit.efb.fr\/index.php\/international\/je-veux-faire-mon-ppi-a-l-etranger\/je-veux-faire-mon-stage-a-l-etranger\/\">Je veux faire mon stage \u00e0 l&rsquo;\u00e9tranger<\/a><\/li><li class=\"elementor-sitemap-item elementor-sitemap-item-page page_item page-item-40133\"><a href=\"https:\/\/wpvit.efb.fr\/index.php\/international\/je-veux-faire-mon-ppi-a-l-etranger\/je-veux-faire-un-llm-a-letranger\/\">Je veux faire un LLM \u00e0 l&rsquo;\u00e9tranger<\/a><\/li><\/ul><\/li><li class=\"elementor-sitemap-item elementor-sitemap-item-page page_item page-item-15103\"><a href=\"https:\/\/wpvit.efb.fr\/index.php\/international\/le-pret-du-batonnier\/\">Le pr\u00eat du b\u00e2tonnier<\/a><\/li><li class=\"elementor-sitemap-item elementor-sitemap-item-page page_item page-item-18186\"><a href=\"https:\/\/wpvit.efb.fr\/index.php\/international\/projet-europeens-de-l-efb\/\">Projet Europ\u00e9ens de l&rsquo;EFB<\/a><ul class='children'><li class=\"elementor-sitemap-item elementor-sitemap-item-page page_item page-item-41398\"><a href=\"https:\/\/wpvit.efb.fr\/index.php\/international\/projet-europeens-de-l-efb\/justchild\/\">JUSTCHILD<\/a><\/li><li class=\"elementor-sitemap-item elementor-sitemap-item-page page_item page-item-37424\"><a href=\"https:\/\/wpvit.efb.fr\/index.php\/international\/projet-europeens-de-l-efb\/litel\/\">LITEL<\/a><\/li><\/ul><\/li><\/ul><\/li><li class=\"elementor-sitemap-item elementor-sitemap-item-page page_item page-item-3006\"><a href=\"https:\/\/wpvit.efb.fr\/index.php\/je-suis-eleve-avocat-a-lefb\/\">Je suis \u00e9l\u00e8ve avocat \u00e0 l&rsquo;efb<\/a><ul class='children'><li class=\"elementor-sitemap-item elementor-sitemap-item-page page_item page-item-6725\"><a href=\"https:\/\/wpvit.efb.fr\/index.php\/je-suis-eleve-avocat-a-lefb\/j-ai-besoin-d-aide\/\">J&rsquo;ai besoin d&rsquo;aide<\/a><\/li><li class=\"elementor-sitemap-item elementor-sitemap-item-page page_item page-item-1122\"><a href=\"https:\/\/wpvit.efb.fr\/index.php\/je-suis-eleve-avocat-a-lefb\/je-gere-ma-formation\/\">Je g\u00e8re ma formation<\/a><ul class='children'><li class=\"elementor-sitemap-item elementor-sitemap-item-page page_item page-item-5029\"><a href=\"https:\/\/wpvit.efb.fr\/index.php\/je-suis-eleve-avocat-a-lefb\/je-gere-ma-formation\/dates-cles-de-ma-promotion\/\">Dates cl\u00e9s de ma promotion<\/a><\/li><li class=\"elementor-sitemap-item elementor-sitemap-item-page page_item page-item-11852\"><a href=\"https:\/\/wpvit.efb.fr\/index.php\/je-suis-eleve-avocat-a-lefb\/je-gere-ma-formation\/l-examen-du-capa\/\">L&rsquo;examen du CAPA<\/a><\/li><li class=\"elementor-sitemap-item elementor-sitemap-item-page page_item page-item-5081\"><a href=\"https:\/\/wpvit.efb.fr\/index.php\/je-suis-eleve-avocat-a-lefb\/je-gere-ma-formation\/le-referent-pedagogique\/\">Le r\u00e9f\u00e9rent p\u00e9dagogique<\/a><\/li><li class=\"elementor-sitemap-item elementor-sitemap-item-page page_item page-item-6742\"><a href=\"https:\/\/wpvit.efb.fr\/index.php\/je-suis-eleve-avocat-a-lefb\/je-gere-ma-formation\/6-mois-enseignements-frondamentaux-pratiques\/\">Les 6 mois d&rsquo;enseignements fondamentaux pratiques<\/a><ul class='children'><li class=\"elementor-sitemap-item elementor-sitemap-item-page page_item page-item-6771\"><a href=\"https:\/\/wpvit.efb.fr\/index.php\/je-suis-eleve-avocat-a-lefb\/je-gere-ma-formation\/6-mois-enseignements-frondamentaux-pratiques\/parcours-de-specialisation\/\">Les 2 parcours de sp\u00e9cialisation au choix<\/a><ul class='children'><li class=\"elementor-sitemap-item elementor-sitemap-item-page page_item page-item-7271\"><a href=\"https:\/\/wpvit.efb.fr\/index.php\/je-suis-eleve-avocat-a-lefb\/je-gere-ma-formation\/6-mois-enseignements-frondamentaux-pratiques\/parcours-de-specialisation\/parcours-affaires\/\">Parcours Affaires<\/a><\/li><li class=\"elementor-sitemap-item elementor-sitemap-item-page page_item page-item-7442\"><a href=\"https:\/\/wpvit.efb.fr\/index.php\/je-suis-eleve-avocat-a-lefb\/je-gere-ma-formation\/6-mois-enseignements-frondamentaux-pratiques\/parcours-de-specialisation\/parcours-concurrence\/\">Parcours Concurrence<\/a><\/li><li class=\"elementor-sitemap-item elementor-sitemap-item-page page_item page-item-7450\"><a href=\"https:\/\/wpvit.efb.fr\/index.php\/je-suis-eleve-avocat-a-lefb\/je-gere-ma-formation\/6-mois-enseignements-frondamentaux-pratiques\/parcours-de-specialisation\/parcours-droit-des-etrangers\/\">Parcours Droit des \u00e9trangers<\/a><\/li><li class=\"elementor-sitemap-item elementor-sitemap-item-page page_item page-item-7349\"><a href=\"https:\/\/wpvit.efb.fr\/index.php\/je-suis-eleve-avocat-a-lefb\/je-gere-ma-formation\/6-mois-enseignements-frondamentaux-pratiques\/parcours-de-specialisation\/parcours-droit-international-a-dominante-europeenne\/\">Parcours Droit international \u00e0 dominante europ\u00e9enne<\/a><\/li><li class=\"elementor-sitemap-item elementor-sitemap-item-page page_item page-item-7464\"><a href=\"https:\/\/wpvit.efb.fr\/index.php\/je-suis-eleve-avocat-a-lefb\/je-gere-ma-formation\/6-mois-enseignements-frondamentaux-pratiques\/parcours-de-specialisation\/parcours-entreprise-en-difficulte\/\">Parcours Entreprise en difficult\u00e9<\/a><\/li><li class=\"elementor-sitemap-item elementor-sitemap-item-page page_item page-item-7475\"><a href=\"https:\/\/wpvit.efb.fr\/index.php\/je-suis-eleve-avocat-a-lefb\/je-gere-ma-formation\/6-mois-enseignements-frondamentaux-pratiques\/parcours-de-specialisation\/parcours-famille\/\">Parcours Famille<\/a><\/li><li class=\"elementor-sitemap-item elementor-sitemap-item-page page_item page-item-7494\"><a href=\"https:\/\/wpvit.efb.fr\/index.php\/je-suis-eleve-avocat-a-lefb\/je-gere-ma-formation\/6-mois-enseignements-frondamentaux-pratiques\/parcours-de-specialisation\/parcours-fiscal\/\">Parcours Fiscal<\/a><\/li><li class=\"elementor-sitemap-item elementor-sitemap-item-page page_item page-item-7553\"><a href=\"https:\/\/wpvit.efb.fr\/index.php\/je-suis-eleve-avocat-a-lefb\/je-gere-ma-formation\/6-mois-enseignements-frondamentaux-pratiques\/parcours-de-specialisation\/parcours-fusions-acquisitions\/\">Parcours Fusions-acquisitions<\/a><\/li><li class=\"elementor-sitemap-item elementor-sitemap-item-page page_item page-item-7571\"><a href=\"https:\/\/wpvit.efb.fr\/index.php\/je-suis-eleve-avocat-a-lefb\/je-gere-ma-formation\/6-mois-enseignements-frondamentaux-pratiques\/parcours-de-specialisation\/parcours-immobilier\/\">Parcours Immobilier<\/a><\/li><li class=\"elementor-sitemap-item elementor-sitemap-item-page page_item page-item-7579\"><a href=\"https:\/\/wpvit.efb.fr\/index.php\/je-suis-eleve-avocat-a-lefb\/je-gere-ma-formation\/6-mois-enseignements-frondamentaux-pratiques\/parcours-de-specialisation\/parcours-penal\/\">Parcours P\u00e9nal<\/a><\/li><li class=\"elementor-sitemap-item elementor-sitemap-item-page page_item page-item-7593\"><a href=\"https:\/\/wpvit.efb.fr\/index.php\/je-suis-eleve-avocat-a-lefb\/je-gere-ma-formation\/6-mois-enseignements-frondamentaux-pratiques\/parcours-de-specialisation\/parcours-propriete-intellectuelle\/\">Parcours Propri\u00e9t\u00e9 intellectuelle<\/a><\/li><li class=\"elementor-sitemap-item elementor-sitemap-item-page page_item page-item-7598\"><a href=\"https:\/\/wpvit.efb.fr\/index.php\/je-suis-eleve-avocat-a-lefb\/je-gere-ma-formation\/6-mois-enseignements-frondamentaux-pratiques\/parcours-de-specialisation\/parcours-public\/\">Parcours Public<\/a><\/li><li class=\"elementor-sitemap-item elementor-sitemap-item-page page_item page-item-7612\"><a href=\"https:\/\/wpvit.efb.fr\/index.php\/je-suis-eleve-avocat-a-lefb\/je-gere-ma-formation\/6-mois-enseignements-frondamentaux-pratiques\/parcours-de-specialisation\/parcours-social\/\">Parcours Social<\/a><\/li><li class=\"elementor-sitemap-item elementor-sitemap-item-page page_item page-item-7634\"><a href=\"https:\/\/wpvit.efb.fr\/index.php\/je-suis-eleve-avocat-a-lefb\/je-gere-ma-formation\/6-mois-enseignements-frondamentaux-pratiques\/parcours-de-specialisation\/parcours-talent-et-innovation\/\">Parcours Talent et innovation<\/a><\/li><li class=\"elementor-sitemap-item elementor-sitemap-item-page page_item page-item-7617\"><a href=\"https:\/\/wpvit.efb.fr\/index.php\/je-suis-eleve-avocat-a-lefb\/je-gere-ma-formation\/6-mois-enseignements-frondamentaux-pratiques\/parcours-de-specialisation\/parcours-voies-d-execution\/\">Parcours Voies d&rsquo;ex\u00e9cution<\/a><\/li><\/ul><\/li><\/ul><\/li><li class=\"elementor-sitemap-item elementor-sitemap-item-page page_item page-item-29878\"><a href=\"https:\/\/wpvit.efb.fr\/index.php\/je-suis-eleve-avocat-a-lefb\/je-gere-ma-formation\/les-6-mois-de-stage-final-en-cabinet\/\">Les 6 mois de stage final en cabinet<\/a><\/li><li class=\"elementor-sitemap-item elementor-sitemap-item-page page_item page-item-7243\"><a href=\"https:\/\/wpvit.efb.fr\/index.php\/je-suis-eleve-avocat-a-lefb\/je-gere-ma-formation\/les-6-mois-de-stage-ppi\/\">Les 6 mois de stage PPI<\/a><\/li><li class=\"elementor-sitemap-item elementor-sitemap-item-page page_item page-item-4548\"><a href=\"https:\/\/wpvit.efb.fr\/index.php\/je-suis-eleve-avocat-a-lefb\/je-gere-ma-formation\/les-differents-regimes-possibles\/\">Les diff\u00e9rents r\u00e9gimes possibles<\/a><\/li><\/ul><\/li><li class=\"elementor-sitemap-item elementor-sitemap-item-page page_item page-item-7017\"><a href=\"https:\/\/wpvit.efb.fr\/index.php\/je-suis-eleve-avocat-a-lefb\/je-veux-decouvrir-les-associations-de-l-efb\/\">Je veux d\u00e9couvrir les associations de l&rsquo;EFB<\/a><\/li><li class=\"elementor-sitemap-item elementor-sitemap-item-page page_item page-item-7056\"><a href=\"https:\/\/wpvit.efb.fr\/index.php\/je-suis-eleve-avocat-a-lefb\/je-veux-participer-a-un-concours\/\">Je veux participer \u00e0 un concours<\/a><\/li><\/ul><\/li><li class=\"elementor-sitemap-item elementor-sitemap-item-page page_item page-item-3259\"><a href=\"https:\/\/wpvit.efb.fr\/index.php\/je-veux-minscrire-a-l_efb\/\">Je veux m&rsquo;inscrire \u00e0 l&rsquo;EFB<\/a><\/li><li class=\"elementor-sitemap-item elementor-sitemap-item-page page_item page-item-24162\"><a href=\"https:\/\/wpvit.efb.fr\/index.php\/mentions-legales-cgu\/\">Mentions l\u00e9gales et CGU<\/a><\/li><li class=\"elementor-sitemap-item elementor-sitemap-item-page page_item page-item-7070\"><a href=\"https:\/\/wpvit.efb.fr\/index.php\/plan-du-site\/\">Plan du site<\/a><\/li><li class=\"elementor-sitemap-item elementor-sitemap-item-page page_item page-item-24486\"><a href=\"https:\/\/wpvit.efb.fr\/index.php\/politique-de-cookies\/\">Politique de Cookies<\/a><\/li><li class=\"elementor-sitemap-item elementor-sitemap-item-page page_item page-item-159\"><a href=\"https:\/\/wpvit.efb.fr\/index.php\/presentation-de-l-efb\/\">Pr\u00e9sentation de l&rsquo;EFB<\/a><ul class='children'><li class=\"elementor-sitemap-item elementor-sitemap-item-page page_item page-item-12736\"><a href=\"https:\/\/wpvit.efb.fr\/index.php\/presentation-de-l-efb\/l_efb_en_chiffres\/\">L&rsquo;EFB en chiffres<\/a><\/li><li class=\"elementor-sitemap-item elementor-sitemap-item-page page_item page-item-13369\"><a href=\"https:\/\/wpvit.efb.fr\/index.php\/presentation-de-l-efb\/l-equipe-de-l-efb\/\">L&rsquo;\u00e9quipe de l&rsquo;EFB<\/a><\/li><li class=\"elementor-sitemap-item elementor-sitemap-item-page page_item page-item-16723\"><a href=\"https:\/\/wpvit.efb.fr\/index.php\/presentation-de-l-efb\/marraines-et-parrains-de-l-efb\/\">Marraines et parrains de l&rsquo;EFB<\/a><\/li><li class=\"elementor-sitemap-item elementor-sitemap-item-page page_item page-item-13189\"><a href=\"https:\/\/wpvit.efb.fr\/index.php\/presentation-de-l-efb\/reglement-interieur\/\">R\u00e8glement int\u00e9rieur<\/a><\/li><li class=\"elementor-sitemap-item elementor-sitemap-item-page page_item page-item-13763\"><a href=\"https:\/\/wpvit.efb.fr\/index.php\/presentation-de-l-efb\/retour-sur-nos-evenements\/\">Retour sur nos \u00e9v\u00e8nements<\/a><\/li><li class=\"elementor-sitemap-item elementor-sitemap-item-page page_item page-item-13053\"><a href=\"https:\/\/wpvit.efb.fr\/index.php\/presentation-de-l-efb\/se-rendre-a-l-efb\/\">Se rendre \u00e0 l&rsquo;EFB<\/a><\/li><\/ul><\/li><\/ul><\/div><\/div>\t\t\t\t<\/div>\n\t\t\t\t<\/div>\n\t\t\t\t<\/div>\n\t\t\t\t\t<\/div>\n\t\t\t\t<\/div>\n\t\t\t\t<\/div>\n\t\t","protected":false},"excerpt":{"rendered":"<p>Plan du site plan du site<\/p>\n","protected":false},"author":1,"featured_media":0,"parent":0,"menu_order":0,"comment_status":"closed","ping_status":"closed","template":"","meta":{"_acf_changed":false,"footnotes":""},"class_list":["post-7070","page","type-page","status-publish","hentry"],"acf":[],"yoast_head":"<!-- This site is optimized with the Yoast SEO plugin v27.4 - https:\/\/yoast.com\/product\/yoast-seo-wordpress\/ -->\n<title>Plan du site - efb.fr<\/title>\n<meta name=\"robots\" content=\"index, follow, max-snippet:-1, max-image-preview:large, max-video-preview:-1\" \/>\n<link rel=\"canonical\" href=\"https:\/\/wpvit.efb.fr\/index.php\/plan-du-site\/\" \/>\n<meta property=\"og:locale\" content=\"fr_FR\" \/>\n<meta property=\"og:type\" content=\"article\" \/>\n<meta property=\"og:title\" content=\"Plan du site - efb.fr\" \/>\n<meta property=\"og:description\" content=\"Plan du site plan du site\" \/>\n<meta property=\"og:url\" content=\"https:\/\/wpvit.efb.fr\/index.php\/plan-du-site\/\" \/>\n<meta property=\"og:site_name\" content=\"efb.fr\" \/>\n<meta property=\"article:modified_time\" content=\"2024-07-08T09:21:38+00:00\" \/>\n<meta name=\"twitter:card\" content=\"summary_large_image\" \/>\n<meta name=\"twitter:label1\" content=\"Dur\u00e9e de lecture estim\u00e9e\" \/>\n\t<meta name=\"twitter:data1\" content=\"2 minutes\" \/>\n<script type=\"application\/ld+json\" class=\"yoast-schema-graph\">{\"@context\":\"https:\\\/\\\/schema.org\",\"@graph\":[{\"@type\":\"WebPage\",\"@id\":\"https:\\\/\\\/wpvit.efb.fr\\\/index.php\\\/plan-du-site\\\/\",\"url\":\"https:\\\/\\\/wpvit.efb.fr\\\/index.php\\\/plan-du-site\\\/\",\"name\":\"Plan du site - efb.fr\",\"isPartOf\":{\"@id\":\"https:\\\/\\\/wpvit.efb.fr\\\/#website\"},\"datePublished\":\"2023-03-29T12:27:39+00:00\",\"dateModified\":\"2024-07-08T09:21:38+00:00\",\"breadcrumb\":{\"@id\":\"https:\\\/\\\/wpvit.efb.fr\\\/index.php\\\/plan-du-site\\\/#breadcrumb\"},\"inLanguage\":\"fr-FR\",\"potentialAction\":[{\"@type\":\"ReadAction\",\"target\":[\"https:\\\/\\\/wpvit.efb.fr\\\/index.php\\\/plan-du-site\\\/\"]}]},{\"@type\":\"BreadcrumbList\",\"@id\":\"https:\\\/\\\/wpvit.efb.fr\\\/index.php\\\/plan-du-site\\\/#breadcrumb\",\"itemListElement\":[{\"@type\":\"ListItem\",\"position\":1,\"name\":\"Accueil\",\"item\":\"https:\\\/\\\/wpvit.efb.fr\\\/\"},{\"@type\":\"ListItem\",\"position\":2,\"name\":\"Plan du site\"}]},{\"@type\":\"WebSite\",\"@id\":\"https:\\\/\\\/wpvit.efb.fr\\\/#website\",\"url\":\"https:\\\/\\\/wpvit.efb.fr\\\/\",\"name\":\"EFB\",\"description\":\"\",\"publisher\":{\"@id\":\"https:\\\/\\\/wpvit.efb.fr\\\/#organization\"},\"potentialAction\":[{\"@type\":\"SearchAction\",\"target\":{\"@type\":\"EntryPoint\",\"urlTemplate\":\"https:\\\/\\\/wpvit.efb.fr\\\/?s={search_term_string}\"},\"query-input\":{\"@type\":\"PropertyValueSpecification\",\"valueRequired\":true,\"valueName\":\"search_term_string\"}}],\"inLanguage\":\"fr-FR\"},{\"@type\":\"Organization\",\"@id\":\"https:\\\/\\\/wpvit.efb.fr\\\/#organization\",\"name\":\"\u00c9cole de formation professionnelle des barreaux du ressort de la cour d\u2019appel de Paris (EFB)\",\"alternateName\":\"\u00c9cole de Formation des Barreaux (EFB)\",\"url\":\"https:\\\/\\\/wpvit.efb.fr\\\/\",\"logo\":{\"@type\":\"ImageObject\",\"inLanguage\":\"fr-FR\",\"@id\":\"https:\\\/\\\/wpvit.efb.fr\\\/#\\\/schema\\\/logo\\\/image\\\/\",\"url\":\"https:\\\/\\\/wpvit.efb.fr\\\/wp-content\\\/uploads\\\/2024\\\/10\\\/cropped-Logo-EFB-2023_fond-transparent_mail.png\",\"contentUrl\":\"https:\\\/\\\/wpvit.efb.fr\\\/wp-content\\\/uploads\\\/2024\\\/10\\\/cropped-Logo-EFB-2023_fond-transparent_mail.png\",\"width\":638,\"height\":282,\"caption\":\"\u00c9cole de formation professionnelle des barreaux du ressort de la cour d\u2019appel de Paris (EFB)\"},\"image\":{\"@id\":\"https:\\\/\\\/wpvit.efb.fr\\\/#\\\/schema\\\/logo\\\/image\\\/\"}}]}<\/script>\n<!-- \/ Yoast SEO plugin. -->","yoast_head_json":{"title":"Plan du site - efb.fr","robots":{"index":"index","follow":"follow","max-snippet":"max-snippet:-1","max-image-preview":"max-image-preview:large","max-video-preview":"max-video-preview:-1"},"canonical":"https:\/\/wpvit.efb.fr\/index.php\/plan-du-site\/","og_locale":"fr_FR","og_type":"article","og_title":"Plan du site - efb.fr","og_description":"Plan du site plan du site","og_url":"https:\/\/wpvit.efb.fr\/index.php\/plan-du-site\/","og_site_name":"efb.fr","article_modified_time":"2024-07-08T09:21:38+00:00","twitter_card":"summary_large_image","twitter_misc":{"Dur\u00e9e de lecture estim\u00e9e":"2 minutes"},"schema":{"@context":"https:\/\/schema.org","@graph":[{"@type":"WebPage","@id":"https:\/\/wpvit.efb.fr\/index.php\/plan-du-site\/","url":"https:\/\/wpvit.efb.fr\/index.php\/plan-du-site\/","name":"Plan du site - efb.fr","isPartOf":{"@id":"https:\/\/wpvit.efb.fr\/#website"},"datePublished":"2023-03-29T12:27:39+00:00","dateModified":"2024-07-08T09:21:38+00:00","breadcrumb":{"@id":"https:\/\/wpvit.efb.fr\/index.php\/plan-du-site\/#breadcrumb"},"inLanguage":"fr-FR","potentialAction":[{"@type":"ReadAction","target":["https:\/\/wpvit.efb.fr\/index.php\/plan-du-site\/"]}]},{"@type":"BreadcrumbList","@id":"https:\/\/wpvit.efb.fr\/index.php\/plan-du-site\/#breadcrumb","itemListElement":[{"@type":"ListItem","position":1,"name":"Accueil","item":"https:\/\/wpvit.efb.fr\/"},{"@type":"ListItem","position":2,"name":"Plan du site"}]},{"@type":"WebSite","@id":"https:\/\/wpvit.efb.fr\/#website","url":"https:\/\/wpvit.efb.fr\/","name":"EFB","description":"","publisher":{"@id":"https:\/\/wpvit.efb.fr\/#organization"},"potentialAction":[{"@type":"SearchAction","target":{"@type":"EntryPoint","urlTemplate":"https:\/\/wpvit.efb.fr\/?s={search_term_string}"},"query-input":{"@type":"PropertyValueSpecification","valueRequired":true,"valueName":"search_term_string"}}],"inLanguage":"fr-FR"},{"@type":"Organization","@id":"https:\/\/wpvit.efb.fr\/#organization","name":"\u00c9cole de formation professionnelle des barreaux du ressort de la cour d\u2019appel de Paris (EFB)","alternateName":"\u00c9cole de Formation des Barreaux (EFB)","url":"https:\/\/wpvit.efb.fr\/","logo":{"@type":"ImageObject","inLanguage":"fr-FR","@id":"https:\/\/wpvit.efb.fr\/#\/schema\/logo\/image\/","url":"https:\/\/wpvit.efb.fr\/wp-content\/uploads\/2024\/10\/cropped-Logo-EFB-2023_fond-transparent_mail.png","contentUrl":"https:\/\/wpvit.efb.fr\/wp-content\/uploads\/2024\/10\/cropped-Logo-EFB-2023_fond-transparent_mail.png","width":638,"height":282,"caption":"\u00c9cole de formation professionnelle des barreaux du ressort de la cour d\u2019appel de Paris (EFB)"},"image":{"@id":"https:\/\/wpvit.efb.fr\/#\/schema\/logo\/image\/"}}]}},"_links":{"self":[{"href":"https:\/\/wpvit.efb.fr\/index.php\/wp-json\/wp\/v2\/pages\/7070","targetHints":{"allow":["GET"]}}],"collection":[{"href":"https:\/\/wpvit.efb.fr\/index.php\/wp-json\/wp\/v2\/pages"}],"about":[{"href":"https:\/\/wpvit.efb.fr\/index.php\/wp-json\/wp\/v2\/types\/page"}],"author":[{"embeddable":true,"href":"https:\/\/wpvit.efb.fr\/index.php\/wp-json\/wp\/v2\/users\/1"}],"replies":[{"embeddable":true,"href":"https:\/\/wpvit.efb.fr\/index.php\/wp-json\/wp\/v2\/comments?post=7070"}],"version-history":[{"count":67,"href":"https:\/\/wpvit.efb.fr\/index.php\/wp-json\/wp\/v2\/pages\/7070\/revisions"}],"predecessor-version":[{"id":33140,"href":"https:\/\/wpvit.efb.fr\/index.php\/wp-json\/wp\/v2\/pages\/7070\/revisions\/33140"}],"wp:attachment":[{"href":"https:\/\/wpvit.efb.fr\/index.php\/wp-json\/wp\/v2\/media?parent=7070"}],"curies":[{"name":"wp","href":"https:\/\/api.w.org\/{rel}","templated":true}]}}