{"id":7243,"date":"2023-04-03T09:49:22","date_gmt":"2023-04-03T07:49:22","guid":{"rendered":"https:\/\/wpvit.efb.fr\/?page_id=7243"},"modified":"2026-01-30T08:28:56","modified_gmt":"2026-01-30T07:28:56","slug":"les-6-mois-de-stage-ppi","status":"publish","type":"page","link":"https:\/\/wpvit.efb.fr\/index.php\/je-suis-eleve-avocat-a-lefb\/je-gere-ma-formation\/les-6-mois-de-stage-ppi\/","title":{"rendered":"Les 6 mois de stage PPI"},"content":{"rendered":"\t\t<div data-elementor-type=\"wp-page\" data-elementor-id=\"7243\" class=\"elementor elementor-7243\" data-elementor-post-type=\"page\">\n\t\t\t\t\t\t<section class=\"elementor-section elementor-top-section elementor-element elementor-element-133480c elementor-section-height-min-height custom-gradient-bg elementor-hidden-tablet elementor-hidden-mobile elementor-section-boxed elementor-section-height-default elementor-section-items-middle\" data-id=\"133480c\" data-element_type=\"section\" data-e-type=\"section\" data-settings=\"{&quot;background_background&quot;:&quot;classic&quot;}\">\n\t\t\t\t\t\t\t<div class=\"elementor-background-overlay\"><\/div>\n\t\t\t\t\t\t\t<div class=\"elementor-container elementor-column-gap-default\">\n\t\t\t\t\t<div class=\"elementor-column elementor-col-100 elementor-top-column elementor-element elementor-element-d6b5015\" data-id=\"d6b5015\" data-element_type=\"column\" data-e-type=\"column\">\n\t\t\t<div class=\"elementor-widget-wrap elementor-element-populated\">\n\t\t\t\t\t\t<section class=\"elementor-section elementor-inner-section elementor-element elementor-element-349267e elementor-section-boxed elementor-section-height-default elementor-section-height-default\" data-id=\"349267e\" data-element_type=\"section\" data-e-type=\"section\">\n\t\t\t\t\t\t<div class=\"elementor-container elementor-column-gap-default\">\n\t\t\t\t\t<div class=\"elementor-column elementor-col-50 elementor-inner-column elementor-element elementor-element-bdc7fab\" data-id=\"bdc7fab\" data-element_type=\"column\" data-e-type=\"column\" data-settings=\"{&quot;background_background&quot;:&quot;classic&quot;}\">\n\t\t\t<div class=\"elementor-widget-wrap elementor-element-populated\">\n\t\t\t\t\t\t<div class=\"elementor-element elementor-element-0a1ef90 elementor-widget elementor-widget-heading\" data-id=\"0a1ef90\" data-element_type=\"widget\" data-e-type=\"widget\" data-widget_type=\"heading.default\">\n\t\t\t\t<div class=\"elementor-widget-container\">\n\t\t\t\t\t<h2 class=\"elementor-heading-title elementor-size-default\"><a href=\"https:\/\/wpvit.efb.fr\/?page_id=1122\">Je g\u00e8re ma formation<\/a><\/h2>\t\t\t\t<\/div>\n\t\t\t\t<\/div>\n\t\t\t\t<div class=\"elementor-element elementor-element-06c31f6 elementor-widget elementor-widget-heading\" data-id=\"06c31f6\" data-element_type=\"widget\" data-e-type=\"widget\" data-widget_type=\"heading.default\">\n\t\t\t\t<div class=\"elementor-widget-container\">\n\t\t\t\t\t<h5 class=\"elementor-heading-title elementor-size-default\">Les 6 mois de stage PPI<\/h5>\t\t\t\t<\/div>\n\t\t\t\t<\/div>\n\t\t\t\t\t<\/div>\n\t\t<\/div>\n\t\t\t\t<div class=\"elementor-column elementor-col-50 elementor-inner-column elementor-element elementor-element-e4ea024\" data-id=\"e4ea024\" data-element_type=\"column\" data-e-type=\"column\">\n\t\t\t<div class=\"elementor-widget-wrap\">\n\t\t\t\t\t\t\t<\/div>\n\t\t<\/div>\n\t\t\t\t\t<\/div>\n\t\t<\/section>\n\t\t\t\t\t<\/div>\n\t\t<\/div>\n\t\t\t\t\t<\/div>\n\t\t<\/section>\n\t\t<div class=\"elementor-element elementor-element-4f5e85f elementor-hidden-desktop e-con-full e-flex e-con e-parent\" data-id=\"4f5e85f\" data-element_type=\"container\" data-e-type=\"container\">\n\t\t<div class=\"elementor-element elementor-element-e153b40 custom-gradient-bg e-con-full e-flex e-con e-child\" data-id=\"e153b40\" data-element_type=\"container\" data-e-type=\"container\">\n\t\t\t\t<div class=\"elementor-element elementor-element-67c4439 elementor-widget elementor-widget-heading\" data-id=\"67c4439\" data-element_type=\"widget\" data-e-type=\"widget\" data-widget_type=\"heading.default\">\n\t\t\t\t<div class=\"elementor-widget-container\">\n\t\t\t\t\t<h2 class=\"elementor-heading-title elementor-size-default\">Je g\u00e8re ma formation<\/h2>\t\t\t\t<\/div>\n\t\t\t\t<\/div>\n\t\t\t\t<div class=\"elementor-element elementor-element-87d1ee0 elementor-widget elementor-widget-heading\" data-id=\"87d1ee0\" data-element_type=\"widget\" data-e-type=\"widget\" data-widget_type=\"heading.default\">\n\t\t\t\t<div class=\"elementor-widget-container\">\n\t\t\t\t\t<h5 class=\"elementor-heading-title elementor-size-default\">Les 6 mois de stage PPI<\/h5>\t\t\t\t<\/div>\n\t\t\t\t<\/div>\n\t\t\t\t<\/div>\n\t\t\t\t<\/div>\n\t\t<div class=\"elementor-element elementor-element-7b5b4fe e-flex e-con-boxed e-con e-parent\" data-id=\"7b5b4fe\" data-element_type=\"container\" data-e-type=\"container\">\n\t\t\t\t\t<div class=\"e-con-inner\">\n\t\t<div class=\"elementor-element elementor-element-fc324fb e-con-full e-flex e-con e-child\" data-id=\"fc324fb\" data-element_type=\"container\" data-e-type=\"container\">\n\t\t\t\t<div class=\"elementor-element elementor-element-7f184ff elementor-align-left elementor-widget elementor-widget-breadcrumbs\" data-id=\"7f184ff\" data-element_type=\"widget\" data-e-type=\"widget\" data-widget_type=\"breadcrumbs.default\">\n\t\t\t\t<div class=\"elementor-widget-container\">\n\t\t\t\t\t<p id=\"breadcrumbs\"><span><span><a href=\"https:\/\/wpvit.efb.fr\/\">Accueil<\/a><\/span><\/span><\/p>\t\t\t\t<\/div>\n\t\t\t\t<\/div>\n\t\t\t\t<div class=\"elementor-element elementor-element-ab095e5 elementor-hidden-tablet elementor-hidden-mobile elementor-widget elementor-widget-spacer\" data-id=\"ab095e5\" data-element_type=\"widget\" data-e-type=\"widget\" data-widget_type=\"spacer.default\">\n\t\t\t\t<div class=\"elementor-widget-container\">\n\t\t\t\t\t\t\t<div class=\"elementor-spacer\">\n\t\t\t<div class=\"elementor-spacer-inner\"><\/div>\n\t\t<\/div>\n\t\t\t\t\t\t<\/div>\n\t\t\t\t<\/div>\n\t\t\t\t<div class=\"elementor-element elementor-element-734fa34 elementor-hidden-tablet elementor-hidden-mobile elementor-widget elementor-widget-heading\" data-id=\"734fa34\" data-element_type=\"widget\" data-e-type=\"widget\" data-widget_type=\"heading.default\">\n\t\t\t\t<div class=\"elementor-widget-container\">\n\t\t\t\t\t<h1 class=\"elementor-heading-title elementor-size-default\">Les 6 mois de stage PPI<\/h1>\t\t\t\t<\/div>\n\t\t\t\t<\/div>\n\t\t\t\t<div class=\"elementor-element elementor-element-fb56ea4 elementor-hidden-tablet elementor-hidden-mobile elementor-widget-divider--view-line elementor-widget elementor-widget-divider\" data-id=\"fb56ea4\" data-element_type=\"widget\" data-e-type=\"widget\" data-widget_type=\"divider.default\">\n\t\t\t\t<div class=\"elementor-widget-container\">\n\t\t\t\t\t\t\t<div class=\"elementor-divider\">\n\t\t\t<span class=\"elementor-divider-separator\">\n\t\t\t\t\t\t<\/span>\n\t\t<\/div>\n\t\t\t\t\t\t<\/div>\n\t\t\t\t<\/div>\n\t\t\t\t<div class=\"elementor-element elementor-element-3d433d6 elementor-widget elementor-widget-spacer\" data-id=\"3d433d6\" data-element_type=\"widget\" data-e-type=\"widget\" data-widget_type=\"spacer.default\">\n\t\t\t\t<div class=\"elementor-widget-container\">\n\t\t\t\t\t\t\t<div class=\"elementor-spacer\">\n\t\t\t<div class=\"elementor-spacer-inner\"><\/div>\n\t\t<\/div>\n\t\t\t\t\t\t<\/div>\n\t\t\t\t<\/div>\n\t\t\t\t<\/div>\n\t\t\t\t\t<\/div>\n\t\t\t\t<\/div>\n\t\t<div class=\"elementor-element elementor-element-1393178 e-flex e-con-boxed e-con e-parent\" data-id=\"1393178\" data-element_type=\"container\" data-e-type=\"container\">\n\t\t\t\t\t<div class=\"e-con-inner\">\n\t\t<div class=\"elementor-element elementor-element-348b1cc e-con-full e-flex e-con e-child\" data-id=\"348b1cc\" data-element_type=\"container\" data-e-type=\"container\">\n\t\t\t\t<div class=\"elementor-element elementor-element-e2d8828 elementor-widget elementor-widget-text-editor\" data-id=\"e2d8828\" data-element_type=\"widget\" data-e-type=\"widget\" data-widget_type=\"text-editor.default\">\n\t\t\t\t<div class=\"elementor-widget-container\">\n\t\t\t\t\t\t\t\t\t<p>Le PPI propos\u00e9 par l\u2019\u00e9l\u00e8ve et valid\u00e9 par l\u2019EFB a pour objet de permettre \u00e0 l\u2019\u00e9l\u00e8ve avocat la fr\u00e9quentation des milieux sociaux et professionnels autres que les cabinets d\u2019avocats. Il permet \u00e0 l\u2019\u00e9l\u00e8ve avocat d\u2019acqu\u00e9rir une expertise sur un domaine dont il a d\u00e9j\u00e0 connaissance, de d\u00e9velopper une sp\u00e9cialisation mineure, ou de s\u2019ouvrir sur un autre domaine d\u2019expertise. Le service PPI de l\u2019EFB accompagne les \u00e9l\u00e8ves dans leurs d\u00e9marches.\u00a0<\/p>\t\t\t\t\t\t\t\t<\/div>\n\t\t\t\t<\/div>\n\t\t\t\t<div class=\"elementor-element elementor-element-b0102f5 elementor-widget elementor-widget-heading\" data-id=\"b0102f5\" data-element_type=\"widget\" data-e-type=\"widget\" data-widget_type=\"heading.default\">\n\t\t\t\t<div class=\"elementor-widget-container\">\n\t\t\t\t\t<h5 class=\"elementor-heading-title elementor-size-default\">O\u00f9 peut se d\u00e9rouler le PPI ?<\/h5>\t\t\t\t<\/div>\n\t\t\t\t<\/div>\n\t\t\t\t<div class=\"elementor-element elementor-element-1f11889 elementor-widget elementor-widget-text-editor\" data-id=\"1f11889\" data-element_type=\"widget\" data-e-type=\"widget\" data-widget_type=\"text-editor.default\">\n\t\t\t\t<div class=\"elementor-widget-container\">\n\t\t\t\t\t\t\t\t\t<ul><li>Dans une structure localis\u00e9e en France et au sein d\u2019un service juridique, hors cabinet d\u2019avocats : entreprise, minist\u00e8re, autorit\u00e9 administrative ind\u00e9pendante (AAI), organisation professionnelle, association\u2026<\/li><li>Dans une structure localis\u00e9e \u00e0 l\u2019\u00e9tranger et au sein d\u2019un service juridique, y compris un cabinet d\u2019avocats.<\/li><li>En juridiction\u00a0<\/li><li>\u00c0 l\u2019ENM, pour suivre une partie de la formation des auditeurs de justice (2nd semestre).<\/li><li>Dans un \u00e9tablissement d\u2019enseignement sup\u00e9rieur en France proposant une formation telle que M2 de droit au sein d\u2019une universit\u00e9 fran\u00e7aise, certains Mast\u00e8res sp\u00e9cialis\u00e9s en droit, LLM en droit (hors Dipl\u00f4me universitaire [DU]).<\/li><\/ul>\t\t\t\t\t\t\t\t<\/div>\n\t\t\t\t<\/div>\n\t\t\t\t<div class=\"elementor-element elementor-element-96fbf10 elementor-widget elementor-widget-heading\" data-id=\"96fbf10\" data-element_type=\"widget\" data-e-type=\"widget\" data-widget_type=\"heading.default\">\n\t\t\t\t<div class=\"elementor-widget-container\">\n\t\t\t\t\t<h5 class=\"elementor-heading-title elementor-size-default\">Dates cl\u00e9s \u00e0 retenir<\/h5>\t\t\t\t<\/div>\n\t\t\t\t<\/div>\n\t\t\t\t<div class=\"elementor-element elementor-element-9f90c01 elementor-widget elementor-widget-text-editor\" data-id=\"9f90c01\" data-element_type=\"widget\" data-e-type=\"widget\" data-widget_type=\"text-editor.default\">\n\t\t\t\t<div class=\"elementor-widget-container\">\n\t\t\t\t\t\t\t\t\t<p>Une fois le PPI d\u00e9fini, il conviendra de le motiver en envoyant un courriel expliquant les raisons de ce choix et la coh\u00e9rence de ce celui-ci au regard du parcours de l\u2019\u00e9l\u00e8ve et de son projet professionnel.<\/p><p>Ce courriel doit \u00eatre envoy\u00e9 \u00e0 l&rsquo;adresse indiqu\u00e9 sur votre espace WebAurion tout en respectant le calendrier ci-apr\u00e8s d\u00e9fini par semestre.<\/p><p>Pour \u00eatre valid\u00e9, le stage PPI devra \u00eatre\u00a0:<\/p><ul><li>Encadr\u00e9 par un ma\u00eetre de stage juriste (\u00e0 cet \u00e9gard, vous devrez pr\u00e9ciser le nom de votre ma\u00eetre de stage ainsi que sa fonction dans votre motivation)<\/li><li>\u00c0 temps plein<\/li><li>Au sein d\u2019un service juridique<\/li><\/ul>\t\t\t\t\t\t\t\t<\/div>\n\t\t\t\t<\/div>\n\t\t\t\t<div class=\"elementor-element elementor-element-cc89b6f elementor-widget elementor-widget-text-editor\" data-id=\"cc89b6f\" data-element_type=\"widget\" data-e-type=\"widget\" data-widget_type=\"text-editor.default\">\n\t\t\t\t<div class=\"elementor-widget-container\">\n\t\t\t\t\t\t\t\t\t<p>Aucun stage PPI ne pourra se d\u00e9rouler dans un cabinet d\u2019avocat \u00e0 la cour en France, ni dans une structure d&rsquo;accueil familiale. Le stage ne peut pas \u00eatre encadr\u00e9 par un membre de la famille de l&rsquo;\u00e9l\u00e8ve avocat.<br \/>Le service PPI \u00e9tudie tous les projets et peut refuser de valider un projet qui n\u2019est pas conforme.<\/p>\t\t\t\t\t\t\t\t<\/div>\n\t\t\t\t<\/div>\n\t\t<div class=\"elementor-element elementor-element-e16bcf4 e-grid e-con-full e-con e-child\" data-id=\"e16bcf4\" data-element_type=\"container\" data-e-type=\"container\">\n\t\t\t\t<div class=\"elementor-element elementor-element-db1f9a3 elementor-widget elementor-widget-text-editor\" data-id=\"db1f9a3\" data-element_type=\"widget\" data-e-type=\"widget\" data-widget_type=\"text-editor.default\">\n\t\t\t\t<div class=\"elementor-widget-container\">\n\t\t\t\t\t\t\t\t\t<p style=\"text-align: center;\"><strong>SEMESTRE 1<\/strong><\/p><ul><li>PPI du 5 janvier 2026 au 19 juin 2026<\/li><li>Motivation \u00e0 envoyer avant le 12 d\u00e9cembre 2025<\/li><\/ul>\t\t\t\t\t\t\t\t<\/div>\n\t\t\t\t<\/div>\n\t\t\t\t<div class=\"elementor-element elementor-element-f1a1b31 elementor-widget elementor-widget-text-editor\" data-id=\"f1a1b31\" data-element_type=\"widget\" data-e-type=\"widget\" data-widget_type=\"text-editor.default\">\n\t\t\t\t<div class=\"elementor-widget-container\">\n\t\t\t\t\t\t\t\t\t<p style=\"text-align: center;\"><strong>SEMESTRE 2<\/strong><\/p><ul><li>PPI du 6 juillet 2026 au 18 d\u00e9cembre 2026<\/li><li>Motivation \u00e0 envoyer entre le 2 f\u00e9vrier et le 20 juin 2026<\/li><\/ul>\t\t\t\t\t\t\t\t<\/div>\n\t\t\t\t<\/div>\n\t\t\t\t<div class=\"elementor-element elementor-element-c993330 elementor-widget elementor-widget-text-editor\" data-id=\"c993330\" data-element_type=\"widget\" data-e-type=\"widget\" data-widget_type=\"text-editor.default\">\n\t\t\t\t<div class=\"elementor-widget-container\">\n\t\t\t\t\t\t\t\t\t<p style=\"text-align: center;\"><strong>SEMESTRE 3<\/strong><\/p><p style=\"text-align: center;\"><strong>Promotion \u00a0Y. Reza :<\/strong><\/p><ul><li>PPI du 5 janv. 2026 au 26 juin 2026<\/li><li>Motivation \u00e0 envoyer avant le 28 nov. 2025<\/li><\/ul><p style=\"text-align: center;\"><strong>Promotion P. Maisonneuve :<\/strong><\/p><ul><li>PPI du 4 janvier 2027 au 25 juin 2027<\/li><li>Motivation \u00e0 envoyer entre le 13 juillet 2026 et le 6 novembre 2026<\/li><\/ul>\t\t\t\t\t\t\t\t<\/div>\n\t\t\t\t<\/div>\n\t\t\t\t<\/div>\n\t\t\t\t<div class=\"elementor-element elementor-element-c4c96c6 elementor-widget elementor-widget-heading\" data-id=\"c4c96c6\" data-element_type=\"widget\" data-e-type=\"widget\" data-widget_type=\"heading.default\">\n\t\t\t\t<div class=\"elementor-widget-container\">\n\t\t\t\t\t<h5 class=\"elementor-heading-title elementor-size-default\">Informations pratiques<\/h5>\t\t\t\t<\/div>\n\t\t\t\t<\/div>\n\t\t\t\t<div class=\"elementor-element elementor-element-898c5f9 elementor-widget elementor-widget-text-editor\" data-id=\"898c5f9\" data-element_type=\"widget\" data-e-type=\"widget\" data-widget_type=\"text-editor.default\">\n\t\t\t\t<div class=\"elementor-widget-container\">\n\t\t\t\t\t\t\t\t\t<p><strong>Absences :<\/strong> Le service PPI doit \u00eatre tenu inform\u00e9 de toute absence dans les plus brefs d\u00e9lais. Le formulaire d&rsquo;absence est disponible sur votre espace WebAurion.<\/p><p><strong>Rapport de stage : <\/strong>L\u2019ensemble des \u00e9l\u00e8ves a l\u2019obligation de remettre un rapport de stage selon les modalit\u00e9s et dates indiqu\u00e9es sur ce site et dans l\u2019e-mail de validation de leur projet (M2 en droit compris). Les \u00e9l\u00e8ves r\u00e9alisant deux stages dans le cadre du PPI doivent r\u00e9diger un rapport unique sur ces deux stages.<\/p><p><strong>Evaluation :<\/strong> Dans le cadre de ce stage, deux \u00e9valuations r\u00e9alis\u00e9es par le ma\u00eetre de stage sont formellement exig\u00e9es par l\u2019EFB :<\/p><ul><li><strong>L\u2019\u00e9valuation interm\u00e9diaire :<\/strong> \u00e0 d\u00e9poser par l\u2019\u00e9l\u00e8ve \u00e0 la mi-parcours du stage sur son espace WebAurion et \u00e0 annexer au rapport de stage \u00e0 l\u2019issue de celui-ci.<\/li><li><strong>L\u2019\u00e9valuation finale<\/strong> : \u00e0 annexer au rapport de stage \u00e0 l\u2019issue de celui-ci.\u00a0<\/li><\/ul><p>\u00a0<\/p><p>Les \u00e9l\u00e8ves avocats effectuant deux stages dans le cadre du PPI doivent \u00eatre \u00e9valu\u00e9s \u00e0 l\u2019occasion de chacun des stages.\u00a0<br \/>Ces\u00a0 fiches d\u2019\u00e9valuation ne concernent pas les \u00e9l\u00e8ves validant leur PPI par le biais d\u2019une formation.\u00a0<br \/>Voici les recommandations de l\u2019EFB sur l\u2019utilisation de <a href=\"https:\/\/wpvit.efb.fr\/wp-content\/uploads\/2024\/03\/Utilisation-de-lIA-generative-en-stage_EFB.jpg\"><span style=\"text-decoration: underline;\"><strong>l\u2019IA g\u00e9n\u00e9rative<\/strong><\/span><\/a> dans les structures de vos stages (cabinets et PPI).<\/p>\t\t\t\t\t\t\t\t<\/div>\n\t\t\t\t<\/div>\n\t\t\t\t<\/div>\n\t\t\t\t\t<\/div>\n\t\t\t\t<\/div>\n\t\t<div class=\"elementor-element elementor-element-6adc5a7 e-flex e-con-boxed e-con e-parent\" data-id=\"6adc5a7\" data-element_type=\"container\" data-e-type=\"container\">\n\t\t\t\t\t<div class=\"e-con-inner\">\n\t\t<div class=\"elementor-element elementor-element-971f48c e-con-full e-flex e-con e-child\" data-id=\"971f48c\" data-element_type=\"container\" data-e-type=\"container\">\n\t\t\t\t<div class=\"elementor-element elementor-element-ff947a0 accordion_custom elementor-widget elementor-widget-eael-adv-accordion\" data-id=\"ff947a0\" data-element_type=\"widget\" data-e-type=\"widget\" data-widget_type=\"eael-adv-accordion.default\">\n\t\t\t\t<div class=\"elementor-widget-container\">\n\t\t\t\t\t            <div class=\"eael-adv-accordion\" id=\"eael-adv-accordion-ff947a0\" data-scroll-on-click=\"no\" data-scroll-speed=\"300\" data-accordion-id=\"ff947a0\" data-accordion-type=\"toggle\" data-toogle-speed=\"200\">\n            <div class=\"eael-accordion-list\">\n\t\t\t\t\t<div id=\"je-cherche-un-stage-en-juridiction\" class=\"elementor-tab-title eael-accordion-header\" tabindex=\"0\" data-tab=\"1\" aria-controls=\"elementor-tab-content-2671\"><span class=\"eael-accordion-tab-title\">Je cherche un stage en juridiction<\/span><svg aria-hidden=\"true\" class=\"fa-toggle e-font-icon-svg e-fas-angle-right\" viewBox=\"0 0 256 512\" xmlns=\"http:\/\/www.w3.org\/2000\/svg\"><path d=\"M224.3 273l-136 136c-9.4 9.4-24.6 9.4-33.9 0l-22.6-22.6c-9.4-9.4-9.4-24.6 0-33.9l96.4-96.4-96.4-96.4c-9.4-9.4-9.4-24.6 0-33.9L54.3 103c9.4-9.4 24.6-9.4 33.9 0l136 136c9.5 9.4 9.5 24.6.1 34z\"><\/path><\/svg><\/div><div id=\"elementor-tab-content-2671\" class=\"eael-accordion-content clearfix\" data-tab=\"1\" aria-labelledby=\"je-cherche-un-stage-en-juridiction\"><style>.elementor-8637 .elementor-element.elementor-element-1fa2b7d{--display:flex;--flex-direction:row;--container-widget-width:calc( ( 1 - var( --container-widget-flex-grow ) ) * 100% );--container-widget-height:100%;--container-widget-flex-grow:1;--container-widget-align-self:stretch;--flex-wrap-mobile:wrap;--align-items:stretch;--gap:10px 10px;--row-gap:10px;--column-gap:10px;}.elementor-8637 .elementor-element.elementor-element-0ca03a0{--display:flex;--margin-top:0px;--margin-bottom:0px;--margin-left:0px;--margin-right:0px;--padding-top:0px;--padding-bottom:0px;--padding-left:0px;--padding-right:0px;}.elementor-widget-text-editor{font-family:var( --e-global-typography-text-font-family ), arial;font-weight:var( --e-global-typography-text-font-weight );color:var( --e-global-color-text );}.elementor-widget-text-editor.elementor-drop-cap-view-stacked .elementor-drop-cap{background-color:var( --e-global-color-primary );}.elementor-widget-text-editor.elementor-drop-cap-view-framed .elementor-drop-cap, .elementor-widget-text-editor.elementor-drop-cap-view-default .elementor-drop-cap{color:var( --e-global-color-primary );border-color:var( --e-global-color-primary );}.elementor-8637 .elementor-element.elementor-element-00a7962 > .elementor-widget-container{margin:0px 0px 0px 0px;padding:0px 0px 0px 0px;}<\/style>\t\t<div data-elementor-type=\"section\" data-elementor-id=\"8637\" class=\"elementor elementor-8637\" data-elementor-post-type=\"elementor_library\">\n\t\t\t<div class=\"elementor-element elementor-element-1fa2b7d e-flex e-con-boxed e-con e-parent\" data-id=\"1fa2b7d\" data-element_type=\"container\" data-e-type=\"container\">\n\t\t\t\t\t<div class=\"e-con-inner\">\n\t\t<div class=\"elementor-element elementor-element-0ca03a0 e-con-full e-flex e-con e-child\" data-id=\"0ca03a0\" data-element_type=\"container\" data-e-type=\"container\">\n\t\t\t\t<div class=\"elementor-element elementor-element-00a7962 elementor-widget elementor-widget-text-editor\" data-id=\"00a7962\" data-element_type=\"widget\" data-e-type=\"widget\" data-widget_type=\"text-editor.default\">\n\t\t\t\t<div class=\"elementor-widget-container\">\n\t\t\t\t\t\t\t\t\t<p>Chaque ann\u00e9e, les juridictions judiciaires et administratives proposent une centaine d\u2019offres de stages PPI aux 1er et 2e semestres. Il s\u2019agit d\u2019une excellente opportunit\u00e9 propos\u00e9e aux \u00e9l\u00e8ves d\u2019acqu\u00e9rir une exp\u00e9rience unique en int\u00e9grant :<\/p><ul><li>La Cour de cassation<\/li><li>Le si\u00e8ge ou le parquet de la cour d\u2019appel de Paris<\/li><li>Le si\u00e8ge ou le parquet des tribunaux judiciaires du ressort de la cour d\u2019appel de Paris<\/li><li>Le Conseil d\u2019\u00c9tat<\/li><li>La cour administrative d\u2019appel de Paris<\/li><li>Les tribunaux administratifs<\/li><li>Le tribunal de commerce de Paris<\/li><\/ul><p>\u00a0<\/p><p>Un courriel d\u00e9taill\u00e9 sur ces postes sera envoy\u00e9 aux \u00e9l\u00e8ves mais aussi aux pr\u00e9inscrits entre d\u00e9but novembre pour les PPI r\u00e9alis\u00e9s au 1er semestre et d\u00e8s le mois de f\u00e9vrier pour les \u00e9l\u00e8ves r\u00e9alisant leur PPI au deuxi\u00e8me semestre.\u00a0<\/p><p><span style=\"font-family: Inter, sans-serif;\">Les \u00e9l\u00e8ves avocats ainsi que les pr\u00e9inscrits qui souhaitent candidater aupr\u00e8s de l\u2019Autorit\u00e9 de la concurrence doivent quant \u00e0 eux adresser leur candidature \u00e0 l\u2019adresse indiqu\u00e9 sur leur espace WebAurion d\u00e8s le mois d\u2019octobre pour le 1er semestre.\u00a0<\/span><\/p><p><span style=\"font-family: Inter, sans-serif;\">Les \u00e9l\u00e8ves avocats r\u00e9alisant leur PPI au second semestre peuvent transmettre leur candidature pour un stage au sein de l&rsquo;Autorit\u00e9 de la concurrence d\u00e8s le mois de f\u00e9vrier.<\/span><\/p>\t\t\t\t\t\t\t\t<\/div>\n\t\t\t\t<\/div>\n\t\t\t\t<\/div>\n\t\t\t\t\t<\/div>\n\t\t\t\t<\/div>\n\t\t\t\t<\/div>\n\t\t<\/div>\n\t\t\t\t\t<\/div><div class=\"eael-accordion-list\">\n\t\t\t\t\t<div id=\"je-cherche-un-stage-en-entreprise\" class=\"elementor-tab-title eael-accordion-header\" tabindex=\"0\" data-tab=\"2\" aria-controls=\"elementor-tab-content-2672\"><span class=\"eael-accordion-tab-title\">Je cherche un stage en entreprise<\/span><svg aria-hidden=\"true\" class=\"fa-toggle e-font-icon-svg e-fas-angle-right\" viewBox=\"0 0 256 512\" xmlns=\"http:\/\/www.w3.org\/2000\/svg\"><path d=\"M224.3 273l-136 136c-9.4 9.4-24.6 9.4-33.9 0l-22.6-22.6c-9.4-9.4-9.4-24.6 0-33.9l96.4-96.4-96.4-96.4c-9.4-9.4-9.4-24.6 0-33.9L54.3 103c9.4-9.4 24.6-9.4 33.9 0l136 136c9.5 9.4 9.5 24.6.1 34z\"><\/path><\/svg><\/div><div id=\"elementor-tab-content-2672\" class=\"eael-accordion-content clearfix\" data-tab=\"2\" aria-labelledby=\"je-cherche-un-stage-en-entreprise\"><p>Le <a href=\"https:\/\/eleve-efb.fr\" target=\"_blank\" rel=\"noopener\"><span style=\"text-decoration: underline\">site d\u2019offres de stage de l\u2019EFB<\/span><\/a> propose une multitude de stages dans des services juridiques d\u2019entreprises d\u2019associations, etc.<\/p><\/div>\n\t\t\t\t\t<\/div><div class=\"eael-accordion-list\">\n\t\t\t\t\t<div id=\"stage-etranger\" class=\"elementor-tab-title eael-accordion-header\" tabindex=\"0\" data-tab=\"3\" aria-controls=\"elementor-tab-content-2673\"><span class=\"eael-accordion-tab-title\">Je cherche un stage \u00e0 l'\u00e9tranger<\/span><svg aria-hidden=\"true\" class=\"fa-toggle e-font-icon-svg e-fas-angle-right\" viewBox=\"0 0 256 512\" xmlns=\"http:\/\/www.w3.org\/2000\/svg\"><path d=\"M224.3 273l-136 136c-9.4 9.4-24.6 9.4-33.9 0l-22.6-22.6c-9.4-9.4-9.4-24.6 0-33.9l96.4-96.4-96.4-96.4c-9.4-9.4-9.4-24.6 0-33.9L54.3 103c9.4-9.4 24.6-9.4 33.9 0l136 136c9.5 9.4 9.5 24.6.1 34z\"><\/path><\/svg><\/div><div id=\"elementor-tab-content-2673\" class=\"eael-accordion-content clearfix\" data-tab=\"3\" aria-labelledby=\"stage-etranger\"><style>.elementor-8649 .elementor-element.elementor-element-8898f28{--display:flex;--flex-direction:row;--container-widget-width:calc( ( 1 - var( --container-widget-flex-grow ) ) * 100% );--container-widget-height:100%;--container-widget-flex-grow:1;--container-widget-align-self:stretch;--flex-wrap-mobile:wrap;--align-items:stretch;--gap:10px 10px;--row-gap:10px;--column-gap:10px;--margin-top:0px;--margin-bottom:0px;--margin-left:0px;--margin-right:0px;--padding-top:0px;--padding-bottom:0px;--padding-left:0px;--padding-right:0px;}.elementor-8649 .elementor-element.elementor-element-ebb725b{--display:flex;--margin-top:0px;--margin-bottom:0px;--margin-left:0px;--margin-right:0px;--padding-top:0px;--padding-bottom:0px;--padding-left:0px;--padding-right:0px;}.elementor-widget-text-editor{font-family:var( --e-global-typography-text-font-family ), arial;font-weight:var( --e-global-typography-text-font-weight );color:var( --e-global-color-text );}.elementor-widget-text-editor.elementor-drop-cap-view-stacked .elementor-drop-cap{background-color:var( --e-global-color-primary );}.elementor-widget-text-editor.elementor-drop-cap-view-framed .elementor-drop-cap, .elementor-widget-text-editor.elementor-drop-cap-view-default .elementor-drop-cap{color:var( --e-global-color-primary );border-color:var( --e-global-color-primary );}.elementor-8649 .elementor-element.elementor-element-d13d376{font-weight:400;color:#38497F;}.elementor-widget-button .elementor-button{font-family:var( --e-global-typography-accent-font-family ), arial;font-weight:var( --e-global-typography-accent-font-weight );background-color:var( --e-global-color-accent );}.elementor-8649 .elementor-element.elementor-element-befa7f0 .elementor-button-content-wrapper{flex-direction:row;}.elementor-8649 .elementor-element.elementor-element-befa7f0 .elementor-button .elementor-button-content-wrapper{gap:10px;}.elementor-8649 .elementor-element.elementor-element-befa7f0 .elementor-button{font-family:\"Inter\", arial;font-size:16px;font-weight:500;fill:#FFFFFF;color:#FFFFFF;background-color:var( --e-global-color-d1e6f9c );box-shadow:0px 15px 30px 0px rgba(0, 0, 0, 0.15);border-style:solid;border-width:1px 1px 1px 1px;border-color:#EEEEEE;border-radius:5px 5px 5px 5px;padding:18px 35px 18px 25px;}.elementor-8649 .elementor-element.elementor-element-befa7f0 .elementor-button:hover, .elementor-8649 .elementor-element.elementor-element-befa7f0 .elementor-button:focus{color:var( --e-global-color-d1e6f9c );background-color:#FFFFFF;border-color:#EEEEEE;}.elementor-8649 .elementor-element.elementor-element-befa7f0 .elementor-button:hover svg, .elementor-8649 .elementor-element.elementor-element-befa7f0 .elementor-button:focus svg{fill:var( --e-global-color-d1e6f9c );}.elementor-8649 .elementor-element.elementor-element-befa7f0 > .elementor-widget-container{margin:0px 0px 0px 0px;padding:0px 0px 0px 0px;}<\/style>\t\t<div data-elementor-type=\"section\" data-elementor-id=\"8649\" class=\"elementor elementor-8649\" data-elementor-post-type=\"elementor_library\">\n\t\t\t<div class=\"elementor-element elementor-element-8898f28 e-flex e-con-boxed e-con e-parent\" data-id=\"8898f28\" data-element_type=\"container\" data-e-type=\"container\">\n\t\t\t\t\t<div class=\"e-con-inner\">\n\t\t<div class=\"elementor-element elementor-element-ebb725b e-con-full e-flex e-con e-child\" data-id=\"ebb725b\" data-element_type=\"container\" data-e-type=\"container\">\n\t\t\t\t<div class=\"elementor-element elementor-element-d13d376 elementor-widget elementor-widget-text-editor\" data-id=\"d13d376\" data-element_type=\"widget\" data-e-type=\"widget\" data-widget_type=\"text-editor.default\">\n\t\t\t\t<div class=\"elementor-widget-container\">\n\t\t\t\t\t\t\t\t\t<p>\u00a0Je souhaite faire mon PPI \u00e0 l&rsquo;\u00e9tranger.<\/p>\t\t\t\t\t\t\t\t<\/div>\n\t\t\t\t<\/div>\n\t\t\t\t<div class=\"elementor-element elementor-element-befa7f0 elementor-align-left elementor-tablet-align-left elementor-mobile-align-left elementor-widget elementor-widget-button\" data-id=\"befa7f0\" data-element_type=\"widget\" data-e-type=\"widget\" data-widget_type=\"button.default\">\n\t\t\t\t<div class=\"elementor-widget-container\">\n\t\t\t\t\t\t\t\t\t<div class=\"elementor-button-wrapper\">\n\t\t\t\t\t<a class=\"elementor-button elementor-button-link elementor-size-sm\" href=\"https:\/\/wpvit.efb.fr\/index.php\/international\/je-veux-faire-mon-ppi-a-l-etranger\/\">\n\t\t\t\t\t\t<span class=\"elementor-button-content-wrapper\">\n\t\t\t\t\t\t<span class=\"elementor-button-icon\">\n\t\t\t\t<svg xmlns=\"http:\/\/www.w3.org\/2000\/svg\" id=\"b385ca18-4b85-46d4-bb4b-571c73a19812\" data-name=\"b922a425-e5e0-4ef1-881c-5748460fd139\" viewBox=\"0 0 30.125 18.1738\"><title>arrow-icon-size3<\/title><path d=\"M29.75,9.3948,21.5281,1.1735a.8479.8479,0,0,0-.601-.261L20.9124.9119a.8526.8526,0,0,0-.5956.2409.8642.8642,0,0,0-.0027,1.23l6.7618,6.7611H.7316a.8566.8566,0,1,0,0,1.7131H27.0759l-6.7591,6.7591a.8576.8576,0,0,0-.0214,1.2113.8462.8462,0,0,0,.61.2583.8949.8949,0,0,0,.621-.2556l8.2233-8.224A.8587.8587,0,0,0,29.75,9.3948Z\" transform=\"translate(0.125 -0.9119)\"><\/path><\/svg>\t\t\t<\/span>\n\t\t\t\t\t\t\t\t\t<span class=\"elementor-button-text\">En savoir plus<\/span>\n\t\t\t\t\t<\/span>\n\t\t\t\t\t<\/a>\n\t\t\t\t<\/div>\n\t\t\t\t\t\t\t\t<\/div>\n\t\t\t\t<\/div>\n\t\t\t\t<\/div>\n\t\t\t\t\t<\/div>\n\t\t\t\t<\/div>\n\t\t\t\t<\/div>\n\t\t<\/div>\n\t\t\t\t\t<\/div><div class=\"eael-accordion-list\">\n\t\t\t\t\t<div id=\"cas-particulier-lve-en-situation-de-salariat\" class=\"elementor-tab-title eael-accordion-header\" tabindex=\"0\" data-tab=\"4\" aria-controls=\"elementor-tab-content-2674\"><span class=\"eael-accordion-tab-title\">Cas particulier : \u00e9l\u00e8ve en situation de salariat<\/span><svg aria-hidden=\"true\" class=\"fa-toggle e-font-icon-svg e-fas-angle-right\" viewBox=\"0 0 256 512\" xmlns=\"http:\/\/www.w3.org\/2000\/svg\"><path d=\"M224.3 273l-136 136c-9.4 9.4-24.6 9.4-33.9 0l-22.6-22.6c-9.4-9.4-9.4-24.6 0-33.9l96.4-96.4-96.4-96.4c-9.4-9.4-9.4-24.6 0-33.9L54.3 103c9.4-9.4 24.6-9.4 33.9 0l136 136c9.5 9.4 9.5 24.6.1 34z\"><\/path><\/svg><\/div><div id=\"elementor-tab-content-2674\" class=\"eael-accordion-content clearfix\" data-tab=\"4\" aria-labelledby=\"cas-particulier-lve-en-situation-de-salariat\"><style>.elementor-18817 .elementor-element.elementor-element-9a33368{--display:flex;--flex-direction:row;--container-widget-width:calc( ( 1 - var( --container-widget-flex-grow ) ) * 100% );--container-widget-height:100%;--container-widget-flex-grow:1;--container-widget-align-self:stretch;--flex-wrap-mobile:wrap;--align-items:stretch;--gap:10px 10px;--row-gap:10px;--column-gap:10px;--margin-top:0px;--margin-bottom:0px;--margin-left:0px;--margin-right:0px;--padding-top:0px;--padding-bottom:0px;--padding-left:0px;--padding-right:0px;}.elementor-18817 .elementor-element.elementor-element-1dca89e{--display:flex;--margin-top:0px;--margin-bottom:0px;--margin-left:0px;--margin-right:0px;--padding-top:0px;--padding-bottom:0px;--padding-left:0px;--padding-right:0px;}.elementor-widget-text-editor{font-family:var( --e-global-typography-text-font-family ), arial;font-weight:var( --e-global-typography-text-font-weight );color:var( --e-global-color-text );}.elementor-widget-text-editor.elementor-drop-cap-view-stacked .elementor-drop-cap{background-color:var( --e-global-color-primary );}.elementor-widget-text-editor.elementor-drop-cap-view-framed .elementor-drop-cap, .elementor-widget-text-editor.elementor-drop-cap-view-default .elementor-drop-cap{color:var( --e-global-color-primary );border-color:var( --e-global-color-primary );}.elementor-18817 .elementor-element.elementor-element-b362f46{font-family:\"Inter\", arial;font-weight:400;}.elementor-widget-button .elementor-button{font-family:var( --e-global-typography-accent-font-family ), arial;font-weight:var( --e-global-typography-accent-font-weight );background-color:var( --e-global-color-accent );}.elementor-18817 .elementor-element.elementor-element-beb1c62 .elementor-button-content-wrapper{flex-direction:row;}.elementor-18817 .elementor-element.elementor-element-beb1c62 .elementor-button .elementor-button-content-wrapper{gap:10px;}.elementor-18817 .elementor-element.elementor-element-beb1c62 .elementor-button{font-family:\"Inter\", arial;font-size:16px;font-weight:500;fill:#FFFFFF;color:#FFFFFF;background-color:var( --e-global-color-d1e6f9c );box-shadow:0px 15px 30px 0px rgba(0, 0, 0, 0.15);border-style:solid;border-width:1px 1px 1px 1px;border-color:#EEEEEE;border-radius:5px 5px 5px 5px;padding:18px 35px 18px 25px;}.elementor-18817 .elementor-element.elementor-element-beb1c62 .elementor-button:hover, .elementor-18817 .elementor-element.elementor-element-beb1c62 .elementor-button:focus{color:var( --e-global-color-d1e6f9c );background-color:#FFFFFF;border-color:#EEEEEE;}.elementor-18817 .elementor-element.elementor-element-beb1c62 .elementor-button:hover svg, .elementor-18817 .elementor-element.elementor-element-beb1c62 .elementor-button:focus svg{fill:var( --e-global-color-d1e6f9c );}.elementor-18817 .elementor-element.elementor-element-beb1c62 > .elementor-widget-container{margin:0px 0px 0px 0px;padding:0px 0px 0px 0px;}<\/style>\t\t<div data-elementor-type=\"section\" data-elementor-id=\"18817\" class=\"elementor elementor-18817\" data-elementor-post-type=\"elementor_library\">\n\t\t\t<div class=\"elementor-element elementor-element-9a33368 e-flex e-con-boxed e-con e-parent\" data-id=\"9a33368\" data-element_type=\"container\" data-e-type=\"container\">\n\t\t\t\t\t<div class=\"e-con-inner\">\n\t\t<div class=\"elementor-element elementor-element-1dca89e e-con-full e-flex e-con e-child\" data-id=\"1dca89e\" data-element_type=\"container\" data-e-type=\"container\">\n\t\t\t\t<div class=\"elementor-element elementor-element-b362f46 elementor-widget elementor-widget-text-editor\" data-id=\"b362f46\" data-element_type=\"widget\" data-e-type=\"widget\" data-widget_type=\"text-editor.default\">\n\t\t\t\t<div class=\"elementor-widget-container\">\n\t\t\t\t\t\t\t\t\t<p>Tout en donnant la priorit\u00e9 \u00e0 la p\u00e9riode de formation, l\u2019EFB propose un am\u00e9nagement aux \u00e9l\u00e8ves avocats en situation salari\u00e9e depuis le 1<sup>er<\/sup> octobre de l&rsquo;ann\u00e9e de la pr\u00e9inscription.<\/p>\t\t\t\t\t\t\t\t<\/div>\n\t\t\t\t<\/div>\n\t\t\t\t<div class=\"elementor-element elementor-element-beb1c62 elementor-align-left elementor-tablet-align-left elementor-mobile-align-left elementor-widget elementor-widget-button\" data-id=\"beb1c62\" data-element_type=\"widget\" data-e-type=\"widget\" data-widget_type=\"button.default\">\n\t\t\t\t<div class=\"elementor-widget-container\">\n\t\t\t\t\t\t\t\t\t<div class=\"elementor-button-wrapper\">\n\t\t\t\t\t<a class=\"elementor-button elementor-button-link elementor-size-sm\" href=\"https:\/\/wpvit.efb.fr\/?page_id=4548#amenagement\">\n\t\t\t\t\t\t<span class=\"elementor-button-content-wrapper\">\n\t\t\t\t\t\t<span class=\"elementor-button-icon\">\n\t\t\t\t<svg xmlns=\"http:\/\/www.w3.org\/2000\/svg\" id=\"b385ca18-4b85-46d4-bb4b-571c73a19812\" data-name=\"b922a425-e5e0-4ef1-881c-5748460fd139\" viewBox=\"0 0 30.125 18.1738\"><title>arrow-icon-size3<\/title><path d=\"M29.75,9.3948,21.5281,1.1735a.8479.8479,0,0,0-.601-.261L20.9124.9119a.8526.8526,0,0,0-.5956.2409.8642.8642,0,0,0-.0027,1.23l6.7618,6.7611H.7316a.8566.8566,0,1,0,0,1.7131H27.0759l-6.7591,6.7591a.8576.8576,0,0,0-.0214,1.2113.8462.8462,0,0,0,.61.2583.8949.8949,0,0,0,.621-.2556l8.2233-8.224A.8587.8587,0,0,0,29.75,9.3948Z\" transform=\"translate(0.125 -0.9119)\"><\/path><\/svg>\t\t\t<\/span>\n\t\t\t\t\t\t\t\t\t<span class=\"elementor-button-text\">Les diff\u00e9rents r\u00e9gimes<\/span>\n\t\t\t\t\t<\/span>\n\t\t\t\t\t<\/a>\n\t\t\t\t<\/div>\n\t\t\t\t\t\t\t\t<\/div>\n\t\t\t\t<\/div>\n\t\t\t\t<\/div>\n\t\t\t\t\t<\/div>\n\t\t\t\t<\/div>\n\t\t\t\t<\/div>\n\t\t<\/div>\n\t\t\t\t\t<\/div><\/div>\t\t\t\t<\/div>\n\t\t\t\t<\/div>\n\t\t\t\t<\/div>\n\t\t\t\t\t<\/div>\n\t\t\t\t<\/div>\n\t\t<div class=\"elementor-element elementor-element-c320049 e-flex e-con-boxed e-con e-parent\" data-id=\"c320049\" data-element_type=\"container\" data-e-type=\"container\">\n\t\t\t\t\t<div class=\"e-con-inner\">\n\t\t\t\t\t<\/div>\n\t\t\t\t<\/div>\n\t\t\t\t<\/div>\n\t\t","protected":false},"excerpt":{"rendered":"<p>Je g\u00e8re ma formation Les 6 mois de stage PPI Je g\u00e8re ma formation Les 6 mois de stage PPI Les 6 mois de stage PPI Le PPI propos\u00e9 par l\u2019\u00e9l\u00e8ve et valid\u00e9 par l\u2019EFB a pour objet de permettre \u00e0 l\u2019\u00e9l\u00e8ve avocat la fr\u00e9quentation des milieux sociaux et professionnels autres que les cabinets d\u2019avocats. Il permet \u00e0 l\u2019\u00e9l\u00e8ve avocat d\u2019acqu\u00e9rir une expertise sur un domaine dont il a d\u00e9j\u00e0 connaissance, de d\u00e9velopper une sp\u00e9cialisation mineure, ou de s\u2019ouvrir sur un autre domaine d\u2019expertise. Le service PPI de l\u2019EFB accompagne les \u00e9l\u00e8ves dans leurs d\u00e9marches.\u00a0 O\u00f9 peut se d\u00e9rouler le PPI ? Dans une structure localis\u00e9e en France et au sein d\u2019un service juridique, hors cabinet d\u2019avocats : entreprise, minist\u00e8re, autorit\u00e9 administrative ind\u00e9pendante (AAI), organisation professionnelle, association\u2026 Dans une structure localis\u00e9e \u00e0 l\u2019\u00e9tranger et au sein d\u2019un service juridique, y compris un cabinet d\u2019avocats. En juridiction\u00a0 \u00c0 l\u2019ENM, pour suivre une partie de la formation des auditeurs de justice (2nd semestre). Dans un \u00e9tablissement d\u2019enseignement sup\u00e9rieur en France proposant une formation telle que M2 de droit au sein d\u2019une universit\u00e9 fran\u00e7aise, certains Mast\u00e8res sp\u00e9cialis\u00e9s en droit, LLM en droit (hors Dipl\u00f4me universitaire [DU]). Dates cl\u00e9s \u00e0 retenir Une fois le PPI d\u00e9fini, il conviendra de le motiver en envoyant un courriel expliquant les raisons de ce choix et la coh\u00e9rence de ce celui-ci au regard du parcours de l\u2019\u00e9l\u00e8ve et de son projet professionnel. Ce courriel doit \u00eatre envoy\u00e9 \u00e0 l&rsquo;adresse indiqu\u00e9 sur votre espace WebAurion tout en respectant le calendrier ci-apr\u00e8s d\u00e9fini par semestre. Pour \u00eatre valid\u00e9, le stage PPI devra \u00eatre\u00a0: Encadr\u00e9 par un ma\u00eetre de stage juriste (\u00e0 cet \u00e9gard, vous devrez pr\u00e9ciser le nom de votre ma\u00eetre de stage ainsi que sa fonction dans votre motivation) \u00c0 temps plein Au sein d\u2019un service juridique Aucun stage PPI ne pourra se d\u00e9rouler dans un cabinet d\u2019avocat \u00e0 la cour en France, ni dans une structure d&rsquo;accueil familiale. Le stage ne peut pas \u00eatre encadr\u00e9 par un membre de la famille de l&rsquo;\u00e9l\u00e8ve avocat.Le service PPI \u00e9tudie tous les projets et peut refuser de valider un projet qui n\u2019est pas conforme. SEMESTRE 1 PPI du 5 janvier 2026 au 19 juin 2026 Motivation \u00e0 envoyer avant le 12 d\u00e9cembre 2025 SEMESTRE 2 PPI du 6 juillet 2026 au 18 d\u00e9cembre 2026 Motivation \u00e0 envoyer entre le 2 f\u00e9vrier et le 20 juin 2026 SEMESTRE 3 Promotion \u00a0Y. Reza : PPI du 5 janv. 2026 au 26 juin 2026 Motivation \u00e0 envoyer avant le 28 nov. 2025 Promotion P. Maisonneuve : PPI du 4 janvier 2027 au 25 juin 2027 Motivation \u00e0 envoyer entre le 13 juillet 2026 et le 6 novembre 2026 Informations pratiques Absences : Le service PPI doit \u00eatre tenu inform\u00e9 de toute absence dans les plus brefs d\u00e9lais. Le formulaire d&rsquo;absence est disponible sur votre espace WebAurion. Rapport de stage : L\u2019ensemble des \u00e9l\u00e8ves a l\u2019obligation de remettre un rapport de stage selon les modalit\u00e9s et dates indiqu\u00e9es sur ce site et dans l\u2019e-mail de validation de leur projet (M2 en droit compris). Les \u00e9l\u00e8ves r\u00e9alisant deux stages dans le cadre du PPI doivent r\u00e9diger un rapport unique sur ces deux stages. Evaluation : Dans le cadre de ce stage, deux \u00e9valuations r\u00e9alis\u00e9es par le ma\u00eetre de stage sont formellement exig\u00e9es par l\u2019EFB : L\u2019\u00e9valuation interm\u00e9diaire : \u00e0 d\u00e9poser par l\u2019\u00e9l\u00e8ve \u00e0 la mi-parcours du stage sur son espace WebAurion et \u00e0 annexer au rapport de stage \u00e0 l\u2019issue de celui-ci. L\u2019\u00e9valuation finale : \u00e0 annexer au rapport de stage \u00e0 l\u2019issue de celui-ci.\u00a0 \u00a0 Les \u00e9l\u00e8ves avocats effectuant deux stages dans le cadre du PPI doivent \u00eatre \u00e9valu\u00e9s \u00e0 l\u2019occasion de chacun des stages.\u00a0Ces\u00a0 fiches d\u2019\u00e9valuation ne concernent pas les \u00e9l\u00e8ves validant leur PPI par le biais d\u2019une formation.\u00a0Voici les recommandations de l\u2019EFB sur l\u2019utilisation de l\u2019IA g\u00e9n\u00e9rative dans les structures de vos stages (cabinets et PPI). Je cherche un stage en juridiction Chaque ann\u00e9e, les juridictions judiciaires et administratives proposent une centaine d\u2019offres de stages PPI aux 1er et 2e semestres. Il s\u2019agit d\u2019une excellente opportunit\u00e9 propos\u00e9e aux \u00e9l\u00e8ves d\u2019acqu\u00e9rir une exp\u00e9rience unique en int\u00e9grant : La Cour de cassation Le si\u00e8ge ou le parquet de la cour d\u2019appel de Paris Le si\u00e8ge ou le parquet des tribunaux judiciaires du ressort de la cour d\u2019appel de Paris Le Conseil d\u2019\u00c9tat La cour administrative d\u2019appel de Paris Les tribunaux administratifs Le tribunal de commerce de Paris \u00a0 Un courriel d\u00e9taill\u00e9 sur ces postes sera envoy\u00e9 aux \u00e9l\u00e8ves mais aussi aux pr\u00e9inscrits entre d\u00e9but novembre pour les PPI r\u00e9alis\u00e9s au 1er semestre et d\u00e8s le mois de f\u00e9vrier pour les \u00e9l\u00e8ves r\u00e9alisant leur PPI au deuxi\u00e8me semestre.\u00a0 Les \u00e9l\u00e8ves avocats ainsi que les pr\u00e9inscrits qui souhaitent candidater aupr\u00e8s de l\u2019Autorit\u00e9 de la concurrence doivent quant \u00e0 eux adresser leur candidature \u00e0 l\u2019adresse indiqu\u00e9 sur leur espace WebAurion d\u00e8s le mois d\u2019octobre pour le 1er semestre.\u00a0 Les \u00e9l\u00e8ves avocats r\u00e9alisant leur PPI au second semestre peuvent transmettre leur candidature pour un stage au sein de l&#8217;Autorit\u00e9 de la concurrence d\u00e8s le mois de f\u00e9vrier. Je cherche un stage en entreprise Le site d\u2019offres de stage de l\u2019EFB propose une multitude de stages dans des services juridiques d\u2019entreprises d\u2019associations, etc. Je cherche un stage \u00e0 l&rsquo;\u00e9tranger \u00a0Je souhaite faire mon PPI \u00e0 l&#8217;\u00e9tranger. arrow-icon-size3 En savoir plus Cas particulier : \u00e9l\u00e8ve en situation de salariat Tout en donnant la priorit\u00e9 \u00e0 la p\u00e9riode de formation, l\u2019EFB propose un am\u00e9nagement aux \u00e9l\u00e8ves avocats en situation salari\u00e9e depuis le 1er octobre de l&#8217;ann\u00e9e de la pr\u00e9inscription. arrow-icon-size3 Les diff\u00e9rents r\u00e9gimes<\/p>\n","protected":false},"author":1,"featured_media":0,"parent":1122,"menu_order":0,"comment_status":"closed","ping_status":"closed","template":"","meta":{"_acf_changed":false,"footnotes":""},"class_list":["post-7243","page","type-page","status-publish","hentry"],"acf":[],"yoast_head":"<!-- This site is optimized with the Yoast SEO plugin v27.4 - https:\/\/yoast.com\/product\/yoast-seo-wordpress\/ -->\n<title>Les 6 mois de stage PPI - efb.fr<\/title>\n<meta name=\"robots\" content=\"index, follow, max-snippet:-1, max-image-preview:large, max-video-preview:-1\" \/>\n<link rel=\"canonical\" href=\"https:\/\/wpvit.efb.fr\/index.php\/je-suis-eleve-avocat-a-lefb\/je-gere-ma-formation\/les-6-mois-de-stage-ppi\/\" \/>\n<meta property=\"og:locale\" content=\"fr_FR\" \/>\n<meta property=\"og:type\" content=\"article\" \/>\n<meta property=\"og:title\" content=\"Les 6 mois de stage PPI - efb.fr\" \/>\n<meta property=\"og:description\" content=\"Je g\u00e8re ma formation Les 6 mois de stage PPI Je g\u00e8re ma formation Les 6 mois de stage PPI Les 6 mois de stage PPI Le PPI propos\u00e9 par l\u2019\u00e9l\u00e8ve et valid\u00e9 par l\u2019EFB a pour objet de permettre \u00e0 l\u2019\u00e9l\u00e8ve avocat la fr\u00e9quentation des milieux sociaux et professionnels autres que les cabinets d\u2019avocats. Il permet \u00e0 l\u2019\u00e9l\u00e8ve avocat d\u2019acqu\u00e9rir une expertise sur un domaine dont il a d\u00e9j\u00e0 connaissance, de d\u00e9velopper une sp\u00e9cialisation mineure, ou de s\u2019ouvrir sur un autre domaine d\u2019expertise. Le service PPI de l\u2019EFB accompagne les \u00e9l\u00e8ves dans leurs d\u00e9marches.\u00a0 O\u00f9 peut se d\u00e9rouler le PPI ? Dans une structure localis\u00e9e en France et au sein d\u2019un service juridique, hors cabinet d\u2019avocats : entreprise, minist\u00e8re, autorit\u00e9 administrative ind\u00e9pendante (AAI), organisation professionnelle, association\u2026 Dans une structure localis\u00e9e \u00e0 l\u2019\u00e9tranger et au sein d\u2019un service juridique, y compris un cabinet d\u2019avocats. En juridiction\u00a0 \u00c0 l\u2019ENM, pour suivre une partie de la formation des auditeurs de justice (2nd semestre). Dans un \u00e9tablissement d\u2019enseignement sup\u00e9rieur en France proposant une formation telle que M2 de droit au sein d\u2019une universit\u00e9 fran\u00e7aise, certains Mast\u00e8res sp\u00e9cialis\u00e9s en droit, LLM en droit (hors Dipl\u00f4me universitaire [DU]). Dates cl\u00e9s \u00e0 retenir Une fois le PPI d\u00e9fini, il conviendra de le motiver en envoyant un courriel expliquant les raisons de ce choix et la coh\u00e9rence de ce celui-ci au regard du parcours de l\u2019\u00e9l\u00e8ve et de son projet professionnel. Ce courriel doit \u00eatre envoy\u00e9 \u00e0 l&rsquo;adresse indiqu\u00e9 sur votre espace WebAurion tout en respectant le calendrier ci-apr\u00e8s d\u00e9fini par semestre. Pour \u00eatre valid\u00e9, le stage PPI devra \u00eatre\u00a0: Encadr\u00e9 par un ma\u00eetre de stage juriste (\u00e0 cet \u00e9gard, vous devrez pr\u00e9ciser le nom de votre ma\u00eetre de stage ainsi que sa fonction dans votre motivation) \u00c0 temps plein Au sein d\u2019un service juridique Aucun stage PPI ne pourra se d\u00e9rouler dans un cabinet d\u2019avocat \u00e0 la cour en France, ni dans une structure d&rsquo;accueil familiale. Le stage ne peut pas \u00eatre encadr\u00e9 par un membre de la famille de l&rsquo;\u00e9l\u00e8ve avocat.Le service PPI \u00e9tudie tous les projets et peut refuser de valider un projet qui n\u2019est pas conforme. SEMESTRE 1 PPI du 5 janvier 2026 au 19 juin 2026 Motivation \u00e0 envoyer avant le 12 d\u00e9cembre 2025 SEMESTRE 2 PPI du 6 juillet 2026 au 18 d\u00e9cembre 2026 Motivation \u00e0 envoyer entre le 2 f\u00e9vrier et le 20 juin 2026 SEMESTRE 3 Promotion \u00a0Y. Reza : PPI du 5 janv. 2026 au 26 juin 2026 Motivation \u00e0 envoyer avant le 28 nov. 2025 Promotion P. Maisonneuve : PPI du 4 janvier 2027 au 25 juin 2027 Motivation \u00e0 envoyer entre le 13 juillet 2026 et le 6 novembre 2026 Informations pratiques Absences : Le service PPI doit \u00eatre tenu inform\u00e9 de toute absence dans les plus brefs d\u00e9lais. Le formulaire d&rsquo;absence est disponible sur votre espace WebAurion. Rapport de stage : L\u2019ensemble des \u00e9l\u00e8ves a l\u2019obligation de remettre un rapport de stage selon les modalit\u00e9s et dates indiqu\u00e9es sur ce site et dans l\u2019e-mail de validation de leur projet (M2 en droit compris). Les \u00e9l\u00e8ves r\u00e9alisant deux stages dans le cadre du PPI doivent r\u00e9diger un rapport unique sur ces deux stages. Evaluation : Dans le cadre de ce stage, deux \u00e9valuations r\u00e9alis\u00e9es par le ma\u00eetre de stage sont formellement exig\u00e9es par l\u2019EFB : L\u2019\u00e9valuation interm\u00e9diaire : \u00e0 d\u00e9poser par l\u2019\u00e9l\u00e8ve \u00e0 la mi-parcours du stage sur son espace WebAurion et \u00e0 annexer au rapport de stage \u00e0 l\u2019issue de celui-ci. L\u2019\u00e9valuation finale : \u00e0 annexer au rapport de stage \u00e0 l\u2019issue de celui-ci.\u00a0 \u00a0 Les \u00e9l\u00e8ves avocats effectuant deux stages dans le cadre du PPI doivent \u00eatre \u00e9valu\u00e9s \u00e0 l\u2019occasion de chacun des stages.\u00a0Ces\u00a0 fiches d\u2019\u00e9valuation ne concernent pas les \u00e9l\u00e8ves validant leur PPI par le biais d\u2019une formation.\u00a0Voici les recommandations de l\u2019EFB sur l\u2019utilisation de l\u2019IA g\u00e9n\u00e9rative dans les structures de vos stages (cabinets et PPI). Je cherche un stage en juridiction Chaque ann\u00e9e, les juridictions judiciaires et administratives proposent une centaine d\u2019offres de stages PPI aux 1er et 2e semestres. Il s\u2019agit d\u2019une excellente opportunit\u00e9 propos\u00e9e aux \u00e9l\u00e8ves d\u2019acqu\u00e9rir une exp\u00e9rience unique en int\u00e9grant : La Cour de cassation Le si\u00e8ge ou le parquet de la cour d\u2019appel de Paris Le si\u00e8ge ou le parquet des tribunaux judiciaires du ressort de la cour d\u2019appel de Paris Le Conseil d\u2019\u00c9tat La cour administrative d\u2019appel de Paris Les tribunaux administratifs Le tribunal de commerce de Paris \u00a0 Un courriel d\u00e9taill\u00e9 sur ces postes sera envoy\u00e9 aux \u00e9l\u00e8ves mais aussi aux pr\u00e9inscrits entre d\u00e9but novembre pour les PPI r\u00e9alis\u00e9s au 1er semestre et d\u00e8s le mois de f\u00e9vrier pour les \u00e9l\u00e8ves r\u00e9alisant leur PPI au deuxi\u00e8me semestre.\u00a0 Les \u00e9l\u00e8ves avocats ainsi que les pr\u00e9inscrits qui souhaitent candidater aupr\u00e8s de l\u2019Autorit\u00e9 de la concurrence doivent quant \u00e0 eux adresser leur candidature \u00e0 l\u2019adresse indiqu\u00e9 sur leur espace WebAurion d\u00e8s le mois d\u2019octobre pour le 1er semestre.\u00a0 Les \u00e9l\u00e8ves avocats r\u00e9alisant leur PPI au second semestre peuvent transmettre leur candidature pour un stage au sein de l&#8217;Autorit\u00e9 de la concurrence d\u00e8s le mois de f\u00e9vrier. Je cherche un stage en entreprise Le site d\u2019offres de stage de l\u2019EFB propose une multitude de stages dans des services juridiques d\u2019entreprises d\u2019associations, etc. Je cherche un stage \u00e0 l&rsquo;\u00e9tranger \u00a0Je souhaite faire mon PPI \u00e0 l&#8217;\u00e9tranger. arrow-icon-size3 En savoir plus Cas particulier : \u00e9l\u00e8ve en situation de salariat Tout en donnant la priorit\u00e9 \u00e0 la p\u00e9riode de formation, l\u2019EFB propose un am\u00e9nagement aux \u00e9l\u00e8ves avocats en situation salari\u00e9e depuis le 1er octobre de l&#8217;ann\u00e9e de la pr\u00e9inscription. arrow-icon-size3 Les diff\u00e9rents r\u00e9gimes\" \/>\n<meta property=\"og:url\" content=\"https:\/\/wpvit.efb.fr\/index.php\/je-suis-eleve-avocat-a-lefb\/je-gere-ma-formation\/les-6-mois-de-stage-ppi\/\" \/>\n<meta property=\"og:site_name\" content=\"efb.fr\" \/>\n<meta property=\"article:modified_time\" content=\"2026-01-30T07:28:56+00:00\" \/>\n<meta name=\"twitter:card\" content=\"summary_large_image\" \/>\n<meta name=\"twitter:label1\" content=\"Dur\u00e9e de lecture estim\u00e9e\" \/>\n\t<meta name=\"twitter:data1\" content=\"6 minutes\" \/>\n<script type=\"application\/ld+json\" class=\"yoast-schema-graph\">{\"@context\":\"https:\\\/\\\/schema.org\",\"@graph\":[{\"@type\":\"WebPage\",\"@id\":\"https:\\\/\\\/wpvit.efb.fr\\\/index.php\\\/je-suis-eleve-avocat-a-lefb\\\/je-gere-ma-formation\\\/les-6-mois-de-stage-ppi\\\/\",\"url\":\"https:\\\/\\\/wpvit.efb.fr\\\/index.php\\\/je-suis-eleve-avocat-a-lefb\\\/je-gere-ma-formation\\\/les-6-mois-de-stage-ppi\\\/\",\"name\":\"Les 6 mois de stage PPI - efb.fr\",\"isPartOf\":{\"@id\":\"https:\\\/\\\/wpvit.efb.fr\\\/#website\"},\"datePublished\":\"2023-04-03T07:49:22+00:00\",\"dateModified\":\"2026-01-30T07:28:56+00:00\",\"breadcrumb\":{\"@id\":\"https:\\\/\\\/wpvit.efb.fr\\\/index.php\\\/je-suis-eleve-avocat-a-lefb\\\/je-gere-ma-formation\\\/les-6-mois-de-stage-ppi\\\/#breadcrumb\"},\"inLanguage\":\"fr-FR\",\"potentialAction\":[{\"@type\":\"ReadAction\",\"target\":[\"https:\\\/\\\/wpvit.efb.fr\\\/index.php\\\/je-suis-eleve-avocat-a-lefb\\\/je-gere-ma-formation\\\/les-6-mois-de-stage-ppi\\\/\"]}]},{\"@type\":\"BreadcrumbList\",\"@id\":\"https:\\\/\\\/wpvit.efb.fr\\\/index.php\\\/je-suis-eleve-avocat-a-lefb\\\/je-gere-ma-formation\\\/les-6-mois-de-stage-ppi\\\/#breadcrumb\",\"itemListElement\":[{\"@type\":\"ListItem\",\"position\":1,\"name\":\"Accueil\",\"item\":\"https:\\\/\\\/wpvit.efb.fr\\\/\"},{\"@type\":\"ListItem\",\"position\":2,\"name\":\"Je suis \u00e9l\u00e8ve avocat \u00e0 l&#8217;efb\",\"item\":\"https:\\\/\\\/wpvit.efb.fr\\\/index.php\\\/je-suis-eleve-avocat-a-lefb\\\/\"},{\"@type\":\"ListItem\",\"position\":3,\"name\":\"Je g\u00e8re ma formation\",\"item\":\"https:\\\/\\\/wpvit.efb.fr\\\/index.php\\\/je-suis-eleve-avocat-a-lefb\\\/je-gere-ma-formation\\\/\"},{\"@type\":\"ListItem\",\"position\":4,\"name\":\"Les 6 mois de stage PPI\"}]},{\"@type\":\"WebSite\",\"@id\":\"https:\\\/\\\/wpvit.efb.fr\\\/#website\",\"url\":\"https:\\\/\\\/wpvit.efb.fr\\\/\",\"name\":\"EFB\",\"description\":\"\",\"publisher\":{\"@id\":\"https:\\\/\\\/wpvit.efb.fr\\\/#organization\"},\"potentialAction\":[{\"@type\":\"SearchAction\",\"target\":{\"@type\":\"EntryPoint\",\"urlTemplate\":\"https:\\\/\\\/wpvit.efb.fr\\\/?s={search_term_string}\"},\"query-input\":{\"@type\":\"PropertyValueSpecification\",\"valueRequired\":true,\"valueName\":\"search_term_string\"}}],\"inLanguage\":\"fr-FR\"},{\"@type\":\"Organization\",\"@id\":\"https:\\\/\\\/wpvit.efb.fr\\\/#organization\",\"name\":\"\u00c9cole de formation professionnelle des barreaux du ressort de la cour d\u2019appel de Paris (EFB)\",\"alternateName\":\"\u00c9cole de Formation des Barreaux (EFB)\",\"url\":\"https:\\\/\\\/wpvit.efb.fr\\\/\",\"logo\":{\"@type\":\"ImageObject\",\"inLanguage\":\"fr-FR\",\"@id\":\"https:\\\/\\\/wpvit.efb.fr\\\/#\\\/schema\\\/logo\\\/image\\\/\",\"url\":\"https:\\\/\\\/wpvit.efb.fr\\\/wp-content\\\/uploads\\\/2024\\\/10\\\/cropped-Logo-EFB-2023_fond-transparent_mail.png\",\"contentUrl\":\"https:\\\/\\\/wpvit.efb.fr\\\/wp-content\\\/uploads\\\/2024\\\/10\\\/cropped-Logo-EFB-2023_fond-transparent_mail.png\",\"width\":638,\"height\":282,\"caption\":\"\u00c9cole de formation professionnelle des barreaux du ressort de la cour d\u2019appel de Paris (EFB)\"},\"image\":{\"@id\":\"https:\\\/\\\/wpvit.efb.fr\\\/#\\\/schema\\\/logo\\\/image\\\/\"}}]}<\/script>\n<!-- \/ Yoast SEO plugin. -->","yoast_head_json":{"title":"Les 6 mois de stage PPI - efb.fr","robots":{"index":"index","follow":"follow","max-snippet":"max-snippet:-1","max-image-preview":"max-image-preview:large","max-video-preview":"max-video-preview:-1"},"canonical":"https:\/\/wpvit.efb.fr\/index.php\/je-suis-eleve-avocat-a-lefb\/je-gere-ma-formation\/les-6-mois-de-stage-ppi\/","og_locale":"fr_FR","og_type":"article","og_title":"Les 6 mois de stage PPI - efb.fr","og_description":"Je g\u00e8re ma formation Les 6 mois de stage PPI Je g\u00e8re ma formation Les 6 mois de stage PPI Les 6 mois de stage PPI Le PPI propos\u00e9 par l\u2019\u00e9l\u00e8ve et valid\u00e9 par l\u2019EFB a pour objet de permettre \u00e0 l\u2019\u00e9l\u00e8ve avocat la fr\u00e9quentation des milieux sociaux et professionnels autres que les cabinets d\u2019avocats. Il permet \u00e0 l\u2019\u00e9l\u00e8ve avocat d\u2019acqu\u00e9rir une expertise sur un domaine dont il a d\u00e9j\u00e0 connaissance, de d\u00e9velopper une sp\u00e9cialisation mineure, ou de s\u2019ouvrir sur un autre domaine d\u2019expertise. Le service PPI de l\u2019EFB accompagne les \u00e9l\u00e8ves dans leurs d\u00e9marches.\u00a0 O\u00f9 peut se d\u00e9rouler le PPI ? Dans une structure localis\u00e9e en France et au sein d\u2019un service juridique, hors cabinet d\u2019avocats : entreprise, minist\u00e8re, autorit\u00e9 administrative ind\u00e9pendante (AAI), organisation professionnelle, association\u2026 Dans une structure localis\u00e9e \u00e0 l\u2019\u00e9tranger et au sein d\u2019un service juridique, y compris un cabinet d\u2019avocats. En juridiction\u00a0 \u00c0 l\u2019ENM, pour suivre une partie de la formation des auditeurs de justice (2nd semestre). Dans un \u00e9tablissement d\u2019enseignement sup\u00e9rieur en France proposant une formation telle que M2 de droit au sein d\u2019une universit\u00e9 fran\u00e7aise, certains Mast\u00e8res sp\u00e9cialis\u00e9s en droit, LLM en droit (hors Dipl\u00f4me universitaire [DU]). Dates cl\u00e9s \u00e0 retenir Une fois le PPI d\u00e9fini, il conviendra de le motiver en envoyant un courriel expliquant les raisons de ce choix et la coh\u00e9rence de ce celui-ci au regard du parcours de l\u2019\u00e9l\u00e8ve et de son projet professionnel. Ce courriel doit \u00eatre envoy\u00e9 \u00e0 l&rsquo;adresse indiqu\u00e9 sur votre espace WebAurion tout en respectant le calendrier ci-apr\u00e8s d\u00e9fini par semestre. Pour \u00eatre valid\u00e9, le stage PPI devra \u00eatre\u00a0: Encadr\u00e9 par un ma\u00eetre de stage juriste (\u00e0 cet \u00e9gard, vous devrez pr\u00e9ciser le nom de votre ma\u00eetre de stage ainsi que sa fonction dans votre motivation) \u00c0 temps plein Au sein d\u2019un service juridique Aucun stage PPI ne pourra se d\u00e9rouler dans un cabinet d\u2019avocat \u00e0 la cour en France, ni dans une structure d&rsquo;accueil familiale. Le stage ne peut pas \u00eatre encadr\u00e9 par un membre de la famille de l&rsquo;\u00e9l\u00e8ve avocat.Le service PPI \u00e9tudie tous les projets et peut refuser de valider un projet qui n\u2019est pas conforme. SEMESTRE 1 PPI du 5 janvier 2026 au 19 juin 2026 Motivation \u00e0 envoyer avant le 12 d\u00e9cembre 2025 SEMESTRE 2 PPI du 6 juillet 2026 au 18 d\u00e9cembre 2026 Motivation \u00e0 envoyer entre le 2 f\u00e9vrier et le 20 juin 2026 SEMESTRE 3 Promotion \u00a0Y. Reza : PPI du 5 janv. 2026 au 26 juin 2026 Motivation \u00e0 envoyer avant le 28 nov. 2025 Promotion P. Maisonneuve : PPI du 4 janvier 2027 au 25 juin 2027 Motivation \u00e0 envoyer entre le 13 juillet 2026 et le 6 novembre 2026 Informations pratiques Absences : Le service PPI doit \u00eatre tenu inform\u00e9 de toute absence dans les plus brefs d\u00e9lais. Le formulaire d&rsquo;absence est disponible sur votre espace WebAurion. Rapport de stage : L\u2019ensemble des \u00e9l\u00e8ves a l\u2019obligation de remettre un rapport de stage selon les modalit\u00e9s et dates indiqu\u00e9es sur ce site et dans l\u2019e-mail de validation de leur projet (M2 en droit compris). Les \u00e9l\u00e8ves r\u00e9alisant deux stages dans le cadre du PPI doivent r\u00e9diger un rapport unique sur ces deux stages. Evaluation : Dans le cadre de ce stage, deux \u00e9valuations r\u00e9alis\u00e9es par le ma\u00eetre de stage sont formellement exig\u00e9es par l\u2019EFB : L\u2019\u00e9valuation interm\u00e9diaire : \u00e0 d\u00e9poser par l\u2019\u00e9l\u00e8ve \u00e0 la mi-parcours du stage sur son espace WebAurion et \u00e0 annexer au rapport de stage \u00e0 l\u2019issue de celui-ci. L\u2019\u00e9valuation finale : \u00e0 annexer au rapport de stage \u00e0 l\u2019issue de celui-ci.\u00a0 \u00a0 Les \u00e9l\u00e8ves avocats effectuant deux stages dans le cadre du PPI doivent \u00eatre \u00e9valu\u00e9s \u00e0 l\u2019occasion de chacun des stages.\u00a0Ces\u00a0 fiches d\u2019\u00e9valuation ne concernent pas les \u00e9l\u00e8ves validant leur PPI par le biais d\u2019une formation.\u00a0Voici les recommandations de l\u2019EFB sur l\u2019utilisation de l\u2019IA g\u00e9n\u00e9rative dans les structures de vos stages (cabinets et PPI). Je cherche un stage en juridiction Chaque ann\u00e9e, les juridictions judiciaires et administratives proposent une centaine d\u2019offres de stages PPI aux 1er et 2e semestres. Il s\u2019agit d\u2019une excellente opportunit\u00e9 propos\u00e9e aux \u00e9l\u00e8ves d\u2019acqu\u00e9rir une exp\u00e9rience unique en int\u00e9grant : La Cour de cassation Le si\u00e8ge ou le parquet de la cour d\u2019appel de Paris Le si\u00e8ge ou le parquet des tribunaux judiciaires du ressort de la cour d\u2019appel de Paris Le Conseil d\u2019\u00c9tat La cour administrative d\u2019appel de Paris Les tribunaux administratifs Le tribunal de commerce de Paris \u00a0 Un courriel d\u00e9taill\u00e9 sur ces postes sera envoy\u00e9 aux \u00e9l\u00e8ves mais aussi aux pr\u00e9inscrits entre d\u00e9but novembre pour les PPI r\u00e9alis\u00e9s au 1er semestre et d\u00e8s le mois de f\u00e9vrier pour les \u00e9l\u00e8ves r\u00e9alisant leur PPI au deuxi\u00e8me semestre.\u00a0 Les \u00e9l\u00e8ves avocats ainsi que les pr\u00e9inscrits qui souhaitent candidater aupr\u00e8s de l\u2019Autorit\u00e9 de la concurrence doivent quant \u00e0 eux adresser leur candidature \u00e0 l\u2019adresse indiqu\u00e9 sur leur espace WebAurion d\u00e8s le mois d\u2019octobre pour le 1er semestre.\u00a0 Les \u00e9l\u00e8ves avocats r\u00e9alisant leur PPI au second semestre peuvent transmettre leur candidature pour un stage au sein de l&#8217;Autorit\u00e9 de la concurrence d\u00e8s le mois de f\u00e9vrier. Je cherche un stage en entreprise Le site d\u2019offres de stage de l\u2019EFB propose une multitude de stages dans des services juridiques d\u2019entreprises d\u2019associations, etc. Je cherche un stage \u00e0 l&rsquo;\u00e9tranger \u00a0Je souhaite faire mon PPI \u00e0 l&#8217;\u00e9tranger. arrow-icon-size3 En savoir plus Cas particulier : \u00e9l\u00e8ve en situation de salariat Tout en donnant la priorit\u00e9 \u00e0 la p\u00e9riode de formation, l\u2019EFB propose un am\u00e9nagement aux \u00e9l\u00e8ves avocats en situation salari\u00e9e depuis le 1er octobre de l&#8217;ann\u00e9e de la pr\u00e9inscription. arrow-icon-size3 Les diff\u00e9rents r\u00e9gimes","og_url":"https:\/\/wpvit.efb.fr\/index.php\/je-suis-eleve-avocat-a-lefb\/je-gere-ma-formation\/les-6-mois-de-stage-ppi\/","og_site_name":"efb.fr","article_modified_time":"2026-01-30T07:28:56+00:00","twitter_card":"summary_large_image","twitter_misc":{"Dur\u00e9e de lecture estim\u00e9e":"6 minutes"},"schema":{"@context":"https:\/\/schema.org","@graph":[{"@type":"WebPage","@id":"https:\/\/wpvit.efb.fr\/index.php\/je-suis-eleve-avocat-a-lefb\/je-gere-ma-formation\/les-6-mois-de-stage-ppi\/","url":"https:\/\/wpvit.efb.fr\/index.php\/je-suis-eleve-avocat-a-lefb\/je-gere-ma-formation\/les-6-mois-de-stage-ppi\/","name":"Les 6 mois de stage PPI - efb.fr","isPartOf":{"@id":"https:\/\/wpvit.efb.fr\/#website"},"datePublished":"2023-04-03T07:49:22+00:00","dateModified":"2026-01-30T07:28:56+00:00","breadcrumb":{"@id":"https:\/\/wpvit.efb.fr\/index.php\/je-suis-eleve-avocat-a-lefb\/je-gere-ma-formation\/les-6-mois-de-stage-ppi\/#breadcrumb"},"inLanguage":"fr-FR","potentialAction":[{"@type":"ReadAction","target":["https:\/\/wpvit.efb.fr\/index.php\/je-suis-eleve-avocat-a-lefb\/je-gere-ma-formation\/les-6-mois-de-stage-ppi\/"]}]},{"@type":"BreadcrumbList","@id":"https:\/\/wpvit.efb.fr\/index.php\/je-suis-eleve-avocat-a-lefb\/je-gere-ma-formation\/les-6-mois-de-stage-ppi\/#breadcrumb","itemListElement":[{"@type":"ListItem","position":1,"name":"Accueil","item":"https:\/\/wpvit.efb.fr\/"},{"@type":"ListItem","position":2,"name":"Je suis \u00e9l\u00e8ve avocat \u00e0 l&#8217;efb","item":"https:\/\/wpvit.efb.fr\/index.php\/je-suis-eleve-avocat-a-lefb\/"},{"@type":"ListItem","position":3,"name":"Je g\u00e8re ma formation","item":"https:\/\/wpvit.efb.fr\/index.php\/je-suis-eleve-avocat-a-lefb\/je-gere-ma-formation\/"},{"@type":"ListItem","position":4,"name":"Les 6 mois de stage PPI"}]},{"@type":"WebSite","@id":"https:\/\/wpvit.efb.fr\/#website","url":"https:\/\/wpvit.efb.fr\/","name":"EFB","description":"","publisher":{"@id":"https:\/\/wpvit.efb.fr\/#organization"},"potentialAction":[{"@type":"SearchAction","target":{"@type":"EntryPoint","urlTemplate":"https:\/\/wpvit.efb.fr\/?s={search_term_string}"},"query-input":{"@type":"PropertyValueSpecification","valueRequired":true,"valueName":"search_term_string"}}],"inLanguage":"fr-FR"},{"@type":"Organization","@id":"https:\/\/wpvit.efb.fr\/#organization","name":"\u00c9cole de formation professionnelle des barreaux du ressort de la cour d\u2019appel de Paris (EFB)","alternateName":"\u00c9cole de Formation des Barreaux (EFB)","url":"https:\/\/wpvit.efb.fr\/","logo":{"@type":"ImageObject","inLanguage":"fr-FR","@id":"https:\/\/wpvit.efb.fr\/#\/schema\/logo\/image\/","url":"https:\/\/wpvit.efb.fr\/wp-content\/uploads\/2024\/10\/cropped-Logo-EFB-2023_fond-transparent_mail.png","contentUrl":"https:\/\/wpvit.efb.fr\/wp-content\/uploads\/2024\/10\/cropped-Logo-EFB-2023_fond-transparent_mail.png","width":638,"height":282,"caption":"\u00c9cole de formation professionnelle des barreaux du ressort de la cour d\u2019appel de Paris (EFB)"},"image":{"@id":"https:\/\/wpvit.efb.fr\/#\/schema\/logo\/image\/"}}]}},"_links":{"self":[{"href":"https:\/\/wpvit.efb.fr\/index.php\/wp-json\/wp\/v2\/pages\/7243","targetHints":{"allow":["GET"]}}],"collection":[{"href":"https:\/\/wpvit.efb.fr\/index.php\/wp-json\/wp\/v2\/pages"}],"about":[{"href":"https:\/\/wpvit.efb.fr\/index.php\/wp-json\/wp\/v2\/types\/page"}],"author":[{"embeddable":true,"href":"https:\/\/wpvit.efb.fr\/index.php\/wp-json\/wp\/v2\/users\/1"}],"replies":[{"embeddable":true,"href":"https:\/\/wpvit.efb.fr\/index.php\/wp-json\/wp\/v2\/comments?post=7243"}],"version-history":[{"count":442,"href":"https:\/\/wpvit.efb.fr\/index.php\/wp-json\/wp\/v2\/pages\/7243\/revisions"}],"predecessor-version":[{"id":42211,"href":"https:\/\/wpvit.efb.fr\/index.php\/wp-json\/wp\/v2\/pages\/7243\/revisions\/42211"}],"up":[{"embeddable":true,"href":"https:\/\/wpvit.efb.fr\/index.php\/wp-json\/wp\/v2\/pages\/1122"}],"wp:attachment":[{"href":"https:\/\/wpvit.efb.fr\/index.php\/wp-json\/wp\/v2\/media?parent=7243"}],"curies":[{"name":"wp","href":"https:\/\/api.w.org\/{rel}","templated":true}]}}