{"id":7349,"date":"2023-04-03T11:18:53","date_gmt":"2023-04-03T09:18:53","guid":{"rendered":"https:\/\/wpvit.efb.fr\/?page_id=7349"},"modified":"2025-07-04T14:28:58","modified_gmt":"2025-07-04T12:28:58","slug":"parcours-droit-international-a-dominante-europeenne","status":"publish","type":"page","link":"https:\/\/wpvit.efb.fr\/index.php\/je-suis-eleve-avocat-a-lefb\/je-gere-ma-formation\/6-mois-enseignements-frondamentaux-pratiques\/parcours-de-specialisation\/parcours-droit-international-a-dominante-europeenne\/","title":{"rendered":"Parcours Droit international \u00e0 dominante europ\u00e9enne"},"content":{"rendered":"\t\t<div data-elementor-type=\"wp-page\" data-elementor-id=\"7349\" class=\"elementor elementor-7349\" data-elementor-post-type=\"page\">\n\t\t\t\t<div class=\"elementor-element elementor-element-44c8959 custom-gradient-bg elementor-hidden-tablet elementor-hidden-mobile e-flex e-con-boxed e-con e-parent\" data-id=\"44c8959\" data-element_type=\"container\" data-e-type=\"container\" data-settings=\"{&quot;background_background&quot;:&quot;classic&quot;}\">\n\t\t\t\t\t<div class=\"e-con-inner\">\n\t\t<div class=\"elementor-element elementor-element-f7ad328 e-con-full e-flex e-con e-child\" data-id=\"f7ad328\" data-element_type=\"container\" data-e-type=\"container\">\n\t\t<div class=\"elementor-element elementor-element-70baed8 e-con-full e-flex e-con e-child\" data-id=\"70baed8\" data-element_type=\"container\" data-e-type=\"container\" data-settings=\"{&quot;background_background&quot;:&quot;classic&quot;}\">\n\t\t\t\t<div class=\"elementor-element elementor-element-1d882f3 elementor-widget elementor-widget-heading\" data-id=\"1d882f3\" data-element_type=\"widget\" data-e-type=\"widget\" data-widget_type=\"heading.default\">\n\t\t\t\t<div class=\"elementor-widget-container\">\n\t\t\t\t\t<h2 class=\"elementor-heading-title elementor-size-default\">Je g\u00e8re ma formation<\/h2>\t\t\t\t<\/div>\n\t\t\t\t<\/div>\n\t\t\t\t<div class=\"elementor-element elementor-element-42315a5 elementor-widget__width-initial elementor-widget elementor-widget-heading\" data-id=\"42315a5\" data-element_type=\"widget\" data-e-type=\"widget\" data-widget_type=\"heading.default\">\n\t\t\t\t<div class=\"elementor-widget-container\">\n\t\t\t\t\t<h5 class=\"elementor-heading-title elementor-size-default\">Parcours Droit international \u00e0 dominante europ\u00e9enne<\/h5>\t\t\t\t<\/div>\n\t\t\t\t<\/div>\n\t\t\t\t<\/div>\n\t\t\t\t<\/div>\n\t\t\t\t\t<\/div>\n\t\t\t\t<\/div>\n\t\t<div class=\"elementor-element elementor-element-3ede240 elementor-hidden-desktop e-con-full e-flex e-con e-parent\" data-id=\"3ede240\" data-element_type=\"container\" data-e-type=\"container\">\n\t\t<div class=\"elementor-element elementor-element-ce4b922 custom-gradient-bg e-con-full e-flex e-con e-child\" data-id=\"ce4b922\" data-element_type=\"container\" data-e-type=\"container\">\n\t\t\t\t<div class=\"elementor-element elementor-element-14c29fc elementor-widget elementor-widget-heading\" data-id=\"14c29fc\" data-element_type=\"widget\" data-e-type=\"widget\" data-widget_type=\"heading.default\">\n\t\t\t\t<div class=\"elementor-widget-container\">\n\t\t\t\t\t<h2 class=\"elementor-heading-title elementor-size-default\">Je g\u00e8re ma formation<\/h2>\t\t\t\t<\/div>\n\t\t\t\t<\/div>\n\t\t\t\t<div class=\"elementor-element elementor-element-188f178 elementor-widget elementor-widget-heading\" data-id=\"188f178\" data-element_type=\"widget\" data-e-type=\"widget\" data-widget_type=\"heading.default\">\n\t\t\t\t<div class=\"elementor-widget-container\">\n\t\t\t\t\t<h5 class=\"elementor-heading-title elementor-size-default\">Parcours Droit international \u00e0 dominante Europ\u00e9enne<\/h5>\t\t\t\t<\/div>\n\t\t\t\t<\/div>\n\t\t\t\t<\/div>\n\t\t\t\t<\/div>\n\t\t<div class=\"elementor-element elementor-element-0d996cc e-flex e-con-boxed e-con e-parent\" data-id=\"0d996cc\" data-element_type=\"container\" data-e-type=\"container\">\n\t\t\t\t\t<div class=\"e-con-inner\">\n\t\t<div class=\"elementor-element elementor-element-f1e4b02 e-con-full e-flex e-con e-child\" data-id=\"f1e4b02\" data-element_type=\"container\" data-e-type=\"container\">\n\t\t\t\t<div class=\"elementor-element elementor-element-8aa418e elementor-align-left elementor-widget elementor-widget-breadcrumbs\" data-id=\"8aa418e\" data-element_type=\"widget\" data-e-type=\"widget\" data-widget_type=\"breadcrumbs.default\">\n\t\t\t\t<div class=\"elementor-widget-container\">\n\t\t\t\t\t<p id=\"breadcrumbs\"><span><span><a href=\"https:\/\/wpvit.efb.fr\/\">Accueil<\/a><\/span><\/span><\/p>\t\t\t\t<\/div>\n\t\t\t\t<\/div>\n\t\t<div class=\"elementor-element elementor-element-3af3b68 e-con-full e-flex e-con e-child\" data-id=\"3af3b68\" data-element_type=\"container\" data-e-type=\"container\">\n\t\t\t\t<div class=\"elementor-element elementor-element-68cf8bb elementor-hidden-tablet elementor-hidden-mobile elementor-widget elementor-widget-heading\" data-id=\"68cf8bb\" data-element_type=\"widget\" data-e-type=\"widget\" data-widget_type=\"heading.default\">\n\t\t\t\t<div class=\"elementor-widget-container\">\n\t\t\t\t\t<h3 class=\"elementor-heading-title elementor-size-default\">Parcours  Droit international \u00e0 dominante europ\u00e9enne<\/h3>\t\t\t\t<\/div>\n\t\t\t\t<\/div>\n\t\t\t\t<div class=\"elementor-element elementor-element-223eb6e elementor-hidden-tablet elementor-hidden-mobile elementor-widget-divider--view-line elementor-widget elementor-widget-divider\" data-id=\"223eb6e\" data-element_type=\"widget\" data-e-type=\"widget\" data-widget_type=\"divider.default\">\n\t\t\t\t<div class=\"elementor-widget-container\">\n\t\t\t\t\t\t\t<div class=\"elementor-divider\">\n\t\t\t<span class=\"elementor-divider-separator\">\n\t\t\t\t\t\t<\/span>\n\t\t<\/div>\n\t\t\t\t\t\t<\/div>\n\t\t\t\t<\/div>\n\t\t\t\t<\/div>\n\t\t<div class=\"elementor-element elementor-element-84ce199 e-flex e-con-boxed e-con e-child\" data-id=\"84ce199\" data-element_type=\"container\" data-e-type=\"container\">\n\t\t\t\t\t<div class=\"e-con-inner\">\n\t\t<div class=\"elementor-element elementor-element-3ee7153 e-con-full e-flex e-con e-child\" data-id=\"3ee7153\" data-element_type=\"container\" data-e-type=\"container\">\n\t\t<div class=\"elementor-element elementor-element-8ebab66 e-con-full e-flex e-con e-child\" data-id=\"8ebab66\" data-element_type=\"container\" data-e-type=\"container\">\n\t\t\t\t<div class=\"elementor-element elementor-element-923e764 elementor-view-default elementor-widget elementor-widget-icon\" data-id=\"923e764\" data-element_type=\"widget\" data-e-type=\"widget\" data-widget_type=\"icon.default\">\n\t\t\t\t<div class=\"elementor-widget-container\">\n\t\t\t\t\t\t\t<div class=\"elementor-icon-wrapper\">\n\t\t\t<div class=\"elementor-icon\">\n\t\t\t<svg aria-hidden=\"true\" class=\"e-font-icon-svg e-fas-user-friends\" viewBox=\"0 0 640 512\" xmlns=\"http:\/\/www.w3.org\/2000\/svg\"><path d=\"M192 256c61.9 0 112-50.1 112-112S253.9 32 192 32 80 82.1 80 144s50.1 112 112 112zm76.8 32h-8.3c-20.8 10-43.9 16-68.5 16s-47.6-6-68.5-16h-8.3C51.6 288 0 339.6 0 403.2V432c0 26.5 21.5 48 48 48h288c26.5 0 48-21.5 48-48v-28.8c0-63.6-51.6-115.2-115.2-115.2zM480 256c53 0 96-43 96-96s-43-96-96-96-96 43-96 96 43 96 96 96zm48 32h-3.8c-13.9 4.8-28.6 8-44.2 8s-30.3-3.2-44.2-8H432c-20.4 0-39.2 5.9-55.7 15.4 24.4 26.3 39.7 61.2 39.7 99.8v38.4c0 2.2-.5 4.3-.6 6.4H592c26.5 0 48-21.5 48-48 0-61.9-50.1-112-112-112z\"><\/path><\/svg>\t\t\t<\/div>\n\t\t<\/div>\n\t\t\t\t\t\t<\/div>\n\t\t\t\t<\/div>\n\t\t\t\t<\/div>\n\t\t<div class=\"elementor-element elementor-element-5b3cb88 e-con-full e-flex e-con e-child\" data-id=\"5b3cb88\" data-element_type=\"container\" data-e-type=\"container\">\n\t\t\t\t<div class=\"elementor-element elementor-element-002fd19 elementor-widget__width-initial elementor-widget elementor-widget-heading\" data-id=\"002fd19\" data-element_type=\"widget\" data-e-type=\"widget\" data-widget_type=\"heading.default\">\n\t\t\t\t<div class=\"elementor-widget-container\">\n\t\t\t\t\t<h5 class=\"elementor-heading-title elementor-size-default\">Public<\/h5>\t\t\t\t<\/div>\n\t\t\t\t<\/div>\n\t\t\t\t<div class=\"elementor-element elementor-element-1d04568 elementor-widget__width-initial elementor-widget elementor-widget-text-editor\" data-id=\"1d04568\" data-element_type=\"widget\" data-e-type=\"widget\" data-widget_type=\"text-editor.default\">\n\t\t\t\t<div class=\"elementor-widget-container\">\n\t\t\t\t\t\t\t\t\t<p><span style=\"font-family: Inter, arial\">\u00c9l\u00e8ves avocats \u2013 Ma\u00eetrise de la langue anglaise (certaines conf\u00e9rences auront lieu en anglais).<\/span><\/p>\t\t\t\t\t\t\t\t<\/div>\n\t\t\t\t<\/div>\n\t\t\t\t<div class=\"elementor-element elementor-element-c6dc89b elementor-widget__width-initial elementor-hidden-tablet elementor-hidden-mobile elementor-widget elementor-widget-text-editor\" data-id=\"c6dc89b\" data-element_type=\"widget\" data-e-type=\"widget\" data-widget_type=\"text-editor.default\">\n\t\t\t\t<div class=\"elementor-widget-container\">\n\t\t\t\t\t\t\t\t\t<p><span style=\"text-align: justify\">L\u2019objectif g\u00e9n\u00e9ral du parcours est de mieux appr\u00e9hender les instruments pratiques du droit europ\u00e9en\/international dans le cadre de son exercice professionnel.<\/span><\/p>\t\t\t\t\t\t\t\t<\/div>\n\t\t\t\t<\/div>\n\t\t\t\t<\/div>\n\t\t\t\t<\/div>\n\t\t\t\t<div class=\"elementor-element elementor-element-e7a6887 elementor-widget__width-initial elementor-hidden-desktop elementor-widget elementor-widget-text-editor\" data-id=\"e7a6887\" data-element_type=\"widget\" data-e-type=\"widget\" data-widget_type=\"text-editor.default\">\n\t\t\t\t<div class=\"elementor-widget-container\">\n\t\t\t\t\t\t\t\t\t<p><span style=\"text-align: justify\">L\u2019objectif g\u00e9n\u00e9ral du parcours est de mieux appr\u00e9hender les instruments pratiques du droit europ\u00e9en\/international dans le cadre de son exercice professionnel.<\/span><\/p>\t\t\t\t\t\t\t\t<\/div>\n\t\t\t\t<\/div>\n\t\t<div class=\"elementor-element elementor-element-2f84a81 contact-shadow elementor-hidden-tablet elementor-hidden-mobile e-flex e-con-boxed e-con e-child\" data-id=\"2f84a81\" data-element_type=\"container\" data-e-type=\"container\">\n\t\t\t\t\t<div class=\"e-con-inner\">\n\t\t\t\t<div class=\"elementor-element elementor-element-6a30cd4 elementor-widget elementor-widget-video\" data-id=\"6a30cd4\" data-element_type=\"widget\" data-e-type=\"widget\" data-settings=\"{&quot;youtube_url&quot;:&quot;https:\\\/\\\/youtu.be\\\/4oLs61Fkm98&quot;,&quot;video_type&quot;:&quot;youtube&quot;,&quot;controls&quot;:&quot;yes&quot;}\" data-widget_type=\"video.default\">\n\t\t\t\t<div class=\"elementor-widget-container\">\n\t\t\t\t\t\t\t<div class=\"elementor-wrapper elementor-open-inline\">\n\t\t\t<div class=\"elementor-video\"><\/div>\t\t<\/div>\n\t\t\t\t\t\t<\/div>\n\t\t\t\t<\/div>\n\t\t\t\t\t<\/div>\n\t\t\t\t<\/div>\n\t\t<div class=\"elementor-element elementor-element-454a880 e-con-full elementor-hidden-desktop e-flex e-con e-child\" data-id=\"454a880\" data-element_type=\"container\" data-e-type=\"container\">\n\t\t\t\t<div class=\"elementor-element elementor-element-be69ff2 elementor-widget elementor-widget-video\" data-id=\"be69ff2\" data-element_type=\"widget\" data-e-type=\"widget\" data-settings=\"{&quot;youtube_url&quot;:&quot;https:\\\/\\\/youtu.be\\\/4oLs61Fkm98&quot;,&quot;video_type&quot;:&quot;youtube&quot;,&quot;controls&quot;:&quot;yes&quot;}\" data-widget_type=\"video.default\">\n\t\t\t\t<div class=\"elementor-widget-container\">\n\t\t\t\t\t\t\t<div class=\"elementor-wrapper elementor-open-inline\">\n\t\t\t<div class=\"elementor-video\"><\/div>\t\t<\/div>\n\t\t\t\t\t\t<\/div>\n\t\t\t\t<\/div>\n\t\t\t\t<\/div>\n\t\t\t\t\t<\/div>\n\t\t\t\t<\/div>\n\t\t\t\t<\/div>\n\t\t\t\t\t<\/div>\n\t\t\t\t<\/div>\n\t\t<div class=\"elementor-element elementor-element-cf241d6 e-flex e-con-boxed e-con e-parent\" data-id=\"cf241d6\" data-element_type=\"container\" data-e-type=\"container\">\n\t\t\t\t\t<div class=\"e-con-inner\">\n\t\t\t\t<div class=\"elementor-element elementor-element-b4623b6 elementor-widget__width-initial elementor-widget elementor-widget-heading\" data-id=\"b4623b6\" data-element_type=\"widget\" data-e-type=\"widget\" data-widget_type=\"heading.default\">\n\t\t\t\t<div class=\"elementor-widget-container\">\n\t\t\t\t\t<h5 class=\"elementor-heading-title elementor-size-default\">Pr\u00e9sentation du responsable p\u00e9dagogique<\/h5>\t\t\t\t<\/div>\n\t\t\t\t<\/div>\n\t\t\t\t<div class=\"elementor-element elementor-element-f9f91f0 elementor-widget elementor-widget-text-editor\" data-id=\"f9f91f0\" data-element_type=\"widget\" data-e-type=\"widget\" data-widget_type=\"text-editor.default\">\n\t\t\t\t<div class=\"elementor-widget-container\">\n\t\t\t\t\t\t\t\t\t<p><strong>Laurent Pettiti<\/strong>, avocat, ancien membre du conseil de l&rsquo;ordre de Paris, pr\u00e9sident de la d\u00e9l\u00e9gation permanente du conseil des barreaux europ\u00e9ens (CCBE) aupr\u00e8s de la Cour europ\u00e9enne des droits de l&rsquo;homme, pr\u00e9sident de la d\u00e9l\u00e9gation des barreaux de France.<\/p>\t\t\t\t\t\t\t\t<\/div>\n\t\t\t\t<\/div>\n\t\t\t\t<div class=\"elementor-element elementor-element-942755b elementor-widget__width-initial elementor-widget elementor-widget-heading\" data-id=\"942755b\" data-element_type=\"widget\" data-e-type=\"widget\" data-widget_type=\"heading.default\">\n\t\t\t\t<div class=\"elementor-widget-container\">\n\t\t\t\t\t<h5 class=\"elementor-heading-title elementor-size-default\">Contenu du programme\n<br><\/h5>\t\t\t\t<\/div>\n\t\t\t\t<\/div>\n\t\t\t\t<div class=\"elementor-element elementor-element-5baf5a6 elementor-widget elementor-widget-text-editor\" data-id=\"5baf5a6\" data-element_type=\"widget\" data-e-type=\"widget\" data-widget_type=\"text-editor.default\">\n\t\t\t\t<div class=\"elementor-widget-container\">\n\t\t\t\t\t\t\t\t\t<p>-Introduction g\u00e9n\u00e9rale<br \/>-Proc\u00e9dure contentieuse devant le Tribunal de l\u2019UE<br \/>-La proc\u00e9dure pr\u00e9judicielle CJUE devant le juge national et le juge europ\u00e9en<br \/>-La proc\u00e9dure des mesures restrictives dans l\u2019UE (Les sanctions (mesures restrictives) sont l\u2019un des outils de l\u2019UE pour promouvoir les objectifs de la politique \u00e9trang\u00e8re et de s\u00e9curit\u00e9 politique \u00e9trang\u00e8re et de s\u00e9curit\u00e9 commune (PESC))<br \/>-Le mandat d\u2019arr\u00eat europ\u00e9en : le r\u00f4le de l\u2019avocat<br \/>-Le Parquet europ\u00e9en : la proc\u00e9dure devant le Procureur europ\u00e9en d\u00e9l\u00e9gu\u00e9<br \/>-La requ\u00eate devant la CEDH : comment la soulever devant le juge national et la proc\u00e9dure devant la Cour<br \/>-Mener un arbitrage en droit international<br \/>-La plainte \u00e0 la Commission Europ\u00e9enne<br \/>-RJECC et E-Justice<br \/>-Le droit civil europ\u00e9en : divorce et enl\u00e8vement international d\u2019enfants<br \/>-Les instruments de la coop\u00e9ration judiciaire europ\u00e9enne en mati\u00e8re civile et commerciale<br \/>-La charte des droits fondamentaux de l&rsquo;UE\u00a0<br \/>-L\u2019acc\u00e8s aux donn\u00e9es et l\u2019utilisation des donn\u00e9es et l\u2019impact de l\u2019IA sur les garanties proc\u00e9durales et la pratique juridique<\/p>\t\t\t\t\t\t\t\t<\/div>\n\t\t\t\t<\/div>\n\t\t\t\t<div class=\"elementor-element elementor-element-5d74f12 elementor-widget__width-initial elementor-widget elementor-widget-heading\" data-id=\"5d74f12\" data-element_type=\"widget\" data-e-type=\"widget\" data-widget_type=\"heading.default\">\n\t\t\t\t<div class=\"elementor-widget-container\">\n\t\t\t\t\t<h5 class=\"elementor-heading-title elementor-size-default\">Modalit\u00e9s d'\u00e9valuation<\/h5>\t\t\t\t<\/div>\n\t\t\t\t<\/div>\n\t\t\t\t<div class=\"elementor-element elementor-element-e331c5c elementor-widget elementor-widget-text-editor\" data-id=\"e331c5c\" data-element_type=\"widget\" data-e-type=\"widget\" data-widget_type=\"text-editor.default\">\n\t\t\t\t<div class=\"elementor-widget-container\">\n\t\t\t\t\t\t\t\t\t<p>Foisonnements (en bin\u00f4me) :\u00a0<br \/>Dossiers et sujets distribu\u00e9s aux \u00e9l\u00e8ves qui disposent d\u2019un d\u00e9lai donn\u00e9 pour rendre leurs consultations, \u00e9critures, ou actes juridiques (ces derniers \u00e9tant pr\u00e9par\u00e9s en bin\u00f4me).<\/p><p>Une s\u00e9ance de correction, de 2h00 par exercice, en groupe restreint, est dispens\u00e9e par l\u2019intervenant qui a corrig\u00e9 les copies et les a not\u00e9es.<\/p><p>Pour les foisonnements contentieux et consultations, cette s\u00e9ance est suivie d\u2019une s\u00e9ance de plaidoirie ou de restitution \u00e0 son client d\u20191h30 \u00e0 3 bin\u00f4mes.<\/p><p>Une note sur 20 est attribu\u00e9e par exercice (consultation, \u00e9critures et plaidoiries ou pr\u00e9sentation orale).<\/p>\t\t\t\t\t\t\t\t<\/div>\n\t\t\t\t<\/div>\n\t\t<div class=\"elementor-element elementor-element-fa231a8 e-con-full e-flex e-con e-child\" data-id=\"fa231a8\" data-element_type=\"container\" data-e-type=\"container\">\n\t\t\t\t<div class=\"elementor-element elementor-element-96ad111 elementor-align-end elementor-mobile-align-center elementor-icon-list--layout-traditional elementor-list-item-link-full_width elementor-widget elementor-widget-icon-list\" data-id=\"96ad111\" data-element_type=\"widget\" data-e-type=\"widget\" data-widget_type=\"icon-list.default\">\n\t\t\t\t<div class=\"elementor-widget-container\">\n\t\t\t\t\t\t\t<ul class=\"elementor-icon-list-items\">\n\t\t\t\t\t\t\t<li class=\"elementor-icon-list-item\">\n\t\t\t\t\t\t\t\t\t\t\t<a href=\"https:\/\/wpvit.efb.fr\/?page_id=6771#parcours-list\">\n\n\t\t\t\t\t\t\t\t\t\t\t\t<span class=\"elementor-icon-list-icon\">\n\t\t\t\t\t\t\t<svg aria-hidden=\"true\" class=\"e-font-icon-svg e-fas-arrow-left\" viewBox=\"0 0 448 512\" xmlns=\"http:\/\/www.w3.org\/2000\/svg\"><path d=\"M257.5 445.1l-22.2 22.2c-9.4 9.4-24.6 9.4-33.9 0L7 273c-9.4-9.4-9.4-24.6 0-33.9L201.4 44.7c9.4-9.4 24.6-9.4 33.9 0l22.2 22.2c9.5 9.5 9.3 25-.4 34.3L136.6 216H424c13.3 0 24 10.7 24 24v32c0 13.3-10.7 24-24 24H136.6l120.5 114.8c9.8 9.3 10 24.8.4 34.3z\"><\/path><\/svg>\t\t\t\t\t\t<\/span>\n\t\t\t\t\t\t\t\t\t\t<span class=\"elementor-icon-list-text\">Retour \u00e0 la liste des parcours<\/span>\n\t\t\t\t\t\t\t\t\t\t\t<\/a>\n\t\t\t\t\t\t\t\t\t<\/li>\n\t\t\t\t\t\t<\/ul>\n\t\t\t\t\t\t<\/div>\n\t\t\t\t<\/div>\n\t\t\t\t<\/div>\n\t\t\t\t\t<\/div>\n\t\t\t\t<\/div>\n\t\t\t\t<\/div>\n\t\t","protected":false},"excerpt":{"rendered":"<p>Je g\u00e8re ma formation Parcours Droit international \u00e0 dominante europ\u00e9enne Je g\u00e8re ma formation Parcours Droit international \u00e0 dominante Europ\u00e9enne Parcours Droit international \u00e0 dominante europ\u00e9enne Public \u00c9l\u00e8ves avocats \u2013 Ma\u00eetrise de la langue anglaise (certaines conf\u00e9rences auront lieu en anglais). L\u2019objectif g\u00e9n\u00e9ral du parcours est de mieux appr\u00e9hender les instruments pratiques du droit europ\u00e9en\/international dans le cadre de son exercice professionnel. L\u2019objectif g\u00e9n\u00e9ral du parcours est de mieux appr\u00e9hender les instruments pratiques du droit europ\u00e9en\/international dans le cadre de son exercice professionnel. https:\/\/youtu.be\/4oLs61Fkm98https:\/\/youtu.be\/4oLs61Fkm98 Pr\u00e9sentation du responsable p\u00e9dagogique Laurent Pettiti, avocat, ancien membre du conseil de l&rsquo;ordre de Paris, pr\u00e9sident de la d\u00e9l\u00e9gation permanente du conseil des barreaux europ\u00e9ens (CCBE) aupr\u00e8s de la Cour europ\u00e9enne des droits de l&rsquo;homme, pr\u00e9sident de la d\u00e9l\u00e9gation des barreaux de France. Contenu du programme -Introduction g\u00e9n\u00e9rale-Proc\u00e9dure contentieuse devant le Tribunal de l\u2019UE-La proc\u00e9dure pr\u00e9judicielle CJUE devant le juge national et le juge europ\u00e9en-La proc\u00e9dure des mesures restrictives dans l\u2019UE (Les sanctions (mesures restrictives) sont l\u2019un des outils de l\u2019UE pour promouvoir les objectifs de la politique \u00e9trang\u00e8re et de s\u00e9curit\u00e9 politique \u00e9trang\u00e8re et de s\u00e9curit\u00e9 commune (PESC))-Le mandat d\u2019arr\u00eat europ\u00e9en : le r\u00f4le de l\u2019avocat-Le Parquet europ\u00e9en : la proc\u00e9dure devant le Procureur europ\u00e9en d\u00e9l\u00e9gu\u00e9-La requ\u00eate devant la CEDH : comment la soulever devant le juge national et la proc\u00e9dure devant la Cour-Mener un arbitrage en droit international-La plainte \u00e0 la Commission Europ\u00e9enne-RJECC et E-Justice-Le droit civil europ\u00e9en : divorce et enl\u00e8vement international d\u2019enfants-Les instruments de la coop\u00e9ration judiciaire europ\u00e9enne en mati\u00e8re civile et commerciale-La charte des droits fondamentaux de l&rsquo;UE\u00a0-L\u2019acc\u00e8s aux donn\u00e9es et l\u2019utilisation des donn\u00e9es et l\u2019impact de l\u2019IA sur les garanties proc\u00e9durales et la pratique juridique Modalit\u00e9s d&rsquo;\u00e9valuation Foisonnements (en bin\u00f4me) :\u00a0Dossiers et sujets distribu\u00e9s aux \u00e9l\u00e8ves qui disposent d\u2019un d\u00e9lai donn\u00e9 pour rendre leurs consultations, \u00e9critures, ou actes juridiques (ces derniers \u00e9tant pr\u00e9par\u00e9s en bin\u00f4me). Une s\u00e9ance de correction, de 2h00 par exercice, en groupe restreint, est dispens\u00e9e par l\u2019intervenant qui a corrig\u00e9 les copies et les a not\u00e9es. Pour les foisonnements contentieux et consultations, cette s\u00e9ance est suivie d\u2019une s\u00e9ance de plaidoirie ou de restitution \u00e0 son client d\u20191h30 \u00e0 3 bin\u00f4mes. Une note sur 20 est attribu\u00e9e par exercice (consultation, \u00e9critures et plaidoiries ou pr\u00e9sentation orale). Retour \u00e0 la liste des parcours<\/p>\n","protected":false},"author":1,"featured_media":0,"parent":6771,"menu_order":0,"comment_status":"closed","ping_status":"closed","template":"","meta":{"_acf_changed":false,"footnotes":""},"class_list":["post-7349","page","type-page","status-publish","hentry"],"acf":[],"yoast_head":"<!-- This site is optimized with the Yoast SEO plugin v27.4 - https:\/\/yoast.com\/product\/yoast-seo-wordpress\/ -->\n<title>Parcours Droit international \u00e0 dominante europ\u00e9enne - efb.fr<\/title>\n<meta name=\"robots\" content=\"index, follow, max-snippet:-1, max-image-preview:large, max-video-preview:-1\" \/>\n<link rel=\"canonical\" href=\"https:\/\/wpvit.efb.fr\/index.php\/je-suis-eleve-avocat-a-lefb\/je-gere-ma-formation\/6-mois-enseignements-frondamentaux-pratiques\/parcours-de-specialisation\/parcours-droit-international-a-dominante-europeenne\/\" \/>\n<meta property=\"og:locale\" content=\"fr_FR\" \/>\n<meta property=\"og:type\" content=\"article\" \/>\n<meta property=\"og:title\" content=\"Parcours Droit international \u00e0 dominante europ\u00e9enne - efb.fr\" \/>\n<meta property=\"og:description\" content=\"Je g\u00e8re ma formation Parcours Droit international \u00e0 dominante europ\u00e9enne Je g\u00e8re ma formation Parcours Droit international \u00e0 dominante Europ\u00e9enne Parcours Droit international \u00e0 dominante europ\u00e9enne Public \u00c9l\u00e8ves avocats \u2013 Ma\u00eetrise de la langue anglaise (certaines conf\u00e9rences auront lieu en anglais). L\u2019objectif g\u00e9n\u00e9ral du parcours est de mieux appr\u00e9hender les instruments pratiques du droit europ\u00e9en\/international dans le cadre de son exercice professionnel. L\u2019objectif g\u00e9n\u00e9ral du parcours est de mieux appr\u00e9hender les instruments pratiques du droit europ\u00e9en\/international dans le cadre de son exercice professionnel. https:\/\/youtu.be\/4oLs61Fkm98https:\/\/youtu.be\/4oLs61Fkm98 Pr\u00e9sentation du responsable p\u00e9dagogique Laurent Pettiti, avocat, ancien membre du conseil de l&rsquo;ordre de Paris, pr\u00e9sident de la d\u00e9l\u00e9gation permanente du conseil des barreaux europ\u00e9ens (CCBE) aupr\u00e8s de la Cour europ\u00e9enne des droits de l&rsquo;homme, pr\u00e9sident de la d\u00e9l\u00e9gation des barreaux de France. Contenu du programme -Introduction g\u00e9n\u00e9rale-Proc\u00e9dure contentieuse devant le Tribunal de l\u2019UE-La proc\u00e9dure pr\u00e9judicielle CJUE devant le juge national et le juge europ\u00e9en-La proc\u00e9dure des mesures restrictives dans l\u2019UE (Les sanctions (mesures restrictives) sont l\u2019un des outils de l\u2019UE pour promouvoir les objectifs de la politique \u00e9trang\u00e8re et de s\u00e9curit\u00e9 politique \u00e9trang\u00e8re et de s\u00e9curit\u00e9 commune (PESC))-Le mandat d\u2019arr\u00eat europ\u00e9en : le r\u00f4le de l\u2019avocat-Le Parquet europ\u00e9en : la proc\u00e9dure devant le Procureur europ\u00e9en d\u00e9l\u00e9gu\u00e9-La requ\u00eate devant la CEDH : comment la soulever devant le juge national et la proc\u00e9dure devant la Cour-Mener un arbitrage en droit international-La plainte \u00e0 la Commission Europ\u00e9enne-RJECC et E-Justice-Le droit civil europ\u00e9en : divorce et enl\u00e8vement international d\u2019enfants-Les instruments de la coop\u00e9ration judiciaire europ\u00e9enne en mati\u00e8re civile et commerciale-La charte des droits fondamentaux de l&rsquo;UE\u00a0-L\u2019acc\u00e8s aux donn\u00e9es et l\u2019utilisation des donn\u00e9es et l\u2019impact de l\u2019IA sur les garanties proc\u00e9durales et la pratique juridique Modalit\u00e9s d&rsquo;\u00e9valuation Foisonnements (en bin\u00f4me) :\u00a0Dossiers et sujets distribu\u00e9s aux \u00e9l\u00e8ves qui disposent d\u2019un d\u00e9lai donn\u00e9 pour rendre leurs consultations, \u00e9critures, ou actes juridiques (ces derniers \u00e9tant pr\u00e9par\u00e9s en bin\u00f4me). Une s\u00e9ance de correction, de 2h00 par exercice, en groupe restreint, est dispens\u00e9e par l\u2019intervenant qui a corrig\u00e9 les copies et les a not\u00e9es. Pour les foisonnements contentieux et consultations, cette s\u00e9ance est suivie d\u2019une s\u00e9ance de plaidoirie ou de restitution \u00e0 son client d\u20191h30 \u00e0 3 bin\u00f4mes. Une note sur 20 est attribu\u00e9e par exercice (consultation, \u00e9critures et plaidoiries ou pr\u00e9sentation orale). Retour \u00e0 la liste des parcours\" \/>\n<meta property=\"og:url\" content=\"https:\/\/wpvit.efb.fr\/index.php\/je-suis-eleve-avocat-a-lefb\/je-gere-ma-formation\/6-mois-enseignements-frondamentaux-pratiques\/parcours-de-specialisation\/parcours-droit-international-a-dominante-europeenne\/\" \/>\n<meta property=\"og:site_name\" content=\"efb.fr\" \/>\n<meta property=\"article:modified_time\" content=\"2025-07-04T12:28:58+00:00\" \/>\n<meta name=\"twitter:card\" content=\"summary_large_image\" \/>\n<meta name=\"twitter:label1\" content=\"Dur\u00e9e de lecture estim\u00e9e\" \/>\n\t<meta name=\"twitter:data1\" content=\"2 minutes\" \/>\n<script type=\"application\/ld+json\" class=\"yoast-schema-graph\">{\"@context\":\"https:\\\/\\\/schema.org\",\"@graph\":[{\"@type\":\"WebPage\",\"@id\":\"https:\\\/\\\/wpvit.efb.fr\\\/index.php\\\/je-suis-eleve-avocat-a-lefb\\\/je-gere-ma-formation\\\/6-mois-enseignements-frondamentaux-pratiques\\\/parcours-de-specialisation\\\/parcours-droit-international-a-dominante-europeenne\\\/\",\"url\":\"https:\\\/\\\/wpvit.efb.fr\\\/index.php\\\/je-suis-eleve-avocat-a-lefb\\\/je-gere-ma-formation\\\/6-mois-enseignements-frondamentaux-pratiques\\\/parcours-de-specialisation\\\/parcours-droit-international-a-dominante-europeenne\\\/\",\"name\":\"Parcours Droit international \u00e0 dominante europ\u00e9enne - efb.fr\",\"isPartOf\":{\"@id\":\"https:\\\/\\\/wpvit.efb.fr\\\/#website\"},\"datePublished\":\"2023-04-03T09:18:53+00:00\",\"dateModified\":\"2025-07-04T12:28:58+00:00\",\"breadcrumb\":{\"@id\":\"https:\\\/\\\/wpvit.efb.fr\\\/index.php\\\/je-suis-eleve-avocat-a-lefb\\\/je-gere-ma-formation\\\/6-mois-enseignements-frondamentaux-pratiques\\\/parcours-de-specialisation\\\/parcours-droit-international-a-dominante-europeenne\\\/#breadcrumb\"},\"inLanguage\":\"fr-FR\",\"potentialAction\":[{\"@type\":\"ReadAction\",\"target\":[\"https:\\\/\\\/wpvit.efb.fr\\\/index.php\\\/je-suis-eleve-avocat-a-lefb\\\/je-gere-ma-formation\\\/6-mois-enseignements-frondamentaux-pratiques\\\/parcours-de-specialisation\\\/parcours-droit-international-a-dominante-europeenne\\\/\"]}]},{\"@type\":\"BreadcrumbList\",\"@id\":\"https:\\\/\\\/wpvit.efb.fr\\\/index.php\\\/je-suis-eleve-avocat-a-lefb\\\/je-gere-ma-formation\\\/6-mois-enseignements-frondamentaux-pratiques\\\/parcours-de-specialisation\\\/parcours-droit-international-a-dominante-europeenne\\\/#breadcrumb\",\"itemListElement\":[{\"@type\":\"ListItem\",\"position\":1,\"name\":\"Accueil\",\"item\":\"https:\\\/\\\/wpvit.efb.fr\\\/\"},{\"@type\":\"ListItem\",\"position\":2,\"name\":\"Je suis \u00e9l\u00e8ve avocat \u00e0 l&#8217;efb\",\"item\":\"https:\\\/\\\/wpvit.efb.fr\\\/index.php\\\/je-suis-eleve-avocat-a-lefb\\\/\"},{\"@type\":\"ListItem\",\"position\":3,\"name\":\"Je g\u00e8re ma formation\",\"item\":\"https:\\\/\\\/wpvit.efb.fr\\\/index.php\\\/je-suis-eleve-avocat-a-lefb\\\/je-gere-ma-formation\\\/\"},{\"@type\":\"ListItem\",\"position\":4,\"name\":\"Les 6 mois d&#8217;enseignements fondamentaux pratiques\",\"item\":\"https:\\\/\\\/wpvit.efb.fr\\\/index.php\\\/je-suis-eleve-avocat-a-lefb\\\/je-gere-ma-formation\\\/6-mois-enseignements-frondamentaux-pratiques\\\/\"},{\"@type\":\"ListItem\",\"position\":5,\"name\":\"Les 2 parcours de sp\u00e9cialisation au choix\",\"item\":\"https:\\\/\\\/wpvit.efb.fr\\\/index.php\\\/je-suis-eleve-avocat-a-lefb\\\/je-gere-ma-formation\\\/6-mois-enseignements-frondamentaux-pratiques\\\/parcours-de-specialisation\\\/\"},{\"@type\":\"ListItem\",\"position\":6,\"name\":\"Parcours Droit international \u00e0 dominante europ\u00e9enne\"}]},{\"@type\":\"WebSite\",\"@id\":\"https:\\\/\\\/wpvit.efb.fr\\\/#website\",\"url\":\"https:\\\/\\\/wpvit.efb.fr\\\/\",\"name\":\"EFB\",\"description\":\"\",\"publisher\":{\"@id\":\"https:\\\/\\\/wpvit.efb.fr\\\/#organization\"},\"potentialAction\":[{\"@type\":\"SearchAction\",\"target\":{\"@type\":\"EntryPoint\",\"urlTemplate\":\"https:\\\/\\\/wpvit.efb.fr\\\/?s={search_term_string}\"},\"query-input\":{\"@type\":\"PropertyValueSpecification\",\"valueRequired\":true,\"valueName\":\"search_term_string\"}}],\"inLanguage\":\"fr-FR\"},{\"@type\":\"Organization\",\"@id\":\"https:\\\/\\\/wpvit.efb.fr\\\/#organization\",\"name\":\"\u00c9cole de formation professionnelle des barreaux du ressort de la cour d\u2019appel de Paris (EFB)\",\"alternateName\":\"\u00c9cole de Formation des Barreaux (EFB)\",\"url\":\"https:\\\/\\\/wpvit.efb.fr\\\/\",\"logo\":{\"@type\":\"ImageObject\",\"inLanguage\":\"fr-FR\",\"@id\":\"https:\\\/\\\/wpvit.efb.fr\\\/#\\\/schema\\\/logo\\\/image\\\/\",\"url\":\"https:\\\/\\\/wpvit.efb.fr\\\/wp-content\\\/uploads\\\/2024\\\/10\\\/cropped-Logo-EFB-2023_fond-transparent_mail.png\",\"contentUrl\":\"https:\\\/\\\/wpvit.efb.fr\\\/wp-content\\\/uploads\\\/2024\\\/10\\\/cropped-Logo-EFB-2023_fond-transparent_mail.png\",\"width\":638,\"height\":282,\"caption\":\"\u00c9cole de formation professionnelle des barreaux du ressort de la cour d\u2019appel de Paris (EFB)\"},\"image\":{\"@id\":\"https:\\\/\\\/wpvit.efb.fr\\\/#\\\/schema\\\/logo\\\/image\\\/\"}}]}<\/script>\n<!-- \/ Yoast SEO plugin. -->","yoast_head_json":{"title":"Parcours Droit international \u00e0 dominante europ\u00e9enne - efb.fr","robots":{"index":"index","follow":"follow","max-snippet":"max-snippet:-1","max-image-preview":"max-image-preview:large","max-video-preview":"max-video-preview:-1"},"canonical":"https:\/\/wpvit.efb.fr\/index.php\/je-suis-eleve-avocat-a-lefb\/je-gere-ma-formation\/6-mois-enseignements-frondamentaux-pratiques\/parcours-de-specialisation\/parcours-droit-international-a-dominante-europeenne\/","og_locale":"fr_FR","og_type":"article","og_title":"Parcours Droit international \u00e0 dominante europ\u00e9enne - efb.fr","og_description":"Je g\u00e8re ma formation Parcours Droit international \u00e0 dominante europ\u00e9enne Je g\u00e8re ma formation Parcours Droit international \u00e0 dominante Europ\u00e9enne Parcours Droit international \u00e0 dominante europ\u00e9enne Public \u00c9l\u00e8ves avocats \u2013 Ma\u00eetrise de la langue anglaise (certaines conf\u00e9rences auront lieu en anglais). L\u2019objectif g\u00e9n\u00e9ral du parcours est de mieux appr\u00e9hender les instruments pratiques du droit europ\u00e9en\/international dans le cadre de son exercice professionnel. L\u2019objectif g\u00e9n\u00e9ral du parcours est de mieux appr\u00e9hender les instruments pratiques du droit europ\u00e9en\/international dans le cadre de son exercice professionnel. https:\/\/youtu.be\/4oLs61Fkm98https:\/\/youtu.be\/4oLs61Fkm98 Pr\u00e9sentation du responsable p\u00e9dagogique Laurent Pettiti, avocat, ancien membre du conseil de l&rsquo;ordre de Paris, pr\u00e9sident de la d\u00e9l\u00e9gation permanente du conseil des barreaux europ\u00e9ens (CCBE) aupr\u00e8s de la Cour europ\u00e9enne des droits de l&rsquo;homme, pr\u00e9sident de la d\u00e9l\u00e9gation des barreaux de France. Contenu du programme -Introduction g\u00e9n\u00e9rale-Proc\u00e9dure contentieuse devant le Tribunal de l\u2019UE-La proc\u00e9dure pr\u00e9judicielle CJUE devant le juge national et le juge europ\u00e9en-La proc\u00e9dure des mesures restrictives dans l\u2019UE (Les sanctions (mesures restrictives) sont l\u2019un des outils de l\u2019UE pour promouvoir les objectifs de la politique \u00e9trang\u00e8re et de s\u00e9curit\u00e9 politique \u00e9trang\u00e8re et de s\u00e9curit\u00e9 commune (PESC))-Le mandat d\u2019arr\u00eat europ\u00e9en : le r\u00f4le de l\u2019avocat-Le Parquet europ\u00e9en : la proc\u00e9dure devant le Procureur europ\u00e9en d\u00e9l\u00e9gu\u00e9-La requ\u00eate devant la CEDH : comment la soulever devant le juge national et la proc\u00e9dure devant la Cour-Mener un arbitrage en droit international-La plainte \u00e0 la Commission Europ\u00e9enne-RJECC et E-Justice-Le droit civil europ\u00e9en : divorce et enl\u00e8vement international d\u2019enfants-Les instruments de la coop\u00e9ration judiciaire europ\u00e9enne en mati\u00e8re civile et commerciale-La charte des droits fondamentaux de l&rsquo;UE\u00a0-L\u2019acc\u00e8s aux donn\u00e9es et l\u2019utilisation des donn\u00e9es et l\u2019impact de l\u2019IA sur les garanties proc\u00e9durales et la pratique juridique Modalit\u00e9s d&rsquo;\u00e9valuation Foisonnements (en bin\u00f4me) :\u00a0Dossiers et sujets distribu\u00e9s aux \u00e9l\u00e8ves qui disposent d\u2019un d\u00e9lai donn\u00e9 pour rendre leurs consultations, \u00e9critures, ou actes juridiques (ces derniers \u00e9tant pr\u00e9par\u00e9s en bin\u00f4me). Une s\u00e9ance de correction, de 2h00 par exercice, en groupe restreint, est dispens\u00e9e par l\u2019intervenant qui a corrig\u00e9 les copies et les a not\u00e9es. Pour les foisonnements contentieux et consultations, cette s\u00e9ance est suivie d\u2019une s\u00e9ance de plaidoirie ou de restitution \u00e0 son client d\u20191h30 \u00e0 3 bin\u00f4mes. Une note sur 20 est attribu\u00e9e par exercice (consultation, \u00e9critures et plaidoiries ou pr\u00e9sentation orale). Retour \u00e0 la liste des parcours","og_url":"https:\/\/wpvit.efb.fr\/index.php\/je-suis-eleve-avocat-a-lefb\/je-gere-ma-formation\/6-mois-enseignements-frondamentaux-pratiques\/parcours-de-specialisation\/parcours-droit-international-a-dominante-europeenne\/","og_site_name":"efb.fr","article_modified_time":"2025-07-04T12:28:58+00:00","twitter_card":"summary_large_image","twitter_misc":{"Dur\u00e9e de lecture estim\u00e9e":"2 minutes"},"schema":{"@context":"https:\/\/schema.org","@graph":[{"@type":"WebPage","@id":"https:\/\/wpvit.efb.fr\/index.php\/je-suis-eleve-avocat-a-lefb\/je-gere-ma-formation\/6-mois-enseignements-frondamentaux-pratiques\/parcours-de-specialisation\/parcours-droit-international-a-dominante-europeenne\/","url":"https:\/\/wpvit.efb.fr\/index.php\/je-suis-eleve-avocat-a-lefb\/je-gere-ma-formation\/6-mois-enseignements-frondamentaux-pratiques\/parcours-de-specialisation\/parcours-droit-international-a-dominante-europeenne\/","name":"Parcours Droit international \u00e0 dominante europ\u00e9enne - efb.fr","isPartOf":{"@id":"https:\/\/wpvit.efb.fr\/#website"},"datePublished":"2023-04-03T09:18:53+00:00","dateModified":"2025-07-04T12:28:58+00:00","breadcrumb":{"@id":"https:\/\/wpvit.efb.fr\/index.php\/je-suis-eleve-avocat-a-lefb\/je-gere-ma-formation\/6-mois-enseignements-frondamentaux-pratiques\/parcours-de-specialisation\/parcours-droit-international-a-dominante-europeenne\/#breadcrumb"},"inLanguage":"fr-FR","potentialAction":[{"@type":"ReadAction","target":["https:\/\/wpvit.efb.fr\/index.php\/je-suis-eleve-avocat-a-lefb\/je-gere-ma-formation\/6-mois-enseignements-frondamentaux-pratiques\/parcours-de-specialisation\/parcours-droit-international-a-dominante-europeenne\/"]}]},{"@type":"BreadcrumbList","@id":"https:\/\/wpvit.efb.fr\/index.php\/je-suis-eleve-avocat-a-lefb\/je-gere-ma-formation\/6-mois-enseignements-frondamentaux-pratiques\/parcours-de-specialisation\/parcours-droit-international-a-dominante-europeenne\/#breadcrumb","itemListElement":[{"@type":"ListItem","position":1,"name":"Accueil","item":"https:\/\/wpvit.efb.fr\/"},{"@type":"ListItem","position":2,"name":"Je suis \u00e9l\u00e8ve avocat \u00e0 l&#8217;efb","item":"https:\/\/wpvit.efb.fr\/index.php\/je-suis-eleve-avocat-a-lefb\/"},{"@type":"ListItem","position":3,"name":"Je g\u00e8re ma formation","item":"https:\/\/wpvit.efb.fr\/index.php\/je-suis-eleve-avocat-a-lefb\/je-gere-ma-formation\/"},{"@type":"ListItem","position":4,"name":"Les 6 mois d&#8217;enseignements fondamentaux pratiques","item":"https:\/\/wpvit.efb.fr\/index.php\/je-suis-eleve-avocat-a-lefb\/je-gere-ma-formation\/6-mois-enseignements-frondamentaux-pratiques\/"},{"@type":"ListItem","position":5,"name":"Les 2 parcours de sp\u00e9cialisation au choix","item":"https:\/\/wpvit.efb.fr\/index.php\/je-suis-eleve-avocat-a-lefb\/je-gere-ma-formation\/6-mois-enseignements-frondamentaux-pratiques\/parcours-de-specialisation\/"},{"@type":"ListItem","position":6,"name":"Parcours Droit international \u00e0 dominante europ\u00e9enne"}]},{"@type":"WebSite","@id":"https:\/\/wpvit.efb.fr\/#website","url":"https:\/\/wpvit.efb.fr\/","name":"EFB","description":"","publisher":{"@id":"https:\/\/wpvit.efb.fr\/#organization"},"potentialAction":[{"@type":"SearchAction","target":{"@type":"EntryPoint","urlTemplate":"https:\/\/wpvit.efb.fr\/?s={search_term_string}"},"query-input":{"@type":"PropertyValueSpecification","valueRequired":true,"valueName":"search_term_string"}}],"inLanguage":"fr-FR"},{"@type":"Organization","@id":"https:\/\/wpvit.efb.fr\/#organization","name":"\u00c9cole de formation professionnelle des barreaux du ressort de la cour d\u2019appel de Paris (EFB)","alternateName":"\u00c9cole de Formation des Barreaux (EFB)","url":"https:\/\/wpvit.efb.fr\/","logo":{"@type":"ImageObject","inLanguage":"fr-FR","@id":"https:\/\/wpvit.efb.fr\/#\/schema\/logo\/image\/","url":"https:\/\/wpvit.efb.fr\/wp-content\/uploads\/2024\/10\/cropped-Logo-EFB-2023_fond-transparent_mail.png","contentUrl":"https:\/\/wpvit.efb.fr\/wp-content\/uploads\/2024\/10\/cropped-Logo-EFB-2023_fond-transparent_mail.png","width":638,"height":282,"caption":"\u00c9cole de formation professionnelle des barreaux du ressort de la cour d\u2019appel de Paris (EFB)"},"image":{"@id":"https:\/\/wpvit.efb.fr\/#\/schema\/logo\/image\/"}}]}},"_links":{"self":[{"href":"https:\/\/wpvit.efb.fr\/index.php\/wp-json\/wp\/v2\/pages\/7349","targetHints":{"allow":["GET"]}}],"collection":[{"href":"https:\/\/wpvit.efb.fr\/index.php\/wp-json\/wp\/v2\/pages"}],"about":[{"href":"https:\/\/wpvit.efb.fr\/index.php\/wp-json\/wp\/v2\/types\/page"}],"author":[{"embeddable":true,"href":"https:\/\/wpvit.efb.fr\/index.php\/wp-json\/wp\/v2\/users\/1"}],"replies":[{"embeddable":true,"href":"https:\/\/wpvit.efb.fr\/index.php\/wp-json\/wp\/v2\/comments?post=7349"}],"version-history":[{"count":120,"href":"https:\/\/wpvit.efb.fr\/index.php\/wp-json\/wp\/v2\/pages\/7349\/revisions"}],"predecessor-version":[{"id":39759,"href":"https:\/\/wpvit.efb.fr\/index.php\/wp-json\/wp\/v2\/pages\/7349\/revisions\/39759"}],"up":[{"embeddable":true,"href":"https:\/\/wpvit.efb.fr\/index.php\/wp-json\/wp\/v2\/pages\/6771"}],"wp:attachment":[{"href":"https:\/\/wpvit.efb.fr\/index.php\/wp-json\/wp\/v2\/media?parent=7349"}],"curies":[{"name":"wp","href":"https:\/\/api.w.org\/{rel}","templated":true}]}}