{"id":7553,"date":"2023-04-03T14:12:22","date_gmt":"2023-04-03T12:12:22","guid":{"rendered":"https:\/\/wpvit.efb.fr\/?page_id=7553"},"modified":"2025-07-04T14:55:06","modified_gmt":"2025-07-04T12:55:06","slug":"parcours-fusions-acquisitions","status":"publish","type":"page","link":"https:\/\/wpvit.efb.fr\/index.php\/je-suis-eleve-avocat-a-lefb\/je-gere-ma-formation\/6-mois-enseignements-frondamentaux-pratiques\/parcours-de-specialisation\/parcours-fusions-acquisitions\/","title":{"rendered":"Parcours Fusions-acquisitions"},"content":{"rendered":"\t\t<div data-elementor-type=\"wp-page\" data-elementor-id=\"7553\" class=\"elementor elementor-7553\" data-elementor-post-type=\"page\">\n\t\t\t\t<div class=\"elementor-element elementor-element-43e1576 custom-gradient-bg elementor-hidden-tablet elementor-hidden-mobile e-flex e-con-boxed e-con e-parent\" data-id=\"43e1576\" data-element_type=\"container\" data-e-type=\"container\" data-settings=\"{&quot;background_background&quot;:&quot;classic&quot;}\">\n\t\t\t\t\t<div class=\"e-con-inner\">\n\t\t<div class=\"elementor-element elementor-element-2f7492c e-con-full e-flex e-con e-child\" data-id=\"2f7492c\" data-element_type=\"container\" data-e-type=\"container\">\n\t\t<div class=\"elementor-element elementor-element-a92ce18 e-con-full e-flex e-con e-child\" data-id=\"a92ce18\" data-element_type=\"container\" data-e-type=\"container\" data-settings=\"{&quot;background_background&quot;:&quot;classic&quot;}\">\n\t\t\t\t<div class=\"elementor-element elementor-element-a7fbba4 elementor-widget elementor-widget-heading\" data-id=\"a7fbba4\" data-element_type=\"widget\" data-e-type=\"widget\" data-widget_type=\"heading.default\">\n\t\t\t\t<div class=\"elementor-widget-container\">\n\t\t\t\t\t<h2 class=\"elementor-heading-title elementor-size-default\">Je g\u00e8re ma formation<\/h2>\t\t\t\t<\/div>\n\t\t\t\t<\/div>\n\t\t\t\t<div class=\"elementor-element elementor-element-95ff913 elementor-widget elementor-widget-heading\" data-id=\"95ff913\" data-element_type=\"widget\" data-e-type=\"widget\" data-widget_type=\"heading.default\">\n\t\t\t\t<div class=\"elementor-widget-container\">\n\t\t\t\t\t<h5 class=\"elementor-heading-title elementor-size-default\">Parcours Fusions-acquisitions<\/h5>\t\t\t\t<\/div>\n\t\t\t\t<\/div>\n\t\t\t\t<\/div>\n\t\t\t\t<\/div>\n\t\t\t\t\t<\/div>\n\t\t\t\t<\/div>\n\t\t<div class=\"elementor-element elementor-element-0e7cfb2 elementor-hidden-desktop e-con-full e-flex e-con e-parent\" data-id=\"0e7cfb2\" data-element_type=\"container\" data-e-type=\"container\">\n\t\t<div class=\"elementor-element elementor-element-e825d3e custom-gradient-bg e-con-full e-flex e-con e-child\" data-id=\"e825d3e\" data-element_type=\"container\" data-e-type=\"container\">\n\t\t\t\t<div class=\"elementor-element elementor-element-00f2f9c elementor-widget elementor-widget-heading\" data-id=\"00f2f9c\" data-element_type=\"widget\" data-e-type=\"widget\" data-widget_type=\"heading.default\">\n\t\t\t\t<div class=\"elementor-widget-container\">\n\t\t\t\t\t<h2 class=\"elementor-heading-title elementor-size-default\">Je g\u00e8re ma formation<\/h2>\t\t\t\t<\/div>\n\t\t\t\t<\/div>\n\t\t\t\t<div class=\"elementor-element elementor-element-fc01d42 elementor-widget elementor-widget-heading\" data-id=\"fc01d42\" data-element_type=\"widget\" data-e-type=\"widget\" data-widget_type=\"heading.default\">\n\t\t\t\t<div class=\"elementor-widget-container\">\n\t\t\t\t\t<h5 class=\"elementor-heading-title elementor-size-default\">Parcours Fusions-Acquisitions<\/h5>\t\t\t\t<\/div>\n\t\t\t\t<\/div>\n\t\t\t\t<\/div>\n\t\t\t\t<\/div>\n\t\t<div class=\"elementor-element elementor-element-c96ccaa e-flex e-con-boxed e-con e-parent\" data-id=\"c96ccaa\" data-element_type=\"container\" data-e-type=\"container\">\n\t\t\t\t\t<div class=\"e-con-inner\">\n\t\t<div class=\"elementor-element elementor-element-f170422 e-con-full e-flex e-con e-child\" data-id=\"f170422\" data-element_type=\"container\" data-e-type=\"container\">\n\t\t\t\t<div class=\"elementor-element elementor-element-8a86d96 elementor-align-left elementor-widget elementor-widget-breadcrumbs\" data-id=\"8a86d96\" data-element_type=\"widget\" data-e-type=\"widget\" data-widget_type=\"breadcrumbs.default\">\n\t\t\t\t<div class=\"elementor-widget-container\">\n\t\t\t\t\t<p id=\"breadcrumbs\"><span><span><a href=\"https:\/\/wpvit.efb.fr\/\">Accueil<\/a><\/span><\/span><\/p>\t\t\t\t<\/div>\n\t\t\t\t<\/div>\n\t\t<div class=\"elementor-element elementor-element-6e13402 e-con-full e-flex e-con e-child\" data-id=\"6e13402\" data-element_type=\"container\" data-e-type=\"container\">\n\t\t\t\t<div class=\"elementor-element elementor-element-2c92ef9 elementor-hidden-tablet elementor-hidden-mobile elementor-widget elementor-widget-heading\" data-id=\"2c92ef9\" data-element_type=\"widget\" data-e-type=\"widget\" data-widget_type=\"heading.default\">\n\t\t\t\t<div class=\"elementor-widget-container\">\n\t\t\t\t\t<h3 class=\"elementor-heading-title elementor-size-default\">Parcours  fusions-acquisitions<\/h3>\t\t\t\t<\/div>\n\t\t\t\t<\/div>\n\t\t\t\t<div class=\"elementor-element elementor-element-dcf3cd3 elementor-hidden-tablet elementor-hidden-mobile elementor-widget-divider--view-line elementor-widget elementor-widget-divider\" data-id=\"dcf3cd3\" data-element_type=\"widget\" data-e-type=\"widget\" data-widget_type=\"divider.default\">\n\t\t\t\t<div class=\"elementor-widget-container\">\n\t\t\t\t\t\t\t<div class=\"elementor-divider\">\n\t\t\t<span class=\"elementor-divider-separator\">\n\t\t\t\t\t\t<\/span>\n\t\t<\/div>\n\t\t\t\t\t\t<\/div>\n\t\t\t\t<\/div>\n\t\t\t\t<\/div>\n\t\t<div class=\"elementor-element elementor-element-b8d6ce9 e-flex e-con-boxed e-con e-child\" data-id=\"b8d6ce9\" data-element_type=\"container\" data-e-type=\"container\">\n\t\t\t\t\t<div class=\"e-con-inner\">\n\t\t<div class=\"elementor-element elementor-element-9a115bf e-con-full e-flex e-con e-child\" data-id=\"9a115bf\" data-element_type=\"container\" data-e-type=\"container\">\n\t\t<div class=\"elementor-element elementor-element-aabb1b1 e-con-full e-flex e-con e-child\" data-id=\"aabb1b1\" data-element_type=\"container\" data-e-type=\"container\">\n\t\t\t\t<div class=\"elementor-element elementor-element-00bbaa6 elementor-view-default elementor-widget elementor-widget-icon\" data-id=\"00bbaa6\" data-element_type=\"widget\" data-e-type=\"widget\" data-widget_type=\"icon.default\">\n\t\t\t\t<div class=\"elementor-widget-container\">\n\t\t\t\t\t\t\t<div class=\"elementor-icon-wrapper\">\n\t\t\t<div class=\"elementor-icon\">\n\t\t\t<svg aria-hidden=\"true\" class=\"e-font-icon-svg e-fas-user-friends\" viewBox=\"0 0 640 512\" xmlns=\"http:\/\/www.w3.org\/2000\/svg\"><path d=\"M192 256c61.9 0 112-50.1 112-112S253.9 32 192 32 80 82.1 80 144s50.1 112 112 112zm76.8 32h-8.3c-20.8 10-43.9 16-68.5 16s-47.6-6-68.5-16h-8.3C51.6 288 0 339.6 0 403.2V432c0 26.5 21.5 48 48 48h288c26.5 0 48-21.5 48-48v-28.8c0-63.6-51.6-115.2-115.2-115.2zM480 256c53 0 96-43 96-96s-43-96-96-96-96 43-96 96 43 96 96 96zm48 32h-3.8c-13.9 4.8-28.6 8-44.2 8s-30.3-3.2-44.2-8H432c-20.4 0-39.2 5.9-55.7 15.4 24.4 26.3 39.7 61.2 39.7 99.8v38.4c0 2.2-.5 4.3-.6 6.4H592c26.5 0 48-21.5 48-48 0-61.9-50.1-112-112-112z\"><\/path><\/svg>\t\t\t<\/div>\n\t\t<\/div>\n\t\t\t\t\t\t<\/div>\n\t\t\t\t<\/div>\n\t\t\t\t<\/div>\n\t\t<div class=\"elementor-element elementor-element-c144e0d e-con-full e-flex e-con e-child\" data-id=\"c144e0d\" data-element_type=\"container\" data-e-type=\"container\">\n\t\t\t\t<div class=\"elementor-element elementor-element-f7421e6 elementor-widget__width-initial elementor-widget elementor-widget-heading\" data-id=\"f7421e6\" data-element_type=\"widget\" data-e-type=\"widget\" data-widget_type=\"heading.default\">\n\t\t\t\t<div class=\"elementor-widget-container\">\n\t\t\t\t\t<h5 class=\"elementor-heading-title elementor-size-default\">Public<\/h5>\t\t\t\t<\/div>\n\t\t\t\t<\/div>\n\t\t\t\t<div class=\"elementor-element elementor-element-e17037a elementor-widget__width-initial elementor-widget elementor-widget-text-editor\" data-id=\"e17037a\" data-element_type=\"widget\" data-e-type=\"widget\" data-widget_type=\"text-editor.default\">\n\t\t\t\t<div class=\"elementor-widget-container\">\n\t\t\t\t\t\t\t\t\t<p><span style=\"font-family: Inter, arial\">Tout \u00e9l\u00e8ve avocat.<\/span><br style=\"font-family: Inter, arial\" \/><span style=\"font-family: Inter, arial\">Un bon niveau d\u2019anglais et des connaissances basiques comptables et financi\u00e8res sont souhaitables pour suivre au mieux ce parcours.<\/span><\/p>\t\t\t\t\t\t\t\t<\/div>\n\t\t\t\t<\/div>\n\t\t\t\t<div class=\"elementor-element elementor-element-5933ba9 elementor-widget__width-initial elementor-hidden-tablet elementor-hidden-mobile elementor-widget elementor-widget-text-editor\" data-id=\"5933ba9\" data-element_type=\"widget\" data-e-type=\"widget\" data-widget_type=\"text-editor.default\">\n\t\t\t\t<div class=\"elementor-widget-container\">\n\t\t\t\t\t\t\t\t\t<p><span style=\"text-align: justify\">L\u2019objectif g\u00e9n\u00e9ral de ce parcours est d\u2019enseigner \u00e0 l\u2019\u00e9l\u00e8ve avocat les outils et m\u00e9thodes de l\u2019avocat en exercice, appliqu\u00e9s aux fusions-acquisitions.<\/span><\/p>\t\t\t\t\t\t\t\t<\/div>\n\t\t\t\t<\/div>\n\t\t\t\t<\/div>\n\t\t\t\t<\/div>\n\t\t\t\t<div class=\"elementor-element elementor-element-da029f6 elementor-widget__width-initial elementor-hidden-desktop elementor-widget elementor-widget-text-editor\" data-id=\"da029f6\" data-element_type=\"widget\" data-e-type=\"widget\" data-widget_type=\"text-editor.default\">\n\t\t\t\t<div class=\"elementor-widget-container\">\n\t\t\t\t\t\t\t\t\t<p><span style=\"text-align: justify\">L\u2019objectif g\u00e9n\u00e9ral de ce parcours est d\u2019enseigner \u00e0 l\u2019\u00e9l\u00e8ve avocat les outils et m\u00e9thodes de l\u2019avocat en exercice, appliqu\u00e9s aux fusions-acquisitions.<\/span><\/p>\t\t\t\t\t\t\t\t<\/div>\n\t\t\t\t<\/div>\n\t\t<div class=\"elementor-element elementor-element-609206e contact-shadow elementor-hidden-tablet elementor-hidden-mobile e-flex e-con-boxed e-con e-child\" data-id=\"609206e\" data-element_type=\"container\" data-e-type=\"container\">\n\t\t\t\t\t<div class=\"e-con-inner\">\n\t\t\t\t<div class=\"elementor-element elementor-element-391ef70 elementor-widget elementor-widget-video\" data-id=\"391ef70\" data-element_type=\"widget\" data-e-type=\"widget\" data-settings=\"{&quot;youtube_url&quot;:&quot;https:\\\/\\\/youtu.be\\\/JpE1sHF0ODg&quot;,&quot;video_type&quot;:&quot;youtube&quot;,&quot;controls&quot;:&quot;yes&quot;}\" data-widget_type=\"video.default\">\n\t\t\t\t<div class=\"elementor-widget-container\">\n\t\t\t\t\t\t\t<div class=\"elementor-wrapper elementor-open-inline\">\n\t\t\t<div class=\"elementor-video\"><\/div>\t\t<\/div>\n\t\t\t\t\t\t<\/div>\n\t\t\t\t<\/div>\n\t\t\t\t\t<\/div>\n\t\t\t\t<\/div>\n\t\t<div class=\"elementor-element elementor-element-78157e4 e-con-full elementor-hidden-desktop e-flex e-con e-child\" data-id=\"78157e4\" data-element_type=\"container\" data-e-type=\"container\">\n\t\t\t\t<div class=\"elementor-element elementor-element-ef4a215 elementor-widget elementor-widget-video\" data-id=\"ef4a215\" data-element_type=\"widget\" data-e-type=\"widget\" data-settings=\"{&quot;youtube_url&quot;:&quot;https:\\\/\\\/youtu.be\\\/JpE1sHF0ODg&quot;,&quot;video_type&quot;:&quot;youtube&quot;,&quot;controls&quot;:&quot;yes&quot;}\" data-widget_type=\"video.default\">\n\t\t\t\t<div class=\"elementor-widget-container\">\n\t\t\t\t\t\t\t<div class=\"elementor-wrapper elementor-open-inline\">\n\t\t\t<div class=\"elementor-video\"><\/div>\t\t<\/div>\n\t\t\t\t\t\t<\/div>\n\t\t\t\t<\/div>\n\t\t\t\t<\/div>\n\t\t\t\t\t<\/div>\n\t\t\t\t<\/div>\n\t\t\t\t<\/div>\n\t\t\t\t\t<\/div>\n\t\t\t\t<\/div>\n\t\t<div class=\"elementor-element elementor-element-00a58ef e-flex e-con-boxed e-con e-parent\" data-id=\"00a58ef\" data-element_type=\"container\" data-e-type=\"container\">\n\t\t\t\t\t<div class=\"e-con-inner\">\n\t\t\t\t<div class=\"elementor-element elementor-element-ee169da elementor-widget__width-initial elementor-widget elementor-widget-heading\" data-id=\"ee169da\" data-element_type=\"widget\" data-e-type=\"widget\" data-widget_type=\"heading.default\">\n\t\t\t\t<div class=\"elementor-widget-container\">\n\t\t\t\t\t<h5 class=\"elementor-heading-title elementor-size-default\">Pr\u00e9sentation du responsable p\u00e9dagogique<\/h5>\t\t\t\t<\/div>\n\t\t\t\t<\/div>\n\t\t\t\t<div class=\"elementor-element elementor-element-8733f2d elementor-widget elementor-widget-text-editor\" data-id=\"8733f2d\" data-element_type=\"widget\" data-e-type=\"widget\" data-widget_type=\"text-editor.default\">\n\t\t\t\t<div class=\"elementor-widget-container\">\n\t\t\t\t\t\t\t\t\t<p><strong>J\u00e9r\u00f4me Patenotte<\/strong>, avocat associ\u00e9 \u2013 Simmons &amp; Simmons, responsable de la pratique Private Equity. Expertise reconnue en fusions-acquisitions, expertise particuli\u00e8re dans le domaine du private equity avec des fonds fran\u00e7ais de taille moyenne<\/p>\t\t\t\t\t\t\t\t<\/div>\n\t\t\t\t<\/div>\n\t\t\t\t<div class=\"elementor-element elementor-element-e5cbaf1 elementor-widget__width-initial elementor-widget elementor-widget-heading\" data-id=\"e5cbaf1\" data-element_type=\"widget\" data-e-type=\"widget\" data-widget_type=\"heading.default\">\n\t\t\t\t<div class=\"elementor-widget-container\">\n\t\t\t\t\t<h5 class=\"elementor-heading-title elementor-size-default\">Contenu du programme\n<br><\/h5>\t\t\t\t<\/div>\n\t\t\t\t<\/div>\n\t\t\t\t<div class=\"elementor-element elementor-element-3915d8b elementor-widget elementor-widget-text-editor\" data-id=\"3915d8b\" data-element_type=\"widget\" data-e-type=\"widget\" data-widget_type=\"text-editor.default\">\n\t\t\t\t<div class=\"elementor-widget-container\">\n\t\t\t\t\t\t\t\t\t<p><u>3 heures d\u2019introduction puis 2 heures par cours magistral<\/u><\/p><p><strong>Acquisitions des titres\u00a0<\/strong><\/p><ol><li>S\u00e9ance d\u2019introduction : r\u00e9daction de lettres d\u2019intention, r\u00e9daction de projets de loi selon les trois hypoth\u00e8ses d\u2019acquisition<\/li><li>Phase d\u2019audit<\/li><li>R\u00e9daction d\u2019un contrat de cession de titres (1\/2)<\/li><li>R\u00e9daction d\u2019un contrat de cession de titres (2\/2)<\/li><li>R\u00e9daction d\u2019une garantie d\u2019actifs et de passifs<\/li><li>Mise \u00e0 jour de statuts \/ r\u00e9daction du pacte d\u2019associ\u00e9s (1\/2)<\/li><li>Mise \u00e0 jour de statuts \/ r\u00e9daction du pacte d\u2019associ\u00e9s (2\/2)<\/li><li>Mise en place du management packages et autres outils d\u2019int\u00e9ressement (1\/2)<\/li><li>Mise en place du management packages et autres outils d\u2019int\u00e9ressement (2\/2)<\/li><li>Financement des acquisitions<\/li><\/ol><p>\u00a0<\/p><p><strong>Acquisitions de fonds de commerce<\/strong><\/p><ol><li>R\u00e9daction de contrat de cession de fonds de commerce<\/li><\/ol><p>\u00a0<\/p><p><strong>Restructurations<\/strong><\/p><ol><li>Fusion, fusion simplifi\u00e9e, TUP<\/li><li>Apport partiel d\u2019actif<\/li><\/ol>\t\t\t\t\t\t\t\t<\/div>\n\t\t\t\t<\/div>\n\t\t\t\t<div class=\"elementor-element elementor-element-2ed2d1e elementor-widget__width-initial elementor-widget elementor-widget-heading\" data-id=\"2ed2d1e\" data-element_type=\"widget\" data-e-type=\"widget\" data-widget_type=\"heading.default\">\n\t\t\t\t<div class=\"elementor-widget-container\">\n\t\t\t\t\t<h5 class=\"elementor-heading-title elementor-size-default\">Modalit\u00e9s d'\u00e9valuation<\/h5>\t\t\t\t<\/div>\n\t\t\t\t<\/div>\n\t\t\t\t<div class=\"elementor-element elementor-element-2315ca6 elementor-widget elementor-widget-text-editor\" data-id=\"2315ca6\" data-element_type=\"widget\" data-e-type=\"widget\" data-widget_type=\"text-editor.default\">\n\t\t\t\t<div class=\"elementor-widget-container\">\n\t\t\t\t\t\t\t\t\t<p>Foisonnements portant sur l\u2019un des th\u00e8mes suivants : la LOI, Lettre d\u2019intention ou Lettre d\u2019offre ; les contrats li\u00e9s aux cessions de titres ; les fusions, scissions, apports partiels d\u2019actifs<\/p><p>Dossiers et sujets distribu\u00e9s aux \u00e9l\u00e8ves qui disposent d\u2019un d\u00e9lai donn\u00e9 pour rendre leurs consultations, \u00e9critures, ou actes juridiques.<\/p><p>Une s\u00e9ance de correction, de 2h00 par exercice, en groupe restreint, est dispens\u00e9e par l\u2019intervenant qui a corrig\u00e9 les copies et les a not\u00e9es.<\/p><p>La s\u00e9ance de correction du dossier sur le th\u00e8me de la LOI, Lettre d\u2019intention ou Lettre d\u2019offre est suivie d\u2019une s\u00e9ance de pr\u00e9sentation orale d\u20191h30.<\/p><p>Une note sur 20 est attribu\u00e9e par exercice (consultation, \u00e9critures et plaidoiries ou pr\u00e9sentation orale).<\/p>\t\t\t\t\t\t\t\t<\/div>\n\t\t\t\t<\/div>\n\t\t<div class=\"elementor-element elementor-element-ba5cbd6 e-con-full e-flex e-con e-child\" data-id=\"ba5cbd6\" data-element_type=\"container\" data-e-type=\"container\">\n\t\t\t\t<div class=\"elementor-element elementor-element-773867d elementor-align-end elementor-mobile-align-center elementor-icon-list--layout-traditional elementor-list-item-link-full_width elementor-widget elementor-widget-icon-list\" data-id=\"773867d\" data-element_type=\"widget\" data-e-type=\"widget\" data-widget_type=\"icon-list.default\">\n\t\t\t\t<div class=\"elementor-widget-container\">\n\t\t\t\t\t\t\t<ul class=\"elementor-icon-list-items\">\n\t\t\t\t\t\t\t<li class=\"elementor-icon-list-item\">\n\t\t\t\t\t\t\t\t\t\t\t<a href=\"https:\/\/wpvit.efb.fr\/?page_id=6771#parcours-list\">\n\n\t\t\t\t\t\t\t\t\t\t\t\t<span class=\"elementor-icon-list-icon\">\n\t\t\t\t\t\t\t<svg aria-hidden=\"true\" class=\"e-font-icon-svg e-fas-arrow-left\" viewBox=\"0 0 448 512\" xmlns=\"http:\/\/www.w3.org\/2000\/svg\"><path d=\"M257.5 445.1l-22.2 22.2c-9.4 9.4-24.6 9.4-33.9 0L7 273c-9.4-9.4-9.4-24.6 0-33.9L201.4 44.7c9.4-9.4 24.6-9.4 33.9 0l22.2 22.2c9.5 9.5 9.3 25-.4 34.3L136.6 216H424c13.3 0 24 10.7 24 24v32c0 13.3-10.7 24-24 24H136.6l120.5 114.8c9.8 9.3 10 24.8.4 34.3z\"><\/path><\/svg>\t\t\t\t\t\t<\/span>\n\t\t\t\t\t\t\t\t\t\t<span class=\"elementor-icon-list-text\">Retour \u00e0 la liste des parcours<\/span>\n\t\t\t\t\t\t\t\t\t\t\t<\/a>\n\t\t\t\t\t\t\t\t\t<\/li>\n\t\t\t\t\t\t<\/ul>\n\t\t\t\t\t\t<\/div>\n\t\t\t\t<\/div>\n\t\t\t\t<\/div>\n\t\t\t\t\t<\/div>\n\t\t\t\t<\/div>\n\t\t\t\t<\/div>\n\t\t","protected":false},"excerpt":{"rendered":"<p>Je g\u00e8re ma formation Parcours Fusions-acquisitions Je g\u00e8re ma formation Parcours Fusions-Acquisitions Parcours fusions-acquisitions Public Tout \u00e9l\u00e8ve avocat.Un bon niveau d\u2019anglais et des connaissances basiques comptables et financi\u00e8res sont souhaitables pour suivre au mieux ce parcours. L\u2019objectif g\u00e9n\u00e9ral de ce parcours est d\u2019enseigner \u00e0 l\u2019\u00e9l\u00e8ve avocat les outils et m\u00e9thodes de l\u2019avocat en exercice, appliqu\u00e9s aux fusions-acquisitions. L\u2019objectif g\u00e9n\u00e9ral de ce parcours est d\u2019enseigner \u00e0 l\u2019\u00e9l\u00e8ve avocat les outils et m\u00e9thodes de l\u2019avocat en exercice, appliqu\u00e9s aux fusions-acquisitions. https:\/\/youtu.be\/JpE1sHF0ODghttps:\/\/youtu.be\/JpE1sHF0ODg Pr\u00e9sentation du responsable p\u00e9dagogique J\u00e9r\u00f4me Patenotte, avocat associ\u00e9 \u2013 Simmons &amp; Simmons, responsable de la pratique Private Equity. Expertise reconnue en fusions-acquisitions, expertise particuli\u00e8re dans le domaine du private equity avec des fonds fran\u00e7ais de taille moyenne Contenu du programme 3 heures d\u2019introduction puis 2 heures par cours magistral Acquisitions des titres\u00a0 S\u00e9ance d\u2019introduction : r\u00e9daction de lettres d\u2019intention, r\u00e9daction de projets de loi selon les trois hypoth\u00e8ses d\u2019acquisition Phase d\u2019audit R\u00e9daction d\u2019un contrat de cession de titres (1\/2) R\u00e9daction d\u2019un contrat de cession de titres (2\/2) R\u00e9daction d\u2019une garantie d\u2019actifs et de passifs Mise \u00e0 jour de statuts \/ r\u00e9daction du pacte d\u2019associ\u00e9s (1\/2) Mise \u00e0 jour de statuts \/ r\u00e9daction du pacte d\u2019associ\u00e9s (2\/2) Mise en place du management packages et autres outils d\u2019int\u00e9ressement (1\/2) Mise en place du management packages et autres outils d\u2019int\u00e9ressement (2\/2) Financement des acquisitions \u00a0 Acquisitions de fonds de commerce R\u00e9daction de contrat de cession de fonds de commerce \u00a0 Restructurations Fusion, fusion simplifi\u00e9e, TUP Apport partiel d\u2019actif Modalit\u00e9s d&rsquo;\u00e9valuation Foisonnements portant sur l\u2019un des th\u00e8mes suivants : la LOI, Lettre d\u2019intention ou Lettre d\u2019offre ; les contrats li\u00e9s aux cessions de titres ; les fusions, scissions, apports partiels d\u2019actifs Dossiers et sujets distribu\u00e9s aux \u00e9l\u00e8ves qui disposent d\u2019un d\u00e9lai donn\u00e9 pour rendre leurs consultations, \u00e9critures, ou actes juridiques. Une s\u00e9ance de correction, de 2h00 par exercice, en groupe restreint, est dispens\u00e9e par l\u2019intervenant qui a corrig\u00e9 les copies et les a not\u00e9es. La s\u00e9ance de correction du dossier sur le th\u00e8me de la LOI, Lettre d\u2019intention ou Lettre d\u2019offre est suivie d\u2019une s\u00e9ance de pr\u00e9sentation orale d\u20191h30. Une note sur 20 est attribu\u00e9e par exercice (consultation, \u00e9critures et plaidoiries ou pr\u00e9sentation orale). Retour \u00e0 la liste des parcours<\/p>\n","protected":false},"author":1,"featured_media":0,"parent":6771,"menu_order":0,"comment_status":"closed","ping_status":"closed","template":"","meta":{"_acf_changed":false,"footnotes":""},"class_list":["post-7553","page","type-page","status-publish","hentry"],"acf":[],"yoast_head":"<!-- This site is optimized with the Yoast SEO plugin v27.4 - https:\/\/yoast.com\/product\/yoast-seo-wordpress\/ -->\n<title>Parcours Fusions-acquisitions - efb.fr<\/title>\n<meta name=\"robots\" content=\"index, follow, max-snippet:-1, max-image-preview:large, max-video-preview:-1\" \/>\n<link rel=\"canonical\" href=\"https:\/\/wpvit.efb.fr\/index.php\/je-suis-eleve-avocat-a-lefb\/je-gere-ma-formation\/6-mois-enseignements-frondamentaux-pratiques\/parcours-de-specialisation\/parcours-fusions-acquisitions\/\" \/>\n<meta property=\"og:locale\" content=\"fr_FR\" \/>\n<meta property=\"og:type\" content=\"article\" \/>\n<meta property=\"og:title\" content=\"Parcours Fusions-acquisitions - efb.fr\" \/>\n<meta property=\"og:description\" content=\"Je g\u00e8re ma formation Parcours Fusions-acquisitions Je g\u00e8re ma formation Parcours Fusions-Acquisitions Parcours fusions-acquisitions Public Tout \u00e9l\u00e8ve avocat.Un bon niveau d\u2019anglais et des connaissances basiques comptables et financi\u00e8res sont souhaitables pour suivre au mieux ce parcours. L\u2019objectif g\u00e9n\u00e9ral de ce parcours est d\u2019enseigner \u00e0 l\u2019\u00e9l\u00e8ve avocat les outils et m\u00e9thodes de l\u2019avocat en exercice, appliqu\u00e9s aux fusions-acquisitions. L\u2019objectif g\u00e9n\u00e9ral de ce parcours est d\u2019enseigner \u00e0 l\u2019\u00e9l\u00e8ve avocat les outils et m\u00e9thodes de l\u2019avocat en exercice, appliqu\u00e9s aux fusions-acquisitions. https:\/\/youtu.be\/JpE1sHF0ODghttps:\/\/youtu.be\/JpE1sHF0ODg Pr\u00e9sentation du responsable p\u00e9dagogique J\u00e9r\u00f4me Patenotte, avocat associ\u00e9 \u2013 Simmons &amp; Simmons, responsable de la pratique Private Equity. Expertise reconnue en fusions-acquisitions, expertise particuli\u00e8re dans le domaine du private equity avec des fonds fran\u00e7ais de taille moyenne Contenu du programme 3 heures d\u2019introduction puis 2 heures par cours magistral Acquisitions des titres\u00a0 S\u00e9ance d\u2019introduction : r\u00e9daction de lettres d\u2019intention, r\u00e9daction de projets de loi selon les trois hypoth\u00e8ses d\u2019acquisition Phase d\u2019audit R\u00e9daction d\u2019un contrat de cession de titres (1\/2) R\u00e9daction d\u2019un contrat de cession de titres (2\/2) R\u00e9daction d\u2019une garantie d\u2019actifs et de passifs Mise \u00e0 jour de statuts \/ r\u00e9daction du pacte d\u2019associ\u00e9s (1\/2) Mise \u00e0 jour de statuts \/ r\u00e9daction du pacte d\u2019associ\u00e9s (2\/2) Mise en place du management packages et autres outils d\u2019int\u00e9ressement (1\/2) Mise en place du management packages et autres outils d\u2019int\u00e9ressement (2\/2) Financement des acquisitions \u00a0 Acquisitions de fonds de commerce R\u00e9daction de contrat de cession de fonds de commerce \u00a0 Restructurations Fusion, fusion simplifi\u00e9e, TUP Apport partiel d\u2019actif Modalit\u00e9s d&rsquo;\u00e9valuation Foisonnements portant sur l\u2019un des th\u00e8mes suivants : la LOI, Lettre d\u2019intention ou Lettre d\u2019offre ; les contrats li\u00e9s aux cessions de titres ; les fusions, scissions, apports partiels d\u2019actifs Dossiers et sujets distribu\u00e9s aux \u00e9l\u00e8ves qui disposent d\u2019un d\u00e9lai donn\u00e9 pour rendre leurs consultations, \u00e9critures, ou actes juridiques. Une s\u00e9ance de correction, de 2h00 par exercice, en groupe restreint, est dispens\u00e9e par l\u2019intervenant qui a corrig\u00e9 les copies et les a not\u00e9es. La s\u00e9ance de correction du dossier sur le th\u00e8me de la LOI, Lettre d\u2019intention ou Lettre d\u2019offre est suivie d\u2019une s\u00e9ance de pr\u00e9sentation orale d\u20191h30. Une note sur 20 est attribu\u00e9e par exercice (consultation, \u00e9critures et plaidoiries ou pr\u00e9sentation orale). Retour \u00e0 la liste des parcours\" \/>\n<meta property=\"og:url\" content=\"https:\/\/wpvit.efb.fr\/index.php\/je-suis-eleve-avocat-a-lefb\/je-gere-ma-formation\/6-mois-enseignements-frondamentaux-pratiques\/parcours-de-specialisation\/parcours-fusions-acquisitions\/\" \/>\n<meta property=\"og:site_name\" content=\"efb.fr\" \/>\n<meta property=\"article:modified_time\" content=\"2025-07-04T12:55:06+00:00\" \/>\n<meta name=\"twitter:card\" content=\"summary_large_image\" \/>\n<meta name=\"twitter:label1\" content=\"Dur\u00e9e de lecture estim\u00e9e\" \/>\n\t<meta name=\"twitter:data1\" content=\"2 minutes\" \/>\n<script type=\"application\/ld+json\" class=\"yoast-schema-graph\">{\"@context\":\"https:\\\/\\\/schema.org\",\"@graph\":[{\"@type\":\"WebPage\",\"@id\":\"https:\\\/\\\/wpvit.efb.fr\\\/index.php\\\/je-suis-eleve-avocat-a-lefb\\\/je-gere-ma-formation\\\/6-mois-enseignements-frondamentaux-pratiques\\\/parcours-de-specialisation\\\/parcours-fusions-acquisitions\\\/\",\"url\":\"https:\\\/\\\/wpvit.efb.fr\\\/index.php\\\/je-suis-eleve-avocat-a-lefb\\\/je-gere-ma-formation\\\/6-mois-enseignements-frondamentaux-pratiques\\\/parcours-de-specialisation\\\/parcours-fusions-acquisitions\\\/\",\"name\":\"Parcours Fusions-acquisitions - efb.fr\",\"isPartOf\":{\"@id\":\"https:\\\/\\\/wpvit.efb.fr\\\/#website\"},\"datePublished\":\"2023-04-03T12:12:22+00:00\",\"dateModified\":\"2025-07-04T12:55:06+00:00\",\"breadcrumb\":{\"@id\":\"https:\\\/\\\/wpvit.efb.fr\\\/index.php\\\/je-suis-eleve-avocat-a-lefb\\\/je-gere-ma-formation\\\/6-mois-enseignements-frondamentaux-pratiques\\\/parcours-de-specialisation\\\/parcours-fusions-acquisitions\\\/#breadcrumb\"},\"inLanguage\":\"fr-FR\",\"potentialAction\":[{\"@type\":\"ReadAction\",\"target\":[\"https:\\\/\\\/wpvit.efb.fr\\\/index.php\\\/je-suis-eleve-avocat-a-lefb\\\/je-gere-ma-formation\\\/6-mois-enseignements-frondamentaux-pratiques\\\/parcours-de-specialisation\\\/parcours-fusions-acquisitions\\\/\"]}]},{\"@type\":\"BreadcrumbList\",\"@id\":\"https:\\\/\\\/wpvit.efb.fr\\\/index.php\\\/je-suis-eleve-avocat-a-lefb\\\/je-gere-ma-formation\\\/6-mois-enseignements-frondamentaux-pratiques\\\/parcours-de-specialisation\\\/parcours-fusions-acquisitions\\\/#breadcrumb\",\"itemListElement\":[{\"@type\":\"ListItem\",\"position\":1,\"name\":\"Accueil\",\"item\":\"https:\\\/\\\/wpvit.efb.fr\\\/\"},{\"@type\":\"ListItem\",\"position\":2,\"name\":\"Je suis \u00e9l\u00e8ve avocat \u00e0 l&#8217;efb\",\"item\":\"https:\\\/\\\/wpvit.efb.fr\\\/index.php\\\/je-suis-eleve-avocat-a-lefb\\\/\"},{\"@type\":\"ListItem\",\"position\":3,\"name\":\"Je g\u00e8re ma formation\",\"item\":\"https:\\\/\\\/wpvit.efb.fr\\\/index.php\\\/je-suis-eleve-avocat-a-lefb\\\/je-gere-ma-formation\\\/\"},{\"@type\":\"ListItem\",\"position\":4,\"name\":\"Les 6 mois d&#8217;enseignements fondamentaux pratiques\",\"item\":\"https:\\\/\\\/wpvit.efb.fr\\\/index.php\\\/je-suis-eleve-avocat-a-lefb\\\/je-gere-ma-formation\\\/6-mois-enseignements-frondamentaux-pratiques\\\/\"},{\"@type\":\"ListItem\",\"position\":5,\"name\":\"Les 2 parcours de sp\u00e9cialisation au choix\",\"item\":\"https:\\\/\\\/wpvit.efb.fr\\\/index.php\\\/je-suis-eleve-avocat-a-lefb\\\/je-gere-ma-formation\\\/6-mois-enseignements-frondamentaux-pratiques\\\/parcours-de-specialisation\\\/\"},{\"@type\":\"ListItem\",\"position\":6,\"name\":\"Parcours Fusions-acquisitions\"}]},{\"@type\":\"WebSite\",\"@id\":\"https:\\\/\\\/wpvit.efb.fr\\\/#website\",\"url\":\"https:\\\/\\\/wpvit.efb.fr\\\/\",\"name\":\"EFB\",\"description\":\"\",\"publisher\":{\"@id\":\"https:\\\/\\\/wpvit.efb.fr\\\/#organization\"},\"potentialAction\":[{\"@type\":\"SearchAction\",\"target\":{\"@type\":\"EntryPoint\",\"urlTemplate\":\"https:\\\/\\\/wpvit.efb.fr\\\/?s={search_term_string}\"},\"query-input\":{\"@type\":\"PropertyValueSpecification\",\"valueRequired\":true,\"valueName\":\"search_term_string\"}}],\"inLanguage\":\"fr-FR\"},{\"@type\":\"Organization\",\"@id\":\"https:\\\/\\\/wpvit.efb.fr\\\/#organization\",\"name\":\"\u00c9cole de formation professionnelle des barreaux du ressort de la cour d\u2019appel de Paris (EFB)\",\"alternateName\":\"\u00c9cole de Formation des Barreaux (EFB)\",\"url\":\"https:\\\/\\\/wpvit.efb.fr\\\/\",\"logo\":{\"@type\":\"ImageObject\",\"inLanguage\":\"fr-FR\",\"@id\":\"https:\\\/\\\/wpvit.efb.fr\\\/#\\\/schema\\\/logo\\\/image\\\/\",\"url\":\"https:\\\/\\\/wpvit.efb.fr\\\/wp-content\\\/uploads\\\/2024\\\/10\\\/cropped-Logo-EFB-2023_fond-transparent_mail.png\",\"contentUrl\":\"https:\\\/\\\/wpvit.efb.fr\\\/wp-content\\\/uploads\\\/2024\\\/10\\\/cropped-Logo-EFB-2023_fond-transparent_mail.png\",\"width\":638,\"height\":282,\"caption\":\"\u00c9cole de formation professionnelle des barreaux du ressort de la cour d\u2019appel de Paris (EFB)\"},\"image\":{\"@id\":\"https:\\\/\\\/wpvit.efb.fr\\\/#\\\/schema\\\/logo\\\/image\\\/\"}}]}<\/script>\n<!-- \/ Yoast SEO plugin. -->","yoast_head_json":{"title":"Parcours Fusions-acquisitions - efb.fr","robots":{"index":"index","follow":"follow","max-snippet":"max-snippet:-1","max-image-preview":"max-image-preview:large","max-video-preview":"max-video-preview:-1"},"canonical":"https:\/\/wpvit.efb.fr\/index.php\/je-suis-eleve-avocat-a-lefb\/je-gere-ma-formation\/6-mois-enseignements-frondamentaux-pratiques\/parcours-de-specialisation\/parcours-fusions-acquisitions\/","og_locale":"fr_FR","og_type":"article","og_title":"Parcours Fusions-acquisitions - efb.fr","og_description":"Je g\u00e8re ma formation Parcours Fusions-acquisitions Je g\u00e8re ma formation Parcours Fusions-Acquisitions Parcours fusions-acquisitions Public Tout \u00e9l\u00e8ve avocat.Un bon niveau d\u2019anglais et des connaissances basiques comptables et financi\u00e8res sont souhaitables pour suivre au mieux ce parcours. L\u2019objectif g\u00e9n\u00e9ral de ce parcours est d\u2019enseigner \u00e0 l\u2019\u00e9l\u00e8ve avocat les outils et m\u00e9thodes de l\u2019avocat en exercice, appliqu\u00e9s aux fusions-acquisitions. L\u2019objectif g\u00e9n\u00e9ral de ce parcours est d\u2019enseigner \u00e0 l\u2019\u00e9l\u00e8ve avocat les outils et m\u00e9thodes de l\u2019avocat en exercice, appliqu\u00e9s aux fusions-acquisitions. https:\/\/youtu.be\/JpE1sHF0ODghttps:\/\/youtu.be\/JpE1sHF0ODg Pr\u00e9sentation du responsable p\u00e9dagogique J\u00e9r\u00f4me Patenotte, avocat associ\u00e9 \u2013 Simmons &amp; Simmons, responsable de la pratique Private Equity. Expertise reconnue en fusions-acquisitions, expertise particuli\u00e8re dans le domaine du private equity avec des fonds fran\u00e7ais de taille moyenne Contenu du programme 3 heures d\u2019introduction puis 2 heures par cours magistral Acquisitions des titres\u00a0 S\u00e9ance d\u2019introduction : r\u00e9daction de lettres d\u2019intention, r\u00e9daction de projets de loi selon les trois hypoth\u00e8ses d\u2019acquisition Phase d\u2019audit R\u00e9daction d\u2019un contrat de cession de titres (1\/2) R\u00e9daction d\u2019un contrat de cession de titres (2\/2) R\u00e9daction d\u2019une garantie d\u2019actifs et de passifs Mise \u00e0 jour de statuts \/ r\u00e9daction du pacte d\u2019associ\u00e9s (1\/2) Mise \u00e0 jour de statuts \/ r\u00e9daction du pacte d\u2019associ\u00e9s (2\/2) Mise en place du management packages et autres outils d\u2019int\u00e9ressement (1\/2) Mise en place du management packages et autres outils d\u2019int\u00e9ressement (2\/2) Financement des acquisitions \u00a0 Acquisitions de fonds de commerce R\u00e9daction de contrat de cession de fonds de commerce \u00a0 Restructurations Fusion, fusion simplifi\u00e9e, TUP Apport partiel d\u2019actif Modalit\u00e9s d&rsquo;\u00e9valuation Foisonnements portant sur l\u2019un des th\u00e8mes suivants : la LOI, Lettre d\u2019intention ou Lettre d\u2019offre ; les contrats li\u00e9s aux cessions de titres ; les fusions, scissions, apports partiels d\u2019actifs Dossiers et sujets distribu\u00e9s aux \u00e9l\u00e8ves qui disposent d\u2019un d\u00e9lai donn\u00e9 pour rendre leurs consultations, \u00e9critures, ou actes juridiques. Une s\u00e9ance de correction, de 2h00 par exercice, en groupe restreint, est dispens\u00e9e par l\u2019intervenant qui a corrig\u00e9 les copies et les a not\u00e9es. La s\u00e9ance de correction du dossier sur le th\u00e8me de la LOI, Lettre d\u2019intention ou Lettre d\u2019offre est suivie d\u2019une s\u00e9ance de pr\u00e9sentation orale d\u20191h30. Une note sur 20 est attribu\u00e9e par exercice (consultation, \u00e9critures et plaidoiries ou pr\u00e9sentation orale). Retour \u00e0 la liste des parcours","og_url":"https:\/\/wpvit.efb.fr\/index.php\/je-suis-eleve-avocat-a-lefb\/je-gere-ma-formation\/6-mois-enseignements-frondamentaux-pratiques\/parcours-de-specialisation\/parcours-fusions-acquisitions\/","og_site_name":"efb.fr","article_modified_time":"2025-07-04T12:55:06+00:00","twitter_card":"summary_large_image","twitter_misc":{"Dur\u00e9e de lecture estim\u00e9e":"2 minutes"},"schema":{"@context":"https:\/\/schema.org","@graph":[{"@type":"WebPage","@id":"https:\/\/wpvit.efb.fr\/index.php\/je-suis-eleve-avocat-a-lefb\/je-gere-ma-formation\/6-mois-enseignements-frondamentaux-pratiques\/parcours-de-specialisation\/parcours-fusions-acquisitions\/","url":"https:\/\/wpvit.efb.fr\/index.php\/je-suis-eleve-avocat-a-lefb\/je-gere-ma-formation\/6-mois-enseignements-frondamentaux-pratiques\/parcours-de-specialisation\/parcours-fusions-acquisitions\/","name":"Parcours Fusions-acquisitions - efb.fr","isPartOf":{"@id":"https:\/\/wpvit.efb.fr\/#website"},"datePublished":"2023-04-03T12:12:22+00:00","dateModified":"2025-07-04T12:55:06+00:00","breadcrumb":{"@id":"https:\/\/wpvit.efb.fr\/index.php\/je-suis-eleve-avocat-a-lefb\/je-gere-ma-formation\/6-mois-enseignements-frondamentaux-pratiques\/parcours-de-specialisation\/parcours-fusions-acquisitions\/#breadcrumb"},"inLanguage":"fr-FR","potentialAction":[{"@type":"ReadAction","target":["https:\/\/wpvit.efb.fr\/index.php\/je-suis-eleve-avocat-a-lefb\/je-gere-ma-formation\/6-mois-enseignements-frondamentaux-pratiques\/parcours-de-specialisation\/parcours-fusions-acquisitions\/"]}]},{"@type":"BreadcrumbList","@id":"https:\/\/wpvit.efb.fr\/index.php\/je-suis-eleve-avocat-a-lefb\/je-gere-ma-formation\/6-mois-enseignements-frondamentaux-pratiques\/parcours-de-specialisation\/parcours-fusions-acquisitions\/#breadcrumb","itemListElement":[{"@type":"ListItem","position":1,"name":"Accueil","item":"https:\/\/wpvit.efb.fr\/"},{"@type":"ListItem","position":2,"name":"Je suis \u00e9l\u00e8ve avocat \u00e0 l&#8217;efb","item":"https:\/\/wpvit.efb.fr\/index.php\/je-suis-eleve-avocat-a-lefb\/"},{"@type":"ListItem","position":3,"name":"Je g\u00e8re ma formation","item":"https:\/\/wpvit.efb.fr\/index.php\/je-suis-eleve-avocat-a-lefb\/je-gere-ma-formation\/"},{"@type":"ListItem","position":4,"name":"Les 6 mois d&#8217;enseignements fondamentaux pratiques","item":"https:\/\/wpvit.efb.fr\/index.php\/je-suis-eleve-avocat-a-lefb\/je-gere-ma-formation\/6-mois-enseignements-frondamentaux-pratiques\/"},{"@type":"ListItem","position":5,"name":"Les 2 parcours de sp\u00e9cialisation au choix","item":"https:\/\/wpvit.efb.fr\/index.php\/je-suis-eleve-avocat-a-lefb\/je-gere-ma-formation\/6-mois-enseignements-frondamentaux-pratiques\/parcours-de-specialisation\/"},{"@type":"ListItem","position":6,"name":"Parcours Fusions-acquisitions"}]},{"@type":"WebSite","@id":"https:\/\/wpvit.efb.fr\/#website","url":"https:\/\/wpvit.efb.fr\/","name":"EFB","description":"","publisher":{"@id":"https:\/\/wpvit.efb.fr\/#organization"},"potentialAction":[{"@type":"SearchAction","target":{"@type":"EntryPoint","urlTemplate":"https:\/\/wpvit.efb.fr\/?s={search_term_string}"},"query-input":{"@type":"PropertyValueSpecification","valueRequired":true,"valueName":"search_term_string"}}],"inLanguage":"fr-FR"},{"@type":"Organization","@id":"https:\/\/wpvit.efb.fr\/#organization","name":"\u00c9cole de formation professionnelle des barreaux du ressort de la cour d\u2019appel de Paris (EFB)","alternateName":"\u00c9cole de Formation des Barreaux (EFB)","url":"https:\/\/wpvit.efb.fr\/","logo":{"@type":"ImageObject","inLanguage":"fr-FR","@id":"https:\/\/wpvit.efb.fr\/#\/schema\/logo\/image\/","url":"https:\/\/wpvit.efb.fr\/wp-content\/uploads\/2024\/10\/cropped-Logo-EFB-2023_fond-transparent_mail.png","contentUrl":"https:\/\/wpvit.efb.fr\/wp-content\/uploads\/2024\/10\/cropped-Logo-EFB-2023_fond-transparent_mail.png","width":638,"height":282,"caption":"\u00c9cole de formation professionnelle des barreaux du ressort de la cour d\u2019appel de Paris (EFB)"},"image":{"@id":"https:\/\/wpvit.efb.fr\/#\/schema\/logo\/image\/"}}]}},"_links":{"self":[{"href":"https:\/\/wpvit.efb.fr\/index.php\/wp-json\/wp\/v2\/pages\/7553","targetHints":{"allow":["GET"]}}],"collection":[{"href":"https:\/\/wpvit.efb.fr\/index.php\/wp-json\/wp\/v2\/pages"}],"about":[{"href":"https:\/\/wpvit.efb.fr\/index.php\/wp-json\/wp\/v2\/types\/page"}],"author":[{"embeddable":true,"href":"https:\/\/wpvit.efb.fr\/index.php\/wp-json\/wp\/v2\/users\/1"}],"replies":[{"embeddable":true,"href":"https:\/\/wpvit.efb.fr\/index.php\/wp-json\/wp\/v2\/comments?post=7553"}],"version-history":[{"count":107,"href":"https:\/\/wpvit.efb.fr\/index.php\/wp-json\/wp\/v2\/pages\/7553\/revisions"}],"predecessor-version":[{"id":39800,"href":"https:\/\/wpvit.efb.fr\/index.php\/wp-json\/wp\/v2\/pages\/7553\/revisions\/39800"}],"up":[{"embeddable":true,"href":"https:\/\/wpvit.efb.fr\/index.php\/wp-json\/wp\/v2\/pages\/6771"}],"wp:attachment":[{"href":"https:\/\/wpvit.efb.fr\/index.php\/wp-json\/wp\/v2\/media?parent=7553"}],"curies":[{"name":"wp","href":"https:\/\/api.w.org\/{rel}","templated":true}]}}