{"id":7571,"date":"2023-04-03T14:16:46","date_gmt":"2023-04-03T12:16:46","guid":{"rendered":"https:\/\/wpvit.efb.fr\/?page_id=7571"},"modified":"2025-07-04T14:55:53","modified_gmt":"2025-07-04T12:55:53","slug":"parcours-immobilier","status":"publish","type":"page","link":"https:\/\/wpvit.efb.fr\/index.php\/je-suis-eleve-avocat-a-lefb\/je-gere-ma-formation\/6-mois-enseignements-frondamentaux-pratiques\/parcours-de-specialisation\/parcours-immobilier\/","title":{"rendered":"Parcours Immobilier"},"content":{"rendered":"\t\t<div data-elementor-type=\"wp-page\" data-elementor-id=\"7571\" class=\"elementor elementor-7571\" data-elementor-post-type=\"page\">\n\t\t\t\t<div class=\"elementor-element elementor-element-3deac94 custom-gradient-bg elementor-hidden-tablet elementor-hidden-mobile e-flex e-con-boxed e-con e-parent\" data-id=\"3deac94\" data-element_type=\"container\" data-e-type=\"container\" data-settings=\"{&quot;background_background&quot;:&quot;classic&quot;}\">\n\t\t\t\t\t<div class=\"e-con-inner\">\n\t\t<div class=\"elementor-element elementor-element-979d0c2 e-con-full e-flex e-con e-child\" data-id=\"979d0c2\" data-element_type=\"container\" data-e-type=\"container\">\n\t\t<div class=\"elementor-element elementor-element-0adcff4 e-con-full e-flex e-con e-child\" data-id=\"0adcff4\" data-element_type=\"container\" data-e-type=\"container\" data-settings=\"{&quot;background_background&quot;:&quot;classic&quot;}\">\n\t\t\t\t<div class=\"elementor-element elementor-element-79ee71c elementor-widget elementor-widget-heading\" data-id=\"79ee71c\" data-element_type=\"widget\" data-e-type=\"widget\" data-widget_type=\"heading.default\">\n\t\t\t\t<div class=\"elementor-widget-container\">\n\t\t\t\t\t<h2 class=\"elementor-heading-title elementor-size-default\">Je g\u00e8re ma formation<\/h2>\t\t\t\t<\/div>\n\t\t\t\t<\/div>\n\t\t\t\t<div class=\"elementor-element elementor-element-91a819c elementor-widget elementor-widget-heading\" data-id=\"91a819c\" data-element_type=\"widget\" data-e-type=\"widget\" data-widget_type=\"heading.default\">\n\t\t\t\t<div class=\"elementor-widget-container\">\n\t\t\t\t\t<h5 class=\"elementor-heading-title elementor-size-default\">Parcours Immobilier<\/h5>\t\t\t\t<\/div>\n\t\t\t\t<\/div>\n\t\t\t\t<\/div>\n\t\t\t\t<\/div>\n\t\t\t\t\t<\/div>\n\t\t\t\t<\/div>\n\t\t<div class=\"elementor-element elementor-element-0033b3a elementor-hidden-desktop e-con-full e-flex e-con e-parent\" data-id=\"0033b3a\" data-element_type=\"container\" data-e-type=\"container\">\n\t\t<div class=\"elementor-element elementor-element-86c8134 custom-gradient-bg e-con-full e-flex e-con e-child\" data-id=\"86c8134\" data-element_type=\"container\" data-e-type=\"container\">\n\t\t\t\t<div class=\"elementor-element elementor-element-36e5216 elementor-widget elementor-widget-heading\" data-id=\"36e5216\" data-element_type=\"widget\" data-e-type=\"widget\" data-widget_type=\"heading.default\">\n\t\t\t\t<div class=\"elementor-widget-container\">\n\t\t\t\t\t<h2 class=\"elementor-heading-title elementor-size-default\">Je g\u00e8re ma formation<\/h2>\t\t\t\t<\/div>\n\t\t\t\t<\/div>\n\t\t\t\t<div class=\"elementor-element elementor-element-b598280 elementor-widget elementor-widget-heading\" data-id=\"b598280\" data-element_type=\"widget\" data-e-type=\"widget\" data-widget_type=\"heading.default\">\n\t\t\t\t<div class=\"elementor-widget-container\">\n\t\t\t\t\t<h5 class=\"elementor-heading-title elementor-size-default\">Parcours Immobilier<\/h5>\t\t\t\t<\/div>\n\t\t\t\t<\/div>\n\t\t\t\t<\/div>\n\t\t\t\t<\/div>\n\t\t<div class=\"elementor-element elementor-element-b3c2325 e-flex e-con-boxed e-con e-parent\" data-id=\"b3c2325\" data-element_type=\"container\" data-e-type=\"container\">\n\t\t\t\t\t<div class=\"e-con-inner\">\n\t\t<div class=\"elementor-element elementor-element-a3dc2c2 e-con-full e-flex e-con e-child\" data-id=\"a3dc2c2\" data-element_type=\"container\" data-e-type=\"container\">\n\t\t\t\t<div class=\"elementor-element elementor-element-177bbe0 elementor-align-left elementor-widget elementor-widget-breadcrumbs\" data-id=\"177bbe0\" data-element_type=\"widget\" data-e-type=\"widget\" data-widget_type=\"breadcrumbs.default\">\n\t\t\t\t<div class=\"elementor-widget-container\">\n\t\t\t\t\t<p id=\"breadcrumbs\"><span><span><a href=\"https:\/\/wpvit.efb.fr\/\">Accueil<\/a><\/span><\/span><\/p>\t\t\t\t<\/div>\n\t\t\t\t<\/div>\n\t\t<div class=\"elementor-element elementor-element-7adbff9 e-con-full e-flex e-con e-child\" data-id=\"7adbff9\" data-element_type=\"container\" data-e-type=\"container\">\n\t\t\t\t<div class=\"elementor-element elementor-element-772a403 elementor-hidden-tablet elementor-hidden-mobile elementor-widget elementor-widget-heading\" data-id=\"772a403\" data-element_type=\"widget\" data-e-type=\"widget\" data-widget_type=\"heading.default\">\n\t\t\t\t<div class=\"elementor-widget-container\">\n\t\t\t\t\t<h3 class=\"elementor-heading-title elementor-size-default\">Parcours  Immobilier<\/h3>\t\t\t\t<\/div>\n\t\t\t\t<\/div>\n\t\t\t\t<div class=\"elementor-element elementor-element-76cee2f elementor-hidden-tablet elementor-hidden-mobile elementor-widget-divider--view-line elementor-widget elementor-widget-divider\" data-id=\"76cee2f\" data-element_type=\"widget\" data-e-type=\"widget\" data-widget_type=\"divider.default\">\n\t\t\t\t<div class=\"elementor-widget-container\">\n\t\t\t\t\t\t\t<div class=\"elementor-divider\">\n\t\t\t<span class=\"elementor-divider-separator\">\n\t\t\t\t\t\t<\/span>\n\t\t<\/div>\n\t\t\t\t\t\t<\/div>\n\t\t\t\t<\/div>\n\t\t\t\t<\/div>\n\t\t<div class=\"elementor-element elementor-element-c05ed98 e-flex e-con-boxed e-con e-child\" data-id=\"c05ed98\" data-element_type=\"container\" data-e-type=\"container\">\n\t\t\t\t\t<div class=\"e-con-inner\">\n\t\t<div class=\"elementor-element elementor-element-8733d86 e-con-full e-flex e-con e-child\" data-id=\"8733d86\" data-element_type=\"container\" data-e-type=\"container\">\n\t\t<div class=\"elementor-element elementor-element-f7ec076 e-con-full e-flex e-con e-child\" data-id=\"f7ec076\" data-element_type=\"container\" data-e-type=\"container\">\n\t\t\t\t<div class=\"elementor-element elementor-element-1b582ed elementor-view-default elementor-widget elementor-widget-icon\" data-id=\"1b582ed\" data-element_type=\"widget\" data-e-type=\"widget\" data-widget_type=\"icon.default\">\n\t\t\t\t<div class=\"elementor-widget-container\">\n\t\t\t\t\t\t\t<div class=\"elementor-icon-wrapper\">\n\t\t\t<div class=\"elementor-icon\">\n\t\t\t<svg aria-hidden=\"true\" class=\"e-font-icon-svg e-fas-user-friends\" viewBox=\"0 0 640 512\" xmlns=\"http:\/\/www.w3.org\/2000\/svg\"><path d=\"M192 256c61.9 0 112-50.1 112-112S253.9 32 192 32 80 82.1 80 144s50.1 112 112 112zm76.8 32h-8.3c-20.8 10-43.9 16-68.5 16s-47.6-6-68.5-16h-8.3C51.6 288 0 339.6 0 403.2V432c0 26.5 21.5 48 48 48h288c26.5 0 48-21.5 48-48v-28.8c0-63.6-51.6-115.2-115.2-115.2zM480 256c53 0 96-43 96-96s-43-96-96-96-96 43-96 96 43 96 96 96zm48 32h-3.8c-13.9 4.8-28.6 8-44.2 8s-30.3-3.2-44.2-8H432c-20.4 0-39.2 5.9-55.7 15.4 24.4 26.3 39.7 61.2 39.7 99.8v38.4c0 2.2-.5 4.3-.6 6.4H592c26.5 0 48-21.5 48-48 0-61.9-50.1-112-112-112z\"><\/path><\/svg>\t\t\t<\/div>\n\t\t<\/div>\n\t\t\t\t\t\t<\/div>\n\t\t\t\t<\/div>\n\t\t\t\t<\/div>\n\t\t<div class=\"elementor-element elementor-element-e2ad4c1 e-con-full e-flex e-con e-child\" data-id=\"e2ad4c1\" data-element_type=\"container\" data-e-type=\"container\">\n\t\t\t\t<div class=\"elementor-element elementor-element-2744afb elementor-widget__width-initial elementor-widget elementor-widget-heading\" data-id=\"2744afb\" data-element_type=\"widget\" data-e-type=\"widget\" data-widget_type=\"heading.default\">\n\t\t\t\t<div class=\"elementor-widget-container\">\n\t\t\t\t\t<h5 class=\"elementor-heading-title elementor-size-default\">Public<\/h5>\t\t\t\t<\/div>\n\t\t\t\t<\/div>\n\t\t\t\t<div class=\"elementor-element elementor-element-3959a1f elementor-widget__width-initial elementor-widget elementor-widget-text-editor\" data-id=\"3959a1f\" data-element_type=\"widget\" data-e-type=\"widget\" data-widget_type=\"text-editor.default\">\n\t\t\t\t<div class=\"elementor-widget-container\">\n\t\t\t\t\t\t\t\t\t<p>Tout \u00e9l\u00e8ve avocat.<\/p>\t\t\t\t\t\t\t\t<\/div>\n\t\t\t\t<\/div>\n\t\t\t\t<div class=\"elementor-element elementor-element-b1f1f55 elementor-widget__width-initial elementor-hidden-tablet elementor-hidden-mobile elementor-widget elementor-widget-text-editor\" data-id=\"b1f1f55\" data-element_type=\"widget\" data-e-type=\"widget\" data-widget_type=\"text-editor.default\">\n\t\t\t\t<div class=\"elementor-widget-container\">\n\t\t\t\t\t\t\t\t\t<p><span style=\"text-align: justify\">L\u2019objectif g\u00e9n\u00e9ral de ce parcours est d\u2019enseigner \u00e0 l\u2019\u00e9l\u00e8ve avocat les outils et m\u00e9thodes de l\u2019avocat en exercice, appliqu\u00e9s au droit immobilier.<\/span><\/p>\t\t\t\t\t\t\t\t<\/div>\n\t\t\t\t<\/div>\n\t\t\t\t<\/div>\n\t\t\t\t<\/div>\n\t\t\t\t<div class=\"elementor-element elementor-element-34924d7 elementor-widget__width-initial elementor-hidden-desktop elementor-widget elementor-widget-text-editor\" data-id=\"34924d7\" data-element_type=\"widget\" data-e-type=\"widget\" data-widget_type=\"text-editor.default\">\n\t\t\t\t<div class=\"elementor-widget-container\">\n\t\t\t\t\t\t\t\t\t<p><span style=\"text-align: justify\">L\u2019objectif g\u00e9n\u00e9ral de ce parcours est d\u2019enseigner \u00e0 l\u2019\u00e9l\u00e8ve avocat les outils et m\u00e9thodes de l\u2019avocat en exercice, appliqu\u00e9s au droit immobilier.<\/span><\/p>\t\t\t\t\t\t\t\t<\/div>\n\t\t\t\t<\/div>\n\t\t<div class=\"elementor-element elementor-element-af15fc5 contact-shadow elementor-hidden-tablet elementor-hidden-mobile e-flex e-con-boxed e-con e-child\" data-id=\"af15fc5\" data-element_type=\"container\" data-e-type=\"container\">\n\t\t\t\t\t<div class=\"e-con-inner\">\n\t\t\t\t<div class=\"elementor-element elementor-element-1c7d690 elementor-widget elementor-widget-video\" data-id=\"1c7d690\" data-element_type=\"widget\" data-e-type=\"widget\" data-settings=\"{&quot;youtube_url&quot;:&quot;https:\\\/\\\/youtu.be\\\/mW3ZnK5KfQI&quot;,&quot;video_type&quot;:&quot;youtube&quot;,&quot;controls&quot;:&quot;yes&quot;}\" data-widget_type=\"video.default\">\n\t\t\t\t<div class=\"elementor-widget-container\">\n\t\t\t\t\t\t\t<div class=\"elementor-wrapper elementor-open-inline\">\n\t\t\t<div class=\"elementor-video\"><\/div>\t\t<\/div>\n\t\t\t\t\t\t<\/div>\n\t\t\t\t<\/div>\n\t\t\t\t\t<\/div>\n\t\t\t\t<\/div>\n\t\t<div class=\"elementor-element elementor-element-d9c188d e-con-full elementor-hidden-desktop e-flex e-con e-child\" data-id=\"d9c188d\" data-element_type=\"container\" data-e-type=\"container\">\n\t\t\t\t<div class=\"elementor-element elementor-element-efbdd89 elementor-widget elementor-widget-video\" data-id=\"efbdd89\" data-element_type=\"widget\" data-e-type=\"widget\" data-settings=\"{&quot;youtube_url&quot;:&quot;https:\\\/\\\/youtu.be\\\/mW3ZnK5KfQI&quot;,&quot;video_type&quot;:&quot;youtube&quot;,&quot;controls&quot;:&quot;yes&quot;}\" data-widget_type=\"video.default\">\n\t\t\t\t<div class=\"elementor-widget-container\">\n\t\t\t\t\t\t\t<div class=\"elementor-wrapper elementor-open-inline\">\n\t\t\t<div class=\"elementor-video\"><\/div>\t\t<\/div>\n\t\t\t\t\t\t<\/div>\n\t\t\t\t<\/div>\n\t\t\t\t<\/div>\n\t\t\t\t\t<\/div>\n\t\t\t\t<\/div>\n\t\t\t\t<\/div>\n\t\t\t\t\t<\/div>\n\t\t\t\t<\/div>\n\t\t<div class=\"elementor-element elementor-element-d578f77 e-flex e-con-boxed e-con e-parent\" data-id=\"d578f77\" data-element_type=\"container\" data-e-type=\"container\">\n\t\t\t\t\t<div class=\"e-con-inner\">\n\t\t\t\t<div class=\"elementor-element elementor-element-6a97ccb elementor-widget__width-initial elementor-widget elementor-widget-heading\" data-id=\"6a97ccb\" data-element_type=\"widget\" data-e-type=\"widget\" data-widget_type=\"heading.default\">\n\t\t\t\t<div class=\"elementor-widget-container\">\n\t\t\t\t\t<h5 class=\"elementor-heading-title elementor-size-default\">Pr\u00e9sentation des responsables p\u00e9dagogiques<\/h5>\t\t\t\t<\/div>\n\t\t\t\t<\/div>\n\t\t\t\t<div class=\"elementor-element elementor-element-f3e0fa9 elementor-widget elementor-widget-text-editor\" data-id=\"f3e0fa9\" data-element_type=\"widget\" data-e-type=\"widget\" data-widget_type=\"text-editor.default\">\n\t\t\t\t<div class=\"elementor-widget-container\">\n\t\t\t\t\t\t\t\t\t<p><strong>Fabrice Pommier<\/strong>, avocat associ\u00e9 de l\u2019association Amigues Auberty Jouary Pommier, praticien en droit immobilier (contrat de bail, construction, vente et droits r\u00e9els, hypoth\u00e8ques).<br \/><br \/><strong>Yannick Le Gall<\/strong>, avocat associ\u00e9 au sein du cabinet De Pardieu Brocas Maffei. Yannick Le Gall intervient principalement dans le domaine des financements structur\u00e9s et syndiqu\u00e9s, avec une expertise particuli\u00e8re en mati\u00e8re de financements d\u2019op\u00e9rations immobili\u00e8res.<\/p>\t\t\t\t\t\t\t\t<\/div>\n\t\t\t\t<\/div>\n\t\t\t\t<div class=\"elementor-element elementor-element-de682e8 elementor-widget__width-initial elementor-widget elementor-widget-heading\" data-id=\"de682e8\" data-element_type=\"widget\" data-e-type=\"widget\" data-widget_type=\"heading.default\">\n\t\t\t\t<div class=\"elementor-widget-container\">\n\t\t\t\t\t<h5 class=\"elementor-heading-title elementor-size-default\">Contenu du programme\n<br><\/h5>\t\t\t\t<\/div>\n\t\t\t\t<\/div>\n\t\t\t\t<div class=\"elementor-element elementor-element-45c774d elementor-widget elementor-widget-text-editor\" data-id=\"45c774d\" data-element_type=\"widget\" data-e-type=\"widget\" data-widget_type=\"text-editor.default\">\n\t\t\t\t<div class=\"elementor-widget-container\">\n\t\t\t\t\t\t\t\t\t<p>-S\u00e9ance introductive<br \/>-Bail commercial : r\u00e9diger et n\u00e9gocier les principaux termes et conditions d\u2019un contrat de bail commercial<br \/>-Investissement immobilier : d\u00e9roulement d\u2019une proc\u00e9dure d\u2019acquisition<br \/>-D\u00e9veloppement\/construction : savoir r\u00e9diger un contrat de promotion immobili\u00e8re<br \/>-Financement immobilier : les principaux enjeux de la r\u00e9daction et de la n\u00e9gociation d\u2019un \u00ab term sheet \u00bb de financement hypoth\u00e9caire<br \/>-Gestion immobili\u00e8re : r\u00e9diger un contrat de mandat immobilier<br \/>-Urbanisme et op\u00e9rations immobili\u00e8res : la r\u00e9daction des conditions suspensives li\u00e9es \u00e0 l\u2019urbanisme dans les contrats immobiliers (BEFA, VEFA, etc.)<br \/>-Bail commercial : savoir fixer le loyer d\u2019un bail renouvel\u00e9 ou r\u00e9vis\u00e9 devant le juge des loyers \u2013 savoir conduire une proc\u00e9dure de r\u00e9f\u00e9r\u00e9 en vue de l\u2019acquisition de la clause r\u00e9solutoire et l\u2019expulsion<br \/>-Bail d\u2019habitation : savoir conduire une proc\u00e9dure devant le JCP en vue de l\u2019acquisition de la clause r\u00e9solutoire \u2013 savoir conduire une proc\u00e9dure devant le JCP en vue de la r\u00e9vision judiciaire du loyer \u2013 savoir traiter les anomalies d\u2019occupation (squatters, transfert de bail) savoir g\u00e9rer l\u2019expulsion d\u2019un locataire (concours de la force publique, responsabilit\u00e9 de l\u2019Etat)<br \/>-Contentieux immobilier : savoir liciter et partager un immeuble en indivision devant le tribunal judiciaire \u2013 savoir traiter le contentieux de l\u2019indemnit\u00e9 d\u2019immobilisation devant le tribunal judiciaire \u2013 savoir-faire constater une vente immobili\u00e8re par le tribunal judiciaire<br \/>-Copropri\u00e9t\u00e9 : savoir faire annuler une assembl\u00e9e ou une r\u00e9solution d\u2019assembl\u00e9e devant le tribunal judiciaire \u2013 savoir traiter le contentieux des travaux dans une copropri\u00e9t\u00e9<br \/>-Construction : savoir conduire une proc\u00e9dure de r\u00e9f\u00e9r\u00e9-pr\u00e9ventif \u2013 savoir conduire une proc\u00e9dure d\u2019expertise<br \/>-Urbanisme : savoir saisir le juge sur des op\u00e9rations d\u2019urbanisme<\/p>\t\t\t\t\t\t\t\t<\/div>\n\t\t\t\t<\/div>\n\t\t\t\t<div class=\"elementor-element elementor-element-1b3afd0 elementor-widget__width-initial elementor-widget elementor-widget-heading\" data-id=\"1b3afd0\" data-element_type=\"widget\" data-e-type=\"widget\" data-widget_type=\"heading.default\">\n\t\t\t\t<div class=\"elementor-widget-container\">\n\t\t\t\t\t<h5 class=\"elementor-heading-title elementor-size-default\">Modalit\u00e9s d'\u00e9valuation<\/h5>\t\t\t\t<\/div>\n\t\t\t\t<\/div>\n\t\t\t\t<div class=\"elementor-element elementor-element-b90b0fc elementor-widget elementor-widget-text-editor\" data-id=\"b90b0fc\" data-element_type=\"widget\" data-e-type=\"widget\" data-widget_type=\"text-editor.default\">\n\t\t\t\t<div class=\"elementor-widget-container\">\n\t\t\t\t\t\t\t\t\t<p>Foisonnements (en bin\u00f4me) :\u00a0<\/p><p>Dossiers et sujets distribu\u00e9s aux \u00e9l\u00e8ves qui disposent d\u2019un d\u00e9lai donn\u00e9 pour rendre leurs consultations, \u00e9critures, ou actes juridiques (ces derniers \u00e9tant pr\u00e9par\u00e9s en bin\u00f4me). Une s\u00e9ance de correction, de 2h00 par exercice, en groupe restreint, est dispens\u00e9e par l\u2019intervenant qui a corrig\u00e9 les copies et les a not\u00e9es.<\/p><p>Pour les foisonnements contentieux et consultations, cette s\u00e9ance est suivie d\u2019une s\u00e9ance de plaidoirie ou de restitution \u00e0 son client d\u20191h30 \u00e0 3 bin\u00f4mes.<\/p><p>Une note sur 20 est attribu\u00e9e par exercice (consultation, \u00e9critures et plaidoiries ou pr\u00e9sentation orale).<\/p>\t\t\t\t\t\t\t\t<\/div>\n\t\t\t\t<\/div>\n\t\t<div class=\"elementor-element elementor-element-57c8bfe e-con-full e-flex e-con e-child\" data-id=\"57c8bfe\" data-element_type=\"container\" data-e-type=\"container\">\n\t\t\t\t<div class=\"elementor-element elementor-element-ad7364b elementor-align-end elementor-mobile-align-center elementor-icon-list--layout-traditional elementor-list-item-link-full_width elementor-widget elementor-widget-icon-list\" data-id=\"ad7364b\" data-element_type=\"widget\" data-e-type=\"widget\" data-widget_type=\"icon-list.default\">\n\t\t\t\t<div class=\"elementor-widget-container\">\n\t\t\t\t\t\t\t<ul class=\"elementor-icon-list-items\">\n\t\t\t\t\t\t\t<li class=\"elementor-icon-list-item\">\n\t\t\t\t\t\t\t\t\t\t\t<a href=\"https:\/\/wpvit.efb.fr\/?page_id=6771#parcours-list\">\n\n\t\t\t\t\t\t\t\t\t\t\t\t<span class=\"elementor-icon-list-icon\">\n\t\t\t\t\t\t\t<svg aria-hidden=\"true\" class=\"e-font-icon-svg e-fas-arrow-left\" viewBox=\"0 0 448 512\" xmlns=\"http:\/\/www.w3.org\/2000\/svg\"><path d=\"M257.5 445.1l-22.2 22.2c-9.4 9.4-24.6 9.4-33.9 0L7 273c-9.4-9.4-9.4-24.6 0-33.9L201.4 44.7c9.4-9.4 24.6-9.4 33.9 0l22.2 22.2c9.5 9.5 9.3 25-.4 34.3L136.6 216H424c13.3 0 24 10.7 24 24v32c0 13.3-10.7 24-24 24H136.6l120.5 114.8c9.8 9.3 10 24.8.4 34.3z\"><\/path><\/svg>\t\t\t\t\t\t<\/span>\n\t\t\t\t\t\t\t\t\t\t<span class=\"elementor-icon-list-text\">Retour \u00e0 la liste des parcours<\/span>\n\t\t\t\t\t\t\t\t\t\t\t<\/a>\n\t\t\t\t\t\t\t\t\t<\/li>\n\t\t\t\t\t\t<\/ul>\n\t\t\t\t\t\t<\/div>\n\t\t\t\t<\/div>\n\t\t\t\t<\/div>\n\t\t\t\t\t<\/div>\n\t\t\t\t<\/div>\n\t\t\t\t<\/div>\n\t\t","protected":false},"excerpt":{"rendered":"<p>Je g\u00e8re ma formation Parcours Immobilier Je g\u00e8re ma formation Parcours Immobilier Parcours Immobilier Public Tout \u00e9l\u00e8ve avocat. L\u2019objectif g\u00e9n\u00e9ral de ce parcours est d\u2019enseigner \u00e0 l\u2019\u00e9l\u00e8ve avocat les outils et m\u00e9thodes de l\u2019avocat en exercice, appliqu\u00e9s au droit immobilier. L\u2019objectif g\u00e9n\u00e9ral de ce parcours est d\u2019enseigner \u00e0 l\u2019\u00e9l\u00e8ve avocat les outils et m\u00e9thodes de l\u2019avocat en exercice, appliqu\u00e9s au droit immobilier. https:\/\/youtu.be\/mW3ZnK5KfQIhttps:\/\/youtu.be\/mW3ZnK5KfQI Pr\u00e9sentation des responsables p\u00e9dagogiques Fabrice Pommier, avocat associ\u00e9 de l\u2019association Amigues Auberty Jouary Pommier, praticien en droit immobilier (contrat de bail, construction, vente et droits r\u00e9els, hypoth\u00e8ques). Yannick Le Gall, avocat associ\u00e9 au sein du cabinet De Pardieu Brocas Maffei. Yannick Le Gall intervient principalement dans le domaine des financements structur\u00e9s et syndiqu\u00e9s, avec une expertise particuli\u00e8re en mati\u00e8re de financements d\u2019op\u00e9rations immobili\u00e8res. Contenu du programme -S\u00e9ance introductive-Bail commercial : r\u00e9diger et n\u00e9gocier les principaux termes et conditions d\u2019un contrat de bail commercial-Investissement immobilier : d\u00e9roulement d\u2019une proc\u00e9dure d\u2019acquisition-D\u00e9veloppement\/construction : savoir r\u00e9diger un contrat de promotion immobili\u00e8re-Financement immobilier : les principaux enjeux de la r\u00e9daction et de la n\u00e9gociation d\u2019un \u00ab term sheet \u00bb de financement hypoth\u00e9caire-Gestion immobili\u00e8re : r\u00e9diger un contrat de mandat immobilier-Urbanisme et op\u00e9rations immobili\u00e8res : la r\u00e9daction des conditions suspensives li\u00e9es \u00e0 l\u2019urbanisme dans les contrats immobiliers (BEFA, VEFA, etc.)-Bail commercial : savoir fixer le loyer d\u2019un bail renouvel\u00e9 ou r\u00e9vis\u00e9 devant le juge des loyers \u2013 savoir conduire une proc\u00e9dure de r\u00e9f\u00e9r\u00e9 en vue de l\u2019acquisition de la clause r\u00e9solutoire et l\u2019expulsion-Bail d\u2019habitation : savoir conduire une proc\u00e9dure devant le JCP en vue de l\u2019acquisition de la clause r\u00e9solutoire \u2013 savoir conduire une proc\u00e9dure devant le JCP en vue de la r\u00e9vision judiciaire du loyer \u2013 savoir traiter les anomalies d\u2019occupation (squatters, transfert de bail) savoir g\u00e9rer l\u2019expulsion d\u2019un locataire (concours de la force publique, responsabilit\u00e9 de l\u2019Etat)-Contentieux immobilier : savoir liciter et partager un immeuble en indivision devant le tribunal judiciaire \u2013 savoir traiter le contentieux de l\u2019indemnit\u00e9 d\u2019immobilisation devant le tribunal judiciaire \u2013 savoir-faire constater une vente immobili\u00e8re par le tribunal judiciaire-Copropri\u00e9t\u00e9 : savoir faire annuler une assembl\u00e9e ou une r\u00e9solution d\u2019assembl\u00e9e devant le tribunal judiciaire \u2013 savoir traiter le contentieux des travaux dans une copropri\u00e9t\u00e9-Construction : savoir conduire une proc\u00e9dure de r\u00e9f\u00e9r\u00e9-pr\u00e9ventif \u2013 savoir conduire une proc\u00e9dure d\u2019expertise-Urbanisme : savoir saisir le juge sur des op\u00e9rations d\u2019urbanisme Modalit\u00e9s d&rsquo;\u00e9valuation Foisonnements (en bin\u00f4me) :\u00a0 Dossiers et sujets distribu\u00e9s aux \u00e9l\u00e8ves qui disposent d\u2019un d\u00e9lai donn\u00e9 pour rendre leurs consultations, \u00e9critures, ou actes juridiques (ces derniers \u00e9tant pr\u00e9par\u00e9s en bin\u00f4me). Une s\u00e9ance de correction, de 2h00 par exercice, en groupe restreint, est dispens\u00e9e par l\u2019intervenant qui a corrig\u00e9 les copies et les a not\u00e9es. Pour les foisonnements contentieux et consultations, cette s\u00e9ance est suivie d\u2019une s\u00e9ance de plaidoirie ou de restitution \u00e0 son client d\u20191h30 \u00e0 3 bin\u00f4mes. Une note sur 20 est attribu\u00e9e par exercice (consultation, \u00e9critures et plaidoiries ou pr\u00e9sentation orale). Retour \u00e0 la liste des parcours<\/p>\n","protected":false},"author":1,"featured_media":0,"parent":6771,"menu_order":0,"comment_status":"closed","ping_status":"closed","template":"","meta":{"_acf_changed":false,"footnotes":""},"class_list":["post-7571","page","type-page","status-publish","hentry"],"acf":[],"yoast_head":"<!-- This site is optimized with the Yoast SEO plugin v27.4 - https:\/\/yoast.com\/product\/yoast-seo-wordpress\/ -->\n<title>Parcours Immobilier - efb.fr<\/title>\n<meta name=\"robots\" content=\"index, follow, max-snippet:-1, max-image-preview:large, max-video-preview:-1\" \/>\n<link rel=\"canonical\" href=\"https:\/\/wpvit.efb.fr\/index.php\/je-suis-eleve-avocat-a-lefb\/je-gere-ma-formation\/6-mois-enseignements-frondamentaux-pratiques\/parcours-de-specialisation\/parcours-immobilier\/\" \/>\n<meta property=\"og:locale\" content=\"fr_FR\" \/>\n<meta property=\"og:type\" content=\"article\" \/>\n<meta property=\"og:title\" content=\"Parcours Immobilier - efb.fr\" \/>\n<meta property=\"og:description\" content=\"Je g\u00e8re ma formation Parcours Immobilier Je g\u00e8re ma formation Parcours Immobilier Parcours Immobilier Public Tout \u00e9l\u00e8ve avocat. L\u2019objectif g\u00e9n\u00e9ral de ce parcours est d\u2019enseigner \u00e0 l\u2019\u00e9l\u00e8ve avocat les outils et m\u00e9thodes de l\u2019avocat en exercice, appliqu\u00e9s au droit immobilier. L\u2019objectif g\u00e9n\u00e9ral de ce parcours est d\u2019enseigner \u00e0 l\u2019\u00e9l\u00e8ve avocat les outils et m\u00e9thodes de l\u2019avocat en exercice, appliqu\u00e9s au droit immobilier. https:\/\/youtu.be\/mW3ZnK5KfQIhttps:\/\/youtu.be\/mW3ZnK5KfQI Pr\u00e9sentation des responsables p\u00e9dagogiques Fabrice Pommier, avocat associ\u00e9 de l\u2019association Amigues Auberty Jouary Pommier, praticien en droit immobilier (contrat de bail, construction, vente et droits r\u00e9els, hypoth\u00e8ques). Yannick Le Gall, avocat associ\u00e9 au sein du cabinet De Pardieu Brocas Maffei. Yannick Le Gall intervient principalement dans le domaine des financements structur\u00e9s et syndiqu\u00e9s, avec une expertise particuli\u00e8re en mati\u00e8re de financements d\u2019op\u00e9rations immobili\u00e8res. Contenu du programme -S\u00e9ance introductive-Bail commercial : r\u00e9diger et n\u00e9gocier les principaux termes et conditions d\u2019un contrat de bail commercial-Investissement immobilier : d\u00e9roulement d\u2019une proc\u00e9dure d\u2019acquisition-D\u00e9veloppement\/construction : savoir r\u00e9diger un contrat de promotion immobili\u00e8re-Financement immobilier : les principaux enjeux de la r\u00e9daction et de la n\u00e9gociation d\u2019un \u00ab term sheet \u00bb de financement hypoth\u00e9caire-Gestion immobili\u00e8re : r\u00e9diger un contrat de mandat immobilier-Urbanisme et op\u00e9rations immobili\u00e8res : la r\u00e9daction des conditions suspensives li\u00e9es \u00e0 l\u2019urbanisme dans les contrats immobiliers (BEFA, VEFA, etc.)-Bail commercial : savoir fixer le loyer d\u2019un bail renouvel\u00e9 ou r\u00e9vis\u00e9 devant le juge des loyers \u2013 savoir conduire une proc\u00e9dure de r\u00e9f\u00e9r\u00e9 en vue de l\u2019acquisition de la clause r\u00e9solutoire et l\u2019expulsion-Bail d\u2019habitation : savoir conduire une proc\u00e9dure devant le JCP en vue de l\u2019acquisition de la clause r\u00e9solutoire \u2013 savoir conduire une proc\u00e9dure devant le JCP en vue de la r\u00e9vision judiciaire du loyer \u2013 savoir traiter les anomalies d\u2019occupation (squatters, transfert de bail) savoir g\u00e9rer l\u2019expulsion d\u2019un locataire (concours de la force publique, responsabilit\u00e9 de l\u2019Etat)-Contentieux immobilier : savoir liciter et partager un immeuble en indivision devant le tribunal judiciaire \u2013 savoir traiter le contentieux de l\u2019indemnit\u00e9 d\u2019immobilisation devant le tribunal judiciaire \u2013 savoir-faire constater une vente immobili\u00e8re par le tribunal judiciaire-Copropri\u00e9t\u00e9 : savoir faire annuler une assembl\u00e9e ou une r\u00e9solution d\u2019assembl\u00e9e devant le tribunal judiciaire \u2013 savoir traiter le contentieux des travaux dans une copropri\u00e9t\u00e9-Construction : savoir conduire une proc\u00e9dure de r\u00e9f\u00e9r\u00e9-pr\u00e9ventif \u2013 savoir conduire une proc\u00e9dure d\u2019expertise-Urbanisme : savoir saisir le juge sur des op\u00e9rations d\u2019urbanisme Modalit\u00e9s d&rsquo;\u00e9valuation Foisonnements (en bin\u00f4me) :\u00a0 Dossiers et sujets distribu\u00e9s aux \u00e9l\u00e8ves qui disposent d\u2019un d\u00e9lai donn\u00e9 pour rendre leurs consultations, \u00e9critures, ou actes juridiques (ces derniers \u00e9tant pr\u00e9par\u00e9s en bin\u00f4me). Une s\u00e9ance de correction, de 2h00 par exercice, en groupe restreint, est dispens\u00e9e par l\u2019intervenant qui a corrig\u00e9 les copies et les a not\u00e9es. Pour les foisonnements contentieux et consultations, cette s\u00e9ance est suivie d\u2019une s\u00e9ance de plaidoirie ou de restitution \u00e0 son client d\u20191h30 \u00e0 3 bin\u00f4mes. Une note sur 20 est attribu\u00e9e par exercice (consultation, \u00e9critures et plaidoiries ou pr\u00e9sentation orale). Retour \u00e0 la liste des parcours\" \/>\n<meta property=\"og:url\" content=\"https:\/\/wpvit.efb.fr\/index.php\/je-suis-eleve-avocat-a-lefb\/je-gere-ma-formation\/6-mois-enseignements-frondamentaux-pratiques\/parcours-de-specialisation\/parcours-immobilier\/\" \/>\n<meta property=\"og:site_name\" content=\"efb.fr\" \/>\n<meta property=\"article:modified_time\" content=\"2025-07-04T12:55:53+00:00\" \/>\n<meta name=\"twitter:card\" content=\"summary_large_image\" \/>\n<meta name=\"twitter:label1\" content=\"Dur\u00e9e de lecture estim\u00e9e\" \/>\n\t<meta name=\"twitter:data1\" content=\"3 minutes\" \/>\n<script type=\"application\/ld+json\" class=\"yoast-schema-graph\">{\"@context\":\"https:\\\/\\\/schema.org\",\"@graph\":[{\"@type\":\"WebPage\",\"@id\":\"https:\\\/\\\/wpvit.efb.fr\\\/index.php\\\/je-suis-eleve-avocat-a-lefb\\\/je-gere-ma-formation\\\/6-mois-enseignements-frondamentaux-pratiques\\\/parcours-de-specialisation\\\/parcours-immobilier\\\/\",\"url\":\"https:\\\/\\\/wpvit.efb.fr\\\/index.php\\\/je-suis-eleve-avocat-a-lefb\\\/je-gere-ma-formation\\\/6-mois-enseignements-frondamentaux-pratiques\\\/parcours-de-specialisation\\\/parcours-immobilier\\\/\",\"name\":\"Parcours Immobilier - efb.fr\",\"isPartOf\":{\"@id\":\"https:\\\/\\\/wpvit.efb.fr\\\/#website\"},\"datePublished\":\"2023-04-03T12:16:46+00:00\",\"dateModified\":\"2025-07-04T12:55:53+00:00\",\"breadcrumb\":{\"@id\":\"https:\\\/\\\/wpvit.efb.fr\\\/index.php\\\/je-suis-eleve-avocat-a-lefb\\\/je-gere-ma-formation\\\/6-mois-enseignements-frondamentaux-pratiques\\\/parcours-de-specialisation\\\/parcours-immobilier\\\/#breadcrumb\"},\"inLanguage\":\"fr-FR\",\"potentialAction\":[{\"@type\":\"ReadAction\",\"target\":[\"https:\\\/\\\/wpvit.efb.fr\\\/index.php\\\/je-suis-eleve-avocat-a-lefb\\\/je-gere-ma-formation\\\/6-mois-enseignements-frondamentaux-pratiques\\\/parcours-de-specialisation\\\/parcours-immobilier\\\/\"]}]},{\"@type\":\"BreadcrumbList\",\"@id\":\"https:\\\/\\\/wpvit.efb.fr\\\/index.php\\\/je-suis-eleve-avocat-a-lefb\\\/je-gere-ma-formation\\\/6-mois-enseignements-frondamentaux-pratiques\\\/parcours-de-specialisation\\\/parcours-immobilier\\\/#breadcrumb\",\"itemListElement\":[{\"@type\":\"ListItem\",\"position\":1,\"name\":\"Accueil\",\"item\":\"https:\\\/\\\/wpvit.efb.fr\\\/\"},{\"@type\":\"ListItem\",\"position\":2,\"name\":\"Je suis \u00e9l\u00e8ve avocat \u00e0 l&#8217;efb\",\"item\":\"https:\\\/\\\/wpvit.efb.fr\\\/index.php\\\/je-suis-eleve-avocat-a-lefb\\\/\"},{\"@type\":\"ListItem\",\"position\":3,\"name\":\"Je g\u00e8re ma formation\",\"item\":\"https:\\\/\\\/wpvit.efb.fr\\\/index.php\\\/je-suis-eleve-avocat-a-lefb\\\/je-gere-ma-formation\\\/\"},{\"@type\":\"ListItem\",\"position\":4,\"name\":\"Les 6 mois d&#8217;enseignements fondamentaux pratiques\",\"item\":\"https:\\\/\\\/wpvit.efb.fr\\\/index.php\\\/je-suis-eleve-avocat-a-lefb\\\/je-gere-ma-formation\\\/6-mois-enseignements-frondamentaux-pratiques\\\/\"},{\"@type\":\"ListItem\",\"position\":5,\"name\":\"Les 2 parcours de sp\u00e9cialisation au choix\",\"item\":\"https:\\\/\\\/wpvit.efb.fr\\\/index.php\\\/je-suis-eleve-avocat-a-lefb\\\/je-gere-ma-formation\\\/6-mois-enseignements-frondamentaux-pratiques\\\/parcours-de-specialisation\\\/\"},{\"@type\":\"ListItem\",\"position\":6,\"name\":\"Parcours Immobilier\"}]},{\"@type\":\"WebSite\",\"@id\":\"https:\\\/\\\/wpvit.efb.fr\\\/#website\",\"url\":\"https:\\\/\\\/wpvit.efb.fr\\\/\",\"name\":\"EFB\",\"description\":\"\",\"publisher\":{\"@id\":\"https:\\\/\\\/wpvit.efb.fr\\\/#organization\"},\"potentialAction\":[{\"@type\":\"SearchAction\",\"target\":{\"@type\":\"EntryPoint\",\"urlTemplate\":\"https:\\\/\\\/wpvit.efb.fr\\\/?s={search_term_string}\"},\"query-input\":{\"@type\":\"PropertyValueSpecification\",\"valueRequired\":true,\"valueName\":\"search_term_string\"}}],\"inLanguage\":\"fr-FR\"},{\"@type\":\"Organization\",\"@id\":\"https:\\\/\\\/wpvit.efb.fr\\\/#organization\",\"name\":\"\u00c9cole de formation professionnelle des barreaux du ressort de la cour d\u2019appel de Paris (EFB)\",\"alternateName\":\"\u00c9cole de Formation des Barreaux (EFB)\",\"url\":\"https:\\\/\\\/wpvit.efb.fr\\\/\",\"logo\":{\"@type\":\"ImageObject\",\"inLanguage\":\"fr-FR\",\"@id\":\"https:\\\/\\\/wpvit.efb.fr\\\/#\\\/schema\\\/logo\\\/image\\\/\",\"url\":\"https:\\\/\\\/wpvit.efb.fr\\\/wp-content\\\/uploads\\\/2024\\\/10\\\/cropped-Logo-EFB-2023_fond-transparent_mail.png\",\"contentUrl\":\"https:\\\/\\\/wpvit.efb.fr\\\/wp-content\\\/uploads\\\/2024\\\/10\\\/cropped-Logo-EFB-2023_fond-transparent_mail.png\",\"width\":638,\"height\":282,\"caption\":\"\u00c9cole de formation professionnelle des barreaux du ressort de la cour d\u2019appel de Paris (EFB)\"},\"image\":{\"@id\":\"https:\\\/\\\/wpvit.efb.fr\\\/#\\\/schema\\\/logo\\\/image\\\/\"}}]}<\/script>\n<!-- \/ Yoast SEO plugin. -->","yoast_head_json":{"title":"Parcours Immobilier - efb.fr","robots":{"index":"index","follow":"follow","max-snippet":"max-snippet:-1","max-image-preview":"max-image-preview:large","max-video-preview":"max-video-preview:-1"},"canonical":"https:\/\/wpvit.efb.fr\/index.php\/je-suis-eleve-avocat-a-lefb\/je-gere-ma-formation\/6-mois-enseignements-frondamentaux-pratiques\/parcours-de-specialisation\/parcours-immobilier\/","og_locale":"fr_FR","og_type":"article","og_title":"Parcours Immobilier - efb.fr","og_description":"Je g\u00e8re ma formation Parcours Immobilier Je g\u00e8re ma formation Parcours Immobilier Parcours Immobilier Public Tout \u00e9l\u00e8ve avocat. L\u2019objectif g\u00e9n\u00e9ral de ce parcours est d\u2019enseigner \u00e0 l\u2019\u00e9l\u00e8ve avocat les outils et m\u00e9thodes de l\u2019avocat en exercice, appliqu\u00e9s au droit immobilier. L\u2019objectif g\u00e9n\u00e9ral de ce parcours est d\u2019enseigner \u00e0 l\u2019\u00e9l\u00e8ve avocat les outils et m\u00e9thodes de l\u2019avocat en exercice, appliqu\u00e9s au droit immobilier. https:\/\/youtu.be\/mW3ZnK5KfQIhttps:\/\/youtu.be\/mW3ZnK5KfQI Pr\u00e9sentation des responsables p\u00e9dagogiques Fabrice Pommier, avocat associ\u00e9 de l\u2019association Amigues Auberty Jouary Pommier, praticien en droit immobilier (contrat de bail, construction, vente et droits r\u00e9els, hypoth\u00e8ques). Yannick Le Gall, avocat associ\u00e9 au sein du cabinet De Pardieu Brocas Maffei. Yannick Le Gall intervient principalement dans le domaine des financements structur\u00e9s et syndiqu\u00e9s, avec une expertise particuli\u00e8re en mati\u00e8re de financements d\u2019op\u00e9rations immobili\u00e8res. Contenu du programme -S\u00e9ance introductive-Bail commercial : r\u00e9diger et n\u00e9gocier les principaux termes et conditions d\u2019un contrat de bail commercial-Investissement immobilier : d\u00e9roulement d\u2019une proc\u00e9dure d\u2019acquisition-D\u00e9veloppement\/construction : savoir r\u00e9diger un contrat de promotion immobili\u00e8re-Financement immobilier : les principaux enjeux de la r\u00e9daction et de la n\u00e9gociation d\u2019un \u00ab term sheet \u00bb de financement hypoth\u00e9caire-Gestion immobili\u00e8re : r\u00e9diger un contrat de mandat immobilier-Urbanisme et op\u00e9rations immobili\u00e8res : la r\u00e9daction des conditions suspensives li\u00e9es \u00e0 l\u2019urbanisme dans les contrats immobiliers (BEFA, VEFA, etc.)-Bail commercial : savoir fixer le loyer d\u2019un bail renouvel\u00e9 ou r\u00e9vis\u00e9 devant le juge des loyers \u2013 savoir conduire une proc\u00e9dure de r\u00e9f\u00e9r\u00e9 en vue de l\u2019acquisition de la clause r\u00e9solutoire et l\u2019expulsion-Bail d\u2019habitation : savoir conduire une proc\u00e9dure devant le JCP en vue de l\u2019acquisition de la clause r\u00e9solutoire \u2013 savoir conduire une proc\u00e9dure devant le JCP en vue de la r\u00e9vision judiciaire du loyer \u2013 savoir traiter les anomalies d\u2019occupation (squatters, transfert de bail) savoir g\u00e9rer l\u2019expulsion d\u2019un locataire (concours de la force publique, responsabilit\u00e9 de l\u2019Etat)-Contentieux immobilier : savoir liciter et partager un immeuble en indivision devant le tribunal judiciaire \u2013 savoir traiter le contentieux de l\u2019indemnit\u00e9 d\u2019immobilisation devant le tribunal judiciaire \u2013 savoir-faire constater une vente immobili\u00e8re par le tribunal judiciaire-Copropri\u00e9t\u00e9 : savoir faire annuler une assembl\u00e9e ou une r\u00e9solution d\u2019assembl\u00e9e devant le tribunal judiciaire \u2013 savoir traiter le contentieux des travaux dans une copropri\u00e9t\u00e9-Construction : savoir conduire une proc\u00e9dure de r\u00e9f\u00e9r\u00e9-pr\u00e9ventif \u2013 savoir conduire une proc\u00e9dure d\u2019expertise-Urbanisme : savoir saisir le juge sur des op\u00e9rations d\u2019urbanisme Modalit\u00e9s d&rsquo;\u00e9valuation Foisonnements (en bin\u00f4me) :\u00a0 Dossiers et sujets distribu\u00e9s aux \u00e9l\u00e8ves qui disposent d\u2019un d\u00e9lai donn\u00e9 pour rendre leurs consultations, \u00e9critures, ou actes juridiques (ces derniers \u00e9tant pr\u00e9par\u00e9s en bin\u00f4me). Une s\u00e9ance de correction, de 2h00 par exercice, en groupe restreint, est dispens\u00e9e par l\u2019intervenant qui a corrig\u00e9 les copies et les a not\u00e9es. Pour les foisonnements contentieux et consultations, cette s\u00e9ance est suivie d\u2019une s\u00e9ance de plaidoirie ou de restitution \u00e0 son client d\u20191h30 \u00e0 3 bin\u00f4mes. Une note sur 20 est attribu\u00e9e par exercice (consultation, \u00e9critures et plaidoiries ou pr\u00e9sentation orale). Retour \u00e0 la liste des parcours","og_url":"https:\/\/wpvit.efb.fr\/index.php\/je-suis-eleve-avocat-a-lefb\/je-gere-ma-formation\/6-mois-enseignements-frondamentaux-pratiques\/parcours-de-specialisation\/parcours-immobilier\/","og_site_name":"efb.fr","article_modified_time":"2025-07-04T12:55:53+00:00","twitter_card":"summary_large_image","twitter_misc":{"Dur\u00e9e de lecture estim\u00e9e":"3 minutes"},"schema":{"@context":"https:\/\/schema.org","@graph":[{"@type":"WebPage","@id":"https:\/\/wpvit.efb.fr\/index.php\/je-suis-eleve-avocat-a-lefb\/je-gere-ma-formation\/6-mois-enseignements-frondamentaux-pratiques\/parcours-de-specialisation\/parcours-immobilier\/","url":"https:\/\/wpvit.efb.fr\/index.php\/je-suis-eleve-avocat-a-lefb\/je-gere-ma-formation\/6-mois-enseignements-frondamentaux-pratiques\/parcours-de-specialisation\/parcours-immobilier\/","name":"Parcours Immobilier - efb.fr","isPartOf":{"@id":"https:\/\/wpvit.efb.fr\/#website"},"datePublished":"2023-04-03T12:16:46+00:00","dateModified":"2025-07-04T12:55:53+00:00","breadcrumb":{"@id":"https:\/\/wpvit.efb.fr\/index.php\/je-suis-eleve-avocat-a-lefb\/je-gere-ma-formation\/6-mois-enseignements-frondamentaux-pratiques\/parcours-de-specialisation\/parcours-immobilier\/#breadcrumb"},"inLanguage":"fr-FR","potentialAction":[{"@type":"ReadAction","target":["https:\/\/wpvit.efb.fr\/index.php\/je-suis-eleve-avocat-a-lefb\/je-gere-ma-formation\/6-mois-enseignements-frondamentaux-pratiques\/parcours-de-specialisation\/parcours-immobilier\/"]}]},{"@type":"BreadcrumbList","@id":"https:\/\/wpvit.efb.fr\/index.php\/je-suis-eleve-avocat-a-lefb\/je-gere-ma-formation\/6-mois-enseignements-frondamentaux-pratiques\/parcours-de-specialisation\/parcours-immobilier\/#breadcrumb","itemListElement":[{"@type":"ListItem","position":1,"name":"Accueil","item":"https:\/\/wpvit.efb.fr\/"},{"@type":"ListItem","position":2,"name":"Je suis \u00e9l\u00e8ve avocat \u00e0 l&#8217;efb","item":"https:\/\/wpvit.efb.fr\/index.php\/je-suis-eleve-avocat-a-lefb\/"},{"@type":"ListItem","position":3,"name":"Je g\u00e8re ma formation","item":"https:\/\/wpvit.efb.fr\/index.php\/je-suis-eleve-avocat-a-lefb\/je-gere-ma-formation\/"},{"@type":"ListItem","position":4,"name":"Les 6 mois d&#8217;enseignements fondamentaux pratiques","item":"https:\/\/wpvit.efb.fr\/index.php\/je-suis-eleve-avocat-a-lefb\/je-gere-ma-formation\/6-mois-enseignements-frondamentaux-pratiques\/"},{"@type":"ListItem","position":5,"name":"Les 2 parcours de sp\u00e9cialisation au choix","item":"https:\/\/wpvit.efb.fr\/index.php\/je-suis-eleve-avocat-a-lefb\/je-gere-ma-formation\/6-mois-enseignements-frondamentaux-pratiques\/parcours-de-specialisation\/"},{"@type":"ListItem","position":6,"name":"Parcours Immobilier"}]},{"@type":"WebSite","@id":"https:\/\/wpvit.efb.fr\/#website","url":"https:\/\/wpvit.efb.fr\/","name":"EFB","description":"","publisher":{"@id":"https:\/\/wpvit.efb.fr\/#organization"},"potentialAction":[{"@type":"SearchAction","target":{"@type":"EntryPoint","urlTemplate":"https:\/\/wpvit.efb.fr\/?s={search_term_string}"},"query-input":{"@type":"PropertyValueSpecification","valueRequired":true,"valueName":"search_term_string"}}],"inLanguage":"fr-FR"},{"@type":"Organization","@id":"https:\/\/wpvit.efb.fr\/#organization","name":"\u00c9cole de formation professionnelle des barreaux du ressort de la cour d\u2019appel de Paris (EFB)","alternateName":"\u00c9cole de Formation des Barreaux (EFB)","url":"https:\/\/wpvit.efb.fr\/","logo":{"@type":"ImageObject","inLanguage":"fr-FR","@id":"https:\/\/wpvit.efb.fr\/#\/schema\/logo\/image\/","url":"https:\/\/wpvit.efb.fr\/wp-content\/uploads\/2024\/10\/cropped-Logo-EFB-2023_fond-transparent_mail.png","contentUrl":"https:\/\/wpvit.efb.fr\/wp-content\/uploads\/2024\/10\/cropped-Logo-EFB-2023_fond-transparent_mail.png","width":638,"height":282,"caption":"\u00c9cole de formation professionnelle des barreaux du ressort de la cour d\u2019appel de Paris (EFB)"},"image":{"@id":"https:\/\/wpvit.efb.fr\/#\/schema\/logo\/image\/"}}]}},"_links":{"self":[{"href":"https:\/\/wpvit.efb.fr\/index.php\/wp-json\/wp\/v2\/pages\/7571","targetHints":{"allow":["GET"]}}],"collection":[{"href":"https:\/\/wpvit.efb.fr\/index.php\/wp-json\/wp\/v2\/pages"}],"about":[{"href":"https:\/\/wpvit.efb.fr\/index.php\/wp-json\/wp\/v2\/types\/page"}],"author":[{"embeddable":true,"href":"https:\/\/wpvit.efb.fr\/index.php\/wp-json\/wp\/v2\/users\/1"}],"replies":[{"embeddable":true,"href":"https:\/\/wpvit.efb.fr\/index.php\/wp-json\/wp\/v2\/comments?post=7571"}],"version-history":[{"count":82,"href":"https:\/\/wpvit.efb.fr\/index.php\/wp-json\/wp\/v2\/pages\/7571\/revisions"}],"predecessor-version":[{"id":39803,"href":"https:\/\/wpvit.efb.fr\/index.php\/wp-json\/wp\/v2\/pages\/7571\/revisions\/39803"}],"up":[{"embeddable":true,"href":"https:\/\/wpvit.efb.fr\/index.php\/wp-json\/wp\/v2\/pages\/6771"}],"wp:attachment":[{"href":"https:\/\/wpvit.efb.fr\/index.php\/wp-json\/wp\/v2\/media?parent=7571"}],"curies":[{"name":"wp","href":"https:\/\/api.w.org\/{rel}","templated":true}]}}