{"id":7598,"date":"2023-04-03T14:27:44","date_gmt":"2023-04-03T12:27:44","guid":{"rendered":"https:\/\/wpvit.efb.fr\/?page_id=7598"},"modified":"2025-07-04T14:57:33","modified_gmt":"2025-07-04T12:57:33","slug":"parcours-public","status":"publish","type":"page","link":"https:\/\/wpvit.efb.fr\/index.php\/je-suis-eleve-avocat-a-lefb\/je-gere-ma-formation\/6-mois-enseignements-frondamentaux-pratiques\/parcours-de-specialisation\/parcours-public\/","title":{"rendered":"Parcours Public"},"content":{"rendered":"\t\t<div data-elementor-type=\"wp-page\" data-elementor-id=\"7598\" class=\"elementor elementor-7598\" data-elementor-post-type=\"page\">\n\t\t\t\t<div class=\"elementor-element elementor-element-35854ea custom-gradient-bg elementor-hidden-tablet elementor-hidden-mobile e-flex e-con-boxed e-con e-parent\" data-id=\"35854ea\" data-element_type=\"container\" data-e-type=\"container\" data-settings=\"{&quot;background_background&quot;:&quot;classic&quot;}\">\n\t\t\t\t\t<div class=\"e-con-inner\">\n\t\t<div class=\"elementor-element elementor-element-69b9101 e-con-full e-flex e-con e-child\" data-id=\"69b9101\" data-element_type=\"container\" data-e-type=\"container\">\n\t\t<div class=\"elementor-element elementor-element-a7ee7ff e-con-full e-flex e-con e-child\" data-id=\"a7ee7ff\" data-element_type=\"container\" data-e-type=\"container\" data-settings=\"{&quot;background_background&quot;:&quot;classic&quot;}\">\n\t\t\t\t<div class=\"elementor-element elementor-element-3fbe7fe elementor-widget elementor-widget-heading\" data-id=\"3fbe7fe\" data-element_type=\"widget\" data-e-type=\"widget\" data-widget_type=\"heading.default\">\n\t\t\t\t<div class=\"elementor-widget-container\">\n\t\t\t\t\t<h2 class=\"elementor-heading-title elementor-size-default\">Je g\u00e8re ma formation<\/h2>\t\t\t\t<\/div>\n\t\t\t\t<\/div>\n\t\t\t\t<div class=\"elementor-element elementor-element-28e5f76 elementor-widget elementor-widget-heading\" data-id=\"28e5f76\" data-element_type=\"widget\" data-e-type=\"widget\" data-widget_type=\"heading.default\">\n\t\t\t\t<div class=\"elementor-widget-container\">\n\t\t\t\t\t<h5 class=\"elementor-heading-title elementor-size-default\">Parcours Public<\/h5>\t\t\t\t<\/div>\n\t\t\t\t<\/div>\n\t\t\t\t<\/div>\n\t\t\t\t<\/div>\n\t\t\t\t\t<\/div>\n\t\t\t\t<\/div>\n\t\t<div class=\"elementor-element elementor-element-d70dce1 elementor-hidden-desktop e-con-full e-flex e-con e-parent\" data-id=\"d70dce1\" data-element_type=\"container\" data-e-type=\"container\">\n\t\t<div class=\"elementor-element elementor-element-bcbbeca custom-gradient-bg e-con-full e-flex e-con e-child\" data-id=\"bcbbeca\" data-element_type=\"container\" data-e-type=\"container\">\n\t\t\t\t<div class=\"elementor-element elementor-element-38db00a elementor-widget elementor-widget-heading\" data-id=\"38db00a\" data-element_type=\"widget\" data-e-type=\"widget\" data-widget_type=\"heading.default\">\n\t\t\t\t<div class=\"elementor-widget-container\">\n\t\t\t\t\t<h2 class=\"elementor-heading-title elementor-size-default\">Je g\u00e8re ma formation<\/h2>\t\t\t\t<\/div>\n\t\t\t\t<\/div>\n\t\t\t\t<div class=\"elementor-element elementor-element-7ca67df elementor-widget elementor-widget-heading\" data-id=\"7ca67df\" data-element_type=\"widget\" data-e-type=\"widget\" data-widget_type=\"heading.default\">\n\t\t\t\t<div class=\"elementor-widget-container\">\n\t\t\t\t\t<h5 class=\"elementor-heading-title elementor-size-default\">Parcours Public<\/h5>\t\t\t\t<\/div>\n\t\t\t\t<\/div>\n\t\t\t\t<\/div>\n\t\t\t\t<\/div>\n\t\t<div class=\"elementor-element elementor-element-5c1544a e-flex e-con-boxed e-con e-parent\" data-id=\"5c1544a\" data-element_type=\"container\" data-e-type=\"container\">\n\t\t\t\t\t<div class=\"e-con-inner\">\n\t\t<div class=\"elementor-element elementor-element-b6d5878 e-con-full e-flex e-con e-child\" data-id=\"b6d5878\" data-element_type=\"container\" data-e-type=\"container\">\n\t\t\t\t<div class=\"elementor-element elementor-element-1c278cf elementor-align-left elementor-widget elementor-widget-breadcrumbs\" data-id=\"1c278cf\" data-element_type=\"widget\" data-e-type=\"widget\" data-widget_type=\"breadcrumbs.default\">\n\t\t\t\t<div class=\"elementor-widget-container\">\n\t\t\t\t\t<p id=\"breadcrumbs\"><span><span><a href=\"https:\/\/wpvit.efb.fr\/\">Accueil<\/a><\/span><\/span><\/p>\t\t\t\t<\/div>\n\t\t\t\t<\/div>\n\t\t<div class=\"elementor-element elementor-element-4b78cdc e-con-full e-flex e-con e-child\" data-id=\"4b78cdc\" data-element_type=\"container\" data-e-type=\"container\">\n\t\t\t\t<div class=\"elementor-element elementor-element-3ba78cd elementor-hidden-tablet elementor-hidden-mobile elementor-widget elementor-widget-heading\" data-id=\"3ba78cd\" data-element_type=\"widget\" data-e-type=\"widget\" data-widget_type=\"heading.default\">\n\t\t\t\t<div class=\"elementor-widget-container\">\n\t\t\t\t\t<h3 class=\"elementor-heading-title elementor-size-default\">Parcours  public<\/h3>\t\t\t\t<\/div>\n\t\t\t\t<\/div>\n\t\t\t\t<div class=\"elementor-element elementor-element-bdd3a39 elementor-hidden-tablet elementor-hidden-mobile elementor-widget-divider--view-line elementor-widget elementor-widget-divider\" data-id=\"bdd3a39\" data-element_type=\"widget\" data-e-type=\"widget\" data-widget_type=\"divider.default\">\n\t\t\t\t<div class=\"elementor-widget-container\">\n\t\t\t\t\t\t\t<div class=\"elementor-divider\">\n\t\t\t<span class=\"elementor-divider-separator\">\n\t\t\t\t\t\t<\/span>\n\t\t<\/div>\n\t\t\t\t\t\t<\/div>\n\t\t\t\t<\/div>\n\t\t\t\t<\/div>\n\t\t<div class=\"elementor-element elementor-element-1911713 e-flex e-con-boxed e-con e-child\" data-id=\"1911713\" data-element_type=\"container\" data-e-type=\"container\">\n\t\t\t\t\t<div class=\"e-con-inner\">\n\t\t<div class=\"elementor-element elementor-element-68d7d99 e-con-full e-flex e-con e-child\" data-id=\"68d7d99\" data-element_type=\"container\" data-e-type=\"container\">\n\t\t<div class=\"elementor-element elementor-element-2dee78b e-con-full e-flex e-con e-child\" data-id=\"2dee78b\" data-element_type=\"container\" data-e-type=\"container\">\n\t\t\t\t<div class=\"elementor-element elementor-element-336010e elementor-view-default elementor-widget elementor-widget-icon\" data-id=\"336010e\" data-element_type=\"widget\" data-e-type=\"widget\" data-widget_type=\"icon.default\">\n\t\t\t\t<div class=\"elementor-widget-container\">\n\t\t\t\t\t\t\t<div class=\"elementor-icon-wrapper\">\n\t\t\t<div class=\"elementor-icon\">\n\t\t\t<svg aria-hidden=\"true\" class=\"e-font-icon-svg e-fas-user-friends\" viewBox=\"0 0 640 512\" xmlns=\"http:\/\/www.w3.org\/2000\/svg\"><path d=\"M192 256c61.9 0 112-50.1 112-112S253.9 32 192 32 80 82.1 80 144s50.1 112 112 112zm76.8 32h-8.3c-20.8 10-43.9 16-68.5 16s-47.6-6-68.5-16h-8.3C51.6 288 0 339.6 0 403.2V432c0 26.5 21.5 48 48 48h288c26.5 0 48-21.5 48-48v-28.8c0-63.6-51.6-115.2-115.2-115.2zM480 256c53 0 96-43 96-96s-43-96-96-96-96 43-96 96 43 96 96 96zm48 32h-3.8c-13.9 4.8-28.6 8-44.2 8s-30.3-3.2-44.2-8H432c-20.4 0-39.2 5.9-55.7 15.4 24.4 26.3 39.7 61.2 39.7 99.8v38.4c0 2.2-.5 4.3-.6 6.4H592c26.5 0 48-21.5 48-48 0-61.9-50.1-112-112-112z\"><\/path><\/svg>\t\t\t<\/div>\n\t\t<\/div>\n\t\t\t\t\t\t<\/div>\n\t\t\t\t<\/div>\n\t\t\t\t<\/div>\n\t\t<div class=\"elementor-element elementor-element-a0b1197 e-con-full e-flex e-con e-child\" data-id=\"a0b1197\" data-element_type=\"container\" data-e-type=\"container\">\n\t\t\t\t<div class=\"elementor-element elementor-element-b8021a5 elementor-widget__width-initial elementor-widget elementor-widget-heading\" data-id=\"b8021a5\" data-element_type=\"widget\" data-e-type=\"widget\" data-widget_type=\"heading.default\">\n\t\t\t\t<div class=\"elementor-widget-container\">\n\t\t\t\t\t<h5 class=\"elementor-heading-title elementor-size-default\">Public<\/h5>\t\t\t\t<\/div>\n\t\t\t\t<\/div>\n\t\t\t\t<div class=\"elementor-element elementor-element-aa42bf6 elementor-widget__width-initial elementor-widget elementor-widget-text-editor\" data-id=\"aa42bf6\" data-element_type=\"widget\" data-e-type=\"widget\" data-widget_type=\"text-editor.default\">\n\t\t\t\t<div class=\"elementor-widget-container\">\n\t\t\t\t\t\t\t\t\t<p>Tout \u00e9l\u00e8ve avocat.<\/p>\t\t\t\t\t\t\t\t<\/div>\n\t\t\t\t<\/div>\n\t\t\t\t<div class=\"elementor-element elementor-element-f71e5fc elementor-widget__width-initial elementor-hidden-tablet elementor-hidden-mobile elementor-widget elementor-widget-text-editor\" data-id=\"f71e5fc\" data-element_type=\"widget\" data-e-type=\"widget\" data-widget_type=\"text-editor.default\">\n\t\t\t\t<div class=\"elementor-widget-container\">\n\t\t\t\t\t\t\t\t\t<p>L\u2019objectif g\u00e9n\u00e9ral de ce parcours est d\u2019enseigner \u00e0 l\u2019\u00e9l\u00e8ve avocat les outils et m\u00e9thodes de l\u2019avocat en exercice, appliqu\u00e9s au droit public.<\/p>\t\t\t\t\t\t\t\t<\/div>\n\t\t\t\t<\/div>\n\t\t\t\t<\/div>\n\t\t\t\t<\/div>\n\t\t\t\t<div class=\"elementor-element elementor-element-c588893 elementor-widget__width-initial elementor-hidden-desktop elementor-widget elementor-widget-text-editor\" data-id=\"c588893\" data-element_type=\"widget\" data-e-type=\"widget\" data-widget_type=\"text-editor.default\">\n\t\t\t\t<div class=\"elementor-widget-container\">\n\t\t\t\t\t\t\t\t\t<p>L\u2019objectif g\u00e9n\u00e9ral de ce parcours est d\u2019enseigner \u00e0 l\u2019\u00e9l\u00e8ve avocat les outils et m\u00e9thodes de l\u2019avocat en exercice, appliqu\u00e9s au droit public.<\/p>\t\t\t\t\t\t\t\t<\/div>\n\t\t\t\t<\/div>\n\t\t<div class=\"elementor-element elementor-element-3ca14a1 contact-shadow elementor-hidden-tablet elementor-hidden-mobile e-flex e-con-boxed e-con e-child\" data-id=\"3ca14a1\" data-element_type=\"container\" data-e-type=\"container\">\n\t\t\t\t\t<div class=\"e-con-inner\">\n\t\t\t\t<div class=\"elementor-element elementor-element-0de279e elementor-widget elementor-widget-video\" data-id=\"0de279e\" data-element_type=\"widget\" data-e-type=\"widget\" data-settings=\"{&quot;youtube_url&quot;:&quot;https:\\\/\\\/youtu.be\\\/fiBA4yjkLOg&quot;,&quot;video_type&quot;:&quot;youtube&quot;,&quot;controls&quot;:&quot;yes&quot;}\" data-widget_type=\"video.default\">\n\t\t\t\t<div class=\"elementor-widget-container\">\n\t\t\t\t\t\t\t<div class=\"elementor-wrapper elementor-open-inline\">\n\t\t\t<div class=\"elementor-video\"><\/div>\t\t<\/div>\n\t\t\t\t\t\t<\/div>\n\t\t\t\t<\/div>\n\t\t\t\t\t<\/div>\n\t\t\t\t<\/div>\n\t\t<div class=\"elementor-element elementor-element-078af26 e-con-full elementor-hidden-desktop e-flex e-con e-child\" data-id=\"078af26\" data-element_type=\"container\" data-e-type=\"container\">\n\t\t\t\t<div class=\"elementor-element elementor-element-f2cae3f elementor-widget elementor-widget-video\" data-id=\"f2cae3f\" data-element_type=\"widget\" data-e-type=\"widget\" data-settings=\"{&quot;youtube_url&quot;:&quot;https:\\\/\\\/youtu.be\\\/fiBA4yjkLOg&quot;,&quot;video_type&quot;:&quot;youtube&quot;,&quot;controls&quot;:&quot;yes&quot;}\" data-widget_type=\"video.default\">\n\t\t\t\t<div class=\"elementor-widget-container\">\n\t\t\t\t\t\t\t<div class=\"elementor-wrapper elementor-open-inline\">\n\t\t\t<div class=\"elementor-video\"><\/div>\t\t<\/div>\n\t\t\t\t\t\t<\/div>\n\t\t\t\t<\/div>\n\t\t\t\t<\/div>\n\t\t\t\t\t<\/div>\n\t\t\t\t<\/div>\n\t\t\t\t<\/div>\n\t\t\t\t\t<\/div>\n\t\t\t\t<\/div>\n\t\t<div class=\"elementor-element elementor-element-58f9e78 e-flex e-con-boxed e-con e-parent\" data-id=\"58f9e78\" data-element_type=\"container\" data-e-type=\"container\">\n\t\t\t\t\t<div class=\"e-con-inner\">\n\t\t\t\t<div class=\"elementor-element elementor-element-87f924b elementor-widget__width-initial elementor-widget elementor-widget-heading\" data-id=\"87f924b\" data-element_type=\"widget\" data-e-type=\"widget\" data-widget_type=\"heading.default\">\n\t\t\t\t<div class=\"elementor-widget-container\">\n\t\t\t\t\t<h5 class=\"elementor-heading-title elementor-size-default\">Pr\u00e9sentation du responsable p\u00e9dagogique<\/h5>\t\t\t\t<\/div>\n\t\t\t\t<\/div>\n\t\t\t\t<div class=\"elementor-element elementor-element-069acfb elementor-widget elementor-widget-text-editor\" data-id=\"069acfb\" data-element_type=\"widget\" data-e-type=\"widget\" data-widget_type=\"text-editor.default\">\n\t\t\t\t<div class=\"elementor-widget-container\">\n\t\t\t\t\t\t\t\t\t<p><strong>Jean-Marc Peyrical<\/strong>, avocat associ\u00e9 \u2013 cabinet Peyrical &amp; Sabattier Associ\u00e9s. Expertise en droit des contrats publics, droit de l\u2019\u00e9conomie mixte et des soci\u00e9t\u00e9s publiques, droit de l\u2019urbanisme et de l\u2019am\u00e9nagement et droit de la domanialit\u00e9.<\/p>\t\t\t\t\t\t\t\t<\/div>\n\t\t\t\t<\/div>\n\t\t\t\t<div class=\"elementor-element elementor-element-6a4eddd elementor-widget__width-initial elementor-widget elementor-widget-heading\" data-id=\"6a4eddd\" data-element_type=\"widget\" data-e-type=\"widget\" data-widget_type=\"heading.default\">\n\t\t\t\t<div class=\"elementor-widget-container\">\n\t\t\t\t\t<h5 class=\"elementor-heading-title elementor-size-default\">Contenu du programme\n<br><\/h5>\t\t\t\t<\/div>\n\t\t\t\t<\/div>\n\t\t\t\t<div class=\"elementor-element elementor-element-a69fef9 elementor-widget elementor-widget-text-editor\" data-id=\"a69fef9\" data-element_type=\"widget\" data-e-type=\"widget\" data-widget_type=\"text-editor.default\">\n\t\t\t\t<div class=\"elementor-widget-container\">\n\t\t\t\t\t\t\t\t\t<p>&#8211; Pr\u00e9sentation au Conseil d\u2019Etat<br \/>&#8211; R\u00e9daction\/analyse d\u2019un contrat de la commande publique<br \/>&#8211; Les clauses principales d\u2019un contrat de la commande publique<br \/>&#8211; Savoir r\u00e9diger le r\u00e8glement de consultation d\u2019un appel d\u2019offres<br \/>&#8211; Savoir r\u00e9diger une consultation relatant toute la proc\u00e9dure de cr\u00e9ation et de mise en place d\u2019un dossier relatif \u00e0 la construction d\u2019une installation class\u00e9e au titre de la protection de l\u2019environnement \u2013 savoir r\u00e9diger une consultation relative \u00e0 la QPC portant sur une probl\u00e9matique de droit public<br \/>&#8211; Savoir r\u00e9diger une consultation portant sur les diff\u00e9rents modes de valorisation, par une collectivit\u00e9 territoriale, de son patrimoine immobilier<br \/>&#8211; M\u00e9thodologie pour lecture d\u2019un PLUi \u2013 savoir r\u00e9diger une consultation sur le choix d\u2019une proc\u00e9dure d\u2019\u00e9volution appropri\u00e9e du PLUi<br \/>&#8211; Savoir conduire une proc\u00e9dure de r\u00e9f\u00e9r\u00e9 pr\u00e9-contractuel devant le juge administratif<br \/>&#8211; Savoir conduire un recours contre une proc\u00e9dure de cr\u00e9ation d\u2019une installation class\u00e9e pour la protection de l\u2019environnement<br \/>&#8211; Les contentieux de l\u2019urbanisme et de l\u2019habitat devant le juge judiciaire<br \/>&#8211; Recours contre une d\u00e9cision de r\u00e9siliation unilat\u00e9rale d\u2019une concession<br \/>&#8211; Savoir conduire une proc\u00e9dure en droit des \u00e9trangers<br \/>&#8211; Savoir conduire un recours contre un permis de construire<\/p>\t\t\t\t\t\t\t\t<\/div>\n\t\t\t\t<\/div>\n\t\t\t\t<div class=\"elementor-element elementor-element-bd1914e elementor-widget__width-initial elementor-widget elementor-widget-heading\" data-id=\"bd1914e\" data-element_type=\"widget\" data-e-type=\"widget\" data-widget_type=\"heading.default\">\n\t\t\t\t<div class=\"elementor-widget-container\">\n\t\t\t\t\t<h5 class=\"elementor-heading-title elementor-size-default\">Modalit\u00e9s d'\u00e9valuation<\/h5>\t\t\t\t<\/div>\n\t\t\t\t<\/div>\n\t\t\t\t<div class=\"elementor-element elementor-element-cff539a elementor-widget elementor-widget-text-editor\" data-id=\"cff539a\" data-element_type=\"widget\" data-e-type=\"widget\" data-widget_type=\"text-editor.default\">\n\t\t\t\t<div class=\"elementor-widget-container\">\n\t\t\t\t\t\t\t\t\t<p>Foisonnements (en bin\u00f4me) :\u00a0<\/p><p><br \/>Dossiers et sujets distribu\u00e9s aux \u00e9l\u00e8ves qui disposent d\u2019un d\u00e9lai donn\u00e9 pour rendre leurs consultations, \u00e9critures, ou actes juridiques (ces derniers \u00e9tant pr\u00e9par\u00e9s en bin\u00f4me).<\/p><p>Une s\u00e9ance de correction, de 2h00 par exercice, en groupe restreint, est dispens\u00e9e par l\u2019intervenant qui a corrig\u00e9 les copies et les a not\u00e9es.<\/p><p>Cette s\u00e9ance de correction est suivie d\u2019une s\u00e9ance de plaidoirie ou de restitution \u00e0 son client d\u20191h30 \u00e0 3 bin\u00f4mes.<\/p><p>Une note sur 20 est attribu\u00e9e par exercice (consultation, \u00e9critures et plaidoiries ou pr\u00e9sentation orale).<\/p>\t\t\t\t\t\t\t\t<\/div>\n\t\t\t\t<\/div>\n\t\t<div class=\"elementor-element elementor-element-d6ee7f4 e-con-full e-flex e-con e-child\" data-id=\"d6ee7f4\" data-element_type=\"container\" data-e-type=\"container\">\n\t\t\t\t<div class=\"elementor-element elementor-element-e4f637f elementor-align-end elementor-mobile-align-center elementor-icon-list--layout-traditional elementor-list-item-link-full_width elementor-widget elementor-widget-icon-list\" data-id=\"e4f637f\" data-element_type=\"widget\" data-e-type=\"widget\" data-widget_type=\"icon-list.default\">\n\t\t\t\t<div class=\"elementor-widget-container\">\n\t\t\t\t\t\t\t<ul class=\"elementor-icon-list-items\">\n\t\t\t\t\t\t\t<li class=\"elementor-icon-list-item\">\n\t\t\t\t\t\t\t\t\t\t\t<a href=\"https:\/\/wpvit.efb.fr\/?page_id=6771#parcours-list\">\n\n\t\t\t\t\t\t\t\t\t\t\t\t<span class=\"elementor-icon-list-icon\">\n\t\t\t\t\t\t\t<svg aria-hidden=\"true\" class=\"e-font-icon-svg e-fas-arrow-left\" viewBox=\"0 0 448 512\" xmlns=\"http:\/\/www.w3.org\/2000\/svg\"><path d=\"M257.5 445.1l-22.2 22.2c-9.4 9.4-24.6 9.4-33.9 0L7 273c-9.4-9.4-9.4-24.6 0-33.9L201.4 44.7c9.4-9.4 24.6-9.4 33.9 0l22.2 22.2c9.5 9.5 9.3 25-.4 34.3L136.6 216H424c13.3 0 24 10.7 24 24v32c0 13.3-10.7 24-24 24H136.6l120.5 114.8c9.8 9.3 10 24.8.4 34.3z\"><\/path><\/svg>\t\t\t\t\t\t<\/span>\n\t\t\t\t\t\t\t\t\t\t<span class=\"elementor-icon-list-text\">Retour \u00e0 la liste des parcours<\/span>\n\t\t\t\t\t\t\t\t\t\t\t<\/a>\n\t\t\t\t\t\t\t\t\t<\/li>\n\t\t\t\t\t\t<\/ul>\n\t\t\t\t\t\t<\/div>\n\t\t\t\t<\/div>\n\t\t\t\t<\/div>\n\t\t\t\t\t<\/div>\n\t\t\t\t<\/div>\n\t\t\t\t<\/div>\n\t\t","protected":false},"excerpt":{"rendered":"<p>Je g\u00e8re ma formation Parcours Public Je g\u00e8re ma formation Parcours Public Parcours public Public Tout \u00e9l\u00e8ve avocat. L\u2019objectif g\u00e9n\u00e9ral de ce parcours est d\u2019enseigner \u00e0 l\u2019\u00e9l\u00e8ve avocat les outils et m\u00e9thodes de l\u2019avocat en exercice, appliqu\u00e9s au droit public. L\u2019objectif g\u00e9n\u00e9ral de ce parcours est d\u2019enseigner \u00e0 l\u2019\u00e9l\u00e8ve avocat les outils et m\u00e9thodes de l\u2019avocat en exercice, appliqu\u00e9s au droit public. https:\/\/youtu.be\/fiBA4yjkLOghttps:\/\/youtu.be\/fiBA4yjkLOg Pr\u00e9sentation du responsable p\u00e9dagogique Jean-Marc Peyrical, avocat associ\u00e9 \u2013 cabinet Peyrical &amp; Sabattier Associ\u00e9s. Expertise en droit des contrats publics, droit de l\u2019\u00e9conomie mixte et des soci\u00e9t\u00e9s publiques, droit de l\u2019urbanisme et de l\u2019am\u00e9nagement et droit de la domanialit\u00e9. Contenu du programme &#8211; Pr\u00e9sentation au Conseil d\u2019Etat&#8211; R\u00e9daction\/analyse d\u2019un contrat de la commande publique&#8211; Les clauses principales d\u2019un contrat de la commande publique&#8211; Savoir r\u00e9diger le r\u00e8glement de consultation d\u2019un appel d\u2019offres&#8211; Savoir r\u00e9diger une consultation relatant toute la proc\u00e9dure de cr\u00e9ation et de mise en place d\u2019un dossier relatif \u00e0 la construction d\u2019une installation class\u00e9e au titre de la protection de l\u2019environnement \u2013 savoir r\u00e9diger une consultation relative \u00e0 la QPC portant sur une probl\u00e9matique de droit public&#8211; Savoir r\u00e9diger une consultation portant sur les diff\u00e9rents modes de valorisation, par une collectivit\u00e9 territoriale, de son patrimoine immobilier&#8211; M\u00e9thodologie pour lecture d\u2019un PLUi \u2013 savoir r\u00e9diger une consultation sur le choix d\u2019une proc\u00e9dure d\u2019\u00e9volution appropri\u00e9e du PLUi&#8211; Savoir conduire une proc\u00e9dure de r\u00e9f\u00e9r\u00e9 pr\u00e9-contractuel devant le juge administratif&#8211; Savoir conduire un recours contre une proc\u00e9dure de cr\u00e9ation d\u2019une installation class\u00e9e pour la protection de l\u2019environnement&#8211; Les contentieux de l\u2019urbanisme et de l\u2019habitat devant le juge judiciaire&#8211; Recours contre une d\u00e9cision de r\u00e9siliation unilat\u00e9rale d\u2019une concession&#8211; Savoir conduire une proc\u00e9dure en droit des \u00e9trangers&#8211; Savoir conduire un recours contre un permis de construire Modalit\u00e9s d&rsquo;\u00e9valuation Foisonnements (en bin\u00f4me) :\u00a0 Dossiers et sujets distribu\u00e9s aux \u00e9l\u00e8ves qui disposent d\u2019un d\u00e9lai donn\u00e9 pour rendre leurs consultations, \u00e9critures, ou actes juridiques (ces derniers \u00e9tant pr\u00e9par\u00e9s en bin\u00f4me). Une s\u00e9ance de correction, de 2h00 par exercice, en groupe restreint, est dispens\u00e9e par l\u2019intervenant qui a corrig\u00e9 les copies et les a not\u00e9es. Cette s\u00e9ance de correction est suivie d\u2019une s\u00e9ance de plaidoirie ou de restitution \u00e0 son client d\u20191h30 \u00e0 3 bin\u00f4mes. Une note sur 20 est attribu\u00e9e par exercice (consultation, \u00e9critures et plaidoiries ou pr\u00e9sentation orale). Retour \u00e0 la liste des parcours<\/p>\n","protected":false},"author":1,"featured_media":0,"parent":6771,"menu_order":0,"comment_status":"closed","ping_status":"closed","template":"","meta":{"_acf_changed":false,"footnotes":""},"class_list":["post-7598","page","type-page","status-publish","hentry"],"acf":[],"yoast_head":"<!-- This site is optimized with the Yoast SEO plugin v27.4 - https:\/\/yoast.com\/product\/yoast-seo-wordpress\/ -->\n<title>Parcours Public - efb.fr<\/title>\n<meta name=\"robots\" content=\"index, follow, max-snippet:-1, max-image-preview:large, max-video-preview:-1\" \/>\n<link rel=\"canonical\" href=\"https:\/\/wpvit.efb.fr\/index.php\/je-suis-eleve-avocat-a-lefb\/je-gere-ma-formation\/6-mois-enseignements-frondamentaux-pratiques\/parcours-de-specialisation\/parcours-public\/\" \/>\n<meta property=\"og:locale\" content=\"fr_FR\" \/>\n<meta property=\"og:type\" content=\"article\" \/>\n<meta property=\"og:title\" content=\"Parcours Public - efb.fr\" \/>\n<meta property=\"og:description\" content=\"Je g\u00e8re ma formation Parcours Public Je g\u00e8re ma formation Parcours Public Parcours public Public Tout \u00e9l\u00e8ve avocat. L\u2019objectif g\u00e9n\u00e9ral de ce parcours est d\u2019enseigner \u00e0 l\u2019\u00e9l\u00e8ve avocat les outils et m\u00e9thodes de l\u2019avocat en exercice, appliqu\u00e9s au droit public. L\u2019objectif g\u00e9n\u00e9ral de ce parcours est d\u2019enseigner \u00e0 l\u2019\u00e9l\u00e8ve avocat les outils et m\u00e9thodes de l\u2019avocat en exercice, appliqu\u00e9s au droit public. https:\/\/youtu.be\/fiBA4yjkLOghttps:\/\/youtu.be\/fiBA4yjkLOg Pr\u00e9sentation du responsable p\u00e9dagogique Jean-Marc Peyrical, avocat associ\u00e9 \u2013 cabinet Peyrical &amp; Sabattier Associ\u00e9s. Expertise en droit des contrats publics, droit de l\u2019\u00e9conomie mixte et des soci\u00e9t\u00e9s publiques, droit de l\u2019urbanisme et de l\u2019am\u00e9nagement et droit de la domanialit\u00e9. Contenu du programme &#8211; Pr\u00e9sentation au Conseil d\u2019Etat&#8211; R\u00e9daction\/analyse d\u2019un contrat de la commande publique&#8211; Les clauses principales d\u2019un contrat de la commande publique&#8211; Savoir r\u00e9diger le r\u00e8glement de consultation d\u2019un appel d\u2019offres&#8211; Savoir r\u00e9diger une consultation relatant toute la proc\u00e9dure de cr\u00e9ation et de mise en place d\u2019un dossier relatif \u00e0 la construction d\u2019une installation class\u00e9e au titre de la protection de l\u2019environnement \u2013 savoir r\u00e9diger une consultation relative \u00e0 la QPC portant sur une probl\u00e9matique de droit public&#8211; Savoir r\u00e9diger une consultation portant sur les diff\u00e9rents modes de valorisation, par une collectivit\u00e9 territoriale, de son patrimoine immobilier&#8211; M\u00e9thodologie pour lecture d\u2019un PLUi \u2013 savoir r\u00e9diger une consultation sur le choix d\u2019une proc\u00e9dure d\u2019\u00e9volution appropri\u00e9e du PLUi&#8211; Savoir conduire une proc\u00e9dure de r\u00e9f\u00e9r\u00e9 pr\u00e9-contractuel devant le juge administratif&#8211; Savoir conduire un recours contre une proc\u00e9dure de cr\u00e9ation d\u2019une installation class\u00e9e pour la protection de l\u2019environnement&#8211; Les contentieux de l\u2019urbanisme et de l\u2019habitat devant le juge judiciaire&#8211; Recours contre une d\u00e9cision de r\u00e9siliation unilat\u00e9rale d\u2019une concession&#8211; Savoir conduire une proc\u00e9dure en droit des \u00e9trangers&#8211; Savoir conduire un recours contre un permis de construire Modalit\u00e9s d&rsquo;\u00e9valuation Foisonnements (en bin\u00f4me) :\u00a0 Dossiers et sujets distribu\u00e9s aux \u00e9l\u00e8ves qui disposent d\u2019un d\u00e9lai donn\u00e9 pour rendre leurs consultations, \u00e9critures, ou actes juridiques (ces derniers \u00e9tant pr\u00e9par\u00e9s en bin\u00f4me). Une s\u00e9ance de correction, de 2h00 par exercice, en groupe restreint, est dispens\u00e9e par l\u2019intervenant qui a corrig\u00e9 les copies et les a not\u00e9es. Cette s\u00e9ance de correction est suivie d\u2019une s\u00e9ance de plaidoirie ou de restitution \u00e0 son client d\u20191h30 \u00e0 3 bin\u00f4mes. Une note sur 20 est attribu\u00e9e par exercice (consultation, \u00e9critures et plaidoiries ou pr\u00e9sentation orale). Retour \u00e0 la liste des parcours\" \/>\n<meta property=\"og:url\" content=\"https:\/\/wpvit.efb.fr\/index.php\/je-suis-eleve-avocat-a-lefb\/je-gere-ma-formation\/6-mois-enseignements-frondamentaux-pratiques\/parcours-de-specialisation\/parcours-public\/\" \/>\n<meta property=\"og:site_name\" content=\"efb.fr\" \/>\n<meta property=\"article:modified_time\" content=\"2025-07-04T12:57:33+00:00\" \/>\n<meta name=\"twitter:card\" content=\"summary_large_image\" \/>\n<meta name=\"twitter:label1\" content=\"Dur\u00e9e de lecture estim\u00e9e\" \/>\n\t<meta name=\"twitter:data1\" content=\"2 minutes\" \/>\n<script type=\"application\/ld+json\" class=\"yoast-schema-graph\">{\"@context\":\"https:\\\/\\\/schema.org\",\"@graph\":[{\"@type\":\"WebPage\",\"@id\":\"https:\\\/\\\/wpvit.efb.fr\\\/index.php\\\/je-suis-eleve-avocat-a-lefb\\\/je-gere-ma-formation\\\/6-mois-enseignements-frondamentaux-pratiques\\\/parcours-de-specialisation\\\/parcours-public\\\/\",\"url\":\"https:\\\/\\\/wpvit.efb.fr\\\/index.php\\\/je-suis-eleve-avocat-a-lefb\\\/je-gere-ma-formation\\\/6-mois-enseignements-frondamentaux-pratiques\\\/parcours-de-specialisation\\\/parcours-public\\\/\",\"name\":\"Parcours Public - efb.fr\",\"isPartOf\":{\"@id\":\"https:\\\/\\\/wpvit.efb.fr\\\/#website\"},\"datePublished\":\"2023-04-03T12:27:44+00:00\",\"dateModified\":\"2025-07-04T12:57:33+00:00\",\"breadcrumb\":{\"@id\":\"https:\\\/\\\/wpvit.efb.fr\\\/index.php\\\/je-suis-eleve-avocat-a-lefb\\\/je-gere-ma-formation\\\/6-mois-enseignements-frondamentaux-pratiques\\\/parcours-de-specialisation\\\/parcours-public\\\/#breadcrumb\"},\"inLanguage\":\"fr-FR\",\"potentialAction\":[{\"@type\":\"ReadAction\",\"target\":[\"https:\\\/\\\/wpvit.efb.fr\\\/index.php\\\/je-suis-eleve-avocat-a-lefb\\\/je-gere-ma-formation\\\/6-mois-enseignements-frondamentaux-pratiques\\\/parcours-de-specialisation\\\/parcours-public\\\/\"]}]},{\"@type\":\"BreadcrumbList\",\"@id\":\"https:\\\/\\\/wpvit.efb.fr\\\/index.php\\\/je-suis-eleve-avocat-a-lefb\\\/je-gere-ma-formation\\\/6-mois-enseignements-frondamentaux-pratiques\\\/parcours-de-specialisation\\\/parcours-public\\\/#breadcrumb\",\"itemListElement\":[{\"@type\":\"ListItem\",\"position\":1,\"name\":\"Accueil\",\"item\":\"https:\\\/\\\/wpvit.efb.fr\\\/\"},{\"@type\":\"ListItem\",\"position\":2,\"name\":\"Je suis \u00e9l\u00e8ve avocat \u00e0 l&#8217;efb\",\"item\":\"https:\\\/\\\/wpvit.efb.fr\\\/index.php\\\/je-suis-eleve-avocat-a-lefb\\\/\"},{\"@type\":\"ListItem\",\"position\":3,\"name\":\"Je g\u00e8re ma formation\",\"item\":\"https:\\\/\\\/wpvit.efb.fr\\\/index.php\\\/je-suis-eleve-avocat-a-lefb\\\/je-gere-ma-formation\\\/\"},{\"@type\":\"ListItem\",\"position\":4,\"name\":\"Les 6 mois d&#8217;enseignements fondamentaux pratiques\",\"item\":\"https:\\\/\\\/wpvit.efb.fr\\\/index.php\\\/je-suis-eleve-avocat-a-lefb\\\/je-gere-ma-formation\\\/6-mois-enseignements-frondamentaux-pratiques\\\/\"},{\"@type\":\"ListItem\",\"position\":5,\"name\":\"Les 2 parcours de sp\u00e9cialisation au choix\",\"item\":\"https:\\\/\\\/wpvit.efb.fr\\\/index.php\\\/je-suis-eleve-avocat-a-lefb\\\/je-gere-ma-formation\\\/6-mois-enseignements-frondamentaux-pratiques\\\/parcours-de-specialisation\\\/\"},{\"@type\":\"ListItem\",\"position\":6,\"name\":\"Parcours Public\"}]},{\"@type\":\"WebSite\",\"@id\":\"https:\\\/\\\/wpvit.efb.fr\\\/#website\",\"url\":\"https:\\\/\\\/wpvit.efb.fr\\\/\",\"name\":\"EFB\",\"description\":\"\",\"publisher\":{\"@id\":\"https:\\\/\\\/wpvit.efb.fr\\\/#organization\"},\"potentialAction\":[{\"@type\":\"SearchAction\",\"target\":{\"@type\":\"EntryPoint\",\"urlTemplate\":\"https:\\\/\\\/wpvit.efb.fr\\\/?s={search_term_string}\"},\"query-input\":{\"@type\":\"PropertyValueSpecification\",\"valueRequired\":true,\"valueName\":\"search_term_string\"}}],\"inLanguage\":\"fr-FR\"},{\"@type\":\"Organization\",\"@id\":\"https:\\\/\\\/wpvit.efb.fr\\\/#organization\",\"name\":\"\u00c9cole de formation professionnelle des barreaux du ressort de la cour d\u2019appel de Paris (EFB)\",\"alternateName\":\"\u00c9cole de Formation des Barreaux (EFB)\",\"url\":\"https:\\\/\\\/wpvit.efb.fr\\\/\",\"logo\":{\"@type\":\"ImageObject\",\"inLanguage\":\"fr-FR\",\"@id\":\"https:\\\/\\\/wpvit.efb.fr\\\/#\\\/schema\\\/logo\\\/image\\\/\",\"url\":\"https:\\\/\\\/wpvit.efb.fr\\\/wp-content\\\/uploads\\\/2024\\\/10\\\/cropped-Logo-EFB-2023_fond-transparent_mail.png\",\"contentUrl\":\"https:\\\/\\\/wpvit.efb.fr\\\/wp-content\\\/uploads\\\/2024\\\/10\\\/cropped-Logo-EFB-2023_fond-transparent_mail.png\",\"width\":638,\"height\":282,\"caption\":\"\u00c9cole de formation professionnelle des barreaux du ressort de la cour d\u2019appel de Paris (EFB)\"},\"image\":{\"@id\":\"https:\\\/\\\/wpvit.efb.fr\\\/#\\\/schema\\\/logo\\\/image\\\/\"}}]}<\/script>\n<!-- \/ Yoast SEO plugin. -->","yoast_head_json":{"title":"Parcours Public - efb.fr","robots":{"index":"index","follow":"follow","max-snippet":"max-snippet:-1","max-image-preview":"max-image-preview:large","max-video-preview":"max-video-preview:-1"},"canonical":"https:\/\/wpvit.efb.fr\/index.php\/je-suis-eleve-avocat-a-lefb\/je-gere-ma-formation\/6-mois-enseignements-frondamentaux-pratiques\/parcours-de-specialisation\/parcours-public\/","og_locale":"fr_FR","og_type":"article","og_title":"Parcours Public - efb.fr","og_description":"Je g\u00e8re ma formation Parcours Public Je g\u00e8re ma formation Parcours Public Parcours public Public Tout \u00e9l\u00e8ve avocat. L\u2019objectif g\u00e9n\u00e9ral de ce parcours est d\u2019enseigner \u00e0 l\u2019\u00e9l\u00e8ve avocat les outils et m\u00e9thodes de l\u2019avocat en exercice, appliqu\u00e9s au droit public. L\u2019objectif g\u00e9n\u00e9ral de ce parcours est d\u2019enseigner \u00e0 l\u2019\u00e9l\u00e8ve avocat les outils et m\u00e9thodes de l\u2019avocat en exercice, appliqu\u00e9s au droit public. https:\/\/youtu.be\/fiBA4yjkLOghttps:\/\/youtu.be\/fiBA4yjkLOg Pr\u00e9sentation du responsable p\u00e9dagogique Jean-Marc Peyrical, avocat associ\u00e9 \u2013 cabinet Peyrical &amp; Sabattier Associ\u00e9s. Expertise en droit des contrats publics, droit de l\u2019\u00e9conomie mixte et des soci\u00e9t\u00e9s publiques, droit de l\u2019urbanisme et de l\u2019am\u00e9nagement et droit de la domanialit\u00e9. Contenu du programme &#8211; Pr\u00e9sentation au Conseil d\u2019Etat&#8211; R\u00e9daction\/analyse d\u2019un contrat de la commande publique&#8211; Les clauses principales d\u2019un contrat de la commande publique&#8211; Savoir r\u00e9diger le r\u00e8glement de consultation d\u2019un appel d\u2019offres&#8211; Savoir r\u00e9diger une consultation relatant toute la proc\u00e9dure de cr\u00e9ation et de mise en place d\u2019un dossier relatif \u00e0 la construction d\u2019une installation class\u00e9e au titre de la protection de l\u2019environnement \u2013 savoir r\u00e9diger une consultation relative \u00e0 la QPC portant sur une probl\u00e9matique de droit public&#8211; Savoir r\u00e9diger une consultation portant sur les diff\u00e9rents modes de valorisation, par une collectivit\u00e9 territoriale, de son patrimoine immobilier&#8211; M\u00e9thodologie pour lecture d\u2019un PLUi \u2013 savoir r\u00e9diger une consultation sur le choix d\u2019une proc\u00e9dure d\u2019\u00e9volution appropri\u00e9e du PLUi&#8211; Savoir conduire une proc\u00e9dure de r\u00e9f\u00e9r\u00e9 pr\u00e9-contractuel devant le juge administratif&#8211; Savoir conduire un recours contre une proc\u00e9dure de cr\u00e9ation d\u2019une installation class\u00e9e pour la protection de l\u2019environnement&#8211; Les contentieux de l\u2019urbanisme et de l\u2019habitat devant le juge judiciaire&#8211; Recours contre une d\u00e9cision de r\u00e9siliation unilat\u00e9rale d\u2019une concession&#8211; Savoir conduire une proc\u00e9dure en droit des \u00e9trangers&#8211; Savoir conduire un recours contre un permis de construire Modalit\u00e9s d&rsquo;\u00e9valuation Foisonnements (en bin\u00f4me) :\u00a0 Dossiers et sujets distribu\u00e9s aux \u00e9l\u00e8ves qui disposent d\u2019un d\u00e9lai donn\u00e9 pour rendre leurs consultations, \u00e9critures, ou actes juridiques (ces derniers \u00e9tant pr\u00e9par\u00e9s en bin\u00f4me). Une s\u00e9ance de correction, de 2h00 par exercice, en groupe restreint, est dispens\u00e9e par l\u2019intervenant qui a corrig\u00e9 les copies et les a not\u00e9es. Cette s\u00e9ance de correction est suivie d\u2019une s\u00e9ance de plaidoirie ou de restitution \u00e0 son client d\u20191h30 \u00e0 3 bin\u00f4mes. Une note sur 20 est attribu\u00e9e par exercice (consultation, \u00e9critures et plaidoiries ou pr\u00e9sentation orale). Retour \u00e0 la liste des parcours","og_url":"https:\/\/wpvit.efb.fr\/index.php\/je-suis-eleve-avocat-a-lefb\/je-gere-ma-formation\/6-mois-enseignements-frondamentaux-pratiques\/parcours-de-specialisation\/parcours-public\/","og_site_name":"efb.fr","article_modified_time":"2025-07-04T12:57:33+00:00","twitter_card":"summary_large_image","twitter_misc":{"Dur\u00e9e de lecture estim\u00e9e":"2 minutes"},"schema":{"@context":"https:\/\/schema.org","@graph":[{"@type":"WebPage","@id":"https:\/\/wpvit.efb.fr\/index.php\/je-suis-eleve-avocat-a-lefb\/je-gere-ma-formation\/6-mois-enseignements-frondamentaux-pratiques\/parcours-de-specialisation\/parcours-public\/","url":"https:\/\/wpvit.efb.fr\/index.php\/je-suis-eleve-avocat-a-lefb\/je-gere-ma-formation\/6-mois-enseignements-frondamentaux-pratiques\/parcours-de-specialisation\/parcours-public\/","name":"Parcours Public - efb.fr","isPartOf":{"@id":"https:\/\/wpvit.efb.fr\/#website"},"datePublished":"2023-04-03T12:27:44+00:00","dateModified":"2025-07-04T12:57:33+00:00","breadcrumb":{"@id":"https:\/\/wpvit.efb.fr\/index.php\/je-suis-eleve-avocat-a-lefb\/je-gere-ma-formation\/6-mois-enseignements-frondamentaux-pratiques\/parcours-de-specialisation\/parcours-public\/#breadcrumb"},"inLanguage":"fr-FR","potentialAction":[{"@type":"ReadAction","target":["https:\/\/wpvit.efb.fr\/index.php\/je-suis-eleve-avocat-a-lefb\/je-gere-ma-formation\/6-mois-enseignements-frondamentaux-pratiques\/parcours-de-specialisation\/parcours-public\/"]}]},{"@type":"BreadcrumbList","@id":"https:\/\/wpvit.efb.fr\/index.php\/je-suis-eleve-avocat-a-lefb\/je-gere-ma-formation\/6-mois-enseignements-frondamentaux-pratiques\/parcours-de-specialisation\/parcours-public\/#breadcrumb","itemListElement":[{"@type":"ListItem","position":1,"name":"Accueil","item":"https:\/\/wpvit.efb.fr\/"},{"@type":"ListItem","position":2,"name":"Je suis \u00e9l\u00e8ve avocat \u00e0 l&#8217;efb","item":"https:\/\/wpvit.efb.fr\/index.php\/je-suis-eleve-avocat-a-lefb\/"},{"@type":"ListItem","position":3,"name":"Je g\u00e8re ma formation","item":"https:\/\/wpvit.efb.fr\/index.php\/je-suis-eleve-avocat-a-lefb\/je-gere-ma-formation\/"},{"@type":"ListItem","position":4,"name":"Les 6 mois d&#8217;enseignements fondamentaux pratiques","item":"https:\/\/wpvit.efb.fr\/index.php\/je-suis-eleve-avocat-a-lefb\/je-gere-ma-formation\/6-mois-enseignements-frondamentaux-pratiques\/"},{"@type":"ListItem","position":5,"name":"Les 2 parcours de sp\u00e9cialisation au choix","item":"https:\/\/wpvit.efb.fr\/index.php\/je-suis-eleve-avocat-a-lefb\/je-gere-ma-formation\/6-mois-enseignements-frondamentaux-pratiques\/parcours-de-specialisation\/"},{"@type":"ListItem","position":6,"name":"Parcours Public"}]},{"@type":"WebSite","@id":"https:\/\/wpvit.efb.fr\/#website","url":"https:\/\/wpvit.efb.fr\/","name":"EFB","description":"","publisher":{"@id":"https:\/\/wpvit.efb.fr\/#organization"},"potentialAction":[{"@type":"SearchAction","target":{"@type":"EntryPoint","urlTemplate":"https:\/\/wpvit.efb.fr\/?s={search_term_string}"},"query-input":{"@type":"PropertyValueSpecification","valueRequired":true,"valueName":"search_term_string"}}],"inLanguage":"fr-FR"},{"@type":"Organization","@id":"https:\/\/wpvit.efb.fr\/#organization","name":"\u00c9cole de formation professionnelle des barreaux du ressort de la cour d\u2019appel de Paris (EFB)","alternateName":"\u00c9cole de Formation des Barreaux (EFB)","url":"https:\/\/wpvit.efb.fr\/","logo":{"@type":"ImageObject","inLanguage":"fr-FR","@id":"https:\/\/wpvit.efb.fr\/#\/schema\/logo\/image\/","url":"https:\/\/wpvit.efb.fr\/wp-content\/uploads\/2024\/10\/cropped-Logo-EFB-2023_fond-transparent_mail.png","contentUrl":"https:\/\/wpvit.efb.fr\/wp-content\/uploads\/2024\/10\/cropped-Logo-EFB-2023_fond-transparent_mail.png","width":638,"height":282,"caption":"\u00c9cole de formation professionnelle des barreaux du ressort de la cour d\u2019appel de Paris (EFB)"},"image":{"@id":"https:\/\/wpvit.efb.fr\/#\/schema\/logo\/image\/"}}]}},"_links":{"self":[{"href":"https:\/\/wpvit.efb.fr\/index.php\/wp-json\/wp\/v2\/pages\/7598","targetHints":{"allow":["GET"]}}],"collection":[{"href":"https:\/\/wpvit.efb.fr\/index.php\/wp-json\/wp\/v2\/pages"}],"about":[{"href":"https:\/\/wpvit.efb.fr\/index.php\/wp-json\/wp\/v2\/types\/page"}],"author":[{"embeddable":true,"href":"https:\/\/wpvit.efb.fr\/index.php\/wp-json\/wp\/v2\/users\/1"}],"replies":[{"embeddable":true,"href":"https:\/\/wpvit.efb.fr\/index.php\/wp-json\/wp\/v2\/comments?post=7598"}],"version-history":[{"count":70,"href":"https:\/\/wpvit.efb.fr\/index.php\/wp-json\/wp\/v2\/pages\/7598\/revisions"}],"predecessor-version":[{"id":39812,"href":"https:\/\/wpvit.efb.fr\/index.php\/wp-json\/wp\/v2\/pages\/7598\/revisions\/39812"}],"up":[{"embeddable":true,"href":"https:\/\/wpvit.efb.fr\/index.php\/wp-json\/wp\/v2\/pages\/6771"}],"wp:attachment":[{"href":"https:\/\/wpvit.efb.fr\/index.php\/wp-json\/wp\/v2\/media?parent=7598"}],"curies":[{"name":"wp","href":"https:\/\/api.w.org\/{rel}","templated":true}]}}