{"id":7634,"date":"2023-04-03T14:40:35","date_gmt":"2023-04-03T12:40:35","guid":{"rendered":"https:\/\/wpvit.efb.fr\/?page_id=7634"},"modified":"2025-07-04T14:36:30","modified_gmt":"2025-07-04T12:36:30","slug":"parcours-talent-et-innovation","status":"publish","type":"page","link":"https:\/\/wpvit.efb.fr\/index.php\/je-suis-eleve-avocat-a-lefb\/je-gere-ma-formation\/6-mois-enseignements-frondamentaux-pratiques\/parcours-de-specialisation\/parcours-talent-et-innovation\/","title":{"rendered":"Parcours Talent et innovation"},"content":{"rendered":"\t\t<div data-elementor-type=\"wp-page\" data-elementor-id=\"7634\" class=\"elementor elementor-7634\" data-elementor-post-type=\"page\">\n\t\t\t\t<div class=\"elementor-element elementor-element-9be9dce custom-gradient-bg elementor-hidden-tablet elementor-hidden-mobile e-flex e-con-boxed e-con e-parent\" data-id=\"9be9dce\" data-element_type=\"container\" data-e-type=\"container\" data-settings=\"{&quot;background_background&quot;:&quot;classic&quot;}\">\n\t\t\t\t\t<div class=\"e-con-inner\">\n\t\t<div class=\"elementor-element elementor-element-6bcb4f2 e-con-full e-flex e-con e-child\" data-id=\"6bcb4f2\" data-element_type=\"container\" data-e-type=\"container\">\n\t\t<div class=\"elementor-element elementor-element-3f45679 e-con-full e-flex e-con e-child\" data-id=\"3f45679\" data-element_type=\"container\" data-e-type=\"container\" data-settings=\"{&quot;background_background&quot;:&quot;classic&quot;}\">\n\t\t\t\t<div class=\"elementor-element elementor-element-357804c elementor-widget elementor-widget-heading\" data-id=\"357804c\" data-element_type=\"widget\" data-e-type=\"widget\" data-widget_type=\"heading.default\">\n\t\t\t\t<div class=\"elementor-widget-container\">\n\t\t\t\t\t<h2 class=\"elementor-heading-title elementor-size-default\">Je g\u00e8re ma formation<\/h2>\t\t\t\t<\/div>\n\t\t\t\t<\/div>\n\t\t\t\t<div class=\"elementor-element elementor-element-8e613f0 elementor-widget elementor-widget-heading\" data-id=\"8e613f0\" data-element_type=\"widget\" data-e-type=\"widget\" data-widget_type=\"heading.default\">\n\t\t\t\t<div class=\"elementor-widget-container\">\n\t\t\t\t\t<h5 class=\"elementor-heading-title elementor-size-default\">Parcours talent et innovation<\/h5>\t\t\t\t<\/div>\n\t\t\t\t<\/div>\n\t\t\t\t<\/div>\n\t\t\t\t<\/div>\n\t\t\t\t\t<\/div>\n\t\t\t\t<\/div>\n\t\t<div class=\"elementor-element elementor-element-fb8fbb1 elementor-hidden-desktop e-con-full e-flex e-con e-parent\" data-id=\"fb8fbb1\" data-element_type=\"container\" data-e-type=\"container\">\n\t\t<div class=\"elementor-element elementor-element-e35995c custom-gradient-bg e-con-full e-flex e-con e-child\" data-id=\"e35995c\" data-element_type=\"container\" data-e-type=\"container\">\n\t\t\t\t<div class=\"elementor-element elementor-element-565bb69 elementor-widget elementor-widget-heading\" data-id=\"565bb69\" data-element_type=\"widget\" data-e-type=\"widget\" data-widget_type=\"heading.default\">\n\t\t\t\t<div class=\"elementor-widget-container\">\n\t\t\t\t\t<h2 class=\"elementor-heading-title elementor-size-default\">Je g\u00e8re ma formation<\/h2>\t\t\t\t<\/div>\n\t\t\t\t<\/div>\n\t\t\t\t<div class=\"elementor-element elementor-element-a8a5723 elementor-widget elementor-widget-heading\" data-id=\"a8a5723\" data-element_type=\"widget\" data-e-type=\"widget\" data-widget_type=\"heading.default\">\n\t\t\t\t<div class=\"elementor-widget-container\">\n\t\t\t\t\t<h5 class=\"elementor-heading-title elementor-size-default\">Parcours Talent et Innovation<\/h5>\t\t\t\t<\/div>\n\t\t\t\t<\/div>\n\t\t\t\t<\/div>\n\t\t\t\t<\/div>\n\t\t<div class=\"elementor-element elementor-element-feaa373 e-flex e-con-boxed e-con e-parent\" data-id=\"feaa373\" data-element_type=\"container\" data-e-type=\"container\">\n\t\t\t\t\t<div class=\"e-con-inner\">\n\t\t<div class=\"elementor-element elementor-element-f2ce6d2 e-con-full e-flex e-con e-child\" data-id=\"f2ce6d2\" data-element_type=\"container\" data-e-type=\"container\">\n\t\t\t\t<div class=\"elementor-element elementor-element-a908814 elementor-align-left elementor-widget elementor-widget-breadcrumbs\" data-id=\"a908814\" data-element_type=\"widget\" data-e-type=\"widget\" data-widget_type=\"breadcrumbs.default\">\n\t\t\t\t<div class=\"elementor-widget-container\">\n\t\t\t\t\t<p id=\"breadcrumbs\"><span><span><a href=\"https:\/\/wpvit.efb.fr\/\">Accueil<\/a><\/span><\/span><\/p>\t\t\t\t<\/div>\n\t\t\t\t<\/div>\n\t\t<div class=\"elementor-element elementor-element-60cfe87 e-con-full e-flex e-con e-child\" data-id=\"60cfe87\" data-element_type=\"container\" data-e-type=\"container\">\n\t\t\t\t<div class=\"elementor-element elementor-element-0390b59 elementor-hidden-tablet elementor-hidden-mobile elementor-widget elementor-widget-heading\" data-id=\"0390b59\" data-element_type=\"widget\" data-e-type=\"widget\" data-widget_type=\"heading.default\">\n\t\t\t\t<div class=\"elementor-widget-container\">\n\t\t\t\t\t<h3 class=\"elementor-heading-title elementor-size-default\">Parcours  Talent et Innovation<\/h3>\t\t\t\t<\/div>\n\t\t\t\t<\/div>\n\t\t\t\t<div class=\"elementor-element elementor-element-6697780 elementor-hidden-tablet elementor-hidden-mobile elementor-widget-divider--view-line elementor-widget elementor-widget-divider\" data-id=\"6697780\" data-element_type=\"widget\" data-e-type=\"widget\" data-widget_type=\"divider.default\">\n\t\t\t\t<div class=\"elementor-widget-container\">\n\t\t\t\t\t\t\t<div class=\"elementor-divider\">\n\t\t\t<span class=\"elementor-divider-separator\">\n\t\t\t\t\t\t<\/span>\n\t\t<\/div>\n\t\t\t\t\t\t<\/div>\n\t\t\t\t<\/div>\n\t\t\t\t<\/div>\n\t\t<div class=\"elementor-element elementor-element-c17bbd4 e-flex e-con-boxed e-con e-child\" data-id=\"c17bbd4\" data-element_type=\"container\" data-e-type=\"container\">\n\t\t\t\t\t<div class=\"e-con-inner\">\n\t\t<div class=\"elementor-element elementor-element-b6fffb5 e-con-full e-flex e-con e-child\" data-id=\"b6fffb5\" data-element_type=\"container\" data-e-type=\"container\">\n\t\t\t\t<div class=\"elementor-element elementor-element-e39c76b elementor-widget__width-initial elementor-hidden-tablet elementor-hidden-mobile elementor-widget elementor-widget-text-editor\" data-id=\"e39c76b\" data-element_type=\"widget\" data-e-type=\"widget\" data-widget_type=\"text-editor.default\">\n\t\t\t\t<div class=\"elementor-widget-container\">\n\t\t\t\t\t\t\t\t\t<p><span style=\"text-align: justify\">Le parcours Talent &amp; Innovation est encadr\u00e9 par une \u00e9quipe p\u00e9dagogique constitu\u00e9e de professionnels de la transformation des m\u00e9tiers du droit. Il s\u2019adresse aux \u00e9l\u00e8ves avocats qui ont des ambitions d\u2019entrepreneuriat et de management pour leur carri\u00e8re, que ce soit parce qu\u2019ils ont le d\u00e9sir de cr\u00e9er \u00e0 terme une activit\u00e9 commerciale accessoire ou de rapidement s\u2019investir sur les d\u00e9cisions strat\u00e9giques du cabinet qui les recrutera, ou parce qu\u2019ils ont d\u00e8s maintenant un projet de cr\u00e9ation de cabinet.\u00a0<\/span><\/p>\t\t\t\t\t\t\t\t<\/div>\n\t\t\t\t<\/div>\n\t\t\t\t<\/div>\n\t\t\t\t<div class=\"elementor-element elementor-element-cdfc62d elementor-widget__width-initial elementor-hidden-desktop elementor-widget elementor-widget-text-editor\" data-id=\"cdfc62d\" data-element_type=\"widget\" data-e-type=\"widget\" data-widget_type=\"text-editor.default\">\n\t\t\t\t<div class=\"elementor-widget-container\">\n\t\t\t\t\t\t\t\t\t<p><span style=\"text-align: justify\">Le parcours Talent &amp; Innovation est encadr\u00e9 par une \u00e9quipe p\u00e9dagogique constitu\u00e9e de professionnels de la transformation des m\u00e9tiers du droit. Il s\u2019adresse aux \u00e9l\u00e8ves avocats qui ont des ambitions d\u2019entrepreneuriat et de management pour leur carri\u00e8re, que ce soit parce qu\u2019ils ont le d\u00e9sir de cr\u00e9er \u00e0 terme une activit\u00e9 commerciale accessoire ou de rapidement s\u2019investir sur les d\u00e9cisions strat\u00e9giques du cabinet qui les recrutera, ou parce qu\u2019ils ont d\u00e8s maintenant un projet de cr\u00e9ation de cabinet.\u00a0<\/span><\/p>\t\t\t\t\t\t\t\t<\/div>\n\t\t\t\t<\/div>\n\t\t<div class=\"elementor-element elementor-element-3cf27c2 contact-shadow elementor-hidden-tablet elementor-hidden-mobile e-flex e-con-boxed e-con e-child\" data-id=\"3cf27c2\" data-element_type=\"container\" data-e-type=\"container\">\n\t\t\t\t\t<div class=\"e-con-inner\">\n\t\t\t\t<div class=\"elementor-element elementor-element-554c6d4 elementor-widget elementor-widget-video\" data-id=\"554c6d4\" data-element_type=\"widget\" data-e-type=\"widget\" data-settings=\"{&quot;youtube_url&quot;:&quot;https:\\\/\\\/youtu.be\\\/eDV9g_BRlvU&quot;,&quot;video_type&quot;:&quot;youtube&quot;,&quot;controls&quot;:&quot;yes&quot;}\" data-widget_type=\"video.default\">\n\t\t\t\t<div class=\"elementor-widget-container\">\n\t\t\t\t\t\t\t<div class=\"elementor-wrapper elementor-open-inline\">\n\t\t\t<div class=\"elementor-video\"><\/div>\t\t<\/div>\n\t\t\t\t\t\t<\/div>\n\t\t\t\t<\/div>\n\t\t\t\t\t<\/div>\n\t\t\t\t<\/div>\n\t\t<div class=\"elementor-element elementor-element-a9f4b58 e-con-full elementor-hidden-desktop e-flex e-con e-child\" data-id=\"a9f4b58\" data-element_type=\"container\" data-e-type=\"container\">\n\t\t\t\t<div class=\"elementor-element elementor-element-b70c049 elementor-widget elementor-widget-video\" data-id=\"b70c049\" data-element_type=\"widget\" data-e-type=\"widget\" data-settings=\"{&quot;youtube_url&quot;:&quot;https:\\\/\\\/youtu.be\\\/eDV9g_BRlvU&quot;,&quot;video_type&quot;:&quot;youtube&quot;,&quot;controls&quot;:&quot;yes&quot;}\" data-widget_type=\"video.default\">\n\t\t\t\t<div class=\"elementor-widget-container\">\n\t\t\t\t\t\t\t<div class=\"elementor-wrapper elementor-open-inline\">\n\t\t\t<div class=\"elementor-video\"><\/div>\t\t<\/div>\n\t\t\t\t\t\t<\/div>\n\t\t\t\t<\/div>\n\t\t\t\t<\/div>\n\t\t\t\t\t<\/div>\n\t\t\t\t<\/div>\n\t\t\t\t<\/div>\n\t\t\t\t\t<\/div>\n\t\t\t\t<\/div>\n\t\t<div class=\"elementor-element elementor-element-3eff260 e-flex e-con-boxed e-con e-parent\" data-id=\"3eff260\" data-element_type=\"container\" data-e-type=\"container\">\n\t\t\t\t\t<div class=\"e-con-inner\">\n\t\t\t\t<div class=\"elementor-element elementor-element-12d4ba6 elementor-widget elementor-widget-text-editor\" data-id=\"12d4ba6\" data-element_type=\"widget\" data-e-type=\"widget\" data-widget_type=\"text-editor.default\">\n\t\t\t\t<div class=\"elementor-widget-container\">\n\t\t\t\t\t\t\t\t\t<p>Le parcours Talent &amp; Innovation donne l\u2019occasion de faire un tour des enjeux li\u00e9s \u00e0 la gestion des cabinets, \u00e0 l\u2019innovation dans le secteur du droit et \u00e0 s&rsquo;initier \u00e0 la pratique de l&rsquo;automatisation ainsi qu&rsquo;\u00e0 l&rsquo;IA g\u00e9n\u00e9rative, notamment en mettant les \u00e9l\u00e8ves en contact avec les professionnels qui changent la donne : entrepreneurs de la legal tech, avocats et juristes innovants, experts en technologie, communication, business development, etc.<\/p>\t\t\t\t\t\t\t\t<\/div>\n\t\t\t\t<\/div>\n\t\t\t\t<div class=\"elementor-element elementor-element-1a2dbc3 elementor-widget__width-initial elementor-widget elementor-widget-heading\" data-id=\"1a2dbc3\" data-element_type=\"widget\" data-e-type=\"widget\" data-widget_type=\"heading.default\">\n\t\t\t\t<div class=\"elementor-widget-container\">\n\t\t\t\t\t<h5 class=\"elementor-heading-title elementor-size-default\">Description du programme<\/h5>\t\t\t\t<\/div>\n\t\t\t\t<\/div>\n\t\t\t\t<div class=\"elementor-element elementor-element-8e3ec69 elementor-widget elementor-widget-text-editor\" data-id=\"8e3ec69\" data-element_type=\"widget\" data-e-type=\"widget\" data-widget_type=\"text-editor.default\">\n\t\t\t\t<div class=\"elementor-widget-container\">\n\t\t\t\t\t\t\t\t\t<p>Depuis 2018 d\u00e9j\u00e0, le LAB EFB initie tous les \u00e9l\u00e8ves avocats \u00e0 la culture de l\u2019innovation et \u00e0 la gestion de projet.<\/p><p>En 2019, l\u2019EFB a propos\u00e9 \u00e0 un groupe d\u2019\u00e9l\u00e8ves avocats qui manifestaient leur motivation et leur enthousiasme pour ces sujets de b\u00e9n\u00e9ficier d\u2019une exp\u00e9rience approfondie du LAB au sein d\u2019un parcours d\u00e9di\u00e9 \u201cTalent &amp; Innovation\u201d avec pour ambition de former les avocats de demain. Depuis, chaque ann\u00e9e, une promotion Talent &amp; Innovation explore tous les aspects de l\u2019innovation juridique, qu\u2019elle soit technologique ou organisationnelle, qu\u2019elle concerne la production ou le marketing de services juridiques, qu\u2019elle ait lieu chez les avocats, les services juridiques, les legaltechs ou les acteurs traditionnels comme les \u00e9diteurs juridiques\u2026<\/p><p>Le parcours Talent &amp; Innovation est \u00e0 l\u2019image du sujet qu\u2019il \u00e9tudie : innovant et cr\u00e9atif. Entrer dans le parcours Talent &amp; Innovation, c\u2019est s\u2019engager \u00e0 mener une veille sur l\u2019innovation juridique, accepter de s\u2019autonomiser, de travailler en \u00e9quipe, de questionner des acteurs. C\u2019est accepter de rendre des \u00ab devoirs \u00bb sous de nouvelles formes (posts LinkedIn, organisation d\u2019\u00e9v\u00e9nements r\u00e9els, gestion de projets venant du terrain, solutions d\u00e9velopp\u00e9es en no code), c\u2019est \u00eatre force de proposition (proposer des invit\u00e9s, sugg\u00e9rer des partenariats).<\/p><p>Quelle que soit la carri\u00e8re \u00e0 laquelle se destinent ses participants, les \u00e9l\u00e8ves avocats du parcours Talent &amp; Innovation disposeront d\u2019une culture g\u00e9n\u00e9rale sur des sujets qu\u2019un avocat entrepreneur doit ma\u00eetriser et sauront en faire b\u00e9n\u00e9ficier les organisations dans lesquelles ils travailleront.<\/p><p>Les \u00e9l\u00e8ves avocats du parcours Talent &amp; Innovation abordent des th\u00e9matiques telles que : le legal design, la gestion de projet juridique, le business development, la mod\u00e9lisation juridique, l&rsquo;automatisation et l\u2019IA, le marketing et la communication digitale, la RSE appliqu\u00e9e \u00e0 la profession d\u2019avocat, la conception de business plan et de nouvelles offres de service, etc.<\/p>\t\t\t\t\t\t\t\t<\/div>\n\t\t\t\t<\/div>\n\t\t\t\t<div class=\"elementor-element elementor-element-7c83b2e elementor-widget__width-initial elementor-widget elementor-widget-heading\" data-id=\"7c83b2e\" data-element_type=\"widget\" data-e-type=\"widget\" data-widget_type=\"heading.default\">\n\t\t\t\t<div class=\"elementor-widget-container\">\n\t\t\t\t\t<h5 class=\"elementor-heading-title elementor-size-default\">Objectifs<\/h5>\t\t\t\t<\/div>\n\t\t\t\t<\/div>\n\t\t\t\t<div class=\"elementor-element elementor-element-eed5270 elementor-widget elementor-widget-text-editor\" data-id=\"eed5270\" data-element_type=\"widget\" data-e-type=\"widget\" data-widget_type=\"text-editor.default\">\n\t\t\t\t<div class=\"elementor-widget-container\">\n\t\t\t\t\t\t\t\t\t<ul><li>D\u00e9veloppement\u00a0 d\u2019une\u00a0 culture\u00a0 innovation\/ transformation dans le monde du droit<\/li><li>Acquisition d\u2019un socle solide de m\u00e9thodologies et de savoir-faire op\u00e9rationnels compl\u00e9mentant la formation th\u00e9orique des \u00e9l\u00e8ves avocats<\/li><li>Initiation \u00e0 l&rsquo;automatisation et l&rsquo;utilisation de l&rsquo;IA g\u00e9n\u00e9rative<\/li><li>D\u00e9veloppement des savoir-\u00eatre en termes de posture professionnelle et entrepreneuriale<\/li><li>Exp\u00e9rimentation du management et pilotage de projet appliqu\u00e9 \u00e0 la fonction juridique<\/li><li>Cr\u00e9ation d\u2019un r\u00e9seau de jeunes professionnels acteurs du changement au sein de la profession et parties-prenantes incontournables de la transition num\u00e9rique en cours dans le monde du droit.<\/li><\/ul>\t\t\t\t\t\t\t\t<\/div>\n\t\t\t\t<\/div>\n\t\t\t\t<div class=\"elementor-element elementor-element-87b2ae2 elementor-widget__width-initial elementor-widget elementor-widget-heading\" data-id=\"87b2ae2\" data-element_type=\"widget\" data-e-type=\"widget\" data-widget_type=\"heading.default\">\n\t\t\t\t<div class=\"elementor-widget-container\">\n\t\t\t\t\t<h5 class=\"elementor-heading-title elementor-size-default\">Pr\u00e9cisions relatives \u00e0 la scolarit\u00e9<\/h5>\t\t\t\t<\/div>\n\t\t\t\t<\/div>\n\t\t\t\t<div class=\"elementor-element elementor-element-59f4eec information-logo elementor-widget elementor-widget-text-editor\" data-id=\"59f4eec\" data-element_type=\"widget\" data-e-type=\"widget\" data-widget_type=\"text-editor.default\">\n\t\t\t\t<div class=\"elementor-widget-container\">\n\t\t\t\t\t\t\t\t\t<p>Le parcours Talent &amp; Innovation n\u2019est pas ouvert aux \u00e9l\u00e8ves avocats dont la scolarit\u00e9 d\u00e9butera, au premier semestre, par le PPI. Seuls les \u00e9l\u00e8ves commen\u00e7ant par le semestre de cours peuvent postuler.\u00a0<\/p>\t\t\t\t\t\t\t\t<\/div>\n\t\t\t\t<\/div>\n\t\t\t\t<div class=\"elementor-element elementor-element-79a06c2 elementor-widget elementor-widget-text-editor\" data-id=\"79a06c2\" data-element_type=\"widget\" data-e-type=\"widget\" data-widget_type=\"text-editor.default\">\n\t\t\t\t<div class=\"elementor-widget-container\">\n\t\t\t\t\t\t\t\t\t<p>Les \u00e9l\u00e8ves avocats s\u00e9lectionn\u00e9s pour ce parcours devront renoncer \u00e0 leur parcours de sp\u00e9cialisation mineur. En revanche, ils ne seront pas dispens\u00e9s des cours du LAB, qu\u2019ils suivront au sein d\u2019un groupe sp\u00e9cifique.<\/p>\t\t\t\t\t\t\t\t<\/div>\n\t\t\t\t<\/div>\n\t\t\t\t<div class=\"elementor-element elementor-element-8558118 elementor-widget__width-initial elementor-widget elementor-widget-heading\" data-id=\"8558118\" data-element_type=\"widget\" data-e-type=\"widget\" data-widget_type=\"heading.default\">\n\t\t\t\t<div class=\"elementor-widget-container\">\n\t\t\t\t\t<h5 class=\"elementor-heading-title elementor-size-default\">Pr\u00e9cisions relatives \u00e0 la scolarit\u00e9<\/h5>\t\t\t\t<\/div>\n\t\t\t\t<\/div>\n\t\t\t\t<div class=\"elementor-element elementor-element-8b37da2 elementor-widget elementor-widget-text-editor\" data-id=\"8b37da2\" data-element_type=\"widget\" data-e-type=\"widget\" data-widget_type=\"text-editor.default\">\n\t\t\t\t<div class=\"elementor-widget-container\">\n\t\t\t\t\t\t\t\t\t<p>Le parcours Talent et Innovation est un programme exp\u00e9rimental intensif qui n\u2019accepte qu\u2019un nombre tr\u00e8s limit\u00e9 de participants et qui requiert une tr\u00e8s bonne compr\u00e9hension (ainsi qu\u2019une r\u00e9elle app\u00e9tence) des enjeux li\u00e9s \u00e0 l\u2019innovation et\/ou d\u2019entreprenariat appliqu\u00e9s au droit.<\/p><p>Les \u00e9l\u00e8ves int\u00e9ress\u00e9s peuvent postuler d\u00e8s la pr\u00e9inscription et jusqu\u2019au 7 d\u00e9cembre en envoyant leur CV et au choix une lettre de motivation ou une vid\u00e9o de 45 secondes (conseill\u00e9) dans laquelle ils expliquent pourquoi ils souhaitent int\u00e9grer ce parcours (il est recommand\u00e9 de regarder d\u2019abord les contenus post\u00e9s sur la <a href=\"https:\/\/www.linkedin.com\/company\/lab-efb\/\" target=\"_blank\" rel=\"noopener\"><span style=\"text-decoration: underline\">page LinkedIn du LAB EFB<\/span><\/a>\u00a0commen\u00e7ant par \u201cles \u00e9l\u00e8ves du parcours Talent &amp; Innovation prennent la parole\u201d).<br \/>Ces \u00e9l\u00e9ments doivent \u00eatre envoy\u00e9s \u00e0 l\u2019adresse suivante :\u00a0<span style=\"text-decoration: underline\"><a href=\"mailto:parcourstalent@efb.fr\">parcourstalent@efb.fr<\/a><\/span><\/p>\t\t\t\t\t\t\t\t<\/div>\n\t\t\t\t<\/div>\n\t\t<div class=\"elementor-element elementor-element-b941148 e-con-full e-flex e-con e-child\" data-id=\"b941148\" data-element_type=\"container\" data-e-type=\"container\">\n\t\t\t\t<div class=\"elementor-element elementor-element-cb3b7e1 elementor-align-end elementor-mobile-align-center elementor-icon-list--layout-traditional elementor-list-item-link-full_width elementor-widget elementor-widget-icon-list\" data-id=\"cb3b7e1\" data-element_type=\"widget\" data-e-type=\"widget\" data-widget_type=\"icon-list.default\">\n\t\t\t\t<div class=\"elementor-widget-container\">\n\t\t\t\t\t\t\t<ul class=\"elementor-icon-list-items\">\n\t\t\t\t\t\t\t<li class=\"elementor-icon-list-item\">\n\t\t\t\t\t\t\t\t\t\t\t<a href=\"https:\/\/wpvit.efb.fr\/?page_id=6771#parcours-list\">\n\n\t\t\t\t\t\t\t\t\t\t\t\t<span class=\"elementor-icon-list-icon\">\n\t\t\t\t\t\t\t<svg aria-hidden=\"true\" class=\"e-font-icon-svg e-fas-arrow-left\" viewBox=\"0 0 448 512\" xmlns=\"http:\/\/www.w3.org\/2000\/svg\"><path d=\"M257.5 445.1l-22.2 22.2c-9.4 9.4-24.6 9.4-33.9 0L7 273c-9.4-9.4-9.4-24.6 0-33.9L201.4 44.7c9.4-9.4 24.6-9.4 33.9 0l22.2 22.2c9.5 9.5 9.3 25-.4 34.3L136.6 216H424c13.3 0 24 10.7 24 24v32c0 13.3-10.7 24-24 24H136.6l120.5 114.8c9.8 9.3 10 24.8.4 34.3z\"><\/path><\/svg>\t\t\t\t\t\t<\/span>\n\t\t\t\t\t\t\t\t\t\t<span class=\"elementor-icon-list-text\">Retour \u00e0 la liste des parcours<\/span>\n\t\t\t\t\t\t\t\t\t\t\t<\/a>\n\t\t\t\t\t\t\t\t\t<\/li>\n\t\t\t\t\t\t<\/ul>\n\t\t\t\t\t\t<\/div>\n\t\t\t\t<\/div>\n\t\t\t\t<\/div>\n\t\t\t\t\t<\/div>\n\t\t\t\t<\/div>\n\t\t\t\t<\/div>\n\t\t","protected":false},"excerpt":{"rendered":"<p>Je g\u00e8re ma formation Parcours talent et innovation Je g\u00e8re ma formation Parcours Talent et Innovation Parcours Talent et Innovation Le parcours Talent &amp; Innovation est encadr\u00e9 par une \u00e9quipe p\u00e9dagogique constitu\u00e9e de professionnels de la transformation des m\u00e9tiers du droit. Il s\u2019adresse aux \u00e9l\u00e8ves avocats qui ont des ambitions d\u2019entrepreneuriat et de management pour leur carri\u00e8re, que ce soit parce qu\u2019ils ont le d\u00e9sir de cr\u00e9er \u00e0 terme une activit\u00e9 commerciale accessoire ou de rapidement s\u2019investir sur les d\u00e9cisions strat\u00e9giques du cabinet qui les recrutera, ou parce qu\u2019ils ont d\u00e8s maintenant un projet de cr\u00e9ation de cabinet.\u00a0 Le parcours Talent &amp; Innovation est encadr\u00e9 par une \u00e9quipe p\u00e9dagogique constitu\u00e9e de professionnels de la transformation des m\u00e9tiers du droit. Il s\u2019adresse aux \u00e9l\u00e8ves avocats qui ont des ambitions d\u2019entrepreneuriat et de management pour leur carri\u00e8re, que ce soit parce qu\u2019ils ont le d\u00e9sir de cr\u00e9er \u00e0 terme une activit\u00e9 commerciale accessoire ou de rapidement s\u2019investir sur les d\u00e9cisions strat\u00e9giques du cabinet qui les recrutera, ou parce qu\u2019ils ont d\u00e8s maintenant un projet de cr\u00e9ation de cabinet.\u00a0 https:\/\/youtu.be\/eDV9g_BRlvUhttps:\/\/youtu.be\/eDV9g_BRlvU Le parcours Talent &amp; Innovation donne l\u2019occasion de faire un tour des enjeux li\u00e9s \u00e0 la gestion des cabinets, \u00e0 l\u2019innovation dans le secteur du droit et \u00e0 s&rsquo;initier \u00e0 la pratique de l&rsquo;automatisation ainsi qu&rsquo;\u00e0 l&rsquo;IA g\u00e9n\u00e9rative, notamment en mettant les \u00e9l\u00e8ves en contact avec les professionnels qui changent la donne : entrepreneurs de la legal tech, avocats et juristes innovants, experts en technologie, communication, business development, etc. Description du programme Depuis 2018 d\u00e9j\u00e0, le LAB EFB initie tous les \u00e9l\u00e8ves avocats \u00e0 la culture de l\u2019innovation et \u00e0 la gestion de projet. En 2019, l\u2019EFB a propos\u00e9 \u00e0 un groupe d\u2019\u00e9l\u00e8ves avocats qui manifestaient leur motivation et leur enthousiasme pour ces sujets de b\u00e9n\u00e9ficier d\u2019une exp\u00e9rience approfondie du LAB au sein d\u2019un parcours d\u00e9di\u00e9 \u201cTalent &amp; Innovation\u201d avec pour ambition de former les avocats de demain. Depuis, chaque ann\u00e9e, une promotion Talent &amp; Innovation explore tous les aspects de l\u2019innovation juridique, qu\u2019elle soit technologique ou organisationnelle, qu\u2019elle concerne la production ou le marketing de services juridiques, qu\u2019elle ait lieu chez les avocats, les services juridiques, les legaltechs ou les acteurs traditionnels comme les \u00e9diteurs juridiques\u2026 Le parcours Talent &amp; Innovation est \u00e0 l\u2019image du sujet qu\u2019il \u00e9tudie : innovant et cr\u00e9atif. Entrer dans le parcours Talent &amp; Innovation, c\u2019est s\u2019engager \u00e0 mener une veille sur l\u2019innovation juridique, accepter de s\u2019autonomiser, de travailler en \u00e9quipe, de questionner des acteurs. C\u2019est accepter de rendre des \u00ab devoirs \u00bb sous de nouvelles formes (posts LinkedIn, organisation d\u2019\u00e9v\u00e9nements r\u00e9els, gestion de projets venant du terrain, solutions d\u00e9velopp\u00e9es en no code), c\u2019est \u00eatre force de proposition (proposer des invit\u00e9s, sugg\u00e9rer des partenariats). Quelle que soit la carri\u00e8re \u00e0 laquelle se destinent ses participants, les \u00e9l\u00e8ves avocats du parcours Talent &amp; Innovation disposeront d\u2019une culture g\u00e9n\u00e9rale sur des sujets qu\u2019un avocat entrepreneur doit ma\u00eetriser et sauront en faire b\u00e9n\u00e9ficier les organisations dans lesquelles ils travailleront. Les \u00e9l\u00e8ves avocats du parcours Talent &amp; Innovation abordent des th\u00e9matiques telles que : le legal design, la gestion de projet juridique, le business development, la mod\u00e9lisation juridique, l&rsquo;automatisation et l\u2019IA, le marketing et la communication digitale, la RSE appliqu\u00e9e \u00e0 la profession d\u2019avocat, la conception de business plan et de nouvelles offres de service, etc. Objectifs D\u00e9veloppement\u00a0 d\u2019une\u00a0 culture\u00a0 innovation\/ transformation dans le monde du droit Acquisition d\u2019un socle solide de m\u00e9thodologies et de savoir-faire op\u00e9rationnels compl\u00e9mentant la formation th\u00e9orique des \u00e9l\u00e8ves avocats Initiation \u00e0 l&rsquo;automatisation et l&rsquo;utilisation de l&rsquo;IA g\u00e9n\u00e9rative D\u00e9veloppement des savoir-\u00eatre en termes de posture professionnelle et entrepreneuriale Exp\u00e9rimentation du management et pilotage de projet appliqu\u00e9 \u00e0 la fonction juridique Cr\u00e9ation d\u2019un r\u00e9seau de jeunes professionnels acteurs du changement au sein de la profession et parties-prenantes incontournables de la transition num\u00e9rique en cours dans le monde du droit. Pr\u00e9cisions relatives \u00e0 la scolarit\u00e9 Le parcours Talent &amp; Innovation n\u2019est pas ouvert aux \u00e9l\u00e8ves avocats dont la scolarit\u00e9 d\u00e9butera, au premier semestre, par le PPI. Seuls les \u00e9l\u00e8ves commen\u00e7ant par le semestre de cours peuvent postuler.\u00a0 Les \u00e9l\u00e8ves avocats s\u00e9lectionn\u00e9s pour ce parcours devront renoncer \u00e0 leur parcours de sp\u00e9cialisation mineur. En revanche, ils ne seront pas dispens\u00e9s des cours du LAB, qu\u2019ils suivront au sein d\u2019un groupe sp\u00e9cifique. Pr\u00e9cisions relatives \u00e0 la scolarit\u00e9 Le parcours Talent et Innovation est un programme exp\u00e9rimental intensif qui n\u2019accepte qu\u2019un nombre tr\u00e8s limit\u00e9 de participants et qui requiert une tr\u00e8s bonne compr\u00e9hension (ainsi qu\u2019une r\u00e9elle app\u00e9tence) des enjeux li\u00e9s \u00e0 l\u2019innovation et\/ou d\u2019entreprenariat appliqu\u00e9s au droit. Les \u00e9l\u00e8ves int\u00e9ress\u00e9s peuvent postuler d\u00e8s la pr\u00e9inscription et jusqu\u2019au 7 d\u00e9cembre en envoyant leur CV et au choix une lettre de motivation ou une vid\u00e9o de 45 secondes (conseill\u00e9) dans laquelle ils expliquent pourquoi ils souhaitent int\u00e9grer ce parcours (il est recommand\u00e9 de regarder d\u2019abord les contenus post\u00e9s sur la page LinkedIn du LAB EFB\u00a0commen\u00e7ant par \u201cles \u00e9l\u00e8ves du parcours Talent &amp; Innovation prennent la parole\u201d).Ces \u00e9l\u00e9ments doivent \u00eatre envoy\u00e9s \u00e0 l\u2019adresse suivante :\u00a0parcourstalent@efb.fr Retour \u00e0 la liste des parcours<\/p>\n","protected":false},"author":1,"featured_media":0,"parent":6771,"menu_order":0,"comment_status":"closed","ping_status":"closed","template":"","meta":{"_acf_changed":false,"footnotes":""},"class_list":["post-7634","page","type-page","status-publish","hentry"],"acf":[],"yoast_head":"<!-- This site is optimized with the Yoast SEO plugin v27.4 - https:\/\/yoast.com\/product\/yoast-seo-wordpress\/ -->\n<title>Parcours Talent et innovation - efb.fr<\/title>\n<meta name=\"robots\" content=\"index, follow, max-snippet:-1, max-image-preview:large, max-video-preview:-1\" \/>\n<link rel=\"canonical\" href=\"https:\/\/wpvit.efb.fr\/index.php\/je-suis-eleve-avocat-a-lefb\/je-gere-ma-formation\/6-mois-enseignements-frondamentaux-pratiques\/parcours-de-specialisation\/parcours-talent-et-innovation\/\" \/>\n<meta property=\"og:locale\" content=\"fr_FR\" \/>\n<meta property=\"og:type\" content=\"article\" \/>\n<meta property=\"og:title\" content=\"Parcours Talent et innovation - efb.fr\" \/>\n<meta property=\"og:description\" content=\"Je g\u00e8re ma formation Parcours talent et innovation Je g\u00e8re ma formation Parcours Talent et Innovation Parcours Talent et Innovation Le parcours Talent &amp; Innovation est encadr\u00e9 par une \u00e9quipe p\u00e9dagogique constitu\u00e9e de professionnels de la transformation des m\u00e9tiers du droit. Il s\u2019adresse aux \u00e9l\u00e8ves avocats qui ont des ambitions d\u2019entrepreneuriat et de management pour leur carri\u00e8re, que ce soit parce qu\u2019ils ont le d\u00e9sir de cr\u00e9er \u00e0 terme une activit\u00e9 commerciale accessoire ou de rapidement s\u2019investir sur les d\u00e9cisions strat\u00e9giques du cabinet qui les recrutera, ou parce qu\u2019ils ont d\u00e8s maintenant un projet de cr\u00e9ation de cabinet.\u00a0 Le parcours Talent &amp; Innovation est encadr\u00e9 par une \u00e9quipe p\u00e9dagogique constitu\u00e9e de professionnels de la transformation des m\u00e9tiers du droit. Il s\u2019adresse aux \u00e9l\u00e8ves avocats qui ont des ambitions d\u2019entrepreneuriat et de management pour leur carri\u00e8re, que ce soit parce qu\u2019ils ont le d\u00e9sir de cr\u00e9er \u00e0 terme une activit\u00e9 commerciale accessoire ou de rapidement s\u2019investir sur les d\u00e9cisions strat\u00e9giques du cabinet qui les recrutera, ou parce qu\u2019ils ont d\u00e8s maintenant un projet de cr\u00e9ation de cabinet.\u00a0 https:\/\/youtu.be\/eDV9g_BRlvUhttps:\/\/youtu.be\/eDV9g_BRlvU Le parcours Talent &amp; Innovation donne l\u2019occasion de faire un tour des enjeux li\u00e9s \u00e0 la gestion des cabinets, \u00e0 l\u2019innovation dans le secteur du droit et \u00e0 s&rsquo;initier \u00e0 la pratique de l&rsquo;automatisation ainsi qu&rsquo;\u00e0 l&rsquo;IA g\u00e9n\u00e9rative, notamment en mettant les \u00e9l\u00e8ves en contact avec les professionnels qui changent la donne : entrepreneurs de la legal tech, avocats et juristes innovants, experts en technologie, communication, business development, etc. Description du programme Depuis 2018 d\u00e9j\u00e0, le LAB EFB initie tous les \u00e9l\u00e8ves avocats \u00e0 la culture de l\u2019innovation et \u00e0 la gestion de projet. En 2019, l\u2019EFB a propos\u00e9 \u00e0 un groupe d\u2019\u00e9l\u00e8ves avocats qui manifestaient leur motivation et leur enthousiasme pour ces sujets de b\u00e9n\u00e9ficier d\u2019une exp\u00e9rience approfondie du LAB au sein d\u2019un parcours d\u00e9di\u00e9 \u201cTalent &amp; Innovation\u201d avec pour ambition de former les avocats de demain. Depuis, chaque ann\u00e9e, une promotion Talent &amp; Innovation explore tous les aspects de l\u2019innovation juridique, qu\u2019elle soit technologique ou organisationnelle, qu\u2019elle concerne la production ou le marketing de services juridiques, qu\u2019elle ait lieu chez les avocats, les services juridiques, les legaltechs ou les acteurs traditionnels comme les \u00e9diteurs juridiques\u2026 Le parcours Talent &amp; Innovation est \u00e0 l\u2019image du sujet qu\u2019il \u00e9tudie : innovant et cr\u00e9atif. Entrer dans le parcours Talent &amp; Innovation, c\u2019est s\u2019engager \u00e0 mener une veille sur l\u2019innovation juridique, accepter de s\u2019autonomiser, de travailler en \u00e9quipe, de questionner des acteurs. C\u2019est accepter de rendre des \u00ab devoirs \u00bb sous de nouvelles formes (posts LinkedIn, organisation d\u2019\u00e9v\u00e9nements r\u00e9els, gestion de projets venant du terrain, solutions d\u00e9velopp\u00e9es en no code), c\u2019est \u00eatre force de proposition (proposer des invit\u00e9s, sugg\u00e9rer des partenariats). Quelle que soit la carri\u00e8re \u00e0 laquelle se destinent ses participants, les \u00e9l\u00e8ves avocats du parcours Talent &amp; Innovation disposeront d\u2019une culture g\u00e9n\u00e9rale sur des sujets qu\u2019un avocat entrepreneur doit ma\u00eetriser et sauront en faire b\u00e9n\u00e9ficier les organisations dans lesquelles ils travailleront. Les \u00e9l\u00e8ves avocats du parcours Talent &amp; Innovation abordent des th\u00e9matiques telles que : le legal design, la gestion de projet juridique, le business development, la mod\u00e9lisation juridique, l&rsquo;automatisation et l\u2019IA, le marketing et la communication digitale, la RSE appliqu\u00e9e \u00e0 la profession d\u2019avocat, la conception de business plan et de nouvelles offres de service, etc. Objectifs D\u00e9veloppement\u00a0 d\u2019une\u00a0 culture\u00a0 innovation\/ transformation dans le monde du droit Acquisition d\u2019un socle solide de m\u00e9thodologies et de savoir-faire op\u00e9rationnels compl\u00e9mentant la formation th\u00e9orique des \u00e9l\u00e8ves avocats Initiation \u00e0 l&rsquo;automatisation et l&rsquo;utilisation de l&rsquo;IA g\u00e9n\u00e9rative D\u00e9veloppement des savoir-\u00eatre en termes de posture professionnelle et entrepreneuriale Exp\u00e9rimentation du management et pilotage de projet appliqu\u00e9 \u00e0 la fonction juridique Cr\u00e9ation d\u2019un r\u00e9seau de jeunes professionnels acteurs du changement au sein de la profession et parties-prenantes incontournables de la transition num\u00e9rique en cours dans le monde du droit. Pr\u00e9cisions relatives \u00e0 la scolarit\u00e9 Le parcours Talent &amp; Innovation n\u2019est pas ouvert aux \u00e9l\u00e8ves avocats dont la scolarit\u00e9 d\u00e9butera, au premier semestre, par le PPI. Seuls les \u00e9l\u00e8ves commen\u00e7ant par le semestre de cours peuvent postuler.\u00a0 Les \u00e9l\u00e8ves avocats s\u00e9lectionn\u00e9s pour ce parcours devront renoncer \u00e0 leur parcours de sp\u00e9cialisation mineur. En revanche, ils ne seront pas dispens\u00e9s des cours du LAB, qu\u2019ils suivront au sein d\u2019un groupe sp\u00e9cifique. Pr\u00e9cisions relatives \u00e0 la scolarit\u00e9 Le parcours Talent et Innovation est un programme exp\u00e9rimental intensif qui n\u2019accepte qu\u2019un nombre tr\u00e8s limit\u00e9 de participants et qui requiert une tr\u00e8s bonne compr\u00e9hension (ainsi qu\u2019une r\u00e9elle app\u00e9tence) des enjeux li\u00e9s \u00e0 l\u2019innovation et\/ou d\u2019entreprenariat appliqu\u00e9s au droit. Les \u00e9l\u00e8ves int\u00e9ress\u00e9s peuvent postuler d\u00e8s la pr\u00e9inscription et jusqu\u2019au 7 d\u00e9cembre en envoyant leur CV et au choix une lettre de motivation ou une vid\u00e9o de 45 secondes (conseill\u00e9) dans laquelle ils expliquent pourquoi ils souhaitent int\u00e9grer ce parcours (il est recommand\u00e9 de regarder d\u2019abord les contenus post\u00e9s sur la page LinkedIn du LAB EFB\u00a0commen\u00e7ant par \u201cles \u00e9l\u00e8ves du parcours Talent &amp; Innovation prennent la parole\u201d).Ces \u00e9l\u00e9ments doivent \u00eatre envoy\u00e9s \u00e0 l\u2019adresse suivante :\u00a0parcourstalent@efb.fr Retour \u00e0 la liste des parcours\" \/>\n<meta property=\"og:url\" content=\"https:\/\/wpvit.efb.fr\/index.php\/je-suis-eleve-avocat-a-lefb\/je-gere-ma-formation\/6-mois-enseignements-frondamentaux-pratiques\/parcours-de-specialisation\/parcours-talent-et-innovation\/\" \/>\n<meta property=\"og:site_name\" content=\"efb.fr\" \/>\n<meta property=\"article:modified_time\" content=\"2025-07-04T12:36:30+00:00\" \/>\n<meta name=\"twitter:card\" content=\"summary_large_image\" \/>\n<meta name=\"twitter:label1\" content=\"Dur\u00e9e de lecture estim\u00e9e\" \/>\n\t<meta name=\"twitter:data1\" content=\"5 minutes\" \/>\n<script type=\"application\/ld+json\" class=\"yoast-schema-graph\">{\"@context\":\"https:\\\/\\\/schema.org\",\"@graph\":[{\"@type\":\"WebPage\",\"@id\":\"https:\\\/\\\/wpvit.efb.fr\\\/index.php\\\/je-suis-eleve-avocat-a-lefb\\\/je-gere-ma-formation\\\/6-mois-enseignements-frondamentaux-pratiques\\\/parcours-de-specialisation\\\/parcours-talent-et-innovation\\\/\",\"url\":\"https:\\\/\\\/wpvit.efb.fr\\\/index.php\\\/je-suis-eleve-avocat-a-lefb\\\/je-gere-ma-formation\\\/6-mois-enseignements-frondamentaux-pratiques\\\/parcours-de-specialisation\\\/parcours-talent-et-innovation\\\/\",\"name\":\"Parcours Talent et innovation - efb.fr\",\"isPartOf\":{\"@id\":\"https:\\\/\\\/wpvit.efb.fr\\\/#website\"},\"datePublished\":\"2023-04-03T12:40:35+00:00\",\"dateModified\":\"2025-07-04T12:36:30+00:00\",\"breadcrumb\":{\"@id\":\"https:\\\/\\\/wpvit.efb.fr\\\/index.php\\\/je-suis-eleve-avocat-a-lefb\\\/je-gere-ma-formation\\\/6-mois-enseignements-frondamentaux-pratiques\\\/parcours-de-specialisation\\\/parcours-talent-et-innovation\\\/#breadcrumb\"},\"inLanguage\":\"fr-FR\",\"potentialAction\":[{\"@type\":\"ReadAction\",\"target\":[\"https:\\\/\\\/wpvit.efb.fr\\\/index.php\\\/je-suis-eleve-avocat-a-lefb\\\/je-gere-ma-formation\\\/6-mois-enseignements-frondamentaux-pratiques\\\/parcours-de-specialisation\\\/parcours-talent-et-innovation\\\/\"]}]},{\"@type\":\"BreadcrumbList\",\"@id\":\"https:\\\/\\\/wpvit.efb.fr\\\/index.php\\\/je-suis-eleve-avocat-a-lefb\\\/je-gere-ma-formation\\\/6-mois-enseignements-frondamentaux-pratiques\\\/parcours-de-specialisation\\\/parcours-talent-et-innovation\\\/#breadcrumb\",\"itemListElement\":[{\"@type\":\"ListItem\",\"position\":1,\"name\":\"Accueil\",\"item\":\"https:\\\/\\\/wpvit.efb.fr\\\/\"},{\"@type\":\"ListItem\",\"position\":2,\"name\":\"Je suis \u00e9l\u00e8ve avocat \u00e0 l&#8217;efb\",\"item\":\"https:\\\/\\\/wpvit.efb.fr\\\/index.php\\\/je-suis-eleve-avocat-a-lefb\\\/\"},{\"@type\":\"ListItem\",\"position\":3,\"name\":\"Je g\u00e8re ma formation\",\"item\":\"https:\\\/\\\/wpvit.efb.fr\\\/index.php\\\/je-suis-eleve-avocat-a-lefb\\\/je-gere-ma-formation\\\/\"},{\"@type\":\"ListItem\",\"position\":4,\"name\":\"Les 6 mois d&#8217;enseignements fondamentaux pratiques\",\"item\":\"https:\\\/\\\/wpvit.efb.fr\\\/index.php\\\/je-suis-eleve-avocat-a-lefb\\\/je-gere-ma-formation\\\/6-mois-enseignements-frondamentaux-pratiques\\\/\"},{\"@type\":\"ListItem\",\"position\":5,\"name\":\"Les 2 parcours de sp\u00e9cialisation au choix\",\"item\":\"https:\\\/\\\/wpvit.efb.fr\\\/index.php\\\/je-suis-eleve-avocat-a-lefb\\\/je-gere-ma-formation\\\/6-mois-enseignements-frondamentaux-pratiques\\\/parcours-de-specialisation\\\/\"},{\"@type\":\"ListItem\",\"position\":6,\"name\":\"Parcours Talent et innovation\"}]},{\"@type\":\"WebSite\",\"@id\":\"https:\\\/\\\/wpvit.efb.fr\\\/#website\",\"url\":\"https:\\\/\\\/wpvit.efb.fr\\\/\",\"name\":\"EFB\",\"description\":\"\",\"publisher\":{\"@id\":\"https:\\\/\\\/wpvit.efb.fr\\\/#organization\"},\"potentialAction\":[{\"@type\":\"SearchAction\",\"target\":{\"@type\":\"EntryPoint\",\"urlTemplate\":\"https:\\\/\\\/wpvit.efb.fr\\\/?s={search_term_string}\"},\"query-input\":{\"@type\":\"PropertyValueSpecification\",\"valueRequired\":true,\"valueName\":\"search_term_string\"}}],\"inLanguage\":\"fr-FR\"},{\"@type\":\"Organization\",\"@id\":\"https:\\\/\\\/wpvit.efb.fr\\\/#organization\",\"name\":\"\u00c9cole de formation professionnelle des barreaux du ressort de la cour d\u2019appel de Paris (EFB)\",\"alternateName\":\"\u00c9cole de Formation des Barreaux (EFB)\",\"url\":\"https:\\\/\\\/wpvit.efb.fr\\\/\",\"logo\":{\"@type\":\"ImageObject\",\"inLanguage\":\"fr-FR\",\"@id\":\"https:\\\/\\\/wpvit.efb.fr\\\/#\\\/schema\\\/logo\\\/image\\\/\",\"url\":\"https:\\\/\\\/wpvit.efb.fr\\\/wp-content\\\/uploads\\\/2024\\\/10\\\/cropped-Logo-EFB-2023_fond-transparent_mail.png\",\"contentUrl\":\"https:\\\/\\\/wpvit.efb.fr\\\/wp-content\\\/uploads\\\/2024\\\/10\\\/cropped-Logo-EFB-2023_fond-transparent_mail.png\",\"width\":638,\"height\":282,\"caption\":\"\u00c9cole de formation professionnelle des barreaux du ressort de la cour d\u2019appel de Paris (EFB)\"},\"image\":{\"@id\":\"https:\\\/\\\/wpvit.efb.fr\\\/#\\\/schema\\\/logo\\\/image\\\/\"}}]}<\/script>\n<!-- \/ Yoast SEO plugin. -->","yoast_head_json":{"title":"Parcours Talent et innovation - efb.fr","robots":{"index":"index","follow":"follow","max-snippet":"max-snippet:-1","max-image-preview":"max-image-preview:large","max-video-preview":"max-video-preview:-1"},"canonical":"https:\/\/wpvit.efb.fr\/index.php\/je-suis-eleve-avocat-a-lefb\/je-gere-ma-formation\/6-mois-enseignements-frondamentaux-pratiques\/parcours-de-specialisation\/parcours-talent-et-innovation\/","og_locale":"fr_FR","og_type":"article","og_title":"Parcours Talent et innovation - efb.fr","og_description":"Je g\u00e8re ma formation Parcours talent et innovation Je g\u00e8re ma formation Parcours Talent et Innovation Parcours Talent et Innovation Le parcours Talent &amp; Innovation est encadr\u00e9 par une \u00e9quipe p\u00e9dagogique constitu\u00e9e de professionnels de la transformation des m\u00e9tiers du droit. Il s\u2019adresse aux \u00e9l\u00e8ves avocats qui ont des ambitions d\u2019entrepreneuriat et de management pour leur carri\u00e8re, que ce soit parce qu\u2019ils ont le d\u00e9sir de cr\u00e9er \u00e0 terme une activit\u00e9 commerciale accessoire ou de rapidement s\u2019investir sur les d\u00e9cisions strat\u00e9giques du cabinet qui les recrutera, ou parce qu\u2019ils ont d\u00e8s maintenant un projet de cr\u00e9ation de cabinet.\u00a0 Le parcours Talent &amp; Innovation est encadr\u00e9 par une \u00e9quipe p\u00e9dagogique constitu\u00e9e de professionnels de la transformation des m\u00e9tiers du droit. Il s\u2019adresse aux \u00e9l\u00e8ves avocats qui ont des ambitions d\u2019entrepreneuriat et de management pour leur carri\u00e8re, que ce soit parce qu\u2019ils ont le d\u00e9sir de cr\u00e9er \u00e0 terme une activit\u00e9 commerciale accessoire ou de rapidement s\u2019investir sur les d\u00e9cisions strat\u00e9giques du cabinet qui les recrutera, ou parce qu\u2019ils ont d\u00e8s maintenant un projet de cr\u00e9ation de cabinet.\u00a0 https:\/\/youtu.be\/eDV9g_BRlvUhttps:\/\/youtu.be\/eDV9g_BRlvU Le parcours Talent &amp; Innovation donne l\u2019occasion de faire un tour des enjeux li\u00e9s \u00e0 la gestion des cabinets, \u00e0 l\u2019innovation dans le secteur du droit et \u00e0 s&rsquo;initier \u00e0 la pratique de l&rsquo;automatisation ainsi qu&rsquo;\u00e0 l&rsquo;IA g\u00e9n\u00e9rative, notamment en mettant les \u00e9l\u00e8ves en contact avec les professionnels qui changent la donne : entrepreneurs de la legal tech, avocats et juristes innovants, experts en technologie, communication, business development, etc. Description du programme Depuis 2018 d\u00e9j\u00e0, le LAB EFB initie tous les \u00e9l\u00e8ves avocats \u00e0 la culture de l\u2019innovation et \u00e0 la gestion de projet. En 2019, l\u2019EFB a propos\u00e9 \u00e0 un groupe d\u2019\u00e9l\u00e8ves avocats qui manifestaient leur motivation et leur enthousiasme pour ces sujets de b\u00e9n\u00e9ficier d\u2019une exp\u00e9rience approfondie du LAB au sein d\u2019un parcours d\u00e9di\u00e9 \u201cTalent &amp; Innovation\u201d avec pour ambition de former les avocats de demain. Depuis, chaque ann\u00e9e, une promotion Talent &amp; Innovation explore tous les aspects de l\u2019innovation juridique, qu\u2019elle soit technologique ou organisationnelle, qu\u2019elle concerne la production ou le marketing de services juridiques, qu\u2019elle ait lieu chez les avocats, les services juridiques, les legaltechs ou les acteurs traditionnels comme les \u00e9diteurs juridiques\u2026 Le parcours Talent &amp; Innovation est \u00e0 l\u2019image du sujet qu\u2019il \u00e9tudie : innovant et cr\u00e9atif. Entrer dans le parcours Talent &amp; Innovation, c\u2019est s\u2019engager \u00e0 mener une veille sur l\u2019innovation juridique, accepter de s\u2019autonomiser, de travailler en \u00e9quipe, de questionner des acteurs. C\u2019est accepter de rendre des \u00ab devoirs \u00bb sous de nouvelles formes (posts LinkedIn, organisation d\u2019\u00e9v\u00e9nements r\u00e9els, gestion de projets venant du terrain, solutions d\u00e9velopp\u00e9es en no code), c\u2019est \u00eatre force de proposition (proposer des invit\u00e9s, sugg\u00e9rer des partenariats). Quelle que soit la carri\u00e8re \u00e0 laquelle se destinent ses participants, les \u00e9l\u00e8ves avocats du parcours Talent &amp; Innovation disposeront d\u2019une culture g\u00e9n\u00e9rale sur des sujets qu\u2019un avocat entrepreneur doit ma\u00eetriser et sauront en faire b\u00e9n\u00e9ficier les organisations dans lesquelles ils travailleront. Les \u00e9l\u00e8ves avocats du parcours Talent &amp; Innovation abordent des th\u00e9matiques telles que : le legal design, la gestion de projet juridique, le business development, la mod\u00e9lisation juridique, l&rsquo;automatisation et l\u2019IA, le marketing et la communication digitale, la RSE appliqu\u00e9e \u00e0 la profession d\u2019avocat, la conception de business plan et de nouvelles offres de service, etc. Objectifs D\u00e9veloppement\u00a0 d\u2019une\u00a0 culture\u00a0 innovation\/ transformation dans le monde du droit Acquisition d\u2019un socle solide de m\u00e9thodologies et de savoir-faire op\u00e9rationnels compl\u00e9mentant la formation th\u00e9orique des \u00e9l\u00e8ves avocats Initiation \u00e0 l&rsquo;automatisation et l&rsquo;utilisation de l&rsquo;IA g\u00e9n\u00e9rative D\u00e9veloppement des savoir-\u00eatre en termes de posture professionnelle et entrepreneuriale Exp\u00e9rimentation du management et pilotage de projet appliqu\u00e9 \u00e0 la fonction juridique Cr\u00e9ation d\u2019un r\u00e9seau de jeunes professionnels acteurs du changement au sein de la profession et parties-prenantes incontournables de la transition num\u00e9rique en cours dans le monde du droit. Pr\u00e9cisions relatives \u00e0 la scolarit\u00e9 Le parcours Talent &amp; Innovation n\u2019est pas ouvert aux \u00e9l\u00e8ves avocats dont la scolarit\u00e9 d\u00e9butera, au premier semestre, par le PPI. Seuls les \u00e9l\u00e8ves commen\u00e7ant par le semestre de cours peuvent postuler.\u00a0 Les \u00e9l\u00e8ves avocats s\u00e9lectionn\u00e9s pour ce parcours devront renoncer \u00e0 leur parcours de sp\u00e9cialisation mineur. En revanche, ils ne seront pas dispens\u00e9s des cours du LAB, qu\u2019ils suivront au sein d\u2019un groupe sp\u00e9cifique. Pr\u00e9cisions relatives \u00e0 la scolarit\u00e9 Le parcours Talent et Innovation est un programme exp\u00e9rimental intensif qui n\u2019accepte qu\u2019un nombre tr\u00e8s limit\u00e9 de participants et qui requiert une tr\u00e8s bonne compr\u00e9hension (ainsi qu\u2019une r\u00e9elle app\u00e9tence) des enjeux li\u00e9s \u00e0 l\u2019innovation et\/ou d\u2019entreprenariat appliqu\u00e9s au droit. Les \u00e9l\u00e8ves int\u00e9ress\u00e9s peuvent postuler d\u00e8s la pr\u00e9inscription et jusqu\u2019au 7 d\u00e9cembre en envoyant leur CV et au choix une lettre de motivation ou une vid\u00e9o de 45 secondes (conseill\u00e9) dans laquelle ils expliquent pourquoi ils souhaitent int\u00e9grer ce parcours (il est recommand\u00e9 de regarder d\u2019abord les contenus post\u00e9s sur la page LinkedIn du LAB EFB\u00a0commen\u00e7ant par \u201cles \u00e9l\u00e8ves du parcours Talent &amp; Innovation prennent la parole\u201d).Ces \u00e9l\u00e9ments doivent \u00eatre envoy\u00e9s \u00e0 l\u2019adresse suivante :\u00a0parcourstalent@efb.fr Retour \u00e0 la liste des parcours","og_url":"https:\/\/wpvit.efb.fr\/index.php\/je-suis-eleve-avocat-a-lefb\/je-gere-ma-formation\/6-mois-enseignements-frondamentaux-pratiques\/parcours-de-specialisation\/parcours-talent-et-innovation\/","og_site_name":"efb.fr","article_modified_time":"2025-07-04T12:36:30+00:00","twitter_card":"summary_large_image","twitter_misc":{"Dur\u00e9e de lecture estim\u00e9e":"5 minutes"},"schema":{"@context":"https:\/\/schema.org","@graph":[{"@type":"WebPage","@id":"https:\/\/wpvit.efb.fr\/index.php\/je-suis-eleve-avocat-a-lefb\/je-gere-ma-formation\/6-mois-enseignements-frondamentaux-pratiques\/parcours-de-specialisation\/parcours-talent-et-innovation\/","url":"https:\/\/wpvit.efb.fr\/index.php\/je-suis-eleve-avocat-a-lefb\/je-gere-ma-formation\/6-mois-enseignements-frondamentaux-pratiques\/parcours-de-specialisation\/parcours-talent-et-innovation\/","name":"Parcours Talent et innovation - efb.fr","isPartOf":{"@id":"https:\/\/wpvit.efb.fr\/#website"},"datePublished":"2023-04-03T12:40:35+00:00","dateModified":"2025-07-04T12:36:30+00:00","breadcrumb":{"@id":"https:\/\/wpvit.efb.fr\/index.php\/je-suis-eleve-avocat-a-lefb\/je-gere-ma-formation\/6-mois-enseignements-frondamentaux-pratiques\/parcours-de-specialisation\/parcours-talent-et-innovation\/#breadcrumb"},"inLanguage":"fr-FR","potentialAction":[{"@type":"ReadAction","target":["https:\/\/wpvit.efb.fr\/index.php\/je-suis-eleve-avocat-a-lefb\/je-gere-ma-formation\/6-mois-enseignements-frondamentaux-pratiques\/parcours-de-specialisation\/parcours-talent-et-innovation\/"]}]},{"@type":"BreadcrumbList","@id":"https:\/\/wpvit.efb.fr\/index.php\/je-suis-eleve-avocat-a-lefb\/je-gere-ma-formation\/6-mois-enseignements-frondamentaux-pratiques\/parcours-de-specialisation\/parcours-talent-et-innovation\/#breadcrumb","itemListElement":[{"@type":"ListItem","position":1,"name":"Accueil","item":"https:\/\/wpvit.efb.fr\/"},{"@type":"ListItem","position":2,"name":"Je suis \u00e9l\u00e8ve avocat \u00e0 l&#8217;efb","item":"https:\/\/wpvit.efb.fr\/index.php\/je-suis-eleve-avocat-a-lefb\/"},{"@type":"ListItem","position":3,"name":"Je g\u00e8re ma formation","item":"https:\/\/wpvit.efb.fr\/index.php\/je-suis-eleve-avocat-a-lefb\/je-gere-ma-formation\/"},{"@type":"ListItem","position":4,"name":"Les 6 mois d&#8217;enseignements fondamentaux pratiques","item":"https:\/\/wpvit.efb.fr\/index.php\/je-suis-eleve-avocat-a-lefb\/je-gere-ma-formation\/6-mois-enseignements-frondamentaux-pratiques\/"},{"@type":"ListItem","position":5,"name":"Les 2 parcours de sp\u00e9cialisation au choix","item":"https:\/\/wpvit.efb.fr\/index.php\/je-suis-eleve-avocat-a-lefb\/je-gere-ma-formation\/6-mois-enseignements-frondamentaux-pratiques\/parcours-de-specialisation\/"},{"@type":"ListItem","position":6,"name":"Parcours Talent et innovation"}]},{"@type":"WebSite","@id":"https:\/\/wpvit.efb.fr\/#website","url":"https:\/\/wpvit.efb.fr\/","name":"EFB","description":"","publisher":{"@id":"https:\/\/wpvit.efb.fr\/#organization"},"potentialAction":[{"@type":"SearchAction","target":{"@type":"EntryPoint","urlTemplate":"https:\/\/wpvit.efb.fr\/?s={search_term_string}"},"query-input":{"@type":"PropertyValueSpecification","valueRequired":true,"valueName":"search_term_string"}}],"inLanguage":"fr-FR"},{"@type":"Organization","@id":"https:\/\/wpvit.efb.fr\/#organization","name":"\u00c9cole de formation professionnelle des barreaux du ressort de la cour d\u2019appel de Paris (EFB)","alternateName":"\u00c9cole de Formation des Barreaux (EFB)","url":"https:\/\/wpvit.efb.fr\/","logo":{"@type":"ImageObject","inLanguage":"fr-FR","@id":"https:\/\/wpvit.efb.fr\/#\/schema\/logo\/image\/","url":"https:\/\/wpvit.efb.fr\/wp-content\/uploads\/2024\/10\/cropped-Logo-EFB-2023_fond-transparent_mail.png","contentUrl":"https:\/\/wpvit.efb.fr\/wp-content\/uploads\/2024\/10\/cropped-Logo-EFB-2023_fond-transparent_mail.png","width":638,"height":282,"caption":"\u00c9cole de formation professionnelle des barreaux du ressort de la cour d\u2019appel de Paris (EFB)"},"image":{"@id":"https:\/\/wpvit.efb.fr\/#\/schema\/logo\/image\/"}}]}},"_links":{"self":[{"href":"https:\/\/wpvit.efb.fr\/index.php\/wp-json\/wp\/v2\/pages\/7634","targetHints":{"allow":["GET"]}}],"collection":[{"href":"https:\/\/wpvit.efb.fr\/index.php\/wp-json\/wp\/v2\/pages"}],"about":[{"href":"https:\/\/wpvit.efb.fr\/index.php\/wp-json\/wp\/v2\/types\/page"}],"author":[{"embeddable":true,"href":"https:\/\/wpvit.efb.fr\/index.php\/wp-json\/wp\/v2\/users\/1"}],"replies":[{"embeddable":true,"href":"https:\/\/wpvit.efb.fr\/index.php\/wp-json\/wp\/v2\/comments?post=7634"}],"version-history":[{"count":164,"href":"https:\/\/wpvit.efb.fr\/index.php\/wp-json\/wp\/v2\/pages\/7634\/revisions"}],"predecessor-version":[{"id":39772,"href":"https:\/\/wpvit.efb.fr\/index.php\/wp-json\/wp\/v2\/pages\/7634\/revisions\/39772"}],"up":[{"embeddable":true,"href":"https:\/\/wpvit.efb.fr\/index.php\/wp-json\/wp\/v2\/pages\/6771"}],"wp:attachment":[{"href":"https:\/\/wpvit.efb.fr\/index.php\/wp-json\/wp\/v2\/media?parent=7634"}],"curies":[{"name":"wp","href":"https:\/\/api.w.org\/{rel}","templated":true}]}}