{"id":9582,"date":"2023-04-19T15:03:21","date_gmt":"2023-04-19T13:03:21","guid":{"rendered":"https:\/\/wpvit.efb.fr\/?page_id=9582"},"modified":"2024-05-16T13:59:24","modified_gmt":"2024-05-16T11:59:24","slug":"je-veux-intervenir-a-l-efb","status":"publish","type":"page","link":"https:\/\/wpvit.efb.fr\/index.php\/avocat-ou-professionnel-du-droit\/je-veux-intervenir-a-l-efb\/","title":{"rendered":"Je veux intervenir \u00e0 l&rsquo;EFB"},"content":{"rendered":"\t\t<div data-elementor-type=\"wp-page\" data-elementor-id=\"9582\" class=\"elementor elementor-9582\" data-elementor-post-type=\"page\">\n\t\t\t\t\t\t<section class=\"elementor-section elementor-top-section elementor-element elementor-element-a5164c6 elementor-section-height-min-height custom-gradient-bg elementor-hidden-tablet elementor-hidden-mobile elementor-section-boxed elementor-section-height-default elementor-section-items-middle\" data-id=\"a5164c6\" data-element_type=\"section\" data-e-type=\"section\" data-settings=\"{&quot;background_background&quot;:&quot;classic&quot;}\">\n\t\t\t\t\t\t\t<div class=\"elementor-background-overlay\"><\/div>\n\t\t\t\t\t\t\t<div class=\"elementor-container elementor-column-gap-default\">\n\t\t\t\t\t<div class=\"elementor-column elementor-col-100 elementor-top-column elementor-element elementor-element-4b979af\" data-id=\"4b979af\" data-element_type=\"column\" data-e-type=\"column\">\n\t\t\t<div class=\"elementor-widget-wrap elementor-element-populated\">\n\t\t\t\t\t\t<section class=\"elementor-section elementor-inner-section elementor-element elementor-element-60e30f1 elementor-section-boxed elementor-section-height-default elementor-section-height-default\" data-id=\"60e30f1\" data-element_type=\"section\" data-e-type=\"section\">\n\t\t\t\t\t\t<div class=\"elementor-container elementor-column-gap-default\">\n\t\t\t\t\t<div class=\"elementor-column elementor-col-50 elementor-inner-column elementor-element elementor-element-84912b5\" data-id=\"84912b5\" data-element_type=\"column\" data-e-type=\"column\" data-settings=\"{&quot;background_background&quot;:&quot;classic&quot;}\">\n\t\t\t<div class=\"elementor-widget-wrap elementor-element-populated\">\n\t\t\t\t\t\t<div class=\"elementor-element elementor-element-fbf4203 elementor-widget elementor-widget-heading\" data-id=\"fbf4203\" data-element_type=\"widget\" data-e-type=\"widget\" data-widget_type=\"heading.default\">\n\t\t\t\t<div class=\"elementor-widget-container\">\n\t\t\t\t\t<h2 class=\"elementor-heading-title elementor-size-default\">avocat(e) ou professionnel(le) du droit<\/h2>\t\t\t\t<\/div>\n\t\t\t\t<\/div>\n\t\t\t\t<div class=\"elementor-element elementor-element-1462157 elementor-widget elementor-widget-heading\" data-id=\"1462157\" data-element_type=\"widget\" data-e-type=\"widget\" data-widget_type=\"heading.default\">\n\t\t\t\t<div class=\"elementor-widget-container\">\n\t\t\t\t\t<h2 class=\"elementor-heading-title elementor-size-default\">Je veux intervenir \u00e0 l'EFB<\/h2>\t\t\t\t<\/div>\n\t\t\t\t<\/div>\n\t\t\t\t\t<\/div>\n\t\t<\/div>\n\t\t\t\t<div class=\"elementor-column elementor-col-50 elementor-inner-column elementor-element elementor-element-73280d5\" data-id=\"73280d5\" data-element_type=\"column\" data-e-type=\"column\">\n\t\t\t<div class=\"elementor-widget-wrap\">\n\t\t\t\t\t\t\t<\/div>\n\t\t<\/div>\n\t\t\t\t\t<\/div>\n\t\t<\/section>\n\t\t\t\t\t<\/div>\n\t\t<\/div>\n\t\t\t\t\t<\/div>\n\t\t<\/section>\n\t\t<div class=\"elementor-element elementor-element-be13d7e elementor-hidden-desktop e-con-full e-flex e-con e-parent\" data-id=\"be13d7e\" data-element_type=\"container\" data-e-type=\"container\">\n\t\t<div class=\"elementor-element elementor-element-4b39fa3 custom-gradient-bg e-con-full e-flex e-con e-child\" data-id=\"4b39fa3\" data-element_type=\"container\" data-e-type=\"container\">\n\t\t<div class=\"elementor-element elementor-element-7f4d111 custom-gradient-bgcustom-gradient-bg e-con-full e-flex e-con e-child\" data-id=\"7f4d111\" data-element_type=\"container\" data-e-type=\"container\" data-settings=\"{&quot;background_background&quot;:&quot;slideshow&quot;,&quot;background_slideshow_gallery&quot;:[],&quot;background_slideshow_loop&quot;:&quot;yes&quot;,&quot;background_slideshow_slide_duration&quot;:5000,&quot;background_slideshow_slide_transition&quot;:&quot;fade&quot;,&quot;background_slideshow_transition_duration&quot;:500}\">\n\t\t\t\t<div class=\"elementor-element elementor-element-c85fadf elementor-widget elementor-widget-heading\" data-id=\"c85fadf\" data-element_type=\"widget\" data-e-type=\"widget\" data-widget_type=\"heading.default\">\n\t\t\t\t<div class=\"elementor-widget-container\">\n\t\t\t\t\t<h2 class=\"elementor-heading-title elementor-size-default\"><a href=\"https:\/\/wpvit.efb.fr\/index.php\/je-suis-eleve-avocat-a-lefb\/je-gere-ma-formation\/\">je suis professionnel(le) du droit<\/a><\/h2>\t\t\t\t<\/div>\n\t\t\t\t<\/div>\n\t\t\t\t<div class=\"elementor-element elementor-element-66fcdda elementor-widget elementor-widget-heading\" data-id=\"66fcdda\" data-element_type=\"widget\" data-e-type=\"widget\" data-widget_type=\"heading.default\">\n\t\t\t\t<div class=\"elementor-widget-container\">\n\t\t\t\t\t<h5 class=\"elementor-heading-title elementor-size-default\">Je veux intervenir \u00e0 l'EFB<\/h5>\t\t\t\t<\/div>\n\t\t\t\t<\/div>\n\t\t\t\t<\/div>\n\t\t\t\t<\/div>\n\t\t\t\t<\/div>\n\t\t<div class=\"elementor-element elementor-element-5583914 e-flex e-con-boxed e-con e-parent\" data-id=\"5583914\" data-element_type=\"container\" data-e-type=\"container\">\n\t\t\t\t\t<div class=\"e-con-inner\">\n\t\t<div class=\"elementor-element elementor-element-2f949f0 e-con-full e-flex e-con e-child\" data-id=\"2f949f0\" data-element_type=\"container\" data-e-type=\"container\">\n\t\t\t\t<div class=\"elementor-element elementor-element-b96a318 elementor-align-left elementor-widget elementor-widget-breadcrumbs\" data-id=\"b96a318\" data-element_type=\"widget\" data-e-type=\"widget\" data-widget_type=\"breadcrumbs.default\">\n\t\t\t\t<div class=\"elementor-widget-container\">\n\t\t\t\t\t<p id=\"breadcrumbs\"><span><span><a href=\"https:\/\/wpvit.efb.fr\/\">Accueil<\/a><\/span><\/span><\/p>\t\t\t\t<\/div>\n\t\t\t\t<\/div>\n\t\t\t\t<div class=\"elementor-element elementor-element-b9718c5 elementor-hidden-tablet elementor-hidden-mobile elementor-widget elementor-widget-spacer\" data-id=\"b9718c5\" data-element_type=\"widget\" data-e-type=\"widget\" data-widget_type=\"spacer.default\">\n\t\t\t\t<div class=\"elementor-widget-container\">\n\t\t\t\t\t\t\t<div class=\"elementor-spacer\">\n\t\t\t<div class=\"elementor-spacer-inner\"><\/div>\n\t\t<\/div>\n\t\t\t\t\t\t<\/div>\n\t\t\t\t<\/div>\n\t\t\t\t<div class=\"elementor-element elementor-element-d32e19a elementor-hidden-tablet elementor-hidden-mobile elementor-widget elementor-widget-heading\" data-id=\"d32e19a\" data-element_type=\"widget\" data-e-type=\"widget\" data-widget_type=\"heading.default\">\n\t\t\t\t<div class=\"elementor-widget-container\">\n\t\t\t\t\t<h1 class=\"elementor-heading-title elementor-size-default\">je veux intervenir \u00e0 l'efb<\/h1>\t\t\t\t<\/div>\n\t\t\t\t<\/div>\n\t\t\t\t<div class=\"elementor-element elementor-element-207e169 elementor-widget-divider--view-line elementor-widget elementor-widget-divider\" data-id=\"207e169\" data-element_type=\"widget\" data-e-type=\"widget\" data-widget_type=\"divider.default\">\n\t\t\t\t<div class=\"elementor-widget-container\">\n\t\t\t\t\t\t\t<div class=\"elementor-divider\">\n\t\t\t<span class=\"elementor-divider-separator\">\n\t\t\t\t\t\t<\/span>\n\t\t<\/div>\n\t\t\t\t\t\t<\/div>\n\t\t\t\t<\/div>\n\t\t\t\t<div class=\"elementor-element elementor-element-879f02e elementor-widget elementor-widget-spacer\" data-id=\"879f02e\" data-element_type=\"widget\" data-e-type=\"widget\" data-widget_type=\"spacer.default\">\n\t\t\t\t<div class=\"elementor-widget-container\">\n\t\t\t\t\t\t\t<div class=\"elementor-spacer\">\n\t\t\t<div class=\"elementor-spacer-inner\"><\/div>\n\t\t<\/div>\n\t\t\t\t\t\t<\/div>\n\t\t\t\t<\/div>\n\t\t\t\t<\/div>\n\t\t\t\t\t<\/div>\n\t\t\t\t<\/div>\n\t\t<div class=\"elementor-element elementor-element-a5fb4d2 e-flex e-con-boxed e-con e-parent\" data-id=\"a5fb4d2\" data-element_type=\"container\" data-e-type=\"container\">\n\t\t\t\t\t<div class=\"e-con-inner\">\n\t\t<div class=\"elementor-element elementor-element-0dffe22 e-con-full e-flex e-con e-child\" data-id=\"0dffe22\" data-element_type=\"container\" data-e-type=\"container\">\n\t\t\t\t<div class=\"elementor-element elementor-element-c38f2cd elementor-widget elementor-widget-heading\" data-id=\"c38f2cd\" data-element_type=\"widget\" data-e-type=\"widget\" data-widget_type=\"heading.default\">\n\t\t\t\t<div class=\"elementor-widget-container\">\n\t\t\t\t\t<h2 class=\"elementor-heading-title elementor-size-default\">Je veux intervenir en formation continue<\/h2>\t\t\t\t<\/div>\n\t\t\t\t<\/div>\n\t\t\t\t<div class=\"elementor-element elementor-element-67a69d5 elementor-widget elementor-widget-text-editor\" data-id=\"67a69d5\" data-element_type=\"widget\" data-e-type=\"widget\" data-widget_type=\"text-editor.default\">\n\t\t\t\t<div class=\"elementor-widget-container\">\n\t\t\t\t\t\t\t\t\t<p>Si vous disposez d\u2019au moins 5 ans d\u2019exp\u00e9rience professionnelle, vous pouvez adresser votre CV et une lettre de motivation \u00e0 <a href=\"mailto:efbfc@efb.fr\"><span style=\"text-decoration: underline;\">formationContinue@efb.fr<\/span><\/a><\/p>\t\t\t\t\t\t\t\t<\/div>\n\t\t\t\t<\/div>\n\t\t\t\t<div class=\"elementor-element elementor-element-3da9b13 elementor-widget elementor-widget-heading\" data-id=\"3da9b13\" data-element_type=\"widget\" data-e-type=\"widget\" data-widget_type=\"heading.default\">\n\t\t\t\t<div class=\"elementor-widget-container\">\n\t\t\t\t\t<h2 class=\"elementor-heading-title elementor-size-default\">Je veux intervenir en formation initiale<\/h2>\t\t\t\t<\/div>\n\t\t\t\t<\/div>\n\t\t\t\t<div class=\"elementor-element elementor-element-fb988b4 elementor-widget elementor-widget-text-editor\" data-id=\"fb988b4\" data-element_type=\"widget\" data-e-type=\"widget\" data-widget_type=\"text-editor.default\">\n\t\t\t\t<div class=\"elementor-widget-container\">\n\t\t\t\t\t\t\t\t\t<p>Si vous disposez d&rsquo;au moins 4 ans d&rsquo;exp\u00e9rience professionnelle, vous pouvez adresser votre CV et une lettre de motivation \u00e0 <span style=\"text-decoration: underline;\"><a href=\"equipepedagogique@efb.fr\">equipepedagogique@efb.fr<\/a><\/span><\/p>\t\t\t\t\t\t\t\t<\/div>\n\t\t\t\t<\/div>\n\t\t\t\t<div class=\"elementor-element elementor-element-5d73053 elementor-hidden-desktop elementor-widget elementor-widget-spacer\" data-id=\"5d73053\" data-element_type=\"widget\" data-e-type=\"widget\" data-widget_type=\"spacer.default\">\n\t\t\t\t<div class=\"elementor-widget-container\">\n\t\t\t\t\t\t\t<div class=\"elementor-spacer\">\n\t\t\t<div class=\"elementor-spacer-inner\"><\/div>\n\t\t<\/div>\n\t\t\t\t\t\t<\/div>\n\t\t\t\t<\/div>\n\t\t\t\t<\/div>\n\t\t\t\t\t<\/div>\n\t\t\t\t<\/div>\n\t\t\t\t<\/div>\n\t\t","protected":false},"excerpt":{"rendered":"<p>avocat(e) ou professionnel(le) du droit Je veux intervenir \u00e0 l&rsquo;EFB je suis professionnel(le) du droit Je veux intervenir \u00e0 l&rsquo;EFB je veux intervenir \u00e0 l&rsquo;efb Je veux intervenir en formation continue Si vous disposez d\u2019au moins 5 ans d\u2019exp\u00e9rience professionnelle, vous pouvez adresser votre CV et une lettre de motivation \u00e0 formationContinue@efb.fr Je veux intervenir en formation initiale Si vous disposez d&rsquo;au moins 4 ans d&rsquo;exp\u00e9rience professionnelle, vous pouvez adresser votre CV et une lettre de motivation \u00e0 equipepedagogique@efb.fr<\/p>\n","protected":false},"author":1,"featured_media":0,"parent":443,"menu_order":0,"comment_status":"closed","ping_status":"closed","template":"","meta":{"_acf_changed":false,"footnotes":""},"class_list":["post-9582","page","type-page","status-publish","hentry"],"acf":[],"yoast_head":"<!-- This site is optimized with the Yoast SEO plugin v27.4 - https:\/\/yoast.com\/product\/yoast-seo-wordpress\/ -->\n<title>Je veux intervenir \u00e0 l&#039;EFB - efb.fr<\/title>\n<meta name=\"robots\" content=\"index, follow, max-snippet:-1, max-image-preview:large, max-video-preview:-1\" \/>\n<link rel=\"canonical\" href=\"https:\/\/wpvit.efb.fr\/index.php\/avocat-ou-professionnel-du-droit\/je-veux-intervenir-a-l-efb\/\" \/>\n<meta property=\"og:locale\" content=\"fr_FR\" \/>\n<meta property=\"og:type\" content=\"article\" \/>\n<meta property=\"og:title\" content=\"Je veux intervenir \u00e0 l&#039;EFB - efb.fr\" \/>\n<meta property=\"og:description\" content=\"avocat(e) ou professionnel(le) du droit Je veux intervenir \u00e0 l&rsquo;EFB je suis professionnel(le) du droit Je veux intervenir \u00e0 l&rsquo;EFB je veux intervenir \u00e0 l&rsquo;efb Je veux intervenir en formation continue Si vous disposez d\u2019au moins 5 ans d\u2019exp\u00e9rience professionnelle, vous pouvez adresser votre CV et une lettre de motivation \u00e0 formationContinue@efb.fr Je veux intervenir en formation initiale Si vous disposez d&rsquo;au moins 4 ans d&rsquo;exp\u00e9rience professionnelle, vous pouvez adresser votre CV et une lettre de motivation \u00e0 equipepedagogique@efb.fr\" \/>\n<meta property=\"og:url\" content=\"https:\/\/wpvit.efb.fr\/index.php\/avocat-ou-professionnel-du-droit\/je-veux-intervenir-a-l-efb\/\" \/>\n<meta property=\"og:site_name\" content=\"efb.fr\" \/>\n<meta property=\"article:modified_time\" content=\"2024-05-16T11:59:24+00:00\" \/>\n<meta name=\"twitter:card\" content=\"summary_large_image\" \/>\n<meta name=\"twitter:label1\" content=\"Dur\u00e9e de lecture estim\u00e9e\" \/>\n\t<meta name=\"twitter:data1\" content=\"1 minute\" \/>\n<script type=\"application\/ld+json\" class=\"yoast-schema-graph\">{\"@context\":\"https:\\\/\\\/schema.org\",\"@graph\":[{\"@type\":\"WebPage\",\"@id\":\"https:\\\/\\\/wpvit.efb.fr\\\/index.php\\\/avocat-ou-professionnel-du-droit\\\/je-veux-intervenir-a-l-efb\\\/\",\"url\":\"https:\\\/\\\/wpvit.efb.fr\\\/index.php\\\/avocat-ou-professionnel-du-droit\\\/je-veux-intervenir-a-l-efb\\\/\",\"name\":\"Je veux intervenir \u00e0 l'EFB - efb.fr\",\"isPartOf\":{\"@id\":\"https:\\\/\\\/wpvit.efb.fr\\\/#website\"},\"datePublished\":\"2023-04-19T13:03:21+00:00\",\"dateModified\":\"2024-05-16T11:59:24+00:00\",\"breadcrumb\":{\"@id\":\"https:\\\/\\\/wpvit.efb.fr\\\/index.php\\\/avocat-ou-professionnel-du-droit\\\/je-veux-intervenir-a-l-efb\\\/#breadcrumb\"},\"inLanguage\":\"fr-FR\",\"potentialAction\":[{\"@type\":\"ReadAction\",\"target\":[\"https:\\\/\\\/wpvit.efb.fr\\\/index.php\\\/avocat-ou-professionnel-du-droit\\\/je-veux-intervenir-a-l-efb\\\/\"]}]},{\"@type\":\"BreadcrumbList\",\"@id\":\"https:\\\/\\\/wpvit.efb.fr\\\/index.php\\\/avocat-ou-professionnel-du-droit\\\/je-veux-intervenir-a-l-efb\\\/#breadcrumb\",\"itemListElement\":[{\"@type\":\"ListItem\",\"position\":1,\"name\":\"Accueil\",\"item\":\"https:\\\/\\\/wpvit.efb.fr\\\/\"},{\"@type\":\"ListItem\",\"position\":2,\"name\":\"Avocat ou professionnel du droit\",\"item\":\"https:\\\/\\\/wpvit.efb.fr\\\/index.php\\\/avocat-ou-professionnel-du-droit\\\/\"},{\"@type\":\"ListItem\",\"position\":3,\"name\":\"Je veux intervenir \u00e0 l&#8217;EFB\"}]},{\"@type\":\"WebSite\",\"@id\":\"https:\\\/\\\/wpvit.efb.fr\\\/#website\",\"url\":\"https:\\\/\\\/wpvit.efb.fr\\\/\",\"name\":\"EFB\",\"description\":\"\",\"publisher\":{\"@id\":\"https:\\\/\\\/wpvit.efb.fr\\\/#organization\"},\"potentialAction\":[{\"@type\":\"SearchAction\",\"target\":{\"@type\":\"EntryPoint\",\"urlTemplate\":\"https:\\\/\\\/wpvit.efb.fr\\\/?s={search_term_string}\"},\"query-input\":{\"@type\":\"PropertyValueSpecification\",\"valueRequired\":true,\"valueName\":\"search_term_string\"}}],\"inLanguage\":\"fr-FR\"},{\"@type\":\"Organization\",\"@id\":\"https:\\\/\\\/wpvit.efb.fr\\\/#organization\",\"name\":\"\u00c9cole de formation professionnelle des barreaux du ressort de la cour d\u2019appel de Paris (EFB)\",\"alternateName\":\"\u00c9cole de Formation des Barreaux (EFB)\",\"url\":\"https:\\\/\\\/wpvit.efb.fr\\\/\",\"logo\":{\"@type\":\"ImageObject\",\"inLanguage\":\"fr-FR\",\"@id\":\"https:\\\/\\\/wpvit.efb.fr\\\/#\\\/schema\\\/logo\\\/image\\\/\",\"url\":\"https:\\\/\\\/wpvit.efb.fr\\\/wp-content\\\/uploads\\\/2024\\\/10\\\/cropped-Logo-EFB-2023_fond-transparent_mail.png\",\"contentUrl\":\"https:\\\/\\\/wpvit.efb.fr\\\/wp-content\\\/uploads\\\/2024\\\/10\\\/cropped-Logo-EFB-2023_fond-transparent_mail.png\",\"width\":638,\"height\":282,\"caption\":\"\u00c9cole de formation professionnelle des barreaux du ressort de la cour d\u2019appel de Paris (EFB)\"},\"image\":{\"@id\":\"https:\\\/\\\/wpvit.efb.fr\\\/#\\\/schema\\\/logo\\\/image\\\/\"}}]}<\/script>\n<!-- \/ Yoast SEO plugin. -->","yoast_head_json":{"title":"Je veux intervenir \u00e0 l'EFB - efb.fr","robots":{"index":"index","follow":"follow","max-snippet":"max-snippet:-1","max-image-preview":"max-image-preview:large","max-video-preview":"max-video-preview:-1"},"canonical":"https:\/\/wpvit.efb.fr\/index.php\/avocat-ou-professionnel-du-droit\/je-veux-intervenir-a-l-efb\/","og_locale":"fr_FR","og_type":"article","og_title":"Je veux intervenir \u00e0 l'EFB - efb.fr","og_description":"avocat(e) ou professionnel(le) du droit Je veux intervenir \u00e0 l&rsquo;EFB je suis professionnel(le) du droit Je veux intervenir \u00e0 l&rsquo;EFB je veux intervenir \u00e0 l&rsquo;efb Je veux intervenir en formation continue Si vous disposez d\u2019au moins 5 ans d\u2019exp\u00e9rience professionnelle, vous pouvez adresser votre CV et une lettre de motivation \u00e0 formationContinue@efb.fr Je veux intervenir en formation initiale Si vous disposez d&rsquo;au moins 4 ans d&rsquo;exp\u00e9rience professionnelle, vous pouvez adresser votre CV et une lettre de motivation \u00e0 equipepedagogique@efb.fr","og_url":"https:\/\/wpvit.efb.fr\/index.php\/avocat-ou-professionnel-du-droit\/je-veux-intervenir-a-l-efb\/","og_site_name":"efb.fr","article_modified_time":"2024-05-16T11:59:24+00:00","twitter_card":"summary_large_image","twitter_misc":{"Dur\u00e9e de lecture estim\u00e9e":"1 minute"},"schema":{"@context":"https:\/\/schema.org","@graph":[{"@type":"WebPage","@id":"https:\/\/wpvit.efb.fr\/index.php\/avocat-ou-professionnel-du-droit\/je-veux-intervenir-a-l-efb\/","url":"https:\/\/wpvit.efb.fr\/index.php\/avocat-ou-professionnel-du-droit\/je-veux-intervenir-a-l-efb\/","name":"Je veux intervenir \u00e0 l'EFB - efb.fr","isPartOf":{"@id":"https:\/\/wpvit.efb.fr\/#website"},"datePublished":"2023-04-19T13:03:21+00:00","dateModified":"2024-05-16T11:59:24+00:00","breadcrumb":{"@id":"https:\/\/wpvit.efb.fr\/index.php\/avocat-ou-professionnel-du-droit\/je-veux-intervenir-a-l-efb\/#breadcrumb"},"inLanguage":"fr-FR","potentialAction":[{"@type":"ReadAction","target":["https:\/\/wpvit.efb.fr\/index.php\/avocat-ou-professionnel-du-droit\/je-veux-intervenir-a-l-efb\/"]}]},{"@type":"BreadcrumbList","@id":"https:\/\/wpvit.efb.fr\/index.php\/avocat-ou-professionnel-du-droit\/je-veux-intervenir-a-l-efb\/#breadcrumb","itemListElement":[{"@type":"ListItem","position":1,"name":"Accueil","item":"https:\/\/wpvit.efb.fr\/"},{"@type":"ListItem","position":2,"name":"Avocat ou professionnel du droit","item":"https:\/\/wpvit.efb.fr\/index.php\/avocat-ou-professionnel-du-droit\/"},{"@type":"ListItem","position":3,"name":"Je veux intervenir \u00e0 l&#8217;EFB"}]},{"@type":"WebSite","@id":"https:\/\/wpvit.efb.fr\/#website","url":"https:\/\/wpvit.efb.fr\/","name":"EFB","description":"","publisher":{"@id":"https:\/\/wpvit.efb.fr\/#organization"},"potentialAction":[{"@type":"SearchAction","target":{"@type":"EntryPoint","urlTemplate":"https:\/\/wpvit.efb.fr\/?s={search_term_string}"},"query-input":{"@type":"PropertyValueSpecification","valueRequired":true,"valueName":"search_term_string"}}],"inLanguage":"fr-FR"},{"@type":"Organization","@id":"https:\/\/wpvit.efb.fr\/#organization","name":"\u00c9cole de formation professionnelle des barreaux du ressort de la cour d\u2019appel de Paris (EFB)","alternateName":"\u00c9cole de Formation des Barreaux (EFB)","url":"https:\/\/wpvit.efb.fr\/","logo":{"@type":"ImageObject","inLanguage":"fr-FR","@id":"https:\/\/wpvit.efb.fr\/#\/schema\/logo\/image\/","url":"https:\/\/wpvit.efb.fr\/wp-content\/uploads\/2024\/10\/cropped-Logo-EFB-2023_fond-transparent_mail.png","contentUrl":"https:\/\/wpvit.efb.fr\/wp-content\/uploads\/2024\/10\/cropped-Logo-EFB-2023_fond-transparent_mail.png","width":638,"height":282,"caption":"\u00c9cole de formation professionnelle des barreaux du ressort de la cour d\u2019appel de Paris (EFB)"},"image":{"@id":"https:\/\/wpvit.efb.fr\/#\/schema\/logo\/image\/"}}]}},"_links":{"self":[{"href":"https:\/\/wpvit.efb.fr\/index.php\/wp-json\/wp\/v2\/pages\/9582","targetHints":{"allow":["GET"]}}],"collection":[{"href":"https:\/\/wpvit.efb.fr\/index.php\/wp-json\/wp\/v2\/pages"}],"about":[{"href":"https:\/\/wpvit.efb.fr\/index.php\/wp-json\/wp\/v2\/types\/page"}],"author":[{"embeddable":true,"href":"https:\/\/wpvit.efb.fr\/index.php\/wp-json\/wp\/v2\/users\/1"}],"replies":[{"embeddable":true,"href":"https:\/\/wpvit.efb.fr\/index.php\/wp-json\/wp\/v2\/comments?post=9582"}],"version-history":[{"count":104,"href":"https:\/\/wpvit.efb.fr\/index.php\/wp-json\/wp\/v2\/pages\/9582\/revisions"}],"predecessor-version":[{"id":29324,"href":"https:\/\/wpvit.efb.fr\/index.php\/wp-json\/wp\/v2\/pages\/9582\/revisions\/29324"}],"up":[{"embeddable":true,"href":"https:\/\/wpvit.efb.fr\/index.php\/wp-json\/wp\/v2\/pages\/443"}],"wp:attachment":[{"href":"https:\/\/wpvit.efb.fr\/index.php\/wp-json\/wp\/v2\/media?parent=9582"}],"curies":[{"name":"wp","href":"https:\/\/api.w.org\/{rel}","templated":true}]}}