{"id":9597,"date":"2023-04-19T15:05:02","date_gmt":"2023-04-19T13:05:02","guid":{"rendered":"https:\/\/wpvit.efb.fr\/?page_id=9597"},"modified":"2025-11-06T10:58:46","modified_gmt":"2025-11-06T09:58:46","slug":"deposer-une-offre-de-stage-ou-de-collaboration","status":"publish","type":"page","link":"https:\/\/wpvit.efb.fr\/index.php\/avocat-ou-professionnel-du-droit\/deposer-une-offre-de-stage-ou-de-collaboration\/","title":{"rendered":"D\u00e9poser une offre de stage ou de collaboration"},"content":{"rendered":"\t\t<div data-elementor-type=\"wp-page\" data-elementor-id=\"9597\" class=\"elementor elementor-9597\" data-elementor-post-type=\"page\">\n\t\t\t\t\t\t<section class=\"elementor-section elementor-top-section elementor-element elementor-element-a5164c6 elementor-section-height-min-height custom-gradient-bg elementor-hidden-tablet elementor-hidden-mobile elementor-section-boxed elementor-section-height-default elementor-section-items-middle\" data-id=\"a5164c6\" data-element_type=\"section\" data-e-type=\"section\" data-settings=\"{&quot;background_background&quot;:&quot;classic&quot;}\">\n\t\t\t\t\t\t\t<div class=\"elementor-background-overlay\"><\/div>\n\t\t\t\t\t\t\t<div class=\"elementor-container elementor-column-gap-default\">\n\t\t\t\t\t<div class=\"elementor-column elementor-col-100 elementor-top-column elementor-element elementor-element-4b979af\" data-id=\"4b979af\" data-element_type=\"column\" data-e-type=\"column\">\n\t\t\t<div class=\"elementor-widget-wrap elementor-element-populated\">\n\t\t\t\t\t\t<section class=\"elementor-section elementor-inner-section elementor-element elementor-element-60e30f1 elementor-section-boxed elementor-section-height-default elementor-section-height-default\" data-id=\"60e30f1\" data-element_type=\"section\" data-e-type=\"section\">\n\t\t\t\t\t\t<div class=\"elementor-container elementor-column-gap-default\">\n\t\t\t\t\t<div class=\"elementor-column elementor-col-50 elementor-inner-column elementor-element elementor-element-84912b5\" data-id=\"84912b5\" data-element_type=\"column\" data-e-type=\"column\" data-settings=\"{&quot;background_background&quot;:&quot;classic&quot;}\">\n\t\t\t<div class=\"elementor-widget-wrap elementor-element-populated\">\n\t\t\t\t\t\t<div class=\"elementor-element elementor-element-fbf4203 elementor-widget elementor-widget-heading\" data-id=\"fbf4203\" data-element_type=\"widget\" data-e-type=\"widget\" data-widget_type=\"heading.default\">\n\t\t\t\t<div class=\"elementor-widget-container\">\n\t\t\t\t\t<h2 class=\"elementor-heading-title elementor-size-default\"><a href=\"https:\/\/wpvit.efb.fr\/index.php\/avocat-ou-professionnel-du-droit\/je-suis-avocat\/\">je suis avocat(e)<\/a><\/h2>\t\t\t\t<\/div>\n\t\t\t\t<\/div>\n\t\t\t\t<div class=\"elementor-element elementor-element-3756efd elementor-widget elementor-widget-heading\" data-id=\"3756efd\" data-element_type=\"widget\" data-e-type=\"widget\" data-widget_type=\"heading.default\">\n\t\t\t\t<div class=\"elementor-widget-container\">\n\t\t\t\t\t<h2 class=\"elementor-heading-title elementor-size-default\">D\u00e9poser une offre de stage ou de collaboration<\/h2>\t\t\t\t<\/div>\n\t\t\t\t<\/div>\n\t\t\t\t\t<\/div>\n\t\t<\/div>\n\t\t\t\t<div class=\"elementor-column elementor-col-50 elementor-inner-column elementor-element elementor-element-73280d5\" data-id=\"73280d5\" data-element_type=\"column\" data-e-type=\"column\">\n\t\t\t<div class=\"elementor-widget-wrap\">\n\t\t\t\t\t\t\t<\/div>\n\t\t<\/div>\n\t\t\t\t\t<\/div>\n\t\t<\/section>\n\t\t\t\t\t<\/div>\n\t\t<\/div>\n\t\t\t\t\t<\/div>\n\t\t<\/section>\n\t\t<div class=\"elementor-element elementor-element-55b486a elementor-hidden-desktop e-con-full e-flex e-con e-parent\" data-id=\"55b486a\" data-element_type=\"container\" data-e-type=\"container\">\n\t\t<div class=\"elementor-element elementor-element-779e1f5 custom-gradient-bg e-con-full e-flex e-con e-child\" data-id=\"779e1f5\" data-element_type=\"container\" data-e-type=\"container\">\n\t\t\t\t<div class=\"elementor-element elementor-element-fa7059b elementor-widget elementor-widget-heading\" data-id=\"fa7059b\" data-element_type=\"widget\" data-e-type=\"widget\" data-widget_type=\"heading.default\">\n\t\t\t\t<div class=\"elementor-widget-container\">\n\t\t\t\t\t<h2 class=\"elementor-heading-title elementor-size-default\">je suis avocat(e)<\/h2>\t\t\t\t<\/div>\n\t\t\t\t<\/div>\n\t\t\t\t<div class=\"elementor-element elementor-element-38b7db6 elementor-widget elementor-widget-heading\" data-id=\"38b7db6\" data-element_type=\"widget\" data-e-type=\"widget\" data-widget_type=\"heading.default\">\n\t\t\t\t<div class=\"elementor-widget-container\">\n\t\t\t\t\t<h5 class=\"elementor-heading-title elementor-size-default\">D\u00e9poser une offre de stage ou de collaboration<\/h5>\t\t\t\t<\/div>\n\t\t\t\t<\/div>\n\t\t\t\t<\/div>\n\t\t\t\t<\/div>\n\t\t<div class=\"elementor-element elementor-element-83c3dde e-flex e-con-boxed e-con e-parent\" data-id=\"83c3dde\" data-element_type=\"container\" data-e-type=\"container\">\n\t\t\t\t\t<div class=\"e-con-inner\">\n\t\t<div class=\"elementor-element elementor-element-6605acd e-con-full e-flex e-con e-child\" data-id=\"6605acd\" data-element_type=\"container\" data-e-type=\"container\">\n\t\t\t\t<div class=\"elementor-element elementor-element-f72f142 elementor-align-left elementor-widget elementor-widget-breadcrumbs\" data-id=\"f72f142\" data-element_type=\"widget\" data-e-type=\"widget\" data-widget_type=\"breadcrumbs.default\">\n\t\t\t\t<div class=\"elementor-widget-container\">\n\t\t\t\t\t<p id=\"breadcrumbs\"><span><span><a href=\"https:\/\/wpvit.efb.fr\/\">Accueil<\/a><\/span><\/span><\/p>\t\t\t\t<\/div>\n\t\t\t\t<\/div>\n\t\t\t\t<div class=\"elementor-element elementor-element-2cf4dd7 elementor-hidden-tablet elementor-hidden-mobile elementor-widget elementor-widget-spacer\" data-id=\"2cf4dd7\" data-element_type=\"widget\" data-e-type=\"widget\" data-widget_type=\"spacer.default\">\n\t\t\t\t<div class=\"elementor-widget-container\">\n\t\t\t\t\t\t\t<div class=\"elementor-spacer\">\n\t\t\t<div class=\"elementor-spacer-inner\"><\/div>\n\t\t<\/div>\n\t\t\t\t\t\t<\/div>\n\t\t\t\t<\/div>\n\t\t\t\t<div class=\"elementor-element elementor-element-24a72bf elementor-hidden-tablet elementor-hidden-mobile elementor-widget elementor-widget-heading\" data-id=\"24a72bf\" data-element_type=\"widget\" data-e-type=\"widget\" data-widget_type=\"heading.default\">\n\t\t\t\t<div class=\"elementor-widget-container\">\n\t\t\t\t\t<h1 class=\"elementor-heading-title elementor-size-default\">D\u00c9POSER UNE OFFRE DE STAGE OU DE COLLABORATION\u200b<\/h1>\t\t\t\t<\/div>\n\t\t\t\t<\/div>\n\t\t\t\t<div class=\"elementor-element elementor-element-65f31cd elementor-hidden-tablet elementor-hidden-mobile elementor-widget-divider--view-line elementor-widget elementor-widget-divider\" data-id=\"65f31cd\" data-element_type=\"widget\" data-e-type=\"widget\" data-widget_type=\"divider.default\">\n\t\t\t\t<div class=\"elementor-widget-container\">\n\t\t\t\t\t\t\t<div class=\"elementor-divider\">\n\t\t\t<span class=\"elementor-divider-separator\">\n\t\t\t\t\t\t<\/span>\n\t\t<\/div>\n\t\t\t\t\t\t<\/div>\n\t\t\t\t<\/div>\n\t\t\t\t<div class=\"elementor-element elementor-element-0228308 elementor-widget elementor-widget-spacer\" data-id=\"0228308\" data-element_type=\"widget\" data-e-type=\"widget\" data-widget_type=\"spacer.default\">\n\t\t\t\t<div class=\"elementor-widget-container\">\n\t\t\t\t\t\t\t<div class=\"elementor-spacer\">\n\t\t\t<div class=\"elementor-spacer-inner\"><\/div>\n\t\t<\/div>\n\t\t\t\t\t\t<\/div>\n\t\t\t\t<\/div>\n\t\t\t\t<\/div>\n\t\t\t\t\t<\/div>\n\t\t\t\t<\/div>\n\t\t<div class=\"elementor-element elementor-element-ac41b2e e-flex e-con-boxed e-con e-parent\" data-id=\"ac41b2e\" data-element_type=\"container\" data-e-type=\"container\">\n\t\t\t\t\t<div class=\"e-con-inner\">\n\t\t<div class=\"elementor-element elementor-element-16ef7ee e-con-full e-flex e-con e-child\" data-id=\"16ef7ee\" data-element_type=\"container\" data-e-type=\"container\">\n\t\t\t\t<div class=\"elementor-element elementor-element-ccc8e8e elementor-widget elementor-widget-text-editor\" data-id=\"ccc8e8e\" data-element_type=\"widget\" data-e-type=\"widget\" data-widget_type=\"text-editor.default\">\n\t\t\t\t<div class=\"elementor-widget-container\">\n\t\t\t\t\t\t\t\t\t<p class=\"MsoNormal\">Pour d\u00e9poser votre offre sur notre site, il vous suffit de cliquer sur le lien ci-dessous. Une fois inscrit, vous pourrez remplir un formulaire d\u00e9taill\u00e9, sp\u00e9cifiant les informations cl\u00e9s de votre offre. Vous aurez \u00e9galement la possibilit\u00e9 d&rsquo;ajouter des crit\u00e8res suppl\u00e9mentaires, tels que les comp\u00e9tences linguistiques requises, les disponibilit\u00e9s horaires ou toute autre information pertinente.<\/p><p>Vous trouverez <span style=\"text-decoration: underline\"><a href=\"https:\/\/wpvit.efb.fr\/index.php\/avocat-ou-professionnel-du-droit\/je-suis-avocat\/devenir-maitre-de-stage\/\">ici<\/a><\/span> les modalit\u00e9s pour devenir Ma\u00eetre de stage.\u00a0<\/p>\t\t\t\t\t\t\t\t<\/div>\n\t\t\t\t<\/div>\n\t\t\t\t<\/div>\n\t\t\t\t\t<\/div>\n\t\t\t\t<\/div>\n\t\t<div class=\"elementor-element elementor-element-5b8f69c e-flex e-con-boxed e-con e-parent\" data-id=\"5b8f69c\" data-element_type=\"container\" data-e-type=\"container\">\n\t\t\t\t\t<div class=\"e-con-inner\">\n\t\t<div class=\"elementor-element elementor-element-950be9b e-con-full e-flex e-con e-child\" data-id=\"950be9b\" data-element_type=\"container\" data-e-type=\"container\">\n\t\t\t\t<div class=\"elementor-element elementor-element-ccff0a0 elementor-align-left elementor-tablet-align-left elementor-mobile-align-left elementor-widget elementor-widget-button\" data-id=\"ccff0a0\" data-element_type=\"widget\" data-e-type=\"widget\" data-widget_type=\"button.default\">\n\t\t\t\t<div class=\"elementor-widget-container\">\n\t\t\t\t\t\t\t\t\t<div class=\"elementor-button-wrapper\">\n\t\t\t\t\t<a class=\"elementor-button elementor-button-link elementor-size-sm\" href=\"https:\/\/stage.efb.fr\/\" target=\"_blank\">\n\t\t\t\t\t\t<span class=\"elementor-button-content-wrapper\">\n\t\t\t\t\t\t<span class=\"elementor-button-icon\">\n\t\t\t\t<svg xmlns=\"http:\/\/www.w3.org\/2000\/svg\" id=\"b385ca18-4b85-46d4-bb4b-571c73a19812\" data-name=\"b922a425-e5e0-4ef1-881c-5748460fd139\" viewBox=\"0 0 30.125 18.1738\"><title>arrow-icon-size3<\/title><path d=\"M29.75,9.3948,21.5281,1.1735a.8479.8479,0,0,0-.601-.261L20.9124.9119a.8526.8526,0,0,0-.5956.2409.8642.8642,0,0,0-.0027,1.23l6.7618,6.7611H.7316a.8566.8566,0,1,0,0,1.7131H27.0759l-6.7591,6.7591a.8576.8576,0,0,0-.0214,1.2113.8462.8462,0,0,0,.61.2583.8949.8949,0,0,0,.621-.2556l8.2233-8.224A.8587.8587,0,0,0,29.75,9.3948Z\" transform=\"translate(0.125 -0.9119)\"><\/path><\/svg>\t\t\t<\/span>\n\t\t\t\t\t\t\t\t\t<span class=\"elementor-button-text\">D\u00e9poser une offre<\/span>\n\t\t\t\t\t<\/span>\n\t\t\t\t\t<\/a>\n\t\t\t\t<\/div>\n\t\t\t\t\t\t\t\t<\/div>\n\t\t\t\t<\/div>\n\t\t\t\t<\/div>\n\t\t\t\t\t<\/div>\n\t\t\t\t<\/div>\n\t\t\t\t<\/div>\n\t\t","protected":false},"excerpt":{"rendered":"<p>je suis avocat(e) D\u00e9poser une offre de stage ou de collaboration je suis avocat(e) D\u00e9poser une offre de stage ou de collaboration D\u00c9POSER UNE OFFRE DE STAGE OU DE COLLABORATION\u200b Pour d\u00e9poser votre offre sur notre site, il vous suffit de cliquer sur le lien ci-dessous. Une fois inscrit, vous pourrez remplir un formulaire d\u00e9taill\u00e9, sp\u00e9cifiant les informations cl\u00e9s de votre offre. Vous aurez \u00e9galement la possibilit\u00e9 d&rsquo;ajouter des crit\u00e8res suppl\u00e9mentaires, tels que les comp\u00e9tences linguistiques requises, les disponibilit\u00e9s horaires ou toute autre information pertinente. Vous trouverez ici les modalit\u00e9s pour devenir Ma\u00eetre de stage.\u00a0 arrow-icon-size3 D\u00e9poser une offre<\/p>\n","protected":false},"author":1,"featured_media":0,"parent":443,"menu_order":0,"comment_status":"closed","ping_status":"closed","template":"","meta":{"_acf_changed":false,"footnotes":""},"class_list":["post-9597","page","type-page","status-publish","hentry"],"acf":[],"yoast_head":"<!-- This site is optimized with the Yoast SEO plugin v27.4 - https:\/\/yoast.com\/product\/yoast-seo-wordpress\/ -->\n<title>D\u00e9poser une offre de stage ou de collaboration - efb.fr<\/title>\n<meta name=\"robots\" content=\"index, follow, max-snippet:-1, max-image-preview:large, max-video-preview:-1\" \/>\n<link rel=\"canonical\" href=\"https:\/\/wpvit.efb.fr\/index.php\/avocat-ou-professionnel-du-droit\/deposer-une-offre-de-stage-ou-de-collaboration\/\" \/>\n<meta property=\"og:locale\" content=\"fr_FR\" \/>\n<meta property=\"og:type\" content=\"article\" \/>\n<meta property=\"og:title\" content=\"D\u00e9poser une offre de stage ou de collaboration - efb.fr\" \/>\n<meta property=\"og:description\" content=\"je suis avocat(e) D\u00e9poser une offre de stage ou de collaboration je suis avocat(e) D\u00e9poser une offre de stage ou de collaboration D\u00c9POSER UNE OFFRE DE STAGE OU DE COLLABORATION\u200b Pour d\u00e9poser votre offre sur notre site, il vous suffit de cliquer sur le lien ci-dessous. Une fois inscrit, vous pourrez remplir un formulaire d\u00e9taill\u00e9, sp\u00e9cifiant les informations cl\u00e9s de votre offre. Vous aurez \u00e9galement la possibilit\u00e9 d&rsquo;ajouter des crit\u00e8res suppl\u00e9mentaires, tels que les comp\u00e9tences linguistiques requises, les disponibilit\u00e9s horaires ou toute autre information pertinente. Vous trouverez ici les modalit\u00e9s pour devenir Ma\u00eetre de stage.\u00a0 arrow-icon-size3 D\u00e9poser une offre\" \/>\n<meta property=\"og:url\" content=\"https:\/\/wpvit.efb.fr\/index.php\/avocat-ou-professionnel-du-droit\/deposer-une-offre-de-stage-ou-de-collaboration\/\" \/>\n<meta property=\"og:site_name\" content=\"efb.fr\" \/>\n<meta property=\"article:modified_time\" content=\"2025-11-06T09:58:46+00:00\" \/>\n<meta name=\"twitter:card\" content=\"summary_large_image\" \/>\n<meta name=\"twitter:label1\" content=\"Dur\u00e9e de lecture estim\u00e9e\" \/>\n\t<meta name=\"twitter:data1\" content=\"1 minute\" \/>\n<script type=\"application\/ld+json\" class=\"yoast-schema-graph\">{\"@context\":\"https:\\\/\\\/schema.org\",\"@graph\":[{\"@type\":\"WebPage\",\"@id\":\"https:\\\/\\\/wpvit.efb.fr\\\/index.php\\\/avocat-ou-professionnel-du-droit\\\/deposer-une-offre-de-stage-ou-de-collaboration\\\/\",\"url\":\"https:\\\/\\\/wpvit.efb.fr\\\/index.php\\\/avocat-ou-professionnel-du-droit\\\/deposer-une-offre-de-stage-ou-de-collaboration\\\/\",\"name\":\"D\u00e9poser une offre de stage ou de collaboration - efb.fr\",\"isPartOf\":{\"@id\":\"https:\\\/\\\/wpvit.efb.fr\\\/#website\"},\"datePublished\":\"2023-04-19T13:05:02+00:00\",\"dateModified\":\"2025-11-06T09:58:46+00:00\",\"breadcrumb\":{\"@id\":\"https:\\\/\\\/wpvit.efb.fr\\\/index.php\\\/avocat-ou-professionnel-du-droit\\\/deposer-une-offre-de-stage-ou-de-collaboration\\\/#breadcrumb\"},\"inLanguage\":\"fr-FR\",\"potentialAction\":[{\"@type\":\"ReadAction\",\"target\":[\"https:\\\/\\\/wpvit.efb.fr\\\/index.php\\\/avocat-ou-professionnel-du-droit\\\/deposer-une-offre-de-stage-ou-de-collaboration\\\/\"]}]},{\"@type\":\"BreadcrumbList\",\"@id\":\"https:\\\/\\\/wpvit.efb.fr\\\/index.php\\\/avocat-ou-professionnel-du-droit\\\/deposer-une-offre-de-stage-ou-de-collaboration\\\/#breadcrumb\",\"itemListElement\":[{\"@type\":\"ListItem\",\"position\":1,\"name\":\"Accueil\",\"item\":\"https:\\\/\\\/wpvit.efb.fr\\\/\"},{\"@type\":\"ListItem\",\"position\":2,\"name\":\"Avocat ou professionnel du droit\",\"item\":\"https:\\\/\\\/wpvit.efb.fr\\\/index.php\\\/avocat-ou-professionnel-du-droit\\\/\"},{\"@type\":\"ListItem\",\"position\":3,\"name\":\"D\u00e9poser une offre de stage ou de collaboration\"}]},{\"@type\":\"WebSite\",\"@id\":\"https:\\\/\\\/wpvit.efb.fr\\\/#website\",\"url\":\"https:\\\/\\\/wpvit.efb.fr\\\/\",\"name\":\"EFB\",\"description\":\"\",\"publisher\":{\"@id\":\"https:\\\/\\\/wpvit.efb.fr\\\/#organization\"},\"potentialAction\":[{\"@type\":\"SearchAction\",\"target\":{\"@type\":\"EntryPoint\",\"urlTemplate\":\"https:\\\/\\\/wpvit.efb.fr\\\/?s={search_term_string}\"},\"query-input\":{\"@type\":\"PropertyValueSpecification\",\"valueRequired\":true,\"valueName\":\"search_term_string\"}}],\"inLanguage\":\"fr-FR\"},{\"@type\":\"Organization\",\"@id\":\"https:\\\/\\\/wpvit.efb.fr\\\/#organization\",\"name\":\"\u00c9cole de formation professionnelle des barreaux du ressort de la cour d\u2019appel de Paris (EFB)\",\"alternateName\":\"\u00c9cole de Formation des Barreaux (EFB)\",\"url\":\"https:\\\/\\\/wpvit.efb.fr\\\/\",\"logo\":{\"@type\":\"ImageObject\",\"inLanguage\":\"fr-FR\",\"@id\":\"https:\\\/\\\/wpvit.efb.fr\\\/#\\\/schema\\\/logo\\\/image\\\/\",\"url\":\"https:\\\/\\\/wpvit.efb.fr\\\/wp-content\\\/uploads\\\/2024\\\/10\\\/cropped-Logo-EFB-2023_fond-transparent_mail.png\",\"contentUrl\":\"https:\\\/\\\/wpvit.efb.fr\\\/wp-content\\\/uploads\\\/2024\\\/10\\\/cropped-Logo-EFB-2023_fond-transparent_mail.png\",\"width\":638,\"height\":282,\"caption\":\"\u00c9cole de formation professionnelle des barreaux du ressort de la cour d\u2019appel de Paris (EFB)\"},\"image\":{\"@id\":\"https:\\\/\\\/wpvit.efb.fr\\\/#\\\/schema\\\/logo\\\/image\\\/\"}}]}<\/script>\n<!-- \/ Yoast SEO plugin. -->","yoast_head_json":{"title":"D\u00e9poser une offre de stage ou de collaboration - efb.fr","robots":{"index":"index","follow":"follow","max-snippet":"max-snippet:-1","max-image-preview":"max-image-preview:large","max-video-preview":"max-video-preview:-1"},"canonical":"https:\/\/wpvit.efb.fr\/index.php\/avocat-ou-professionnel-du-droit\/deposer-une-offre-de-stage-ou-de-collaboration\/","og_locale":"fr_FR","og_type":"article","og_title":"D\u00e9poser une offre de stage ou de collaboration - efb.fr","og_description":"je suis avocat(e) D\u00e9poser une offre de stage ou de collaboration je suis avocat(e) D\u00e9poser une offre de stage ou de collaboration D\u00c9POSER UNE OFFRE DE STAGE OU DE COLLABORATION\u200b Pour d\u00e9poser votre offre sur notre site, il vous suffit de cliquer sur le lien ci-dessous. Une fois inscrit, vous pourrez remplir un formulaire d\u00e9taill\u00e9, sp\u00e9cifiant les informations cl\u00e9s de votre offre. Vous aurez \u00e9galement la possibilit\u00e9 d&rsquo;ajouter des crit\u00e8res suppl\u00e9mentaires, tels que les comp\u00e9tences linguistiques requises, les disponibilit\u00e9s horaires ou toute autre information pertinente. Vous trouverez ici les modalit\u00e9s pour devenir Ma\u00eetre de stage.\u00a0 arrow-icon-size3 D\u00e9poser une offre","og_url":"https:\/\/wpvit.efb.fr\/index.php\/avocat-ou-professionnel-du-droit\/deposer-une-offre-de-stage-ou-de-collaboration\/","og_site_name":"efb.fr","article_modified_time":"2025-11-06T09:58:46+00:00","twitter_card":"summary_large_image","twitter_misc":{"Dur\u00e9e de lecture estim\u00e9e":"1 minute"},"schema":{"@context":"https:\/\/schema.org","@graph":[{"@type":"WebPage","@id":"https:\/\/wpvit.efb.fr\/index.php\/avocat-ou-professionnel-du-droit\/deposer-une-offre-de-stage-ou-de-collaboration\/","url":"https:\/\/wpvit.efb.fr\/index.php\/avocat-ou-professionnel-du-droit\/deposer-une-offre-de-stage-ou-de-collaboration\/","name":"D\u00e9poser une offre de stage ou de collaboration - efb.fr","isPartOf":{"@id":"https:\/\/wpvit.efb.fr\/#website"},"datePublished":"2023-04-19T13:05:02+00:00","dateModified":"2025-11-06T09:58:46+00:00","breadcrumb":{"@id":"https:\/\/wpvit.efb.fr\/index.php\/avocat-ou-professionnel-du-droit\/deposer-une-offre-de-stage-ou-de-collaboration\/#breadcrumb"},"inLanguage":"fr-FR","potentialAction":[{"@type":"ReadAction","target":["https:\/\/wpvit.efb.fr\/index.php\/avocat-ou-professionnel-du-droit\/deposer-une-offre-de-stage-ou-de-collaboration\/"]}]},{"@type":"BreadcrumbList","@id":"https:\/\/wpvit.efb.fr\/index.php\/avocat-ou-professionnel-du-droit\/deposer-une-offre-de-stage-ou-de-collaboration\/#breadcrumb","itemListElement":[{"@type":"ListItem","position":1,"name":"Accueil","item":"https:\/\/wpvit.efb.fr\/"},{"@type":"ListItem","position":2,"name":"Avocat ou professionnel du droit","item":"https:\/\/wpvit.efb.fr\/index.php\/avocat-ou-professionnel-du-droit\/"},{"@type":"ListItem","position":3,"name":"D\u00e9poser une offre de stage ou de collaboration"}]},{"@type":"WebSite","@id":"https:\/\/wpvit.efb.fr\/#website","url":"https:\/\/wpvit.efb.fr\/","name":"EFB","description":"","publisher":{"@id":"https:\/\/wpvit.efb.fr\/#organization"},"potentialAction":[{"@type":"SearchAction","target":{"@type":"EntryPoint","urlTemplate":"https:\/\/wpvit.efb.fr\/?s={search_term_string}"},"query-input":{"@type":"PropertyValueSpecification","valueRequired":true,"valueName":"search_term_string"}}],"inLanguage":"fr-FR"},{"@type":"Organization","@id":"https:\/\/wpvit.efb.fr\/#organization","name":"\u00c9cole de formation professionnelle des barreaux du ressort de la cour d\u2019appel de Paris (EFB)","alternateName":"\u00c9cole de Formation des Barreaux (EFB)","url":"https:\/\/wpvit.efb.fr\/","logo":{"@type":"ImageObject","inLanguage":"fr-FR","@id":"https:\/\/wpvit.efb.fr\/#\/schema\/logo\/image\/","url":"https:\/\/wpvit.efb.fr\/wp-content\/uploads\/2024\/10\/cropped-Logo-EFB-2023_fond-transparent_mail.png","contentUrl":"https:\/\/wpvit.efb.fr\/wp-content\/uploads\/2024\/10\/cropped-Logo-EFB-2023_fond-transparent_mail.png","width":638,"height":282,"caption":"\u00c9cole de formation professionnelle des barreaux du ressort de la cour d\u2019appel de Paris (EFB)"},"image":{"@id":"https:\/\/wpvit.efb.fr\/#\/schema\/logo\/image\/"}}]}},"_links":{"self":[{"href":"https:\/\/wpvit.efb.fr\/index.php\/wp-json\/wp\/v2\/pages\/9597","targetHints":{"allow":["GET"]}}],"collection":[{"href":"https:\/\/wpvit.efb.fr\/index.php\/wp-json\/wp\/v2\/pages"}],"about":[{"href":"https:\/\/wpvit.efb.fr\/index.php\/wp-json\/wp\/v2\/types\/page"}],"author":[{"embeddable":true,"href":"https:\/\/wpvit.efb.fr\/index.php\/wp-json\/wp\/v2\/users\/1"}],"replies":[{"embeddable":true,"href":"https:\/\/wpvit.efb.fr\/index.php\/wp-json\/wp\/v2\/comments?post=9597"}],"version-history":[{"count":85,"href":"https:\/\/wpvit.efb.fr\/index.php\/wp-json\/wp\/v2\/pages\/9597\/revisions"}],"predecessor-version":[{"id":41389,"href":"https:\/\/wpvit.efb.fr\/index.php\/wp-json\/wp\/v2\/pages\/9597\/revisions\/41389"}],"up":[{"embeddable":true,"href":"https:\/\/wpvit.efb.fr\/index.php\/wp-json\/wp\/v2\/pages\/443"}],"wp:attachment":[{"href":"https:\/\/wpvit.efb.fr\/index.php\/wp-json\/wp\/v2\/media?parent=9597"}],"curies":[{"name":"wp","href":"https:\/\/api.w.org\/{rel}","templated":true}]}}