{"id":9614,"date":"2023-04-19T15:07:30","date_gmt":"2023-04-19T13:07:30","guid":{"rendered":"https:\/\/wpvit.efb.fr\/?page_id=9614"},"modified":"2025-01-23T15:13:11","modified_gmt":"2025-01-23T14:13:11","slug":"certificat-de-specialisation","status":"publish","type":"page","link":"https:\/\/wpvit.efb.fr\/index.php\/avocat-ou-professionnel-du-droit\/je-suis-avocat\/certificat-de-specialisation\/","title":{"rendered":"Certificat de sp\u00e9cialisation"},"content":{"rendered":"\t\t<div data-elementor-type=\"wp-page\" data-elementor-id=\"9614\" class=\"elementor elementor-9614\" data-elementor-post-type=\"page\">\n\t\t\t\t<div class=\"elementor-element elementor-element-b641e76 custom-gradient-bg elementor-hidden-tablet elementor-hidden-mobile e-flex e-con-boxed e-con e-parent\" data-id=\"b641e76\" data-element_type=\"container\" data-e-type=\"container\" data-settings=\"{&quot;background_background&quot;:&quot;classic&quot;}\">\n\t\t\t\t\t<div class=\"e-con-inner\">\n\t\t<div class=\"elementor-element elementor-element-81cbdfb e-con-full e-flex e-con e-child\" data-id=\"81cbdfb\" data-element_type=\"container\" data-e-type=\"container\">\n\t\t<div class=\"elementor-element elementor-element-a9b42b3 e-con-full e-flex e-con e-child\" data-id=\"a9b42b3\" data-element_type=\"container\" data-e-type=\"container\">\n\t\t<div class=\"elementor-element elementor-element-e759559 e-con-full e-flex e-con e-child\" data-id=\"e759559\" data-element_type=\"container\" data-e-type=\"container\" data-settings=\"{&quot;background_background&quot;:&quot;classic&quot;}\">\n\t\t\t\t<div class=\"elementor-element elementor-element-cbf7f50 elementor-widget elementor-widget-heading\" data-id=\"cbf7f50\" data-element_type=\"widget\" data-e-type=\"widget\" data-widget_type=\"heading.default\">\n\t\t\t\t<div class=\"elementor-widget-container\">\n\t\t\t\t\t<h2 class=\"elementor-heading-title elementor-size-default\"><a href=\"https:\/\/wpvit.efb.fr\/index.php\/avocat-ou-professionnel-du-droit\/je-suis-avocat\/\">je suis avocat(e)<\/a><\/h2>\t\t\t\t<\/div>\n\t\t\t\t<\/div>\n\t\t\t\t<div class=\"elementor-element elementor-element-c842edc elementor-widget elementor-widget-heading\" data-id=\"c842edc\" data-element_type=\"widget\" data-e-type=\"widget\" data-widget_type=\"heading.default\">\n\t\t\t\t<div class=\"elementor-widget-container\">\n\t\t\t\t\t<h2 class=\"elementor-heading-title elementor-size-default\">Le certificat de sp\u00e9cialisation<\/h2>\t\t\t\t<\/div>\n\t\t\t\t<\/div>\n\t\t\t\t<\/div>\n\t\t<div class=\"elementor-element elementor-element-cb14399 e-con-full e-flex e-con e-child\" data-id=\"cb14399\" data-element_type=\"container\" data-e-type=\"container\">\n\t\t\t\t<\/div>\n\t\t\t\t<\/div>\n\t\t\t\t<\/div>\n\t\t\t\t\t<\/div>\n\t\t\t\t<\/div>\n\t\t<div class=\"elementor-element elementor-element-ff0fecf elementor-hidden-desktop e-con-full e-flex e-con e-parent\" data-id=\"ff0fecf\" data-element_type=\"container\" data-e-type=\"container\">\n\t\t<div class=\"elementor-element elementor-element-0e89b28 custom-gradient-bg e-con-full e-flex e-con e-child\" data-id=\"0e89b28\" data-element_type=\"container\" data-e-type=\"container\">\n\t\t\t\t<div class=\"elementor-element elementor-element-4280076 elementor-widget elementor-widget-heading\" data-id=\"4280076\" data-element_type=\"widget\" data-e-type=\"widget\" data-widget_type=\"heading.default\">\n\t\t\t\t<div class=\"elementor-widget-container\">\n\t\t\t\t\t<h2 class=\"elementor-heading-title elementor-size-default\">Je suis avocat(e)<\/h2>\t\t\t\t<\/div>\n\t\t\t\t<\/div>\n\t\t\t\t<div class=\"elementor-element elementor-element-e62e6f5 elementor-widget elementor-widget-heading\" data-id=\"e62e6f5\" data-element_type=\"widget\" data-e-type=\"widget\" data-widget_type=\"heading.default\">\n\t\t\t\t<div class=\"elementor-widget-container\">\n\t\t\t\t\t<h5 class=\"elementor-heading-title elementor-size-default\">Certificat de sp\u00e9cialisation<\/h5>\t\t\t\t<\/div>\n\t\t\t\t<\/div>\n\t\t\t\t<\/div>\n\t\t\t\t<\/div>\n\t\t<div class=\"elementor-element elementor-element-5eec166 e-flex e-con-boxed e-con e-parent\" data-id=\"5eec166\" data-element_type=\"container\" data-e-type=\"container\">\n\t\t\t\t\t<div class=\"e-con-inner\">\n\t\t<div class=\"elementor-element elementor-element-4e43b1b e-con-full e-flex e-con e-child\" data-id=\"4e43b1b\" data-element_type=\"container\" data-e-type=\"container\">\n\t\t\t\t<div class=\"elementor-element elementor-element-d922d39 elementor-align-left elementor-widget elementor-widget-breadcrumbs\" data-id=\"d922d39\" data-element_type=\"widget\" data-e-type=\"widget\" data-widget_type=\"breadcrumbs.default\">\n\t\t\t\t<div class=\"elementor-widget-container\">\n\t\t\t\t\t<p id=\"breadcrumbs\"><span><span><a href=\"https:\/\/wpvit.efb.fr\/\">Accueil<\/a><\/span><\/span><\/p>\t\t\t\t<\/div>\n\t\t\t\t<\/div>\n\t\t\t\t<div class=\"elementor-element elementor-element-91cae00 elementor-hidden-tablet elementor-hidden-mobile elementor-widget elementor-widget-spacer\" data-id=\"91cae00\" data-element_type=\"widget\" data-e-type=\"widget\" data-widget_type=\"spacer.default\">\n\t\t\t\t<div class=\"elementor-widget-container\">\n\t\t\t\t\t\t\t<div class=\"elementor-spacer\">\n\t\t\t<div class=\"elementor-spacer-inner\"><\/div>\n\t\t<\/div>\n\t\t\t\t\t\t<\/div>\n\t\t\t\t<\/div>\n\t\t\t\t<div class=\"elementor-element elementor-element-bd378de elementor-hidden-tablet elementor-hidden-mobile elementor-widget elementor-widget-heading\" data-id=\"bd378de\" data-element_type=\"widget\" data-e-type=\"widget\" data-widget_type=\"heading.default\">\n\t\t\t\t<div class=\"elementor-widget-container\">\n\t\t\t\t\t<h1 class=\"elementor-heading-title elementor-size-default\">certificat de sp\u00e9cialisation<\/h1>\t\t\t\t<\/div>\n\t\t\t\t<\/div>\n\t\t\t\t<div class=\"elementor-element elementor-element-0c60f44 elementor-hidden-tablet elementor-hidden-mobile elementor-widget-divider--view-line elementor-widget elementor-widget-divider\" data-id=\"0c60f44\" data-element_type=\"widget\" data-e-type=\"widget\" data-widget_type=\"divider.default\">\n\t\t\t\t<div class=\"elementor-widget-container\">\n\t\t\t\t\t\t\t<div class=\"elementor-divider\">\n\t\t\t<span class=\"elementor-divider-separator\">\n\t\t\t\t\t\t<\/span>\n\t\t<\/div>\n\t\t\t\t\t\t<\/div>\n\t\t\t\t<\/div>\n\t\t\t\t<div class=\"elementor-element elementor-element-dc046ad elementor-widget elementor-widget-spacer\" data-id=\"dc046ad\" data-element_type=\"widget\" data-e-type=\"widget\" data-widget_type=\"spacer.default\">\n\t\t\t\t<div class=\"elementor-widget-container\">\n\t\t\t\t\t\t\t<div class=\"elementor-spacer\">\n\t\t\t<div class=\"elementor-spacer-inner\"><\/div>\n\t\t<\/div>\n\t\t\t\t\t\t<\/div>\n\t\t\t\t<\/div>\n\t\t\t\t<\/div>\n\t\t\t\t\t<\/div>\n\t\t\t\t<\/div>\n\t\t<div class=\"elementor-element elementor-element-ef2d008 e-flex e-con-boxed e-con e-parent\" data-id=\"ef2d008\" data-element_type=\"container\" data-e-type=\"container\">\n\t\t\t\t\t<div class=\"e-con-inner\">\n\t\t<div class=\"elementor-element elementor-element-6c40972 warning-logo e-con-full e-flex e-con e-child\" data-id=\"6c40972\" data-element_type=\"container\" data-e-type=\"container\" data-settings=\"{&quot;background_background&quot;:&quot;classic&quot;}\">\n\t\t\t\t<div class=\"elementor-element elementor-element-c6db7e8 elementor-widget elementor-widget-text-editor\" data-id=\"c6db7e8\" data-element_type=\"widget\" data-e-type=\"widget\" data-widget_type=\"text-editor.default\">\n\t\t\t\t<div class=\"elementor-widget-container\">\n\t\t\t\t\t\t\t\t\t<p>L\u2019EFB n\u2019est que centre d\u2019examen dans le cadre de l\u2019obtention des certificats de sp\u00e9cialisation.<br \/>Pour toute information compl\u00e9mentaire, nous vous remercions de prendre attache avec le CNB\u00a0: <a href=\"mailto:specialisation@cnb.avocat.fr\"><span style=\"text-decoration: underline\">specialisation@cnb.avocat.fr<\/span><\/a><\/p>\t\t\t\t\t\t\t\t<\/div>\n\t\t\t\t<\/div>\n\t\t\t\t<\/div>\n\t\t\t\t\t<\/div>\n\t\t\t\t<\/div>\n\t\t<div class=\"elementor-element elementor-element-338b8d9 e-flex e-con-boxed e-con e-parent\" data-id=\"338b8d9\" data-element_type=\"container\" data-e-type=\"container\">\n\t\t\t\t\t<div class=\"e-con-inner\">\n\t\t<div class=\"elementor-element elementor-element-1b7efa2 e-con-full e-flex e-con e-child\" data-id=\"1b7efa2\" data-element_type=\"container\" data-e-type=\"container\">\n\t\t\t\t<div class=\"elementor-element elementor-element-84489b5 elementor-widget elementor-widget-spacer\" data-id=\"84489b5\" data-element_type=\"widget\" data-e-type=\"widget\" data-widget_type=\"spacer.default\">\n\t\t\t\t<div class=\"elementor-widget-container\">\n\t\t\t\t\t\t\t<div class=\"elementor-spacer\">\n\t\t\t<div class=\"elementor-spacer-inner\"><\/div>\n\t\t<\/div>\n\t\t\t\t\t\t<\/div>\n\t\t\t\t<\/div>\n\t\t\t\t<div class=\"elementor-element elementor-element-624be5f accordion_custom elementor-widget elementor-widget-eael-adv-accordion\" data-id=\"624be5f\" data-element_type=\"widget\" data-e-type=\"widget\" data-widget_type=\"eael-adv-accordion.default\">\n\t\t\t\t<div class=\"elementor-widget-container\">\n\t\t\t\t\t            <div class=\"eael-adv-accordion\" id=\"eael-adv-accordion-624be5f\" data-scroll-on-click=\"no\" data-scroll-speed=\"300\" data-accordion-id=\"624be5f\" data-accordion-type=\"toggle\" data-toogle-speed=\"200\">\n            <div class=\"eael-accordion-list\">\n\t\t\t\t\t<div id=\"quelles-sont-les-mentions-de-spcialisations-\" class=\"elementor-tab-title eael-accordion-header\" tabindex=\"0\" data-tab=\"1\" aria-controls=\"elementor-tab-content-1031\"><span class=\"eael-accordion-tab-title\">Quelles sont les mentions de sp\u00e9cialisations ?<\/span><svg aria-hidden=\"true\" class=\"fa-toggle e-font-icon-svg e-fas-angle-right\" viewBox=\"0 0 256 512\" xmlns=\"http:\/\/www.w3.org\/2000\/svg\"><path d=\"M224.3 273l-136 136c-9.4 9.4-24.6 9.4-33.9 0l-22.6-22.6c-9.4-9.4-9.4-24.6 0-33.9l96.4-96.4-96.4-96.4c-9.4-9.4-9.4-24.6 0-33.9L54.3 103c9.4-9.4 24.6-9.4 33.9 0l136 136c9.5 9.4 9.5 24.6.1 34z\"><\/path><\/svg><\/div><div id=\"elementor-tab-content-1031\" class=\"eael-accordion-content clearfix\" data-tab=\"1\" aria-labelledby=\"quelles-sont-les-mentions-de-spcialisations-\"><p>L&rsquo;EFB s&rsquo;efforce de proposer dans chaque de domaines sp\u00e9cialisations un nombre d&rsquo;heures suffisantes pour permettre aux avocats de pr\u00e9tendre \u00e0 une sp\u00e9cialisation.<\/p><ul><li>Droit de l\u2019arbitrage<\/li><li>Droit des associations et des fondations<\/li><li>Droit des assurances<\/li><li>Droit bancaire et boursier<\/li><li>Droit commercial, des affaires et de la concurrence<\/li><li>Droit du cr\u00e9dit et de la consommation<\/li><li>Droit du dommage corporel<\/li><li>Droit des enfants<\/li><li>Droit de l\u2019environnement<\/li><li>Droit des \u00e9trangers et de la nationalit\u00e9<\/li><li>Droit de la famille, des personnes et de leur patrimoine<\/li><li>Droit de la fiducie<\/li><li>Droit fiscal et droit douanier<\/li><li>Droit des garanties, des s\u00fbret\u00e9s et des mesures d\u2019ex\u00e9cution<\/li><li>Droit immobilier<\/li><li>Droit international et de l\u2019Union europ\u00e9enne<\/li><li>Droit du num\u00e9rique et des communications<\/li><li>Droit p\u00e9nal<\/li><li>Droit de la propri\u00e9t\u00e9 intellectuelle<\/li><li>Droit de la protection des donn\u00e9es personnelles<\/li><li>Droit public<\/li><li>Droit rural<\/li><li>Droit de la sant\u00e9<\/li><li>Droit de la s\u00e9curit\u00e9 sociale et de la protection sociale<\/li><li>Droit des soci\u00e9t\u00e9s<\/li><li>Droit du sport<\/li><li>Droit des transports<\/li><li>Droit du travail<\/li><\/ul><\/div>\n\t\t\t\t\t<\/div><div class=\"eael-accordion-list\">\n\t\t\t\t\t<div id=\"pourquoi-devenir-spcialiste-\" class=\"elementor-tab-title eael-accordion-header\" tabindex=\"0\" data-tab=\"2\" aria-controls=\"elementor-tab-content-1032\"><span class=\"eael-accordion-tab-title\">Pourquoi devenir sp\u00e9cialiste ?<\/span><svg aria-hidden=\"true\" class=\"fa-toggle e-font-icon-svg e-fas-angle-right\" viewBox=\"0 0 256 512\" xmlns=\"http:\/\/www.w3.org\/2000\/svg\"><path d=\"M224.3 273l-136 136c-9.4 9.4-24.6 9.4-33.9 0l-22.6-22.6c-9.4-9.4-9.4-24.6 0-33.9l96.4-96.4-96.4-96.4c-9.4-9.4-9.4-24.6 0-33.9L54.3 103c9.4-9.4 24.6-9.4 33.9 0l136 136c9.5 9.4 9.5 24.6.1 34z\"><\/path><\/svg><\/div><div id=\"elementor-tab-content-1032\" class=\"eael-accordion-content clearfix\" data-tab=\"2\" aria-labelledby=\"pourquoi-devenir-spcialiste-\"><h6><strong>Principes directeurs des nouvelles conditions d&rsquo;acc\u00e8s aux mentions de sp\u00e9cialisation des avocats.<\/strong><\/h6><p>Les mentions de sp\u00e9cialisation attestent des comp\u00e9tences sp\u00e9cifiques de l\u2019avocat qui en est titulaire et constituent une r\u00e9elle valeur ajout\u00e9e vis-\u00e0-vis de sa client\u00e8le. Depuis 2012, un nouveau r\u00e9gime permet de faciliter l\u2019obtention d\u2019un certificat de sp\u00e9cialisation et d\u2019am\u00e9liorer la lisibilit\u00e9 des comp\u00e9tences de l\u2019avocat par le public, gr\u00e2ce \u00e0 une liste renouvel\u00e9e.<\/p><h6><strong>Pourquoi devenir sp\u00e9cialiste ?<\/strong><\/h6><p>Les mentions de sp\u00e9cialisation offrent des avantages ind\u00e9niables aux avocats titulaires tant en termes d\u2019image que de cr\u00e9dibilit\u00e9 vis \u00e0 vis de leur client\u00e8le. Dans un environnement de plus en plus concurrentiel, l\u2019obtention du certificat de sp\u00e9cialisation, reconnaissance d\u2019une comp\u00e9tence sp\u00e9cifique, constitue une r\u00e9elle valeur ajout\u00e9e. Il s\u2019agit \u00e9galement d\u2019un argument de poids dans la justification des honoraires (article 11.2 du R\u00e8glement Int\u00e9rieur National).<\/p><p>Tout avocat titulaire d\u2019une ou deux mentions de sp\u00e9cialisation peut l\u2019utiliser sur l\u2019ensemble de ses supports de communication (papeterie, publicit\u00e9, site Internet, etc.).<\/p><p>Les mentions de sp\u00e9cialisation sont \u00e9galement visibles sur l\u2019annuaire national de la profession quotidiennement mis \u00e0 jour par le Conseil national des barreaux.<\/p><\/div>\n\t\t\t\t\t<\/div><div class=\"eael-accordion-list\">\n\t\t\t\t\t<div id=\"choix\" class=\"elementor-tab-title eael-accordion-header\" tabindex=\"0\" data-tab=\"3\" aria-controls=\"elementor-tab-content-1033\"><span class=\"eael-accordion-tab-title\">Comment candidater ?<\/span><svg aria-hidden=\"true\" class=\"fa-toggle e-font-icon-svg e-fas-angle-right\" viewBox=\"0 0 256 512\" xmlns=\"http:\/\/www.w3.org\/2000\/svg\"><path d=\"M224.3 273l-136 136c-9.4 9.4-24.6 9.4-33.9 0l-22.6-22.6c-9.4-9.4-9.4-24.6 0-33.9l96.4-96.4-96.4-96.4c-9.4-9.4-9.4-24.6 0-33.9L54.3 103c9.4-9.4 24.6-9.4 33.9 0l136 136c9.5 9.4 9.5 24.6.1 34z\"><\/path><\/svg><\/div><div id=\"elementor-tab-content-1033\" class=\"eael-accordion-content clearfix\" data-tab=\"3\" aria-labelledby=\"choix\"><p>Le dossier de candidature doit \u00eatre adress\u00e9 d\u00fbment compl\u00e9t\u00e9 avec l\u2019ensemble des pi\u00e8ces justificatives au Conseil national des barreaux par courrier \u00e9lectronique au service des sp\u00e9cialisations.\u00a0<\/p><p>Des droits d\u2019inscriptions de 800 euros TTC, tenant compte des co\u00fbts de gestion administrative et du d\u00e9fraiement des membres du jury, sont demand\u00e9s lors du d\u00e9p\u00f4t de la candidature.\u00a0<\/p><\/div>\n\t\t\t\t\t<\/div><div class=\"eael-accordion-list\">\n\t\t\t\t\t<div id=\"obtenir-un-certificat-de-spcialisation\" class=\"elementor-tab-title eael-accordion-header\" tabindex=\"0\" data-tab=\"4\" aria-controls=\"elementor-tab-content-1034\"><span class=\"eael-accordion-tab-title\">Obtenir un certificat de sp\u00e9cialisation<\/span><svg aria-hidden=\"true\" class=\"fa-toggle e-font-icon-svg e-fas-angle-right\" viewBox=\"0 0 256 512\" xmlns=\"http:\/\/www.w3.org\/2000\/svg\"><path d=\"M224.3 273l-136 136c-9.4 9.4-24.6 9.4-33.9 0l-22.6-22.6c-9.4-9.4-9.4-24.6 0-33.9l96.4-96.4-96.4-96.4c-9.4-9.4-9.4-24.6 0-33.9L54.3 103c9.4-9.4 24.6-9.4 33.9 0l136 136c9.5 9.4 9.5 24.6.1 34z\"><\/path><\/svg><\/div><div id=\"elementor-tab-content-1034\" class=\"eael-accordion-content clearfix\" data-tab=\"4\" aria-labelledby=\"obtenir-un-certificat-de-spcialisation\"><h6><strong>Qui peut pr\u00e9tendre \u00e0 un certificat de sp\u00e9cialisation ?<\/strong><\/h6><p>Tout avocat dont la pratique professionnelle est sup\u00e9rieure ou \u00e9gale \u00e0 4 ann\u00e9es au moment de la demande, peut obtenir un certificat de sp\u00e9cialisation, sous r\u00e9serve que cette pratique professionnelle n\u2019ait pas fait l\u2019objet d\u2019une suspension de plus de 3 mois. Il est \u00e9galement possible de demander, lors de la candidature, l\u2019obtention d\u2019une qualification sp\u00e9cifique.<\/p><h6><strong>La pratique professionnelle prise en compte concerne toute activit\u00e9 exerc\u00e9e en tant que :<\/strong><\/h6><ul><li>Avocat dans le domaine de sp\u00e9cialisation revendiqu\u00e9.<\/li><li>Salari\u00e9, dans un cabinet d\u2019avocat intervenant dans le domaine de sp\u00e9cialisation revendiqu\u00e9.<\/li><li>Membre, associ\u00e9, collaborateur ou salari\u00e9 d\u2019une autre profession juridique ou judiciaire r\u00e9glement\u00e9e ou dans celle d\u2019expert-comptable, dont les fonctions correspondent \u00e0 la sp\u00e9cialisation revendiqu\u00e9e.<\/li><li>Salari\u00e9 du service juridique d\u2019une entreprise, d\u2019une organisation syndicale, d\u2019une administration ou d\u2019un service public, d\u2019une organisation internationale, travaillant dans le domaine de sp\u00e9cialisation revendiqu\u00e9.<\/li><li>Professeur ou ma\u00eetre de conf\u00e9rences charg\u00e9 de l\u2019enseignement de la discipline juridique consid\u00e9r\u00e9e dans un \u00e9tablissement universitaire ou d\u2019enseignement sup\u00e9rieur reconnu par l\u2019\u00c9tat.<\/li><li>Membre du Conseil d\u2019\u00c9tat, magistrat de la Cour des comptes, de l\u2019ordre judiciaire, des tribunaux administratifs, des cours administratives d\u2019appel, et des chambres r\u00e9gionales des comptes, affect\u00e9 au sein d\u2019une formation correspondant \u00e0 la sp\u00e9cialisation revendiqu\u00e9e.<\/li><\/ul><p>La formation peut avoir \u00e9t\u00e9 acquise dans une ou plusieurs des fonctions susvis\u00e9es d\u00e8s lors que la dur\u00e9e totale de ces activit\u00e9s est au moins \u00e9gale \u00e0 quatre ans.<\/p><\/div>\n\t\t\t\t\t<\/div><div class=\"eael-accordion-list\">\n\t\t\t\t\t<div id=\"candidature\" class=\"elementor-tab-title eael-accordion-header\" tabindex=\"0\" data-tab=\"5\" aria-controls=\"elementor-tab-content-1035\"><span class=\"eael-accordion-tab-title\">candidature<\/span><svg aria-hidden=\"true\" class=\"fa-toggle e-font-icon-svg e-fas-angle-right\" viewBox=\"0 0 256 512\" xmlns=\"http:\/\/www.w3.org\/2000\/svg\"><path d=\"M224.3 273l-136 136c-9.4 9.4-24.6 9.4-33.9 0l-22.6-22.6c-9.4-9.4-9.4-24.6 0-33.9l96.4-96.4-96.4-96.4c-9.4-9.4-9.4-24.6 0-33.9L54.3 103c9.4-9.4 24.6-9.4 33.9 0l136 136c9.5 9.4 9.5 24.6.1 34z\"><\/path><\/svg><\/div><div id=\"elementor-tab-content-1035\" class=\"eael-accordion-content clearfix\" data-tab=\"5\" aria-labelledby=\"candidature\"><p>La candidature doit \u00eatre soumise en ligne sur la plateforme\u00a0<span style=\"text-decoration: underline\"><a href=\"https:\/\/specialisation.cnb.avocat.fr\/\">specialisation.cnb avocat.fr<\/a><\/span><\/p><p><strong>D\u00e9roulement de l&rsquo;entretien ?<\/strong><\/p><p>Apr\u00e8s examen du dossier de candidature par le jury, le CRFPA convoque le candidat \u00e0 l\u2019entretien de validation des comp\u00e9tences, au moins quinze jours avant la date fix\u00e9e.<\/p><p>L\u2019entretien d\u2019une heure se d\u00e9roule en s\u00e9ance publique. Le jury proc\u00e8de \u00e0 l\u2019audition du candidat et v\u00e9rifie ses comp\u00e9tences dans le domaine de sp\u00e9cialisation revendiqu\u00e9e par une mise en situation professionnelle et d\u2019\u00e9ventuelles questions d\u00e9ontologiques.<\/p><p>Le CRFPA informe le Conseil national des barreaux des r\u00e9sultats de l\u2019entretien, qui en informe les candidats.<\/p><\/div>\n\t\t\t\t\t<\/div><div class=\"eael-accordion-list\">\n\t\t\t\t\t<div id=\"planning-des-dates\" class=\"elementor-tab-title eael-accordion-header\" tabindex=\"0\" data-tab=\"6\" aria-controls=\"elementor-tab-content-1036\"><span class=\"eael-accordion-tab-title\">Planning des dates<\/span><svg aria-hidden=\"true\" class=\"fa-toggle e-font-icon-svg e-fas-angle-right\" viewBox=\"0 0 256 512\" xmlns=\"http:\/\/www.w3.org\/2000\/svg\"><path d=\"M224.3 273l-136 136c-9.4 9.4-24.6 9.4-33.9 0l-22.6-22.6c-9.4-9.4-9.4-24.6 0-33.9l96.4-96.4-96.4-96.4c-9.4-9.4-9.4-24.6 0-33.9L54.3 103c9.4-9.4 24.6-9.4 33.9 0l136 136c9.5 9.4 9.5 24.6.1 34z\"><\/path><\/svg><\/div><div id=\"elementor-tab-content-1036\" class=\"eael-accordion-content clearfix\" data-tab=\"6\" aria-labelledby=\"planning-des-dates\"><p>18 mars 2025 :<\/p><ul><li>Droit commercial, des affaires et de la concurrence<\/li><li>Droit des soci\u00e9t\u00e9s<\/li><li>Droit de la s\u00e9curit\u00e9 sociale et de la protection sociale<\/li><\/ul><p>\u00a0<\/p><p>13 mai 2025 :\u00a0<\/p><ul><li>Droit de la famille, des personnes et de leur patrimoine<\/li><li>Droit fiscal et droit douanier<\/li><li>Droit immobilier<\/li><\/ul><p>\u00a0<\/p><p>9 d\u00e9cembre 2025 :<\/p><ul><li>Droit des associations et des fondations<\/li><li>Droit des assurances<\/li><li>Droit de la protection des donn\u00e9es personnelles<\/li><li>Droit public<\/li><\/ul><\/div>\n\t\t\t\t\t<\/div><\/div>\t\t\t\t<\/div>\n\t\t\t\t<\/div>\n\t\t\t\t<\/div>\n\t\t\t\t\t<\/div>\n\t\t\t\t<\/div>\n\t\t\t\t<\/div>\n\t\t","protected":false},"excerpt":{"rendered":"<p>je suis avocat(e) Le certificat de sp\u00e9cialisation Je suis avocat(e) Certificat de sp\u00e9cialisation certificat de sp\u00e9cialisation L\u2019EFB n\u2019est que centre d\u2019examen dans le cadre de l\u2019obtention des certificats de sp\u00e9cialisation.Pour toute information compl\u00e9mentaire, nous vous remercions de prendre attache avec le CNB\u00a0: specialisation@cnb.avocat.fr Quelles sont les mentions de sp\u00e9cialisations ? L&#8217;EFB s&#8217;efforce de proposer dans chaque de domaines sp\u00e9cialisations un nombre d&#8217;heures suffisantes pour permettre aux avocats de pr\u00e9tendre \u00e0 une sp\u00e9cialisation. Droit de l\u2019arbitrage Droit des associations et des fondations Droit des assurances Droit bancaire et boursier Droit commercial, des affaires et de la concurrence Droit du cr\u00e9dit et de la consommation Droit du dommage corporel Droit des enfants Droit de l\u2019environnement Droit des \u00e9trangers et de la nationalit\u00e9 Droit de la famille, des personnes et de leur patrimoine Droit de la fiducie Droit fiscal et droit douanier Droit des garanties, des s\u00fbret\u00e9s et des mesures d\u2019ex\u00e9cution Droit immobilier Droit international et de l\u2019Union europ\u00e9enne Droit du num\u00e9rique et des communications Droit p\u00e9nal Droit de la propri\u00e9t\u00e9 intellectuelle Droit de la protection des donn\u00e9es personnelles Droit public Droit rural Droit de la sant\u00e9 Droit de la s\u00e9curit\u00e9 sociale et de la protection sociale Droit des soci\u00e9t\u00e9s Droit du sport Droit des transports Droit du travail Pourquoi devenir sp\u00e9cialiste ? Principes directeurs des nouvelles conditions d&#8217;acc\u00e8s aux mentions de sp\u00e9cialisation des avocats. Les mentions de sp\u00e9cialisation attestent des comp\u00e9tences sp\u00e9cifiques de l\u2019avocat qui en est titulaire et constituent une r\u00e9elle valeur ajout\u00e9e vis-\u00e0-vis de sa client\u00e8le. Depuis 2012, un nouveau r\u00e9gime permet de faciliter l\u2019obtention d\u2019un certificat de sp\u00e9cialisation et d\u2019am\u00e9liorer la lisibilit\u00e9 des comp\u00e9tences de l\u2019avocat par le public, gr\u00e2ce \u00e0 une liste renouvel\u00e9e. Pourquoi devenir sp\u00e9cialiste ? Les mentions de sp\u00e9cialisation offrent des avantages ind\u00e9niables aux avocats titulaires tant en termes d\u2019image que de cr\u00e9dibilit\u00e9 vis \u00e0 vis de leur client\u00e8le. Dans un environnement de plus en plus concurrentiel, l\u2019obtention du certificat de sp\u00e9cialisation, reconnaissance d\u2019une comp\u00e9tence sp\u00e9cifique, constitue une r\u00e9elle valeur ajout\u00e9e. Il s\u2019agit \u00e9galement d\u2019un argument de poids dans la justification des honoraires (article 11.2 du R\u00e8glement Int\u00e9rieur National). Tout avocat titulaire d\u2019une ou deux mentions de sp\u00e9cialisation peut l\u2019utiliser sur l\u2019ensemble de ses supports de communication (papeterie, publicit\u00e9, site Internet, etc.). Les mentions de sp\u00e9cialisation sont \u00e9galement visibles sur l\u2019annuaire national de la profession quotidiennement mis \u00e0 jour par le Conseil national des barreaux. Comment candidater ? Le dossier de candidature doit \u00eatre adress\u00e9 d\u00fbment compl\u00e9t\u00e9 avec l\u2019ensemble des pi\u00e8ces justificatives au Conseil national des barreaux par courrier \u00e9lectronique au service des sp\u00e9cialisations.\u00a0 Des droits d\u2019inscriptions de 800 euros TTC, tenant compte des co\u00fbts de gestion administrative et du d\u00e9fraiement des membres du jury, sont demand\u00e9s lors du d\u00e9p\u00f4t de la candidature.\u00a0 Obtenir un certificat de sp\u00e9cialisation Qui peut pr\u00e9tendre \u00e0 un certificat de sp\u00e9cialisation ? Tout avocat dont la pratique professionnelle est sup\u00e9rieure ou \u00e9gale \u00e0 4 ann\u00e9es au moment de la demande, peut obtenir un certificat de sp\u00e9cialisation, sous r\u00e9serve que cette pratique professionnelle n\u2019ait pas fait l\u2019objet d\u2019une suspension de plus de 3 mois. Il est \u00e9galement possible de demander, lors de la candidature, l\u2019obtention d\u2019une qualification sp\u00e9cifique. La pratique professionnelle prise en compte concerne toute activit\u00e9 exerc\u00e9e en tant que : Avocat dans le domaine de sp\u00e9cialisation revendiqu\u00e9. Salari\u00e9, dans un cabinet d\u2019avocat intervenant dans le domaine de sp\u00e9cialisation revendiqu\u00e9. Membre, associ\u00e9, collaborateur ou salari\u00e9 d\u2019une autre profession juridique ou judiciaire r\u00e9glement\u00e9e ou dans celle d\u2019expert-comptable, dont les fonctions correspondent \u00e0 la sp\u00e9cialisation revendiqu\u00e9e. Salari\u00e9 du service juridique d\u2019une entreprise, d\u2019une organisation syndicale, d\u2019une administration ou d\u2019un service public, d\u2019une organisation internationale, travaillant dans le domaine de sp\u00e9cialisation revendiqu\u00e9. Professeur ou ma\u00eetre de conf\u00e9rences charg\u00e9 de l\u2019enseignement de la discipline juridique consid\u00e9r\u00e9e dans un \u00e9tablissement universitaire ou d\u2019enseignement sup\u00e9rieur reconnu par l\u2019\u00c9tat. Membre du Conseil d\u2019\u00c9tat, magistrat de la Cour des comptes, de l\u2019ordre judiciaire, des tribunaux administratifs, des cours administratives d\u2019appel, et des chambres r\u00e9gionales des comptes, affect\u00e9 au sein d\u2019une formation correspondant \u00e0 la sp\u00e9cialisation revendiqu\u00e9e. La formation peut avoir \u00e9t\u00e9 acquise dans une ou plusieurs des fonctions susvis\u00e9es d\u00e8s lors que la dur\u00e9e totale de ces activit\u00e9s est au moins \u00e9gale \u00e0 quatre ans. candidature La candidature doit \u00eatre soumise en ligne sur la plateforme\u00a0specialisation.cnb avocat.fr D\u00e9roulement de l&#8217;entretien ? Apr\u00e8s examen du dossier de candidature par le jury, le CRFPA convoque le candidat \u00e0 l\u2019entretien de validation des comp\u00e9tences, au moins quinze jours avant la date fix\u00e9e. L\u2019entretien d\u2019une heure se d\u00e9roule en s\u00e9ance publique. Le jury proc\u00e8de \u00e0 l\u2019audition du candidat et v\u00e9rifie ses comp\u00e9tences dans le domaine de sp\u00e9cialisation revendiqu\u00e9e par une mise en situation professionnelle et d\u2019\u00e9ventuelles questions d\u00e9ontologiques. Le CRFPA informe le Conseil national des barreaux des r\u00e9sultats de l\u2019entretien, qui en informe les candidats. Planning des dates 18 mars 2025 : Droit commercial, des affaires et de la concurrence Droit des soci\u00e9t\u00e9s Droit de la s\u00e9curit\u00e9 sociale et de la protection sociale \u00a0 13 mai 2025 :\u00a0 Droit de la famille, des personnes et de leur patrimoine Droit fiscal et droit douanier Droit immobilier \u00a0 9 d\u00e9cembre 2025 : Droit des associations et des fondations Droit des assurances Droit de la protection des donn\u00e9es personnelles Droit public<\/p>\n","protected":false},"author":1,"featured_media":0,"parent":6202,"menu_order":0,"comment_status":"closed","ping_status":"closed","template":"","meta":{"_acf_changed":false,"footnotes":""},"class_list":["post-9614","page","type-page","status-publish","hentry"],"acf":[],"yoast_head":"<!-- This site is optimized with the Yoast SEO plugin v27.4 - https:\/\/yoast.com\/product\/yoast-seo-wordpress\/ -->\n<title>Certificat de sp\u00e9cialisation - efb.fr<\/title>\n<meta name=\"robots\" content=\"index, follow, max-snippet:-1, max-image-preview:large, max-video-preview:-1\" \/>\n<link rel=\"canonical\" href=\"https:\/\/wpvit.efb.fr\/index.php\/avocat-ou-professionnel-du-droit\/je-suis-avocat\/certificat-de-specialisation\/\" \/>\n<meta property=\"og:locale\" content=\"fr_FR\" \/>\n<meta property=\"og:type\" content=\"article\" \/>\n<meta property=\"og:title\" content=\"Certificat de sp\u00e9cialisation - efb.fr\" \/>\n<meta property=\"og:description\" content=\"je suis avocat(e) Le certificat de sp\u00e9cialisation Je suis avocat(e) Certificat de sp\u00e9cialisation certificat de sp\u00e9cialisation L\u2019EFB n\u2019est que centre d\u2019examen dans le cadre de l\u2019obtention des certificats de sp\u00e9cialisation.Pour toute information compl\u00e9mentaire, nous vous remercions de prendre attache avec le CNB\u00a0: specialisation@cnb.avocat.fr Quelles sont les mentions de sp\u00e9cialisations ? L&#8217;EFB s&#8217;efforce de proposer dans chaque de domaines sp\u00e9cialisations un nombre d&#8217;heures suffisantes pour permettre aux avocats de pr\u00e9tendre \u00e0 une sp\u00e9cialisation. Droit de l\u2019arbitrage Droit des associations et des fondations Droit des assurances Droit bancaire et boursier Droit commercial, des affaires et de la concurrence Droit du cr\u00e9dit et de la consommation Droit du dommage corporel Droit des enfants Droit de l\u2019environnement Droit des \u00e9trangers et de la nationalit\u00e9 Droit de la famille, des personnes et de leur patrimoine Droit de la fiducie Droit fiscal et droit douanier Droit des garanties, des s\u00fbret\u00e9s et des mesures d\u2019ex\u00e9cution Droit immobilier Droit international et de l\u2019Union europ\u00e9enne Droit du num\u00e9rique et des communications Droit p\u00e9nal Droit de la propri\u00e9t\u00e9 intellectuelle Droit de la protection des donn\u00e9es personnelles Droit public Droit rural Droit de la sant\u00e9 Droit de la s\u00e9curit\u00e9 sociale et de la protection sociale Droit des soci\u00e9t\u00e9s Droit du sport Droit des transports Droit du travail Pourquoi devenir sp\u00e9cialiste ? Principes directeurs des nouvelles conditions d&#8217;acc\u00e8s aux mentions de sp\u00e9cialisation des avocats. Les mentions de sp\u00e9cialisation attestent des comp\u00e9tences sp\u00e9cifiques de l\u2019avocat qui en est titulaire et constituent une r\u00e9elle valeur ajout\u00e9e vis-\u00e0-vis de sa client\u00e8le. Depuis 2012, un nouveau r\u00e9gime permet de faciliter l\u2019obtention d\u2019un certificat de sp\u00e9cialisation et d\u2019am\u00e9liorer la lisibilit\u00e9 des comp\u00e9tences de l\u2019avocat par le public, gr\u00e2ce \u00e0 une liste renouvel\u00e9e. Pourquoi devenir sp\u00e9cialiste ? Les mentions de sp\u00e9cialisation offrent des avantages ind\u00e9niables aux avocats titulaires tant en termes d\u2019image que de cr\u00e9dibilit\u00e9 vis \u00e0 vis de leur client\u00e8le. Dans un environnement de plus en plus concurrentiel, l\u2019obtention du certificat de sp\u00e9cialisation, reconnaissance d\u2019une comp\u00e9tence sp\u00e9cifique, constitue une r\u00e9elle valeur ajout\u00e9e. Il s\u2019agit \u00e9galement d\u2019un argument de poids dans la justification des honoraires (article 11.2 du R\u00e8glement Int\u00e9rieur National). Tout avocat titulaire d\u2019une ou deux mentions de sp\u00e9cialisation peut l\u2019utiliser sur l\u2019ensemble de ses supports de communication (papeterie, publicit\u00e9, site Internet, etc.). Les mentions de sp\u00e9cialisation sont \u00e9galement visibles sur l\u2019annuaire national de la profession quotidiennement mis \u00e0 jour par le Conseil national des barreaux. Comment candidater ? Le dossier de candidature doit \u00eatre adress\u00e9 d\u00fbment compl\u00e9t\u00e9 avec l\u2019ensemble des pi\u00e8ces justificatives au Conseil national des barreaux par courrier \u00e9lectronique au service des sp\u00e9cialisations.\u00a0 Des droits d\u2019inscriptions de 800 euros TTC, tenant compte des co\u00fbts de gestion administrative et du d\u00e9fraiement des membres du jury, sont demand\u00e9s lors du d\u00e9p\u00f4t de la candidature.\u00a0 Obtenir un certificat de sp\u00e9cialisation Qui peut pr\u00e9tendre \u00e0 un certificat de sp\u00e9cialisation ? Tout avocat dont la pratique professionnelle est sup\u00e9rieure ou \u00e9gale \u00e0 4 ann\u00e9es au moment de la demande, peut obtenir un certificat de sp\u00e9cialisation, sous r\u00e9serve que cette pratique professionnelle n\u2019ait pas fait l\u2019objet d\u2019une suspension de plus de 3 mois. Il est \u00e9galement possible de demander, lors de la candidature, l\u2019obtention d\u2019une qualification sp\u00e9cifique. La pratique professionnelle prise en compte concerne toute activit\u00e9 exerc\u00e9e en tant que : Avocat dans le domaine de sp\u00e9cialisation revendiqu\u00e9. Salari\u00e9, dans un cabinet d\u2019avocat intervenant dans le domaine de sp\u00e9cialisation revendiqu\u00e9. Membre, associ\u00e9, collaborateur ou salari\u00e9 d\u2019une autre profession juridique ou judiciaire r\u00e9glement\u00e9e ou dans celle d\u2019expert-comptable, dont les fonctions correspondent \u00e0 la sp\u00e9cialisation revendiqu\u00e9e. Salari\u00e9 du service juridique d\u2019une entreprise, d\u2019une organisation syndicale, d\u2019une administration ou d\u2019un service public, d\u2019une organisation internationale, travaillant dans le domaine de sp\u00e9cialisation revendiqu\u00e9. Professeur ou ma\u00eetre de conf\u00e9rences charg\u00e9 de l\u2019enseignement de la discipline juridique consid\u00e9r\u00e9e dans un \u00e9tablissement universitaire ou d\u2019enseignement sup\u00e9rieur reconnu par l\u2019\u00c9tat. Membre du Conseil d\u2019\u00c9tat, magistrat de la Cour des comptes, de l\u2019ordre judiciaire, des tribunaux administratifs, des cours administratives d\u2019appel, et des chambres r\u00e9gionales des comptes, affect\u00e9 au sein d\u2019une formation correspondant \u00e0 la sp\u00e9cialisation revendiqu\u00e9e. La formation peut avoir \u00e9t\u00e9 acquise dans une ou plusieurs des fonctions susvis\u00e9es d\u00e8s lors que la dur\u00e9e totale de ces activit\u00e9s est au moins \u00e9gale \u00e0 quatre ans. candidature La candidature doit \u00eatre soumise en ligne sur la plateforme\u00a0specialisation.cnb avocat.fr D\u00e9roulement de l&#8217;entretien ? Apr\u00e8s examen du dossier de candidature par le jury, le CRFPA convoque le candidat \u00e0 l\u2019entretien de validation des comp\u00e9tences, au moins quinze jours avant la date fix\u00e9e. L\u2019entretien d\u2019une heure se d\u00e9roule en s\u00e9ance publique. Le jury proc\u00e8de \u00e0 l\u2019audition du candidat et v\u00e9rifie ses comp\u00e9tences dans le domaine de sp\u00e9cialisation revendiqu\u00e9e par une mise en situation professionnelle et d\u2019\u00e9ventuelles questions d\u00e9ontologiques. Le CRFPA informe le Conseil national des barreaux des r\u00e9sultats de l\u2019entretien, qui en informe les candidats. Planning des dates 18 mars 2025 : Droit commercial, des affaires et de la concurrence Droit des soci\u00e9t\u00e9s Droit de la s\u00e9curit\u00e9 sociale et de la protection sociale \u00a0 13 mai 2025 :\u00a0 Droit de la famille, des personnes et de leur patrimoine Droit fiscal et droit douanier Droit immobilier \u00a0 9 d\u00e9cembre 2025 : Droit des associations et des fondations Droit des assurances Droit de la protection des donn\u00e9es personnelles Droit public\" \/>\n<meta property=\"og:url\" content=\"https:\/\/wpvit.efb.fr\/index.php\/avocat-ou-professionnel-du-droit\/je-suis-avocat\/certificat-de-specialisation\/\" \/>\n<meta property=\"og:site_name\" content=\"efb.fr\" \/>\n<meta property=\"article:modified_time\" content=\"2025-01-23T14:13:11+00:00\" \/>\n<meta name=\"twitter:card\" content=\"summary_large_image\" \/>\n<meta name=\"twitter:label1\" content=\"Dur\u00e9e de lecture estim\u00e9e\" \/>\n\t<meta name=\"twitter:data1\" content=\"5 minutes\" \/>\n<script type=\"application\/ld+json\" class=\"yoast-schema-graph\">{\"@context\":\"https:\\\/\\\/schema.org\",\"@graph\":[{\"@type\":\"WebPage\",\"@id\":\"https:\\\/\\\/wpvit.efb.fr\\\/index.php\\\/avocat-ou-professionnel-du-droit\\\/je-suis-avocat\\\/certificat-de-specialisation\\\/\",\"url\":\"https:\\\/\\\/wpvit.efb.fr\\\/index.php\\\/avocat-ou-professionnel-du-droit\\\/je-suis-avocat\\\/certificat-de-specialisation\\\/\",\"name\":\"Certificat de sp\u00e9cialisation - efb.fr\",\"isPartOf\":{\"@id\":\"https:\\\/\\\/wpvit.efb.fr\\\/#website\"},\"datePublished\":\"2023-04-19T13:07:30+00:00\",\"dateModified\":\"2025-01-23T14:13:11+00:00\",\"breadcrumb\":{\"@id\":\"https:\\\/\\\/wpvit.efb.fr\\\/index.php\\\/avocat-ou-professionnel-du-droit\\\/je-suis-avocat\\\/certificat-de-specialisation\\\/#breadcrumb\"},\"inLanguage\":\"fr-FR\",\"potentialAction\":[{\"@type\":\"ReadAction\",\"target\":[\"https:\\\/\\\/wpvit.efb.fr\\\/index.php\\\/avocat-ou-professionnel-du-droit\\\/je-suis-avocat\\\/certificat-de-specialisation\\\/\"]}]},{\"@type\":\"BreadcrumbList\",\"@id\":\"https:\\\/\\\/wpvit.efb.fr\\\/index.php\\\/avocat-ou-professionnel-du-droit\\\/je-suis-avocat\\\/certificat-de-specialisation\\\/#breadcrumb\",\"itemListElement\":[{\"@type\":\"ListItem\",\"position\":1,\"name\":\"Accueil\",\"item\":\"https:\\\/\\\/wpvit.efb.fr\\\/\"},{\"@type\":\"ListItem\",\"position\":2,\"name\":\"Avocat ou professionnel du droit\",\"item\":\"https:\\\/\\\/wpvit.efb.fr\\\/index.php\\\/avocat-ou-professionnel-du-droit\\\/\"},{\"@type\":\"ListItem\",\"position\":3,\"name\":\"Je suis avocat\",\"item\":\"https:\\\/\\\/wpvit.efb.fr\\\/index.php\\\/avocat-ou-professionnel-du-droit\\\/je-suis-avocat\\\/\"},{\"@type\":\"ListItem\",\"position\":4,\"name\":\"Certificat de sp\u00e9cialisation\"}]},{\"@type\":\"WebSite\",\"@id\":\"https:\\\/\\\/wpvit.efb.fr\\\/#website\",\"url\":\"https:\\\/\\\/wpvit.efb.fr\\\/\",\"name\":\"EFB\",\"description\":\"\",\"publisher\":{\"@id\":\"https:\\\/\\\/wpvit.efb.fr\\\/#organization\"},\"potentialAction\":[{\"@type\":\"SearchAction\",\"target\":{\"@type\":\"EntryPoint\",\"urlTemplate\":\"https:\\\/\\\/wpvit.efb.fr\\\/?s={search_term_string}\"},\"query-input\":{\"@type\":\"PropertyValueSpecification\",\"valueRequired\":true,\"valueName\":\"search_term_string\"}}],\"inLanguage\":\"fr-FR\"},{\"@type\":\"Organization\",\"@id\":\"https:\\\/\\\/wpvit.efb.fr\\\/#organization\",\"name\":\"\u00c9cole de formation professionnelle des barreaux du ressort de la cour d\u2019appel de Paris (EFB)\",\"alternateName\":\"\u00c9cole de Formation des Barreaux (EFB)\",\"url\":\"https:\\\/\\\/wpvit.efb.fr\\\/\",\"logo\":{\"@type\":\"ImageObject\",\"inLanguage\":\"fr-FR\",\"@id\":\"https:\\\/\\\/wpvit.efb.fr\\\/#\\\/schema\\\/logo\\\/image\\\/\",\"url\":\"https:\\\/\\\/wpvit.efb.fr\\\/wp-content\\\/uploads\\\/2024\\\/10\\\/cropped-Logo-EFB-2023_fond-transparent_mail.png\",\"contentUrl\":\"https:\\\/\\\/wpvit.efb.fr\\\/wp-content\\\/uploads\\\/2024\\\/10\\\/cropped-Logo-EFB-2023_fond-transparent_mail.png\",\"width\":638,\"height\":282,\"caption\":\"\u00c9cole de formation professionnelle des barreaux du ressort de la cour d\u2019appel de Paris (EFB)\"},\"image\":{\"@id\":\"https:\\\/\\\/wpvit.efb.fr\\\/#\\\/schema\\\/logo\\\/image\\\/\"}}]}<\/script>\n<!-- \/ Yoast SEO plugin. -->","yoast_head_json":{"title":"Certificat de sp\u00e9cialisation - efb.fr","robots":{"index":"index","follow":"follow","max-snippet":"max-snippet:-1","max-image-preview":"max-image-preview:large","max-video-preview":"max-video-preview:-1"},"canonical":"https:\/\/wpvit.efb.fr\/index.php\/avocat-ou-professionnel-du-droit\/je-suis-avocat\/certificat-de-specialisation\/","og_locale":"fr_FR","og_type":"article","og_title":"Certificat de sp\u00e9cialisation - efb.fr","og_description":"je suis avocat(e) Le certificat de sp\u00e9cialisation Je suis avocat(e) Certificat de sp\u00e9cialisation certificat de sp\u00e9cialisation L\u2019EFB n\u2019est que centre d\u2019examen dans le cadre de l\u2019obtention des certificats de sp\u00e9cialisation.Pour toute information compl\u00e9mentaire, nous vous remercions de prendre attache avec le CNB\u00a0: specialisation@cnb.avocat.fr Quelles sont les mentions de sp\u00e9cialisations ? L&#8217;EFB s&#8217;efforce de proposer dans chaque de domaines sp\u00e9cialisations un nombre d&#8217;heures suffisantes pour permettre aux avocats de pr\u00e9tendre \u00e0 une sp\u00e9cialisation. Droit de l\u2019arbitrage Droit des associations et des fondations Droit des assurances Droit bancaire et boursier Droit commercial, des affaires et de la concurrence Droit du cr\u00e9dit et de la consommation Droit du dommage corporel Droit des enfants Droit de l\u2019environnement Droit des \u00e9trangers et de la nationalit\u00e9 Droit de la famille, des personnes et de leur patrimoine Droit de la fiducie Droit fiscal et droit douanier Droit des garanties, des s\u00fbret\u00e9s et des mesures d\u2019ex\u00e9cution Droit immobilier Droit international et de l\u2019Union europ\u00e9enne Droit du num\u00e9rique et des communications Droit p\u00e9nal Droit de la propri\u00e9t\u00e9 intellectuelle Droit de la protection des donn\u00e9es personnelles Droit public Droit rural Droit de la sant\u00e9 Droit de la s\u00e9curit\u00e9 sociale et de la protection sociale Droit des soci\u00e9t\u00e9s Droit du sport Droit des transports Droit du travail Pourquoi devenir sp\u00e9cialiste ? Principes directeurs des nouvelles conditions d&#8217;acc\u00e8s aux mentions de sp\u00e9cialisation des avocats. Les mentions de sp\u00e9cialisation attestent des comp\u00e9tences sp\u00e9cifiques de l\u2019avocat qui en est titulaire et constituent une r\u00e9elle valeur ajout\u00e9e vis-\u00e0-vis de sa client\u00e8le. Depuis 2012, un nouveau r\u00e9gime permet de faciliter l\u2019obtention d\u2019un certificat de sp\u00e9cialisation et d\u2019am\u00e9liorer la lisibilit\u00e9 des comp\u00e9tences de l\u2019avocat par le public, gr\u00e2ce \u00e0 une liste renouvel\u00e9e. Pourquoi devenir sp\u00e9cialiste ? Les mentions de sp\u00e9cialisation offrent des avantages ind\u00e9niables aux avocats titulaires tant en termes d\u2019image que de cr\u00e9dibilit\u00e9 vis \u00e0 vis de leur client\u00e8le. Dans un environnement de plus en plus concurrentiel, l\u2019obtention du certificat de sp\u00e9cialisation, reconnaissance d\u2019une comp\u00e9tence sp\u00e9cifique, constitue une r\u00e9elle valeur ajout\u00e9e. Il s\u2019agit \u00e9galement d\u2019un argument de poids dans la justification des honoraires (article 11.2 du R\u00e8glement Int\u00e9rieur National). Tout avocat titulaire d\u2019une ou deux mentions de sp\u00e9cialisation peut l\u2019utiliser sur l\u2019ensemble de ses supports de communication (papeterie, publicit\u00e9, site Internet, etc.). Les mentions de sp\u00e9cialisation sont \u00e9galement visibles sur l\u2019annuaire national de la profession quotidiennement mis \u00e0 jour par le Conseil national des barreaux. Comment candidater ? Le dossier de candidature doit \u00eatre adress\u00e9 d\u00fbment compl\u00e9t\u00e9 avec l\u2019ensemble des pi\u00e8ces justificatives au Conseil national des barreaux par courrier \u00e9lectronique au service des sp\u00e9cialisations.\u00a0 Des droits d\u2019inscriptions de 800 euros TTC, tenant compte des co\u00fbts de gestion administrative et du d\u00e9fraiement des membres du jury, sont demand\u00e9s lors du d\u00e9p\u00f4t de la candidature.\u00a0 Obtenir un certificat de sp\u00e9cialisation Qui peut pr\u00e9tendre \u00e0 un certificat de sp\u00e9cialisation ? Tout avocat dont la pratique professionnelle est sup\u00e9rieure ou \u00e9gale \u00e0 4 ann\u00e9es au moment de la demande, peut obtenir un certificat de sp\u00e9cialisation, sous r\u00e9serve que cette pratique professionnelle n\u2019ait pas fait l\u2019objet d\u2019une suspension de plus de 3 mois. Il est \u00e9galement possible de demander, lors de la candidature, l\u2019obtention d\u2019une qualification sp\u00e9cifique. La pratique professionnelle prise en compte concerne toute activit\u00e9 exerc\u00e9e en tant que : Avocat dans le domaine de sp\u00e9cialisation revendiqu\u00e9. Salari\u00e9, dans un cabinet d\u2019avocat intervenant dans le domaine de sp\u00e9cialisation revendiqu\u00e9. Membre, associ\u00e9, collaborateur ou salari\u00e9 d\u2019une autre profession juridique ou judiciaire r\u00e9glement\u00e9e ou dans celle d\u2019expert-comptable, dont les fonctions correspondent \u00e0 la sp\u00e9cialisation revendiqu\u00e9e. Salari\u00e9 du service juridique d\u2019une entreprise, d\u2019une organisation syndicale, d\u2019une administration ou d\u2019un service public, d\u2019une organisation internationale, travaillant dans le domaine de sp\u00e9cialisation revendiqu\u00e9. Professeur ou ma\u00eetre de conf\u00e9rences charg\u00e9 de l\u2019enseignement de la discipline juridique consid\u00e9r\u00e9e dans un \u00e9tablissement universitaire ou d\u2019enseignement sup\u00e9rieur reconnu par l\u2019\u00c9tat. Membre du Conseil d\u2019\u00c9tat, magistrat de la Cour des comptes, de l\u2019ordre judiciaire, des tribunaux administratifs, des cours administratives d\u2019appel, et des chambres r\u00e9gionales des comptes, affect\u00e9 au sein d\u2019une formation correspondant \u00e0 la sp\u00e9cialisation revendiqu\u00e9e. La formation peut avoir \u00e9t\u00e9 acquise dans une ou plusieurs des fonctions susvis\u00e9es d\u00e8s lors que la dur\u00e9e totale de ces activit\u00e9s est au moins \u00e9gale \u00e0 quatre ans. candidature La candidature doit \u00eatre soumise en ligne sur la plateforme\u00a0specialisation.cnb avocat.fr D\u00e9roulement de l&#8217;entretien ? Apr\u00e8s examen du dossier de candidature par le jury, le CRFPA convoque le candidat \u00e0 l\u2019entretien de validation des comp\u00e9tences, au moins quinze jours avant la date fix\u00e9e. L\u2019entretien d\u2019une heure se d\u00e9roule en s\u00e9ance publique. Le jury proc\u00e8de \u00e0 l\u2019audition du candidat et v\u00e9rifie ses comp\u00e9tences dans le domaine de sp\u00e9cialisation revendiqu\u00e9e par une mise en situation professionnelle et d\u2019\u00e9ventuelles questions d\u00e9ontologiques. Le CRFPA informe le Conseil national des barreaux des r\u00e9sultats de l\u2019entretien, qui en informe les candidats. Planning des dates 18 mars 2025 : Droit commercial, des affaires et de la concurrence Droit des soci\u00e9t\u00e9s Droit de la s\u00e9curit\u00e9 sociale et de la protection sociale \u00a0 13 mai 2025 :\u00a0 Droit de la famille, des personnes et de leur patrimoine Droit fiscal et droit douanier Droit immobilier \u00a0 9 d\u00e9cembre 2025 : Droit des associations et des fondations Droit des assurances Droit de la protection des donn\u00e9es personnelles Droit public","og_url":"https:\/\/wpvit.efb.fr\/index.php\/avocat-ou-professionnel-du-droit\/je-suis-avocat\/certificat-de-specialisation\/","og_site_name":"efb.fr","article_modified_time":"2025-01-23T14:13:11+00:00","twitter_card":"summary_large_image","twitter_misc":{"Dur\u00e9e de lecture estim\u00e9e":"5 minutes"},"schema":{"@context":"https:\/\/schema.org","@graph":[{"@type":"WebPage","@id":"https:\/\/wpvit.efb.fr\/index.php\/avocat-ou-professionnel-du-droit\/je-suis-avocat\/certificat-de-specialisation\/","url":"https:\/\/wpvit.efb.fr\/index.php\/avocat-ou-professionnel-du-droit\/je-suis-avocat\/certificat-de-specialisation\/","name":"Certificat de sp\u00e9cialisation - efb.fr","isPartOf":{"@id":"https:\/\/wpvit.efb.fr\/#website"},"datePublished":"2023-04-19T13:07:30+00:00","dateModified":"2025-01-23T14:13:11+00:00","breadcrumb":{"@id":"https:\/\/wpvit.efb.fr\/index.php\/avocat-ou-professionnel-du-droit\/je-suis-avocat\/certificat-de-specialisation\/#breadcrumb"},"inLanguage":"fr-FR","potentialAction":[{"@type":"ReadAction","target":["https:\/\/wpvit.efb.fr\/index.php\/avocat-ou-professionnel-du-droit\/je-suis-avocat\/certificat-de-specialisation\/"]}]},{"@type":"BreadcrumbList","@id":"https:\/\/wpvit.efb.fr\/index.php\/avocat-ou-professionnel-du-droit\/je-suis-avocat\/certificat-de-specialisation\/#breadcrumb","itemListElement":[{"@type":"ListItem","position":1,"name":"Accueil","item":"https:\/\/wpvit.efb.fr\/"},{"@type":"ListItem","position":2,"name":"Avocat ou professionnel du droit","item":"https:\/\/wpvit.efb.fr\/index.php\/avocat-ou-professionnel-du-droit\/"},{"@type":"ListItem","position":3,"name":"Je suis avocat","item":"https:\/\/wpvit.efb.fr\/index.php\/avocat-ou-professionnel-du-droit\/je-suis-avocat\/"},{"@type":"ListItem","position":4,"name":"Certificat de sp\u00e9cialisation"}]},{"@type":"WebSite","@id":"https:\/\/wpvit.efb.fr\/#website","url":"https:\/\/wpvit.efb.fr\/","name":"EFB","description":"","publisher":{"@id":"https:\/\/wpvit.efb.fr\/#organization"},"potentialAction":[{"@type":"SearchAction","target":{"@type":"EntryPoint","urlTemplate":"https:\/\/wpvit.efb.fr\/?s={search_term_string}"},"query-input":{"@type":"PropertyValueSpecification","valueRequired":true,"valueName":"search_term_string"}}],"inLanguage":"fr-FR"},{"@type":"Organization","@id":"https:\/\/wpvit.efb.fr\/#organization","name":"\u00c9cole de formation professionnelle des barreaux du ressort de la cour d\u2019appel de Paris (EFB)","alternateName":"\u00c9cole de Formation des Barreaux (EFB)","url":"https:\/\/wpvit.efb.fr\/","logo":{"@type":"ImageObject","inLanguage":"fr-FR","@id":"https:\/\/wpvit.efb.fr\/#\/schema\/logo\/image\/","url":"https:\/\/wpvit.efb.fr\/wp-content\/uploads\/2024\/10\/cropped-Logo-EFB-2023_fond-transparent_mail.png","contentUrl":"https:\/\/wpvit.efb.fr\/wp-content\/uploads\/2024\/10\/cropped-Logo-EFB-2023_fond-transparent_mail.png","width":638,"height":282,"caption":"\u00c9cole de formation professionnelle des barreaux du ressort de la cour d\u2019appel de Paris (EFB)"},"image":{"@id":"https:\/\/wpvit.efb.fr\/#\/schema\/logo\/image\/"}}]}},"_links":{"self":[{"href":"https:\/\/wpvit.efb.fr\/index.php\/wp-json\/wp\/v2\/pages\/9614","targetHints":{"allow":["GET"]}}],"collection":[{"href":"https:\/\/wpvit.efb.fr\/index.php\/wp-json\/wp\/v2\/pages"}],"about":[{"href":"https:\/\/wpvit.efb.fr\/index.php\/wp-json\/wp\/v2\/types\/page"}],"author":[{"embeddable":true,"href":"https:\/\/wpvit.efb.fr\/index.php\/wp-json\/wp\/v2\/users\/1"}],"replies":[{"embeddable":true,"href":"https:\/\/wpvit.efb.fr\/index.php\/wp-json\/wp\/v2\/comments?post=9614"}],"version-history":[{"count":187,"href":"https:\/\/wpvit.efb.fr\/index.php\/wp-json\/wp\/v2\/pages\/9614\/revisions"}],"predecessor-version":[{"id":37405,"href":"https:\/\/wpvit.efb.fr\/index.php\/wp-json\/wp\/v2\/pages\/9614\/revisions\/37405"}],"up":[{"embeddable":true,"href":"https:\/\/wpvit.efb.fr\/index.php\/wp-json\/wp\/v2\/pages\/6202"}],"wp:attachment":[{"href":"https:\/\/wpvit.efb.fr\/index.php\/wp-json\/wp\/v2\/media?parent=9614"}],"curies":[{"name":"wp","href":"https:\/\/api.w.org\/{rel}","templated":true}]}}